{"id":18,"date":"2024-05-23T13:12:55","date_gmt":"2024-05-23T13:12:55","guid":{"rendered":"https:\/\/portal.abepro.org.br\/abepro2025\/?page_id=18"},"modified":"2026-08-26T17:05:18","modified_gmt":"2026-08-26T17:05:18","slug":"quem-somos","status":"publish","type":"page","link":"https:\/\/portal.abepro.org.br\/abepro2025\/quem-somos\/","title":{"rendered":"Quem somos"},"content":{"rendered":"\t\t<div data-elementor-type=\"wp-page\" data-elementor-id=\"18\" class=\"elementor elementor-18\" data-elementor-post-type=\"page\">\n\t\t\t\t<div class=\"elementor-element elementor-element-ed6d57a e-flex e-con-boxed e-con e-parent\" data-id=\"ed6d57a\" data-element_type=\"container\" data-settings=\"{&quot;background_background&quot;:&quot;classic&quot;}\">\n\t\t\t\t\t<div class=\"e-con-inner\">\n\t\t\t\t\t<\/div>\n\t\t\t\t<\/div>\n\t\t<div class=\"elementor-element elementor-element-3afefbd e-flex e-con-boxed e-con e-parent\" data-id=\"3afefbd\" data-element_type=\"container\">\n\t\t\t\t\t<div class=\"e-con-inner\">\n\t\t\t\t<div class=\"elementor-element elementor-element-8580b9c elementor-widget__width-inherit elementor-widget elementor-widget-heading\" data-id=\"8580b9c\" data-element_type=\"widget\" data-widget_type=\"heading.default\">\n\t\t\t\t<div class=\"elementor-widget-container\">\n\t\t\t\t\t<h2 class=\"elementor-heading-title elementor-size-default\">Somos uma institui\u00e7\u00e3o representativa de docentes, discentes e profissionais de Engenharia de Produ\u00e7\u00e3o. <\/h2>\t\t\t\t<\/div>\n\t\t\t\t<\/div>\n\t\t\t\t<div class=\"elementor-element elementor-element-a1d17dd elementor-widget elementor-widget-text-editor\" data-id=\"a1d17dd\" data-element_type=\"widget\" data-widget_type=\"text-editor.default\">\n\t\t\t\t<div class=\"elementor-widget-container\">\n\t\t\t\t\t\t\t\t\t<p>Somos uma institui\u00e7\u00e3o sem fins lucrativos fundada em 1986.&nbsp; E com mais de 38 anos de hist\u00f3ria, buscamos atender ao objetivo principal que \u00e9 promover o desenvolvimento da Engenharia de Produ\u00e7\u00e3o no Brasil,&nbsp; apoiando estudantes, a pesquisa e profissionais.<\/p>\n<p>Com uma atua\u00e7\u0101o voltada \u00e0 dissemina\u00e7\u0101o do conhecimento e o fortalecimento do setor, para cumprir nossa miss\u00e3o, realizamos todos os anos nossos tr\u00eas principais eventos, sendo dois nacionais e um internacional:<\/p>\n<p><span style=\"color: #3366ff;\"><a style=\"color: #3366ff;\" href=\"https:\/\/portal.abepro.org.br\/abepro2024\/encep\/2023\/\">ENCEP (Encontro Nacional de Coordenadores de Curso de Engenharia de Produ\u00e7\u00e3o)<\/a><\/span><br><span style=\"color: #3366ff;\"><a style=\"color: #3366ff;\" href=\"https:\/\/portal.abepro.org.br\/abepro2024\/enegep\/2023\/\" target=\"_blank\" rel=\"noopener\">ENEGEP (Encontro Nacional de Engenharia de Produ\u00e7\u00e3o)<\/a><\/span><br><span style=\"color: #3366ff;\"><a style=\"color: #3366ff;\" href=\"https:\/\/ijcieom.org\/2023\/\" target=\"_blank\" rel=\"noopener\">IJCIEOM (International Joint Conference on Industrial Engineering and Operations Management).<\/a><\/span><\/p>\n<p>Al\u00e9m dos eventos, promovemos momentos em nosso canal <a href=\"https:\/\/www.youtube.com\/@ABEPROPlay\" target=\"_blank\" rel=\"noopener\"><span style=\"color: #3366ff;\">ABEPRO Play,<\/span><\/a> com a participa\u00e7\u00e3o de pesquisadores e profissionais da \u00e1rea para debater assuntos importantes. Tamb\u00e9m publicamos revistas e livros t\u00e9cnicos destinados a disseminar o conhecimento e a pr\u00e1tica da Engenharia de Produ\u00e7\u00e3o. A Associa\u00e7\u00e3o tamb\u00e9m mant\u00e9m uma forte presen\u00e7a nas redes sociais <a href=\"https:\/\/www.instagram.com\/abeprooficial\/\" target=\"_blank\" rel=\"noopener\"><span style=\"color: #3366ff;\">Instagram<\/span><\/a> e <span style=\"color: #3366ff;\"><a style=\"color: #3366ff;\" href=\"https:\/\/www.linkedin.com\/company\/abepro1\/\" target=\"_blank\" rel=\"noopener\">LinkedIn<\/a><\/span>, incentivando a intera\u00e7\u00e3o entre seus membros e a troca de informa\u00e7\u00f5es e experi\u00eancias.<\/p>\n<p>A ABEPRO est\u00e1 sempre atenta \u00e0s necessidades e demandas do setor, buscando constantemente aprimorar suas atividades e ampliar sua atua\u00e7\u00e3o. Se voc\u00ea \u00e9 estudante de gradua\u00e7\u00e3o,&nbsp; profissional, empresa ou institui\u00e7\u00e3o de ensino interessada em contribuir para o desenvolvimento da Engenharia de Produ\u00e7\u00e3o no Brasil, junte-se \u00e0 ABEPRO e fa\u00e7a parte dessa comunidade de sucesso!<\/p>\n<p><span style=\"color: #000000;\">DIRETORIA ATUAL<\/span><\/p>\n<p><strong>Carlos Eduardo Sanches da Silva<\/strong> \u2013 UNIFEI \u2013 Presidente<\/p>\n<p><strong>Daniel Pacheco Lacerda<\/strong> \u2013 UFSC&nbsp;\u2013 Vice-presidente<\/p>\n<p><strong>Ricardo Augusto Cassel<\/strong>&nbsp; \u2013 UFRGS &#8211; Diretor Administrativo-Financeiro<\/p>\n<p><strong>Liane M\u00e4hlmann Kipper<\/strong> \u2013 UNISC \u2013 Diretora Cient\u00edfica<\/p>\n<p><strong>Milton Vieira Junior<\/strong> \u2013 Mackenzie&nbsp;\u2013 Primeiro Suplente<\/p>\n<p><strong>Denise Dumke de Medeiros<\/strong> \u2013 UFPE \u2013 Segunda Suplente<\/p>\n<p><strong><span style=\"color: #000000;\">GRUPO DE TRABALHO DE GRADUA\u00c7\u00c3O<\/span><\/strong><\/p>\n<p data-pm-slice=\"1 1 []\">Andrei Bonamigo (UFSC)<\/p>\n<p data-pm-slice=\"1 1 []\">Fabio Morais Borges (UFPB)<\/p>\n<p data-pm-slice=\"1 1 []\">Fernanda Mariz (UFRN)<\/p>\n<p data-pm-slice=\"1 1 []\">Gil Eduardo Guimar\u00e3es (ITEGAM)<\/p>\n<p data-pm-slice=\"1 1 []\">Irene Rodrigues Freitas (Unesp)<\/p>\n<p data-pm-slice=\"1 1 []\">Maico Roris Severino (UFG) \u2013 Coordenador<\/p>\n<p data-pm-slice=\"1 1 []\">Milton Vieira Junior (Mackenzie)<\/p>\n<p data-pm-slice=\"1 1 []\">Paulo S\u00e9rgio de Arruda Ign\u00e1cio (Unicamp)<\/p>\n<p>Sandra Rufino (UFRN)<\/p>\n<p>Vanderli Fava de Oliveira (UFJF)<\/p>\n<p><strong><span style=\"color: #000000;\">GRUPO DE TRABALHO DE P\u00d3S-GRADUA\u00c7\u00c3O<\/span><\/strong><\/p>\n<p>Angelo de Oliveira Sant&#8217;Anna (UFBA)<\/p>\n<p data-pm-slice=\"1 1 []\">Carlos Eduardo Sanches da Silva (UNIFEI)<\/p>\n<p>Daniel Pacheco Lacerda (UFSC)<\/p>\n<p>Janaina&nbsp; Mascarenhas (EESC|USP)&nbsp;<\/p>\n<p>Julio Mairesse Siluk (UFSM)<\/p>\n<p data-pm-slice=\"1 1 []\">Liane Mahlmann Kipper (UNISC)<\/p>\n<p data-pm-slice=\"1 1 []\">Leandro Gauss (Unisinos)<\/p>\n<p>Marly Monteiro de Carvalho (Poli-USP) \u2013 Coordenadora<\/p>\n<p data-pm-slice=\"1 1 []\">Paula Donaduzzi Rigo (UFSM)<\/p>\n<p>Rodrigo Caiado (PUC-Rio)<\/p>\n<p>Sandra Morioka (UFPB)<\/p>\n<p data-pm-slice=\"1 1 []\">Thayla Zomer&nbsp;(USP)<\/p>\n<p>Vitor Martins&nbsp;(UEPA)<\/p>\n<p><strong><span style=\"color: #000000;\">GRUPO DE TRABALHO EMPRESAS<\/span><\/strong><\/p>\n<p data-pm-slice=\"1 1 []\">Alaercio Nicoletti Junior (UPM e Grupo Petr\u00f3polis)<\/p>\n<p>Andr\u00e9 Lu\u00eds de Moura Castro (INSPER)<\/p>\n<p>L\u00e9ony Luis Lopes Negrao (UEPA)<\/p>\n<p>Jones Lu\u00eds Schaefer \u2013 PUCPR (Coordenador)<\/p>\n<p>Maria Silene&nbsp;Alexandre Leite&nbsp;(UFPB)<\/p>\n<p>Paulo Ghinato (Lean Way)<\/p>\n<p>Ricardo Cassel (UFRGS)<\/p>\n<p><strong><span style=\"color: #000000;\">GRUPO DE TRABALHO DISCENTE \u2013 ABEPRO Jovem<\/span><\/strong><\/p>\n<p>Paulo Henrique Cabral Jacob (UNIR) Presidente<\/p>\n<p>Lana Oliveira (UEPA) Diretora Norte&nbsp;<\/p>\n<p>Luciane Oliveira (UFRB) Diretora Nordeste&nbsp;<\/p>\n<p><span class=\"a_GcMg font-feature-liga-off font-feature-clig-off font-feature-calt-off text-decoration-none text-strikethrough-none\">Luiz Lampert (Unisinos) Diretor Sul&nbsp;<\/span><\/p>\n<p><span class=\"a_GcMg font-feature-liga-off font-feature-clig-off font-feature-calt-off text-decoration-none text-strikethrough-none\">B\u00e1rbara Aguiar (UNIFEOB) Diretora Sudeste&nbsp;<\/span><\/p>\n<p><span class=\"a_GcMg font-feature-liga-off font-feature-clig-off font-feature-calt-off text-decoration-none text-strikethrough-none\">Vit\u00f3ria Arantes (UFGD) Diretora Centro Oeste&nbsp;<\/span><\/p>\n<p><strong><span style=\"color: #000000;\">GRUPO DE TRABALHO DE APOIO \u00c0 GEST\u00c3O &#8211; ABJ<\/span><\/strong><\/p>\n<p>Antony Brito (UNAMA)<\/p>\n<p>Thainy Esteves (USP) &#8211; coordenadora<\/p>\n<p>Thaynara Morona (UTFPR)<\/p>\n<p><strong><span style=\"color: #000000;\">SECRETARIADO &#8211; SOMOS NUI<\/span><\/strong><\/p>\n<p>Contato \u2013 <span style=\"color: #3366ff;\"><a style=\"color: #3366ff;\" href=\"mailto:secretaria@abepro.org.br\" target=\"_blank\" rel=\"noopener\">secretaria@abepro.org.br<\/a><\/span><\/p>\n<p><strong><span style=\"color: #000000;\">CONSELHO FISCAL<\/span><\/strong><\/p>\n<div id=\"message-list_1768478180.425749\" class=\"c-virtual_list__item\" tabindex=\"-1\" role=\"listitem\" aria-setsize=\"-1\" data-qa=\"virtual-list-item\" data-item-key=\"1768478180.425749\">\n<div class=\"c-message_kit__background c-message_kit__background--hovered p-message_pane_message__message c-message_kit__message\" role=\"presentation\" data-qa=\"message_container\" data-qa-unprocessed=\"false\" data-qa-placeholder=\"false\" data-msg-ts=\"1768478180.425749\" data-msg-channel-id=\"D04HTCR480P\">\n<div class=\"c-message_kit__hover c-message_kit__hover--hovered\" role=\"document\" aria-roledescription=\"mensagem\" data-qa-hover=\"true\">\n<div class=\"c-message_kit__actions c-message_kit__actions--above\">\n<div class=\"c-message_kit__gutter\">\n<div class=\"c-message_kit__gutter__right\" role=\"presentation\" data-qa=\"message_content\">\n<div class=\"c-message_kit__blocks c-message_kit__blocks--rich_text\">\n<div class=\"c-message__message_blocks c-message__message_blocks--rich_text\" data-qa=\"message-text\">\n<div class=\"p-block_kit_renderer\" data-qa=\"block-kit-renderer\">\n<div class=\"p-block_kit_renderer__block_wrapper p-block_kit_renderer__block_wrapper--first\">\n<div class=\"p-rich_text_block\" dir=\"auto\">\n<p>F\u00e1bio Piran (Unisinos)&nbsp;<\/p>\n<p>Sandra Rufino (UFRN)&nbsp;<\/p>\n<p>Maria Silene Alexandre Leite (UFPB)<\/p>\n<p><em>Suplentes:<\/em><\/p>\n<\/div>\n<\/div>\n<\/div>\n<\/div>\n<\/div>\n<\/div>\n<\/div>\n<\/div>\n<\/div>\n<\/div>\n<\/div>\n<div id=\"message-list_1768478193.443469\" class=\"c-virtual_list__item\" tabindex=\"0\" role=\"listitem\" aria-setsize=\"-1\" data-qa=\"virtual-list-item\" data-item-key=\"1768478193.443469\">\n<div class=\"c-message_kit__background p-message_pane_message__message c-message_kit__message\" role=\"presentation\" data-qa=\"message_container\" data-qa-unprocessed=\"false\" data-qa-placeholder=\"false\" data-msg-ts=\"1768478193.443469\" data-msg-channel-id=\"D04HTCR480P\">\n<div class=\"c-message_kit__hover\" role=\"document\" aria-roledescription=\"mensagem\" data-qa-hover=\"true\">\n<div class=\"c-message_kit__actions c-message_kit__actions--above\">\n<div class=\"c-message_kit__gutter\">\n<div class=\"c-message_kit__gutter__right\" role=\"presentation\" data-qa=\"message_content\">\n<div class=\"c-message_kit__blocks c-message_kit__blocks--rich_text\">\n<div class=\"c-message__message_blocks c-message__message_blocks--rich_text\" data-qa=\"message-text\">\n<div class=\"p-block_kit_renderer\" data-qa=\"block-kit-renderer\">\n<div class=\"p-block_kit_renderer__block_wrapper p-block_kit_renderer__block_wrapper--first\">\n<div class=\"p-rich_text_block\" dir=\"auto\">\n<p>Renato de Oliveira Moraes (USP)<\/p>\n<p>Eduardo Guilherme Satolo (UNESP)<\/p>\n<\/div>\n<\/div>\n<\/div>\n<\/div>\n<\/div>\n<\/div>\n<\/div>\n<\/div>\n<\/div>\n<\/div>\n<\/div>\n<p><strong><span style=\"color: #000000;\">N\u00daCLEO EDITORIAL ABEPRO (NEA)<\/span><\/strong><\/p>\n<p><strong>Liane M\u00e4hlmann Kipper<\/strong> (UNISC) Diretora Cient\u00edfica<\/p>\n<p>Adriana Leiras (PUC-Rio) \u2013 Editora da Production<\/p>\n<p>Osvaldo Lu\u00eds Gon\u00e7alves Quelhas (UFF) \u2013 Editor do BJO&amp;PM<\/p>\n<p>Ana Julia Dal Forno (UFSC) \u2013 Editora da Revista Produ\u00e7\u00e3o Online<\/p>\n<p><strong>Representantes da comunidade<\/strong><\/p>\n<p>Iara Tammela (UFF)<\/p>\n<p>Peter Fernandes Wanke (UFRJ)<\/p>\n<p><strong><span style=\"color: #000000;\">DIRETORIAS ANTERIORES<\/span><\/strong><\/p>\n<table width=\"550\">\n<tbody>\n<tr>\n<td width=\"258\">Nome<\/td>\n<td width=\"224\">Fun\u00e7\u00e3o<\/td>\n<td width=\"68\">Ano<\/td>\n<\/tr>\n<tr>\n<td>Itiro Iida<\/td>\n<td>Presidente<\/td>\n<td>1987<\/td>\n<\/tr>\n<tr>\n<td>Miguel Ant\u00f4nio Bueno da Costa<\/td>\n<td>1\u00b0 Vice Presidente<\/td>\n<td>1987<\/td>\n<\/tr>\n<tr>\n<td>Pedro Luiz de Oliveira Costa Neto<\/td>\n<td>2\u00b0 Vice Presidente<\/td>\n<td>1987<\/td>\n<\/tr>\n<tr>\n<td>Paulo Roberto Tavares Dalcol<\/td>\n<td>Diretor Secret\u00e1rio<\/td>\n<td>1987<\/td>\n<\/tr>\n<tr>\n<td>Luiz Ant\u00f4nio Meirelles<\/td>\n<td>Diretor Tesoureiro<\/td>\n<td>1987<\/td>\n<\/tr>\n<tr>\n<td>Jo\u00e3o Ernesto Escosteguy Castro<\/td>\n<td>Diretor T\u00e9cnico<\/td>\n<td>1987<\/td>\n<\/tr>\n<tr>\n<td>Pedro Luiz de Oliveira Costa Neto<\/td>\n<td>Presidente<\/td>\n<td>1988\/1989<\/td>\n<\/tr>\n<tr>\n<td>Raul Valentim da Silva<\/td>\n<td>1\u00b0 Vice Presidente<\/td>\n<td>1988\/1989<\/td>\n<\/tr>\n<tr>\n<td>Celso Pereira Rodrigues<\/td>\n<td>2\u00b0 Vice Presidente<\/td>\n<td>1988\/1989<\/td>\n<\/tr>\n<tr>\n<td>Marcelo Amoroso Lima<\/td>\n<td>Diretor Secret\u00e1rio<\/td>\n<td>1988\/1989<\/td>\n<\/tr>\n<tr>\n<td>Paulo Bento<\/td>\n<td>Diretor Tesoureiro<\/td>\n<td>1988\/1989<\/td>\n<\/tr>\n<tr>\n<td>Pedro Luiz de Oliveira Costa Neto<\/td>\n<td>Presidente<\/td>\n<td>1990\/1991<\/td>\n<\/tr>\n<tr>\n<td>Raul Valentim da Silva<\/td>\n<td>1\u00b0 Vice Presidente<\/td>\n<td>1990\/1991<\/td>\n<\/tr>\n<tr>\n<td>Itiro Iida<\/td>\n<td>Diretor Administrativo<\/td>\n<td>1990\/1991<\/td>\n<\/tr>\n<tr>\n<td>Paulo Renato de Morais<\/td>\n<td>Diretor Financeiro<\/td>\n<td>1990\/1991<\/td>\n<\/tr>\n<tr>\n<td>Neri dos Santos<\/td>\n<td>Presidente<\/td>\n<td>1992\/1993<\/td>\n<\/tr>\n<tr>\n<td>Paulo Roberto Tavares Dalcol<\/td>\n<td>1\u00b0 Vice Presidente<\/td>\n<td>1992\/1993<\/td>\n<\/tr>\n<tr>\n<td>Francisco Soares M\u00e1sculo<\/td>\n<td>2\u00b0 Vice Presidente<\/td>\n<td>1992\/1993<\/td>\n<\/tr>\n<tr>\n<td>Jo\u00e3o Alberto Camarotto<\/td>\n<td>Diretor Administrativo<\/td>\n<td>1992\/1993<\/td>\n<\/tr>\n<tr>\n<td>Jo\u00e3o Ernesto Escosteguy Castro<\/td>\n<td>Diretor Financeiro<\/td>\n<td>1992\/1993<\/td>\n<\/tr>\n<tr>\n<td>Miguel de Simoni<\/td>\n<td>Diretor T\u00e9cnico<\/td>\n<td>1992\/1993<\/td>\n<\/tr>\n<tr>\n<td>Neri dos Santos<\/td>\n<td>Presidente<\/td>\n<td>1994\/1995<\/td>\n<\/tr>\n<tr>\n<td>Francisco Soares M\u00e1sculo<\/td>\n<td>1\u00b0 Vice Presidente<\/td>\n<td>1994\/1995<\/td>\n<\/tr>\n<tr>\n<td>Jo\u00e3o Alberto Camarotto<\/td>\n<td>2\u00b0 Vice Presidente<\/td>\n<td>1994\/1995<\/td>\n<\/tr>\n<tr>\n<td>Francisco Jos\u00e9 Kliemann<\/td>\n<td>Diretor Administrativo<\/td>\n<td>1994\/1995<\/td>\n<\/tr>\n<tr>\n<td>Jo\u00e3o Ernesto Escosteguy Castro<\/td>\n<td>Diretor Financeiro<\/td>\n<td>1994\/1995<\/td>\n<\/tr>\n<tr>\n<td>Jorge Tadeu de Ramos Neves<\/td>\n<td>Diretor T\u00e9cnico<\/td>\n<td>1994\/1995<\/td>\n<\/tr>\n<tr>\n<td>Targino de Ara\u00fajo Filho<\/td>\n<td>Presidente<\/td>\n<td>1996\/1997<\/td>\n<\/tr>\n<tr>\n<td>Jos\u00e9 Antonio Arantes Salles<\/td>\n<td>1\u00b0 Vice Presidente<\/td>\n<td>1996\/1997<\/td>\n<\/tr>\n<tr>\n<td>Maria do Socorro M\u00e1rcia Lopes Souto<\/td>\n<td>2\u00b0 Vice Presidente<\/td>\n<td>1996\/1997<\/td>\n<\/tr>\n<tr>\n<td>Jo\u00e3o Alberto Camarotto<\/td>\n<td>Diretor Financeiro<\/td>\n<td>1996\/1997<\/td>\n<\/tr>\n<tr>\n<td>Jo\u00e3o Ernesto Escosteguy Castro<\/td>\n<td>Diretor Administrativo<\/td>\n<td>1996\/1997<\/td>\n<\/tr>\n<tr>\n<td>lsrael Brunstein<\/td>\n<td>Diretor T\u00e9cnico<\/td>\n<td>1996\/1997<\/td>\n<\/tr>\n<tr>\n<td>Jos\u00e9 Luis Duarte Ribeiro<\/td>\n<td>Presidente<\/td>\n<td>1998\/1999<\/td>\n<\/tr>\n<tr>\n<td>Jo\u00e3o Ernesto Escosteguy Castro<\/td>\n<td>1\u00b0 Vice Presidente<\/td>\n<td>1998\/1999<\/td>\n<\/tr>\n<tr>\n<td>Celso Pereira Rodrigues<\/td>\n<td>2\u00b0 Vice Presidente<\/td>\n<td>1998\/1999<\/td>\n<\/tr>\n<tr>\n<td>Gilberto Dias da Cunha<\/td>\n<td>Diretor Financeiro<\/td>\n<td>1998\/1999<\/td>\n<\/tr>\n<tr>\n<td>Emmanuel P. de Andrade<\/td>\n<td>Diretor Administrativo<\/td>\n<td>1998\/1999<\/td>\n<\/tr>\n<tr>\n<td>Heitor Caulliraux<\/td>\n<td>Diretor T\u00e9cnico<\/td>\n<td>1998\/1999<\/td>\n<\/tr>\n<tr>\n<td>Jos\u00e9 Luis Duarte Ribeiro<\/td>\n<td>Presidente<\/td>\n<td>2000\/2001<\/td>\n<\/tr>\n<tr>\n<td>Jo\u00e3o Ernesto Escosteguy Castro<\/td>\n<td>1\u00b0 Vice Presidente<\/td>\n<td>2000\/2001<\/td>\n<\/tr>\n<tr>\n<td>Nivaldo Lemos Coppini<\/td>\n<td>2\u00b0 Vice Presidente<\/td>\n<td>2000\/2001<\/td>\n<\/tr>\n<tr>\n<td>Gilberto Dias da Cunha<\/td>\n<td>Diretor Financeiro<\/td>\n<td>2000\/2001<\/td>\n<\/tr>\n<tr>\n<td>Emmanuel P. de Andrade<\/td>\n<td>Diretor Administrativo<\/td>\n<td>2000\/2001<\/td>\n<\/tr>\n<tr>\n<td>Ricardo Manfredi Naveiro<\/td>\n<td>Diretor T\u00e9cnico<\/td>\n<td>2000<\/td>\n<\/tr>\n<tr>\n<td>Nivaldo Lemos Coppini<\/td>\n<td>Presidente<\/td>\n<td>2002\/2003<\/td>\n<\/tr>\n<tr>\n<td>Jo\u00e3o Ernesto Escosteguy Castro<\/td>\n<td>1\u00b0 Vice Presidente<\/td>\n<td>2002\/2003<\/td>\n<\/tr>\n<tr>\n<td>Waltair Vieira Machado<\/td>\n<td>2\u00b0 Vice Presidente<\/td>\n<td>2002\/2003<\/td>\n<\/tr>\n<tr>\n<td>Francisco Carlos Marcondes<\/td>\n<td>Diretor Financeiro<\/td>\n<td>2002\/2003<\/td>\n<\/tr>\n<tr>\n<td>Osvaldo Luiz Gon\u00e7alves Quelhas<\/td>\n<td>Diretor Administrativo<\/td>\n<td>2002\/2003<\/td>\n<\/tr>\n<tr>\n<td>Marly Monteiro de Carvalho<\/td>\n<td>Diretor T\u00e9cnico<\/td>\n<td>2002\/2003<\/td>\n<\/tr>\n<tr>\n<td>Nivaldo Lemos Coppini<\/td>\n<td>Presidente<\/td>\n<td>2004<\/td>\n<\/tr>\n<tr>\n<td>Paulo Maur\u00edcio Selig<\/td>\n<td>Presidente<\/td>\n<td>2004\/2005<\/td>\n<\/tr>\n<tr>\n<td>Maria Rita Pontes Assump\u00e7\u00e3o Alves<\/td>\n<td>1\u00b0 Vice Presidente<\/td>\n<td>2004\/2005<\/td>\n<\/tr>\n<tr>\n<td>Marly Monteiro de Carvalho<\/td>\n<td>2\u00b0 Vice Presidente<\/td>\n<td>2004\/2005<\/td>\n<\/tr>\n<tr>\n<td>S\u00e9rgio Eduardo Gouv\u00eaa da Costa<\/td>\n<td>Diretor Financeiro<\/td>\n<td>2004\/2005<\/td>\n<\/tr>\n<tr>\n<td>Osvaldo Luiz Gon\u00e7alves Quelhas<\/td>\n<td>Diretor Administrativo<\/td>\n<td>2004\/2005<\/td>\n<\/tr>\n<tr>\n<td>Gilberto Dias da Cunha<\/td>\n<td>Diretor T\u00e9cnico<\/td>\n<td>2004\/2005<\/td>\n<\/tr>\n<tr>\n<td>Osvaldo Luiz Gon\u00e7alves Quelhas<\/td>\n<td>Presidente<\/td>\n<td>2006\/2007<\/td>\n<\/tr>\n<tr>\n<td>Paulo Maur\u00edcio Selig<\/td>\n<td>1\u00b0 Vice Presidente<\/td>\n<td>2006\/2007<\/td>\n<\/tr>\n<tr>\n<td>Gilberto Dias da Cunha<\/td>\n<td>2\u00b0 Vice Presidente<\/td>\n<td>2006\/2007<\/td>\n<\/tr>\n<tr>\n<td>Vagner Cavenaghi<\/td>\n<td>Diretor Administrativo<\/td>\n<td>2006\/2007<\/td>\n<\/tr>\n<tr>\n<td>Regis da Rocha Motta<\/td>\n<td>Diretor Financeiro<\/td>\n<td>2006\/2007<\/td>\n<\/tr>\n<tr>\n<td>Francisco Soares M\u00e1sculo<\/td>\n<td>Diretor T\u00e9cnico<\/td>\n<td>2006\/2007<\/td>\n<\/tr>\n<tr>\n<td>Osvaldo Luiz Gon\u00e7alves Quelhas<\/td>\n<td>Presidente<\/td>\n<td>2008\/2009<\/td>\n<\/tr>\n<tr>\n<td>Fernando Jos\u00e9 Barbin Laurindo<\/td>\n<td>Vice Presidente<\/td>\n<td>2008\/2009<\/td>\n<\/tr>\n<tr>\n<td>Vagner Cavenaghi<\/td>\n<td>Diretor Administrativo Financeiro<\/td>\n<td>2008\/2009<\/td>\n<\/tr>\n<tr>\n<td>Francisco Soares M\u00e1sculo<\/td>\n<td>Diretor Cient\u00edfico<\/td>\n<td>2008\/2009<\/td>\n<\/tr>\n<tr>\n<td>Vagner Cavenaghi<\/td>\n<td>Presidente<\/td>\n<td>2010\/2011<\/td>\n<\/tr>\n<tr>\n<td>Milton Vieira Junior<\/td>\n<td>Vice Presidente<\/td>\n<td>2010\/2011<\/td>\n<\/tr>\n<tr>\n<td>Adriana Ferreira de Faria<\/td>\n<td>Diretora Administrativo Financeiro<\/td>\n<td>2010\/2011<\/td>\n<\/tr>\n<tr>\n<td>Carlos Eduardo Sanches da Silva<\/td>\n<td>Diretor Cient\u00edfico<\/td>\n<td>2010\/2011<\/td>\n<\/tr>\n<tr>\n<td>Vagner Cavenaghi<\/td>\n<td>Presidente<\/td>\n<td>2012\/2013<\/td>\n<\/tr>\n<tr>\n<td>Milton Vieira Junior<\/td>\n<td>Vice Presidente<\/td>\n<td>2012\/2013<\/td>\n<\/tr>\n<tr>\n<td>Rui Francisco Marins Mar\u00e7al<\/td>\n<td>Diretor Administrativo Financeiro<\/td>\n<td>2012\/2013<\/td>\n<\/tr>\n<tr>\n<td>Guilherme Lu\u00eds Roehe Vaccaro<\/td>\n<td>Diretor Cient\u00edfico<\/td>\n<td>2012\/2013<\/td>\n<\/tr>\n<tr>\n<td>Milton Vieira Junior<\/td>\n<td>Presidente<\/td>\n<td>2014\/2015<\/td>\n<\/tr>\n<tr>\n<td>Rui Francisco Martins Mar\u00e7al<\/td>\n<td>Vice Presidente<\/td>\n<td>2014\/2015<\/td>\n<\/tr>\n<tr>\n<td>Antonio Cesar Bornia<\/td>\n<td>Diretor Administrativo Financeiro<\/td>\n<td>2014\/2015<\/td>\n<\/tr>\n<tr>\n<td>Renato de Oliveira Moraes<\/td>\n<td>Diretor Cient\u00edfico<\/td>\n<td>2014<\/td>\n<\/tr>\n<tr>\n<td>Francisco Soares M\u00e1sculo<\/td>\n<td>1\u00ba Suplente\/Diretor Cient\u00edfico<\/td>\n<td>2014\/2015<\/td>\n<\/tr>\n<tr>\n<td>Paulo Augusto Cauchick Miguel<\/td>\n<td>2\u00ba Suplente\/1\u00ba Suplente<\/td>\n<td>2014\/2015<\/td>\n<\/tr>\n<tr>\n<td>Milton Vieira Junior<\/td>\n<td>Presidente<\/td>\n<td>2016\/2017<\/td>\n<\/tr>\n<tr>\n<td>Rui Francisco Martins Mar\u00e7al<\/td>\n<td>Vice Presidente<\/td>\n<td>2016\/2017<\/td>\n<\/tr>\n<tr>\n<td>Antonio Cesar Bornia<\/td>\n<td>Diretor Administrativo Financeiro<\/td>\n<td>2016\/2017<\/td>\n<\/tr>\n<tr>\n<td>Rafael Garcia Barbastefano<\/td>\n<td>Diretor Cient\u00edfico<\/td>\n<td>2016\/2017<\/td>\n<\/tr>\n<tr>\n<td>S\u00e9rgio Barbosa Elias<\/td>\n<td>1\u00ba Suplente\/Diretor Cient\u00edfico<\/td>\n<td>2016\/2017<\/td>\n<\/tr>\n<tr>\n<td>Carlos Eduardo Sanches da Silva<\/td>\n<td>2\u00ba Suplente<\/td>\n<td>2016\/2017<\/td>\n<\/tr>\n<tr>\n<td>Rui Francisco Martins Mar\u00e7al<\/td>\n<td>Presidente<\/td>\n<td>2020\/2021<\/td>\n<\/tr>\n<tr>\n<td>Carlos Eduardo Sanches da Silva<\/td>\n<td>Vice Presidente<\/td>\n<td>2020\/2021<\/td>\n<\/tr>\n<tr>\n<td>Antonio Cezar Bornia<\/td>\n<td>Diretor Administrativo Financeiro<\/td>\n<td>2020\/2021<\/td>\n<\/tr>\n<tr>\n<td>Francisco Gaud\u00eancio Mendon\u00e7a Freires<\/td>\n<td>Diretor Cient\u00edfico<\/td>\n<td>2020\/2021<\/td>\n<\/tr>\n<tr>\n<td>Sergio Barbosa Elias<\/td>\n<td>Primeiro Suplente<\/td>\n<td>2020\/2021<\/td>\n<\/tr>\n<tr>\n<td>Rafael Garcia Barbastefano<\/td>\n<td>Segundo Suplente<\/td>\n<td>2020\/2021<\/td>\n<\/tr>\n<tr>\n<td>Antonio Cezar Bornia<\/td>\n<td>Presidente<\/td>\n<td>2022\/2023<\/td>\n<\/tr>\n<tr>\n<td>Daniel Lacerda<\/td>\n<td>Vice Presidente<\/td>\n<td>2022\/2023<\/td>\n<\/tr>\n<tr>\n<td>Maria Silene Alexandre Leite<\/td>\n<td>Diretor Administrativo Financeiro<\/td>\n<td>2022\/2023<\/td>\n<\/tr>\n<tr>\n<td>Francisco Gaud\u00eancio Mendon\u00e7a Freires<\/td>\n<td>Diretor Cient\u00edfico<\/td>\n<td>2022\/2023<\/td>\n<\/tr>\n<tr>\n<td>Rafael Garcia Barbastefano<\/td>\n<td>Primeiro Suplente<\/td>\n<td>2022\/2023<\/td>\n<\/tr>\n<tr>\n<td>Milton Vieira Junior<\/td>\n<td>Segundo Suplente<\/td>\n<td>2022\/2023<\/td>\n<\/tr>\n<tr>\n<td>Antonio Cezar Bornia<\/td>\n<td>Presidente<\/td>\n<td>2024\/2025<\/td>\n<\/tr>\n<tr>\n<td>Daniel Lacerda<\/td>\n<td>Vice Presidente<\/td>\n<td>2024\/2025<\/td>\n<\/tr>\n<tr>\n<td>Carlos Eduardo Sanches da Silva<\/td>\n<td>Diretor Administrativo Financeiro<\/td>\n<td>2024\/2025<\/td>\n<\/tr>\n<tr>\n<td>Rafael Garcia Barbastefano<\/td>\n<td>Diretor Cient\u00edfico<\/td>\n<td>2024\/2025<\/td>\n<\/tr>\n<tr>\n<td>Milton Vieira Junior<\/td>\n<td>Primeiro Suplente<\/td>\n<td>2024\/2025<\/td>\n<\/tr>\n<tr>\n<td>Denise Dumke de Medeiros<\/td>\n<td>Segundo Suplente<\/td>\n<td>2024\/2025<\/td>\n<\/tr>\n<\/tbody>\n<\/table>\t\t\t\t\t\t\t\t<\/div>\n\t\t\t\t<\/div>\n\t\t\t\t\t<\/div>\n\t\t\t\t<\/div>\n\t\t\t\t<\/div>\n\t\t","protected":false},"excerpt":{"rendered":"<p>Somos uma institui\u00e7\u00e3o representativa de docentes, discentes e profissionais de Engenharia de Produ\u00e7\u00e3o. Somos uma institui\u00e7\u00e3o sem fins lucrativos fundada em 1986.&nbsp; E com mais de 38 anos de hist\u00f3ria, buscamos atender ao objetivo principal que \u00e9 promover o desenvolvimento da Engenharia de Produ\u00e7\u00e3o no Brasil,&nbsp; apoiando estudantes, a pesquisa e profissionais. Com uma atua\u00e7\u0101o [&hellip;]<\/p>\n","protected":false},"author":1,"featured_media":0,"parent":0,"menu_order":0,"comment_status":"closed","ping_status":"closed","template":"elementor_header_footer","meta":{"footnotes":""},"class_list":["post-18","page","type-page","status-publish","hentry"],"_links":{"self":[{"href":"https:\/\/portal.abepro.org.br\/abepro2025\/wp-json\/wp\/v2\/pages\/18","targetHints":{"allow":["GET"]}}],"collection":[{"href":"https:\/\/portal.abepro.org.br\/abepro2025\/wp-json\/wp\/v2\/pages"}],"about":[{"href":"https:\/\/portal.abepro.org.br\/abepro2025\/wp-json\/wp\/v2\/types\/page"}],"author":[{"embeddable":true,"href":"https:\/\/portal.abepro.org.br\/abepro2025\/wp-json\/wp\/v2\/users\/1"}],"replies":[{"embeddable":true,"href":"https:\/\/portal.abepro.org.br\/abepro2025\/wp-json\/wp\/v2\/comments?post=18"}],"version-history":[{"count":130,"href":"https:\/\/portal.abepro.org.br\/abepro2025\/wp-json\/wp\/v2\/pages\/18\/revisions"}],"predecessor-version":[{"id":6892,"href":"https:\/\/portal.abepro.org.br\/abepro2025\/wp-json\/wp\/v2\/pages\/18\/revisions\/6892"}],"wp:attachment":[{"href":"https:\/\/portal.abepro.org.br\/abepro2025\/wp-json\/wp\/v2\/media?parent=18"}],"curies":[{"name":"wp","href":"https:\/\/api.w.org\/{rel}","templated":true}]}}