{"id":18,"date":"2024-05-23T13:12:55","date_gmt":"2024-05-23T13:12:55","guid":{"rendered":"https:\/\/portal.abepro.org.br\/abepro2025\/?page_id=18"},"modified":"2026-04-14T17:07:47","modified_gmt":"2026-04-14T17:07:47","slug":"quem-somos","status":"publish","type":"page","link":"https:\/\/portal.abepro.org.br\/abepro2025\/quem-somos\/","title":{"rendered":"Quem somos"},"content":{"rendered":"\t\t<div data-elementor-type=\"wp-page\" data-elementor-id=\"18\" class=\"elementor elementor-18\" data-elementor-post-type=\"page\">\n\t\t\t\t<div class=\"elementor-element elementor-element-ed6d57a e-flex e-con-boxed e-con e-parent\" data-id=\"ed6d57a\" data-element_type=\"container\" data-settings=\"{&quot;background_background&quot;:&quot;classic&quot;}\">\n\t\t\t\t\t<div class=\"e-con-inner\">\n\t\t\t\t\t<\/div>\n\t\t\t\t<\/div>\n\t\t<div class=\"elementor-element elementor-element-3afefbd e-flex e-con-boxed e-con e-parent\" data-id=\"3afefbd\" data-element_type=\"container\">\n\t\t\t\t\t<div class=\"e-con-inner\">\n\t\t\t\t<div class=\"elementor-element elementor-element-8580b9c elementor-widget__width-inherit elementor-widget elementor-widget-heading\" data-id=\"8580b9c\" data-element_type=\"widget\" data-widget_type=\"heading.default\">\n\t\t\t\t<div class=\"elementor-widget-container\">\n\t\t\t\t\t<h2 class=\"elementor-heading-title elementor-size-default\">Somos uma institui\u00e7\u00e3o representativa de docentes, discentes e profissionais de Engenharia de Produ\u00e7\u00e3o. <\/h2>\t\t\t\t<\/div>\n\t\t\t\t<\/div>\n\t\t\t\t<div class=\"elementor-element elementor-element-a1d17dd elementor-widget elementor-widget-text-editor\" data-id=\"a1d17dd\" data-element_type=\"widget\" data-widget_type=\"text-editor.default\">\n\t\t\t\t<div class=\"elementor-widget-container\">\n\t\t\t\t\t\t\t\t\t<p>Somos uma institui\u00e7\u00e3o sem fins lucrativos fundada em 1986.\u00a0 E com mais de 38 anos de hist\u00f3ria, buscamos atender ao objetivo principal que \u00e9 promover o desenvolvimento da Engenharia de Produ\u00e7\u00e3o no Brasil,\u00a0 apoiando estudantes, a pesquisa e profissionais.<\/p><p>Com uma atua\u00e7\u0101o voltada \u00e0 dissemina\u00e7\u0101o do conhecimento e o fortalecimento do setor, para cumprir nossa miss\u00e3o, realizamos todos os anos nossos tr\u00eas principais eventos, sendo dois nacionais e um internacional:<\/p><p><span style=\"color: #3366ff;\"><a style=\"color: #3366ff;\" href=\"https:\/\/portal.abepro.org.br\/abepro2024\/encep\/2023\/\">ENCEP (Encontro Nacional de Coordenadores de Curso de Engenharia de Produ\u00e7\u00e3o)<\/a><\/span><br \/><span style=\"color: #3366ff;\"><a style=\"color: #3366ff;\" href=\"https:\/\/portal.abepro.org.br\/abepro2024\/enegep\/2023\/\" target=\"_blank\" rel=\"noopener\">ENEGEP (Encontro Nacional de Engenharia de Produ\u00e7\u00e3o)<\/a><\/span><br \/><span style=\"color: #3366ff;\"><a style=\"color: #3366ff;\" href=\"https:\/\/ijcieom.org\/2023\/\" target=\"_blank\" rel=\"noopener\">IJCIEOM (International Joint Conference on Industrial Engineering and Operations Management).<\/a><\/span><\/p><p>Al\u00e9m dos eventos, promovemos momentos em nosso canal <a href=\"https:\/\/www.youtube.com\/@ABEPROPlay\" target=\"_blank\" rel=\"noopener\"><span style=\"color: #3366ff;\">ABEPRO Play,<\/span><\/a> com a participa\u00e7\u00e3o de pesquisadores e profissionais da \u00e1rea para debater assuntos importantes. Tamb\u00e9m publicamos revistas e livros t\u00e9cnicos destinados a disseminar o conhecimento e a pr\u00e1tica da Engenharia de Produ\u00e7\u00e3o. A Associa\u00e7\u00e3o tamb\u00e9m mant\u00e9m uma forte presen\u00e7a nas redes sociais <a href=\"https:\/\/www.instagram.com\/abeprooficial\/\" target=\"_blank\" rel=\"noopener\"><span style=\"color: #3366ff;\">Instagram<\/span><\/a> e <span style=\"color: #3366ff;\"><a style=\"color: #3366ff;\" href=\"https:\/\/www.linkedin.com\/company\/abepro1\/\" target=\"_blank\" rel=\"noopener\">LinkedIn<\/a><\/span>, incentivando a intera\u00e7\u00e3o entre seus membros e a troca de informa\u00e7\u00f5es e experi\u00eancias.<\/p><p>A ABEPRO est\u00e1 sempre atenta \u00e0s necessidades e demandas do setor, buscando constantemente aprimorar suas atividades e ampliar sua atua\u00e7\u00e3o. Se voc\u00ea \u00e9 estudante de gradua\u00e7\u00e3o,\u00a0 profissional, empresa ou institui\u00e7\u00e3o de ensino interessada em contribuir para o desenvolvimento da Engenharia de Produ\u00e7\u00e3o no Brasil, junte-se \u00e0 ABEPRO e fa\u00e7a parte dessa comunidade de sucesso!<\/p><p><span style=\"color: #000000;\">DIRETORIA ATUAL<\/span><\/p><p><strong>Carlos Eduardo Sanches da Silva<\/strong> \u2013 UNIFEI \u2013 Presidente<\/p><p><strong>Daniel Pacheco Lacerda<\/strong> \u2013 UFSC\u00a0\u2013 Vice-presidente<\/p><p><strong>Ricardo Augusto Cassel<\/strong>\u00a0 \u2013 UFRGS &#8211; Diretor Administrativo-Financeiro<\/p><p><strong>Liane M\u00e4hlmann Kipper<\/strong> \u2013 UNISC \u2013 Diretora Cient\u00edfica<\/p><p><strong>Milton Vieira Junior<\/strong> \u2013 Mackenzie\u00a0\u2013 Primeiro Suplente<\/p><p><strong>Denise Dumke de Medeiros<\/strong> \u2013 UFPE \u2013 Segunda Suplente<\/p><p><strong><span style=\"color: #000000;\">GRUPO DE TRABALHO DE GRADUA\u00c7\u00c3O<\/span><\/strong><\/p><p data-pm-slice=\"1 1 []\">Andrei Bonamigo (UFSC)<\/p><p data-pm-slice=\"1 1 []\">Fabio Morais Borges (UFPB)<\/p><p data-pm-slice=\"1 1 []\">Fernanda Mariz (UFRN)<\/p><p data-pm-slice=\"1 1 []\">Gil Eduardo Guimar\u00e3es (ITEGAM)<\/p><p data-pm-slice=\"1 1 []\">Irene Rodrigues Freitas (Unesp)<\/p><p data-pm-slice=\"1 1 []\">Maico Roris Severino (UFG) \u2013 Coordenador<\/p><p data-pm-slice=\"1 1 []\">Milton Vieira Junior (Mackenzie)<\/p><p data-pm-slice=\"1 1 []\">Paulo S\u00e9rgio de Arruda Ign\u00e1cio (Unicamp)<\/p><p>Sandra Rufino (UFRN)<\/p><p>Vanderli Fava de Oliveira (UFJF)<\/p><p><strong><span style=\"color: #000000;\">GRUPO DE TRABALHO DE P\u00d3S-GRADUA\u00c7\u00c3O<\/span><\/strong><\/p><p>Angelo de Oliveira Sant&#8217;Anna (UFBA)<\/p><p data-pm-slice=\"1 1 []\">Carlos Eduardo Sanches da Silva (UNIFEI)<\/p><p>Daniel Pacheco Lacerda (UFSC)<\/p><p>Janaina\u00a0 Mascarenhas (EESC|USP)\u00a0<\/p><p>Julio Mairesse Siluk (UFSM)<\/p><p data-pm-slice=\"1 1 []\">Liane Mahlmann Kipper (UNISC)<\/p><p data-pm-slice=\"1 1 []\">Leandro Gauss (Unisinos)<\/p><p>Marly Monteiro de Carvalho (Poli-USP) \u2013 Coordenadora<\/p><p data-pm-slice=\"1 1 []\">Paula Donaduzzi Rigo (UFSM)<\/p><p>Rodrigo Caiado (PUC-Rio)<\/p><p>Sandra Morioka (UFPB)<\/p><p data-pm-slice=\"1 1 []\">Thayla Zomer\u00a0(USP)<\/p><p>Vitor Martins\u00a0(UEPA)<\/p><p><strong><span style=\"color: #000000;\">GRUPO DE TRABALHO EMPRESAS<\/span><\/strong><\/p><p data-pm-slice=\"1 1 []\">Adriana Ferreira de Faria (UFV)<\/p><p>Alaercio Nicoletti Junior (UPM e Grupo Petr\u00f3polis)<\/p><p>Andr\u00e9 Lu\u00eds de Moura Castro (INSPER)<\/p><p>L\u00e9ony Luis Lopes Negrao (UEPA)<\/p><p>Jones Lu\u00eds Schaefer \u2013 PUCPR (Coordenador)<\/p><p>Maria Silene\u00a0Alexandre Leite\u00a0(UFPB)<\/p><p>Paulo Ghinato (Lean Way)<\/p><p>Ricardo Cassel (UFRGS)<\/p><p><strong><span style=\"color: #000000;\">GRUPO DE TRABALHO DISCENTE \u2013 ABEPRO Jovem<\/span><\/strong><\/p><p>Paulo Henrique Cabral Jacob (UNIR) Presidente<\/p><p>Lana Oliveira (UEPA) Diretora Norte\u00a0<\/p><p>Luciane Oliveira (UFRB) Diretora Nordeste\u00a0<\/p><p><span class=\"a_GcMg font-feature-liga-off font-feature-clig-off font-feature-calt-off text-decoration-none text-strikethrough-none\">Luiz Lampert (Unisinos) Diretor Sul\u00a0<\/span><\/p><p><span class=\"a_GcMg font-feature-liga-off font-feature-clig-off font-feature-calt-off text-decoration-none text-strikethrough-none\">B\u00e1rbara Aguiar (UNIFEOB) Diretora Sudeste\u00a0<\/span><\/p><p><span class=\"a_GcMg font-feature-liga-off font-feature-clig-off font-feature-calt-off text-decoration-none text-strikethrough-none\">Vit\u00f3ria Arantes (UFGD) Diretora Centro Oeste\u00a0<\/span><\/p><p><strong><span style=\"color: #000000;\">GRUPO DE TRABALHO DE APOIO \u00c0 GEST\u00c3O &#8211; ABJ<\/span><\/strong><\/p><p>Antony Brito (UNAMA)<\/p><p>Thainy Esteves (USP) &#8211; coordenadora<\/p><p>Thaynara Morona (UTFPR)<\/p><p><strong><span style=\"color: #000000;\">SECRETARIADO &#8211; SOMOS NUI<\/span><\/strong><\/p><p>Contato \u2013 <span style=\"color: #3366ff;\"><a style=\"color: #3366ff;\" href=\"mailto:secretaria@abepro.org.br\" target=\"_blank\" rel=\"noopener\">secretaria@abepro.org.br<\/a><\/span><\/p><p><strong><span style=\"color: #000000;\">CONSELHO FISCAL<\/span><\/strong><\/p><div id=\"message-list_1768478180.425749\" class=\"c-virtual_list__item\" tabindex=\"-1\" role=\"listitem\" aria-setsize=\"-1\" data-qa=\"virtual-list-item\" data-item-key=\"1768478180.425749\"><div class=\"c-message_kit__background c-message_kit__background--hovered p-message_pane_message__message c-message_kit__message\" role=\"presentation\" data-qa=\"message_container\" data-qa-unprocessed=\"false\" data-qa-placeholder=\"false\" data-msg-ts=\"1768478180.425749\" data-msg-channel-id=\"D04HTCR480P\"><div class=\"c-message_kit__hover c-message_kit__hover--hovered\" role=\"document\" aria-roledescription=\"mensagem\" data-qa-hover=\"true\"><div class=\"c-message_kit__actions c-message_kit__actions--above\"><div class=\"c-message_kit__gutter\"><div class=\"c-message_kit__gutter__right\" role=\"presentation\" data-qa=\"message_content\"><div class=\"c-message_kit__blocks c-message_kit__blocks--rich_text\"><div class=\"c-message__message_blocks c-message__message_blocks--rich_text\" data-qa=\"message-text\"><div class=\"p-block_kit_renderer\" data-qa=\"block-kit-renderer\"><div class=\"p-block_kit_renderer__block_wrapper p-block_kit_renderer__block_wrapper--first\"><div class=\"p-rich_text_block\" dir=\"auto\"><p>F\u00e1bio Piran (Unisinos)\u00a0<\/p><p>Sandra Rufino (UFRN)\u00a0<\/p><p>Maria Silene Alexandre Leite (UFPB)<\/p><p><em>Suplentes:<\/em><\/p><\/div><\/div><\/div><\/div><\/div><\/div><\/div><\/div><\/div><\/div><\/div><div id=\"message-list_1768478193.443469\" class=\"c-virtual_list__item\" tabindex=\"0\" role=\"listitem\" aria-setsize=\"-1\" data-qa=\"virtual-list-item\" data-item-key=\"1768478193.443469\"><div class=\"c-message_kit__background p-message_pane_message__message c-message_kit__message\" role=\"presentation\" data-qa=\"message_container\" data-qa-unprocessed=\"false\" data-qa-placeholder=\"false\" data-msg-ts=\"1768478193.443469\" data-msg-channel-id=\"D04HTCR480P\"><div class=\"c-message_kit__hover\" role=\"document\" aria-roledescription=\"mensagem\" data-qa-hover=\"true\"><div class=\"c-message_kit__actions c-message_kit__actions--above\"><div class=\"c-message_kit__gutter\"><div class=\"c-message_kit__gutter__right\" role=\"presentation\" data-qa=\"message_content\"><div class=\"c-message_kit__blocks c-message_kit__blocks--rich_text\"><div class=\"c-message__message_blocks c-message__message_blocks--rich_text\" data-qa=\"message-text\"><div class=\"p-block_kit_renderer\" data-qa=\"block-kit-renderer\"><div class=\"p-block_kit_renderer__block_wrapper p-block_kit_renderer__block_wrapper--first\"><div class=\"p-rich_text_block\" dir=\"auto\"><p>Renato de Oliveira Moraes (USP)<\/p><p>Eduardo Guilherme Satolo (UNESP)<\/p><\/div><\/div><\/div><\/div><\/div><\/div><\/div><\/div><\/div><\/div><\/div><p><strong><span style=\"color: #000000;\">N\u00daCLEO EDITORIAL ABEPRO (NEA)<\/span><\/strong><\/p><p><strong>Liane M\u00e4hlmann Kipper<\/strong> (UNISC) Diretora Cient\u00edfica<\/p><p>Adriana Leiras (PUC-Rio) \u2013 Editora da Production<\/p><p>Osvaldo Lu\u00eds Gon\u00e7alves Quelhas (UFF) \u2013 Editor do BJO&amp;PM<\/p><p>Ana Julia Dal Forno (UFSC) \u2013 Editora da Revista Produ\u00e7\u00e3o Online<\/p><p><strong>Representantes da comunidade<\/strong><\/p><p>Iara Tammela (UFF)<\/p><p>Peter Fernandes Wanke (UFRJ)<\/p><p><strong><span style=\"color: #000000;\">DIRETORIAS ANTERIORES<\/span><\/strong><\/p><table width=\"550\"><tbody><tr><td width=\"258\">Nome<\/td><td width=\"224\">Fun\u00e7\u00e3o<\/td><td width=\"68\">Ano<\/td><\/tr><tr><td>Itiro Iida<\/td><td>Presidente<\/td><td>1987<\/td><\/tr><tr><td>Miguel Ant\u00f4nio Bueno da Costa<\/td><td>1\u00b0 Vice Presidente<\/td><td>1987<\/td><\/tr><tr><td>Pedro Luiz de Oliveira Costa Neto<\/td><td>2\u00b0 Vice Presidente<\/td><td>1987<\/td><\/tr><tr><td>Paulo Roberto Tavares Dalcol<\/td><td>Diretor Secret\u00e1rio<\/td><td>1987<\/td><\/tr><tr><td>Luiz Ant\u00f4nio Meirelles<\/td><td>Diretor Tesoureiro<\/td><td>1987<\/td><\/tr><tr><td>Jo\u00e3o Ernesto Escosteguy Castro<\/td><td>Diretor T\u00e9cnico<\/td><td>1987<\/td><\/tr><tr><td>Pedro Luiz de Oliveira Costa Neto<\/td><td>Presidente<\/td><td>1988\/1989<\/td><\/tr><tr><td>Raul Valentim da Silva<\/td><td>1\u00b0 Vice Presidente<\/td><td>1988\/1989<\/td><\/tr><tr><td>Celso Pereira Rodrigues<\/td><td>2\u00b0 Vice Presidente<\/td><td>1988\/1989<\/td><\/tr><tr><td>Marcelo Amoroso Lima<\/td><td>Diretor Secret\u00e1rio<\/td><td>1988\/1989<\/td><\/tr><tr><td>Paulo Bento<\/td><td>Diretor Tesoureiro<\/td><td>1988\/1989<\/td><\/tr><tr><td>Pedro Luiz de Oliveira Costa Neto<\/td><td>Presidente<\/td><td>1990\/1991<\/td><\/tr><tr><td>Raul Valentim da Silva<\/td><td>1\u00b0 Vice Presidente<\/td><td>1990\/1991<\/td><\/tr><tr><td>Itiro Iida<\/td><td>Diretor Administrativo<\/td><td>1990\/1991<\/td><\/tr><tr><td>Paulo Renato de Morais<\/td><td>Diretor Financeiro<\/td><td>1990\/1991<\/td><\/tr><tr><td>Neri dos Santos<\/td><td>Presidente<\/td><td>1992\/1993<\/td><\/tr><tr><td>Paulo Roberto Tavares Dalcol<\/td><td>1\u00b0 Vice Presidente<\/td><td>1992\/1993<\/td><\/tr><tr><td>Francisco Soares M\u00e1sculo<\/td><td>2\u00b0 Vice Presidente<\/td><td>1992\/1993<\/td><\/tr><tr><td>Jo\u00e3o Alberto Camarotto<\/td><td>Diretor Administrativo<\/td><td>1992\/1993<\/td><\/tr><tr><td>Jo\u00e3o Ernesto Escosteguy Castro<\/td><td>Diretor Financeiro<\/td><td>1992\/1993<\/td><\/tr><tr><td>Miguel de Simoni<\/td><td>Diretor T\u00e9cnico<\/td><td>1992\/1993<\/td><\/tr><tr><td>Neri dos Santos<\/td><td>Presidente<\/td><td>1994\/1995<\/td><\/tr><tr><td>Francisco Soares M\u00e1sculo<\/td><td>1\u00b0 Vice Presidente<\/td><td>1994\/1995<\/td><\/tr><tr><td>Jo\u00e3o Alberto Camarotto<\/td><td>2\u00b0 Vice Presidente<\/td><td>1994\/1995<\/td><\/tr><tr><td>Francisco Jos\u00e9 Kliemann<\/td><td>Diretor Administrativo<\/td><td>1994\/1995<\/td><\/tr><tr><td>Jo\u00e3o Ernesto Escosteguy Castro<\/td><td>Diretor Financeiro<\/td><td>1994\/1995<\/td><\/tr><tr><td>Jorge Tadeu de Ramos Neves<\/td><td>Diretor T\u00e9cnico<\/td><td>1994\/1995<\/td><\/tr><tr><td>Targino de Ara\u00fajo Filho<\/td><td>Presidente<\/td><td>1996\/1997<\/td><\/tr><tr><td>Jos\u00e9 Antonio Arantes Salles<\/td><td>1\u00b0 Vice Presidente<\/td><td>1996\/1997<\/td><\/tr><tr><td>Maria do Socorro M\u00e1rcia Lopes Souto<\/td><td>2\u00b0 Vice Presidente<\/td><td>1996\/1997<\/td><\/tr><tr><td>Jo\u00e3o Alberto Camarotto<\/td><td>Diretor Financeiro<\/td><td>1996\/1997<\/td><\/tr><tr><td>Jo\u00e3o Ernesto Escosteguy Castro<\/td><td>Diretor Administrativo<\/td><td>1996\/1997<\/td><\/tr><tr><td>lsrael Brunstein<\/td><td>Diretor T\u00e9cnico<\/td><td>1996\/1997<\/td><\/tr><tr><td>Jos\u00e9 Luis Duarte Ribeiro<\/td><td>Presidente<\/td><td>1998\/1999<\/td><\/tr><tr><td>Jo\u00e3o Ernesto Escosteguy Castro<\/td><td>1\u00b0 Vice Presidente<\/td><td>1998\/1999<\/td><\/tr><tr><td>Celso Pereira Rodrigues<\/td><td>2\u00b0 Vice Presidente<\/td><td>1998\/1999<\/td><\/tr><tr><td>Gilberto Dias da Cunha<\/td><td>Diretor Financeiro<\/td><td>1998\/1999<\/td><\/tr><tr><td>Emmanuel P. de Andrade<\/td><td>Diretor Administrativo<\/td><td>1998\/1999<\/td><\/tr><tr><td>Heitor Caulliraux<\/td><td>Diretor T\u00e9cnico<\/td><td>1998\/1999<\/td><\/tr><tr><td>Jos\u00e9 Luis Duarte Ribeiro<\/td><td>Presidente<\/td><td>2000\/2001<\/td><\/tr><tr><td>Jo\u00e3o Ernesto Escosteguy Castro<\/td><td>1\u00b0 Vice Presidente<\/td><td>2000\/2001<\/td><\/tr><tr><td>Nivaldo Lemos Coppini<\/td><td>2\u00b0 Vice Presidente<\/td><td>2000\/2001<\/td><\/tr><tr><td>Gilberto Dias da Cunha<\/td><td>Diretor Financeiro<\/td><td>2000\/2001<\/td><\/tr><tr><td>Emmanuel P. de Andrade<\/td><td>Diretor Administrativo<\/td><td>2000\/2001<\/td><\/tr><tr><td>Ricardo Manfredi Naveiro<\/td><td>Diretor T\u00e9cnico<\/td><td>2000<\/td><\/tr><tr><td>Nivaldo Lemos Coppini<\/td><td>Presidente<\/td><td>2002\/2003<\/td><\/tr><tr><td>Jo\u00e3o Ernesto Escosteguy Castro<\/td><td>1\u00b0 Vice Presidente<\/td><td>2002\/2003<\/td><\/tr><tr><td>Waltair Vieira Machado<\/td><td>2\u00b0 Vice Presidente<\/td><td>2002\/2003<\/td><\/tr><tr><td>Francisco Carlos Marcondes<\/td><td>Diretor Financeiro<\/td><td>2002\/2003<\/td><\/tr><tr><td>Osvaldo Luiz Gon\u00e7alves Quelhas<\/td><td>Diretor Administrativo<\/td><td>2002\/2003<\/td><\/tr><tr><td>Marly Monteiro de Carvalho<\/td><td>Diretor T\u00e9cnico<\/td><td>2002\/2003<\/td><\/tr><tr><td>Nivaldo Lemos Coppini<\/td><td>Presidente<\/td><td>2004<\/td><\/tr><tr><td>Paulo Maur\u00edcio Selig<\/td><td>Presidente<\/td><td>2004\/2005<\/td><\/tr><tr><td>Maria Rita Pontes Assump\u00e7\u00e3o Alves<\/td><td>1\u00b0 Vice Presidente<\/td><td>2004\/2005<\/td><\/tr><tr><td>Marly Monteiro de Carvalho<\/td><td>2\u00b0 Vice Presidente<\/td><td>2004\/2005<\/td><\/tr><tr><td>S\u00e9rgio Eduardo Gouv\u00eaa da Costa<\/td><td>Diretor Financeiro<\/td><td>2004\/2005<\/td><\/tr><tr><td>Osvaldo Luiz Gon\u00e7alves Quelhas<\/td><td>Diretor Administrativo<\/td><td>2004\/2005<\/td><\/tr><tr><td>Gilberto Dias da Cunha<\/td><td>Diretor T\u00e9cnico<\/td><td>2004\/2005<\/td><\/tr><tr><td>Osvaldo Luiz Gon\u00e7alves Quelhas<\/td><td>Presidente<\/td><td>2006\/2007<\/td><\/tr><tr><td>Paulo Maur\u00edcio Selig<\/td><td>1\u00b0 Vice Presidente<\/td><td>2006\/2007<\/td><\/tr><tr><td>Gilberto Dias da Cunha<\/td><td>2\u00b0 Vice Presidente<\/td><td>2006\/2007<\/td><\/tr><tr><td>Vagner Cavenaghi<\/td><td>Diretor Administrativo<\/td><td>2006\/2007<\/td><\/tr><tr><td>Regis da Rocha Motta<\/td><td>Diretor Financeiro<\/td><td>2006\/2007<\/td><\/tr><tr><td>Francisco Soares M\u00e1sculo<\/td><td>Diretor T\u00e9cnico<\/td><td>2006\/2007<\/td><\/tr><tr><td>Osvaldo Luiz Gon\u00e7alves Quelhas<\/td><td>Presidente<\/td><td>2008\/2009<\/td><\/tr><tr><td>Fernando Jos\u00e9 Barbin Laurindo<\/td><td>Vice Presidente<\/td><td>2008\/2009<\/td><\/tr><tr><td>Vagner Cavenaghi<\/td><td>Diretor Administrativo Financeiro<\/td><td>2008\/2009<\/td><\/tr><tr><td>Francisco Soares M\u00e1sculo<\/td><td>Diretor Cient\u00edfico<\/td><td>2008\/2009<\/td><\/tr><tr><td>Vagner Cavenaghi<\/td><td>Presidente<\/td><td>2010\/2011<\/td><\/tr><tr><td>Milton Vieira Junior<\/td><td>Vice Presidente<\/td><td>2010\/2011<\/td><\/tr><tr><td>Adriana Ferreira de Faria<\/td><td>Diretora Administrativo Financeiro<\/td><td>2010\/2011<\/td><\/tr><tr><td>Carlos Eduardo Sanches da Silva<\/td><td>Diretor Cient\u00edfico<\/td><td>2010\/2011<\/td><\/tr><tr><td>Vagner Cavenaghi<\/td><td>Presidente<\/td><td>2012\/2013<\/td><\/tr><tr><td>Milton Vieira Junior<\/td><td>Vice Presidente<\/td><td>2012\/2013<\/td><\/tr><tr><td>Rui Francisco Marins Mar\u00e7al<\/td><td>Diretor Administrativo Financeiro<\/td><td>2012\/2013<\/td><\/tr><tr><td>Guilherme Lu\u00eds Roehe Vaccaro<\/td><td>Diretor Cient\u00edfico<\/td><td>2012\/2013<\/td><\/tr><tr><td>Milton Vieira Junior<\/td><td>Presidente<\/td><td>2014\/2015<\/td><\/tr><tr><td>Rui Francisco Martins Mar\u00e7al<\/td><td>Vice Presidente<\/td><td>2014\/2015<\/td><\/tr><tr><td>Antonio Cesar Bornia<\/td><td>Diretor Administrativo Financeiro<\/td><td>2014\/2015<\/td><\/tr><tr><td>Renato de Oliveira Moraes<\/td><td>Diretor Cient\u00edfico<\/td><td>2014<\/td><\/tr><tr><td>Francisco Soares M\u00e1sculo<\/td><td>1\u00ba Suplente\/Diretor Cient\u00edfico<\/td><td>2014\/2015<\/td><\/tr><tr><td>Paulo Augusto Cauchick Miguel<\/td><td>2\u00ba Suplente\/1\u00ba Suplente<\/td><td>2014\/2015<\/td><\/tr><tr><td>Milton Vieira Junior<\/td><td>Presidente<\/td><td>2016\/2017<\/td><\/tr><tr><td>Rui Francisco Martins Mar\u00e7al<\/td><td>Vice Presidente<\/td><td>2016\/2017<\/td><\/tr><tr><td>Antonio Cesar Bornia<\/td><td>Diretor Administrativo Financeiro<\/td><td>2016\/2017<\/td><\/tr><tr><td>Rafael Garcia Barbastefano<\/td><td>Diretor Cient\u00edfico<\/td><td>2016\/2017<\/td><\/tr><tr><td>S\u00e9rgio Barbosa Elias<\/td><td>1\u00ba Suplente\/Diretor Cient\u00edfico<\/td><td>2016\/2017<\/td><\/tr><tr><td>Carlos Eduardo Sanches da Silva<\/td><td>2\u00ba Suplente<\/td><td>2016\/2017<\/td><\/tr><tr><td>Rui Francisco Martins Mar\u00e7al<\/td><td>Presidente<\/td><td>2020\/2021<\/td><\/tr><tr><td>Carlos Eduardo Sanches da Silva<\/td><td>Vice Presidente<\/td><td>2020\/2021<\/td><\/tr><tr><td>Antonio Cezar Bornia<\/td><td>Diretor Administrativo Financeiro<\/td><td>2020\/2021<\/td><\/tr><tr><td>Francisco Gaud\u00eancio Mendon\u00e7a Freires<\/td><td>Diretor Cient\u00edfico<\/td><td>2020\/2021<\/td><\/tr><tr><td>Sergio Barbosa Elias<\/td><td>Primeiro Suplente<\/td><td>2020\/2021<\/td><\/tr><tr><td>Rafael Garcia Barbastefano<\/td><td>Segundo Suplente<\/td><td>2020\/2021<\/td><\/tr><tr><td>Antonio Cezar Bornia<\/td><td>Presidente<\/td><td>2022\/2023<\/td><\/tr><tr><td>Daniel Lacerda<\/td><td>Vice Presidente<\/td><td>2022\/2023<\/td><\/tr><tr><td>Maria Silene Alexandre Leite<\/td><td>Diretor Administrativo Financeiro<\/td><td>2022\/2023<\/td><\/tr><tr><td>Francisco Gaud\u00eancio Mendon\u00e7a Freires<\/td><td>Diretor Cient\u00edfico<\/td><td>2022\/2023<\/td><\/tr><tr><td>Rafael Garcia Barbastefano<\/td><td>Primeiro Suplente<\/td><td>2022\/2023<\/td><\/tr><tr><td>Milton Vieira Junior<\/td><td>Segundo Suplente<\/td><td>2022\/2023<\/td><\/tr><tr><td>Antonio Cezar Bornia<\/td><td>Presidente<\/td><td>2024\/2025<\/td><\/tr><tr><td>Daniel Lacerda<\/td><td>Vice Presidente<\/td><td>2024\/2025<\/td><\/tr><tr><td>Carlos Eduardo Sanches da Silva<\/td><td>Diretor Administrativo Financeiro<\/td><td>2024\/2025<\/td><\/tr><tr><td>Rafael Garcia Barbastefano<\/td><td>Diretor Cient\u00edfico<\/td><td>2024\/2025<\/td><\/tr><tr><td>Milton Vieira Junior<\/td><td>Primeiro Suplente<\/td><td>2024\/2025<\/td><\/tr><tr><td>Denise Dumke de Medeiros<\/td><td>Segundo Suplente<\/td><td>2024\/2025<\/td><\/tr><\/tbody><\/table>\t\t\t\t\t\t\t\t<\/div>\n\t\t\t\t<\/div>\n\t\t\t\t\t<\/div>\n\t\t\t\t<\/div>\n\t\t\t\t<\/div>\n\t\t","protected":false},"excerpt":{"rendered":"<p>Somos uma institui\u00e7\u00e3o representativa de docentes, discentes e profissionais de Engenharia de Produ\u00e7\u00e3o. Somos uma institui\u00e7\u00e3o sem fins lucrativos fundada em 1986.\u00a0 E com mais de 38 anos de hist\u00f3ria, buscamos atender ao objetivo principal que \u00e9 promover o desenvolvimento da Engenharia de Produ\u00e7\u00e3o no Brasil,\u00a0 apoiando estudantes, a pesquisa e profissionais. Com uma atua\u00e7\u0101o [&hellip;]<\/p>\n","protected":false},"author":1,"featured_media":0,"parent":0,"menu_order":0,"comment_status":"closed","ping_status":"closed","template":"elementor_header_footer","meta":{"footnotes":""},"class_list":["post-18","page","type-page","status-publish","hentry"],"_links":{"self":[{"href":"https:\/\/portal.abepro.org.br\/abepro2025\/wp-json\/wp\/v2\/pages\/18","targetHints":{"allow":["GET"]}}],"collection":[{"href":"https:\/\/portal.abepro.org.br\/abepro2025\/wp-json\/wp\/v2\/pages"}],"about":[{"href":"https:\/\/portal.abepro.org.br\/abepro2025\/wp-json\/wp\/v2\/types\/page"}],"author":[{"embeddable":true,"href":"https:\/\/portal.abepro.org.br\/abepro2025\/wp-json\/wp\/v2\/users\/1"}],"replies":[{"embeddable":true,"href":"https:\/\/portal.abepro.org.br\/abepro2025\/wp-json\/wp\/v2\/comments?post=18"}],"version-history":[{"count":127,"href":"https:\/\/portal.abepro.org.br\/abepro2025\/wp-json\/wp\/v2\/pages\/18\/revisions"}],"predecessor-version":[{"id":6761,"href":"https:\/\/portal.abepro.org.br\/abepro2025\/wp-json\/wp\/v2\/pages\/18\/revisions\/6761"}],"wp:attachment":[{"href":"https:\/\/portal.abepro.org.br\/abepro2025\/wp-json\/wp\/v2\/media?parent=18"}],"curies":[{"name":"wp","href":"https:\/\/api.w.org\/{rel}","templated":true}]}}