{"id":24,"date":"2024-05-23T13:14:26","date_gmt":"2024-05-23T13:14:26","guid":{"rendered":"https:\/\/portal.abepro.org.br\/abepro2025\/?page_id=24"},"modified":"2025-12-16T20:07:49","modified_gmt":"2025-12-16T20:07:49","slug":"premio-abepro","status":"publish","type":"page","link":"https:\/\/portal.abepro.org.br\/abepro2025\/premio-abepro\/","title":{"rendered":"Pr\u00eamio ABEPRO"},"content":{"rendered":"\t\t<div data-elementor-type=\"wp-page\" data-elementor-id=\"24\" class=\"elementor elementor-24\" data-elementor-post-type=\"page\">\n\t\t\t\t<div class=\"elementor-element elementor-element-e1757e0 e-flex e-con-boxed e-con e-parent\" data-id=\"e1757e0\" data-element_type=\"container\" data-settings=\"{&quot;background_background&quot;:&quot;classic&quot;}\">\n\t\t\t\t\t<div class=\"e-con-inner\">\n\t\t\t\t\t<\/div>\n\t\t\t\t<\/div>\n\t\t<div class=\"elementor-element elementor-element-9a18a51 e-flex e-con-boxed e-con e-parent\" data-id=\"9a18a51\" data-element_type=\"container\">\n\t\t\t\t\t<div class=\"e-con-inner\">\n\t\t\t\t<div class=\"elementor-element elementor-element-f14ec5e elementor-widget elementor-widget-text-editor\" data-id=\"f14ec5e\" data-element_type=\"widget\" data-widget_type=\"text-editor.default\">\n\t\t\t\t<div class=\"elementor-widget-container\">\n\t\t\t\t\t\t\t\t\t<p>O Pr\u00eamio ABEPRO \u00e9 uma premia\u00e7\u00e3o dedicada a reconhecer os melhores trabalhos de estudantes em n\u00edvel de gradua\u00e7\u00e3o e p\u00f3s-gradua\u00e7\u00e3o, que \u00e9 entregue durante a realiza\u00e7\u00e3o do evento Encontro Nacional de Engenharia de Produ\u00e7\u00e3o \u2013 ENEGEP. A cada ano \u00e9 disponibilizado um edital para que as Institui\u00e7\u00f5es de Ensino e\/ou professores(as)\/orientadores(as) associados \u00e0 ABEPRO possam indicar trabalhos para a premia\u00e7\u00e3o cient\u00edfica.<\/p>\t\t\t\t\t\t\t\t<\/div>\n\t\t\t\t<\/div>\n\t\t\t\t<div class=\"elementor-element elementor-element-787f0fb elementor-tabs-view-vertical elementor-widget__width-inherit elementor-widget elementor-widget-tabs\" data-id=\"787f0fb\" data-element_type=\"widget\" data-widget_type=\"tabs.default\">\n\t\t\t\t<div class=\"elementor-widget-container\">\n\t\t\t\t\t\t\t<div class=\"elementor-tabs\">\n\t\t\t<div class=\"elementor-tabs-wrapper\" role=\"tablist\" >\n\t\t\t\t\t\t\t\t\t<div id=\"elementor-tab-title-1261\" class=\"elementor-tab-title elementor-tab-desktop-title\" aria-selected=\"true\" data-tab=\"1\" role=\"tab\" tabindex=\"0\" aria-controls=\"elementor-tab-content-1261\" aria-expanded=\"false\">2025<\/div>\n\t\t\t\t\t\t\t\t\t<div id=\"elementor-tab-title-1262\" class=\"elementor-tab-title elementor-tab-desktop-title\" aria-selected=\"false\" data-tab=\"2\" role=\"tab\" tabindex=\"-1\" aria-controls=\"elementor-tab-content-1262\" aria-expanded=\"false\">2024<\/div>\n\t\t\t\t\t\t\t\t\t<div id=\"elementor-tab-title-1263\" class=\"elementor-tab-title elementor-tab-desktop-title\" aria-selected=\"false\" data-tab=\"3\" role=\"tab\" tabindex=\"-1\" aria-controls=\"elementor-tab-content-1263\" aria-expanded=\"false\">2023<\/div>\n\t\t\t\t\t\t\t\t\t<div id=\"elementor-tab-title-1264\" class=\"elementor-tab-title elementor-tab-desktop-title\" aria-selected=\"false\" data-tab=\"4\" role=\"tab\" tabindex=\"-1\" aria-controls=\"elementor-tab-content-1264\" aria-expanded=\"false\">2022<\/div>\n\t\t\t\t\t\t\t\t\t<div id=\"elementor-tab-title-1265\" class=\"elementor-tab-title elementor-tab-desktop-title\" aria-selected=\"false\" data-tab=\"5\" role=\"tab\" tabindex=\"-1\" aria-controls=\"elementor-tab-content-1265\" aria-expanded=\"false\">2021<\/div>\n\t\t\t\t\t\t\t\t\t<div id=\"elementor-tab-title-1266\" class=\"elementor-tab-title elementor-tab-desktop-title\" aria-selected=\"false\" data-tab=\"6\" role=\"tab\" tabindex=\"-1\" aria-controls=\"elementor-tab-content-1266\" aria-expanded=\"false\">2020<\/div>\n\t\t\t\t\t\t\t\t\t<div id=\"elementor-tab-title-1267\" class=\"elementor-tab-title elementor-tab-desktop-title\" aria-selected=\"false\" data-tab=\"7\" role=\"tab\" tabindex=\"-1\" aria-controls=\"elementor-tab-content-1267\" aria-expanded=\"false\">2019<\/div>\n\t\t\t\t\t\t\t\t\t<div id=\"elementor-tab-title-1268\" class=\"elementor-tab-title elementor-tab-desktop-title\" aria-selected=\"false\" data-tab=\"8\" role=\"tab\" tabindex=\"-1\" aria-controls=\"elementor-tab-content-1268\" aria-expanded=\"false\">2018<\/div>\n\t\t\t\t\t\t\t\t\t<div id=\"elementor-tab-title-1269\" class=\"elementor-tab-title elementor-tab-desktop-title\" aria-selected=\"false\" data-tab=\"9\" role=\"tab\" tabindex=\"-1\" aria-controls=\"elementor-tab-content-1269\" aria-expanded=\"false\">2017<\/div>\n\t\t\t\t\t\t\t\t\t<div id=\"elementor-tab-title-12610\" class=\"elementor-tab-title elementor-tab-desktop-title\" aria-selected=\"false\" data-tab=\"10\" role=\"tab\" tabindex=\"-1\" aria-controls=\"elementor-tab-content-12610\" aria-expanded=\"false\">2016<\/div>\n\t\t\t\t\t\t\t\t\t<div id=\"elementor-tab-title-12611\" class=\"elementor-tab-title elementor-tab-desktop-title\" aria-selected=\"false\" data-tab=\"11\" role=\"tab\" tabindex=\"-1\" aria-controls=\"elementor-tab-content-12611\" aria-expanded=\"false\">2015<\/div>\n\t\t\t\t\t\t\t<\/div>\n\t\t\t<div class=\"elementor-tabs-content-wrapper\" role=\"tablist\" aria-orientation=\"vertical\">\n\t\t\t\t\t\t\t\t\t<div class=\"elementor-tab-title elementor-tab-mobile-title\" aria-selected=\"true\" data-tab=\"1\" role=\"tab\" tabindex=\"0\" aria-controls=\"elementor-tab-content-1261\" aria-expanded=\"false\">2025<\/div>\n\t\t\t\t\t<div id=\"elementor-tab-content-1261\" class=\"elementor-tab-content elementor-clearfix\" data-tab=\"1\" role=\"tabpanel\" aria-labelledby=\"elementor-tab-title-1261\" tabindex=\"0\" hidden=\"false\"><table width=\"1195\"><tbody><tr><td width=\"144\"><strong>Categoria<\/strong><\/td><td width=\"437\"><strong>T\u00edtulo<\/strong><\/td><td width=\"193\"><strong>Institui\u00e7\u00e3o<\/strong><\/td><td width=\"213\"><strong>Autor<\/strong><\/td><td width=\"208\"><strong>Orientador<\/strong><\/td><\/tr><tr><td width=\"144\">Trabalho de Conclus\u00e3o de Curso (Pr\u00eamio Luiz Antonio Meirelles): Gradua\u00e7\u00e3o<\/td><td width=\"437\">Rastreabilidade de Produtos Aliment\u00edcios: Entendendo o Comportamento do Consumidor Atrav\u00e9s da Modelagem de Equa\u00e7\u00f5es Estruturais.<\/td><td width=\"193\">UFGD<\/td><td>Larissa Carvalho Nunes<\/td><td>Lucas Rodrigues Deliberador<\/td><\/tr><tr><td width=\"144\">Disserta\u00e7\u00e3o de Mestrado Acad\u00eamico<\/td><td width=\"437\">Modelo de maturidade de BIM combinando ind\u00fastria 4.0,Pontif\u00edcia Universidade Cat\u00f3lica do Rio de Janeiro &#8211; PUC-Rio<\/td><td width=\"193\">Pontif\u00edcia Universidade Cat\u00f3lica do Rio de Janeiro &#8211; PUC-Rio<\/td><td>Carlos Alejandro Diaz Schery<\/td><td>Rodrigo Goyannes Gusm\u00e3o Caiado, Soraida Aguilar Vargas<\/td><\/tr><tr><td width=\"144\">Disserta\u00e7\u00e3o de Mestrado Profissional<\/td><td width=\"437\">Uma abordagem inovadora para avaliar a efici\u00eancia geral do equipamento por meio da an\u00e1lise envolt\u00f3ria de dados em rede<\/td><td width=\"193\">Faculdade de Engenharia e Ci\u00eancias, C\u00e2mpus de Guaratinguet\u00e1, Universidade Estadual Paulista &#8220;J\u00falio de Mesquita Filho&#8221; (UNESP)<\/td><td>Rodrigo Giornes Torres<\/td><td width=\"208\">Prof. Dr. Aneirson Francisco da Silva; Coorientadora: Prof.\u00aa Dr.\u00aa Erica Ximenes Dias<\/td><\/tr><tr><td width=\"144\">Tese de Doutorado (Acad\u00eamico ou Profissional)<\/td><td width=\"437\">Preparedness for public health emergencies: The COVID-19 response from a vulnerabilised community in Brazil<\/td><td width=\"193\">Pontif\u00edcia Universidade Cat\u00f3lica do Rio de Janeiro &#8211; PUC-Rio<\/td><td>Amanda de Araujo Batista da Silva<\/td><td>Silvio Hamacher, Fernando Augusto Bozza, Otavio Tavares Ranzani<\/td><\/tr><tr><td width=\"144\">Artigo de sess\u00f5es tem\u00e1ticas<\/td><td width=\"437\">Integrando a Intelig\u00eancia Artificial \u00e0 Avalia\u00e7\u00e3o do Ciclo de Vida: uma Abordagem para Predi\u00e7\u00e3o de Impactos Ambientais &#8211; Estudo de Caso em Processos de Usinagem<\/td><td width=\"193\">UFSCar<\/td><td width=\"213\">Joao Victor Encide Salla<br \/>Daiane Vit\u00f3ria da Silva <br \/>Thiago Oliveira Rodrigues<br \/>Tiago Agostinho de Almeida<br \/>Diogo Aparecido Lopes Silva<\/td><td>\u00a0<\/td><\/tr><tr><td width=\"144\">Caso Empresarial<\/td><td width=\"437\">Mapeamento do fluxo de valor &#8211; uma aplica\u00e7\u00e3o no processo de compras de EPI&#8217;s<\/td><td width=\"193\">PUC &#8211; Minas<\/td><td width=\"213\">Luan Vitor Dias Dami\u00e3o<br \/>Washington Luis Moreira Braga<\/td><td>\u00a0<\/td><\/tr><tr><td width=\"144\">Workshop de P\u00f3s-Gradua\u00e7\u00e3o<\/td><td width=\"437\">APLICA\u00c7\u00c3O DE STACKING ENSEMBLE NA PREVIS\u00c3O DA VELOCIDADE DO VENTO AO LONGO DAS ESTA\u00c7\u00d5ES EMUTFPR<\/td><td width=\"193\">UTFPR<\/td><td width=\"213\">Jhonnata Novaes Pires <br \/>Vin\u00edcius Bortolini<br \/>Matheus Henrique Dal Molin RIbeiro<br \/>Erick Oliveira<br \/>Gilson Adamczuk Oliveira<\/td><td>\u00a0<\/td><\/tr><\/tbody><\/table><\/div>\n\t\t\t\t\t\t\t\t\t<div class=\"elementor-tab-title elementor-tab-mobile-title\" aria-selected=\"false\" data-tab=\"2\" role=\"tab\" tabindex=\"-1\" aria-controls=\"elementor-tab-content-1262\" aria-expanded=\"false\">2024<\/div>\n\t\t\t\t\t<div id=\"elementor-tab-content-1262\" class=\"elementor-tab-content elementor-clearfix\" data-tab=\"2\" role=\"tabpanel\" aria-labelledby=\"elementor-tab-title-1262\" tabindex=\"0\" hidden=\"hidden\"><table width=\"1195\"><tbody><tr><td width=\"144\"><strong>Categoria<\/strong><\/td><td width=\"437\"><strong>T\u00edtulo<\/strong><\/td><td width=\"193\"><strong>Institui\u00e7\u00e3o<\/strong><\/td><td width=\"213\"><strong>Autor<\/strong><\/td><td width=\"208\"><strong>Orientador<\/strong><\/td><\/tr><tr><td width=\"144\">Trabalho de Conclus\u00e3o de Curso (Pr\u00eamio Luiz Antonio Meirelles): Gradua\u00e7\u00e3o<\/td><td width=\"437\">Overall Lean &amp; Green Effectiveness Based On The Sustainable Value Stream Mapping Adapted To Agribusiness<\/td><td width=\"193\">Universidade Federal de S\u00e3o Carlos \u2013 UFSCar \u2013 Campus Sorocaba<\/td><td>Guilherme Andreazza de Freitas<\/td><td>Diogo Aparecido Lopes da Silva<\/td><\/tr><tr><td width=\"144\">Disserta\u00e7\u00e3o de Mestrado Acad\u00eamico<\/td><td width=\"437\">Net Zero Energy Public: Proposal for a Method to Transform Public Buildings into Net Zero Energy<\/td><td width=\"193\">UNISINOS<br>\u2013 Universidade do Vale do Rio dos Sinos<\/td><td>B\u00e1rbara Pisoni Bender Andrade<\/td><td>F\u00e1bio Ant\u00f4nio Sartori Piran<\/td><\/tr><tr><td width=\"144\">Disserta\u00e7\u00e3o de Mestrado Profissional<\/td><td width=\"437\">Avalia\u00e7\u00e3o Do Impacto Do Lean Manufacturing No Desempenho Da Manufatura Sustent\u00e1vel Para Suporte A Tomada De Decis\u00e3o No Setor Automotivo Brasileiro<\/td><td width=\"193\">Universidade Federal Fluminense \u2013 UFF<\/td><td>Mariana da Silva Barbosa Gama<\/td><td width=\"208\">Andrei Bonamigo<\/td><\/tr><tr><td width=\"144\">Tese de Doutorado (Acad\u00eamico ou Profissional)<\/td><td width=\"437\">Exploring Mechanisms as Boundary Objects for Connecting Design with Science in Operations Management Research<\/td><td width=\"193\">UNISINOS -Universidade do Vale do Rio dos Sinos<\/td><td>Leandro Gauss<\/td><td>Daniel Pacheco Lacerda<\/td><\/tr><tr><td width=\"144\">Artigo de sess\u00f5es tem\u00e1ticas<\/td><td width=\"437\">Qualidade 4.0: Uma an\u00e1lise descritiva e explorat\u00f3ria do contexto atual<\/td><td width=\"193\">Unifei<\/td><td width=\"213\">Marcela Xavier Tereza De Mello, Carlos Henrique Pereira Mello, Victor Eduardo De Mello Valerio, Maria Aparecida Barbosa Viam<\/td><td>&nbsp;<\/td><\/tr><tr><td width=\"144\">Caso Empresarial<\/td><td width=\"437\">Design Para Manufatura Econ\u00f4mica<\/td><td width=\"193\">Bruning e Unisinos<\/td><td width=\"213\">Leandro Gauss, L\u00facio Cantarelli Noal, Maria Isabel Wolf Motta Morandi<\/td><td>&nbsp;<\/td><\/tr><tr><td width=\"144\">Workshop de P\u00f3s-Gradua\u00e7\u00e3o<\/td><td width=\"437\">Transforming financial performance in ESG score: A DEA Efficiency Analysis in Brazilian Sustainability Index Amidst Crisis<\/td><td width=\"193\">USP, UFU e IFMG<\/td><td width=\"213\">\u00cdcaro Guilherme F\u00e9lix da Cunha, Giovana Degaspari Pinto, Etienne Cardoso Abdala, Renata Veloso Santos Policarpo e Daisy Aparecida do Nascimento Rebelatto<\/td><td>&nbsp;<\/td><\/tr><\/tbody><\/table><\/div>\n\t\t\t\t\t\t\t\t\t<div class=\"elementor-tab-title elementor-tab-mobile-title\" aria-selected=\"false\" data-tab=\"3\" role=\"tab\" tabindex=\"-1\" aria-controls=\"elementor-tab-content-1263\" aria-expanded=\"false\">2023<\/div>\n\t\t\t\t\t<div id=\"elementor-tab-content-1263\" class=\"elementor-tab-content elementor-clearfix\" data-tab=\"3\" role=\"tabpanel\" aria-labelledby=\"elementor-tab-title-1263\" tabindex=\"0\" hidden=\"hidden\"><table width=\"1195\"><tbody><tr><td width=\"144\"><strong>Categoria<\/strong><\/td><td width=\"437\"><strong>T\u00edtulo<\/strong><\/td><td width=\"193\"><strong>Institui\u00e7\u00e3o<\/strong><\/td><td width=\"213\"><strong>Autor<\/strong><\/td><td width=\"208\"><strong>Orientador<\/strong><\/td><\/tr><tr><td width=\"144\">Trabalho de Conclus\u00e3o de Curso (Pr\u00eamio Luiz Antonio Meirelles): Gradua\u00e7\u00e3o\u00a0<\/td><td width=\"437\"><a href=\"https:\/\/drive.google.com\/open?id=1Xv3lJjuMVcSbohbI-q68gAa2zgYDC64q\" target=\"_blank\" rel=\"noopener\"><span style=\"color: #3366ff;\">Uso da ferramenta HFMEA para gest\u00e3o de risco em sa\u00fade<\/span><\/a><\/td><td width=\"193\">Universidade<br \/>Federal do Rec\u00f4ncavo da Bahia\u00a0<\/td><td>ANDRESSA<br \/>CLARA BARBOSA DE ARAUJO<\/td><td>Cristiane Agra Pimentel<\/td><\/tr><tr><td width=\"144\">Disserta\u00e7\u00e3o de Mestrado Acad\u00eamico<\/td><td width=\"437\"><p><a href=\"https:\/\/drive.google.com\/open?id=1nPKM4v4dLxOmmZA1x5E-sRGKm-3gwSF5\" target=\"_blank\" rel=\"noopener\"><span style=\"color: #3366ff;\">GERA\u00c7\u00c3O DE VALOR A PARTIR DO AMBIENTE DIGITAL: An\u00e1lise explorat\u00f3ria e Design Patterns para o Processo de Monetiza\u00e7\u00e3o de Dados<\/span><\/a><\/p><\/td><td width=\"193\">UNISINOS<br \/>\u2013 Universidade do Vale do Rio dos Sinos<\/td><td>Mariana<br \/>Paim Machado<\/td><td>Daniel<br \/>Pacheco Lacerda<\/td><\/tr><tr><td width=\"144\">Disserta\u00e7\u00e3o de Mestrado Profissional<\/td><td width=\"437\"><a href=\"https:\/\/drive.google.com\/open?id=1YeM_v-Cqsm-5uErYEdjsY8z6BY2wwie7\" target=\"_blank\" rel=\"noopener\"><span style=\"color: #3366ff;\">Aplica\u00e7\u00e3o de t\u00e9cnicas de Lean Transportation para reduzir desperd\u00edcios na ind\u00fastria offshore: uma pesquisa-a\u00e7\u00e3o<\/span><\/a><\/td><td width=\"193\">Pontif\u00edcia<br \/>Universidade Cat\u00f3lica do Rio de Janeiro \u2013 PUC-Rio<\/td><td>Joici<br \/>Mendon\u00e7a Muniz Gomes<\/td><td width=\"208\">Rodrigo<br \/>Goyannes Gusm\u00e3o Caiado, Taciana Mareth<\/td><\/tr><tr><td width=\"144\">Tese de Doutorado<\/td><td width=\"437\"><a href=\"https:\/\/drive.google.com\/open?id=1JmN39Rq3VQLaDjz-MP5P198MOdn9p5-I\" target=\"_blank\" rel=\"noopener\"><span style=\"color: #3366ff;\">Contribui\u00e7\u00f5es para novas variantes do problema de programa\u00e7\u00e3o da produ\u00e7\u00e3o open shop: modelagem e m\u00e9todos de solu\u00e7\u00e3o (Contributions to new variants of the open shop scheduling problem: modeling and solution methods<\/span><\/a><\/td><td width=\"193\">Universidade<br \/>de S\u00e3o Paulo (USP) \u2013 Escola de Engenharia de S\u00e3o Carlos (EESC) \u2013 Programa de<br \/>P\u00f3s-Gradua\u00e7\u00e3o em Engenharia de Produ\u00e7\u00e3o<\/td><td>Levi<br \/>Ribeiro de Abreu<\/td><td>Marcelo<br \/>Seido Nagano<\/td><\/tr><tr><td width=\"144\">Artigo de sess\u00f5es tem\u00e1ticas<\/td><td width=\"437\"><a href=\"https:\/\/www.abepro.org.br\/biblioteca\/TN_ST_400_1966_45908.pdf\"><span style=\"color: #3366ff;\">MODELO CONCEITUAL DA LOG\u00cdSTICA REVERSA DE RES\u00cdDUOS DE EQUIPAMENTOS ELETROELETR\u00d4NICOS PARA PROMOVER ECONOMIA CIRCULAR<\/span><\/a><\/td><td width=\"193\">FEI,<br \/>UNINOVE e Universidade de Aveiro<\/td><td width=\"213\">Flavio<br \/>Luiz Rodrigues<br \/>Auro de Jesus Cardoso Correia<br \/>Geraldo Cardoso de Oliveira Neto<br \/>Marlene Amorim<\/td><td>\u00a0<\/td><\/tr><tr><td width=\"144\">Caso Empresarial<\/td><td width=\"437\"><a href=\"https:\/\/www.abepro.org.br\/biblioteca\/TCE_402_1978_45816.pdf\" target=\"_blank\" rel=\"noopener\"><span style=\"color: #3366ff;\">UMA AN\u00c1LISE DOS IMPACTOS DAS POL\u00cdTICAS P\u00daBLICAS SOBRE A SATISFA\u00c7\u00c3O DOS CLIENTES DO SETOR EL\u00c9TRICO BRASILEIRO<\/span><\/a><\/td><td width=\"193\">UFSCar<\/td><td width=\"213\">Patr\u00edcia<br \/>Verdolin Benedito<br \/>Pedro Carlos Oprime<br \/>JULIANO ENDRIGO SORDAN<\/td><td>\u00a0<\/td><\/tr><tr><td width=\"144\">Workshop de P\u00f3s-Gradua\u00e7\u00e3o<\/td><td width=\"437\"><a href=\"https:\/\/www.abepro.org.br\/biblioteca\/TN_WPG_407_2007_45914.pdf\" target=\"_blank\" rel=\"noopener\"><span style=\"color: #3366ff;\">AVALIA\u00c7\u00c3O DA CONTRIBUI\u00c7\u00c3O \u00c0 SUSTENTABILIDADE DE UM SISTEMA PRODUTO-SERVI\u00c7O SUSTENT\u00c1VEL: ESTUDO DE CASO EM OFERTA DE LOCKERS INTELIGENTES<\/span><\/a><\/td><td width=\"193\">UFRGS<\/td><td width=\"213\">Bruna<br \/>Borin, Nat\u00e1lia Maciel Tocchetto ,<br \/>MARIA AUXILIADORA CANNAROZZO TINOCO e M\u00e1rcia Elisa Soares Echeveste Fontainha<\/td><td>\u00a0<\/td><\/tr><\/tbody><\/table><\/div>\n\t\t\t\t\t\t\t\t\t<div class=\"elementor-tab-title elementor-tab-mobile-title\" aria-selected=\"false\" data-tab=\"4\" role=\"tab\" tabindex=\"-1\" aria-controls=\"elementor-tab-content-1264\" aria-expanded=\"false\">2022<\/div>\n\t\t\t\t\t<div id=\"elementor-tab-content-1264\" class=\"elementor-tab-content elementor-clearfix\" data-tab=\"4\" role=\"tabpanel\" aria-labelledby=\"elementor-tab-title-1264\" tabindex=\"0\" hidden=\"hidden\"><table width=\"1195\"><tbody><tr><td width=\"144\"><strong>Categoria<\/strong><\/td><td width=\"437\"><strong>T\u00edtulo<\/strong><\/td><td width=\"193\"><strong>Institui\u00e7\u00e3o<\/strong><\/td><td width=\"213\"><strong>Autor<\/strong><\/td><td width=\"208\"><strong>Orientador<\/strong><\/td><\/tr><tr><td width=\"144\">Trabalho de Conclus\u00e3o de Curso\u00a0<\/td><td width=\"437\"><a href=\"https:\/\/drive.google.com\/file\/d\/1673H3uWSdhImuSoi-Y2xEaMOnIbgfh_1\/view\" target=\"_blank\" rel=\"noopener\"><span style=\"color: #3366ff;\">An\u00e1lise Sist\u00eamica Da Cadeia De Suprimentos De Hemocomponentes\u00a0<\/span><\/a><\/td><td width=\"193\">Universidade do Vale do Rio dos Sinos \u2013 Unisinos<\/td><td>Lucas Gon\u00e7alves Viviani<\/td><td>Maria Isabel Wolf Motta Morandi<\/td><\/tr><tr><td width=\"144\">Disserta\u00e7\u00e3o de Mestrado Acad\u00eamico<\/td><td width=\"437\"><a href=\"https:\/\/drive.google.com\/file\/d\/1w5Ev1iq1h4sWr49KllMUFbSwqqgeILdm\/view\" target=\"_blank\" rel=\"noopener\"><span style=\"color: #3366ff;\">Public-private\u00a0 partnership (PPP): an investigation into procurement and risk management, and the\u00a0 arm-wrestling between the public and private sectors<\/span><\/a><\/td><td width=\"193\">Universidade de S\u00e3o Paulo \u2013 Poli<\/td><td>Rafael Rossi Buzzetto<\/td><td>Marly Monteiro de Carvalho<\/td><\/tr><tr><td width=\"144\">Disserta\u00e7\u00e3o de Mestrado Profissional<\/td><td width=\"437\"><a href=\"https:\/\/repositorio.unesp.br\/handle\/11449\/216851\" target=\"_blank\" rel=\"noopener\"><span style=\"color: #3366ff;\">Cultura Organizacional e sua Influ\u00eancia no Compartilhamento de Conhecimento: o Caso Toyota Brasil e China<\/span><\/a><\/td><td width=\"193\">Universidade Estadual Paulista \u201cJ\u00falio de Mesquita Filho\u201d \u2013 UNESP \u2013 Guaratinguet\u00e1<\/td><td>Alessandro Jos\u00e9 Sacho<\/td><td width=\"208\">Jorge Muniz Junior; <br \/>Gislaine Cristina Batistela<\/td><\/tr><tr><td width=\"144\">Tese de Doutorado<\/td><td width=\"437\"><a href=\"https:\/\/drive.google.com\/open?id=1f8EGw-Ulva1TP6p5eZR9c2anHBAr0tyN\" target=\"_blank\" rel=\"noopener\"><span style=\"color: #3366ff;\">A Decision Support Framework For Digitalization And Sustainability Of Operations And Supply Chain Management Aligned With The 2030 Agenda<\/span><\/a><\/td><td width=\"193\">Universidade Federal Fluminense \u2013 UFF<\/td><td>Rodrigo Goyannes Gusm\u00e3o Caiado<\/td><td>Osvaldo Luiz Gon\u00e7alves Quelhas<\/td><\/tr><tr><td width=\"144\">Artigo<\/td><td width=\"437\"><a href=\"https:\/\/www.abepro.org.br\/biblioteca\/TN_ST_391_1940_43502.pdf\" target=\"_blank\" rel=\"noopener\"><span style=\"color: #3366ff;\">Rigor metodol\u00f3gico em estudos de caso na engenharia de produ\u00e7\u00e3o: uma an\u00e1lise de duas d\u00e9cadas de pesquisa emp\u00edrica<\/span><\/a><\/td><td width=\"193\">Unisinos, UFSC e Universidade Melbourne<\/td><td width=\"213\">Jaqueline Abreu, Thayla Zomer, Paulo Cauchick, Guilherme Tortorello e F\u00e1bio Piran<\/td><td>\u00a0<\/td><\/tr><tr><td width=\"144\">Caso Empresarial<\/td><td width=\"437\"><span style=\"color: #3366ff;\"><a style=\"color: #3366ff;\" href=\"https:\/\/www.abepro.org.br\/biblioteca\/TCE_389_1931_43125.pdf\" target=\"_blank\" rel=\"noopener\">Aplica\u00e7\u00e3o De Regras De Associa\u00e7\u00e3o Para Identifica\u00e7\u00e3o De Padr\u00f5es De Ocorr\u00eancia Em Acidentes Do Trabalho<\/a><\/span><\/td><td width=\"193\">Universidade do Vale do Rio dos Sinos \u2013 Unisinos<\/td><td width=\"213\">Rodrigo Frank de Souza Gomes, Leandro Gauss\u00a0<\/td><td>\u00a0<\/td><\/tr><tr><td width=\"144\">Workshop de P\u00f3s-Gradua\u00e7\u00e3o<\/td><td width=\"437\"><a href=\"https:\/\/www.abepro.org.br\/biblioteca\/TN_WPG_382_1886_45006.pdf\" target=\"_blank\" rel=\"noopener\"><span style=\"color: #3366ff;\">Gest\u00e3o De Estoques De Suprimentos De Al\u00edvio De Desastres Considerando O Custo De Priva\u00e7\u00e3o<\/span><\/a><\/td><td width=\"193\">PUC-Rio, UFRJ e UNESP<\/td><td width=\"213\">Maria Ang\u00e9lica da Silva, Adriana Leiras, Tharcisio Fontainha e Irineu Brito Jr<\/td><td>\u00a0<\/td><\/tr><\/tbody><\/table><\/div>\n\t\t\t\t\t\t\t\t\t<div class=\"elementor-tab-title elementor-tab-mobile-title\" aria-selected=\"false\" data-tab=\"5\" role=\"tab\" tabindex=\"-1\" aria-controls=\"elementor-tab-content-1265\" aria-expanded=\"false\">2021<\/div>\n\t\t\t\t\t<div id=\"elementor-tab-content-1265\" class=\"elementor-tab-content elementor-clearfix\" data-tab=\"5\" role=\"tabpanel\" aria-labelledby=\"elementor-tab-title-1265\" tabindex=\"0\" hidden=\"hidden\"><table width=\"851\"><tbody><tr><td width=\"221\"><strong>Autores<\/strong><\/td><td width=\"134\"><strong>\u00a0Orientador<\/strong><\/td><td width=\"70\"><strong>Institui\u00e7\u00e3o<\/strong><\/td><td width=\"173\"><strong>Categorias<\/strong><\/td><td width=\"253\"><strong>Trabalho<\/strong><\/td><\/tr><tr><td>Nathalie Sanghikian<\/td><td width=\"134\">Rafael Martinelli Pinto<\/td><td>PUC-Rio<\/td><td width=\"173\">Disserta\u00e7\u00e3o Mestrado Profissional<\/td><td width=\"253\"><span style=\"color: #3366ff;\"><a style=\"color: #3366ff;\" href=\"https:\/\/portal.abepro.org.br\/abepro2024\/wp-content\/uploads\/2021\/10\/Disserta\u00e7ao-Mestrado-Profissional-Logistica_-Nathalie-Sanghikian.pdf\">Matheuristics for Multi-Product Maritime Inventory Routing Problems<\/a><\/span><\/td><\/tr><tr><td>Laura Visintainer Lerman<\/td><td width=\"134\">\u00a0Alejandro Germ\u00e1n Frank<\/td><td>UFRGS<\/td><td width=\"173\">Disserta\u00e7\u00e3o de Mestrado Acad\u00eamico<\/td><td width=\"253\"><span style=\"color: #3366ff;\"><a style=\"color: #3366ff;\" href=\"https:\/\/portal.abepro.org.br\/abepro2024\/wp-content\/uploads\/2021\/10\/Disserta\u00e7\u00e3o-Laura-Visintainer-Lerman.pdf\">Determinants of Renewable Energy Systems: triple helix and triple bottom line as key development factors<\/a><\/span><\/td><\/tr><tr><td>Isadora de Almeida<\/td><td width=\"134\">Alvaro Neuenfeldt J\u00fanior<\/td><td>UFSM<\/td><td width=\"173\">Trabalho de Conclus\u00e3o de Curso<\/td><td width=\"253\"><span style=\"color: #3366ff;\"><a style=\"color: #3366ff;\" href=\"https:\/\/portal.abepro.org.br\/abepro2024\/wp-content\/uploads\/2021\/10\/2.-TCC-Isadora-de-Almeida.pdf\">A APLICA\u00c7\u00c3O DE TECNOLOGIAS DISRUPTIVAS NA CAPACIDADE PREDITIVA DA CADEIA DE SUPRIMENTOS<\/a><\/span><\/td><\/tr><tr><td>Alexandre Fonseca Torres<\/td><td width=\"134\">Pedro Paulo Balestrassi<\/td><td>UNIFEI<\/td><td width=\"173\">Tese de Doutorado<\/td><td width=\"253\"><span style=\"color: #3366ff;\"><a style=\"color: #3366ff;\" href=\"https:\/\/portal.abepro.org.br\/abepro2024\/wp-content\/uploads\/2021\/10\/04_TeseDoutoradoAlexandre.pdf\">Multivariate chance-constrained method applied in multi-objective optimization problems of manufacturing processes<\/a><\/span><\/td><\/tr><tr><td width=\"221\">Rodrigo A. Flausino Peron, Ana Carolina Neves Carnelossi, Giovane Calegari, Rafael Henrique Palma Lima e Gislaine Camila Lapasini Leal<\/td><td width=\"134\">\u00a0<\/td><td width=\"70\">\u00a0<\/td><td width=\"173\">Artigo<\/td><td width=\"253\"><span style=\"color: #3366ff;\"><a style=\"color: #3366ff;\" href=\"http:\/\/www.abepro.org.br\/biblioteca\/TN_STO_356_1835_42230.pdf\">Modelo de maximiza\u00e7\u00e3o de lucros em campanhas de divulga\u00e7\u00e3o para supermercados<\/a><\/span><\/td><\/tr><\/tbody><\/table><\/div>\n\t\t\t\t\t\t\t\t\t<div class=\"elementor-tab-title elementor-tab-mobile-title\" aria-selected=\"false\" data-tab=\"6\" role=\"tab\" tabindex=\"-1\" aria-controls=\"elementor-tab-content-1266\" aria-expanded=\"false\">2020<\/div>\n\t\t\t\t\t<div id=\"elementor-tab-content-1266\" class=\"elementor-tab-content elementor-clearfix\" data-tab=\"6\" role=\"tabpanel\" aria-labelledby=\"elementor-tab-title-1266\" tabindex=\"0\" hidden=\"hidden\"><table width=\"834\"><tbody><tr><td width=\"144\"><strong>Autor<\/strong><\/td><td width=\"72\"><strong>Institui\u00e7\u00e3o<\/strong><\/td><td width=\"228\"><strong>Modalidade<\/strong><\/td><td width=\"390\"><strong>T\u00edtulo<\/strong><\/td><\/tr><tr><td>Marina Weil Afonso<\/td><td>Puc-Rio<\/td><td width=\"228\">Disserta\u00e7\u00e3o Mestrado Profissional<\/td><td width=\"390\">Simula\u00e7\u00e3o aplicada na log\u00edstica de forma\u00e7\u00e3o de carga de derivado de petr\u00f3leo para embarque mar\u00edtimo<\/td><\/tr><tr><td>Leandro Gauss<\/td><td>Unisinos<\/td><td width=\"228\">Disserta\u00e7\u00e3o de Mestrado Acad\u00eamico<\/td><td width=\"390\">MARKET-DRIVEN MODULARITY: An Integrated Method to Conceptually Design Modular Product Families<\/td><\/tr><tr><td>Amanda Duarte Feitosa<\/td><td>URCA<\/td><td width=\"228\">Trabalho de Conclus\u00e3o de Curso<\/td><td width=\"390\">Lean Six Sigma e a ind\u00fastria 4.0 na otimiza\u00e7\u00e3o de processos produtivos<\/td><\/tr><tr><td>Giancarlo \u00c1quila<\/td><td>UNIFEI<\/td><td width=\"228\">Tese de Doutorado<\/td><td width=\"390\">Contribui\u00e7\u00e3o para o processo de contrata\u00e7\u00e3o de projetos de gera\u00e7\u00e3o e\u00f3lico-fotovoltaica a partir da an\u00e1lise econ\u00f4mica de decis\u00f5es baseada na programa\u00e7\u00e3o multiobjetivo<\/td><\/tr><\/tbody><\/table><\/div>\n\t\t\t\t\t\t\t\t\t<div class=\"elementor-tab-title elementor-tab-mobile-title\" aria-selected=\"false\" data-tab=\"7\" role=\"tab\" tabindex=\"-1\" aria-controls=\"elementor-tab-content-1267\" aria-expanded=\"false\">2019<\/div>\n\t\t\t\t\t<div id=\"elementor-tab-content-1267\" class=\"elementor-tab-content elementor-clearfix\" data-tab=\"7\" role=\"tabpanel\" aria-labelledby=\"elementor-tab-title-1267\" tabindex=\"0\" hidden=\"hidden\"><table width=\"932\"><tbody><tr><td width=\"183\"><strong>Autores<\/strong><\/td><td width=\"92\"><strong>Institui\u00e7\u00e3o&nbsp;<\/strong><\/td><td width=\"192\"><strong>Modalidade<\/strong><\/td><td width=\"465\"><strong>T\u00edtulo<\/strong><\/td><\/tr><tr><td width=\"183\">Lucas Guedes de Oliveira<\/td><td width=\"92\">UNIFEI<\/td><td width=\"192\">Disserta\u00e7\u00e3o de Mestrado Acad\u00eamico<\/td><td width=\"465\">FUNDAMENTOS DA METODOLOGIA DE SUPERF\u00cdCIE DE RESPOSTA E SUAS APLICA\u00c7\u00d5ES EM MANUFATURA AVAN\u00c7ADA: UMA AN\u00c1LISE CR\u00cdTICA<\/td><\/tr><tr><td width=\"183\">Rodrigo Ferreira Bertoloto<\/td><td width=\"92\">PUC-Rio<\/td><td width=\"192\">Disserta\u00e7\u00e3o Mestrado Profissional<\/td><td width=\"465\">Previs\u00e3o de fretes de navios petroleiros<br>no mercado spot<\/td><\/tr><tr><td width=\"183\">M\u00e1rcio Gon\u00e7alves dos Santos<\/td><td width=\"92\">UFSCar<\/td><td width=\"192\">Tese de Doutorado<\/td><td width=\"465\">MECANISMOS PARA RESILI\u00caNCIA NA CADEIA DE SUPRIMENTOS: UMA AN\u00c1LISE SOB A \u00d3TICA DA IND\u00daSTRIA PROCESSADORA DE CARNES<\/td><\/tr><tr><td width=\"183\">Eduardo Mazzuco Rodrigues<\/td><td width=\"92\">UNISINOS<\/td><td width=\"192\">Trabalho Conclus\u00e3o de Curso<\/td><td width=\"465\">PREDI\u00c7\u00c3O DE VIOLA\u00c7\u00c3O DO SLA E MINERA\u00c7\u00c3O DE DADOS DE PROCESSO DE HELP DESK EM UMA EMPRESA MULTINACIONAL DE SOFTWARE<\/td><\/tr><tr><td width=\"183\">Jessika Tain\u00e1 Selba da Silva, Maria Creuza Borges de Ara\u00fajo, Ingrid Braz de Sousa, Williane de Oliveira Silva Soares, Rafael de Azevedo Palhares<\/td><td width=\"92\">&nbsp;<\/td><td width=\"192\">Artigo em formato de apresenta\u00e7\u00e3o oral (ENEGEP)<\/td><td width=\"465\">ROTEIRIZA\u00c7\u00c3O DE VE\u00cdCULOS: ESTUDO DE CASO EM UMA IND\u00daSTRIA DE LATIC\u00cdNIOS SITUADA NO RIO GRANDE DO NORTE<\/td><\/tr><tr><td width=\"183\">Hernani Mazier Junior, Gabriela Azevedo Motta, Gabriela Vilas Boas Pini<\/td><td width=\"92\">USP<\/td><td width=\"192\">Artigo em formato de p\u00f4ster<\/td><td width=\"465\">IMPACTOS DA IMPLEMENTA\u00c7\u00c3O DE KPI\u00b4S LOG\u00cdSTICOS EM UMA USINA SUCROENERG\u00c9TICA DO INTERIOR DO ESTADO DE S\u00c3O PAULO<\/td><\/tr><\/tbody><\/table><\/div>\n\t\t\t\t\t\t\t\t\t<div class=\"elementor-tab-title elementor-tab-mobile-title\" aria-selected=\"false\" data-tab=\"8\" role=\"tab\" tabindex=\"-1\" aria-controls=\"elementor-tab-content-1268\" aria-expanded=\"false\">2018<\/div>\n\t\t\t\t\t<div id=\"elementor-tab-content-1268\" class=\"elementor-tab-content elementor-clearfix\" data-tab=\"8\" role=\"tabpanel\" aria-labelledby=\"elementor-tab-title-1268\" tabindex=\"0\" hidden=\"hidden\"><table width=\"859\"><tbody><tr><td width=\"221\"><strong>Autor<\/strong><\/td><td width=\"96\"><strong>Institui\u00e7\u00e3o<\/strong><\/td><td width=\"241\"><strong>&nbsp;Modalidade<\/strong><\/td><td width=\"301\"><strong>Trabalho<\/strong><\/td><\/tr><tr><td>Pedro Nascimento de Lima<\/td><td>UNISINOS<\/td><td width=\"241\">Disserta\u00e7\u00e3o de mestrado acad\u00eamico<\/td><td width=\"301\">Avalia\u00e7\u00e3o de Decis\u00f5es Estrat\u00e9gicas sob Incerteza Profunda na Ind\u00fastria da Manufatura Aditiva: Uma An\u00e1lise a partir do m\u00e9todo Robust Decision Making (RDM)<\/td><\/tr><tr><td>BRUNO ALEXANDRE BARREIROS ROSA<\/td><td>PUC-Rio<\/td><td width=\"241\">Disserta\u00e7\u00e3o de mestrado profissional<\/td><td width=\"301\">Uma Metodologia para Roteamento de Ve\u00edculos Escolares Utilizando Sistemas de Informa\u00e7\u00e3o Geogr\u00e1fica<\/td><\/tr><tr><td>FL\u00c1VIO ISSAO KUBOTA<\/td><td width=\"96\">UFSC<\/td><td width=\"241\">Tese de Doutorado<\/td><td width=\"301\">MODULARITY IN DESIGN AND MODULARITY IN PRODUCTION: AN ANALYSIS THROUGH A THEORETICAL FRAMEWORK AND A FIELD INVESTIGATION IN TWO AUTOMAKERS<\/td><\/tr><tr><td>Roberto Donizeti Leme J\u00fanior<\/td><td>&nbsp;UFSCAR-Sorocaba<\/td><td width=\"241\">Trabalho de Conclus\u00e3o de Curso de Gradua\u00e7\u00e3o<\/td><td width=\"301\">Ecoefici\u00eancia numa ind\u00fastria metal mec\u00e2nica da regi\u00e3o de Campinas\/SP: redu\u00e7\u00e3o do tempo de setup e Pegada de Carbono<\/td><\/tr><\/tbody><\/table><\/div>\n\t\t\t\t\t\t\t\t\t<div class=\"elementor-tab-title elementor-tab-mobile-title\" aria-selected=\"false\" data-tab=\"9\" role=\"tab\" tabindex=\"-1\" aria-controls=\"elementor-tab-content-1269\" aria-expanded=\"false\">2017<\/div>\n\t\t\t\t\t<div id=\"elementor-tab-content-1269\" class=\"elementor-tab-content elementor-clearfix\" data-tab=\"9\" role=\"tabpanel\" aria-labelledby=\"elementor-tab-title-1269\" tabindex=\"0\" hidden=\"hidden\"><table width=\"828\"><tbody><tr><td width=\"221\"><strong>Autor<\/strong><\/td><td width=\"96\"><strong>Institui\u00e7\u00e3o<\/strong><\/td><td width=\"241\"><strong>&nbsp;Modalidade<\/strong><\/td><td width=\"270\"><strong>Trabalho<\/strong><\/td><\/tr><tr><td>Alfredo Daniel Moreno Arteaga<\/td><td width=\"96\">UFSCAR-Sorocaba<\/td><td>Disserta\u00e7\u00e3o de mestrado acad\u00eamico<\/td><td width=\"270\">LOCALIZA\u00c7\u00c3O DE CENTROS DE AUX\u00cdLIO E DISTRIBUI\u00c7\u00c3O DE SUPRIMENTOS EM OPERA\u00c7\u00d5ES DE RESPOSTAS A DESASTRES<\/td><\/tr><tr><td>Carlos Eduardo Klein<\/td><td>PUCPR<\/td><td>Tese de Doutorado<\/td><td width=\"270\">NOVAS METAHEUR\u00cdSTICAS BIO-INSPIRADAS APLICADAS EM OTIMIZA\u00c7\u00c3O CONT\u00cdNUA MONO-OBJETO<\/td><\/tr><tr><td>Eduardo Werner Benvenuti<\/td><td>UFSC<\/td><td width=\"241\">Trabalho de Conclus\u00e3o de Curso de Gradua\u00e7\u00e3o<\/td><td width=\"270\">AVALIA\u00c7\u00c3O DA EFICI\u00caNCIA T\u00c9CNICA DE UNIDADES B\u00c1SICAS DE SA\u00daDE EM UM MUN\u00cdCIPIO DE M\u00c9DIO PORTE DE SANTA CATARINA<\/td><\/tr><\/tbody><\/table><\/div>\n\t\t\t\t\t\t\t\t\t<div class=\"elementor-tab-title elementor-tab-mobile-title\" aria-selected=\"false\" data-tab=\"10\" role=\"tab\" tabindex=\"-1\" aria-controls=\"elementor-tab-content-12610\" aria-expanded=\"false\">2016<\/div>\n\t\t\t\t\t<div id=\"elementor-tab-content-12610\" class=\"elementor-tab-content elementor-clearfix\" data-tab=\"10\" role=\"tabpanel\" aria-labelledby=\"elementor-tab-title-12610\" tabindex=\"0\" hidden=\"hidden\"><table width=\"835\"><tbody><tr><td width=\"221\"><strong>Autor<\/strong><\/td><td width=\"241\"><strong>&nbsp;Modalidade<\/strong><\/td><td width=\"373\"><strong>&nbsp;T\u00edtulo<\/strong><\/td><\/tr><tr><td>Pedro Nascimento de Lima<\/td><td width=\"241\">Trabalho de Conclus\u00e3o de Curso de Gradua\u00e7\u00e3o<\/td><td width=\"373\">Problem Structuring Methods: Uma Revis\u00e3o de M\u00e9todos Para a Abordagem de Situa\u00e7\u00f5es Complexas<\/td><\/tr><tr><td>Andr\u00e9a Regina Nunes de Carvalho<\/td><td>Tese de Doutorado<\/td><td width=\"373\">Tactical capacity planning in na ETO production setting using optimization models: A real-world industrial context<\/td><\/tr><tr><td>Luis de Oliveira Nascimento<\/td><td>&nbsp;Disserta\u00e7\u00e3o de Mestrado Profissional<\/td><td width=\"373\">Fatores que Influenciam a Flexibilidade da Produ\u00e7\u00e3o de Ve\u00edculos Comerciais<\/td><\/tr><tr><td>C\u00e1tia Michele Tondolo<\/td><td>&nbsp;Disserta\u00e7\u00e3o de Mestrado Acad\u00eamico<\/td><td width=\"373\">&nbsp;Gr\u00e1ficos de Controle para Dados do Tipo Taxas e Propor\u00e7\u00f5es Autocorrelacionados<\/td><\/tr><\/tbody><\/table><\/div>\n\t\t\t\t\t\t\t\t\t<div class=\"elementor-tab-title elementor-tab-mobile-title\" aria-selected=\"false\" data-tab=\"11\" role=\"tab\" tabindex=\"-1\" aria-controls=\"elementor-tab-content-12611\" aria-expanded=\"false\">2015<\/div>\n\t\t\t\t\t<div id=\"elementor-tab-content-12611\" class=\"elementor-tab-content elementor-clearfix\" data-tab=\"11\" role=\"tabpanel\" aria-labelledby=\"elementor-tab-title-12611\" tabindex=\"0\" hidden=\"hidden\"><table width=\"757\"><tbody><tr><td width=\"121\"><strong>Autor<\/strong><\/td><td width=\"117\"><strong>Institui\u00e7\u00e3o<\/strong><\/td><td width=\"183\"><strong>Modalidade<\/strong><\/td><td width=\"336\"><strong>T\u00edtulo<\/strong><\/td><\/tr><tr><td width=\"121\">Mariana Monteiro Ushizima<\/td><td width=\"117\">UNESP- Guaratinguet\u00e1<\/td><td width=\"183\">Trabalho de conclus\u00e3o de curso de Gradua\u00e7\u00e3o<\/td><td width=\"336\">Resolu\u00e7\u00e3o do problema de sequenciamento de m\u00faltiplas linhas de montagem de modelos mistos em abiente de produ\u00e7\u00e3o enxuta<\/td><\/tr><tr><td width=\"121\">Fabio Antonio Sartori Piran<\/td><td width=\"117\">UNISINOS<\/td><td width=\"183\">Disserta\u00e7\u00e3o de Mestrado Acad\u00eamico<\/td><td width=\"336\">Modulariza\u00e7\u00e3o de produto e os efeitos sobre a efici\u00eancia t\u00e9cnica: Uma avalia\u00e7\u00e3o em uma fabricante de \u00f4nibus<\/td><\/tr><\/tbody><\/table><\/div>\n\t\t\t\t\t\t\t<\/div>\n\t\t<\/div>\n\t\t\t\t\t\t<\/div>\n\t\t\t\t<\/div>\n\t\t\t\t\t<\/div>\n\t\t\t\t<\/div>\n\t\t\t\t<\/div>\n\t\t","protected":false},"excerpt":{"rendered":"<p>O Pr\u00eamio ABEPRO \u00e9 uma premia\u00e7\u00e3o dedicada a reconhecer os melhores trabalhos de estudantes em n\u00edvel de gradua\u00e7\u00e3o e p\u00f3s-gradua\u00e7\u00e3o, que \u00e9 entregue durante a realiza\u00e7\u00e3o do evento Encontro Nacional de Engenharia de Produ\u00e7\u00e3o \u2013 ENEGEP. A cada ano \u00e9 disponibilizado um edital para que as Institui\u00e7\u00f5es de Ensino e\/ou professores(as)\/orientadores(as) associados \u00e0 ABEPRO possam [&hellip;]<\/p>\n","protected":false},"author":1,"featured_media":0,"parent":0,"menu_order":0,"comment_status":"closed","ping_status":"closed","template":"","meta":{"footnotes":""},"class_list":["post-24","page","type-page","status-publish","hentry"],"_links":{"self":[{"href":"https:\/\/portal.abepro.org.br\/abepro2025\/wp-json\/wp\/v2\/pages\/24","targetHints":{"allow":["GET"]}}],"collection":[{"href":"https:\/\/portal.abepro.org.br\/abepro2025\/wp-json\/wp\/v2\/pages"}],"about":[{"href":"https:\/\/portal.abepro.org.br\/abepro2025\/wp-json\/wp\/v2\/types\/page"}],"author":[{"embeddable":true,"href":"https:\/\/portal.abepro.org.br\/abepro2025\/wp-json\/wp\/v2\/users\/1"}],"replies":[{"embeddable":true,"href":"https:\/\/portal.abepro.org.br\/abepro2025\/wp-json\/wp\/v2\/comments?post=24"}],"version-history":[{"count":31,"href":"https:\/\/portal.abepro.org.br\/abepro2025\/wp-json\/wp\/v2\/pages\/24\/revisions"}],"predecessor-version":[{"id":6504,"href":"https:\/\/portal.abepro.org.br\/abepro2025\/wp-json\/wp\/v2\/pages\/24\/revisions\/6504"}],"wp:attachment":[{"href":"https:\/\/portal.abepro.org.br\/abepro2025\/wp-json\/wp\/v2\/media?parent=24"}],"curies":[{"name":"wp","href":"https:\/\/api.w.org\/{rel}","templated":true}]}}