{"id":26,"date":"2024-05-23T13:14:53","date_gmt":"2024-05-23T13:14:53","guid":{"rendered":"https:\/\/portal.abepro.org.br\/abepro2025\/?page_id=26"},"modified":"2025-08-14T00:43:28","modified_gmt":"2025-08-14T00:43:28","slug":"abj","status":"publish","type":"page","link":"https:\/\/portal.abepro.org.br\/abepro2025\/abj\/","title":{"rendered":"ABJ"},"content":{"rendered":"\t\t<div data-elementor-type=\"wp-page\" data-elementor-id=\"26\" class=\"elementor elementor-26\" data-elementor-post-type=\"page\">\n\t\t\t\t<div class=\"elementor-element elementor-element-8ed573e e-flex e-con-boxed e-con e-parent\" data-id=\"8ed573e\" data-element_type=\"container\" data-settings=\"{&quot;background_background&quot;:&quot;classic&quot;}\">\n\t\t\t\t\t<div class=\"e-con-inner\">\n\t\t\t\t<div class=\"elementor-element elementor-element-37a4506 elementor-widget__width-inherit elementor-widget elementor-widget-heading\" data-id=\"37a4506\" data-element_type=\"widget\" data-widget_type=\"heading.default\">\n\t\t\t\t<div class=\"elementor-widget-container\">\n\t\t\t\t\t<h2 class=\"elementor-heading-title elementor-size-default\">Not\u00edcias ABEPRO Jovem<\/h2>\t\t\t\t<\/div>\n\t\t\t\t<\/div>\n\t\t\t\t\t<\/div>\n\t\t\t\t<\/div>\n\t\t<div class=\"elementor-element elementor-element-beee4a4 e-flex e-con-boxed e-con e-parent\" data-id=\"beee4a4\" data-element_type=\"container\">\n\t\t\t\t\t<div class=\"e-con-inner\">\n\t\t\t\t<div class=\"elementor-element elementor-element-df2ea95 elementor-widget__width-inherit elementor-widget elementor-widget-heading\" data-id=\"df2ea95\" data-element_type=\"widget\" data-widget_type=\"heading.default\">\n\t\t\t\t<div class=\"elementor-widget-container\">\n\t\t\t\t\t<h2 class=\"elementor-heading-title elementor-size-default\">Fique por dentro de tudo o que acontece na Engenharia de Produ\u00e7\u00e3o<\/h2>\t\t\t\t<\/div>\n\t\t\t\t<\/div>\n\t\t\t\t<div class=\"elementor-element elementor-element-3e18f89 elementor-grid-3 elementor-grid-tablet-2 elementor-grid-mobile-1 elementor-posts--thumbnail-top elementor-widget elementor-widget-posts\" data-id=\"3e18f89\" data-element_type=\"widget\" data-settings=\"{&quot;classic_row_gap&quot;:{&quot;unit&quot;:&quot;px&quot;,&quot;size&quot;:10,&quot;sizes&quot;:[]},&quot;classic_columns&quot;:&quot;3&quot;,&quot;classic_columns_tablet&quot;:&quot;2&quot;,&quot;classic_columns_mobile&quot;:&quot;1&quot;,&quot;classic_row_gap_tablet&quot;:{&quot;unit&quot;:&quot;px&quot;,&quot;size&quot;:&quot;&quot;,&quot;sizes&quot;:[]},&quot;classic_row_gap_mobile&quot;:{&quot;unit&quot;:&quot;px&quot;,&quot;size&quot;:&quot;&quot;,&quot;sizes&quot;:[]}}\" data-widget_type=\"posts.classic\">\n\t\t\t\t<div class=\"elementor-widget-container\">\n\t\t\t\t\t\t\t<div class=\"elementor-posts-container elementor-posts elementor-posts--skin-classic elementor-grid\" role=\"list\">\n\t\t\t\t<article class=\"elementor-post elementor-grid-item post-6763 post type-post status-publish format-standard has-post-thumbnail hentry category-abj\" role=\"listitem\">\n\t\t\t\t<a class=\"elementor-post__thumbnail__link\" href=\"https:\/\/portal.abepro.org.br\/abepro2025\/6a-edicao-da-newsletter-abepro-jovem\/\" tabindex=\"-1\" >\n\t\t\t<div class=\"elementor-post__thumbnail\"><img fetchpriority=\"high\" decoding=\"async\" width=\"1080\" height=\"700\" src=\"https:\/\/portal.abepro.org.br\/abepro2025\/wp-content\/uploads\/2026\/04\/ABEPRO-Noticias-Feed-3.png\" class=\"attachment-full size-full wp-image-6771\" alt=\"\" srcset=\"https:\/\/portal.abepro.org.br\/abepro2025\/wp-content\/uploads\/2026\/04\/ABEPRO-Noticias-Feed-3.png 1080w, https:\/\/portal.abepro.org.br\/abepro2025\/wp-content\/uploads\/2026\/04\/ABEPRO-Noticias-Feed-3-300x194.png 300w, https:\/\/portal.abepro.org.br\/abepro2025\/wp-content\/uploads\/2026\/04\/ABEPRO-Noticias-Feed-3-1024x664.png 1024w, https:\/\/portal.abepro.org.br\/abepro2025\/wp-content\/uploads\/2026\/04\/ABEPRO-Noticias-Feed-3-768x498.png 768w\" sizes=\"(max-width: 1080px) 100vw, 1080px\" \/><\/div>\n\t\t<\/a>\n\t\t\t\t<div class=\"elementor-post__text\">\n\t\t\t\t<h3 class=\"elementor-post__title\">\n\t\t\t<a href=\"https:\/\/portal.abepro.org.br\/abepro2025\/6a-edicao-da-newsletter-abepro-jovem\/\" >\n\t\t\t\t6\u00aa Edi\u00e7\u00e3o da Newsletter &#8211; ABEPRO Jovem\t\t\t<\/a>\n\t\t<\/h3>\n\t\t\t\t<\/div>\n\t\t\t\t<\/article>\n\t\t\t\t<article class=\"elementor-post elementor-grid-item post-6519 post type-post status-publish format-standard has-post-thumbnail hentry category-abj\" role=\"listitem\">\n\t\t\t\t<a class=\"elementor-post__thumbnail__link\" href=\"https:\/\/portal.abepro.org.br\/abepro2025\/como-dados-e-estrategia-podem-mudar-o-jogo-no-esporte-e-na-engenharia-de-producao\/\" tabindex=\"-1\" >\n\t\t\t<div class=\"elementor-post__thumbnail\"><img decoding=\"async\" width=\"817\" height=\"517\" src=\"https:\/\/portal.abepro.org.br\/abepro2025\/wp-content\/uploads\/2025\/12\/Captura-de-tela-2025-12-23-131147.png\" class=\"attachment-full size-full wp-image-6525\" alt=\"\" srcset=\"https:\/\/portal.abepro.org.br\/abepro2025\/wp-content\/uploads\/2025\/12\/Captura-de-tela-2025-12-23-131147.png 817w, https:\/\/portal.abepro.org.br\/abepro2025\/wp-content\/uploads\/2025\/12\/Captura-de-tela-2025-12-23-131147-300x190.png 300w, https:\/\/portal.abepro.org.br\/abepro2025\/wp-content\/uploads\/2025\/12\/Captura-de-tela-2025-12-23-131147-768x486.png 768w\" sizes=\"(max-width: 817px) 100vw, 817px\" \/><\/div>\n\t\t<\/a>\n\t\t\t\t<div class=\"elementor-post__text\">\n\t\t\t\t<h3 class=\"elementor-post__title\">\n\t\t\t<a href=\"https:\/\/portal.abepro.org.br\/abepro2025\/como-dados-e-estrategia-podem-mudar-o-jogo-no-esporte-e-na-engenharia-de-producao\/\" >\n\t\t\t\tComo dados e estrat\u00e9gia podem mudar o jogo no esporte e na Engenharia de Produ\u00e7\u00e3o\t\t\t<\/a>\n\t\t<\/h3>\n\t\t\t\t<\/div>\n\t\t\t\t<\/article>\n\t\t\t\t<article class=\"elementor-post elementor-grid-item post-6513 post type-post status-publish format-standard has-post-thumbnail hentry category-abj\" role=\"listitem\">\n\t\t\t\t<a class=\"elementor-post__thumbnail__link\" href=\"https:\/\/portal.abepro.org.br\/abepro2025\/dia-do-engenheiro-de-producao\/\" tabindex=\"-1\" >\n\t\t\t<div class=\"elementor-post__thumbnail\"><img decoding=\"async\" width=\"807\" height=\"535\" src=\"https:\/\/portal.abepro.org.br\/abepro2025\/wp-content\/uploads\/2025\/12\/1.png\" class=\"attachment-full size-full wp-image-6515\" alt=\"\" srcset=\"https:\/\/portal.abepro.org.br\/abepro2025\/wp-content\/uploads\/2025\/12\/1.png 807w, https:\/\/portal.abepro.org.br\/abepro2025\/wp-content\/uploads\/2025\/12\/1-300x199.png 300w, https:\/\/portal.abepro.org.br\/abepro2025\/wp-content\/uploads\/2025\/12\/1-768x509.png 768w\" sizes=\"(max-width: 807px) 100vw, 807px\" \/><\/div>\n\t\t<\/a>\n\t\t\t\t<div class=\"elementor-post__text\">\n\t\t\t\t<h3 class=\"elementor-post__title\">\n\t\t\t<a href=\"https:\/\/portal.abepro.org.br\/abepro2025\/dia-do-engenheiro-de-producao\/\" >\n\t\t\t\tDia do Engenheiro de Produ\u00e7\u00e3o!\t\t\t<\/a>\n\t\t<\/h3>\n\t\t\t\t<\/div>\n\t\t\t\t<\/article>\n\t\t\t\t<article class=\"elementor-post elementor-grid-item post-6476 post type-post status-publish format-standard has-post-thumbnail hentry category-abj\" role=\"listitem\">\n\t\t\t\t<a class=\"elementor-post__thumbnail__link\" href=\"https:\/\/portal.abepro.org.br\/abepro2025\/engenharia-de-producao-em-jogos-vorazes-estrategia-tambem-e-sobrevivencia\/\" tabindex=\"-1\" >\n\t\t\t<div class=\"elementor-post__thumbnail\"><img loading=\"lazy\" decoding=\"async\" width=\"825\" height=\"517\" src=\"https:\/\/portal.abepro.org.br\/abepro2025\/wp-content\/uploads\/2025\/12\/Captura-de-tela-2025-12-16-113319-1.png\" class=\"attachment-full size-full wp-image-6479\" alt=\"\" srcset=\"https:\/\/portal.abepro.org.br\/abepro2025\/wp-content\/uploads\/2025\/12\/Captura-de-tela-2025-12-16-113319-1.png 825w, https:\/\/portal.abepro.org.br\/abepro2025\/wp-content\/uploads\/2025\/12\/Captura-de-tela-2025-12-16-113319-1-300x188.png 300w, https:\/\/portal.abepro.org.br\/abepro2025\/wp-content\/uploads\/2025\/12\/Captura-de-tela-2025-12-16-113319-1-768x481.png 768w\" sizes=\"(max-width: 825px) 100vw, 825px\" \/><\/div>\n\t\t<\/a>\n\t\t\t\t<div class=\"elementor-post__text\">\n\t\t\t\t<h3 class=\"elementor-post__title\">\n\t\t\t<a href=\"https:\/\/portal.abepro.org.br\/abepro2025\/engenharia-de-producao-em-jogos-vorazes-estrategia-tambem-e-sobrevivencia\/\" >\n\t\t\t\tEngenharia de Produ\u00e7\u00e3o em \u201cJogos Vorazes\u201d, Estrat\u00e9gia tamb\u00e9m \u00e9 sobreviv\u00eancia!\t\t\t<\/a>\n\t\t<\/h3>\n\t\t\t\t<\/div>\n\t\t\t\t<\/article>\n\t\t\t\t<article class=\"elementor-post elementor-grid-item post-6473 post type-post status-publish format-standard has-post-thumbnail hentry category-abj\" role=\"listitem\">\n\t\t\t\t<a class=\"elementor-post__thumbnail__link\" href=\"https:\/\/portal.abepro.org.br\/abepro2025\/resultado-oficial-das-eleicoes-abepro-jovem-gestao-2026\/\" tabindex=\"-1\" >\n\t\t\t<div class=\"elementor-post__thumbnail\"><img loading=\"lazy\" decoding=\"async\" width=\"826\" height=\"535\" src=\"https:\/\/portal.abepro.org.br\/abepro2025\/wp-content\/uploads\/2025\/12\/2.png\" class=\"attachment-full size-full wp-image-6474\" alt=\"\" srcset=\"https:\/\/portal.abepro.org.br\/abepro2025\/wp-content\/uploads\/2025\/12\/2.png 826w, https:\/\/portal.abepro.org.br\/abepro2025\/wp-content\/uploads\/2025\/12\/2-300x194.png 300w, https:\/\/portal.abepro.org.br\/abepro2025\/wp-content\/uploads\/2025\/12\/2-768x497.png 768w\" sizes=\"(max-width: 826px) 100vw, 826px\" \/><\/div>\n\t\t<\/a>\n\t\t\t\t<div class=\"elementor-post__text\">\n\t\t\t\t<h3 class=\"elementor-post__title\">\n\t\t\t<a href=\"https:\/\/portal.abepro.org.br\/abepro2025\/resultado-oficial-das-eleicoes-abepro-jovem-gestao-2026\/\" >\n\t\t\t\tResultado Oficial das Elei\u00e7\u00f5es ABEPRO Jovem &#8211; Gest\u00e3o 2026\t\t\t<\/a>\n\t\t<\/h3>\n\t\t\t\t<\/div>\n\t\t\t\t<\/article>\n\t\t\t\t<article class=\"elementor-post elementor-grid-item post-6468 post type-post status-publish format-standard has-post-thumbnail hentry category-abj\" role=\"listitem\">\n\t\t\t\t<a class=\"elementor-post__thumbnail__link\" href=\"https:\/\/portal.abepro.org.br\/abepro2025\/band-of-brothers-e-a-engenharia-de-producao\/\" tabindex=\"-1\" >\n\t\t\t<div class=\"elementor-post__thumbnail\"><img loading=\"lazy\" decoding=\"async\" width=\"767\" height=\"520\" src=\"https:\/\/portal.abepro.org.br\/abepro2025\/wp-content\/uploads\/2025\/12\/Captura-de-tela-2025-12-10-170602.png\" class=\"attachment-full size-full wp-image-6470\" alt=\"\" srcset=\"https:\/\/portal.abepro.org.br\/abepro2025\/wp-content\/uploads\/2025\/12\/Captura-de-tela-2025-12-10-170602.png 767w, https:\/\/portal.abepro.org.br\/abepro2025\/wp-content\/uploads\/2025\/12\/Captura-de-tela-2025-12-10-170602-300x203.png 300w\" sizes=\"(max-width: 767px) 100vw, 767px\" \/><\/div>\n\t\t<\/a>\n\t\t\t\t<div class=\"elementor-post__text\">\n\t\t\t\t<h3 class=\"elementor-post__title\">\n\t\t\t<a href=\"https:\/\/portal.abepro.org.br\/abepro2025\/band-of-brothers-e-a-engenharia-de-producao\/\" >\n\t\t\t\tBand of Brothers e a Engenharia de Produ\u00e7\u00e3o\t\t\t<\/a>\n\t\t<\/h3>\n\t\t\t\t<\/div>\n\t\t\t\t<\/article>\n\t\t\t\t<article class=\"elementor-post elementor-grid-item post-6463 post type-post status-publish format-standard has-post-thumbnail hentry category-abj\" role=\"listitem\">\n\t\t\t\t<a class=\"elementor-post__thumbnail__link\" href=\"https:\/\/portal.abepro.org.br\/abepro2025\/5a-edicao-da-newsletter-abepro-jovem\/\" tabindex=\"-1\" >\n\t\t\t<div class=\"elementor-post__thumbnail\"><img loading=\"lazy\" decoding=\"async\" width=\"916\" height=\"600\" src=\"https:\/\/portal.abepro.org.br\/abepro2025\/wp-content\/uploads\/2025\/12\/Captura-de-tela-2025-12-03-224238.png\" class=\"attachment-full size-full wp-image-6465\" alt=\"\" srcset=\"https:\/\/portal.abepro.org.br\/abepro2025\/wp-content\/uploads\/2025\/12\/Captura-de-tela-2025-12-03-224238.png 916w, https:\/\/portal.abepro.org.br\/abepro2025\/wp-content\/uploads\/2025\/12\/Captura-de-tela-2025-12-03-224238-300x197.png 300w, https:\/\/portal.abepro.org.br\/abepro2025\/wp-content\/uploads\/2025\/12\/Captura-de-tela-2025-12-03-224238-768x503.png 768w\" sizes=\"(max-width: 916px) 100vw, 916px\" \/><\/div>\n\t\t<\/a>\n\t\t\t\t<div class=\"elementor-post__text\">\n\t\t\t\t<h3 class=\"elementor-post__title\">\n\t\t\t<a href=\"https:\/\/portal.abepro.org.br\/abepro2025\/5a-edicao-da-newsletter-abepro-jovem\/\" >\n\t\t\t\t5\u00aa Edi\u00e7\u00e3o da Newsletter \u2013 ABEPRO Jovem\t\t\t<\/a>\n\t\t<\/h3>\n\t\t\t\t<\/div>\n\t\t\t\t<\/article>\n\t\t\t\t<article class=\"elementor-post elementor-grid-item post-6456 post type-post status-publish format-standard has-post-thumbnail hentry category-abj\" role=\"listitem\">\n\t\t\t\t<a class=\"elementor-post__thumbnail__link\" href=\"https:\/\/portal.abepro.org.br\/abepro2025\/formula-1-sob-a-lente-daengenharia-de-producao\/\" tabindex=\"-1\" >\n\t\t\t<div class=\"elementor-post__thumbnail\"><img loading=\"lazy\" decoding=\"async\" width=\"889\" height=\"584\" src=\"https:\/\/portal.abepro.org.br\/abepro2025\/wp-content\/uploads\/2025\/12\/Captura-de-tela-2025-12-03-223258.png\" class=\"attachment-full size-full wp-image-6460\" alt=\"\" srcset=\"https:\/\/portal.abepro.org.br\/abepro2025\/wp-content\/uploads\/2025\/12\/Captura-de-tela-2025-12-03-223258.png 889w, https:\/\/portal.abepro.org.br\/abepro2025\/wp-content\/uploads\/2025\/12\/Captura-de-tela-2025-12-03-223258-300x197.png 300w, https:\/\/portal.abepro.org.br\/abepro2025\/wp-content\/uploads\/2025\/12\/Captura-de-tela-2025-12-03-223258-768x505.png 768w\" sizes=\"(max-width: 889px) 100vw, 889px\" \/><\/div>\n\t\t<\/a>\n\t\t\t\t<div class=\"elementor-post__text\">\n\t\t\t\t<h3 class=\"elementor-post__title\">\n\t\t\t<a href=\"https:\/\/portal.abepro.org.br\/abepro2025\/formula-1-sob-a-lente-daengenharia-de-producao\/\" >\n\t\t\t\tF\u00d3RMULA 1: Sob a lente da Engenharia de Produ\u00e7\u00e3o\t\t\t<\/a>\n\t\t<\/h3>\n\t\t\t\t<\/div>\n\t\t\t\t<\/article>\n\t\t\t\t<article class=\"elementor-post elementor-grid-item post-6452 post type-post status-publish format-standard has-post-thumbnail hentry category-abj\" role=\"listitem\">\n\t\t\t\t<a class=\"elementor-post__thumbnail__link\" href=\"https:\/\/portal.abepro.org.br\/abepro2025\/one-piece-arco-water-7-sob-a-lente-da-gestao-agil-em-engenharia-de-producao\/\" tabindex=\"-1\" >\n\t\t\t<div class=\"elementor-post__thumbnail\"><img loading=\"lazy\" decoding=\"async\" width=\"921\" height=\"589\" src=\"https:\/\/portal.abepro.org.br\/abepro2025\/wp-content\/uploads\/2025\/12\/Captura-de-tela-2025-12-03-222252.png\" class=\"attachment-full size-full wp-image-6454\" alt=\"\" srcset=\"https:\/\/portal.abepro.org.br\/abepro2025\/wp-content\/uploads\/2025\/12\/Captura-de-tela-2025-12-03-222252.png 921w, https:\/\/portal.abepro.org.br\/abepro2025\/wp-content\/uploads\/2025\/12\/Captura-de-tela-2025-12-03-222252-300x192.png 300w, https:\/\/portal.abepro.org.br\/abepro2025\/wp-content\/uploads\/2025\/12\/Captura-de-tela-2025-12-03-222252-768x491.png 768w\" sizes=\"(max-width: 921px) 100vw, 921px\" \/><\/div>\n\t\t<\/a>\n\t\t\t\t<div class=\"elementor-post__text\">\n\t\t\t\t<h3 class=\"elementor-post__title\">\n\t\t\t<a href=\"https:\/\/portal.abepro.org.br\/abepro2025\/one-piece-arco-water-7-sob-a-lente-da-gestao-agil-em-engenharia-de-producao\/\" >\n\t\t\t\tOne Piece: Arco Water 7 sob a Lente da Gest\u00e3o \u00c1gil em Engenharia de Produ\u00e7\u00e3o\t\t\t<\/a>\n\t\t<\/h3>\n\t\t\t\t<\/div>\n\t\t\t\t<\/article>\n\t\t\t\t<article class=\"elementor-post elementor-grid-item post-6421 post type-post status-publish format-standard has-post-thumbnail hentry category-abj category-uncategorized\" role=\"listitem\">\n\t\t\t\t<a class=\"elementor-post__thumbnail__link\" href=\"https:\/\/portal.abepro.org.br\/abepro2025\/eleicoes-abepro-jovem-2026-homologacao-das-chapas\/\" tabindex=\"-1\" >\n\t\t\t<div class=\"elementor-post__thumbnail\"><img loading=\"lazy\" decoding=\"async\" width=\"913\" height=\"603\" src=\"https:\/\/portal.abepro.org.br\/abepro2025\/wp-content\/uploads\/2025\/11\/Captura-de-tela-2025-11-19-121343-1.png\" class=\"attachment-full size-full wp-image-6423\" alt=\"\" srcset=\"https:\/\/portal.abepro.org.br\/abepro2025\/wp-content\/uploads\/2025\/11\/Captura-de-tela-2025-11-19-121343-1.png 913w, https:\/\/portal.abepro.org.br\/abepro2025\/wp-content\/uploads\/2025\/11\/Captura-de-tela-2025-11-19-121343-1-300x198.png 300w, https:\/\/portal.abepro.org.br\/abepro2025\/wp-content\/uploads\/2025\/11\/Captura-de-tela-2025-11-19-121343-1-768x507.png 768w\" sizes=\"(max-width: 913px) 100vw, 913px\" \/><\/div>\n\t\t<\/a>\n\t\t\t\t<div class=\"elementor-post__text\">\n\t\t\t\t<h3 class=\"elementor-post__title\">\n\t\t\t<a href=\"https:\/\/portal.abepro.org.br\/abepro2025\/eleicoes-abepro-jovem-2026-homologacao-das-chapas\/\" >\n\t\t\t\tElei\u00e7\u00f5es ABEPRO Jovem 2026 \u2013 Homologa\u00e7\u00e3o das Chapas\t\t\t<\/a>\n\t\t<\/h3>\n\t\t\t\t<\/div>\n\t\t\t\t<\/article>\n\t\t\t\t<article class=\"elementor-post elementor-grid-item post-6418 post type-post status-publish format-standard has-post-thumbnail hentry category-abj\" role=\"listitem\">\n\t\t\t\t<a class=\"elementor-post__thumbnail__link\" href=\"https:\/\/portal.abepro.org.br\/abepro2025\/processo-eleitoral-para-a-gestao-2026-da-abepro-jovem\/\" tabindex=\"-1\" >\n\t\t\t<div class=\"elementor-post__thumbnail\"><img loading=\"lazy\" decoding=\"async\" width=\"916\" height=\"601\" src=\"https:\/\/portal.abepro.org.br\/abepro2025\/wp-content\/uploads\/2025\/11\/Captura-de-tela-2025-11-19-115805.png\" class=\"attachment-full size-full wp-image-6419\" alt=\"\" srcset=\"https:\/\/portal.abepro.org.br\/abepro2025\/wp-content\/uploads\/2025\/11\/Captura-de-tela-2025-11-19-115805.png 916w, https:\/\/portal.abepro.org.br\/abepro2025\/wp-content\/uploads\/2025\/11\/Captura-de-tela-2025-11-19-115805-300x197.png 300w, https:\/\/portal.abepro.org.br\/abepro2025\/wp-content\/uploads\/2025\/11\/Captura-de-tela-2025-11-19-115805-768x504.png 768w\" sizes=\"(max-width: 916px) 100vw, 916px\" \/><\/div>\n\t\t<\/a>\n\t\t\t\t<div class=\"elementor-post__text\">\n\t\t\t\t<h3 class=\"elementor-post__title\">\n\t\t\t<a href=\"https:\/\/portal.abepro.org.br\/abepro2025\/processo-eleitoral-para-a-gestao-2026-da-abepro-jovem\/\" >\n\t\t\t\tProcesso Eleitoral para a Gest\u00e3o 2026 da ABEPRO Jovem\t\t\t<\/a>\n\t\t<\/h3>\n\t\t\t\t<\/div>\n\t\t\t\t<\/article>\n\t\t\t\t<article class=\"elementor-post elementor-grid-item post-6414 post type-post status-publish format-standard has-post-thumbnail hentry category-abj\" role=\"listitem\">\n\t\t\t\t<a class=\"elementor-post__thumbnail__link\" href=\"https:\/\/portal.abepro.org.br\/abepro2025\/4a-edicao-da-newsletter-abepro-jovem\/\" tabindex=\"-1\" >\n\t\t\t<div class=\"elementor-post__thumbnail\"><img loading=\"lazy\" decoding=\"async\" width=\"926\" height=\"583\" src=\"https:\/\/portal.abepro.org.br\/abepro2025\/wp-content\/uploads\/2025\/11\/Captura-de-tela-2025-11-19-105018.png\" class=\"attachment-full size-full wp-image-6416\" alt=\"\" srcset=\"https:\/\/portal.abepro.org.br\/abepro2025\/wp-content\/uploads\/2025\/11\/Captura-de-tela-2025-11-19-105018.png 926w, https:\/\/portal.abepro.org.br\/abepro2025\/wp-content\/uploads\/2025\/11\/Captura-de-tela-2025-11-19-105018-300x189.png 300w, https:\/\/portal.abepro.org.br\/abepro2025\/wp-content\/uploads\/2025\/11\/Captura-de-tela-2025-11-19-105018-768x484.png 768w\" sizes=\"(max-width: 926px) 100vw, 926px\" \/><\/div>\n\t\t<\/a>\n\t\t\t\t<div class=\"elementor-post__text\">\n\t\t\t\t<h3 class=\"elementor-post__title\">\n\t\t\t<a href=\"https:\/\/portal.abepro.org.br\/abepro2025\/4a-edicao-da-newsletter-abepro-jovem\/\" >\n\t\t\t\t4\u00aa Edi\u00e7\u00e3o da Newsletter \u2013 ABEPRO Jovem\t\t\t<\/a>\n\t\t<\/h3>\n\t\t\t\t<\/div>\n\t\t\t\t<\/article>\n\t\t\t\t<article class=\"elementor-post elementor-grid-item post-6405 post type-post status-publish format-standard has-post-thumbnail hentry category-abj\" role=\"listitem\">\n\t\t\t\t<a class=\"elementor-post__thumbnail__link\" href=\"https:\/\/portal.abepro.org.br\/abepro2025\/engenharia-de-producao-em-o-diabo-veste-prada\/\" tabindex=\"-1\" >\n\t\t\t<div class=\"elementor-post__thumbnail\"><img loading=\"lazy\" decoding=\"async\" width=\"913\" height=\"592\" src=\"https:\/\/portal.abepro.org.br\/abepro2025\/wp-content\/uploads\/2025\/11\/Captura-de-tela-2025-11-19-102531.png\" class=\"attachment-full size-full wp-image-6410\" alt=\"\" srcset=\"https:\/\/portal.abepro.org.br\/abepro2025\/wp-content\/uploads\/2025\/11\/Captura-de-tela-2025-11-19-102531.png 913w, https:\/\/portal.abepro.org.br\/abepro2025\/wp-content\/uploads\/2025\/11\/Captura-de-tela-2025-11-19-102531-300x195.png 300w, https:\/\/portal.abepro.org.br\/abepro2025\/wp-content\/uploads\/2025\/11\/Captura-de-tela-2025-11-19-102531-768x498.png 768w\" sizes=\"(max-width: 913px) 100vw, 913px\" \/><\/div>\n\t\t<\/a>\n\t\t\t\t<div class=\"elementor-post__text\">\n\t\t\t\t<h3 class=\"elementor-post__title\">\n\t\t\t<a href=\"https:\/\/portal.abepro.org.br\/abepro2025\/engenharia-de-producao-em-o-diabo-veste-prada\/\" >\n\t\t\t\tEngenharia de Produ\u00e7\u00e3o em \u201cO Diabo Veste Prada\u201d\t\t\t<\/a>\n\t\t<\/h3>\n\t\t\t\t<\/div>\n\t\t\t\t<\/article>\n\t\t\t\t<article class=\"elementor-post elementor-grid-item post-6370 post type-post status-publish format-standard has-post-thumbnail hentry category-abj\" role=\"listitem\">\n\t\t\t\t<a class=\"elementor-post__thumbnail__link\" href=\"https:\/\/portal.abepro.org.br\/abepro2025\/oppenheimer-licoes-de-engenharia-de-producao-em-projetos-de-alta-complexidade\/\" tabindex=\"-1\" >\n\t\t\t<div class=\"elementor-post__thumbnail\"><img loading=\"lazy\" decoding=\"async\" width=\"909\" height=\"554\" src=\"https:\/\/portal.abepro.org.br\/abepro2025\/wp-content\/uploads\/2025\/11\/Captura-de-tela-2025-11-11-210113.png\" class=\"attachment-full size-full wp-image-6373\" alt=\"\" srcset=\"https:\/\/portal.abepro.org.br\/abepro2025\/wp-content\/uploads\/2025\/11\/Captura-de-tela-2025-11-11-210113.png 909w, https:\/\/portal.abepro.org.br\/abepro2025\/wp-content\/uploads\/2025\/11\/Captura-de-tela-2025-11-11-210113-300x183.png 300w, https:\/\/portal.abepro.org.br\/abepro2025\/wp-content\/uploads\/2025\/11\/Captura-de-tela-2025-11-11-210113-768x468.png 768w\" sizes=\"(max-width: 909px) 100vw, 909px\" \/><\/div>\n\t\t<\/a>\n\t\t\t\t<div class=\"elementor-post__text\">\n\t\t\t\t<h3 class=\"elementor-post__title\">\n\t\t\t<a href=\"https:\/\/portal.abepro.org.br\/abepro2025\/oppenheimer-licoes-de-engenharia-de-producao-em-projetos-de-alta-complexidade\/\" >\n\t\t\t\tOppenheimer: Li\u00e7\u00f5es de Engenharia de Produ\u00e7\u00e3o em Projetos de Alta Complexidade\t\t\t<\/a>\n\t\t<\/h3>\n\t\t\t\t<\/div>\n\t\t\t\t<\/article>\n\t\t\t\t<article class=\"elementor-post elementor-grid-item post-6351 post type-post status-publish format-standard has-post-thumbnail hentry category-abj\" role=\"listitem\">\n\t\t\t\t<a class=\"elementor-post__thumbnail__link\" href=\"https:\/\/portal.abepro.org.br\/abepro2025\/a-lente-da-eficiencia-engenharia-de-producao-em-gossip-girl\/\" tabindex=\"-1\" >\n\t\t\t<div class=\"elementor-post__thumbnail\"><img loading=\"lazy\" decoding=\"async\" width=\"924\" height=\"610\" src=\"https:\/\/portal.abepro.org.br\/abepro2025\/wp-content\/uploads\/2025\/11\/Captura-de-tela-2025-11-03-233948.png\" class=\"attachment-full size-full wp-image-6353\" alt=\"\" srcset=\"https:\/\/portal.abepro.org.br\/abepro2025\/wp-content\/uploads\/2025\/11\/Captura-de-tela-2025-11-03-233948.png 924w, https:\/\/portal.abepro.org.br\/abepro2025\/wp-content\/uploads\/2025\/11\/Captura-de-tela-2025-11-03-233948-300x198.png 300w, https:\/\/portal.abepro.org.br\/abepro2025\/wp-content\/uploads\/2025\/11\/Captura-de-tela-2025-11-03-233948-768x507.png 768w\" sizes=\"(max-width: 924px) 100vw, 924px\" \/><\/div>\n\t\t<\/a>\n\t\t\t\t<div class=\"elementor-post__text\">\n\t\t\t\t<h3 class=\"elementor-post__title\">\n\t\t\t<a href=\"https:\/\/portal.abepro.org.br\/abepro2025\/a-lente-da-eficiencia-engenharia-de-producao-em-gossip-girl\/\" >\n\t\t\t\tA Lente da Efici\u00eancia: Engenharia de Produ\u00e7\u00e3o em Gossip Girl\t\t\t<\/a>\n\t\t<\/h3>\n\t\t\t\t<\/div>\n\t\t\t\t<\/article>\n\t\t\t\t<article class=\"elementor-post elementor-grid-item post-6333 post type-post status-publish format-standard has-post-thumbnail hentry category-abj\" role=\"listitem\">\n\t\t\t\t<a class=\"elementor-post__thumbnail__link\" href=\"https:\/\/portal.abepro.org.br\/abepro2025\/marketing-na-engenharia-de-producao\/\" tabindex=\"-1\" >\n\t\t\t<div class=\"elementor-post__thumbnail\"><img loading=\"lazy\" decoding=\"async\" width=\"915\" height=\"590\" src=\"https:\/\/portal.abepro.org.br\/abepro2025\/wp-content\/uploads\/2025\/10\/Captura-de-tela-2025-10-29-202905.png\" class=\"attachment-full size-full wp-image-6346\" alt=\"\" srcset=\"https:\/\/portal.abepro.org.br\/abepro2025\/wp-content\/uploads\/2025\/10\/Captura-de-tela-2025-10-29-202905.png 915w, https:\/\/portal.abepro.org.br\/abepro2025\/wp-content\/uploads\/2025\/10\/Captura-de-tela-2025-10-29-202905-300x193.png 300w, https:\/\/portal.abepro.org.br\/abepro2025\/wp-content\/uploads\/2025\/10\/Captura-de-tela-2025-10-29-202905-768x495.png 768w\" sizes=\"(max-width: 915px) 100vw, 915px\" \/><\/div>\n\t\t<\/a>\n\t\t\t\t<div class=\"elementor-post__text\">\n\t\t\t\t<h3 class=\"elementor-post__title\">\n\t\t\t<a href=\"https:\/\/portal.abepro.org.br\/abepro2025\/marketing-na-engenharia-de-producao\/\" >\n\t\t\t\tMARKETING NA ENGENHARIA DE PRODU\u00c7\u00c3O\t\t\t<\/a>\n\t\t<\/h3>\n\t\t\t\t<\/div>\n\t\t\t\t<\/article>\n\t\t\t\t<article class=\"elementor-post elementor-grid-item post-6336 post type-post status-publish format-standard has-post-thumbnail hentry category-abj\" role=\"listitem\">\n\t\t\t\t<a class=\"elementor-post__thumbnail__link\" href=\"https:\/\/portal.abepro.org.br\/abepro2025\/3a-edicao-da-newsletter-abepro-jovem\/\" tabindex=\"-1\" >\n\t\t\t<div class=\"elementor-post__thumbnail\"><img loading=\"lazy\" decoding=\"async\" width=\"1080\" height=\"700\" src=\"https:\/\/portal.abepro.org.br\/abepro2025\/wp-content\/uploads\/2025\/10\/ABEPRO-Noticias.png\" class=\"attachment-full size-full wp-image-6343\" alt=\"\" srcset=\"https:\/\/portal.abepro.org.br\/abepro2025\/wp-content\/uploads\/2025\/10\/ABEPRO-Noticias.png 1080w, https:\/\/portal.abepro.org.br\/abepro2025\/wp-content\/uploads\/2025\/10\/ABEPRO-Noticias-300x194.png 300w, https:\/\/portal.abepro.org.br\/abepro2025\/wp-content\/uploads\/2025\/10\/ABEPRO-Noticias-1024x664.png 1024w, https:\/\/portal.abepro.org.br\/abepro2025\/wp-content\/uploads\/2025\/10\/ABEPRO-Noticias-768x498.png 768w\" sizes=\"(max-width: 1080px) 100vw, 1080px\" \/><\/div>\n\t\t<\/a>\n\t\t\t\t<div class=\"elementor-post__text\">\n\t\t\t\t<h3 class=\"elementor-post__title\">\n\t\t\t<a href=\"https:\/\/portal.abepro.org.br\/abepro2025\/3a-edicao-da-newsletter-abepro-jovem\/\" >\n\t\t\t\t3\u00aa Edi\u00e7\u00e3o da Newsletter \u2013 ABEPRO Jovem\t\t\t<\/a>\n\t\t<\/h3>\n\t\t\t\t<\/div>\n\t\t\t\t<\/article>\n\t\t\t\t<article class=\"elementor-post elementor-grid-item post-6330 post type-post status-publish format-standard has-post-thumbnail hentry category-abj\" role=\"listitem\">\n\t\t\t\t<a class=\"elementor-post__thumbnail__link\" href=\"https:\/\/portal.abepro.org.br\/abepro2025\/controle-estatistico-de-processos\/\" tabindex=\"-1\" >\n\t\t\t<div class=\"elementor-post__thumbnail\"><img loading=\"lazy\" decoding=\"async\" width=\"924\" height=\"592\" src=\"https:\/\/portal.abepro.org.br\/abepro2025\/wp-content\/uploads\/2025\/10\/Captura-de-tela-2025-10-24-195606.png\" class=\"attachment-full size-full wp-image-6342\" alt=\"\" srcset=\"https:\/\/portal.abepro.org.br\/abepro2025\/wp-content\/uploads\/2025\/10\/Captura-de-tela-2025-10-24-195606.png 924w, https:\/\/portal.abepro.org.br\/abepro2025\/wp-content\/uploads\/2025\/10\/Captura-de-tela-2025-10-24-195606-300x192.png 300w, https:\/\/portal.abepro.org.br\/abepro2025\/wp-content\/uploads\/2025\/10\/Captura-de-tela-2025-10-24-195606-768x492.png 768w\" sizes=\"(max-width: 924px) 100vw, 924px\" \/><\/div>\n\t\t<\/a>\n\t\t\t\t<div class=\"elementor-post__text\">\n\t\t\t\t<h3 class=\"elementor-post__title\">\n\t\t\t<a href=\"https:\/\/portal.abepro.org.br\/abepro2025\/controle-estatistico-de-processos\/\" >\n\t\t\t\tControle Estat\u00edstico de Processos\t\t\t<\/a>\n\t\t<\/h3>\n\t\t\t\t<\/div>\n\t\t\t\t<\/article>\n\t\t\t\t<article class=\"elementor-post elementor-grid-item post-6321 post type-post status-publish format-standard has-post-thumbnail hentry category-abj\" role=\"listitem\">\n\t\t\t\t<a class=\"elementor-post__thumbnail__link\" href=\"https:\/\/portal.abepro.org.br\/abepro2025\/bpmn-e-engenharia-de-producao-a-linguagem-da-eficiencia-na-industria-capixaba\/\" tabindex=\"-1\" >\n\t\t\t<div class=\"elementor-post__thumbnail\"><img loading=\"lazy\" decoding=\"async\" width=\"929\" height=\"590\" src=\"https:\/\/portal.abepro.org.br\/abepro2025\/wp-content\/uploads\/2025\/10\/Captura-de-tela-2025-10-24-195028.png\" class=\"attachment-full size-full wp-image-6341\" alt=\"\" srcset=\"https:\/\/portal.abepro.org.br\/abepro2025\/wp-content\/uploads\/2025\/10\/Captura-de-tela-2025-10-24-195028.png 929w, https:\/\/portal.abepro.org.br\/abepro2025\/wp-content\/uploads\/2025\/10\/Captura-de-tela-2025-10-24-195028-300x191.png 300w, https:\/\/portal.abepro.org.br\/abepro2025\/wp-content\/uploads\/2025\/10\/Captura-de-tela-2025-10-24-195028-768x488.png 768w\" sizes=\"(max-width: 929px) 100vw, 929px\" \/><\/div>\n\t\t<\/a>\n\t\t\t\t<div class=\"elementor-post__text\">\n\t\t\t\t<h3 class=\"elementor-post__title\">\n\t\t\t<a href=\"https:\/\/portal.abepro.org.br\/abepro2025\/bpmn-e-engenharia-de-producao-a-linguagem-da-eficiencia-na-industria-capixaba\/\" >\n\t\t\t\tBPMN e Engenharia de Produ\u00e7\u00e3o: A Linguagem da Efici\u00eancia na Ind\u00fastria Capixaba\t\t\t<\/a>\n\t\t<\/h3>\n\t\t\t\t<\/div>\n\t\t\t\t<\/article>\n\t\t\t\t<article class=\"elementor-post elementor-grid-item post-6315 post type-post status-publish format-standard has-post-thumbnail hentry category-abj\" role=\"listitem\">\n\t\t\t\t<a class=\"elementor-post__thumbnail__link\" href=\"https:\/\/portal.abepro.org.br\/abepro2025\/industria-4-0-e-5-0-o-futuro-sustentavel-da-engenharia-de-producao\/\" tabindex=\"-1\" >\n\t\t\t<div class=\"elementor-post__thumbnail\"><img loading=\"lazy\" decoding=\"async\" width=\"932\" height=\"597\" src=\"https:\/\/portal.abepro.org.br\/abepro2025\/wp-content\/uploads\/2025\/10\/Captura-de-tela-2025-10-24-194822.png\" class=\"attachment-full size-full wp-image-6340\" alt=\"\" srcset=\"https:\/\/portal.abepro.org.br\/abepro2025\/wp-content\/uploads\/2025\/10\/Captura-de-tela-2025-10-24-194822.png 932w, https:\/\/portal.abepro.org.br\/abepro2025\/wp-content\/uploads\/2025\/10\/Captura-de-tela-2025-10-24-194822-300x192.png 300w, https:\/\/portal.abepro.org.br\/abepro2025\/wp-content\/uploads\/2025\/10\/Captura-de-tela-2025-10-24-194822-768x492.png 768w\" sizes=\"(max-width: 932px) 100vw, 932px\" \/><\/div>\n\t\t<\/a>\n\t\t\t\t<div class=\"elementor-post__text\">\n\t\t\t\t<h3 class=\"elementor-post__title\">\n\t\t\t<a href=\"https:\/\/portal.abepro.org.br\/abepro2025\/industria-4-0-e-5-0-o-futuro-sustentavel-da-engenharia-de-producao\/\" >\n\t\t\t\tInd\u00fastria 4.0 e 5.0: O Futuro Sustent\u00e1vel da Engenharia de Produ\u00e7\u00e3o\t\t\t<\/a>\n\t\t<\/h3>\n\t\t\t\t<\/div>\n\t\t\t\t<\/article>\n\t\t\t\t<article class=\"elementor-post elementor-grid-item post-6324 post type-post status-publish format-standard has-post-thumbnail hentry category-abj\" role=\"listitem\">\n\t\t\t\t<a class=\"elementor-post__thumbnail__link\" href=\"https:\/\/portal.abepro.org.br\/abepro2025\/apollo-13-e-a-engenharia-de-producao\/\" tabindex=\"-1\" >\n\t\t\t<div class=\"elementor-post__thumbnail\"><img loading=\"lazy\" decoding=\"async\" width=\"1053\" height=\"588\" src=\"https:\/\/portal.abepro.org.br\/abepro2025\/wp-content\/uploads\/2025\/10\/Captura-de-tela-2025-10-23-233223.png\" class=\"attachment-full size-full wp-image-6328\" alt=\"\" srcset=\"https:\/\/portal.abepro.org.br\/abepro2025\/wp-content\/uploads\/2025\/10\/Captura-de-tela-2025-10-23-233223.png 1053w, https:\/\/portal.abepro.org.br\/abepro2025\/wp-content\/uploads\/2025\/10\/Captura-de-tela-2025-10-23-233223-300x168.png 300w, https:\/\/portal.abepro.org.br\/abepro2025\/wp-content\/uploads\/2025\/10\/Captura-de-tela-2025-10-23-233223-1024x572.png 1024w, https:\/\/portal.abepro.org.br\/abepro2025\/wp-content\/uploads\/2025\/10\/Captura-de-tela-2025-10-23-233223-768x429.png 768w\" sizes=\"(max-width: 1053px) 100vw, 1053px\" \/><\/div>\n\t\t<\/a>\n\t\t\t\t<div class=\"elementor-post__text\">\n\t\t\t\t<h3 class=\"elementor-post__title\">\n\t\t\t<a href=\"https:\/\/portal.abepro.org.br\/abepro2025\/apollo-13-e-a-engenharia-de-producao\/\" >\n\t\t\t\tApollo 13 e a Engenharia de Produ\u00e7\u00e3o\t\t\t<\/a>\n\t\t<\/h3>\n\t\t\t\t<\/div>\n\t\t\t\t<\/article>\n\t\t\t\t<article class=\"elementor-post elementor-grid-item post-6231 post type-post status-publish format-standard has-post-thumbnail hentry category-abj\" role=\"listitem\">\n\t\t\t\t<a class=\"elementor-post__thumbnail__link\" href=\"https:\/\/portal.abepro.org.br\/abepro2025\/filme-o-jogo-da-imitacao-e-a-engenharia-de-producao\/\" tabindex=\"-1\" >\n\t\t\t<div class=\"elementor-post__thumbnail\"><img loading=\"lazy\" decoding=\"async\" width=\"1066\" height=\"581\" src=\"https:\/\/portal.abepro.org.br\/abepro2025\/wp-content\/uploads\/2025\/09\/Captura-de-tela-2025-10-23-230056.png\" class=\"attachment-full size-full wp-image-6314\" alt=\"\" srcset=\"https:\/\/portal.abepro.org.br\/abepro2025\/wp-content\/uploads\/2025\/09\/Captura-de-tela-2025-10-23-230056.png 1066w, https:\/\/portal.abepro.org.br\/abepro2025\/wp-content\/uploads\/2025\/09\/Captura-de-tela-2025-10-23-230056-300x164.png 300w, https:\/\/portal.abepro.org.br\/abepro2025\/wp-content\/uploads\/2025\/09\/Captura-de-tela-2025-10-23-230056-1024x558.png 1024w, https:\/\/portal.abepro.org.br\/abepro2025\/wp-content\/uploads\/2025\/09\/Captura-de-tela-2025-10-23-230056-768x419.png 768w\" sizes=\"(max-width: 1066px) 100vw, 1066px\" \/><\/div>\n\t\t<\/a>\n\t\t\t\t<div class=\"elementor-post__text\">\n\t\t\t\t<h3 class=\"elementor-post__title\">\n\t\t\t<a href=\"https:\/\/portal.abepro.org.br\/abepro2025\/filme-o-jogo-da-imitacao-e-a-engenharia-de-producao\/\" >\n\t\t\t\tFilme: O Jogo da Imita\u00e7\u00e3o e a Engenharia de Produ\u00e7\u00e3o\t\t\t<\/a>\n\t\t<\/h3>\n\t\t\t\t<\/div>\n\t\t\t\t<\/article>\n\t\t\t\t<article class=\"elementor-post elementor-grid-item post-6205 post type-post status-publish format-standard has-post-thumbnail hentry category-abj\" role=\"listitem\">\n\t\t\t\t<a class=\"elementor-post__thumbnail__link\" href=\"https:\/\/portal.abepro.org.br\/abepro2025\/um-senhor-estagiario-licoes-de-engenharia-de-producao-no-dia-a-dia-corporativo\/\" tabindex=\"-1\" >\n\t\t\t<div class=\"elementor-post__thumbnail\"><img loading=\"lazy\" decoding=\"async\" width=\"1068\" height=\"574\" src=\"https:\/\/portal.abepro.org.br\/abepro2025\/wp-content\/uploads\/2025\/09\/Captura-de-tela-2025-10-23-225713.png\" class=\"attachment-full size-full wp-image-6312\" alt=\"\" srcset=\"https:\/\/portal.abepro.org.br\/abepro2025\/wp-content\/uploads\/2025\/09\/Captura-de-tela-2025-10-23-225713.png 1068w, https:\/\/portal.abepro.org.br\/abepro2025\/wp-content\/uploads\/2025\/09\/Captura-de-tela-2025-10-23-225713-300x161.png 300w, https:\/\/portal.abepro.org.br\/abepro2025\/wp-content\/uploads\/2025\/09\/Captura-de-tela-2025-10-23-225713-1024x550.png 1024w, https:\/\/portal.abepro.org.br\/abepro2025\/wp-content\/uploads\/2025\/09\/Captura-de-tela-2025-10-23-225713-768x413.png 768w\" sizes=\"(max-width: 1068px) 100vw, 1068px\" \/><\/div>\n\t\t<\/a>\n\t\t\t\t<div class=\"elementor-post__text\">\n\t\t\t\t<h3 class=\"elementor-post__title\">\n\t\t\t<a href=\"https:\/\/portal.abepro.org.br\/abepro2025\/um-senhor-estagiario-licoes-de-engenharia-de-producao-no-dia-a-dia-corporativo\/\" >\n\t\t\t\tUm Senhor Estagi\u00e1rio: Li\u00e7\u00f5es de Engenharia de Produ\u00e7\u00e3o no dia a dia corporativo\t\t\t<\/a>\n\t\t<\/h3>\n\t\t\t\t<\/div>\n\t\t\t\t<\/article>\n\t\t\t\t<article class=\"elementor-post elementor-grid-item post-6191 post type-post status-publish format-standard has-post-thumbnail hentry category-abj\" role=\"listitem\">\n\t\t\t\t<a class=\"elementor-post__thumbnail__link\" href=\"https:\/\/portal.abepro.org.br\/abepro2025\/como-as-bpf-garantem-a-qualidade-de-cosmeticos-do-inicio-ao-fim\/\" tabindex=\"-1\" >\n\t\t\t<div class=\"elementor-post__thumbnail\"><img loading=\"lazy\" decoding=\"async\" width=\"1055\" height=\"563\" src=\"https:\/\/portal.abepro.org.br\/abepro2025\/wp-content\/uploads\/2025\/09\/Captura-de-tela-2025-10-23-225203.png\" class=\"attachment-full size-full wp-image-6311\" alt=\"\" srcset=\"https:\/\/portal.abepro.org.br\/abepro2025\/wp-content\/uploads\/2025\/09\/Captura-de-tela-2025-10-23-225203.png 1055w, https:\/\/portal.abepro.org.br\/abepro2025\/wp-content\/uploads\/2025\/09\/Captura-de-tela-2025-10-23-225203-300x160.png 300w, https:\/\/portal.abepro.org.br\/abepro2025\/wp-content\/uploads\/2025\/09\/Captura-de-tela-2025-10-23-225203-1024x546.png 1024w, https:\/\/portal.abepro.org.br\/abepro2025\/wp-content\/uploads\/2025\/09\/Captura-de-tela-2025-10-23-225203-768x410.png 768w\" sizes=\"(max-width: 1055px) 100vw, 1055px\" \/><\/div>\n\t\t<\/a>\n\t\t\t\t<div class=\"elementor-post__text\">\n\t\t\t\t<h3 class=\"elementor-post__title\">\n\t\t\t<a href=\"https:\/\/portal.abepro.org.br\/abepro2025\/como-as-bpf-garantem-a-qualidade-de-cosmeticos-do-inicio-ao-fim\/\" >\n\t\t\t\tComo as BPF garantem a qualidade de Cosm\u00e9ticos do in\u00edcio ao fim.\t\t\t<\/a>\n\t\t<\/h3>\n\t\t\t\t<\/div>\n\t\t\t\t<\/article>\n\t\t\t\t<article class=\"elementor-post elementor-grid-item post-6187 post type-post status-publish format-standard has-post-thumbnail hentry category-abj\" role=\"listitem\">\n\t\t\t\t<a class=\"elementor-post__thumbnail__link\" href=\"https:\/\/portal.abepro.org.br\/abepro2025\/solver-uma-ferramenta-poderosa-para-a-gestao-empresarial\/\" tabindex=\"-1\" >\n\t\t\t<div class=\"elementor-post__thumbnail\"><img loading=\"lazy\" decoding=\"async\" width=\"1052\" height=\"580\" src=\"https:\/\/portal.abepro.org.br\/abepro2025\/wp-content\/uploads\/2025\/10\/Captura-de-tela-2025-10-23-224822.png\" class=\"attachment-full size-full wp-image-6309\" alt=\"\" srcset=\"https:\/\/portal.abepro.org.br\/abepro2025\/wp-content\/uploads\/2025\/10\/Captura-de-tela-2025-10-23-224822.png 1052w, https:\/\/portal.abepro.org.br\/abepro2025\/wp-content\/uploads\/2025\/10\/Captura-de-tela-2025-10-23-224822-300x165.png 300w, https:\/\/portal.abepro.org.br\/abepro2025\/wp-content\/uploads\/2025\/10\/Captura-de-tela-2025-10-23-224822-1024x565.png 1024w, https:\/\/portal.abepro.org.br\/abepro2025\/wp-content\/uploads\/2025\/10\/Captura-de-tela-2025-10-23-224822-768x423.png 768w\" sizes=\"(max-width: 1052px) 100vw, 1052px\" \/><\/div>\n\t\t<\/a>\n\t\t\t\t<div class=\"elementor-post__text\">\n\t\t\t\t<h3 class=\"elementor-post__title\">\n\t\t\t<a href=\"https:\/\/portal.abepro.org.br\/abepro2025\/solver-uma-ferramenta-poderosa-para-a-gestao-empresarial\/\" >\n\t\t\t\tSolver: Uma ferramenta poderosa para a gest\u00e3o empresarial\t\t\t<\/a>\n\t\t<\/h3>\n\t\t\t\t<\/div>\n\t\t\t\t<\/article>\n\t\t\t\t<article class=\"elementor-post elementor-grid-item post-6209 post type-post status-publish format-standard has-post-thumbnail hentry category-abj\" role=\"listitem\">\n\t\t\t\t<a class=\"elementor-post__thumbnail__link\" href=\"https:\/\/portal.abepro.org.br\/abepro2025\/2a-edicao-da-newsletter-abepro-jovem\/\" tabindex=\"-1\" >\n\t\t\t<div class=\"elementor-post__thumbnail\"><img loading=\"lazy\" decoding=\"async\" width=\"1080\" height=\"700\" src=\"https:\/\/portal.abepro.org.br\/abepro2025\/wp-content\/uploads\/2025\/09\/WhatsApp-Image-2025-09-13-at-15.53.53.jpeg\" class=\"attachment-full size-full wp-image-6211\" alt=\"\" srcset=\"https:\/\/portal.abepro.org.br\/abepro2025\/wp-content\/uploads\/2025\/09\/WhatsApp-Image-2025-09-13-at-15.53.53.jpeg 1080w, https:\/\/portal.abepro.org.br\/abepro2025\/wp-content\/uploads\/2025\/09\/WhatsApp-Image-2025-09-13-at-15.53.53-300x194.jpeg 300w, https:\/\/portal.abepro.org.br\/abepro2025\/wp-content\/uploads\/2025\/09\/WhatsApp-Image-2025-09-13-at-15.53.53-1024x664.jpeg 1024w, https:\/\/portal.abepro.org.br\/abepro2025\/wp-content\/uploads\/2025\/09\/WhatsApp-Image-2025-09-13-at-15.53.53-768x498.jpeg 768w\" sizes=\"(max-width: 1080px) 100vw, 1080px\" \/><\/div>\n\t\t<\/a>\n\t\t\t\t<div class=\"elementor-post__text\">\n\t\t\t\t<h3 class=\"elementor-post__title\">\n\t\t\t<a href=\"https:\/\/portal.abepro.org.br\/abepro2025\/2a-edicao-da-newsletter-abepro-jovem\/\" >\n\t\t\t\t2\u00aa Edi\u00e7\u00e3o da Newsletter &#8211; ABEPRO Jovem\t\t\t<\/a>\n\t\t<\/h3>\n\t\t\t\t<\/div>\n\t\t\t\t<\/article>\n\t\t\t\t<article class=\"elementor-post elementor-grid-item post-6145 post type-post status-publish format-standard has-post-thumbnail hentry category-abj\" role=\"listitem\">\n\t\t\t\t<a class=\"elementor-post__thumbnail__link\" href=\"https:\/\/portal.abepro.org.br\/abepro2025\/reflexoes-sobre-eficiencia-no-sus-quando-a-gestao-salva-vidas\/\" tabindex=\"-1\" >\n\t\t\t<div class=\"elementor-post__thumbnail\"><img loading=\"lazy\" decoding=\"async\" width=\"1080\" height=\"700\" src=\"https:\/\/portal.abepro.org.br\/abepro2025\/wp-content\/uploads\/2025\/08\/ABEPRO-Noticias-3-1.png\" class=\"attachment-full size-full wp-image-6175\" alt=\"\" srcset=\"https:\/\/portal.abepro.org.br\/abepro2025\/wp-content\/uploads\/2025\/08\/ABEPRO-Noticias-3-1.png 1080w, https:\/\/portal.abepro.org.br\/abepro2025\/wp-content\/uploads\/2025\/08\/ABEPRO-Noticias-3-1-300x194.png 300w, https:\/\/portal.abepro.org.br\/abepro2025\/wp-content\/uploads\/2025\/08\/ABEPRO-Noticias-3-1-1024x664.png 1024w, https:\/\/portal.abepro.org.br\/abepro2025\/wp-content\/uploads\/2025\/08\/ABEPRO-Noticias-3-1-768x498.png 768w\" sizes=\"(max-width: 1080px) 100vw, 1080px\" \/><\/div>\n\t\t<\/a>\n\t\t\t\t<div class=\"elementor-post__text\">\n\t\t\t\t<h3 class=\"elementor-post__title\">\n\t\t\t<a href=\"https:\/\/portal.abepro.org.br\/abepro2025\/reflexoes-sobre-eficiencia-no-sus-quando-a-gestao-salva-vidas\/\" >\n\t\t\t\tReflex\u00f5es sobre efici\u00eancia no SUS: quando a gest\u00e3o salva vidas\t\t\t<\/a>\n\t\t<\/h3>\n\t\t\t\t<\/div>\n\t\t\t\t<\/article>\n\t\t\t\t<article class=\"elementor-post elementor-grid-item post-6126 post type-post status-publish format-standard has-post-thumbnail hentry category-abj\" role=\"listitem\">\n\t\t\t\t<a class=\"elementor-post__thumbnail__link\" href=\"https:\/\/portal.abepro.org.br\/abepro2025\/lean-hospitals-mark-graban\/\" tabindex=\"-1\" >\n\t\t\t<div class=\"elementor-post__thumbnail\"><img loading=\"lazy\" decoding=\"async\" width=\"1080\" height=\"700\" src=\"https:\/\/portal.abepro.org.br\/abepro2025\/wp-content\/uploads\/2025\/08\/ABEPRO-Noticias-2-2.png\" class=\"attachment-full size-full wp-image-6174\" alt=\"\" srcset=\"https:\/\/portal.abepro.org.br\/abepro2025\/wp-content\/uploads\/2025\/08\/ABEPRO-Noticias-2-2.png 1080w, https:\/\/portal.abepro.org.br\/abepro2025\/wp-content\/uploads\/2025\/08\/ABEPRO-Noticias-2-2-300x194.png 300w, https:\/\/portal.abepro.org.br\/abepro2025\/wp-content\/uploads\/2025\/08\/ABEPRO-Noticias-2-2-1024x664.png 1024w, https:\/\/portal.abepro.org.br\/abepro2025\/wp-content\/uploads\/2025\/08\/ABEPRO-Noticias-2-2-768x498.png 768w\" sizes=\"(max-width: 1080px) 100vw, 1080px\" \/><\/div>\n\t\t<\/a>\n\t\t\t\t<div class=\"elementor-post__text\">\n\t\t\t\t<h3 class=\"elementor-post__title\">\n\t\t\t<a href=\"https:\/\/portal.abepro.org.br\/abepro2025\/lean-hospitals-mark-graban\/\" >\n\t\t\t\tLean Hospitals &#8211; Mark Graban\t\t\t<\/a>\n\t\t<\/h3>\n\t\t\t\t<\/div>\n\t\t\t\t<\/article>\n\t\t\t\t<article class=\"elementor-post elementor-grid-item post-6130 post type-post status-publish format-standard has-post-thumbnail hentry category-abj\" role=\"listitem\">\n\t\t\t\t<a class=\"elementor-post__thumbnail__link\" href=\"https:\/\/portal.abepro.org.br\/abepro2025\/newsletter-abepro-jovem\/\" tabindex=\"-1\" >\n\t\t\t<div class=\"elementor-post__thumbnail\"><img loading=\"lazy\" decoding=\"async\" width=\"1080\" height=\"700\" src=\"https:\/\/portal.abepro.org.br\/abepro2025\/wp-content\/uploads\/2025\/08\/ABEPRO-Noticias-1-4.png\" class=\"attachment-full size-full wp-image-6173\" alt=\"\" srcset=\"https:\/\/portal.abepro.org.br\/abepro2025\/wp-content\/uploads\/2025\/08\/ABEPRO-Noticias-1-4.png 1080w, https:\/\/portal.abepro.org.br\/abepro2025\/wp-content\/uploads\/2025\/08\/ABEPRO-Noticias-1-4-300x194.png 300w, https:\/\/portal.abepro.org.br\/abepro2025\/wp-content\/uploads\/2025\/08\/ABEPRO-Noticias-1-4-1024x664.png 1024w, https:\/\/portal.abepro.org.br\/abepro2025\/wp-content\/uploads\/2025\/08\/ABEPRO-Noticias-1-4-768x498.png 768w\" sizes=\"(max-width: 1080px) 100vw, 1080px\" \/><\/div>\n\t\t<\/a>\n\t\t\t\t<div class=\"elementor-post__text\">\n\t\t\t\t<h3 class=\"elementor-post__title\">\n\t\t\t<a href=\"https:\/\/portal.abepro.org.br\/abepro2025\/newsletter-abepro-jovem\/\" >\n\t\t\t\tNewsletter &#8211; ABEPRO Jovem\t\t\t<\/a>\n\t\t<\/h3>\n\t\t\t\t<\/div>\n\t\t\t\t<\/article>\n\t\t\t\t<article class=\"elementor-post elementor-grid-item post-6113 post type-post status-publish format-standard has-post-thumbnail hentry category-abj\" role=\"listitem\">\n\t\t\t\t<a class=\"elementor-post__thumbnail__link\" href=\"https:\/\/portal.abepro.org.br\/abepro2025\/teoria-das-restricoes-explicada-na-pratica\/\" tabindex=\"-1\" >\n\t\t\t<div class=\"elementor-post__thumbnail\"><img loading=\"lazy\" decoding=\"async\" width=\"1080\" height=\"700\" src=\"https:\/\/portal.abepro.org.br\/abepro2025\/wp-content\/uploads\/2025\/08\/ABEPRO-Noticias-2-1.png\" class=\"attachment-full size-full wp-image-6124\" alt=\"\" srcset=\"https:\/\/portal.abepro.org.br\/abepro2025\/wp-content\/uploads\/2025\/08\/ABEPRO-Noticias-2-1.png 1080w, https:\/\/portal.abepro.org.br\/abepro2025\/wp-content\/uploads\/2025\/08\/ABEPRO-Noticias-2-1-300x194.png 300w, https:\/\/portal.abepro.org.br\/abepro2025\/wp-content\/uploads\/2025\/08\/ABEPRO-Noticias-2-1-1024x664.png 1024w, https:\/\/portal.abepro.org.br\/abepro2025\/wp-content\/uploads\/2025\/08\/ABEPRO-Noticias-2-1-768x498.png 768w\" sizes=\"(max-width: 1080px) 100vw, 1080px\" \/><\/div>\n\t\t<\/a>\n\t\t\t\t<div class=\"elementor-post__text\">\n\t\t\t\t<h3 class=\"elementor-post__title\">\n\t\t\t<a href=\"https:\/\/portal.abepro.org.br\/abepro2025\/teoria-das-restricoes-explicada-na-pratica\/\" >\n\t\t\t\tTeoria das Restri\u00e7\u00f5es Explicada na Pr\u00e1tica\t\t\t<\/a>\n\t\t<\/h3>\n\t\t\t\t<\/div>\n\t\t\t\t<\/article>\n\t\t\t\t<article class=\"elementor-post elementor-grid-item post-6103 post type-post status-publish format-standard has-post-thumbnail hentry category-abj\" role=\"listitem\">\n\t\t\t\t<a class=\"elementor-post__thumbnail__link\" href=\"https:\/\/portal.abepro.org.br\/abepro2025\/o-mcdonalds-como-aula-de-engenharia-de-producao\/\" tabindex=\"-1\" >\n\t\t\t<div class=\"elementor-post__thumbnail\"><img loading=\"lazy\" decoding=\"async\" width=\"1080\" height=\"700\" src=\"https:\/\/portal.abepro.org.br\/abepro2025\/wp-content\/uploads\/2025\/08\/ABEPRO-Noticias-4.png\" class=\"attachment-full size-full wp-image-6172\" alt=\"\" srcset=\"https:\/\/portal.abepro.org.br\/abepro2025\/wp-content\/uploads\/2025\/08\/ABEPRO-Noticias-4.png 1080w, https:\/\/portal.abepro.org.br\/abepro2025\/wp-content\/uploads\/2025\/08\/ABEPRO-Noticias-4-300x194.png 300w, https:\/\/portal.abepro.org.br\/abepro2025\/wp-content\/uploads\/2025\/08\/ABEPRO-Noticias-4-1024x664.png 1024w, https:\/\/portal.abepro.org.br\/abepro2025\/wp-content\/uploads\/2025\/08\/ABEPRO-Noticias-4-768x498.png 768w\" sizes=\"(max-width: 1080px) 100vw, 1080px\" \/><\/div>\n\t\t<\/a>\n\t\t\t\t<div class=\"elementor-post__text\">\n\t\t\t\t<h3 class=\"elementor-post__title\">\n\t\t\t<a href=\"https:\/\/portal.abepro.org.br\/abepro2025\/o-mcdonalds-como-aula-de-engenharia-de-producao\/\" >\n\t\t\t\tO McDonald&#8217;s como aula de Engenharia de Produ\u00e7\u00e3o\t\t\t<\/a>\n\t\t<\/h3>\n\t\t\t\t<\/div>\n\t\t\t\t<\/article>\n\t\t\t\t<article class=\"elementor-post elementor-grid-item post-6099 post type-post status-publish format-standard has-post-thumbnail hentry category-abj\" role=\"listitem\">\n\t\t\t\t<a class=\"elementor-post__thumbnail__link\" href=\"https:\/\/portal.abepro.org.br\/abepro2025\/a-importancia-da-logistica-e-da-gestao-da-cadeia-de-suprimentos-na-era-digital\/\" tabindex=\"-1\" >\n\t\t\t<div class=\"elementor-post__thumbnail\"><img loading=\"lazy\" decoding=\"async\" width=\"1080\" height=\"700\" src=\"https:\/\/portal.abepro.org.br\/abepro2025\/wp-content\/uploads\/2025\/08\/ABEPRO-Noticias-1.png\" class=\"attachment-full size-full wp-image-6101\" alt=\"\" srcset=\"https:\/\/portal.abepro.org.br\/abepro2025\/wp-content\/uploads\/2025\/08\/ABEPRO-Noticias-1.png 1080w, https:\/\/portal.abepro.org.br\/abepro2025\/wp-content\/uploads\/2025\/08\/ABEPRO-Noticias-1-300x194.png 300w, https:\/\/portal.abepro.org.br\/abepro2025\/wp-content\/uploads\/2025\/08\/ABEPRO-Noticias-1-1024x664.png 1024w, https:\/\/portal.abepro.org.br\/abepro2025\/wp-content\/uploads\/2025\/08\/ABEPRO-Noticias-1-768x498.png 768w\" sizes=\"(max-width: 1080px) 100vw, 1080px\" \/><\/div>\n\t\t<\/a>\n\t\t\t\t<div class=\"elementor-post__text\">\n\t\t\t\t<h3 class=\"elementor-post__title\">\n\t\t\t<a href=\"https:\/\/portal.abepro.org.br\/abepro2025\/a-importancia-da-logistica-e-da-gestao-da-cadeia-de-suprimentos-na-era-digital\/\" >\n\t\t\t\tA import\u00e2ncia da Log\u00edstica e da Gest\u00e3o da Cadeia de Suprimentos na era digital\t\t\t<\/a>\n\t\t<\/h3>\n\t\t\t\t<\/div>\n\t\t\t\t<\/article>\n\t\t\t\t<article class=\"elementor-post elementor-grid-item post-5972 post type-post status-publish format-standard has-post-thumbnail hentry category-abj\" role=\"listitem\">\n\t\t\t\t<a class=\"elementor-post__thumbnail__link\" href=\"https:\/\/portal.abepro.org.br\/abepro2025\/lady-gaga-e-a-engenharia-de-producao-o-show-por-tras-do-show\/\" tabindex=\"-1\" >\n\t\t\t<div class=\"elementor-post__thumbnail\"><img loading=\"lazy\" decoding=\"async\" width=\"1080\" height=\"700\" src=\"https:\/\/portal.abepro.org.br\/abepro2025\/wp-content\/uploads\/2025\/07\/ABEPRO-Noticias-1.png\" class=\"attachment-full size-full wp-image-5980\" alt=\"\" srcset=\"https:\/\/portal.abepro.org.br\/abepro2025\/wp-content\/uploads\/2025\/07\/ABEPRO-Noticias-1.png 1080w, https:\/\/portal.abepro.org.br\/abepro2025\/wp-content\/uploads\/2025\/07\/ABEPRO-Noticias-1-300x194.png 300w, https:\/\/portal.abepro.org.br\/abepro2025\/wp-content\/uploads\/2025\/07\/ABEPRO-Noticias-1-1024x664.png 1024w, https:\/\/portal.abepro.org.br\/abepro2025\/wp-content\/uploads\/2025\/07\/ABEPRO-Noticias-1-768x498.png 768w\" sizes=\"(max-width: 1080px) 100vw, 1080px\" \/><\/div>\n\t\t<\/a>\n\t\t\t\t<div class=\"elementor-post__text\">\n\t\t\t\t<h3 class=\"elementor-post__title\">\n\t\t\t<a href=\"https:\/\/portal.abepro.org.br\/abepro2025\/lady-gaga-e-a-engenharia-de-producao-o-show-por-tras-do-show\/\" >\n\t\t\t\tLady Gaga e a Engenharia de Produ\u00e7\u00e3o: o show por tr\u00e1s do show!\t\t\t<\/a>\n\t\t<\/h3>\n\t\t\t\t<\/div>\n\t\t\t\t<\/article>\n\t\t\t\t<article class=\"elementor-post elementor-grid-item post-1449 post type-post status-publish format-standard has-post-thumbnail hentry category-abj\" role=\"listitem\">\n\t\t\t\t<a class=\"elementor-post__thumbnail__link\" href=\"https:\/\/portal.abepro.org.br\/abepro2025\/processo-eleitoral-para-a-gestao-2025-da-abepro-jovem\/\" tabindex=\"-1\" >\n\t\t\t<div class=\"elementor-post__thumbnail\"><img loading=\"lazy\" decoding=\"async\" width=\"600\" height=\"400\" src=\"https:\/\/portal.abepro.org.br\/abepro2025\/wp-content\/uploads\/2025\/02\/eleicao.jpg\" class=\"attachment-full size-full wp-image-1450\" alt=\"\" srcset=\"https:\/\/portal.abepro.org.br\/abepro2025\/wp-content\/uploads\/2025\/02\/eleicao.jpg 600w, https:\/\/portal.abepro.org.br\/abepro2025\/wp-content\/uploads\/2025\/02\/eleicao-300x200.jpg 300w\" sizes=\"(max-width: 600px) 100vw, 600px\" \/><\/div>\n\t\t<\/a>\n\t\t\t\t<div class=\"elementor-post__text\">\n\t\t\t\t<h3 class=\"elementor-post__title\">\n\t\t\t<a href=\"https:\/\/portal.abepro.org.br\/abepro2025\/processo-eleitoral-para-a-gestao-2025-da-abepro-jovem\/\" >\n\t\t\t\tProcesso Eleitoral para a Gest\u00e3o 2025 da ABEPRO Jovem\t\t\t<\/a>\n\t\t<\/h3>\n\t\t\t\t<\/div>\n\t\t\t\t<\/article>\n\t\t\t\t<article class=\"elementor-post elementor-grid-item post-1445 post type-post status-publish format-standard has-post-thumbnail hentry category-abj\" role=\"listitem\">\n\t\t\t\t<a class=\"elementor-post__thumbnail__link\" href=\"https:\/\/portal.abepro.org.br\/abepro2025\/natal-sera-palco-do-maior-evento-de-engenharia-de-producao-do-brasil-em-2025\/\" tabindex=\"-1\" >\n\t\t\t<div class=\"elementor-post__thumbnail\"><img loading=\"lazy\" decoding=\"async\" width=\"600\" height=\"400\" src=\"https:\/\/portal.abepro.org.br\/abepro2025\/wp-content\/uploads\/2025\/02\/natal.jpg\" class=\"attachment-full size-full wp-image-1448\" alt=\"\" srcset=\"https:\/\/portal.abepro.org.br\/abepro2025\/wp-content\/uploads\/2025\/02\/natal.jpg 600w, https:\/\/portal.abepro.org.br\/abepro2025\/wp-content\/uploads\/2025\/02\/natal-300x200.jpg 300w\" sizes=\"(max-width: 600px) 100vw, 600px\" \/><\/div>\n\t\t<\/a>\n\t\t\t\t<div class=\"elementor-post__text\">\n\t\t\t\t<h3 class=\"elementor-post__title\">\n\t\t\t<a href=\"https:\/\/portal.abepro.org.br\/abepro2025\/natal-sera-palco-do-maior-evento-de-engenharia-de-producao-do-brasil-em-2025\/\" >\n\t\t\t\tNatal ser\u00e1 palco do maior evento de Engenharia de Produ\u00e7\u00e3o do Brasil em 2025!\t\t\t<\/a>\n\t\t<\/h3>\n\t\t\t\t<\/div>\n\t\t\t\t<\/article>\n\t\t\t\t<article class=\"elementor-post elementor-grid-item post-1442 post type-post status-publish format-standard has-post-thumbnail hentry category-abj\" role=\"listitem\">\n\t\t\t\t<a class=\"elementor-post__thumbnail__link\" href=\"https:\/\/portal.abepro.org.br\/abepro2025\/novo-regimento-interno-da-abepro-jovem\/\" tabindex=\"-1\" >\n\t\t\t<div class=\"elementor-post__thumbnail\"><img loading=\"lazy\" decoding=\"async\" width=\"600\" height=\"400\" src=\"https:\/\/portal.abepro.org.br\/abepro2025\/wp-content\/uploads\/2025\/02\/reg-interno.jpg\" class=\"attachment-full size-full wp-image-1443\" alt=\"\" srcset=\"https:\/\/portal.abepro.org.br\/abepro2025\/wp-content\/uploads\/2025\/02\/reg-interno.jpg 600w, https:\/\/portal.abepro.org.br\/abepro2025\/wp-content\/uploads\/2025\/02\/reg-interno-300x200.jpg 300w\" sizes=\"(max-width: 600px) 100vw, 600px\" \/><\/div>\n\t\t<\/a>\n\t\t\t\t<div class=\"elementor-post__text\">\n\t\t\t\t<h3 class=\"elementor-post__title\">\n\t\t\t<a href=\"https:\/\/portal.abepro.org.br\/abepro2025\/novo-regimento-interno-da-abepro-jovem\/\" >\n\t\t\t\tNovo Regimento Interno da ABEPRO Jovem\t\t\t<\/a>\n\t\t<\/h3>\n\t\t\t\t<\/div>\n\t\t\t\t<\/article>\n\t\t\t\t<article class=\"elementor-post elementor-grid-item post-1435 post type-post status-publish format-standard has-post-thumbnail hentry category-abj\" role=\"listitem\">\n\t\t\t\t<a class=\"elementor-post__thumbnail__link\" href=\"https:\/\/portal.abepro.org.br\/abepro2025\/mas-afinal-o-que-e-o-enegep\/\" tabindex=\"-1\" >\n\t\t\t<div class=\"elementor-post__thumbnail\"><img loading=\"lazy\" decoding=\"async\" width=\"600\" height=\"400\" src=\"https:\/\/portal.abepro.org.br\/abepro2025\/wp-content\/uploads\/2025\/02\/enegep.jpg\" class=\"attachment-full size-full wp-image-1437\" alt=\"\" srcset=\"https:\/\/portal.abepro.org.br\/abepro2025\/wp-content\/uploads\/2025\/02\/enegep.jpg 600w, https:\/\/portal.abepro.org.br\/abepro2025\/wp-content\/uploads\/2025\/02\/enegep-300x200.jpg 300w\" sizes=\"(max-width: 600px) 100vw, 600px\" \/><\/div>\n\t\t<\/a>\n\t\t\t\t<div class=\"elementor-post__text\">\n\t\t\t\t<h3 class=\"elementor-post__title\">\n\t\t\t<a href=\"https:\/\/portal.abepro.org.br\/abepro2025\/mas-afinal-o-que-e-o-enegep\/\" >\n\t\t\t\tMas, afinal, o que \u00e9 o ENEGEP?\t\t\t<\/a>\n\t\t<\/h3>\n\t\t\t\t<\/div>\n\t\t\t\t<\/article>\n\t\t\t\t<article class=\"elementor-post elementor-grid-item post-1427 post type-post status-publish format-standard has-post-thumbnail hentry category-abj\" role=\"listitem\">\n\t\t\t\t<a class=\"elementor-post__thumbnail__link\" href=\"https:\/\/portal.abepro.org.br\/abepro2025\/entrei-para-o-curso-de-engenharia-de-producao-e-agora-o-que-faco\/\" tabindex=\"-1\" >\n\t\t\t<div class=\"elementor-post__thumbnail\"><img loading=\"lazy\" decoding=\"async\" width=\"600\" height=\"400\" src=\"https:\/\/portal.abepro.org.br\/abepro2025\/wp-content\/uploads\/2025\/02\/entrei.jpg\" class=\"attachment-full size-full wp-image-1430\" alt=\"\" srcset=\"https:\/\/portal.abepro.org.br\/abepro2025\/wp-content\/uploads\/2025\/02\/entrei.jpg 600w, https:\/\/portal.abepro.org.br\/abepro2025\/wp-content\/uploads\/2025\/02\/entrei-300x200.jpg 300w\" sizes=\"(max-width: 600px) 100vw, 600px\" \/><\/div>\n\t\t<\/a>\n\t\t\t\t<div class=\"elementor-post__text\">\n\t\t\t\t<h3 class=\"elementor-post__title\">\n\t\t\t<a href=\"https:\/\/portal.abepro.org.br\/abepro2025\/entrei-para-o-curso-de-engenharia-de-producao-e-agora-o-que-faco\/\" >\n\t\t\t\tEntrei para o curso de\u00a0 Engenharia de Produ\u00e7\u00e3o! E agora, o que fa\u00e7o?\t\t\t<\/a>\n\t\t<\/h3>\n\t\t\t\t<\/div>\n\t\t\t\t<\/article>\n\t\t\t\t<article class=\"elementor-post elementor-grid-item post-1405 post type-post status-publish format-standard has-post-thumbnail hentry category-abj\" role=\"listitem\">\n\t\t\t\t<a class=\"elementor-post__thumbnail__link\" href=\"https:\/\/portal.abepro.org.br\/abepro2025\/grandes-feitos-de-mulheres-na-engenharia-de-producao-no-brasil\/\" tabindex=\"-1\" >\n\t\t\t<div class=\"elementor-post__thumbnail\"><img loading=\"lazy\" decoding=\"async\" width=\"600\" height=\"400\" src=\"https:\/\/portal.abepro.org.br\/abepro2025\/wp-content\/uploads\/2025\/02\/mulheres.jpg\" class=\"attachment-full size-full wp-image-1406\" alt=\"\" srcset=\"https:\/\/portal.abepro.org.br\/abepro2025\/wp-content\/uploads\/2025\/02\/mulheres.jpg 600w, https:\/\/portal.abepro.org.br\/abepro2025\/wp-content\/uploads\/2025\/02\/mulheres-300x200.jpg 300w\" sizes=\"(max-width: 600px) 100vw, 600px\" \/><\/div>\n\t\t<\/a>\n\t\t\t\t<div class=\"elementor-post__text\">\n\t\t\t\t<h3 class=\"elementor-post__title\">\n\t\t\t<a href=\"https:\/\/portal.abepro.org.br\/abepro2025\/grandes-feitos-de-mulheres-na-engenharia-de-producao-no-brasil\/\" >\n\t\t\t\tGrandes feitos de mulheres na Engenharia de Produ\u00e7\u00e3o no Brasil\t\t\t<\/a>\n\t\t<\/h3>\n\t\t\t\t<\/div>\n\t\t\t\t<\/article>\n\t\t\t\t<article class=\"elementor-post elementor-grid-item post-1395 post type-post status-publish format-standard has-post-thumbnail hentry category-abj\" role=\"listitem\">\n\t\t\t\t<a class=\"elementor-post__thumbnail__link\" href=\"https:\/\/portal.abepro.org.br\/abepro2025\/o-que-e-a-abepro-jovem-entenda-qual-o-seu-papel-para-engenharia-de-producao\/\" tabindex=\"-1\" >\n\t\t\t<div class=\"elementor-post__thumbnail\"><img loading=\"lazy\" decoding=\"async\" width=\"600\" height=\"399\" src=\"https:\/\/portal.abepro.org.br\/abepro2025\/wp-content\/uploads\/2025\/02\/POST_ABJ.jpg\" class=\"attachment-full size-full wp-image-1398\" alt=\"\" srcset=\"https:\/\/portal.abepro.org.br\/abepro2025\/wp-content\/uploads\/2025\/02\/POST_ABJ.jpg 600w, https:\/\/portal.abepro.org.br\/abepro2025\/wp-content\/uploads\/2025\/02\/POST_ABJ-300x200.jpg 300w\" sizes=\"(max-width: 600px) 100vw, 600px\" \/><\/div>\n\t\t<\/a>\n\t\t\t\t<div class=\"elementor-post__text\">\n\t\t\t\t<h3 class=\"elementor-post__title\">\n\t\t\t<a href=\"https:\/\/portal.abepro.org.br\/abepro2025\/o-que-e-a-abepro-jovem-entenda-qual-o-seu-papel-para-engenharia-de-producao\/\" >\n\t\t\t\tO que \u00e9 a ABEPRO Jovem? Entenda qual o seu papel para Engenharia de Produ\u00e7\u00e3o!\t\t\t<\/a>\n\t\t<\/h3>\n\t\t\t\t<\/div>\n\t\t\t\t<\/article>\n\t\t\t\t<article class=\"elementor-post elementor-grid-item post-5518 post type-post status-publish format-standard has-post-thumbnail hentry category-abj category-noticias\" role=\"listitem\">\n\t\t\t\t<a class=\"elementor-post__thumbnail__link\" href=\"https:\/\/portal.abepro.org.br\/abepro2025\/processo-eleitoral-para-a-gestao-2025-da-abepro-jovem-2\/\" tabindex=\"-1\" >\n\t\t\t<div class=\"elementor-post__thumbnail\"><img loading=\"lazy\" decoding=\"async\" width=\"1080\" height=\"700\" src=\"https:\/\/portal.abepro.org.br\/abepro2025\/wp-content\/uploads\/2024\/12\/ABEPRO-Noticias-1-1.png\" class=\"attachment-full size-full wp-image-5520\" alt=\"\" srcset=\"https:\/\/portal.abepro.org.br\/abepro2025\/wp-content\/uploads\/2024\/12\/ABEPRO-Noticias-1-1.png 1080w, https:\/\/portal.abepro.org.br\/abepro2025\/wp-content\/uploads\/2024\/12\/ABEPRO-Noticias-1-1-300x194.png 300w, https:\/\/portal.abepro.org.br\/abepro2025\/wp-content\/uploads\/2024\/12\/ABEPRO-Noticias-1-1-1024x664.png 1024w, https:\/\/portal.abepro.org.br\/abepro2025\/wp-content\/uploads\/2024\/12\/ABEPRO-Noticias-1-1-768x498.png 768w\" sizes=\"(max-width: 1080px) 100vw, 1080px\" \/><\/div>\n\t\t<\/a>\n\t\t\t\t<div class=\"elementor-post__text\">\n\t\t\t\t<h3 class=\"elementor-post__title\">\n\t\t\t<a href=\"https:\/\/portal.abepro.org.br\/abepro2025\/processo-eleitoral-para-a-gestao-2025-da-abepro-jovem-2\/\" >\n\t\t\t\tProcesso Eleitoral para a Gest\u00e3o 2025 da ABEPRO Jovem\t\t\t<\/a>\n\t\t<\/h3>\n\t\t\t\t<\/div>\n\t\t\t\t<\/article>\n\t\t\t\t<article class=\"elementor-post elementor-grid-item post-5514 post type-post status-publish format-standard has-post-thumbnail hentry category-abj category-noticias\" role=\"listitem\">\n\t\t\t\t<a class=\"elementor-post__thumbnail__link\" href=\"https:\/\/portal.abepro.org.br\/abepro2025\/natal-sera-palco-do-maior-evento-de-engenharia-de-producao-do-brasil-em-2025-2\/\" tabindex=\"-1\" >\n\t\t\t<div class=\"elementor-post__thumbnail\"><img loading=\"lazy\" decoding=\"async\" width=\"1080\" height=\"700\" src=\"https:\/\/portal.abepro.org.br\/abepro2025\/wp-content\/uploads\/2024\/12\/ABEPRO-Noticias-1.png\" class=\"attachment-full size-full wp-image-5515\" alt=\"\" srcset=\"https:\/\/portal.abepro.org.br\/abepro2025\/wp-content\/uploads\/2024\/12\/ABEPRO-Noticias-1.png 1080w, https:\/\/portal.abepro.org.br\/abepro2025\/wp-content\/uploads\/2024\/12\/ABEPRO-Noticias-1-300x194.png 300w, https:\/\/portal.abepro.org.br\/abepro2025\/wp-content\/uploads\/2024\/12\/ABEPRO-Noticias-1-1024x664.png 1024w, https:\/\/portal.abepro.org.br\/abepro2025\/wp-content\/uploads\/2024\/12\/ABEPRO-Noticias-1-768x498.png 768w\" sizes=\"(max-width: 1080px) 100vw, 1080px\" \/><\/div>\n\t\t<\/a>\n\t\t\t\t<div class=\"elementor-post__text\">\n\t\t\t\t<h3 class=\"elementor-post__title\">\n\t\t\t<a href=\"https:\/\/portal.abepro.org.br\/abepro2025\/natal-sera-palco-do-maior-evento-de-engenharia-de-producao-do-brasil-em-2025-2\/\" >\n\t\t\t\tNatal ser\u00e1 palco do maior evento de Engenharia de Produ\u00e7\u00e3o do Brasil em 2025!\t\t\t<\/a>\n\t\t<\/h3>\n\t\t\t\t<\/div>\n\t\t\t\t<\/article>\n\t\t\t\t<article class=\"elementor-post elementor-grid-item post-5460 post type-post status-publish format-standard has-post-thumbnail hentry category-abj\" role=\"listitem\">\n\t\t\t\t<a class=\"elementor-post__thumbnail__link\" href=\"https:\/\/portal.abepro.org.br\/abepro2025\/novo-regimento-interno-da-abepro-jovem-2\/\" tabindex=\"-1\" >\n\t\t\t<div class=\"elementor-post__thumbnail\"><img loading=\"lazy\" decoding=\"async\" width=\"1080\" height=\"700\" src=\"https:\/\/portal.abepro.org.br\/abepro2025\/wp-content\/uploads\/2024\/10\/ABEPRO-Noticias.png\" class=\"attachment-full size-full wp-image-5461\" alt=\"\" srcset=\"https:\/\/portal.abepro.org.br\/abepro2025\/wp-content\/uploads\/2024\/10\/ABEPRO-Noticias.png 1080w, https:\/\/portal.abepro.org.br\/abepro2025\/wp-content\/uploads\/2024\/10\/ABEPRO-Noticias-300x194.png 300w, https:\/\/portal.abepro.org.br\/abepro2025\/wp-content\/uploads\/2024\/10\/ABEPRO-Noticias-1024x664.png 1024w, https:\/\/portal.abepro.org.br\/abepro2025\/wp-content\/uploads\/2024\/10\/ABEPRO-Noticias-768x498.png 768w\" sizes=\"(max-width: 1080px) 100vw, 1080px\" \/><\/div>\n\t\t<\/a>\n\t\t\t\t<div class=\"elementor-post__text\">\n\t\t\t\t<h3 class=\"elementor-post__title\">\n\t\t\t<a href=\"https:\/\/portal.abepro.org.br\/abepro2025\/novo-regimento-interno-da-abepro-jovem-2\/\" >\n\t\t\t\tNovo Regimento Interno da ABEPRO Jovem\t\t\t<\/a>\n\t\t<\/h3>\n\t\t\t\t<\/div>\n\t\t\t\t<\/article>\n\t\t\t\t<\/div>\n\t\t\n\t\t\t\t\t\t<\/div>\n\t\t\t\t<\/div>\n\t\t\t\t\t<\/div>\n\t\t\t\t<\/div>\n\t\t<div class=\"elementor-element elementor-element-10b4a5b e-flex e-con-boxed e-con e-parent\" data-id=\"10b4a5b\" data-element_type=\"container\">\n\t\t\t\t\t<div class=\"e-con-inner\">\n\t\t\t\t<div class=\"elementor-element elementor-element-ec1a89d elementor-widget elementor-widget-heading\" data-id=\"ec1a89d\" data-element_type=\"widget\" data-widget_type=\"heading.default\">\n\t\t\t\t<div class=\"elementor-widget-container\">\n\t\t\t\t\t<h2 class=\"elementor-heading-title elementor-size-default\">Rede ABJ - CA's EJ's e PET's<\/h2>\t\t\t\t<\/div>\n\t\t\t\t<\/div>\n\t\t\t\t<div class=\"elementor-element elementor-element-b73cac2 elementor-widget elementor-widget-text-editor\" data-id=\"b73cac2\" data-element_type=\"widget\" data-widget_type=\"text-editor.default\">\n\t\t\t\t<div class=\"elementor-widget-container\">\n\t\t\t\t\t\t\t\t\t<p data-start=\"207\" data-end=\"473\">A <strong data-start=\"209\" data-end=\"221\">Rede ABJ<\/strong> \u00e9 uma iniciativa da <strong data-start=\"242\" data-end=\"258\">ABEPRO Jovem<\/strong> que tem como objetivo <strong data-start=\"281\" data-end=\"398\">divulgar e fortalecer os Centros Acad\u00eamicos (CAs), Empresas Juniores (EJs) e grupos PET de Engenharia de Produ\u00e7\u00e3o<\/strong> espalhados por todo o Brasil, que s\u00e3o parceiros ativos do nosso movimento.<\/p><p data-start=\"475\" data-end=\"721\">Por meio da Rede ABJ, buscamos dar <strong data-start=\"510\" data-end=\"559\">visibilidade \u00e0s a\u00e7\u00f5es, projetos e iniciativas<\/strong> desenvolvidas por essas entidades, promovendo a troca de experi\u00eancias, o engajamento estudantil e o fortalecimento da comunidade jovem da Engenharia de Produ\u00e7\u00e3o.<\/p><p data-start=\"723\" data-end=\"857\">\ud83d\udccdEssa rede representa a <strong data-start=\"748\" data-end=\"772\">diversidade regional<\/strong>, o protagonismo estudantil e a for\u00e7a coletiva que impulsionam o futuro da profiss\u00e3o.<\/p><p data-start=\"859\" data-end=\"936\">Se a sua entidade ainda n\u00e3o faz parte, venha construir essa rede com a gente!<br \/><br \/>presidencia.abj@abepro.org.br<\/p>\t\t\t\t\t\t\t\t<\/div>\n\t\t\t\t<\/div>\n\t\t\t\t<div class=\"elementor-element elementor-element-414823d elementor-widget elementor-widget-n-accordion\" data-id=\"414823d\" data-element_type=\"widget\" data-settings=\"{&quot;default_state&quot;:&quot;expanded&quot;,&quot;max_items_expended&quot;:&quot;one&quot;,&quot;n_accordion_animation_duration&quot;:{&quot;unit&quot;:&quot;ms&quot;,&quot;size&quot;:400,&quot;sizes&quot;:[]}}\" data-widget_type=\"nested-accordion.default\">\n\t\t\t\t<div class=\"elementor-widget-container\">\n\t\t\t\t\t\t\t<div class=\"e-n-accordion\" aria-label=\"Accordion. Open links with Enter or Space, close with Escape, and navigate with Arrow Keys\">\n\t\t\t\t\t\t<details id=\"e-n-accordion-item-6840\" class=\"e-n-accordion-item\" open>\n\t\t\t\t<summary class=\"e-n-accordion-item-title\" data-accordion-index=\"1\" tabindex=\"0\" aria-expanded=\"true\" aria-controls=\"e-n-accordion-item-6840\" >\n\t\t\t\t\t<span class='e-n-accordion-item-title-header'><div class=\"e-n-accordion-item-title-text\"> Sudeste <\/div><\/span>\n\t\t\t\t\t\t\t<span class='e-n-accordion-item-title-icon'>\n\t\t\t<span class='e-opened' ><svg aria-hidden=\"true\" class=\"e-font-icon-svg e-fas-minus\" viewBox=\"0 0 448 512\" xmlns=\"http:\/\/www.w3.org\/2000\/svg\"><path d=\"M416 208H32c-17.67 0-32 14.33-32 32v32c0 17.67 14.33 32 32 32h384c17.67 0 32-14.33 32-32v-32c0-17.67-14.33-32-32-32z\"><\/path><\/svg><\/span>\n\t\t\t<span class='e-closed'><svg aria-hidden=\"true\" class=\"e-font-icon-svg e-fas-plus\" viewBox=\"0 0 448 512\" xmlns=\"http:\/\/www.w3.org\/2000\/svg\"><path d=\"M416 208H272V64c0-17.67-14.33-32-32-32h-32c-17.67 0-32 14.33-32 32v144H32c-17.67 0-32 14.33-32 32v32c0 17.67 14.33 32 32 32h144v144c0 17.67 14.33 32 32 32h32c17.67 0 32-14.33 32-32V304h144c17.67 0 32-14.33 32-32v-32c0-17.67-14.33-32-32-32z\"><\/path><\/svg><\/span>\n\t\t<\/span>\n\n\t\t\t\t\t\t<\/summary>\n\t\t\t\t<div role=\"region\" aria-labelledby=\"e-n-accordion-item-6840\" class=\"elementor-element elementor-element-c93de03 e-con-full e-flex e-con e-child\" data-id=\"c93de03\" data-element_type=\"container\">\n\t\t\t\t<div class=\"elementor-element elementor-element-ecbe87c elementor-widget elementor-widget-heading\" data-id=\"ecbe87c\" data-element_type=\"widget\" data-widget_type=\"heading.default\">\n\t\t\t\t<div class=\"elementor-widget-container\">\n\t\t\t\t\t<h2 class=\"elementor-heading-title elementor-size-default\">S\u00e3o Paulo<\/h2>\t\t\t\t<\/div>\n\t\t\t\t<\/div>\n\t\t\t\t<div class=\"elementor-element elementor-element-cb0f648 elementor-widget elementor-widget-text-editor\" data-id=\"cb0f648\" data-element_type=\"widget\" data-widget_type=\"text-editor.default\">\n\t\t\t\t<div class=\"elementor-widget-container\">\n\t\t\t\t\t\t\t\t\t<p><em><strong>Programa de Educa\u00e7\u00e3o Tutorial de Engenharia de Produ\u00e7\u00e3o do Campus<\/strong><\/em><br \/><em><strong>S\u00e3o Carlos da Universidade Federal de S\u00e3o Carlos \u2014 PET Produ\u00e7\u00e3o UFSCar E-mails Institucionais<\/strong><\/em> <br \/>\u25cb pet@dep.ufscar.br<br \/>\u25cf Contatos e Redes Sociais:<br \/>\u25cb Site\/Blog: <strong><a href=\"http:\/\/devcati.com\/petproducao\/\" target=\"_blank\" rel=\"noopener\">Clique aqui<\/a><\/strong><br \/>\u25cb Instagram: <strong><a href=\"http:\/\/instagram.com\/petproducao\" target=\"_blank\" rel=\"noopener\">Clique aqui\u00a0<\/a><\/strong><br \/>\u25cb LinkedIn: <strong><a href=\"http:\/\/linkedin.com\/company\/petproducaoufscar\/\" target=\"_blank\" rel=\"noopener\">Clique aqui\u00a0<\/a>\u00a0<\/strong><\/p><p><strong>Centro Acad\u00eamico da Engenharia de Produ\u00e7\u00e3o \u201cCristina Costa e Osni dos<\/strong><br \/><strong>Santos\u201d da Escola Polit\u00e9cnica da Universidade de S\u00e3o Paulo \u2014 CAEP Poli-USP. E-mails Institucionais:<\/strong> <br \/>\u25cb caep.poli.usp@gmail.com<br \/>\u25cf Contatos e Redes Sociais:<br \/>\u25cb Facebook: <strong><a href=\"http:\/\/facebook.com\/caep.poli.usp\" target=\"_blank\" rel=\"noopener\">Clique aqui<\/a><\/strong><br \/>\u25cb Instagram: <a href=\"http:\/\/instagram.com\/caepusp\" target=\"_blank\" rel=\"noopener\"><strong>Clique aqui<\/strong><\/a><br \/>\u25cb LinkedIn: <strong><a href=\"http:\/\/linkedin.com\/company\/caep-poli-usp\/\" target=\"_blank\" rel=\"noopener\">Clique aqui<\/a><\/strong><\/p><p>Centro Acad\u00eamico da Engenharia de Produ\u00e7\u00e3o do Campus S\u00e3o Carlos da<br \/>Universidade Federal de S\u00e3o Carlos \u2014 CAEP UFSCar; E-mails Institucionais:<br \/>\u25cb caep.dep@gmail.com<br \/>\u25cf Contatos e Redes Sociais:<br \/>\u25cb Instagram: <strong><a href=\"http:\/\/instagram.com\/caepufscar\" target=\"_blank\" rel=\"noopener\">Clique aqui<\/a><\/strong><br \/>\u25cb LinkedIn: <strong><a href=\"https:\/\/www.linkedin.com\/company\/caepufscar\/?originalSubdomain=br\" target=\"_blank\" rel=\"noopener\">Clique aqui<\/a><br \/><\/strong><\/p><p><strong>Centro Acad\u00eamico de Engenharia de Produ\u00e7\u00e3o da Escola de Engenharia<\/strong><br \/><strong>de Lorena da Universidade de S\u00e3o Paulo \u2014 CAEP EEL-USP; E-mails Institucionais:<\/strong><br \/>\u25cb caep.eel@gmail.com<br \/>\u25cb assuntosacademicos.caep@gmail.com<br \/>\u25cb caepgp@gmail.com<br \/>\u25cf Contatos e Redes Sociais:<br \/>\u25cb Instagram: <strong><a href=\"http:\/\/instagram.com\/caep.eelusp\" target=\"_blank\" rel=\"noopener\">Clique aqui<\/a><\/strong><br \/>\u25cb LinkedIn: <strong><a href=\"http:\/\/linkedin.com\/company\/caepeelusp\/\" target=\"_blank\" rel=\"noopener\">Clique aqui\u00a0<\/a><\/strong><\/p><p>Centro Acad\u00eamico de Engenharia de Produ\u00e7\u00e3o do Instituto de Ci\u00eancias e<br \/>Engenharia do C\u00e2mpus de Itapeva da Universidade Estadual Paulista \u201cJ\u00falio de Mesquita Filho\u201d<br \/>\u2014 CAEP ICE-UNESP; E-mails Institucionais:<br \/>\u25cb caep.unesp.itapeva@gmail.com<br \/>\u25cf Contatos e Redes Sociais:<br \/>\u25cb Facebook: <strong><a href=\"http:\/\/facebook.com\/unesp.caep\" target=\"_blank\" rel=\"noopener\">Clique aqui<\/a><\/strong><br \/>\u25cb Instagram: <strong><a href=\"http:\/\/instagram.com\/caep.unesp\" target=\"_blank\" rel=\"noopener\">Clique aqui\u00a0<\/a><\/strong><\/p><p>Centro Acad\u00eamico e Atl\u00e9tica de Engenharia de Produ\u00e7\u00e3o do Campus<br \/>Sorocaba da Universidade Federal de S\u00e3o Carlos \u2014 CAEPS UFSCar-Sorocaba; E-mails Institucionais :<br \/>\u25cb adm.caeps@gmail.com<br \/>\u25cf Contatos e Redes Sociais:<br \/>\u25cb Instagram: <strong><a href=\"http:\/\/instagram.com\/caeps__\" target=\"_blank\" rel=\"noopener\">Clique aqui<\/a><\/strong><br \/>\u25cb TikTok: <strong><a href=\"http:\/\/tiktok.com\/@caepsttk\" target=\"_blank\" rel=\"noopener\">Clique aqui<\/a><br \/><\/strong><\/p><p><strong>Secretaria Acad\u00eamica de Engenharia de Produ\u00e7\u00e3o da Escola de<\/strong><br \/><strong>Engenharia de S\u00e3o Carlos da Universidade de S\u00e3o Paulo \u2014 Pr\u00f3-Produ\u00e7\u00e3o EESC-USP; E-mails Institucionais:<\/strong><br \/>\u25cb proproducaosecretariaacademica@gmail.com<br \/>\u25cf Contatos e Redes Sociais:<br \/>\u25cb Facebook: <a href=\"http:\/\/facebook.com\/proproducao\" target=\"_blank\" rel=\"noopener\"><strong>Clique aqui<\/strong><\/a><br \/>\u25cb Instagram: <a href=\"http:\/\/instagram.com\/proproducao\" target=\"_blank\" rel=\"noopener\"><strong>Clique aqui<\/strong><\/a><br \/>\u25cb LinkedIn: <strong><a href=\"http:\/\/linkedin.com\/company\/pr%C3%B3-produ%C3%A7%C3%A3o\/\" target=\"_blank\" rel=\"noopener\">Clique aqui<\/a><\/strong><\/p><p>\u00a0<\/p>\t\t\t\t\t\t\t\t<\/div>\n\t\t\t\t<\/div>\n\t\t\t\t<\/div>\n\t\t\t\t\t<\/details>\n\t\t\t\t\t\t<details id=\"e-n-accordion-item-6841\" class=\"e-n-accordion-item\" >\n\t\t\t\t<summary class=\"e-n-accordion-item-title\" data-accordion-index=\"2\" tabindex=\"-1\" aria-expanded=\"false\" aria-controls=\"e-n-accordion-item-6841\" >\n\t\t\t\t\t<span class='e-n-accordion-item-title-header'><div class=\"e-n-accordion-item-title-text\"> Nordeste <\/div><\/span>\n\t\t\t\t\t\t\t<span class='e-n-accordion-item-title-icon'>\n\t\t\t<span class='e-opened' ><svg aria-hidden=\"true\" class=\"e-font-icon-svg e-fas-minus\" viewBox=\"0 0 448 512\" xmlns=\"http:\/\/www.w3.org\/2000\/svg\"><path d=\"M416 208H32c-17.67 0-32 14.33-32 32v32c0 17.67 14.33 32 32 32h384c17.67 0 32-14.33 32-32v-32c0-17.67-14.33-32-32-32z\"><\/path><\/svg><\/span>\n\t\t\t<span class='e-closed'><svg aria-hidden=\"true\" class=\"e-font-icon-svg e-fas-plus\" viewBox=\"0 0 448 512\" xmlns=\"http:\/\/www.w3.org\/2000\/svg\"><path d=\"M416 208H272V64c0-17.67-14.33-32-32-32h-32c-17.67 0-32 14.33-32 32v144H32c-17.67 0-32 14.33-32 32v32c0 17.67 14.33 32 32 32h144v144c0 17.67 14.33 32 32 32h32c17.67 0 32-14.33 32-32V304h144c17.67 0 32-14.33 32-32v-32c0-17.67-14.33-32-32-32z\"><\/path><\/svg><\/span>\n\t\t<\/span>\n\n\t\t\t\t\t\t<\/summary>\n\t\t\t\t<div role=\"region\" aria-labelledby=\"e-n-accordion-item-6841\" class=\"elementor-element elementor-element-f39338a e-flex e-con-boxed e-con e-child\" data-id=\"f39338a\" data-element_type=\"container\">\n\t\t\t\t\t<div class=\"e-con-inner\">\n\t\t\t\t<div class=\"elementor-element elementor-element-7dc05d9 elementor-widget elementor-widget-heading\" data-id=\"7dc05d9\" data-element_type=\"widget\" data-widget_type=\"heading.default\">\n\t\t\t\t<div class=\"elementor-widget-container\">\n\t\t\t\t\t<h2 class=\"elementor-heading-title elementor-size-default\">Bahia<\/h2>\t\t\t\t<\/div>\n\t\t\t\t<\/div>\n\t\t\t\t<div class=\"elementor-element elementor-element-60d043f elementor-widget elementor-widget-text-editor\" data-id=\"60d043f\" data-element_type=\"widget\" data-widget_type=\"text-editor.default\">\n\t\t\t\t<div class=\"elementor-widget-container\">\n\t\t\t\t\t\t\t\t\t<p><strong>Centro Acad\u00eamico de Engenharia de Produ\u00e7\u00e3o UESC<\/strong><br \/>\u25cb caep.uesc@gmail.com<br \/>\u25cb abssantiago.ep@uesc.br<br \/>\u25cb aoreis.ep@uesc.br<br \/>\u25cf Contatos e Redes Sociais:<br \/>\u25cb Instagram: @caepuesc<\/p><p><strong>Diret\u00f3rio Acad\u00eamico de Engenharia de Produ\u00e7\u00e3o da UFBA;<\/strong><\/p><p>\u25cf E-mails Institucionais <br \/>\u25cb santos.julio@ufba.br<br \/>\u25cb mariabordoni@ufba.br<br \/>\u25cb danieleandrade@ufba.br<br \/>\u25cf Contatos e Redes Sociais:<br \/>\u25cb Site\/Blog: <a href=\"https:\/\/beacons.page\/daepufba\" target=\"_blank\" rel=\"noopener\"><strong>Clique aqui<\/strong><\/a><br \/>\u25cb Facebook: DAEP UFBA<br \/>\u25cb Instagram: <strong><a href=\"http:\/\/@daep.ufba\" target=\"_blank\" rel=\"noopener\">Clique aqui<\/a><\/strong><br \/>\u25cb LinkedIn: <a href=\"http:\/\/www.linkedin.com\/in\/daep-ufba\" target=\"_blank\" rel=\"noopener\"><strong>Clique aqui<\/strong><\/a><\/p><p><strong>ENGTEMP Jr.<\/strong><br \/>\u25cb engtempjr@gmail.com<br \/>\u25cb atos.leal@aluno.ufrb.edu.br<\/p><p>\u25cf Contatos e Redes Sociais:<\/p><p>\u25cb Instagram: Engtemp J\u00fanior @engtemp_jr<br \/>\u25cb LinkedIn: Engtemp Jr<\/p><p><strong>CIMATEC Jr.<\/strong><br \/>\u25cb comercial@cimatecjr.com.br<br \/>\u25cb presidencia@cimatecjr.com.br<\/p><p>\u25cf Contatos e Redes Sociais:<br \/>\u25cb Site\/Blog: <a href=\"https:\/\/www.cimatecjr.com.br\/\" target=\"_blank\" rel=\"noopener\"><strong>Clique aqui<\/strong><\/a><br \/>\u25cb Facebook: <a href=\"https:\/\/m.facebook.com\/cimatecjr\/photos\/?locale=pt_BR\" target=\"_blank\" rel=\"noopener\"><strong>Clique aqui<\/strong><\/a><br \/>\u25cb Instagram: <a href=\"https:\/\/www.instagram.com\/cimatecjr\/\" target=\"_blank\" rel=\"noopener\"><strong>Clique aqui<\/strong><\/a><br \/>\u25cb LinkedIn:<strong> <a href=\"https:\/\/br.linkedin.com\/company\/cimatecjr\" target=\"_blank\" rel=\"noopener\">Clique aqui<\/a><br \/><\/strong><\/p>\t\t\t\t\t\t\t\t<\/div>\n\t\t\t\t<\/div>\n\t\t\t\t<div class=\"elementor-element elementor-element-9dadae2 elementor-widget elementor-widget-heading\" data-id=\"9dadae2\" data-element_type=\"widget\" data-widget_type=\"heading.default\">\n\t\t\t\t<div class=\"elementor-widget-container\">\n\t\t\t\t\t<h2 class=\"elementor-heading-title elementor-size-default\">Rio Grande do Norte<\/h2>\t\t\t\t<\/div>\n\t\t\t\t<\/div>\n\t\t\t\t<div class=\"elementor-element elementor-element-7843bf0 elementor-widget elementor-widget-text-editor\" data-id=\"7843bf0\" data-element_type=\"widget\" data-widget_type=\"text-editor.default\">\n\t\t\t\t<div class=\"elementor-widget-container\">\n\t\t\t\t\t\t\t\t\t<p><strong>Centro Acad\u00eamico de Engenharia de Produ\u00e7\u00e3o da UFRN<\/strong><br \/>\u25cb caenpro.ufrnct@gmail.com<br \/>\u25cb ufrnsep@gmail.com<br \/>\u25cb Facebook: CAENPRO UFRN <strong><a href=\"https:\/\/www.facebook.com\/caenpro\/\" target=\"_blank\" rel=\"noopener\">Clique aqui<\/a><\/strong><br \/>\u25cb Instagram: <strong><a href=\"https:\/\/www.instagram.com\/caenproufrn\/\">Clique aqui<\/a><\/strong><br \/>\u25cb LinkedIn: CAENPRO <strong><a href=\"https:\/\/br.linkedin.com\/company\/caenproufrn\" target=\"_blank\" rel=\"noopener\">Clique aqui<\/a><\/strong><\/p>\t\t\t\t\t\t\t\t<\/div>\n\t\t\t\t<\/div>\n\t\t\t\t\t<\/div>\n\t\t\t\t<\/div>\n\t\t\t\t\t<\/details>\n\t\t\t\t\t\t<details id=\"e-n-accordion-item-6842\" class=\"e-n-accordion-item\" >\n\t\t\t\t<summary class=\"e-n-accordion-item-title\" data-accordion-index=\"3\" tabindex=\"-1\" aria-expanded=\"false\" aria-controls=\"e-n-accordion-item-6842\" >\n\t\t\t\t\t<span class='e-n-accordion-item-title-header'><div class=\"e-n-accordion-item-title-text\"> Norte <\/div><\/span>\n\t\t\t\t\t\t\t<span class='e-n-accordion-item-title-icon'>\n\t\t\t<span class='e-opened' ><svg aria-hidden=\"true\" class=\"e-font-icon-svg e-fas-minus\" viewBox=\"0 0 448 512\" xmlns=\"http:\/\/www.w3.org\/2000\/svg\"><path d=\"M416 208H32c-17.67 0-32 14.33-32 32v32c0 17.67 14.33 32 32 32h384c17.67 0 32-14.33 32-32v-32c0-17.67-14.33-32-32-32z\"><\/path><\/svg><\/span>\n\t\t\t<span class='e-closed'><svg aria-hidden=\"true\" class=\"e-font-icon-svg e-fas-plus\" viewBox=\"0 0 448 512\" xmlns=\"http:\/\/www.w3.org\/2000\/svg\"><path d=\"M416 208H272V64c0-17.67-14.33-32-32-32h-32c-17.67 0-32 14.33-32 32v144H32c-17.67 0-32 14.33-32 32v32c0 17.67 14.33 32 32 32h144v144c0 17.67 14.33 32 32 32h32c17.67 0 32-14.33 32-32V304h144c17.67 0 32-14.33 32-32v-32c0-17.67-14.33-32-32-32z\"><\/path><\/svg><\/span>\n\t\t<\/span>\n\n\t\t\t\t\t\t<\/summary>\n\t\t\t\t<div role=\"region\" aria-labelledby=\"e-n-accordion-item-6842\" class=\"elementor-element elementor-element-03cd72b e-con-full e-flex e-con e-child\" data-id=\"03cd72b\" data-element_type=\"container\">\n\t\t\t\t<div class=\"elementor-element elementor-element-c6383c3 elementor-widget elementor-widget-heading\" data-id=\"c6383c3\" data-element_type=\"widget\" data-widget_type=\"heading.default\">\n\t\t\t\t<div class=\"elementor-widget-container\">\n\t\t\t\t\t<h2 class=\"elementor-heading-title elementor-size-default\">Amazonas<\/h2>\t\t\t\t<\/div>\n\t\t\t\t<\/div>\n\t\t\t\t<div class=\"elementor-element elementor-element-0ba752f elementor-widget elementor-widget-text-editor\" data-id=\"0ba752f\" data-element_type=\"widget\" data-widget_type=\"text-editor.default\">\n\t\t\t\t<div class=\"elementor-widget-container\">\n\t\t\t\t\t\t\t\t\t<p><strong>Centro Acad\u00eamico de Engenharia de Produ\u00e7\u00e3o, da Universidade do Estado do Amazonas &#8211; CAEP &#8211; UEA<\/strong><br \/>kmose.eng24@uea.edu.br<br \/>mvodm.eng23@uea.edu.br<br \/>ebo.eng24@uea.edu.br<\/p><p>Contatos e Redes Sociais:<br \/>Instagram: <strong><a href=\"http:\/\/caep.uea\" target=\"_blank\" rel=\"noopener\">Clique aqui<\/a><\/strong><br \/>LinkedIn: CAEP UEA<br \/>E-mail: caep.uea@gmail.com<\/p>\t\t\t\t\t\t\t\t<\/div>\n\t\t\t\t<\/div>\n\t\t\t\t<\/div>\n\t\t\t\t\t<\/details>\n\t\t\t\t\t\t<details id=\"e-n-accordion-item-6843\" class=\"e-n-accordion-item\" >\n\t\t\t\t<summary class=\"e-n-accordion-item-title\" data-accordion-index=\"4\" tabindex=\"-1\" aria-expanded=\"false\" aria-controls=\"e-n-accordion-item-6843\" >\n\t\t\t\t\t<span class='e-n-accordion-item-title-header'><div class=\"e-n-accordion-item-title-text\"> Sul  <\/div><\/span>\n\t\t\t\t\t\t\t<span class='e-n-accordion-item-title-icon'>\n\t\t\t<span class='e-opened' ><svg aria-hidden=\"true\" class=\"e-font-icon-svg e-fas-minus\" viewBox=\"0 0 448 512\" xmlns=\"http:\/\/www.w3.org\/2000\/svg\"><path d=\"M416 208H32c-17.67 0-32 14.33-32 32v32c0 17.67 14.33 32 32 32h384c17.67 0 32-14.33 32-32v-32c0-17.67-14.33-32-32-32z\"><\/path><\/svg><\/span>\n\t\t\t<span class='e-closed'><svg aria-hidden=\"true\" class=\"e-font-icon-svg e-fas-plus\" viewBox=\"0 0 448 512\" xmlns=\"http:\/\/www.w3.org\/2000\/svg\"><path d=\"M416 208H272V64c0-17.67-14.33-32-32-32h-32c-17.67 0-32 14.33-32 32v144H32c-17.67 0-32 14.33-32 32v32c0 17.67 14.33 32 32 32h144v144c0 17.67 14.33 32 32 32h32c17.67 0 32-14.33 32-32V304h144c17.67 0 32-14.33 32-32v-32c0-17.67-14.33-32-32-32z\"><\/path><\/svg><\/span>\n\t\t<\/span>\n\n\t\t\t\t\t\t<\/summary>\n\t\t\t\t<div role=\"region\" aria-labelledby=\"e-n-accordion-item-6843\" class=\"elementor-element elementor-element-91baf1f e-con-full e-flex e-con e-child\" data-id=\"91baf1f\" data-element_type=\"container\">\n\t\t\t\t<\/div>\n\t\t\t\t\t<\/details>\n\t\t\t\t\t\t<details id=\"e-n-accordion-item-6844\" class=\"e-n-accordion-item\" >\n\t\t\t\t<summary class=\"e-n-accordion-item-title\" data-accordion-index=\"5\" tabindex=\"-1\" aria-expanded=\"false\" aria-controls=\"e-n-accordion-item-6844\" >\n\t\t\t\t\t<span class='e-n-accordion-item-title-header'><div class=\"e-n-accordion-item-title-text\"> Centro-oeste <\/div><\/span>\n\t\t\t\t\t\t\t<span class='e-n-accordion-item-title-icon'>\n\t\t\t<span class='e-opened' ><svg aria-hidden=\"true\" class=\"e-font-icon-svg e-fas-minus\" viewBox=\"0 0 448 512\" xmlns=\"http:\/\/www.w3.org\/2000\/svg\"><path d=\"M416 208H32c-17.67 0-32 14.33-32 32v32c0 17.67 14.33 32 32 32h384c17.67 0 32-14.33 32-32v-32c0-17.67-14.33-32-32-32z\"><\/path><\/svg><\/span>\n\t\t\t<span class='e-closed'><svg aria-hidden=\"true\" class=\"e-font-icon-svg e-fas-plus\" viewBox=\"0 0 448 512\" xmlns=\"http:\/\/www.w3.org\/2000\/svg\"><path d=\"M416 208H272V64c0-17.67-14.33-32-32-32h-32c-17.67 0-32 14.33-32 32v144H32c-17.67 0-32 14.33-32 32v32c0 17.67 14.33 32 32 32h144v144c0 17.67 14.33 32 32 32h32c17.67 0 32-14.33 32-32V304h144c17.67 0 32-14.33 32-32v-32c0-17.67-14.33-32-32-32z\"><\/path><\/svg><\/span>\n\t\t<\/span>\n\n\t\t\t\t\t\t<\/summary>\n\t\t\t\t<div role=\"region\" aria-labelledby=\"e-n-accordion-item-6844\" class=\"elementor-element elementor-element-2dafb45 e-flex e-con-boxed e-con e-child\" data-id=\"2dafb45\" data-element_type=\"container\">\n\t\t\t\t\t<div class=\"e-con-inner\">\n\t\t\t\t\t<\/div>\n\t\t\t\t<\/div>\n\t\t\t\t\t<\/details>\n\t\t\t\t\t<\/div>\n\t\t\t\t\t\t<\/div>\n\t\t\t\t<\/div>\n\t\t\t\t\t<\/div>\n\t\t\t\t<\/div>\n\t\t\t\t<\/div>\n\t\t","protected":false},"excerpt":{"rendered":"<p>Not\u00edcias ABEPRO Jovem Fique por dentro de tudo o que acontece na Engenharia de Produ\u00e7\u00e3o Rede ABJ &#8211; CA&#8217;s EJ&#8217;s e PET&#8217;s A Rede ABJ<\/p>\n","protected":false},"author":1,"featured_media":0,"parent":0,"menu_order":0,"comment_status":"closed","ping_status":"closed","template":"","meta":{"footnotes":""},"class_list":["post-26","page","type-page","status-publish","hentry"],"_links":{"self":[{"href":"https:\/\/portal.abepro.org.br\/abepro2025\/wp-json\/wp\/v2\/pages\/26","targetHints":{"allow":["GET"]}}],"collection":[{"href":"https:\/\/portal.abepro.org.br\/abepro2025\/wp-json\/wp\/v2\/pages"}],"about":[{"href":"https:\/\/portal.abepro.org.br\/abepro2025\/wp-json\/wp\/v2\/types\/page"}],"author":[{"embeddable":true,"href":"https:\/\/portal.abepro.org.br\/abepro2025\/wp-json\/wp\/v2\/users\/1"}],"replies":[{"embeddable":true,"href":"https:\/\/portal.abepro.org.br\/abepro2025\/wp-json\/wp\/v2\/comments?post=26"}],"version-history":[{"count":49,"href":"https:\/\/portal.abepro.org.br\/abepro2025\/wp-json\/wp\/v2\/pages\/26\/revisions"}],"predecessor-version":[{"id":6097,"href":"https:\/\/portal.abepro.org.br\/abepro2025\/wp-json\/wp\/v2\/pages\/26\/revisions\/6097"}],"wp:attachment":[{"href":"https:\/\/portal.abepro.org.br\/abepro2025\/wp-json\/wp\/v2\/media?parent=26"}],"curies":[{"name":"wp","href":"https:\/\/api.w.org\/{rel}","templated":true}]}}