{"id":6494,"date":"2025-12-16T20:03:46","date_gmt":"2025-12-16T20:03:46","guid":{"rendered":"https:\/\/portal.abepro.org.br\/abepro2025\/?page_id=6494"},"modified":"2025-12-16T20:04:50","modified_gmt":"2025-12-16T20:04:50","slug":"elementor-6494","status":"publish","type":"page","link":"https:\/\/portal.abepro.org.br\/abepro2025\/elementor-6494\/","title":{"rendered":"Melhores Cases Empresariais da ABEPRO"},"content":{"rendered":"\t\t<div data-elementor-type=\"wp-page\" data-elementor-id=\"6494\" class=\"elementor elementor-6494\" data-elementor-post-type=\"page\">\n\t\t\t\t<div class=\"elementor-element elementor-element-5ed522a e-flex e-con-boxed e-con e-parent\" data-id=\"5ed522a\" data-element_type=\"container\">\n\t\t\t\t\t<div class=\"e-con-inner\">\n\t\t\t\t<div class=\"elementor-element elementor-element-bcb144d elementor-widget elementor-widget-spacer\" data-id=\"bcb144d\" data-element_type=\"widget\" data-widget_type=\"spacer.default\">\n\t\t\t\t<div class=\"elementor-widget-container\">\n\t\t\t\t\t\t\t<div class=\"elementor-spacer\">\n\t\t\t<div class=\"elementor-spacer-inner\"><\/div>\n\t\t<\/div>\n\t\t\t\t\t\t<\/div>\n\t\t\t\t<\/div>\n\t\t\t\t<div class=\"elementor-element elementor-element-8c26a9c elementor-widget elementor-widget-heading\" data-id=\"8c26a9c\" data-element_type=\"widget\" data-widget_type=\"heading.default\">\n\t\t\t\t<div class=\"elementor-widget-container\">\n\t\t\t\t\t<h2 class=\"elementor-heading-title elementor-size-default\">Melhores Cases Empresariais da ABEPRO<\/h2>\t\t\t\t<\/div>\n\t\t\t\t<\/div>\n\t\t\t\t<div class=\"elementor-element elementor-element-f2e02fb elementor-widget elementor-widget-spacer\" data-id=\"f2e02fb\" data-element_type=\"widget\" data-widget_type=\"spacer.default\">\n\t\t\t\t<div class=\"elementor-widget-container\">\n\t\t\t\t\t\t\t<div class=\"elementor-spacer\">\n\t\t\t<div class=\"elementor-spacer-inner\"><\/div>\n\t\t<\/div>\n\t\t\t\t\t\t<\/div>\n\t\t\t\t<\/div>\n\t\t\t\t<div class=\"elementor-element elementor-element-d84918d elementor-widget elementor-widget-text-editor\" data-id=\"d84918d\" data-element_type=\"widget\" data-widget_type=\"text-editor.default\">\n\t\t\t\t<div class=\"elementor-widget-container\">\n\t\t\t\t\t\t\t\t\t<p data-start=\"244\" data-end=\"526\">Esta p\u00e1gina re\u00fane o <strong data-start=\"264\" data-end=\"314\">Livro de Melhores Cases Empresariais da ABEPRO<\/strong>, uma iniciativa que consolida e d\u00e1 visibilidade \u00e0s experi\u00eancias pr\u00e1ticas de <strong data-start=\"391\" data-end=\"417\">Engenharia de Produ\u00e7\u00e3o<\/strong> apresentadas e aprovadas nas diferentes edi\u00e7\u00f5es do <strong data-start=\"469\" data-end=\"525\">ENEGEP \u2013 Encontro Nacional de Engenharia de Produ\u00e7\u00e3o<\/strong>.<\/p><p data-start=\"528\" data-end=\"967\">Os livros s\u00e3o idealizados e organizados pelo <strong data-start=\"573\" data-end=\"598\">GT-Empresas da ABEPRO<\/strong>, grupo de trabalho criado com o objetivo de <strong data-start=\"643\" data-end=\"698\">fortalecer a aproxima\u00e7\u00e3o entre academia e ind\u00fastria<\/strong>, ampliando a participa\u00e7\u00e3o de empresas e organiza\u00e7\u00f5es nas atividades promovidas pela Associa\u00e7\u00e3o. Entre suas principais frentes de atua\u00e7\u00e3o est\u00e1 o aprimoramento cont\u00ednuo do processo de submiss\u00e3o, avalia\u00e7\u00e3o e dissemina\u00e7\u00e3o dos <strong data-start=\"921\" data-end=\"943\">Cases Empresariais<\/strong> apresentados no ENEGEP.<\/p><p data-start=\"969\" data-end=\"1229\">Os trabalhos que comp\u00f5em cada edi\u00e7\u00e3o do livro passam por um <strong data-start=\"1029\" data-end=\"1063\">processo criterioso de sele\u00e7\u00e3o<\/strong>, que inclui avalia\u00e7\u00e3o especializada por pareceristas e an\u00e1lise do GT-Empresas, assegurando a <strong data-start=\"1157\" data-end=\"1207\">qualidade, relev\u00e2ncia e aplicabilidade pr\u00e1tica<\/strong> dos cases publicados.<\/p><p data-start=\"1231\" data-end=\"1804\">O principal objetivo desta publica\u00e7\u00e3o \u00e9 apresentar a <strong data-start=\"1284\" data-end=\"1351\">empresas, executivos, profissionais, pesquisadores e estudantes<\/strong> exemplos concretos de como a Engenharia de Produ\u00e7\u00e3o pode ser aplicada no <strong data-start=\"1425\" data-end=\"1459\">contexto real das organiza\u00e7\u00f5es<\/strong>, contribuindo para a solu\u00e7\u00e3o de problemas e para a melhoria de processos, produtos e servi\u00e7os. Os cases abordam temas diversos \u2014 como manuten\u00e7\u00e3o, gest\u00e3o de processos, modelagem, gest\u00e3o de projetos, gest\u00e3o de estoques, entre outros \u2014 e contemplam m\u00faltiplos segmentos empresariais, incluindo ind\u00fastria, sa\u00fade, log\u00edstica, tecnologia, entre outros.<\/p><p data-start=\"1806\" data-end=\"2032\">A ABEPRO e o GT-Empresas celebram os resultados alcan\u00e7ados com esta iniciativa e refor\u00e7am seu compromisso com a <strong data-start=\"1918\" data-end=\"1958\">valoriza\u00e7\u00e3o do conhecimento aplicado<\/strong>, da inova\u00e7\u00e3o e da troca de experi\u00eancias entre academia e setor produtivo.<\/p><p data-start=\"2034\" data-end=\"2186\">Desejamos uma excelente leitura e que os conte\u00fados aqui disponibilizados sirvam de inspira\u00e7\u00e3o e apoio para o aprimoramento das pr\u00e1ticas organizacionais.<\/p>\t\t\t\t\t\t\t\t<\/div>\n\t\t\t\t<\/div>\n\t\t\t\t<div class=\"elementor-element elementor-element-e0dfc84 elementor-widget elementor-widget-text-editor\" data-id=\"e0dfc84\" data-element_type=\"widget\" data-widget_type=\"text-editor.default\">\n\t\t\t\t<div class=\"elementor-widget-container\">\n\t\t\t\t\t\t\t\t\t<p>Edi\u00e7\u00e3o\u00a0 ENEGEP 2024 &#8211; <a href=\"https:\/\/portal.abepro.org.br\/abepro2025\/wp-content\/uploads\/2025\/11\/Melhores-Cases-Empresariais-da-ABEPRO-ENEGEP-2024-Versao-Final.pdf\" target=\"_blank\" rel=\"noopener\">clique aqui<\/a><\/p>\t\t\t\t\t\t\t\t<\/div>\n\t\t\t\t<\/div>\n\t\t\t\t<div class=\"elementor-element elementor-element-f84560f elementor-widget elementor-widget-spacer\" data-id=\"f84560f\" data-element_type=\"widget\" data-widget_type=\"spacer.default\">\n\t\t\t\t<div class=\"elementor-widget-container\">\n\t\t\t\t\t\t\t<div class=\"elementor-spacer\">\n\t\t\t<div class=\"elementor-spacer-inner\"><\/div>\n\t\t<\/div>\n\t\t\t\t\t\t<\/div>\n\t\t\t\t<\/div>\n\t\t\t\t\t<\/div>\n\t\t\t\t<\/div>\n\t\t\t\t<\/div>\n\t\t","protected":false},"excerpt":{"rendered":"<p>Melhores Cases Empresariais da ABEPRO Esta p\u00e1gina re\u00fane o Livro de Melhores Cases Empresariais da ABEPRO, uma iniciativa que consolida e d\u00e1 visibilidade \u00e0s experi\u00eancias pr\u00e1ticas de Engenharia de Produ\u00e7\u00e3o apresentadas e aprovadas nas diferentes edi\u00e7\u00f5es do ENEGEP \u2013 Encontro Nacional de Engenharia de Produ\u00e7\u00e3o. Os livros s\u00e3o idealizados e organizados pelo GT-Empresas da ABEPRO, [&hellip;]<\/p>\n","protected":false},"author":1,"featured_media":0,"parent":0,"menu_order":0,"comment_status":"closed","ping_status":"closed","template":"","meta":{"footnotes":""},"class_list":["post-6494","page","type-page","status-publish","hentry"],"_links":{"self":[{"href":"https:\/\/portal.abepro.org.br\/abepro2025\/wp-json\/wp\/v2\/pages\/6494","targetHints":{"allow":["GET"]}}],"collection":[{"href":"https:\/\/portal.abepro.org.br\/abepro2025\/wp-json\/wp\/v2\/pages"}],"about":[{"href":"https:\/\/portal.abepro.org.br\/abepro2025\/wp-json\/wp\/v2\/types\/page"}],"author":[{"embeddable":true,"href":"https:\/\/portal.abepro.org.br\/abepro2025\/wp-json\/wp\/v2\/users\/1"}],"replies":[{"embeddable":true,"href":"https:\/\/portal.abepro.org.br\/abepro2025\/wp-json\/wp\/v2\/comments?post=6494"}],"version-history":[{"count":5,"href":"https:\/\/portal.abepro.org.br\/abepro2025\/wp-json\/wp\/v2\/pages\/6494\/revisions"}],"predecessor-version":[{"id":6500,"href":"https:\/\/portal.abepro.org.br\/abepro2025\/wp-json\/wp\/v2\/pages\/6494\/revisions\/6500"}],"wp:attachment":[{"href":"https:\/\/portal.abepro.org.br\/abepro2025\/wp-json\/wp\/v2\/media?parent=6494"}],"curies":[{"name":"wp","href":"https:\/\/api.w.org\/{rel}","templated":true}]}}