{"id":6597,"date":"2026-02-24T17:22:31","date_gmt":"2026-02-24T17:22:31","guid":{"rendered":"https:\/\/portal.abepro.org.br\/abepro2025\/?page_id=6597"},"modified":"2026-03-19T11:33:12","modified_gmt":"2026-03-19T11:33:12","slug":"recem-doutores","status":"publish","type":"page","link":"https:\/\/portal.abepro.org.br\/abepro2025\/recem-doutores\/","title":{"rendered":"Rec\u00e9m-Doutores"},"content":{"rendered":"\t\t<div data-elementor-type=\"wp-page\" data-elementor-id=\"6597\" class=\"elementor elementor-6597\" data-elementor-post-type=\"page\">\n\t\t\t\t<div class=\"elementor-element elementor-element-0d63c61 e-flex e-con-boxed e-con e-parent\" data-id=\"0d63c61\" data-element_type=\"container\" data-settings=\"{&quot;background_background&quot;:&quot;classic&quot;}\">\n\t\t\t\t\t<div class=\"e-con-inner\">\n\t\t\t\t<div class=\"elementor-element elementor-element-042cbab elementor-widget elementor-widget-spacer\" data-id=\"042cbab\" data-element_type=\"widget\" data-widget_type=\"spacer.default\">\n\t\t\t\t<div class=\"elementor-widget-container\">\n\t\t\t\t\t\t\t<div class=\"elementor-spacer\">\n\t\t\t<div class=\"elementor-spacer-inner\"><\/div>\n\t\t<\/div>\n\t\t\t\t\t\t<\/div>\n\t\t\t\t<\/div>\n\t\t\t\t<div class=\"elementor-element elementor-element-b694a74 elementor-widget__width-inherit elementor-widget elementor-widget-heading\" data-id=\"b694a74\" data-element_type=\"widget\" data-widget_type=\"heading.default\">\n\t\t\t\t<div class=\"elementor-widget-container\">\n\t\t\t\t\t<h2 class=\"elementor-heading-title elementor-size-default\">Rec\u00e9m-Doutores<\/h2>\t\t\t\t<\/div>\n\t\t\t\t<\/div>\n\t\t\t\t\t<\/div>\n\t\t\t\t<\/div>\n\t\t<div class=\"elementor-element elementor-element-eec0d80 e-con-full e-flex e-con e-parent\" data-id=\"eec0d80\" data-element_type=\"container\">\n\t\t\t\t<div class=\"elementor-element elementor-element-c9205ee elementor-widget elementor-widget-spacer\" data-id=\"c9205ee\" data-element_type=\"widget\" data-widget_type=\"spacer.default\">\n\t\t\t\t<div class=\"elementor-widget-container\">\n\t\t\t\t\t\t\t<div class=\"elementor-spacer\">\n\t\t\t<div class=\"elementor-spacer-inner\"><\/div>\n\t\t<\/div>\n\t\t\t\t\t\t<\/div>\n\t\t\t\t<\/div>\n\t\t\t\t<div class=\"elementor-element elementor-element-1005d77 elementor-widget elementor-widget-text-editor\" data-id=\"1005d77\" data-element_type=\"widget\" data-widget_type=\"text-editor.default\">\n\t\t\t\t<div class=\"elementor-widget-container\">\n\t\t\t\t\t\t\t\t\t<p data-start=\"0\" data-end=\"251\">O <strong data-start=\"2\" data-end=\"27\">Espa\u00e7o Rec\u00e9m-Doutores<\/strong> \u00e9 uma chamada promovida pela <span class=\"hover:entity-accent entity-underline inline cursor-pointer align-baseline\"><span class=\"whitespace-normal\">ABEPRO<\/span><\/span>, destinada a pesquisadores rec\u00e9m-doutores inscritos no <span class=\"hover:entity-accent entity-underline inline cursor-pointer align-baseline\"><span class=\"whitespace-normal\">ENEGEP<\/span><\/span>, para que apresentem suas pesquisas e trajet\u00f3rias acad\u00eamicas.<\/p><p data-start=\"253\" data-end=\"454\" data-is-last-node=\"\" data-is-only-node=\"\">A iniciativa tem como objetivo fomentar a integra\u00e7\u00e3o de novos pesquisadores \u00e0 comunidade de Engenharia de Produ\u00e7\u00e3o, incentivar o debate sobre temas emergentes e fortalecer redes de colabora\u00e7\u00e3o na \u00e1rea.<\/p>\t\t\t\t\t\t\t\t<\/div>\n\t\t\t\t<\/div>\n\t\t\t\t<div class=\"elementor-element elementor-element-cd7b147 elementor-tabs-view-vertical elementor-widget__width-inherit elementor-widget elementor-widget-tabs\" data-id=\"cd7b147\" data-element_type=\"widget\" data-widget_type=\"tabs.default\">\n\t\t\t\t<div class=\"elementor-widget-container\">\n\t\t\t\t\t\t\t<div class=\"elementor-tabs\">\n\t\t\t<div class=\"elementor-tabs-wrapper\" role=\"tablist\" >\n\t\t\t\t\t\t\t\t\t<div id=\"elementor-tab-title-2151\" class=\"elementor-tab-title elementor-tab-desktop-title\" aria-selected=\"true\" data-tab=\"1\" role=\"tab\" tabindex=\"0\" aria-controls=\"elementor-tab-content-2151\" aria-expanded=\"false\">2025<\/div>\n\t\t\t\t\t\t\t<\/div>\n\t\t\t<div class=\"elementor-tabs-content-wrapper\" role=\"tablist\" aria-orientation=\"vertical\">\n\t\t\t\t\t\t\t\t\t<div class=\"elementor-tab-title elementor-tab-mobile-title\" aria-selected=\"true\" data-tab=\"1\" role=\"tab\" tabindex=\"0\" aria-controls=\"elementor-tab-content-2151\" aria-expanded=\"false\">2025<\/div>\n\t\t\t\t\t<div id=\"elementor-tab-content-2151\" class=\"elementor-tab-content elementor-clearfix\" data-tab=\"1\" role=\"tabpanel\" aria-labelledby=\"elementor-tab-title-2151\" tabindex=\"0\" hidden=\"false\"><div class=\"flex flex-col text-sm pb-25\"><article class=\"text-token-text-primary w-full focus:outline-none [--shadow-height:45px] has-data-writing-block:pointer-events-none has-data-writing-block:-mt-(--shadow-height) has-data-writing-block:pt-(--shadow-height) [&amp;:has([data-writing-block])&gt;*]:pointer-events-auto scroll-mt-[calc(var(--header-height)+min(200px,max(70px,20svh)))]\" dir=\"auto\" tabindex=\"-1\" data-turn-id=\"request-699c72a7-0dc0-832f-8cf6-12c4a1d8ff0f-34\" data-testid=\"conversation-turn-154\" data-scroll-anchor=\"true\" data-turn=\"assistant\"><div class=\"text-base my-auto mx-auto pb-10 [--thread-content-margin:--spacing(4)] @w-sm\/main:[--thread-content-margin:--spacing(6)] @w-lg\/main:[--thread-content-margin:--spacing(16)] px-(--thread-content-margin)\"><div class=\"[--thread-content-max-width:40rem] @w-lg\/main:[--thread-content-max-width:48rem] mx-auto max-w-(--thread-content-max-width) flex-1 group\/turn-messages focus-visible:outline-hidden relative flex w-full min-w-0 flex-col agent-turn\" tabindex=\"-1\"><div class=\"flex max-w-full flex-col grow\"><div class=\"min-h-8 text-message relative flex w-full flex-col items-end gap-2 text-start break-words whitespace-normal [.text-message+&amp;]:mt-1\" dir=\"auto\" data-message-author-role=\"assistant\" data-message-id=\"7980673b-74c5-44b7-8035-99891dc1c7f3\" data-message-model-slug=\"gpt-5-2\"><div class=\"flex w-full flex-col gap-1 empty:hidden first:pt-[1px]\"><div class=\"markdown prose dark:prose-invert w-full wrap-break-word light markdown-new-styling\"><p data-start=\"0\" data-end=\"183\">A apresenta\u00e7\u00e3o dos(as) rec\u00e9m-doutores(as) foi realizada no dia <strong data-start=\"63\" data-end=\"88\">15 de outubro de 2025<\/strong>, durante sess\u00e3o espec\u00edfica do <strong data-start=\"119\" data-end=\"134\">ENEGEP 2025<\/strong>, em Natal\/RN, no hor\u00e1rio das <strong data-start=\"164\" data-end=\"180\">17h \u00e0s 18h30<\/strong>.<\/p><p data-start=\"185\" data-end=\"393\">A sess\u00e3o foi coordenada pelos Pesquisadores Seniores <strong data-start=\"238\" data-end=\"277\">Prof. Dr. Adiel Teixeira de Almeida<\/strong>, <strong data-start=\"279\" data-end=\"334\">Prof. Dr. Ant\u00f4nio Fernando Branco da Costa (UNIFEI)<\/strong> e <strong data-start=\"337\" data-end=\"390\">Profa. Dra. Marly Monteiro de Carvalho (Poli\/USP)<\/strong>.<\/p><p data-start=\"395\" data-end=\"572\">O planejamento e a organiza\u00e7\u00e3o da atividade ficaram sob responsabilidade da <strong data-start=\"471\" data-end=\"518\">Profa. Dra. Luciana Torres Correia de Mello (UFERSA) <\/strong>e do <strong data-start=\"524\" data-end=\"569\">Prof. Dr. Carlos Eduardo Sanches da Silva (UNIFEI)<\/strong>.<\/p><p data-start=\"574\" data-end=\"633\" data-is-last-node=\"\" data-is-only-node=\"\">Os(as) participantes da sess\u00e3o de Rec\u00e9m-Doutores(as) foram:<\/p><table width=\"1072\"><tbody><tr><td style=\"text-align: center;\" width=\"188\"><strong>Pesquisador(a)\u00a0<\/strong><\/td><td style=\"text-align: center;\" width=\"154\"><strong>Institui\u00e7\u00e3o\u00a0<\/strong><\/td><td style=\"text-align: center;\" width=\"228\"><strong>\u00c1rea\u00a0<\/strong><\/td><td style=\"text-align: center;\" width=\"251\"><strong>Lattes<\/strong><\/td><td style=\"text-align: center;\" width=\"251\"><strong>Orcid<\/strong><\/td><\/tr><tr><td width=\"188\">Andr\u00e9 de Mendon\u00e7a Santos<\/td><td width=\"154\">Universidade Federal do Rec\u00f4ncavo da Bahia<\/td><td width=\"228\">06. ENGENHARIA ORGANIZACIONAL<\/td><td width=\"251\"><a href=\"http:\/\/lattes.cnpq.br\/5242017905053481\">http:\/\/lattes.cnpq.br\/5242017905053481<\/a><\/td><td width=\"251\"><a href=\"https:\/\/orcid.org\/0000-0002-3887-0189\">https:\/\/orcid.org\/0000-0002-3887-0189<\/a><\/td><\/tr><tr><td width=\"188\">Bruna Maria Ger\u00f4nimo<\/td><td width=\"154\">Universidade Estadual do Paran\u00e1<\/td><td width=\"228\">04. ENGENHARIA DA QUALIDADE<\/td><td width=\"251\"><a href=\"http:\/\/lattes.cnpq.br\/1086187522280626\">http:\/\/lattes.cnpq.br\/1086187522280626<\/a><\/td><td width=\"251\"><a href=\"https:\/\/orcid.org\/0000-0001-9078-3325\">https:\/\/orcid.org\/0000-0001-9078-3325<\/a><\/td><\/tr><tr><td width=\"188\">Jo\u00e3o Luiz Junho Pereira<\/td><td width=\"154\">Universidade Federal de Itajub\u00e1<\/td><td width=\"228\">03. PESQUISA OPERACIONAL<\/td><td width=\"251\"><a href=\"http:\/\/lattes.cnpq.br\/5864158210538587\">http:\/\/lattes.cnpq.br\/5864158210538587<\/a><\/td><td width=\"251\"><a href=\"https:\/\/orcid.org\/0000-0001-9923-7419\">https:\/\/orcid.org\/0000-0001-9923-7419<\/a><\/td><\/tr><tr><td width=\"188\">Mariane C\u00e1sseres de Souza<\/td><td width=\"154\">Universidade Federal do Rio Grande<\/td><td width=\"228\">10. EDUCA\u00c7\u00c3O EM ENGENHARIA DE PRODU\u00c7\u00c3O<\/td><td width=\"251\"><a href=\"http:\/\/lattes.cnpq.br\/7342482803845484\">http:\/\/lattes.cnpq.br\/7342482803845484<\/a><\/td><td width=\"251\"><a href=\"https:\/\/orcid.org\/0000-0003-2070-7073\">https:\/\/orcid.org\/0000-0003-2070-7073<\/a><\/td><\/tr><tr><td width=\"188\">Matheus Brendon Francisco<\/td><td width=\"154\">Universidade Federal de Itajub\u00e1<\/td><td width=\"228\">03. PESQUISA OPERACIONAL<\/td><td width=\"251\"><a href=\"http:\/\/lattes.cnpq.br\/8699242021339583\">http:\/\/lattes.cnpq.br\/8699242021339583<\/a><\/td><td width=\"251\"><a href=\"https:\/\/orcid.org\/0000-0001-6300-3717\">https:\/\/orcid.org\/0000-0001-6300-3717<\/a><\/td><\/tr><tr><td width=\"188\">Raquel Gama Soares de Mello<\/td><td width=\"154\">Universidade Presbiteriana Mackenzie<\/td><td width=\"228\">06. ENGENHARIA ORGANIZACIONAL<\/td><td width=\"251\"><a href=\"http:\/\/lattes.cnpq.br\/7172926933347010\">http:\/\/lattes.cnpq.br\/7172926933347010\u00a0<\/a><\/td><td width=\"251\"><a href=\"https:\/\/orcid.org\/0000-0003-3455-6077\">https:\/\/orcid.org\/0000-0003-3455-6077\u00a0<\/a><\/td><\/tr><tr><td width=\"188\">Samuel Martins Drei<\/td><td width=\"154\">Universidade Federal de Ouro Preto<\/td><td width=\"228\">03. PESQUISA OPERACIONAL<\/td><td width=\"251\"><a href=\"http:\/\/lattes.cnpq.br\/2150629634072818\">http:\/\/lattes.cnpq.br\/2150629634072818<\/a><\/td><td width=\"251\"><a href=\"https:\/\/orcid.org\/0000-0003-1719-7738\">https:\/\/orcid.org\/0000-0003-1719-7738<\/a><\/td><\/tr><tr><td width=\"188\">Vitor William Batista Martins<\/td><td width=\"154\">Universidade do Estado do Par\u00e1<\/td><td width=\"228\">09. ENGENHARIA DA SUSTENTABILIDADE<\/td><td width=\"251\"><a href=\"http:\/\/lattes.cnpq.br\/1169104147868277\">http:\/\/lattes.cnpq.br\/1169104147868277<\/a><\/td><td width=\"251\"><a href=\"https:\/\/orcid.org\/0000-0003-4891-8630\">https:\/\/orcid.org\/0000-0003-4891-8630<\/a><\/td><\/tr><tr><td width=\"188\">Yasmin Silva Martins Xavier<\/td><td width=\"154\">Universidade Estadual Paulista \u201cJ\u00falio de Mesquita Filho\u201d (UNESP-FEG)<\/td><td width=\"228\">08. ENGENHARIA DO TRABALHO<\/td><td width=\"251\"><a href=\"http:\/\/lattes.cnpq.br\/4275575319517353\">http:\/\/lattes.cnpq.br\/4275575319517353<\/a><\/td><td width=\"251\"><a href=\"https:\/\/orcid.org\/0000-0002-7582-7876\">https:\/\/orcid.org\/0000-0002-7582-7876<\/a><\/td><\/tr><\/tbody><\/table><\/div><\/div><\/div><\/div><\/div><\/div><\/article><\/div><\/div>\n\t\t\t\t\t\t\t<\/div>\n\t\t<\/div>\n\t\t\t\t\t\t<\/div>\n\t\t\t\t<\/div>\n\t\t\t\t<\/div>\n\t\t\t\t<\/div>\n\t\t","protected":false},"excerpt":{"rendered":"<p>Rec\u00e9m-Doutores O Espa\u00e7o Rec\u00e9m-Doutores \u00e9 uma chamada promovida pela ABEPRO, destinada a pesquisadores rec\u00e9m-doutores inscritos no ENEGEP, para que apresentem suas pesquisas e trajet\u00f3rias acad\u00eamicas. A iniciativa tem como objetivo fomentar a integra\u00e7\u00e3o de novos pesquisadores \u00e0 comunidade de Engenharia de Produ\u00e7\u00e3o, incentivar o debate sobre temas emergentes e fortalecer redes de colabora\u00e7\u00e3o na \u00e1rea. [&hellip;]<\/p>\n","protected":false},"author":1,"featured_media":0,"parent":0,"menu_order":0,"comment_status":"closed","ping_status":"closed","template":"","meta":{"footnotes":""},"class_list":["post-6597","page","type-page","status-publish","hentry"],"_links":{"self":[{"href":"https:\/\/portal.abepro.org.br\/abepro2025\/wp-json\/wp\/v2\/pages\/6597","targetHints":{"allow":["GET"]}}],"collection":[{"href":"https:\/\/portal.abepro.org.br\/abepro2025\/wp-json\/wp\/v2\/pages"}],"about":[{"href":"https:\/\/portal.abepro.org.br\/abepro2025\/wp-json\/wp\/v2\/types\/page"}],"author":[{"embeddable":true,"href":"https:\/\/portal.abepro.org.br\/abepro2025\/wp-json\/wp\/v2\/users\/1"}],"replies":[{"embeddable":true,"href":"https:\/\/portal.abepro.org.br\/abepro2025\/wp-json\/wp\/v2\/comments?post=6597"}],"version-history":[{"count":19,"href":"https:\/\/portal.abepro.org.br\/abepro2025\/wp-json\/wp\/v2\/pages\/6597\/revisions"}],"predecessor-version":[{"id":6697,"href":"https:\/\/portal.abepro.org.br\/abepro2025\/wp-json\/wp\/v2\/pages\/6597\/revisions\/6697"}],"wp:attachment":[{"href":"https:\/\/portal.abepro.org.br\/abepro2025\/wp-json\/wp\/v2\/media?parent=6597"}],"curies":[{"name":"wp","href":"https:\/\/api.w.org\/{rel}","templated":true}]}}