{"id":881,"date":"2025-01-20T17:36:47","date_gmt":"2025-01-20T17:36:47","guid":{"rendered":"https:\/\/portal.abepro.org.br\/abepro2025\/?page_id=881"},"modified":"2026-01-27T18:21:13","modified_gmt":"2026-01-27T18:21:13","slug":"mencao-honrosa-abepriana","status":"publish","type":"page","link":"https:\/\/portal.abepro.org.br\/abepro2025\/mencao-honrosa-abepriana\/","title":{"rendered":"Men\u00e7\u00e3o Honrosa ABEPRIANA"},"content":{"rendered":"\t\t<div data-elementor-type=\"wp-page\" data-elementor-id=\"881\" class=\"elementor elementor-881\" data-elementor-post-type=\"page\">\n\t\t\t\t<div class=\"elementor-element elementor-element-e45ca89 e-flex e-con-boxed e-con e-parent\" data-id=\"e45ca89\" data-element_type=\"container\" data-settings=\"{&quot;background_background&quot;:&quot;classic&quot;}\">\n\t\t\t\t\t<div class=\"e-con-inner\">\n\t\t\t\t\t<\/div>\n\t\t\t\t<\/div>\n\t\t<div class=\"elementor-element elementor-element-9afa0eb e-flex e-con-boxed e-con e-parent\" data-id=\"9afa0eb\" data-element_type=\"container\">\n\t\t\t\t\t<div class=\"e-con-inner\">\n\t\t\t\t<div class=\"elementor-element elementor-element-f19e491 elementor-widget__width-inherit elementor-widget elementor-widget-heading\" data-id=\"f19e491\" data-element_type=\"widget\" data-widget_type=\"heading.default\">\n\t\t\t\t<div class=\"elementor-widget-container\">\n\t\t\t\t\t<h2 class=\"elementor-heading-title elementor-size-default\">Promovemos o desenvolvimento social autossustent\u00e1vel atrav\u00e9s da Engenharia de Produ\u00e7\u00e3o.<\/h2>\t\t\t\t<\/div>\n\t\t\t\t<\/div>\n\t\t\t\t<div class=\"elementor-element elementor-element-c897778 elementor-widget elementor-widget-text-editor\" data-id=\"c897778\" data-element_type=\"widget\" data-widget_type=\"text-editor.default\">\n\t\t\t\t<div class=\"elementor-widget-container\">\n\t\t\t\t\t\t\t\t\t<p class=\"western\">Em 15 de maio de 2008, A Associa\u00e7\u00e3o Brasileira de Engenharia de Produ\u00e7\u00e3o \u2013 ABEPRO aprovou a cria\u00e7\u00e3o do sistema de honraria \u00e0s pessoas que tenham prestado relevantes servi\u00e7os e trabalhos na \u00e1rea de Engenharia de Produ\u00e7\u00e3o.<\/p><p class=\"western\">A honraria ser\u00e1 concedida para pessoas indicadas em tr\u00eas categorias. Segue abaixo:<\/p><p class=\"western\">a) Contribui\u00e7\u00e3o profissional, nos campos da ci\u00eancia, seja no ensino, na pesquisa ou nos servi\u00e7os;<br \/>b) Contribui\u00e7\u00e3o honor\u00edfica, no plano do desempenho social e pol\u00edtico;<br \/>c) Contribui\u00e7\u00e3o benem\u00e9rita, na \u00e1rea de doa\u00e7\u00e3o material e\\ou obras, altamente significativas para a sociedade, assim como servi\u00e7os relevantes, sendo que, nesta categoria, os homenageados poder\u00e3o ser profissionais da \u00e1rea de Engenharia de Produ\u00e7\u00e3o ou n\u00e3o.<\/p><p class=\"western\">Os mesmos dever\u00e3o receber a honraria, solenemente, em Assembleia Geral da Associa\u00e7\u00e3o Brasileira de Engenharia de Produ\u00e7\u00e3o \u2013 ABEPRO, realizada durante a realiza\u00e7\u00e3o do Encontro Nacional de Engenharia de Produ\u00e7\u00e3o, anualmente organizado pela ABEPRO.<\/p><p class=\"western\">No intuito de deixarmos registrado todas as a\u00e7\u00f5es realizadas pela ABEPRO, informamos neste espa\u00e7o todos os professores e\/ou profissionais homenageados desde 2008 em nossos eventos.<\/p><p><span style=\"color: #000000;\">Os j\u00e1 homenageados s\u00e3o:<\/span><\/p>\t\t\t\t\t\t\t\t<\/div>\n\t\t\t\t<\/div>\n\t\t\t\t\t<\/div>\n\t\t\t\t<\/div>\n\t\t<div class=\"elementor-element elementor-element-a1d84d4 e-flex e-con-boxed e-con e-parent\" data-id=\"a1d84d4\" data-element_type=\"container\">\n\t\t\t\t\t<div class=\"e-con-inner\">\n\t\t<div class=\"elementor-element elementor-element-0102076 e-con-full e-flex e-con e-child\" data-id=\"0102076\" data-element_type=\"container\">\n\t\t\t\t<div class=\"elementor-element elementor-element-1b25162 elementor-widget__width-inherit elementor-widget elementor-widget-heading\" data-id=\"1b25162\" data-element_type=\"widget\" data-widget_type=\"heading.default\">\n\t\t\t\t<div class=\"elementor-widget-container\">\n\t\t\t\t\t<h2 class=\"elementor-heading-title elementor-size-default\">2025<\/h2>\t\t\t\t<\/div>\n\t\t\t\t<\/div>\n\t\t\t\t<div class=\"elementor-element elementor-element-f30ac97 elementor-author-box--layout-image-left elementor-author-box--image-valign-top elementor-widget elementor-widget-author-box\" data-id=\"f30ac97\" data-element_type=\"widget\" data-widget_type=\"author-box.default\">\n\t\t\t\t<div class=\"elementor-widget-container\">\n\t\t\t\t\t\t\t<div class=\"elementor-author-box\">\n\t\t\t\t\t\t\t<div  class=\"elementor-author-box__avatar\">\n\t\t\t\t\t<img decoding=\"async\" src=\"https:\/\/portal.abepro.org.br\/abepro2025\/wp-content\/uploads\/2026\/01\/Lucila-209x300.jpg\" alt=\"Foto de Lucila Campos (UFSC)\" loading=\"lazy\">\n\t\t\t\t<\/div>\n\t\t\t\n\t\t\t<div class=\"elementor-author-box__text\">\n\t\t\t\t\t\t\t\t\t<div >\n\t\t\t\t\t\t<h4 class=\"elementor-author-box__name\">\n\t\t\t\t\t\t\tLucila Campos (UFSC)\t\t\t\t\t\t<\/h4>\n\t\t\t\t\t<\/div>\n\t\t\t\t\n\t\t\t\t\n\t\t\t\t\t\t\t<\/div>\n\t\t<\/div>\n\t\t\t\t\t\t<\/div>\n\t\t\t\t<\/div>\n\t\t\t\t<\/div>\n\t\t<div class=\"elementor-element elementor-element-c1f44c6 e-con-full e-flex e-con e-child\" data-id=\"c1f44c6\" data-element_type=\"container\">\n\t\t\t\t<div class=\"elementor-element elementor-element-b46a9fc elementor-widget__width-inherit elementor-widget elementor-widget-heading\" data-id=\"b46a9fc\" data-element_type=\"widget\" data-widget_type=\"heading.default\">\n\t\t\t\t<div class=\"elementor-widget-container\">\n\t\t\t\t\t<h2 class=\"elementor-heading-title elementor-size-default\">2024<\/h2>\t\t\t\t<\/div>\n\t\t\t\t<\/div>\n\t\t<div class=\"elementor-element elementor-element-174417f e-con-full e-flex e-con e-child\" data-id=\"174417f\" data-element_type=\"container\">\n\t\t\t\t<div class=\"elementor-element elementor-element-636a600 elementor-author-box--layout-image-left elementor-author-box--image-valign-top elementor-widget elementor-widget-author-box\" data-id=\"636a600\" data-element_type=\"widget\" data-widget_type=\"author-box.default\">\n\t\t\t\t<div class=\"elementor-widget-container\">\n\t\t\t\t\t\t\t<div class=\"elementor-author-box\">\n\t\t\t\t\t\t\t<div  class=\"elementor-author-box__avatar\">\n\t\t\t\t\t<img decoding=\"async\" src=\"https:\/\/portal.abepro.org.br\/abepro2025\/wp-content\/uploads\/2025\/01\/nelson.jpg\" alt=\"Foto de Nelson Maculan Filho (UFRJ)\" loading=\"lazy\">\n\t\t\t\t<\/div>\n\t\t\t\n\t\t\t<div class=\"elementor-author-box__text\">\n\t\t\t\t\t\t\t\t\t<div >\n\t\t\t\t\t\t<h4 class=\"elementor-author-box__name\">\n\t\t\t\t\t\t\tNelson Maculan Filho (UFRJ)\t\t\t\t\t\t<\/h4>\n\t\t\t\t\t<\/div>\n\t\t\t\t\n\t\t\t\t\n\t\t\t\t\t\t\t<\/div>\n\t\t<\/div>\n\t\t\t\t\t\t<\/div>\n\t\t\t\t<\/div>\n\t\t\t\t<\/div>\n\t\t\t\t<\/div>\n\t\t<div class=\"elementor-element elementor-element-86ab7fe e-con-full e-flex e-con e-child\" data-id=\"86ab7fe\" data-element_type=\"container\">\n\t\t\t\t<div class=\"elementor-element elementor-element-746cb51 elementor-widget__width-inherit elementor-widget elementor-widget-heading\" data-id=\"746cb51\" data-element_type=\"widget\" data-widget_type=\"heading.default\">\n\t\t\t\t<div class=\"elementor-widget-container\">\n\t\t\t\t\t<h2 class=\"elementor-heading-title elementor-size-default\">2024<\/h2>\t\t\t\t<\/div>\n\t\t\t\t<\/div>\n\t\t<div class=\"elementor-element elementor-element-4823804 e-con-full e-flex e-con e-child\" data-id=\"4823804\" data-element_type=\"container\">\n\t\t\t\t<div class=\"elementor-element elementor-element-cb20c25 elementor-author-box--layout-image-left elementor-author-box--image-valign-top elementor-widget elementor-widget-author-box\" data-id=\"cb20c25\" data-element_type=\"widget\" data-widget_type=\"author-box.default\">\n\t\t\t\t<div class=\"elementor-widget-container\">\n\t\t\t\t\t\t\t<div class=\"elementor-author-box\">\n\t\t\t\t\t\t\t<div  class=\"elementor-author-box__avatar\">\n\t\t\t\t\t<img decoding=\"async\" src=\"https:\/\/portal.abepro.org.br\/abepro2025\/wp-content\/uploads\/2025\/01\/silhu.png\" alt=\"Foto de Ricardo Manfredi Naveiro (UFRJ)\" loading=\"lazy\">\n\t\t\t\t<\/div>\n\t\t\t\n\t\t\t<div class=\"elementor-author-box__text\">\n\t\t\t\t\t\t\t\t\t<div >\n\t\t\t\t\t\t<h4 class=\"elementor-author-box__name\">\n\t\t\t\t\t\t\tRicardo Manfredi Naveiro (UFRJ)\t\t\t\t\t\t<\/h4>\n\t\t\t\t\t<\/div>\n\t\t\t\t\n\t\t\t\t\n\t\t\t\t\t\t\t<\/div>\n\t\t<\/div>\n\t\t\t\t\t\t<\/div>\n\t\t\t\t<\/div>\n\t\t\t\t<\/div>\n\t\t\t\t<\/div>\n\t\t\t\t\t<\/div>\n\t\t\t\t<\/div>\n\t\t<div class=\"elementor-element elementor-element-7a44929 e-flex e-con-boxed e-con e-parent\" data-id=\"7a44929\" data-element_type=\"container\">\n\t\t\t\t\t<div class=\"e-con-inner\">\n\t\t<div class=\"elementor-element elementor-element-8e40ecd e-con-full e-flex e-con e-child\" data-id=\"8e40ecd\" data-element_type=\"container\">\n\t\t\t\t<div class=\"elementor-element elementor-element-ec0ea28 elementor-widget__width-inherit elementor-widget elementor-widget-heading\" data-id=\"ec0ea28\" data-element_type=\"widget\" data-widget_type=\"heading.default\">\n\t\t\t\t<div class=\"elementor-widget-container\">\n\t\t\t\t\t<h2 class=\"elementor-heading-title elementor-size-default\">2021<\/h2>\t\t\t\t<\/div>\n\t\t\t\t<\/div>\n\t\t\t\t<div class=\"elementor-element elementor-element-0f253f5 elementor-author-box--layout-image-left elementor-author-box--image-valign-top elementor-widget elementor-widget-author-box\" data-id=\"0f253f5\" data-element_type=\"widget\" data-widget_type=\"author-box.default\">\n\t\t\t\t<div class=\"elementor-widget-container\">\n\t\t\t\t\t\t\t<div class=\"elementor-author-box\">\n\t\t\t\t\t\t\t<div  class=\"elementor-author-box__avatar\">\n\t\t\t\t\t<img decoding=\"async\" src=\"https:\/\/portal.abepro.org.br\/abepro2025\/wp-content\/uploads\/2025\/01\/mario.jpg\" alt=\"Foto de Mario Cesar Rodr\u00edguez Vidal\" loading=\"lazy\">\n\t\t\t\t<\/div>\n\t\t\t\n\t\t\t<div class=\"elementor-author-box__text\">\n\t\t\t\t\t\t\t\t\t<div >\n\t\t\t\t\t\t<h4 class=\"elementor-author-box__name\">\n\t\t\t\t\t\t\tMario Cesar Rodr\u00edguez Vidal\t\t\t\t\t\t<\/h4>\n\t\t\t\t\t<\/div>\n\t\t\t\t\n\t\t\t\t\n\t\t\t\t\t\t\t<\/div>\n\t\t<\/div>\n\t\t\t\t\t\t<\/div>\n\t\t\t\t<\/div>\n\t\t\t\t<\/div>\n\t\t<div class=\"elementor-element elementor-element-abc2632 e-con-full e-flex e-con e-child\" data-id=\"abc2632\" data-element_type=\"container\">\n\t\t\t\t<div class=\"elementor-element elementor-element-1e76270 elementor-widget__width-inherit elementor-widget elementor-widget-heading\" data-id=\"1e76270\" data-element_type=\"widget\" data-widget_type=\"heading.default\">\n\t\t\t\t<div class=\"elementor-widget-container\">\n\t\t\t\t\t<h2 class=\"elementor-heading-title elementor-size-default\">2022<\/h2>\t\t\t\t<\/div>\n\t\t\t\t<\/div>\n\t\t\t\t<div class=\"elementor-element elementor-element-e66128a elementor-author-box--layout-image-left elementor-author-box--image-valign-top elementor-widget elementor-widget-author-box\" data-id=\"e66128a\" data-element_type=\"widget\" data-widget_type=\"author-box.default\">\n\t\t\t\t<div class=\"elementor-widget-container\">\n\t\t\t\t\t\t\t<div class=\"elementor-author-box\">\n\t\t\t\t\t\t\t<div  class=\"elementor-author-box__avatar\">\n\t\t\t\t\t<img decoding=\"async\" src=\"https:\/\/portal.abepro.org.br\/abepro2025\/wp-content\/uploads\/2025\/01\/linda.jpg\" alt=\"Foto de Linda Lee Ho\" loading=\"lazy\">\n\t\t\t\t<\/div>\n\t\t\t\n\t\t\t<div class=\"elementor-author-box__text\">\n\t\t\t\t\t\t\t\t\t<div >\n\t\t\t\t\t\t<h4 class=\"elementor-author-box__name\">\n\t\t\t\t\t\t\tLinda Lee Ho\t\t\t\t\t\t<\/h4>\n\t\t\t\t\t<\/div>\n\t\t\t\t\n\t\t\t\t\n\t\t\t\t\t\t\t<\/div>\n\t\t<\/div>\n\t\t\t\t\t\t<\/div>\n\t\t\t\t<\/div>\n\t\t\t\t<\/div>\n\t\t<div class=\"elementor-element elementor-element-fa1c772 e-con-full e-flex e-con e-child\" data-id=\"fa1c772\" data-element_type=\"container\">\n\t\t\t\t<div class=\"elementor-element elementor-element-ae5dec2 elementor-widget__width-inherit elementor-widget elementor-widget-heading\" data-id=\"ae5dec2\" data-element_type=\"widget\" data-widget_type=\"heading.default\">\n\t\t\t\t<div class=\"elementor-widget-container\">\n\t\t\t\t\t<h2 class=\"elementor-heading-title elementor-size-default\">2023<\/h2>\t\t\t\t<\/div>\n\t\t\t\t<\/div>\n\t\t\t\t<div class=\"elementor-element elementor-element-045806a elementor-author-box--layout-image-left elementor-author-box--image-valign-top elementor-widget elementor-widget-author-box\" data-id=\"045806a\" data-element_type=\"widget\" data-widget_type=\"author-box.default\">\n\t\t\t\t<div class=\"elementor-widget-container\">\n\t\t\t\t\t\t\t<div class=\"elementor-author-box\">\n\t\t\t\t\t\t\t<div  class=\"elementor-author-box__avatar\">\n\t\t\t\t\t<img decoding=\"async\" src=\"https:\/\/portal.abepro.org.br\/abepro2025\/wp-content\/uploads\/2025\/01\/sergio-jose.jpeg\" alt=\"Foto de S\u00e9rgio Jos\u00e9 Barbosa Elias\" loading=\"lazy\">\n\t\t\t\t<\/div>\n\t\t\t\n\t\t\t<div class=\"elementor-author-box__text\">\n\t\t\t\t\t\t\t\t\t<div >\n\t\t\t\t\t\t<h4 class=\"elementor-author-box__name\">\n\t\t\t\t\t\t\tS\u00e9rgio Jos\u00e9 Barbosa Elias\t\t\t\t\t\t<\/h4>\n\t\t\t\t\t<\/div>\n\t\t\t\t\n\t\t\t\t\n\t\t\t\t\t\t\t<\/div>\n\t\t<\/div>\n\t\t\t\t\t\t<\/div>\n\t\t\t\t<\/div>\n\t\t\t\t<\/div>\n\t\t\t\t\t<\/div>\n\t\t\t\t<\/div>\n\t\t<div class=\"elementor-element elementor-element-5583624 e-flex e-con-boxed e-con e-parent\" data-id=\"5583624\" data-element_type=\"container\">\n\t\t\t\t\t<div class=\"e-con-inner\">\n\t\t\t\t<div class=\"elementor-element elementor-element-1b458b3 elementor-widget__width-inherit elementor-widget elementor-widget-heading\" data-id=\"1b458b3\" data-element_type=\"widget\" data-widget_type=\"heading.default\">\n\t\t\t\t<div class=\"elementor-widget-container\">\n\t\t\t\t\t<h2 class=\"elementor-heading-title elementor-size-default\">2020<\/h2>\t\t\t\t<\/div>\n\t\t\t\t<\/div>\n\t\t<div class=\"elementor-element elementor-element-9aa044c e-con-full e-flex e-con e-child\" data-id=\"9aa044c\" data-element_type=\"container\">\n\t\t\t\t<div class=\"elementor-element elementor-element-1ff3b43 elementor-author-box--layout-image-left elementor-author-box--image-valign-top elementor-widget elementor-widget-author-box\" data-id=\"1ff3b43\" data-element_type=\"widget\" data-widget_type=\"author-box.default\">\n\t\t\t\t<div class=\"elementor-widget-container\">\n\t\t\t\t\t\t\t<div class=\"elementor-author-box\">\n\t\t\t\t\t\t\t<div  class=\"elementor-author-box__avatar\">\n\t\t\t\t\t<img decoding=\"async\" src=\"https:\/\/portal.abepro.org.br\/abepro2025\/wp-content\/uploads\/2025\/01\/Adiel.jpg\" alt=\"Foto de Adiel Teixeira de Almeida\" loading=\"lazy\">\n\t\t\t\t<\/div>\n\t\t\t\n\t\t\t<div class=\"elementor-author-box__text\">\n\t\t\t\t\t\t\t\t\t<div >\n\t\t\t\t\t\t<h4 class=\"elementor-author-box__name\">\n\t\t\t\t\t\t\tAdiel Teixeira de Almeida\t\t\t\t\t\t<\/h4>\n\t\t\t\t\t<\/div>\n\t\t\t\t\n\t\t\t\t\n\t\t\t\t\t\t\t<\/div>\n\t\t<\/div>\n\t\t\t\t\t\t<\/div>\n\t\t\t\t<\/div>\n\t\t\t\t<\/div>\n\t\t<div class=\"elementor-element elementor-element-5a1df3e e-con-full e-flex e-con e-child\" data-id=\"5a1df3e\" data-element_type=\"container\">\n\t\t\t\t<div class=\"elementor-element elementor-element-55591c6 elementor-author-box--layout-image-left elementor-author-box--image-valign-top elementor-widget elementor-widget-author-box\" data-id=\"55591c6\" data-element_type=\"widget\" data-widget_type=\"author-box.default\">\n\t\t\t\t<div class=\"elementor-widget-container\">\n\t\t\t\t\t\t\t<div class=\"elementor-author-box\">\n\t\t\t\t\t\t\t<div  class=\"elementor-author-box__avatar\">\n\t\t\t\t\t<img decoding=\"async\" src=\"https:\/\/portal.abepro.org.br\/abepro2025\/wp-content\/uploads\/2025\/01\/Kazuo-Hatakeyama.jpg\" alt=\"Foto de Kazuo Hatakeyama\" loading=\"lazy\">\n\t\t\t\t<\/div>\n\t\t\t\n\t\t\t<div class=\"elementor-author-box__text\">\n\t\t\t\t\t\t\t\t\t<div >\n\t\t\t\t\t\t<h4 class=\"elementor-author-box__name\">\n\t\t\t\t\t\t\tKazuo Hatakeyama\t\t\t\t\t\t<\/h4>\n\t\t\t\t\t<\/div>\n\t\t\t\t\n\t\t\t\t\n\t\t\t\t\t\t\t<\/div>\n\t\t<\/div>\n\t\t\t\t\t\t<\/div>\n\t\t\t\t<\/div>\n\t\t\t\t<\/div>\n\t\t<div class=\"elementor-element elementor-element-f30d161 e-con-full e-flex e-con e-child\" data-id=\"f30d161\" data-element_type=\"container\">\n\t\t\t\t<div class=\"elementor-element elementor-element-709e4b5 elementor-author-box--layout-image-left elementor-author-box--image-valign-top elementor-widget elementor-widget-author-box\" data-id=\"709e4b5\" data-element_type=\"widget\" data-widget_type=\"author-box.default\">\n\t\t\t\t<div class=\"elementor-widget-container\">\n\t\t\t\t\t\t\t<div class=\"elementor-author-box\">\n\t\t\t\t\t\t\t<div  class=\"elementor-author-box__avatar\">\n\t\t\t\t\t<img decoding=\"async\" src=\"https:\/\/portal.abepro.org.br\/abepro2025\/wp-content\/uploads\/2025\/01\/Osvaldo.png\" alt=\"Foto de Osvaldo L. G. Quelhas\" loading=\"lazy\">\n\t\t\t\t<\/div>\n\t\t\t\n\t\t\t<div class=\"elementor-author-box__text\">\n\t\t\t\t\t\t\t\t\t<div >\n\t\t\t\t\t\t<h4 class=\"elementor-author-box__name\">\n\t\t\t\t\t\t\tOsvaldo L. G. Quelhas\t\t\t\t\t\t<\/h4>\n\t\t\t\t\t<\/div>\n\t\t\t\t\n\t\t\t\t\n\t\t\t\t\t\t\t<\/div>\n\t\t<\/div>\n\t\t\t\t\t\t<\/div>\n\t\t\t\t<\/div>\n\t\t\t\t<\/div>\n\t\t\t\t\t<\/div>\n\t\t\t\t<\/div>\n\t\t<div class=\"elementor-element elementor-element-93656db e-flex e-con-boxed e-con e-parent\" data-id=\"93656db\" data-element_type=\"container\">\n\t\t\t\t\t<div class=\"e-con-inner\">\n\t\t<div class=\"elementor-element elementor-element-a6dfd55 e-con-full e-flex e-con e-child\" data-id=\"a6dfd55\" data-element_type=\"container\">\n\t\t\t\t<div class=\"elementor-element elementor-element-689c911 elementor-widget__width-inherit elementor-widget elementor-widget-heading\" data-id=\"689c911\" data-element_type=\"widget\" data-widget_type=\"heading.default\">\n\t\t\t\t<div class=\"elementor-widget-container\">\n\t\t\t\t\t<h2 class=\"elementor-heading-title elementor-size-default\">2017<\/h2>\t\t\t\t<\/div>\n\t\t\t\t<\/div>\n\t\t\t\t<div class=\"elementor-element elementor-element-6b23a2b elementor-author-box--layout-image-left elementor-author-box--image-valign-top elementor-widget elementor-widget-author-box\" data-id=\"6b23a2b\" data-element_type=\"widget\" data-widget_type=\"author-box.default\">\n\t\t\t\t<div class=\"elementor-widget-container\">\n\t\t\t\t\t\t\t<div class=\"elementor-author-box\">\n\t\t\t\t\t\t\t<div  class=\"elementor-author-box__avatar\">\n\t\t\t\t\t<img decoding=\"async\" src=\"https:\/\/portal.abepro.org.br\/abepro2025\/wp-content\/uploads\/2025\/01\/Sergio-E.jpg\" alt=\"Foto de Sergio E. Gouvea da Costa (PUCPR\/UTFPR)\" loading=\"lazy\">\n\t\t\t\t<\/div>\n\t\t\t\n\t\t\t<div class=\"elementor-author-box__text\">\n\t\t\t\t\t\t\t\t\t<div >\n\t\t\t\t\t\t<h4 class=\"elementor-author-box__name\">\n\t\t\t\t\t\t\tSergio E. Gouvea da Costa (PUCPR\/UTFPR)\t\t\t\t\t\t<\/h4>\n\t\t\t\t\t<\/div>\n\t\t\t\t\n\t\t\t\t\n\t\t\t\t\t\t\t<\/div>\n\t\t<\/div>\n\t\t\t\t\t\t<\/div>\n\t\t\t\t<\/div>\n\t\t\t\t<\/div>\n\t\t<div class=\"elementor-element elementor-element-87b08c5 e-con-full e-flex e-con e-child\" data-id=\"87b08c5\" data-element_type=\"container\">\n\t\t\t\t<div class=\"elementor-element elementor-element-b2e5c78 elementor-widget__width-inherit elementor-widget elementor-widget-heading\" data-id=\"b2e5c78\" data-element_type=\"widget\" data-widget_type=\"heading.default\">\n\t\t\t\t<div class=\"elementor-widget-container\">\n\t\t\t\t\t<h2 class=\"elementor-heading-title elementor-size-default\">2018<\/h2>\t\t\t\t<\/div>\n\t\t\t\t<\/div>\n\t\t\t\t<div class=\"elementor-element elementor-element-7c5d5fa elementor-author-box--layout-image-left elementor-author-box--image-valign-top elementor-widget elementor-widget-author-box\" data-id=\"7c5d5fa\" data-element_type=\"widget\" data-widget_type=\"author-box.default\">\n\t\t\t\t<div class=\"elementor-widget-container\">\n\t\t\t\t\t\t\t<div class=\"elementor-author-box\">\n\t\t\t\t\t\t\t<div  class=\"elementor-author-box__avatar\">\n\t\t\t\t\t<img decoding=\"async\" src=\"https:\/\/portal.abepro.org.br\/abepro2025\/wp-content\/uploads\/2025\/01\/Milton-Vieira.jpg\" alt=\"Foto de Milton Vieira Junior\" loading=\"lazy\">\n\t\t\t\t<\/div>\n\t\t\t\n\t\t\t<div class=\"elementor-author-box__text\">\n\t\t\t\t\t\t\t\t\t<div >\n\t\t\t\t\t\t<h4 class=\"elementor-author-box__name\">\n\t\t\t\t\t\t\tMilton Vieira Junior\t\t\t\t\t\t<\/h4>\n\t\t\t\t\t<\/div>\n\t\t\t\t\n\t\t\t\t\n\t\t\t\t\t\t\t<\/div>\n\t\t<\/div>\n\t\t\t\t\t\t<\/div>\n\t\t\t\t<\/div>\n\t\t\t\t<\/div>\n\t\t<div class=\"elementor-element elementor-element-fc320fe e-con-full e-flex e-con e-child\" data-id=\"fc320fe\" data-element_type=\"container\">\n\t\t\t\t<div class=\"elementor-element elementor-element-a946e7d elementor-widget__width-inherit elementor-widget elementor-widget-heading\" data-id=\"a946e7d\" data-element_type=\"widget\" data-widget_type=\"heading.default\">\n\t\t\t\t<div class=\"elementor-widget-container\">\n\t\t\t\t\t<h2 class=\"elementor-heading-title elementor-size-default\">2019<\/h2>\t\t\t\t<\/div>\n\t\t\t\t<\/div>\n\t\t\t\t<div class=\"elementor-element elementor-element-637d684 elementor-author-box--layout-image-left elementor-author-box--image-valign-top elementor-widget elementor-widget-author-box\" data-id=\"637d684\" data-element_type=\"widget\" data-widget_type=\"author-box.default\">\n\t\t\t\t<div class=\"elementor-widget-container\">\n\t\t\t\t\t\t\t<div class=\"elementor-author-box\">\n\t\t\t\t\t\t\t<div  class=\"elementor-author-box__avatar\">\n\t\t\t\t\t<img decoding=\"async\" src=\"https:\/\/portal.abepro.org.br\/abepro2025\/wp-content\/uploads\/2025\/01\/Targino.jpg\" alt=\"Foto de Targino de Ara\u00fajo Filho\" loading=\"lazy\">\n\t\t\t\t<\/div>\n\t\t\t\n\t\t\t<div class=\"elementor-author-box__text\">\n\t\t\t\t\t\t\t\t\t<div >\n\t\t\t\t\t\t<h4 class=\"elementor-author-box__name\">\n\t\t\t\t\t\t\tTargino de Ara\u00fajo Filho\t\t\t\t\t\t<\/h4>\n\t\t\t\t\t<\/div>\n\t\t\t\t\n\t\t\t\t\n\t\t\t\t\t\t\t<\/div>\n\t\t<\/div>\n\t\t\t\t\t\t<\/div>\n\t\t\t\t<\/div>\n\t\t\t\t<\/div>\n\t\t\t\t\t<\/div>\n\t\t\t\t<\/div>\n\t\t<div class=\"elementor-element elementor-element-78b98a1 e-flex e-con-boxed e-con e-parent\" data-id=\"78b98a1\" data-element_type=\"container\">\n\t\t\t\t\t<div class=\"e-con-inner\">\n\t\t\t\t<div class=\"elementor-element elementor-element-4180862 elementor-widget__width-inherit elementor-widget elementor-widget-heading\" data-id=\"4180862\" data-element_type=\"widget\" data-widget_type=\"heading.default\">\n\t\t\t\t<div class=\"elementor-widget-container\">\n\t\t\t\t\t<h2 class=\"elementor-heading-title elementor-size-default\">2016 - Primeira diretoria da ABEPRO<\/h2>\t\t\t\t<\/div>\n\t\t\t\t<\/div>\n\t\t<div class=\"elementor-element elementor-element-c0c5749 e-con-full e-flex e-con e-child\" data-id=\"c0c5749\" data-element_type=\"container\">\n\t\t\t\t<div class=\"elementor-element elementor-element-e727f09 elementor-author-box--layout-image-left elementor-author-box--image-valign-top elementor-widget elementor-widget-author-box\" data-id=\"e727f09\" data-element_type=\"widget\" data-widget_type=\"author-box.default\">\n\t\t\t\t<div class=\"elementor-widget-container\">\n\t\t\t\t\t\t\t<div class=\"elementor-author-box\">\n\t\t\t\t\t\t\t<div  class=\"elementor-author-box__avatar\">\n\t\t\t\t\t<img decoding=\"async\" src=\"https:\/\/portal.abepro.org.br\/abepro2025\/wp-content\/uploads\/2025\/01\/Miguel-Antonio.jpg\" alt=\"Foto de Miguel Ant\u00f4nio Bueno da Costa\" loading=\"lazy\">\n\t\t\t\t<\/div>\n\t\t\t\n\t\t\t<div class=\"elementor-author-box__text\">\n\t\t\t\t\t\t\t\t\t<div >\n\t\t\t\t\t\t<h4 class=\"elementor-author-box__name\">\n\t\t\t\t\t\t\tMiguel Ant\u00f4nio Bueno da Costa\t\t\t\t\t\t<\/h4>\n\t\t\t\t\t<\/div>\n\t\t\t\t\n\t\t\t\t\n\t\t\t\t\t\t\t<\/div>\n\t\t<\/div>\n\t\t\t\t\t\t<\/div>\n\t\t\t\t<\/div>\n\t\t\t\t<\/div>\n\t\t<div class=\"elementor-element elementor-element-1bd8302 e-con-full e-flex e-con e-child\" data-id=\"1bd8302\" data-element_type=\"container\">\n\t\t\t\t<div class=\"elementor-element elementor-element-d554970 elementor-author-box--layout-image-left elementor-author-box--image-valign-top elementor-widget elementor-widget-author-box\" data-id=\"d554970\" data-element_type=\"widget\" data-widget_type=\"author-box.default\">\n\t\t\t\t<div class=\"elementor-widget-container\">\n\t\t\t\t\t\t\t<div class=\"elementor-author-box\">\n\t\t\t\t\t\t\t<div  class=\"elementor-author-box__avatar\">\n\t\t\t\t\t<img decoding=\"async\" src=\"https:\/\/portal.abepro.org.br\/abepro2025\/wp-content\/uploads\/2025\/01\/Pedro-Luiz.jpg\" alt=\"Foto de Pedro Luiz de Oliveira Costa Neto\" loading=\"lazy\">\n\t\t\t\t<\/div>\n\t\t\t\n\t\t\t<div class=\"elementor-author-box__text\">\n\t\t\t\t\t\t\t\t\t<div >\n\t\t\t\t\t\t<h4 class=\"elementor-author-box__name\">\n\t\t\t\t\t\t\tPedro Luiz de Oliveira Costa Neto\t\t\t\t\t\t<\/h4>\n\t\t\t\t\t<\/div>\n\t\t\t\t\n\t\t\t\t\n\t\t\t\t\t\t\t<\/div>\n\t\t<\/div>\n\t\t\t\t\t\t<\/div>\n\t\t\t\t<\/div>\n\t\t\t\t<\/div>\n\t\t<div class=\"elementor-element elementor-element-531018e e-con-full e-flex e-con e-child\" data-id=\"531018e\" data-element_type=\"container\">\n\t\t\t\t<div class=\"elementor-element elementor-element-fff4c53 elementor-author-box--layout-image-left elementor-author-box--image-valign-top elementor-widget elementor-widget-author-box\" data-id=\"fff4c53\" data-element_type=\"widget\" data-widget_type=\"author-box.default\">\n\t\t\t\t<div class=\"elementor-widget-container\">\n\t\t\t\t\t\t\t<div class=\"elementor-author-box\">\n\t\t\t\t\t\t\t<div  class=\"elementor-author-box__avatar\">\n\t\t\t\t\t<img decoding=\"async\" src=\"https:\/\/portal.abepro.org.br\/abepro2025\/wp-content\/uploads\/2025\/01\/Itiro-Lida.jpg\" alt=\"Foto de Itiro Lida\" loading=\"lazy\">\n\t\t\t\t<\/div>\n\t\t\t\n\t\t\t<div class=\"elementor-author-box__text\">\n\t\t\t\t\t\t\t\t\t<div >\n\t\t\t\t\t\t<h4 class=\"elementor-author-box__name\">\n\t\t\t\t\t\t\tItiro Lida\t\t\t\t\t\t<\/h4>\n\t\t\t\t\t<\/div>\n\t\t\t\t\n\t\t\t\t\n\t\t\t\t\t\t\t<\/div>\n\t\t<\/div>\n\t\t\t\t\t\t<\/div>\n\t\t\t\t<\/div>\n\t\t\t\t<\/div>\n\t\t<div class=\"elementor-element elementor-element-8881378 e-con-full e-flex e-con e-child\" data-id=\"8881378\" data-element_type=\"container\">\n\t\t\t\t<div class=\"elementor-element elementor-element-96d0cda elementor-author-box--layout-image-left elementor-author-box--image-valign-top elementor-widget elementor-widget-author-box\" data-id=\"96d0cda\" data-element_type=\"widget\" data-widget_type=\"author-box.default\">\n\t\t\t\t<div class=\"elementor-widget-container\">\n\t\t\t\t\t\t\t<div class=\"elementor-author-box\">\n\t\t\t\t\t\t\t<div  class=\"elementor-author-box__avatar\">\n\t\t\t\t\t<img decoding=\"async\" src=\"https:\/\/portal.abepro.org.br\/abepro2025\/wp-content\/uploads\/2025\/01\/Luiz.jpeg\" alt=\"Foto de Luiz Ant\u00f4nio Meirelles (in memorian)\" loading=\"lazy\">\n\t\t\t\t<\/div>\n\t\t\t\n\t\t\t<div class=\"elementor-author-box__text\">\n\t\t\t\t\t\t\t\t\t<div >\n\t\t\t\t\t\t<h4 class=\"elementor-author-box__name\">\n\t\t\t\t\t\t\tLuiz Ant\u00f4nio Meirelles (in memorian)\t\t\t\t\t\t<\/h4>\n\t\t\t\t\t<\/div>\n\t\t\t\t\n\t\t\t\t\n\t\t\t\t\t\t\t<\/div>\n\t\t<\/div>\n\t\t\t\t\t\t<\/div>\n\t\t\t\t<\/div>\n\t\t\t\t<\/div>\n\t\t<div class=\"elementor-element elementor-element-7782a9c e-con-full e-flex e-con e-child\" data-id=\"7782a9c\" data-element_type=\"container\">\n\t\t\t\t<div class=\"elementor-element elementor-element-433aebc elementor-author-box--layout-image-left elementor-author-box--image-valign-top elementor-widget elementor-widget-author-box\" data-id=\"433aebc\" data-element_type=\"widget\" data-widget_type=\"author-box.default\">\n\t\t\t\t<div class=\"elementor-widget-container\">\n\t\t\t\t\t\t\t<div class=\"elementor-author-box\">\n\t\t\t\t\t\t\t<div  class=\"elementor-author-box__avatar\">\n\t\t\t\t\t<img decoding=\"async\" src=\"https:\/\/portal.abepro.org.br\/abepro2025\/wp-content\/uploads\/2025\/01\/Prof_Castro.jpg\" alt=\"Foto de Jo\u00e3o Ernesto Escosteguy Castro (in memorian)\" loading=\"lazy\">\n\t\t\t\t<\/div>\n\t\t\t\n\t\t\t<div class=\"elementor-author-box__text\">\n\t\t\t\t\t\t\t\t\t<div >\n\t\t\t\t\t\t<h4 class=\"elementor-author-box__name\">\n\t\t\t\t\t\t\tJo\u00e3o Ernesto Escosteguy Castro (in memorian)\t\t\t\t\t\t<\/h4>\n\t\t\t\t\t<\/div>\n\t\t\t\t\n\t\t\t\t\n\t\t\t\t\t\t\t<\/div>\n\t\t<\/div>\n\t\t\t\t\t\t<\/div>\n\t\t\t\t<\/div>\n\t\t\t\t<\/div>\n\t\t<div class=\"elementor-element elementor-element-05bd689 e-con-full e-flex e-con e-child\" data-id=\"05bd689\" data-element_type=\"container\">\n\t\t\t\t<div class=\"elementor-element elementor-element-2b41f71 elementor-author-box--layout-image-left elementor-author-box--image-valign-top elementor-widget elementor-widget-author-box\" data-id=\"2b41f71\" data-element_type=\"widget\" data-widget_type=\"author-box.default\">\n\t\t\t\t<div class=\"elementor-widget-container\">\n\t\t\t\t\t\t\t<div class=\"elementor-author-box\">\n\t\t\t\t\t\t\t<div  class=\"elementor-author-box__avatar\">\n\t\t\t\t\t<img decoding=\"async\" src=\"https:\/\/portal.abepro.org.br\/abepro2025\/wp-content\/uploads\/2025\/01\/Paulo-Dacol.jpeg\" alt=\"Foto de Paulo Roberto Tavares Dalcol\" loading=\"lazy\">\n\t\t\t\t<\/div>\n\t\t\t\n\t\t\t<div class=\"elementor-author-box__text\">\n\t\t\t\t\t\t\t\t\t<div >\n\t\t\t\t\t\t<h4 class=\"elementor-author-box__name\">\n\t\t\t\t\t\t\tPaulo Roberto Tavares Dalcol\t\t\t\t\t\t<\/h4>\n\t\t\t\t\t<\/div>\n\t\t\t\t\n\t\t\t\t\n\t\t\t\t\t\t\t<\/div>\n\t\t<\/div>\n\t\t\t\t\t\t<\/div>\n\t\t\t\t<\/div>\n\t\t\t\t<\/div>\n\t\t\t\t\t<\/div>\n\t\t\t\t<\/div>\n\t\t<div class=\"elementor-element elementor-element-1a3c3a1 e-flex e-con-boxed e-con e-parent\" data-id=\"1a3c3a1\" data-element_type=\"container\">\n\t\t\t\t\t<div class=\"e-con-inner\">\n\t\t\t\t<div class=\"elementor-element elementor-element-9a7b78d elementor-widget__width-inherit elementor-widget elementor-widget-heading\" data-id=\"9a7b78d\" data-element_type=\"widget\" data-widget_type=\"heading.default\">\n\t\t\t\t<div class=\"elementor-widget-container\">\n\t\t\t\t\t<h2 class=\"elementor-heading-title elementor-size-default\">2015<\/h2>\t\t\t\t<\/div>\n\t\t\t\t<\/div>\n\t\t<div class=\"elementor-element elementor-element-8495cf7 e-con-full e-flex e-con e-child\" data-id=\"8495cf7\" data-element_type=\"container\">\n\t\t\t\t<div class=\"elementor-element elementor-element-922b082 elementor-author-box--layout-image-left elementor-author-box--image-valign-top elementor-widget elementor-widget-author-box\" data-id=\"922b082\" data-element_type=\"widget\" data-widget_type=\"author-box.default\">\n\t\t\t\t<div class=\"elementor-widget-container\">\n\t\t\t\t\t\t\t<div class=\"elementor-author-box\">\n\t\t\t\t\t\t\t<div  class=\"elementor-author-box__avatar\">\n\t\t\t\t\t<img decoding=\"async\" src=\"https:\/\/portal.abepro.org.br\/abepro2025\/wp-content\/uploads\/2025\/01\/Fernando-de-Melo.jpg\" alt=\"Foto de Fernando de Melo Nunes\" loading=\"lazy\">\n\t\t\t\t<\/div>\n\t\t\t\n\t\t\t<div class=\"elementor-author-box__text\">\n\t\t\t\t\t\t\t\t\t<div >\n\t\t\t\t\t\t<h4 class=\"elementor-author-box__name\">\n\t\t\t\t\t\t\tFernando de Melo Nunes\t\t\t\t\t\t<\/h4>\n\t\t\t\t\t<\/div>\n\t\t\t\t\n\t\t\t\t\n\t\t\t\t\t\t\t<\/div>\n\t\t<\/div>\n\t\t\t\t\t\t<\/div>\n\t\t\t\t<\/div>\n\t\t\t\t<\/div>\n\t\t<div class=\"elementor-element elementor-element-456953e e-con-full e-flex e-con e-child\" data-id=\"456953e\" data-element_type=\"container\">\n\t\t\t\t<div class=\"elementor-element elementor-element-2013979 elementor-author-box--layout-image-left elementor-author-box--image-valign-top elementor-widget elementor-widget-author-box\" data-id=\"2013979\" data-element_type=\"widget\" data-widget_type=\"author-box.default\">\n\t\t\t\t<div class=\"elementor-widget-container\">\n\t\t\t\t\t\t\t<div class=\"elementor-author-box\">\n\t\t\t\t\t\t\t<div  class=\"elementor-author-box__avatar\">\n\t\t\t\t\t<img decoding=\"async\" src=\"https:\/\/portal.abepro.org.br\/abepro2025\/wp-content\/uploads\/2025\/01\/Marly-Monteiro.jpg\" alt=\"Foto de Marly Monteiro de Carvalho\" loading=\"lazy\">\n\t\t\t\t<\/div>\n\t\t\t\n\t\t\t<div class=\"elementor-author-box__text\">\n\t\t\t\t\t\t\t\t\t<div >\n\t\t\t\t\t\t<h4 class=\"elementor-author-box__name\">\n\t\t\t\t\t\t\tMarly Monteiro de Carvalho\t\t\t\t\t\t<\/h4>\n\t\t\t\t\t<\/div>\n\t\t\t\t\n\t\t\t\t\n\t\t\t\t\t\t\t<\/div>\n\t\t<\/div>\n\t\t\t\t\t\t<\/div>\n\t\t\t\t<\/div>\n\t\t\t\t<\/div>\n\t\t\t\t\t<\/div>\n\t\t\t\t<\/div>\n\t\t<div class=\"elementor-element elementor-element-3f5b2c5 e-flex e-con-boxed e-con e-parent\" data-id=\"3f5b2c5\" data-element_type=\"container\">\n\t\t\t\t\t<div class=\"e-con-inner\">\n\t\t\t\t<div class=\"elementor-element elementor-element-f129df3 elementor-widget__width-inherit elementor-widget elementor-widget-heading\" data-id=\"f129df3\" data-element_type=\"widget\" data-widget_type=\"heading.default\">\n\t\t\t\t<div class=\"elementor-widget-container\">\n\t\t\t\t\t<h2 class=\"elementor-heading-title elementor-size-default\">2014<\/h2>\t\t\t\t<\/div>\n\t\t\t\t<\/div>\n\t\t<div class=\"elementor-element elementor-element-ec4c412 e-con-full e-flex e-con e-child\" data-id=\"ec4c412\" data-element_type=\"container\">\n\t\t\t\t<div class=\"elementor-element elementor-element-9a50736 elementor-author-box--layout-image-left elementor-author-box--image-valign-top elementor-widget elementor-widget-author-box\" data-id=\"9a50736\" data-element_type=\"widget\" data-widget_type=\"author-box.default\">\n\t\t\t\t<div class=\"elementor-widget-container\">\n\t\t\t\t\t\t\t<div class=\"elementor-author-box\">\n\t\t\t\t\t\t\t<div  class=\"elementor-author-box__avatar\">\n\t\t\t\t\t<img decoding=\"async\" src=\"https:\/\/portal.abepro.org.br\/abepro2025\/wp-content\/uploads\/2025\/01\/Francisco-Soares.jpg\" alt=\"Foto de Francisco Soares M\u00e1sculo\" loading=\"lazy\">\n\t\t\t\t<\/div>\n\t\t\t\n\t\t\t<div class=\"elementor-author-box__text\">\n\t\t\t\t\t\t\t\t\t<div >\n\t\t\t\t\t\t<h4 class=\"elementor-author-box__name\">\n\t\t\t\t\t\t\tFrancisco Soares M\u00e1sculo\t\t\t\t\t\t<\/h4>\n\t\t\t\t\t<\/div>\n\t\t\t\t\n\t\t\t\t\n\t\t\t\t\t\t\t<\/div>\n\t\t<\/div>\n\t\t\t\t\t\t<\/div>\n\t\t\t\t<\/div>\n\t\t\t\t<\/div>\n\t\t<div class=\"elementor-element elementor-element-49fdf2e e-con-full e-flex e-con e-child\" data-id=\"49fdf2e\" data-element_type=\"container\">\n\t\t\t\t<div class=\"elementor-element elementor-element-87f05a5 elementor-author-box--layout-image-left elementor-author-box--image-valign-top elementor-widget elementor-widget-author-box\" data-id=\"87f05a5\" data-element_type=\"widget\" data-widget_type=\"author-box.default\">\n\t\t\t\t<div class=\"elementor-widget-container\">\n\t\t\t\t\t\t\t<div class=\"elementor-author-box\">\n\t\t\t\t\t\t\t<div  class=\"elementor-author-box__avatar\">\n\t\t\t\t\t<img decoding=\"async\" src=\"https:\/\/portal.abepro.org.br\/abepro2025\/wp-content\/uploads\/2025\/01\/Neri.jpg\" alt=\"Foto de Neri dos Santos\" loading=\"lazy\">\n\t\t\t\t<\/div>\n\t\t\t\n\t\t\t<div class=\"elementor-author-box__text\">\n\t\t\t\t\t\t\t\t\t<div >\n\t\t\t\t\t\t<h4 class=\"elementor-author-box__name\">\n\t\t\t\t\t\t\tNeri dos Santos\t\t\t\t\t\t<\/h4>\n\t\t\t\t\t<\/div>\n\t\t\t\t\n\t\t\t\t\n\t\t\t\t\t\t\t<\/div>\n\t\t<\/div>\n\t\t\t\t\t\t<\/div>\n\t\t\t\t<\/div>\n\t\t\t\t<\/div>\n\t\t\t\t\t<\/div>\n\t\t\t\t<\/div>\n\t\t<div class=\"elementor-element elementor-element-b8bb28d e-flex e-con-boxed e-con e-parent\" data-id=\"b8bb28d\" data-element_type=\"container\">\n\t\t\t\t\t<div class=\"e-con-inner\">\n\t\t\t\t<div class=\"elementor-element elementor-element-2c33e24 elementor-widget__width-inherit elementor-widget elementor-widget-heading\" data-id=\"2c33e24\" data-element_type=\"widget\" data-widget_type=\"heading.default\">\n\t\t\t\t<div class=\"elementor-widget-container\">\n\t\t\t\t\t<h2 class=\"elementor-heading-title elementor-size-default\">2013<\/h2>\t\t\t\t<\/div>\n\t\t\t\t<\/div>\n\t\t<div class=\"elementor-element elementor-element-f07fafd e-con-full e-flex e-con e-child\" data-id=\"f07fafd\" data-element_type=\"container\">\n\t\t\t\t<div class=\"elementor-element elementor-element-7e1b60b elementor-author-box--layout-image-left elementor-author-box--image-valign-top elementor-widget elementor-widget-author-box\" data-id=\"7e1b60b\" data-element_type=\"widget\" data-widget_type=\"author-box.default\">\n\t\t\t\t<div class=\"elementor-widget-container\">\n\t\t\t\t\t\t\t<div class=\"elementor-author-box\">\n\t\t\t\t\t\t\t<div  class=\"elementor-author-box__avatar\">\n\t\t\t\t\t<img decoding=\"async\" src=\"https:\/\/portal.abepro.org.br\/abepro2025\/wp-content\/uploads\/2025\/01\/Pedro-Luiz.jpg\" alt=\"Foto de Pedro Luiz de Oliveira Costa Neto\" loading=\"lazy\">\n\t\t\t\t<\/div>\n\t\t\t\n\t\t\t<div class=\"elementor-author-box__text\">\n\t\t\t\t\t\t\t\t\t<div >\n\t\t\t\t\t\t<h4 class=\"elementor-author-box__name\">\n\t\t\t\t\t\t\tPedro Luiz de Oliveira Costa Neto\t\t\t\t\t\t<\/h4>\n\t\t\t\t\t<\/div>\n\t\t\t\t\n\t\t\t\t\n\t\t\t\t\t\t\t<\/div>\n\t\t<\/div>\n\t\t\t\t\t\t<\/div>\n\t\t\t\t<\/div>\n\t\t\t\t<\/div>\n\t\t<div class=\"elementor-element elementor-element-780b234 e-con-full e-flex e-con e-child\" data-id=\"780b234\" data-element_type=\"container\">\n\t\t\t\t<div class=\"elementor-element elementor-element-d5c39b1 elementor-author-box--layout-image-left elementor-author-box--image-valign-top elementor-widget elementor-widget-author-box\" data-id=\"d5c39b1\" data-element_type=\"widget\" data-widget_type=\"author-box.default\">\n\t\t\t\t<div class=\"elementor-widget-container\">\n\t\t\t\t\t\t\t<div class=\"elementor-author-box\">\n\t\t\t\t\t\t\t<div  class=\"elementor-author-box__avatar\">\n\t\t\t\t\t<img decoding=\"async\" src=\"https:\/\/portal.abepro.org.br\/abepro2025\/wp-content\/uploads\/2025\/01\/Paulo-Dacol.jpeg\" alt=\"Foto de Paulo Roberto Tavares Dalcol\" loading=\"lazy\">\n\t\t\t\t<\/div>\n\t\t\t\n\t\t\t<div class=\"elementor-author-box__text\">\n\t\t\t\t\t\t\t\t\t<div >\n\t\t\t\t\t\t<h4 class=\"elementor-author-box__name\">\n\t\t\t\t\t\t\tPaulo Roberto Tavares Dalcol\t\t\t\t\t\t<\/h4>\n\t\t\t\t\t<\/div>\n\t\t\t\t\n\t\t\t\t\n\t\t\t\t\t\t\t<\/div>\n\t\t<\/div>\n\t\t\t\t\t\t<\/div>\n\t\t\t\t<\/div>\n\t\t\t\t<\/div>\n\t\t<div class=\"elementor-element elementor-element-c1fe88c e-con-full e-flex e-con e-child\" data-id=\"c1fe88c\" data-element_type=\"container\">\n\t\t\t\t<div class=\"elementor-element elementor-element-5e41fbc elementor-author-box--layout-image-left elementor-author-box--image-valign-top elementor-widget elementor-widget-author-box\" data-id=\"5e41fbc\" data-element_type=\"widget\" data-widget_type=\"author-box.default\">\n\t\t\t\t<div class=\"elementor-widget-container\">\n\t\t\t\t\t\t\t<div class=\"elementor-author-box\">\n\t\t\t\t\t\t\t<div  class=\"elementor-author-box__avatar\">\n\t\t\t\t\t<img decoding=\"async\" src=\"https:\/\/portal.abepro.org.br\/abepro2025\/wp-content\/uploads\/2025\/01\/Luiz.jpeg\" alt=\"Foto de Luiz Ant\u00f4nio Meirelles&lt;br&gt; (in memorian)\" loading=\"lazy\">\n\t\t\t\t<\/div>\n\t\t\t\n\t\t\t<div class=\"elementor-author-box__text\">\n\t\t\t\t\t\t\t\t\t<div >\n\t\t\t\t\t\t<h4 class=\"elementor-author-box__name\">\n\t\t\t\t\t\t\tLuiz Ant\u00f4nio Meirelles<br> (in memorian)\t\t\t\t\t\t<\/h4>\n\t\t\t\t\t<\/div>\n\t\t\t\t\n\t\t\t\t\n\t\t\t\t\t\t\t<\/div>\n\t\t<\/div>\n\t\t\t\t\t\t<\/div>\n\t\t\t\t<\/div>\n\t\t\t\t<\/div>\n\t\t\t\t\t<\/div>\n\t\t\t\t<\/div>\n\t\t<div class=\"elementor-element elementor-element-4708a58 e-flex e-con-boxed e-con e-parent\" data-id=\"4708a58\" data-element_type=\"container\">\n\t\t\t\t\t<div class=\"e-con-inner\">\n\t\t\t\t<div class=\"elementor-element elementor-element-d4fa96b elementor-widget__width-inherit elementor-widget elementor-widget-heading\" data-id=\"d4fa96b\" data-element_type=\"widget\" data-widget_type=\"heading.default\">\n\t\t\t\t<div class=\"elementor-widget-container\">\n\t\t\t\t\t<h2 class=\"elementor-heading-title elementor-size-default\">2012<\/h2>\t\t\t\t<\/div>\n\t\t\t\t<\/div>\n\t\t<div class=\"elementor-element elementor-element-ccf2e2c e-con-full e-flex e-con e-child\" data-id=\"ccf2e2c\" data-element_type=\"container\">\n\t\t\t\t<div class=\"elementor-element elementor-element-5b6afc0 elementor-author-box--layout-image-left elementor-author-box--image-valign-top elementor-widget elementor-widget-author-box\" data-id=\"5b6afc0\" data-element_type=\"widget\" data-widget_type=\"author-box.default\">\n\t\t\t\t<div class=\"elementor-widget-container\">\n\t\t\t\t\t\t\t<div class=\"elementor-author-box\">\n\t\t\t\t\t\t\t<div  class=\"elementor-author-box__avatar\">\n\t\t\t\t\t<img decoding=\"async\" src=\"https:\/\/portal.abepro.org.br\/abepro2025\/wp-content\/uploads\/2025\/01\/Paulo-Mauricio.jpg\" alt=\"Foto de Paulo Maur\u00edcio Selig - UFSC\" loading=\"lazy\">\n\t\t\t\t<\/div>\n\t\t\t\n\t\t\t<div class=\"elementor-author-box__text\">\n\t\t\t\t\t\t\t\t\t<div >\n\t\t\t\t\t\t<h4 class=\"elementor-author-box__name\">\n\t\t\t\t\t\t\tPaulo Maur\u00edcio Selig - UFSC\t\t\t\t\t\t<\/h4>\n\t\t\t\t\t<\/div>\n\t\t\t\t\n\t\t\t\t\n\t\t\t\t\t\t\t<\/div>\n\t\t<\/div>\n\t\t\t\t\t\t<\/div>\n\t\t\t\t<\/div>\n\t\t\t\t<\/div>\n\t\t<div class=\"elementor-element elementor-element-f0ad11b e-con-full e-flex e-con e-child\" data-id=\"f0ad11b\" data-element_type=\"container\">\n\t\t\t\t<div class=\"elementor-element elementor-element-8ef74df elementor-author-box--layout-image-left elementor-author-box--image-valign-top elementor-widget elementor-widget-author-box\" data-id=\"8ef74df\" data-element_type=\"widget\" data-widget_type=\"author-box.default\">\n\t\t\t\t<div class=\"elementor-widget-container\">\n\t\t\t\t\t\t\t<div class=\"elementor-author-box\">\n\t\t\t\t\t\t\t<div  class=\"elementor-author-box__avatar\">\n\t\t\t\t\t<img decoding=\"async\" src=\"https:\/\/portal.abepro.org.br\/abepro2025\/wp-content\/uploads\/2025\/01\/Vanderli-Fava.jpg\" alt=\"Foto de Vanderl\u00ed Fava de Oliveira - UFJF\" loading=\"lazy\">\n\t\t\t\t<\/div>\n\t\t\t\n\t\t\t<div class=\"elementor-author-box__text\">\n\t\t\t\t\t\t\t\t\t<div >\n\t\t\t\t\t\t<h4 class=\"elementor-author-box__name\">\n\t\t\t\t\t\t\tVanderl\u00ed Fava de Oliveira - UFJF\t\t\t\t\t\t<\/h4>\n\t\t\t\t\t<\/div>\n\t\t\t\t\n\t\t\t\t\n\t\t\t\t\t\t\t<\/div>\n\t\t<\/div>\n\t\t\t\t\t\t<\/div>\n\t\t\t\t<\/div>\n\t\t\t\t<\/div>\n\t\t\t\t\t<\/div>\n\t\t\t\t<\/div>\n\t\t<div class=\"elementor-element elementor-element-4e7374f e-flex e-con-boxed e-con e-parent\" data-id=\"4e7374f\" data-element_type=\"container\">\n\t\t\t\t\t<div class=\"e-con-inner\">\n\t\t\t\t<div class=\"elementor-element elementor-element-894fc76 elementor-widget__width-inherit elementor-widget elementor-widget-heading\" data-id=\"894fc76\" data-element_type=\"widget\" data-widget_type=\"heading.default\">\n\t\t\t\t<div class=\"elementor-widget-container\">\n\t\t\t\t\t<h2 class=\"elementor-heading-title elementor-size-default\">2011<\/h2>\t\t\t\t<\/div>\n\t\t\t\t<\/div>\n\t\t<div class=\"elementor-element elementor-element-b9cdfbf e-con-full e-flex e-con e-child\" data-id=\"b9cdfbf\" data-element_type=\"container\">\n\t\t\t\t<div class=\"elementor-element elementor-element-ea4b3db elementor-author-box--layout-image-left elementor-author-box--image-valign-top elementor-widget elementor-widget-author-box\" data-id=\"ea4b3db\" data-element_type=\"widget\" data-widget_type=\"author-box.default\">\n\t\t\t\t<div class=\"elementor-widget-container\">\n\t\t\t\t\t\t\t<div class=\"elementor-author-box\">\n\t\t\t\t\t\t\t<div  class=\"elementor-author-box__avatar\">\n\t\t\t\t\t<img decoding=\"async\" src=\"https:\/\/portal.abepro.org.br\/abepro2025\/wp-content\/uploads\/2025\/01\/Nivaldo-Lemos.jpg\" alt=\"Foto de Nivaldo Lemos Coppini\" loading=\"lazy\">\n\t\t\t\t<\/div>\n\t\t\t\n\t\t\t<div class=\"elementor-author-box__text\">\n\t\t\t\t\t\t\t\t\t<div >\n\t\t\t\t\t\t<h4 class=\"elementor-author-box__name\">\n\t\t\t\t\t\t\tNivaldo Lemos Coppini\t\t\t\t\t\t<\/h4>\n\t\t\t\t\t<\/div>\n\t\t\t\t\n\t\t\t\t\n\t\t\t\t\t\t\t<\/div>\n\t\t<\/div>\n\t\t\t\t\t\t<\/div>\n\t\t\t\t<\/div>\n\t\t\t\t<\/div>\n\t\t<div class=\"elementor-element elementor-element-333db32 e-con-full e-flex e-con e-child\" data-id=\"333db32\" data-element_type=\"container\">\n\t\t\t\t<div class=\"elementor-element elementor-element-6e66ac7 elementor-author-box--layout-image-left elementor-author-box--image-valign-top elementor-widget elementor-widget-author-box\" data-id=\"6e66ac7\" data-element_type=\"widget\" data-widget_type=\"author-box.default\">\n\t\t\t\t<div class=\"elementor-widget-container\">\n\t\t\t\t\t\t\t<div class=\"elementor-author-box\">\n\t\t\t\t\t\t\t<div  class=\"elementor-author-box__avatar\">\n\t\t\t\t\t<img decoding=\"async\" src=\"https:\/\/portal.abepro.org.br\/abepro2025\/wp-content\/uploads\/2025\/01\/Afonso-Carlos.jpg\" alt=\"Foto de Afonso Carlos Corr\u00eaa Fleury\" loading=\"lazy\">\n\t\t\t\t<\/div>\n\t\t\t\n\t\t\t<div class=\"elementor-author-box__text\">\n\t\t\t\t\t\t\t\t\t<div >\n\t\t\t\t\t\t<h4 class=\"elementor-author-box__name\">\n\t\t\t\t\t\t\tAfonso Carlos Corr\u00eaa Fleury\t\t\t\t\t\t<\/h4>\n\t\t\t\t\t<\/div>\n\t\t\t\t\n\t\t\t\t\n\t\t\t\t\t\t\t<\/div>\n\t\t<\/div>\n\t\t\t\t\t\t<\/div>\n\t\t\t\t<\/div>\n\t\t\t\t<\/div>\n\t\t<div class=\"elementor-element elementor-element-d5533f8 e-con-full e-flex e-con e-child\" data-id=\"d5533f8\" data-element_type=\"container\">\n\t\t\t\t<div class=\"elementor-element elementor-element-a6d9e73 elementor-author-box--layout-image-left elementor-author-box--image-valign-top elementor-widget elementor-widget-author-box\" data-id=\"a6d9e73\" data-element_type=\"widget\" data-widget_type=\"author-box.default\">\n\t\t\t\t<div class=\"elementor-widget-container\">\n\t\t\t\t\t\t\t<div class=\"elementor-author-box\">\n\t\t\t\t\t\t\t<div  class=\"elementor-author-box__avatar\">\n\t\t\t\t\t<img decoding=\"async\" src=\"https:\/\/portal.abepro.org.br\/abepro2025\/wp-content\/uploads\/2025\/01\/Silvana-Dacol.jpg\" alt=\"Foto de Silvana Dacol&lt;br&gt; (in memorian)\" loading=\"lazy\">\n\t\t\t\t<\/div>\n\t\t\t\n\t\t\t<div class=\"elementor-author-box__text\">\n\t\t\t\t\t\t\t\t\t<div >\n\t\t\t\t\t\t<h4 class=\"elementor-author-box__name\">\n\t\t\t\t\t\t\tSilvana Dacol<br> (in memorian)\t\t\t\t\t\t<\/h4>\n\t\t\t\t\t<\/div>\n\t\t\t\t\n\t\t\t\t\n\t\t\t\t\t\t\t<\/div>\n\t\t<\/div>\n\t\t\t\t\t\t<\/div>\n\t\t\t\t<\/div>\n\t\t\t\t<\/div>\n\t\t\t\t\t<\/div>\n\t\t\t\t<\/div>\n\t\t<div class=\"elementor-element elementor-element-9a4297a e-flex e-con-boxed e-con e-parent\" data-id=\"9a4297a\" data-element_type=\"container\">\n\t\t\t\t\t<div class=\"e-con-inner\">\n\t\t\t\t<div class=\"elementor-element elementor-element-298c75a elementor-widget__width-inherit elementor-widget elementor-widget-heading\" data-id=\"298c75a\" data-element_type=\"widget\" data-widget_type=\"heading.default\">\n\t\t\t\t<div class=\"elementor-widget-container\">\n\t\t\t\t\t<h2 class=\"elementor-heading-title elementor-size-default\">2010 - Homenageada a Comiss\u00e3o Organizadora do Primeiro ENEGEP (1981)<\/h2>\t\t\t\t<\/div>\n\t\t\t\t<\/div>\n\t\t<div class=\"elementor-element elementor-element-8a26b4f e-con-full e-flex e-con e-child\" data-id=\"8a26b4f\" data-element_type=\"container\">\n\t\t\t\t<div class=\"elementor-element elementor-element-9c4e871 elementor-author-box--layout-image-left elementor-author-box--image-valign-top elementor-widget elementor-widget-author-box\" data-id=\"9c4e871\" data-element_type=\"widget\" data-widget_type=\"author-box.default\">\n\t\t\t\t<div class=\"elementor-widget-container\">\n\t\t\t\t\t\t\t<div class=\"elementor-author-box\">\n\t\t\t\t\t\t\t<div  class=\"elementor-author-box__avatar\">\n\t\t\t\t\t<img decoding=\"async\" src=\"https:\/\/portal.abepro.org.br\/abepro2025\/wp-content\/uploads\/2025\/01\/silhu.png\" alt=\"Foto de Rafael Murolo Filho\" loading=\"lazy\">\n\t\t\t\t<\/div>\n\t\t\t\n\t\t\t<div class=\"elementor-author-box__text\">\n\t\t\t\t\t\t\t\t\t<div >\n\t\t\t\t\t\t<h4 class=\"elementor-author-box__name\">\n\t\t\t\t\t\t\tRafael Murolo Filho\t\t\t\t\t\t<\/h4>\n\t\t\t\t\t<\/div>\n\t\t\t\t\n\t\t\t\t\n\t\t\t\t\t\t\t<\/div>\n\t\t<\/div>\n\t\t\t\t\t\t<\/div>\n\t\t\t\t<\/div>\n\t\t\t\t<\/div>\n\t\t<div class=\"elementor-element elementor-element-8e627f4 e-con-full e-flex e-con e-child\" data-id=\"8e627f4\" data-element_type=\"container\">\n\t\t\t\t<div class=\"elementor-element elementor-element-8796e23 elementor-author-box--layout-image-left elementor-author-box--image-valign-top elementor-widget elementor-widget-author-box\" data-id=\"8796e23\" data-element_type=\"widget\" data-widget_type=\"author-box.default\">\n\t\t\t\t<div class=\"elementor-widget-container\">\n\t\t\t\t\t\t\t<div class=\"elementor-author-box\">\n\t\t\t\t\t\t\t<div  class=\"elementor-author-box__avatar\">\n\t\t\t\t\t<img decoding=\"async\" src=\"https:\/\/portal.abepro.org.br\/abepro2025\/wp-content\/uploads\/2025\/01\/Luis-Cesar.jpg\" alt=\"Foto de Luis Cesar de Moura Menezes\" loading=\"lazy\">\n\t\t\t\t<\/div>\n\t\t\t\n\t\t\t<div class=\"elementor-author-box__text\">\n\t\t\t\t\t\t\t\t\t<div >\n\t\t\t\t\t\t<h4 class=\"elementor-author-box__name\">\n\t\t\t\t\t\t\tLuis Cesar de Moura Menezes\t\t\t\t\t\t<\/h4>\n\t\t\t\t\t<\/div>\n\t\t\t\t\n\t\t\t\t\n\t\t\t\t\t\t\t<\/div>\n\t\t<\/div>\n\t\t\t\t\t\t<\/div>\n\t\t\t\t<\/div>\n\t\t\t\t<\/div>\n\t\t<div class=\"elementor-element elementor-element-61ceaad e-con-full e-flex e-con e-child\" data-id=\"61ceaad\" data-element_type=\"container\">\n\t\t\t\t<div class=\"elementor-element elementor-element-fa07894 elementor-author-box--layout-image-left elementor-author-box--image-valign-top elementor-widget elementor-widget-author-box\" data-id=\"fa07894\" data-element_type=\"widget\" data-widget_type=\"author-box.default\">\n\t\t\t\t<div class=\"elementor-widget-container\">\n\t\t\t\t\t\t\t<div class=\"elementor-author-box\">\n\t\t\t\t\t\t\t<div  class=\"elementor-author-box__avatar\">\n\t\t\t\t\t<img decoding=\"async\" src=\"https:\/\/portal.abepro.org.br\/abepro2025\/wp-content\/uploads\/2025\/01\/Joao-Alberto.jpg\" alt=\"Foto de Jo\u00e3o Alberto Camarotto\" loading=\"lazy\">\n\t\t\t\t<\/div>\n\t\t\t\n\t\t\t<div class=\"elementor-author-box__text\">\n\t\t\t\t\t\t\t\t\t<div >\n\t\t\t\t\t\t<h4 class=\"elementor-author-box__name\">\n\t\t\t\t\t\t\tJo\u00e3o Alberto Camarotto\t\t\t\t\t\t<\/h4>\n\t\t\t\t\t<\/div>\n\t\t\t\t\n\t\t\t\t\n\t\t\t\t\t\t\t<\/div>\n\t\t<\/div>\n\t\t\t\t\t\t<\/div>\n\t\t\t\t<\/div>\n\t\t\t\t<\/div>\n\t\t<div class=\"elementor-element elementor-element-4ea8c6e e-con-full e-flex e-con e-child\" data-id=\"4ea8c6e\" data-element_type=\"container\">\n\t\t\t\t<\/div>\n\t\t<div class=\"elementor-element elementor-element-bb8484d e-con-full e-flex e-con e-child\" data-id=\"bb8484d\" data-element_type=\"container\">\n\t\t\t\t<div class=\"elementor-element elementor-element-e0baad4 elementor-author-box--layout-image-left elementor-author-box--image-valign-top elementor-widget elementor-widget-author-box\" data-id=\"e0baad4\" data-element_type=\"widget\" data-widget_type=\"author-box.default\">\n\t\t\t\t<div class=\"elementor-widget-container\">\n\t\t\t\t\t\t\t<div class=\"elementor-author-box\">\n\t\t\t\t\t\t\t<div  class=\"elementor-author-box__avatar\">\n\t\t\t\t\t<img decoding=\"async\" src=\"https:\/\/portal.abepro.org.br\/abepro2025\/wp-content\/uploads\/2025\/01\/Alceu.jpeg\" alt=\"Foto de Alceu Gomes Alves Filho\" loading=\"lazy\">\n\t\t\t\t<\/div>\n\t\t\t\n\t\t\t<div class=\"elementor-author-box__text\">\n\t\t\t\t\t\t\t\t\t<div >\n\t\t\t\t\t\t<h4 class=\"elementor-author-box__name\">\n\t\t\t\t\t\t\tAlceu Gomes Alves Filho\t\t\t\t\t\t<\/h4>\n\t\t\t\t\t<\/div>\n\t\t\t\t\n\t\t\t\t\n\t\t\t\t\t\t\t<\/div>\n\t\t<\/div>\n\t\t\t\t\t\t<\/div>\n\t\t\t\t<\/div>\n\t\t\t\t<\/div>\n\t\t<div class=\"elementor-element elementor-element-c1fef5c e-con-full e-flex e-con e-child\" data-id=\"c1fef5c\" data-element_type=\"container\">\n\t\t\t\t<div class=\"elementor-element elementor-element-4138fe8 elementor-author-box--layout-image-left elementor-author-box--image-valign-top elementor-widget elementor-widget-author-box\" data-id=\"4138fe8\" data-element_type=\"widget\" data-widget_type=\"author-box.default\">\n\t\t\t\t<div class=\"elementor-widget-container\">\n\t\t\t\t\t\t\t<div class=\"elementor-author-box\">\n\t\t\t\t\t\t\t<div  class=\"elementor-author-box__avatar\">\n\t\t\t\t\t<img decoding=\"async\" src=\"https:\/\/portal.abepro.org.br\/abepro2025\/wp-content\/uploads\/2025\/01\/armando-clemente.jpg\" alt=\"Foto de Armando Augusto Clemente\" loading=\"lazy\">\n\t\t\t\t<\/div>\n\t\t\t\n\t\t\t<div class=\"elementor-author-box__text\">\n\t\t\t\t\t\t\t\t\t<div >\n\t\t\t\t\t\t<h4 class=\"elementor-author-box__name\">\n\t\t\t\t\t\t\tArmando Augusto Clemente\t\t\t\t\t\t<\/h4>\n\t\t\t\t\t<\/div>\n\t\t\t\t\n\t\t\t\t\n\t\t\t\t\t\t\t<\/div>\n\t\t<\/div>\n\t\t\t\t\t\t<\/div>\n\t\t\t\t<\/div>\n\t\t\t\t<\/div>\n\t\t<div class=\"elementor-element elementor-element-18da068 e-con-full e-flex e-con e-child\" data-id=\"18da068\" data-element_type=\"container\">\n\t\t\t\t<div class=\"elementor-element elementor-element-1f29304 elementor-author-box--layout-image-left elementor-author-box--image-valign-top elementor-widget elementor-widget-author-box\" data-id=\"1f29304\" data-element_type=\"widget\" data-widget_type=\"author-box.default\">\n\t\t\t\t<div class=\"elementor-widget-container\">\n\t\t\t\t\t\t\t<div class=\"elementor-author-box\">\n\t\t\t\t\t\t\t<div  class=\"elementor-author-box__avatar\">\n\t\t\t\t\t<img decoding=\"async\" src=\"https:\/\/portal.abepro.org.br\/abepro2025\/wp-content\/uploads\/2025\/01\/silhu.png\" alt=\"Foto de Jo\u00e3o Ayres Rabello Filho\" loading=\"lazy\">\n\t\t\t\t<\/div>\n\t\t\t\n\t\t\t<div class=\"elementor-author-box__text\">\n\t\t\t\t\t\t\t\t\t<div >\n\t\t\t\t\t\t<h4 class=\"elementor-author-box__name\">\n\t\t\t\t\t\t\tJo\u00e3o Ayres Rabello Filho\t\t\t\t\t\t<\/h4>\n\t\t\t\t\t<\/div>\n\t\t\t\t\n\t\t\t\t\n\t\t\t\t\t\t\t<\/div>\n\t\t<\/div>\n\t\t\t\t\t\t<\/div>\n\t\t\t\t<\/div>\n\t\t\t\t<\/div>\n\t\t<div class=\"elementor-element elementor-element-49613ee e-con-full e-flex e-con e-child\" data-id=\"49613ee\" data-element_type=\"container\">\n\t\t\t\t<div class=\"elementor-element elementor-element-74cceba elementor-author-box--layout-image-left elementor-author-box--image-valign-top elementor-widget elementor-widget-author-box\" data-id=\"74cceba\" data-element_type=\"widget\" data-widget_type=\"author-box.default\">\n\t\t\t\t<div class=\"elementor-widget-container\">\n\t\t\t\t\t\t\t<div class=\"elementor-author-box\">\n\t\t\t\t\t\t\t<div  class=\"elementor-author-box__avatar\">\n\t\t\t\t\t<img decoding=\"async\" src=\"https:\/\/portal.abepro.org.br\/abepro2025\/wp-content\/uploads\/2025\/01\/Ribeiro.png\" alt=\"Foto de Miguel de Simoni - COPPE - UFRJ (in memorian)\" loading=\"lazy\">\n\t\t\t\t<\/div>\n\t\t\t\n\t\t\t<div class=\"elementor-author-box__text\">\n\t\t\t\t\t\t\t\t\t<div >\n\t\t\t\t\t\t<h4 class=\"elementor-author-box__name\">\n\t\t\t\t\t\t\tMiguel de Simoni - COPPE - UFRJ (in memorian)\t\t\t\t\t\t<\/h4>\n\t\t\t\t\t<\/div>\n\t\t\t\t\n\t\t\t\t\n\t\t\t\t\t\t\t<\/div>\n\t\t<\/div>\n\t\t\t\t\t\t<\/div>\n\t\t\t\t<\/div>\n\t\t\t\t<\/div>\n\t\t\t\t\t<\/div>\n\t\t\t\t<\/div>\n\t\t<div class=\"elementor-element elementor-element-8a0610a e-flex e-con-boxed e-con e-parent\" data-id=\"8a0610a\" data-element_type=\"container\">\n\t\t\t\t\t<div class=\"e-con-inner\">\n\t\t\t\t<div class=\"elementor-element elementor-element-cb655f8 elementor-widget__width-inherit elementor-widget elementor-widget-heading\" data-id=\"cb655f8\" data-element_type=\"widget\" data-widget_type=\"heading.default\">\n\t\t\t\t<div class=\"elementor-widget-container\">\n\t\t\t\t\t<h2 class=\"elementor-heading-title elementor-size-default\">2009<\/h2>\t\t\t\t<\/div>\n\t\t\t\t<\/div>\n\t\t<div class=\"elementor-element elementor-element-91d593f e-con-full e-flex e-con e-child\" data-id=\"91d593f\" data-element_type=\"container\">\n\t\t\t\t<div class=\"elementor-element elementor-element-06451df elementor-author-box--layout-image-left elementor-author-box--image-valign-top elementor-widget elementor-widget-author-box\" data-id=\"06451df\" data-element_type=\"widget\" data-widget_type=\"author-box.default\">\n\t\t\t\t<div class=\"elementor-widget-container\">\n\t\t\t\t\t\t\t<div class=\"elementor-author-box\">\n\t\t\t\t\t\t\t<div  class=\"elementor-author-box__avatar\">\n\t\t\t\t\t<img decoding=\"async\" src=\"https:\/\/portal.abepro.org.br\/abepro2025\/wp-content\/uploads\/2025\/01\/ruy_aguiar_.jpg\" alt=\"Foto de Ruy Aguiar da Silva Leme (in memorian)\" loading=\"lazy\">\n\t\t\t\t<\/div>\n\t\t\t\n\t\t\t<div class=\"elementor-author-box__text\">\n\t\t\t\t\t\t\t\t\t<div >\n\t\t\t\t\t\t<h4 class=\"elementor-author-box__name\">\n\t\t\t\t\t\t\tRuy Aguiar da Silva Leme (in memorian)\t\t\t\t\t\t<\/h4>\n\t\t\t\t\t<\/div>\n\t\t\t\t\n\t\t\t\t\n\t\t\t\t\t\t\t<\/div>\n\t\t<\/div>\n\t\t\t\t\t\t<\/div>\n\t\t\t\t<\/div>\n\t\t\t\t<\/div>\n\t\t<div class=\"elementor-element elementor-element-772290e e-con-full e-flex e-con e-child\" data-id=\"772290e\" data-element_type=\"container\">\n\t\t\t\t<div class=\"elementor-element elementor-element-740703e elementor-author-box--layout-image-left elementor-author-box--image-valign-top elementor-widget elementor-widget-author-box\" data-id=\"740703e\" data-element_type=\"widget\" data-widget_type=\"author-box.default\">\n\t\t\t\t<div class=\"elementor-widget-container\">\n\t\t\t\t\t\t\t<div class=\"elementor-author-box\">\n\t\t\t\t\t\t\t<div  class=\"elementor-author-box__avatar\">\n\t\t\t\t\t<img decoding=\"async\" src=\"https:\/\/portal.abepro.org.br\/abepro2025\/wp-content\/uploads\/2025\/01\/Ribeiro.png\" alt=\"Foto de Jos\u00e9 Luis Duarte Ribeiro - UFRGS\" loading=\"lazy\">\n\t\t\t\t<\/div>\n\t\t\t\n\t\t\t<div class=\"elementor-author-box__text\">\n\t\t\t\t\t\t\t\t\t<div >\n\t\t\t\t\t\t<h4 class=\"elementor-author-box__name\">\n\t\t\t\t\t\t\tJos\u00e9 Luis Duarte Ribeiro - UFRGS\t\t\t\t\t\t<\/h4>\n\t\t\t\t\t<\/div>\n\t\t\t\t\n\t\t\t\t\n\t\t\t\t\t\t\t<\/div>\n\t\t<\/div>\n\t\t\t\t\t\t<\/div>\n\t\t\t\t<\/div>\n\t\t\t\t<\/div>\n\t\t\t\t\t<\/div>\n\t\t\t\t<\/div>\n\t\t<div class=\"elementor-element elementor-element-2413ed9 e-flex e-con-boxed e-con e-parent\" data-id=\"2413ed9\" data-element_type=\"container\">\n\t\t\t\t\t<div class=\"e-con-inner\">\n\t\t\t\t<div class=\"elementor-element elementor-element-5c2551a elementor-widget__width-inherit elementor-widget elementor-widget-heading\" data-id=\"5c2551a\" data-element_type=\"widget\" data-widget_type=\"heading.default\">\n\t\t\t\t<div class=\"elementor-widget-container\">\n\t\t\t\t\t<h2 class=\"elementor-heading-title elementor-size-default\">2008<\/h2>\t\t\t\t<\/div>\n\t\t\t\t<\/div>\n\t\t<div class=\"elementor-element elementor-element-0132d01 e-con-full e-flex e-con e-child\" data-id=\"0132d01\" data-element_type=\"container\">\n\t\t\t\t<div class=\"elementor-element elementor-element-cdfcb27 elementor-author-box--layout-image-left elementor-author-box--image-valign-top elementor-widget elementor-widget-author-box\" data-id=\"cdfcb27\" data-element_type=\"widget\" data-widget_type=\"author-box.default\">\n\t\t\t\t<div class=\"elementor-widget-container\">\n\t\t\t\t\t\t\t<div class=\"elementor-author-box\">\n\t\t\t\t\t\t\t<div  class=\"elementor-author-box__avatar\">\n\t\t\t\t\t<img decoding=\"async\" src=\"https:\/\/portal.abepro.org.br\/abepro2025\/wp-content\/uploads\/2025\/01\/Itiro-Lida.jpg\" alt=\"Foto de Itiro Iida\" loading=\"lazy\">\n\t\t\t\t<\/div>\n\t\t\t\n\t\t\t<div class=\"elementor-author-box__text\">\n\t\t\t\t\t\t\t\t\t<div >\n\t\t\t\t\t\t<h4 class=\"elementor-author-box__name\">\n\t\t\t\t\t\t\tItiro Iida\t\t\t\t\t\t<\/h4>\n\t\t\t\t\t<\/div>\n\t\t\t\t\n\t\t\t\t\n\t\t\t\t\t\t\t<\/div>\n\t\t<\/div>\n\t\t\t\t\t\t<\/div>\n\t\t\t\t<\/div>\n\t\t\t\t<\/div>\n\t\t<div class=\"elementor-element elementor-element-1ac6575 e-con-full e-flex e-con e-child\" data-id=\"1ac6575\" data-element_type=\"container\">\n\t\t\t\t<div class=\"elementor-element elementor-element-179ea23 elementor-author-box--layout-image-left elementor-author-box--image-valign-top elementor-widget elementor-widget-author-box\" data-id=\"179ea23\" data-element_type=\"widget\" data-widget_type=\"author-box.default\">\n\t\t\t\t<div class=\"elementor-widget-container\">\n\t\t\t\t\t\t\t<div class=\"elementor-author-box\">\n\t\t\t\t\t\t\t<div  class=\"elementor-author-box__avatar\">\n\t\t\t\t\t<img decoding=\"async\" src=\"https:\/\/portal.abepro.org.br\/abepro2025\/wp-content\/uploads\/2025\/01\/Prof_Castro.jpg\" alt=\"Foto de Jo\u00e3o Ernesto Escosteguy Castro&lt;br&gt; (in memorian)\" loading=\"lazy\">\n\t\t\t\t<\/div>\n\t\t\t\n\t\t\t<div class=\"elementor-author-box__text\">\n\t\t\t\t\t\t\t\t\t<div >\n\t\t\t\t\t\t<h4 class=\"elementor-author-box__name\">\n\t\t\t\t\t\t\tJo\u00e3o Ernesto Escosteguy Castro<br> (in memorian)\t\t\t\t\t\t<\/h4>\n\t\t\t\t\t<\/div>\n\t\t\t\t\n\t\t\t\t\n\t\t\t\t\t\t\t<\/div>\n\t\t<\/div>\n\t\t\t\t\t\t<\/div>\n\t\t\t\t<\/div>\n\t\t\t\t<\/div>\n\t\t<div class=\"elementor-element elementor-element-a0806c6 e-con-full e-flex e-con e-child\" data-id=\"a0806c6\" data-element_type=\"container\">\n\t\t\t\t<div class=\"elementor-element elementor-element-a65b08c elementor-author-box--layout-image-left elementor-author-box--image-valign-top elementor-widget elementor-widget-author-box\" data-id=\"a65b08c\" data-element_type=\"widget\" data-widget_type=\"author-box.default\">\n\t\t\t\t<div class=\"elementor-widget-container\">\n\t\t\t\t\t\t\t<div class=\"elementor-author-box\">\n\t\t\t\t\t\t\t<div  class=\"elementor-author-box__avatar\">\n\t\t\t\t\t<img decoding=\"async\" src=\"https:\/\/portal.abepro.org.br\/abepro2025\/wp-content\/uploads\/2025\/01\/Carlos-Alberto-Nunes-Cosenza.jpg\" alt=\"Foto de Carlos Alberto Nunes Cosenza\" loading=\"lazy\">\n\t\t\t\t<\/div>\n\t\t\t\n\t\t\t<div class=\"elementor-author-box__text\">\n\t\t\t\t\t\t\t\t\t<div >\n\t\t\t\t\t\t<h4 class=\"elementor-author-box__name\">\n\t\t\t\t\t\t\tCarlos Alberto Nunes Cosenza\t\t\t\t\t\t<\/h4>\n\t\t\t\t\t<\/div>\n\t\t\t\t\n\t\t\t\t\n\t\t\t\t\t\t\t<\/div>\n\t\t<\/div>\n\t\t\t\t\t\t<\/div>\n\t\t\t\t<\/div>\n\t\t\t\t<\/div>\n\t\t\t\t\t<\/div>\n\t\t\t\t<\/div>\n\t\t\t\t<\/div>\n\t\t","protected":false},"excerpt":{"rendered":"<p>Promovemos o desenvolvimento social autossustent\u00e1vel atrav\u00e9s da Engenharia de Produ\u00e7\u00e3o. Em 15 de maio de 2008, A Associa\u00e7\u00e3o Brasileira de Engenharia de Produ\u00e7\u00e3o \u2013 ABEPRO aprovou a cria\u00e7\u00e3o do sistema de honraria \u00e0s pessoas que tenham prestado relevantes servi\u00e7os e trabalhos na \u00e1rea de Engenharia de Produ\u00e7\u00e3o. A honraria ser\u00e1 concedida para pessoas indicadas em [&hellip;]<\/p>\n","protected":false},"author":1,"featured_media":0,"parent":0,"menu_order":0,"comment_status":"closed","ping_status":"closed","template":"","meta":{"footnotes":""},"class_list":["post-881","page","type-page","status-publish","hentry"],"_links":{"self":[{"href":"https:\/\/portal.abepro.org.br\/abepro2025\/wp-json\/wp\/v2\/pages\/881","targetHints":{"allow":["GET"]}}],"collection":[{"href":"https:\/\/portal.abepro.org.br\/abepro2025\/wp-json\/wp\/v2\/pages"}],"about":[{"href":"https:\/\/portal.abepro.org.br\/abepro2025\/wp-json\/wp\/v2\/types\/page"}],"author":[{"embeddable":true,"href":"https:\/\/portal.abepro.org.br\/abepro2025\/wp-json\/wp\/v2\/users\/1"}],"replies":[{"embeddable":true,"href":"https:\/\/portal.abepro.org.br\/abepro2025\/wp-json\/wp\/v2\/comments?post=881"}],"version-history":[{"count":49,"href":"https:\/\/portal.abepro.org.br\/abepro2025\/wp-json\/wp\/v2\/pages\/881\/revisions"}],"predecessor-version":[{"id":6581,"href":"https:\/\/portal.abepro.org.br\/abepro2025\/wp-json\/wp\/v2\/pages\/881\/revisions\/6581"}],"wp:attachment":[{"href":"https:\/\/portal.abepro.org.br\/abepro2025\/wp-json\/wp\/v2\/media?parent=881"}],"curies":[{"name":"wp","href":"https:\/\/api.w.org\/{rel}","templated":true}]}}