{"id":962,"date":"2025-01-21T14:03:42","date_gmt":"2025-01-21T14:03:42","guid":{"rendered":"https:\/\/portal.abepro.org.br\/abepro2025\/?page_id=962"},"modified":"2025-02-03T17:30:23","modified_gmt":"2025-02-03T17:30:23","slug":"profissao","status":"publish","type":"page","link":"https:\/\/portal.abepro.org.br\/abepro2025\/profissao\/","title":{"rendered":"Profiss\u00e3o"},"content":{"rendered":"\t\t<div data-elementor-type=\"wp-page\" data-elementor-id=\"962\" class=\"elementor elementor-962\" data-elementor-post-type=\"page\">\n\t\t\t\t<div class=\"elementor-element elementor-element-0046d27 e-flex e-con-boxed e-con e-parent\" data-id=\"0046d27\" data-element_type=\"container\" data-settings=\"{&quot;background_background&quot;:&quot;classic&quot;}\">\n\t\t\t\t\t<div class=\"e-con-inner\">\n\t\t\t\t\t<\/div>\n\t\t\t\t<\/div>\n\t\t<div class=\"elementor-element elementor-element-742f27e e-flex e-con-boxed e-con e-parent\" data-id=\"742f27e\" data-element_type=\"container\">\n\t\t\t\t\t<div class=\"e-con-inner\">\n\t\t\t\t<div class=\"elementor-element elementor-element-7daafee elementor-widget__width-inherit elementor-widget elementor-widget-heading\" data-id=\"7daafee\" data-element_type=\"widget\" data-widget_type=\"heading.default\">\n\t\t\t\t<div class=\"elementor-widget-container\">\n\t\t\t\t\t<h2 class=\"elementor-heading-title elementor-size-default\">A Profiss\u00e3o da Engenharia de Produ\u00e7\u00e3o<\/h2>\t\t\t\t<\/div>\n\t\t\t\t<\/div>\n\t\t\t\t<div class=\"elementor-element elementor-element-0f006b2 elementor-widget elementor-widget-text-editor\" data-id=\"0f006b2\" data-element_type=\"widget\" data-widget_type=\"text-editor.default\">\n\t\t\t\t<div class=\"elementor-widget-container\">\n\t\t\t\t\t\t\t\t\t<p>\u201cCompete \u00e0 Engenharia de Produ\u00e7\u00e3o o projeto, a implanta\u00e7\u00e3o, a opera\u00e7\u00e3o, a melhoria e a manuten\u00e7\u00e3o de sistemas produtivos integrados de bens e servi\u00e7os, envolvendo homens, materiais, tecnologia, informa\u00e7\u00e3o e energia. Compete ainda especificar, prever e avaliar os resultados obtidos destes sistemas para a sociedade e o meio ambiente, recorrendo a conhecimentos especializados da matem\u00e1tica, f\u00edsica, ci\u00eancias humanas e sociais, conjuntamente com os princ\u00edpios e m\u00e9todos de an\u00e1lise e projeto da engenharia.\u201d (elaborado a partir de defini\u00e7\u00f5es do International Institute of Industrial Engineering \u2013 IIIE \u2013 e Associa\u00e7\u00e3o Brasileira de Engenharia de Produ\u00e7\u00e3o \u2013 ABEPRO)<\/p><p>Produzir \u00e9 mais que simplesmente utilizar conhecimento cient\u00edfico e tecnol\u00f3gico. \u00c9 necess\u00e1rio integrar fatores de natureza diversas, atentando para crit\u00e9rios de qualidade, efici\u00eancia, custos, etc. A Engenharia de Produ\u00e7\u00e3o, ao voltar a sua \u00eanfase para as dimens\u00f5es do produto e do sistema produtivo, veicula-se fortemente com as id\u00e9ias de projetar produtos, viabilizar produtos, projetar sistemas produtivos, viabilizar sistemas produtivos, planejar a produ\u00e7\u00e3o, produzir e distribuir produtos que a sociedade valoriza. Essas atividades, tratadas em profundidade e de forma integrada pela Engenharia de Produ\u00e7\u00e3o, s\u00e3o fundamentais para a eleva\u00e7\u00e3o da competitividade do pa\u00eds.<\/p><p><span style=\"color: #000000;\">\u00c1reas da Engenharia de Produ\u00e7\u00e3o<\/span><\/p><p>As \u00e1reas e sub\u00e1reas do conhecimento relacionadas \u00e0 Engenharia de Produ\u00e7\u00e3o que balizam esta modalidade na Gradua\u00e7\u00e3o, na P\u00f3s-Gradua\u00e7\u00e3o, na Pesquisa e nas Atividades Profissionais, s\u00e3o as relacionadas a seguir.<\/p>\t\t\t\t\t\t\t\t<\/div>\n\t\t\t\t<\/div>\n\t\t\t\t<div class=\"elementor-element elementor-element-1c7bb5e elementor-widget elementor-widget-accordion\" data-id=\"1c7bb5e\" data-element_type=\"widget\" data-widget_type=\"accordion.default\">\n\t\t\t\t<div class=\"elementor-widget-container\">\n\t\t\t\t\t\t\t<div class=\"elementor-accordion\">\n\t\t\t\t\t\t\t<div class=\"elementor-accordion-item\">\n\t\t\t\t\t<div id=\"elementor-tab-title-2981\" class=\"elementor-tab-title\" data-tab=\"1\" role=\"button\" aria-controls=\"elementor-tab-content-2981\" aria-expanded=\"false\">\n\t\t\t\t\t\t\t\t\t\t\t\t\t<span class=\"elementor-accordion-icon elementor-accordion-icon-right\" aria-hidden=\"true\">\n\t\t\t\t\t\t\t\t\t\t\t\t\t\t\t<span class=\"elementor-accordion-icon-closed\"><svg class=\"e-font-icon-svg e-fas-plus\" viewBox=\"0 0 448 512\" xmlns=\"http:\/\/www.w3.org\/2000\/svg\"><path d=\"M416 208H272V64c0-17.67-14.33-32-32-32h-32c-17.67 0-32 14.33-32 32v144H32c-17.67 0-32 14.33-32 32v32c0 17.67 14.33 32 32 32h144v144c0 17.67 14.33 32 32 32h32c17.67 0 32-14.33 32-32V304h144c17.67 0 32-14.33 32-32v-32c0-17.67-14.33-32-32-32z\"><\/path><\/svg><\/span>\n\t\t\t\t\t\t\t\t<span class=\"elementor-accordion-icon-opened\"><svg class=\"e-font-icon-svg e-fas-minus\" viewBox=\"0 0 448 512\" xmlns=\"http:\/\/www.w3.org\/2000\/svg\"><path d=\"M416 208H32c-17.67 0-32 14.33-32 32v32c0 17.67 14.33 32 32 32h384c17.67 0 32-14.33 32-32v-32c0-17.67-14.33-32-32-32z\"><\/path><\/svg><\/span>\n\t\t\t\t\t\t\t\t\t\t\t\t\t\t<\/span>\n\t\t\t\t\t\t\t\t\t\t\t\t<a class=\"elementor-accordion-title\" tabindex=\"0\">1. ENGENHARIA DE OPERA\u00c7\u00d5ES E PROCESSOS DA PRODU\u00c7\u00c3O<\/a>\n\t\t\t\t\t<\/div>\n\t\t\t\t\t<div id=\"elementor-tab-content-2981\" class=\"elementor-tab-content elementor-clearfix\" data-tab=\"1\" role=\"region\" aria-labelledby=\"elementor-tab-title-2981\"><p>Projetos, opera\u00e7\u00f5es e melhorias dos sistemas que criam e entregam os produtos (bens ou servi\u00e7os) prim\u00e1rios da empresa.<\/p><p><span style=\"color: #000000;\">1.1.<\/span> Gest\u00e3o de Sistemas de Produ\u00e7\u00e3o e Opera\u00e7\u00f5es<br \/><span style=\"color: #000000;\">1.2.<\/span> Planejamento, Programa\u00e7\u00e3o e Controle da Produ\u00e7\u00e3o<br \/><span style=\"color: #000000;\">1.3.<\/span> Gest\u00e3o da Manuten\u00e7\u00e3o<br \/><span style=\"color: #000000;\">1.4. <\/span>Projeto de F\u00e1brica e de Instala\u00e7\u00f5es Industriais: organiza\u00e7\u00e3o industrial, layout\/arranjo f\u00edsico<br \/><span style=\"color: #000000;\">1.5.<\/span> Processos Produtivos Discretos e Cont\u00ednuos: procedimentos, m\u00e9todos e sequ\u00eancias<br \/><span style=\"color: #000000;\">1.6.<\/span> Engenharia de M\u00e9todos<\/p><\/div>\n\t\t\t\t<\/div>\n\t\t\t\t\t\t\t<div class=\"elementor-accordion-item\">\n\t\t\t\t\t<div id=\"elementor-tab-title-2982\" class=\"elementor-tab-title\" data-tab=\"2\" role=\"button\" aria-controls=\"elementor-tab-content-2982\" aria-expanded=\"false\">\n\t\t\t\t\t\t\t\t\t\t\t\t\t<span class=\"elementor-accordion-icon elementor-accordion-icon-right\" aria-hidden=\"true\">\n\t\t\t\t\t\t\t\t\t\t\t\t\t\t\t<span class=\"elementor-accordion-icon-closed\"><svg class=\"e-font-icon-svg e-fas-plus\" viewBox=\"0 0 448 512\" xmlns=\"http:\/\/www.w3.org\/2000\/svg\"><path d=\"M416 208H272V64c0-17.67-14.33-32-32-32h-32c-17.67 0-32 14.33-32 32v144H32c-17.67 0-32 14.33-32 32v32c0 17.67 14.33 32 32 32h144v144c0 17.67 14.33 32 32 32h32c17.67 0 32-14.33 32-32V304h144c17.67 0 32-14.33 32-32v-32c0-17.67-14.33-32-32-32z\"><\/path><\/svg><\/span>\n\t\t\t\t\t\t\t\t<span class=\"elementor-accordion-icon-opened\"><svg class=\"e-font-icon-svg e-fas-minus\" viewBox=\"0 0 448 512\" xmlns=\"http:\/\/www.w3.org\/2000\/svg\"><path d=\"M416 208H32c-17.67 0-32 14.33-32 32v32c0 17.67 14.33 32 32 32h384c17.67 0 32-14.33 32-32v-32c0-17.67-14.33-32-32-32z\"><\/path><\/svg><\/span>\n\t\t\t\t\t\t\t\t\t\t\t\t\t\t<\/span>\n\t\t\t\t\t\t\t\t\t\t\t\t<a class=\"elementor-accordion-title\" tabindex=\"0\"> 2. CADEIA DE SUPRIMENTOS <\/a>\n\t\t\t\t\t<\/div>\n\t\t\t\t\t<div id=\"elementor-tab-content-2982\" class=\"elementor-tab-content elementor-clearfix\" data-tab=\"2\" role=\"region\" aria-labelledby=\"elementor-tab-title-2982\"><p>T\u00e9cnicas para o tratamento das principais quest\u00f5es envolvendo o transporte, a movimenta\u00e7\u00e3o, o estoque e o armazenamento de insumos e produtos, visando a redu\u00e7\u00e3o de custos, a garantia da disponibilidade do produto, bem como o atendimento dos n\u00edveis de exig\u00eancias dos clientes.<\/p><p><span style=\"color: #000000;\">2.1.<\/span> Gest\u00e3o da Cadeia de Suprimentos<br \/><span style=\"color: #000000;\">2.2.<\/span> Gest\u00e3o de Estoques<br \/><span style=\"color: #000000;\">2.3.<\/span> Projeto e An\u00e1lise de Sistemas Log\u00edsticos<br \/><span style=\"color: #000000;\">2.4.<\/span> Log\u00edstica Empresarial<br \/><span style=\"color: #000000;\">2.5.<\/span> Transporte e Distribui\u00e7\u00e3o F\u00edsica<br \/><span style=\"color: #000000;\">2.6.<\/span> Log\u00edstica Reversa<br \/><span style=\"color: #000000;\">2.7.<\/span> Log\u00edstica de Defesa<br \/><span style=\"color: #000000;\">2.8.<\/span> Log\u00edstica Humanit\u00e1ria<\/p><\/div>\n\t\t\t\t<\/div>\n\t\t\t\t\t\t\t<div class=\"elementor-accordion-item\">\n\t\t\t\t\t<div id=\"elementor-tab-title-2983\" class=\"elementor-tab-title\" data-tab=\"3\" role=\"button\" aria-controls=\"elementor-tab-content-2983\" aria-expanded=\"false\">\n\t\t\t\t\t\t\t\t\t\t\t\t\t<span class=\"elementor-accordion-icon elementor-accordion-icon-right\" aria-hidden=\"true\">\n\t\t\t\t\t\t\t\t\t\t\t\t\t\t\t<span class=\"elementor-accordion-icon-closed\"><svg class=\"e-font-icon-svg e-fas-plus\" viewBox=\"0 0 448 512\" xmlns=\"http:\/\/www.w3.org\/2000\/svg\"><path d=\"M416 208H272V64c0-17.67-14.33-32-32-32h-32c-17.67 0-32 14.33-32 32v144H32c-17.67 0-32 14.33-32 32v32c0 17.67 14.33 32 32 32h144v144c0 17.67 14.33 32 32 32h32c17.67 0 32-14.33 32-32V304h144c17.67 0 32-14.33 32-32v-32c0-17.67-14.33-32-32-32z\"><\/path><\/svg><\/span>\n\t\t\t\t\t\t\t\t<span class=\"elementor-accordion-icon-opened\"><svg class=\"e-font-icon-svg e-fas-minus\" viewBox=\"0 0 448 512\" xmlns=\"http:\/\/www.w3.org\/2000\/svg\"><path d=\"M416 208H32c-17.67 0-32 14.33-32 32v32c0 17.67 14.33 32 32 32h384c17.67 0 32-14.33 32-32v-32c0-17.67-14.33-32-32-32z\"><\/path><\/svg><\/span>\n\t\t\t\t\t\t\t\t\t\t\t\t\t\t<\/span>\n\t\t\t\t\t\t\t\t\t\t\t\t<a class=\"elementor-accordion-title\" tabindex=\"0\"> 3. PESQUISA OPERACIONAL <\/a>\n\t\t\t\t\t<\/div>\n\t\t\t\t\t<div id=\"elementor-tab-content-2983\" class=\"elementor-tab-content elementor-clearfix\" data-tab=\"3\" role=\"region\" aria-labelledby=\"elementor-tab-title-2983\"><p>Resolu\u00e7\u00e3o de problemas reais envolvendo situa\u00e7\u00f5es de tomada de decis\u00e3o, atrav\u00e9s de modelos matem\u00e1ticos habitualmente processados computacionalmente. Aplica conceitos e m\u00e9todos de outras disciplinas cient\u00edficas na concep\u00e7\u00e3o, no planejamento ou na opera\u00e7\u00e3o de sistemas para atingir seus objetivos. Procura, assim, introduzir elementos de objetividade e racionalidade nos processos de tomada de decis\u00e3o, sem descuidar dos elementos subjetivos e de enquadramento organizacional que caracterizam os problemas.<\/p><p><span style=\"color: #000000;\">3.1.<\/span> Modelagem, Simula\u00e7\u00e3o e Otimiza\u00e7\u00e3o<br \/><span style=\"color: #000000;\">3.2.<\/span> Programa\u00e7\u00e3o Matem\u00e1tica<br \/><span style=\"color: #000000;\">3.3.<\/span> Processos Decis\u00f3rios<br \/><span style=\"color: #000000;\">3.4.<\/span> Processos Estoc\u00e1sticos<br \/><span style=\"color: #000000;\">3.5.<\/span> Teoria dos Jogos<br \/><span style=\"color: #000000;\">3.6.<\/span> An\u00e1lise de Demanda<br \/><span style=\"color: #000000;\">3.7.<\/span> Intelig\u00eancia Computacional<\/p><\/div>\n\t\t\t\t<\/div>\n\t\t\t\t\t\t\t<div class=\"elementor-accordion-item\">\n\t\t\t\t\t<div id=\"elementor-tab-title-2984\" class=\"elementor-tab-title\" data-tab=\"4\" role=\"button\" aria-controls=\"elementor-tab-content-2984\" aria-expanded=\"false\">\n\t\t\t\t\t\t\t\t\t\t\t\t\t<span class=\"elementor-accordion-icon elementor-accordion-icon-right\" aria-hidden=\"true\">\n\t\t\t\t\t\t\t\t\t\t\t\t\t\t\t<span class=\"elementor-accordion-icon-closed\"><svg class=\"e-font-icon-svg e-fas-plus\" viewBox=\"0 0 448 512\" xmlns=\"http:\/\/www.w3.org\/2000\/svg\"><path d=\"M416 208H272V64c0-17.67-14.33-32-32-32h-32c-17.67 0-32 14.33-32 32v144H32c-17.67 0-32 14.33-32 32v32c0 17.67 14.33 32 32 32h144v144c0 17.67 14.33 32 32 32h32c17.67 0 32-14.33 32-32V304h144c17.67 0 32-14.33 32-32v-32c0-17.67-14.33-32-32-32z\"><\/path><\/svg><\/span>\n\t\t\t\t\t\t\t\t<span class=\"elementor-accordion-icon-opened\"><svg class=\"e-font-icon-svg e-fas-minus\" viewBox=\"0 0 448 512\" xmlns=\"http:\/\/www.w3.org\/2000\/svg\"><path d=\"M416 208H32c-17.67 0-32 14.33-32 32v32c0 17.67 14.33 32 32 32h384c17.67 0 32-14.33 32-32v-32c0-17.67-14.33-32-32-32z\"><\/path><\/svg><\/span>\n\t\t\t\t\t\t\t\t\t\t\t\t\t\t<\/span>\n\t\t\t\t\t\t\t\t\t\t\t\t<a class=\"elementor-accordion-title\" tabindex=\"0\">4. ENGENHARIA DA QUALIDADE<\/a>\n\t\t\t\t\t<\/div>\n\t\t\t\t\t<div id=\"elementor-tab-content-2984\" class=\"elementor-tab-content elementor-clearfix\" data-tab=\"4\" role=\"region\" aria-labelledby=\"elementor-tab-title-2984\"><p>Planejamento, projeto e controle de sistemas de gest\u00e3o da qualidade que considerem o gerenciamento por processos, a abordagem factual para a tomada de decis\u00e3o e a utiliza\u00e7\u00e3o de ferramentas da qualidade.<\/p><p><span style=\"color: #000000;\">4.1.<\/span> Gest\u00e3o de Sistemas da Qualidade<br \/><span style=\"color: #000000;\">4.2.<\/span> Planejamento e Controle da Qualidade<br \/><span style=\"color: #000000;\">4.3.<\/span> Normaliza\u00e7\u00e3o, Auditoria e Certifica\u00e7\u00e3o para a Qualidade<br \/><span style=\"color: #000000;\">4.4.<\/span> Organiza\u00e7\u00e3o Metrol\u00f3gica da Qualidade<br \/><span style=\"color: #000000;\">4.5.<\/span> Confiabilidade de Processos e Produtos<\/p><\/div>\n\t\t\t\t<\/div>\n\t\t\t\t\t\t\t<div class=\"elementor-accordion-item\">\n\t\t\t\t\t<div id=\"elementor-tab-title-2985\" class=\"elementor-tab-title\" data-tab=\"5\" role=\"button\" aria-controls=\"elementor-tab-content-2985\" aria-expanded=\"false\">\n\t\t\t\t\t\t\t\t\t\t\t\t\t<span class=\"elementor-accordion-icon elementor-accordion-icon-right\" aria-hidden=\"true\">\n\t\t\t\t\t\t\t\t\t\t\t\t\t\t\t<span class=\"elementor-accordion-icon-closed\"><svg class=\"e-font-icon-svg e-fas-plus\" viewBox=\"0 0 448 512\" xmlns=\"http:\/\/www.w3.org\/2000\/svg\"><path d=\"M416 208H272V64c0-17.67-14.33-32-32-32h-32c-17.67 0-32 14.33-32 32v144H32c-17.67 0-32 14.33-32 32v32c0 17.67 14.33 32 32 32h144v144c0 17.67 14.33 32 32 32h32c17.67 0 32-14.33 32-32V304h144c17.67 0 32-14.33 32-32v-32c0-17.67-14.33-32-32-32z\"><\/path><\/svg><\/span>\n\t\t\t\t\t\t\t\t<span class=\"elementor-accordion-icon-opened\"><svg class=\"e-font-icon-svg e-fas-minus\" viewBox=\"0 0 448 512\" xmlns=\"http:\/\/www.w3.org\/2000\/svg\"><path d=\"M416 208H32c-17.67 0-32 14.33-32 32v32c0 17.67 14.33 32 32 32h384c17.67 0 32-14.33 32-32v-32c0-17.67-14.33-32-32-32z\"><\/path><\/svg><\/span>\n\t\t\t\t\t\t\t\t\t\t\t\t\t\t<\/span>\n\t\t\t\t\t\t\t\t\t\t\t\t<a class=\"elementor-accordion-title\" tabindex=\"0\">5. ENGENHARIA DO PRODUTO<\/a>\n\t\t\t\t\t<\/div>\n\t\t\t\t\t<div id=\"elementor-tab-content-2985\" class=\"elementor-tab-content elementor-clearfix\" data-tab=\"5\" role=\"region\" aria-labelledby=\"elementor-tab-title-2985\"><p>Conjunto de ferramentas e processos de projeto, planejamento, organiza\u00e7\u00e3o, decis\u00e3o e execu\u00e7\u00e3o envolvidas nas atividades estrat\u00e9gicas e operacionais de desenvolvimento de novos produtos, compreendendo desde a concep\u00e7\u00e3o at\u00e9 o lan\u00e7amento do produto e sua retirada do mercado com a participa\u00e7\u00e3o das diversas \u00e1reas funcionais da empresa.<\/p><p><span style=\"color: #000000;\">5.1.<\/span> Gest\u00e3o do Desenvolvimento de Produto<br \/><span style=\"color: #000000;\">5.2.<\/span> Processo de Desenvolvimento do Produto<br \/><span style=\"color: #000000;\">5.3.<\/span> Planejamento e Projeto do Produto<\/p><\/div>\n\t\t\t\t<\/div>\n\t\t\t\t\t\t\t<div class=\"elementor-accordion-item\">\n\t\t\t\t\t<div id=\"elementor-tab-title-2986\" class=\"elementor-tab-title\" data-tab=\"6\" role=\"button\" aria-controls=\"elementor-tab-content-2986\" aria-expanded=\"false\">\n\t\t\t\t\t\t\t\t\t\t\t\t\t<span class=\"elementor-accordion-icon elementor-accordion-icon-right\" aria-hidden=\"true\">\n\t\t\t\t\t\t\t\t\t\t\t\t\t\t\t<span class=\"elementor-accordion-icon-closed\"><svg class=\"e-font-icon-svg e-fas-plus\" viewBox=\"0 0 448 512\" xmlns=\"http:\/\/www.w3.org\/2000\/svg\"><path d=\"M416 208H272V64c0-17.67-14.33-32-32-32h-32c-17.67 0-32 14.33-32 32v144H32c-17.67 0-32 14.33-32 32v32c0 17.67 14.33 32 32 32h144v144c0 17.67 14.33 32 32 32h32c17.67 0 32-14.33 32-32V304h144c17.67 0 32-14.33 32-32v-32c0-17.67-14.33-32-32-32z\"><\/path><\/svg><\/span>\n\t\t\t\t\t\t\t\t<span class=\"elementor-accordion-icon-opened\"><svg class=\"e-font-icon-svg e-fas-minus\" viewBox=\"0 0 448 512\" xmlns=\"http:\/\/www.w3.org\/2000\/svg\"><path d=\"M416 208H32c-17.67 0-32 14.33-32 32v32c0 17.67 14.33 32 32 32h384c17.67 0 32-14.33 32-32v-32c0-17.67-14.33-32-32-32z\"><\/path><\/svg><\/span>\n\t\t\t\t\t\t\t\t\t\t\t\t\t\t<\/span>\n\t\t\t\t\t\t\t\t\t\t\t\t<a class=\"elementor-accordion-title\" tabindex=\"0\"> 6. ENGENHARIA ORGANIZACIONAL <\/a>\n\t\t\t\t\t<\/div>\n\t\t\t\t\t<div id=\"elementor-tab-content-2986\" class=\"elementor-tab-content elementor-clearfix\" data-tab=\"6\" role=\"region\" aria-labelledby=\"elementor-tab-title-2986\"><p>Conjunto de conhecimentos relacionados \u00e0 gest\u00e3o das organiza\u00e7\u00f5es, englobando em seus t\u00f3picos o planejamento estrat\u00e9gico e operacional, as estrat\u00e9gias de produ\u00e7\u00e3o, a gest\u00e3o empreendedora, a propriedade intelectual, a avalia\u00e7\u00e3o de desempenho organizacional, os sistemas de informa\u00e7\u00e3o e sua gest\u00e3o e os arranjos produtivos.<\/p><p><span style=\"color: #000000;\">6.1.<\/span> Gest\u00e3o Estrat\u00e9gica e Organizacional<br \/><span style=\"color: #000000;\">6.2.<\/span> Gest\u00e3o de Projetos<br \/><span style=\"color: #000000;\">6.3.<\/span> Gest\u00e3o do Desempenho Organizacional<br \/><span style=\"color: #000000;\">6.4.<\/span> Gest\u00e3o da Informa\u00e7\u00e3o<br \/><span style=\"color: #000000;\">6.5.<\/span> Redes de Empresas<br \/><span style=\"color: #000000;\">6.6.<\/span> Gest\u00e3o da Inova\u00e7\u00e3o<br \/><span style=\"color: #000000;\">6.7.<\/span> Gest\u00e3o da Tecnologia<br \/><span style=\"color: #000000;\">6.8.<\/span> Gest\u00e3o do Conhecimento<br \/><span style=\"color: #000000;\">6.9.<\/span> Gest\u00e3o da Criatividade e do Entretenimento<\/p><\/div>\n\t\t\t\t<\/div>\n\t\t\t\t\t\t\t<div class=\"elementor-accordion-item\">\n\t\t\t\t\t<div id=\"elementor-tab-title-2987\" class=\"elementor-tab-title\" data-tab=\"7\" role=\"button\" aria-controls=\"elementor-tab-content-2987\" aria-expanded=\"false\">\n\t\t\t\t\t\t\t\t\t\t\t\t\t<span class=\"elementor-accordion-icon elementor-accordion-icon-right\" aria-hidden=\"true\">\n\t\t\t\t\t\t\t\t\t\t\t\t\t\t\t<span class=\"elementor-accordion-icon-closed\"><svg class=\"e-font-icon-svg e-fas-plus\" viewBox=\"0 0 448 512\" xmlns=\"http:\/\/www.w3.org\/2000\/svg\"><path d=\"M416 208H272V64c0-17.67-14.33-32-32-32h-32c-17.67 0-32 14.33-32 32v144H32c-17.67 0-32 14.33-32 32v32c0 17.67 14.33 32 32 32h144v144c0 17.67 14.33 32 32 32h32c17.67 0 32-14.33 32-32V304h144c17.67 0 32-14.33 32-32v-32c0-17.67-14.33-32-32-32z\"><\/path><\/svg><\/span>\n\t\t\t\t\t\t\t\t<span class=\"elementor-accordion-icon-opened\"><svg class=\"e-font-icon-svg e-fas-minus\" viewBox=\"0 0 448 512\" xmlns=\"http:\/\/www.w3.org\/2000\/svg\"><path d=\"M416 208H32c-17.67 0-32 14.33-32 32v32c0 17.67 14.33 32 32 32h384c17.67 0 32-14.33 32-32v-32c0-17.67-14.33-32-32-32z\"><\/path><\/svg><\/span>\n\t\t\t\t\t\t\t\t\t\t\t\t\t\t<\/span>\n\t\t\t\t\t\t\t\t\t\t\t\t<a class=\"elementor-accordion-title\" tabindex=\"0\"> 7. ENGENHARIA ECON\u00d4MICA <\/a>\n\t\t\t\t\t<\/div>\n\t\t\t\t\t<div id=\"elementor-tab-content-2987\" class=\"elementor-tab-content elementor-clearfix\" data-tab=\"7\" role=\"region\" aria-labelledby=\"elementor-tab-title-2987\"><p>Formula\u00e7\u00e3o, estima\u00e7\u00e3o e avalia\u00e7\u00e3o de resultados econ\u00f4micos para avaliar alternativas para a tomada de decis\u00e3o, consistindo em um conjunto de t\u00e9cnicas matem\u00e1ticas que simplificam a compara\u00e7\u00e3o econ\u00f4mica.<\/p><p><span style=\"color: #000000;\">7.1.<\/span> Gest\u00e3o Econ\u00f4mica<br \/><span style=\"color: #000000;\">7.2.<\/span> Gest\u00e3o de Custos<br \/><span style=\"color: #000000;\">7.3.<\/span> Gest\u00e3o de Investimentos<br \/><span style=\"color: #000000;\">7.4.<\/span> Gest\u00e3o de Riscos<\/p><\/div>\n\t\t\t\t<\/div>\n\t\t\t\t\t\t\t<div class=\"elementor-accordion-item\">\n\t\t\t\t\t<div id=\"elementor-tab-title-2988\" class=\"elementor-tab-title\" data-tab=\"8\" role=\"button\" aria-controls=\"elementor-tab-content-2988\" aria-expanded=\"false\">\n\t\t\t\t\t\t\t\t\t\t\t\t\t<span class=\"elementor-accordion-icon elementor-accordion-icon-right\" aria-hidden=\"true\">\n\t\t\t\t\t\t\t\t\t\t\t\t\t\t\t<span class=\"elementor-accordion-icon-closed\"><svg class=\"e-font-icon-svg e-fas-plus\" viewBox=\"0 0 448 512\" xmlns=\"http:\/\/www.w3.org\/2000\/svg\"><path d=\"M416 208H272V64c0-17.67-14.33-32-32-32h-32c-17.67 0-32 14.33-32 32v144H32c-17.67 0-32 14.33-32 32v32c0 17.67 14.33 32 32 32h144v144c0 17.67 14.33 32 32 32h32c17.67 0 32-14.33 32-32V304h144c17.67 0 32-14.33 32-32v-32c0-17.67-14.33-32-32-32z\"><\/path><\/svg><\/span>\n\t\t\t\t\t\t\t\t<span class=\"elementor-accordion-icon-opened\"><svg class=\"e-font-icon-svg e-fas-minus\" viewBox=\"0 0 448 512\" xmlns=\"http:\/\/www.w3.org\/2000\/svg\"><path d=\"M416 208H32c-17.67 0-32 14.33-32 32v32c0 17.67 14.33 32 32 32h384c17.67 0 32-14.33 32-32v-32c0-17.67-14.33-32-32-32z\"><\/path><\/svg><\/span>\n\t\t\t\t\t\t\t\t\t\t\t\t\t\t<\/span>\n\t\t\t\t\t\t\t\t\t\t\t\t<a class=\"elementor-accordion-title\" tabindex=\"0\">8. ENGENHARIA DO TRABALHO<\/a>\n\t\t\t\t\t<\/div>\n\t\t\t\t\t<div id=\"elementor-tab-content-2988\" class=\"elementor-tab-content elementor-clearfix\" data-tab=\"8\" role=\"region\" aria-labelledby=\"elementor-tab-title-2988\"><p>Projeto, aperfei\u00e7oamento, implanta\u00e7\u00e3o e avalia\u00e7\u00e3o de tarefas, sistemas de trabalho, produtos, ambientes e sistemas para faz\u00ea-los compat\u00edveis com as necessidades, habilidades e capacidades das pessoas visando a melhor qualidade e produtividade, preservando a sa\u00fade e integridade f\u00edsica. Seus conhecimentos s\u00e3o usados na compreens\u00e3o das intera\u00e7\u00f5es entre os humanos e outros elementos de um sistema. Pode-se tamb\u00e9m afirmar que esta \u00e1rea trata da tecnologia da interface m\u00e1quina \u2013 ambiente \u2013 homem \u2013 organiza\u00e7\u00e3o.<\/p><p><span style=\"color: #000000;\">8.1.<\/span> Projeto e Organiza\u00e7\u00e3o do Trabalho<br \/><span style=\"color: #000000;\">8.2.<\/span> Ergonomia<br \/><span style=\"color: #000000;\">8.3.<\/span> Sistemas de Gest\u00e3o de Higiene e Seguran\u00e7a do Trabalho<br \/><span style=\"color: #000000;\">8.4.<\/span> Gest\u00e3o de Riscos de Acidentes do Trabalho<\/p><\/div>\n\t\t\t\t<\/div>\n\t\t\t\t\t\t\t<div class=\"elementor-accordion-item\">\n\t\t\t\t\t<div id=\"elementor-tab-title-2989\" class=\"elementor-tab-title\" data-tab=\"9\" role=\"button\" aria-controls=\"elementor-tab-content-2989\" aria-expanded=\"false\">\n\t\t\t\t\t\t\t\t\t\t\t\t\t<span class=\"elementor-accordion-icon elementor-accordion-icon-right\" aria-hidden=\"true\">\n\t\t\t\t\t\t\t\t\t\t\t\t\t\t\t<span class=\"elementor-accordion-icon-closed\"><svg class=\"e-font-icon-svg e-fas-plus\" viewBox=\"0 0 448 512\" xmlns=\"http:\/\/www.w3.org\/2000\/svg\"><path d=\"M416 208H272V64c0-17.67-14.33-32-32-32h-32c-17.67 0-32 14.33-32 32v144H32c-17.67 0-32 14.33-32 32v32c0 17.67 14.33 32 32 32h144v144c0 17.67 14.33 32 32 32h32c17.67 0 32-14.33 32-32V304h144c17.67 0 32-14.33 32-32v-32c0-17.67-14.33-32-32-32z\"><\/path><\/svg><\/span>\n\t\t\t\t\t\t\t\t<span class=\"elementor-accordion-icon-opened\"><svg class=\"e-font-icon-svg e-fas-minus\" viewBox=\"0 0 448 512\" xmlns=\"http:\/\/www.w3.org\/2000\/svg\"><path d=\"M416 208H32c-17.67 0-32 14.33-32 32v32c0 17.67 14.33 32 32 32h384c17.67 0 32-14.33 32-32v-32c0-17.67-14.33-32-32-32z\"><\/path><\/svg><\/span>\n\t\t\t\t\t\t\t\t\t\t\t\t\t\t<\/span>\n\t\t\t\t\t\t\t\t\t\t\t\t<a class=\"elementor-accordion-title\" tabindex=\"0\">9. ENGENHARIA DA SUSTENTABILIDADE<\/a>\n\t\t\t\t\t<\/div>\n\t\t\t\t\t<div id=\"elementor-tab-content-2989\" class=\"elementor-tab-content elementor-clearfix\" data-tab=\"9\" role=\"region\" aria-labelledby=\"elementor-tab-title-2989\"><p>Planejamento da utiliza\u00e7\u00e3o eficiente dos recursos naturais nos sistemas produtivos diversos, da destina\u00e7\u00e3o e tratamento dos res\u00edduos e efluentes destes sistemas, bem como da implanta\u00e7\u00e3o de sistema de gest\u00e3o ambiental e responsabilidade social.<\/p><p><span style=\"color: #000000;\">9.1.<\/span> Gest\u00e3o Ambiental<br \/><span style=\"color: #000000;\">9.2.<\/span> Sistemas de Gest\u00e3o Ambiental e Certifica\u00e7\u00e3o<br \/><span style=\"color: #000000;\">9.3.<\/span> Gest\u00e3o de Recursos Naturais e Energ\u00e9ticos<br \/><span style=\"color: #000000;\">9.4.<\/span> Gest\u00e3o de Efluentes e Res\u00edduos Industriais<br \/><span style=\"color: #000000;\">9.5.<\/span> Produ\u00e7\u00e3o mais Limpa e Ecoefici\u00eancia<br \/><span style=\"color: #000000;\">9.6.<\/span> Responsabilidade Social<br \/><span style=\"color: #000000;\">9.7.<\/span> Desenvolvimento Sustent\u00e1vel<\/p><\/div>\n\t\t\t\t<\/div>\n\t\t\t\t\t\t\t<div class=\"elementor-accordion-item\">\n\t\t\t\t\t<div id=\"elementor-tab-title-29810\" class=\"elementor-tab-title\" data-tab=\"10\" role=\"button\" aria-controls=\"elementor-tab-content-29810\" aria-expanded=\"false\">\n\t\t\t\t\t\t\t\t\t\t\t\t\t<span class=\"elementor-accordion-icon elementor-accordion-icon-right\" aria-hidden=\"true\">\n\t\t\t\t\t\t\t\t\t\t\t\t\t\t\t<span class=\"elementor-accordion-icon-closed\"><svg class=\"e-font-icon-svg e-fas-plus\" viewBox=\"0 0 448 512\" xmlns=\"http:\/\/www.w3.org\/2000\/svg\"><path d=\"M416 208H272V64c0-17.67-14.33-32-32-32h-32c-17.67 0-32 14.33-32 32v144H32c-17.67 0-32 14.33-32 32v32c0 17.67 14.33 32 32 32h144v144c0 17.67 14.33 32 32 32h32c17.67 0 32-14.33 32-32V304h144c17.67 0 32-14.33 32-32v-32c0-17.67-14.33-32-32-32z\"><\/path><\/svg><\/span>\n\t\t\t\t\t\t\t\t<span class=\"elementor-accordion-icon-opened\"><svg class=\"e-font-icon-svg e-fas-minus\" viewBox=\"0 0 448 512\" xmlns=\"http:\/\/www.w3.org\/2000\/svg\"><path d=\"M416 208H32c-17.67 0-32 14.33-32 32v32c0 17.67 14.33 32 32 32h384c17.67 0 32-14.33 32-32v-32c0-17.67-14.33-32-32-32z\"><\/path><\/svg><\/span>\n\t\t\t\t\t\t\t\t\t\t\t\t\t\t<\/span>\n\t\t\t\t\t\t\t\t\t\t\t\t<a class=\"elementor-accordion-title\" tabindex=\"0\">10. EDUCA\u00c7\u00c3O EM ENGENHARIA DE PRODU\u00c7\u00c3O<\/a>\n\t\t\t\t\t<\/div>\n\t\t\t\t\t<div id=\"elementor-tab-content-29810\" class=\"elementor-tab-content elementor-clearfix\" data-tab=\"10\" role=\"region\" aria-labelledby=\"elementor-tab-title-29810\"><p>Universo de inser\u00e7\u00e3o da educa\u00e7\u00e3o superior em engenharia (gradua\u00e7\u00e3o, p\u00f3s-gradua\u00e7\u00e3o, pesquisa e extens\u00e3o) e suas \u00e1reas afins, a partir de uma abordagem sist\u00eamica englobando a gest\u00e3o dos sistemas educacionais em todos os seus aspectos: a forma\u00e7\u00e3o de pessoas (corpo docente e t\u00e9cnico administrativo); a organiza\u00e7\u00e3o did\u00e1tico pedag\u00f3gica, especialmente o projeto pedag\u00f3gico de curso; as metodologias e os meios de ensino\/aprendizagem. Pode-se considerar, pelas caracter\u00edsticas encerradas nesta especialidade como uma \u201cEngenharia Pedag\u00f3gica\u201d, que busca consolidar estas quest\u00f5es, assim como, visa apresentar como resultados concretos das atividades desenvolvidas, alternativas vi\u00e1veis de organiza\u00e7\u00e3o de cursos para o aprimoramento da atividade docente, campo em que o professor j\u00e1 se envolve intensamente sem encontrar estrutura adequada para o aprofundamento de suas reflex\u00f5es e investiga\u00e7\u00f5es.<\/p><p><span style=\"color: #000000;\">10.1.<\/span> Estudo da Forma\u00e7\u00e3o do Engenheiro de Produ\u00e7\u00e3o<br \/><span style=\"color: #000000;\">10.2.<\/span> Estudo do Desenvolvimento e Aplica\u00e7\u00e3o da Pesquisa e da Extens\u00e3o em Engenharia de Produ\u00e7\u00e3o<br \/><span style=\"color: #000000;\">10.3.<\/span> Estudo da \u00c9tica e da Pr\u00e1tica Profissional em Engenharia de Produ\u00e7\u00e3o<br \/><span style=\"color: #000000;\">10.4.<\/span> Pr\u00e1ticas Pedag\u00f3gicas e Avalia\u00e7\u00e3o Processo de Ensino-Aprendizagem em Engenharia de Produ\u00e7\u00e3o<br \/><span style=\"color: #000000;\">10.5.<\/span> Gest\u00e3o e Avalia\u00e7\u00e3o de Sistemas Educacionais de Cursos de Engenharia de Produ\u00e7\u00e3o<\/p><\/div>\n\t\t\t\t<\/div>\n\t\t\t\t\t\t\t\t<\/div>\n\t\t\t\t\t\t<\/div>\n\t\t\t\t<\/div>\n\t\t\t\t\t<\/div>\n\t\t\t\t<\/div>\n\t\t<div class=\"elementor-element elementor-element-d10a17c e-flex e-con-boxed e-con e-parent\" data-id=\"d10a17c\" data-element_type=\"container\">\n\t\t\t\t\t<div class=\"e-con-inner\">\n\t\t\t\t<div class=\"elementor-element elementor-element-79e3e4e elementor-widget elementor-widget-text-editor\" data-id=\"79e3e4e\" data-element_type=\"widget\" data-widget_type=\"text-editor.default\">\n\t\t\t\t<div class=\"elementor-widget-container\">\n\t\t\t\t\t\t\t\t\t<p>\u00a0<\/p><p><span style=\"color: #000000;\">S\u00edmbolo da Engenharia de Produ\u00e7\u00e3o<\/span><\/p><p><img fetchpriority=\"high\" decoding=\"async\" class=\"size-full wp-image-972 alignright\" src=\"https:\/\/portal.abepro.org.br\/abepro2025\/wp-content\/uploads\/2025\/01\/Simbolo-Eng-Producao.png\" alt=\"\" width=\"300\" height=\"294\" \/>Em 2014 foi realizado um Concurso Cultural que envolveu a comunidade brasileira de Engenharia de Produ\u00e7\u00e3o para a cria\u00e7\u00e3o da imagem que representaria a profiss\u00e3o. O Concurso Cultural S\u00edmbolo da Engenharia de Produ\u00e7\u00e3o foi divulgado amplamente no site da ABEPRO, em sua mala direta e tamb\u00e9m nas redes sociais convocando a participa\u00e7\u00e3o da comunidade neste projeto. O edital completo pode ser acessado aqui.<\/p><p>Foram enviadas algumas propostas. Destas, as tr\u00eas melhores foram escolhidas pela banca examinadora do projeto e a comunidade foi envolvida para a vota\u00e7\u00e3o online. Os autores dessas imagens foram agraciados com a inscri\u00e7\u00e3o no <a href=\"http:\/\/portalabepro.educacao.ws\/internasub.asp?ss=46\" target=\"_blank\" rel=\"noopener noreferrer\"><span style=\"color: #3366ff;\">XXXIV Encontro Nacional de Engenharia de Produ\u00e7\u00e3o \u2013 ENEGEP 2014<\/span><\/a><span style=\"color: #3366ff;\">,<\/span> realizado de 07 a 10 de outubro de 2014, na cidade de Curitiba\/PR. Durante a realiza\u00e7\u00e3o do evento, os participantes puderam votar na imagem que os representava e o resultado seria divulgado na plen\u00e1ria do evento. Durante a Assembleia foram mostrados os n\u00fameros da vota\u00e7\u00e3o que foram considerados insuficientes para legitimar a escolha. Sendo assim, foi definida uma fase adicional ao Concurso.<\/p><p>Dando continuidade ao processo, em maio de 2015, durante a Assembleia Geral do <span style=\"color: #3366ff;\"><a style=\"color: #3366ff;\" href=\"http:\/\/portalabepro.educacao.ws\/encep\/2015\/\" target=\"_blank\" rel=\"noopener noreferrer\">XX Encontro Nacional de Coordenadores de Cursos de Engenharia de Produ\u00e7\u00e3o \u2013 ENCEP 2015<\/a><\/span>, realizado de 19 a 21 de maio de 2015, na cidade de Porto Alegre\/RS, o s\u00edmbolo mais votado foi novamente apresentado e tamb\u00e9m foi julgada a den\u00fancia de pl\u00e1gio recebida pela ABEPRO. Por decis\u00e3o dos presentes na Assembleia, o s\u00edmbolo vencedor foi legitimado. Contudo, foi definido que seria solicitada uma releitura da imagem final, sob responsabilidade da Diretoria da ABEPRO (gest\u00e3o 2014\/2015), para que a vers\u00e3o final contivesse elementos importantes para a Engenharia de Produ\u00e7\u00e3o que ainda n\u00e3o estavam inseridos. A Diretoria da ABEPRO, baseando-se no s\u00edmbolo vencedor do Concurso, dos alunos Antonio de Lima e Silva Neto e Jo\u00e3o Victor Pedrosa Nogueira, vinculados ao Curso de Gradua\u00e7\u00e3o em <a href=\"http:\/\/ct.ufpb.br\/dep\" target=\"_blank\" rel=\"noopener noreferrer\"><span style=\"color: #3366ff;\">Engenharia de Produ\u00e7\u00e3o Mec\u00e2nica do Centro de Tecnologia da UFPB<\/span><\/a><span style=\"color: #3366ff;\">,<\/span> juntamente com a equipe de Design da Associa\u00e7\u00e3o, desenvolveu o que chamamos hoje de s\u00edmbolo da Engenharia de Produ\u00e7\u00e3o. Esse s\u00edmbolo foi aprovado por unanimidade na assembleia geral do <a href=\"https:\/\/www.abepro.org.br\/enegep\/2015\/index.asp\" target=\"_blank\" rel=\"noopener noreferrer\"><span style=\"color: #3366ff;\">XXXV Encontro Nacional de Engenharia de Produ\u00e7\u00e3o \u2013 ENEGEP 2015<\/span><\/a><span style=\"color: #3366ff;\">,<\/span> realizado de 13 a 16 de outubro de 2015, na cidade de Fortaleza\/CE, e passou a vigorar desde ent\u00e3o.<\/p><p>Agradecemos a todos os participantes do concurso e em especial aos alunos Antonio de Lima e Silva Neto e Jo\u00e3o Victor Pedrosa Nogueira por termos juntos constru\u00eddo o s\u00edmbolo da EP brasileira!<\/p>\t\t\t\t\t\t\t\t<\/div>\n\t\t\t\t<\/div>\n\t\t\t\t\t<\/div>\n\t\t\t\t<\/div>\n\t\t\t\t<\/div>\n\t\t","protected":false},"excerpt":{"rendered":"<p>A Profiss\u00e3o da Engenharia de Produ\u00e7\u00e3o \u201cCompete \u00e0 Engenharia de Produ\u00e7\u00e3o o projeto, a implanta\u00e7\u00e3o, a opera\u00e7\u00e3o, a melhoria e a manuten\u00e7\u00e3o de sistemas produtivos integrados de bens e servi\u00e7os, envolvendo homens, materiais, tecnologia, informa\u00e7\u00e3o e energia. Compete ainda especificar, prever e avaliar os resultados obtidos destes sistemas para a sociedade e o meio ambiente, [&hellip;]<\/p>\n","protected":false},"author":1,"featured_media":0,"parent":0,"menu_order":0,"comment_status":"closed","ping_status":"closed","template":"","meta":{"footnotes":""},"class_list":["post-962","page","type-page","status-publish","hentry"],"_links":{"self":[{"href":"https:\/\/portal.abepro.org.br\/abepro2025\/wp-json\/wp\/v2\/pages\/962","targetHints":{"allow":["GET"]}}],"collection":[{"href":"https:\/\/portal.abepro.org.br\/abepro2025\/wp-json\/wp\/v2\/pages"}],"about":[{"href":"https:\/\/portal.abepro.org.br\/abepro2025\/wp-json\/wp\/v2\/types\/page"}],"author":[{"embeddable":true,"href":"https:\/\/portal.abepro.org.br\/abepro2025\/wp-json\/wp\/v2\/users\/1"}],"replies":[{"embeddable":true,"href":"https:\/\/portal.abepro.org.br\/abepro2025\/wp-json\/wp\/v2\/comments?post=962"}],"version-history":[{"count":31,"href":"https:\/\/portal.abepro.org.br\/abepro2025\/wp-json\/wp\/v2\/pages\/962\/revisions"}],"predecessor-version":[{"id":1524,"href":"https:\/\/portal.abepro.org.br\/abepro2025\/wp-json\/wp\/v2\/pages\/962\/revisions\/1524"}],"wp:attachment":[{"href":"https:\/\/portal.abepro.org.br\/abepro2025\/wp-json\/wp\/v2\/media?parent=962"}],"curies":[{"name":"wp","href":"https:\/\/api.w.org\/{rel}","templated":true}]}}