{"id":982,"date":"2025-01-21T15:06:47","date_gmt":"2025-01-21T15:06:47","guid":{"rendered":"https:\/\/portal.abepro.org.br\/abepro2025\/?page_id=982"},"modified":"2025-02-26T16:54:38","modified_gmt":"2025-02-26T16:54:38","slug":"educacao-em-engenharia-de-producao","status":"publish","type":"page","link":"https:\/\/portal.abepro.org.br\/abepro2025\/educacao-em-engenharia-de-producao\/","title":{"rendered":"Educa\u00e7\u00e3o em Engenharia de Produ\u00e7\u00e3o"},"content":{"rendered":"\t\t<div data-elementor-type=\"wp-page\" data-elementor-id=\"982\" class=\"elementor elementor-982\" data-elementor-post-type=\"page\">\n\t\t\t\t<div class=\"elementor-element elementor-element-4ce5f2d e-flex e-con-boxed e-con e-parent\" data-id=\"4ce5f2d\" data-element_type=\"container\" data-settings=\"{&quot;background_background&quot;:&quot;classic&quot;}\">\n\t\t\t\t\t<div class=\"e-con-inner\">\n\t\t\t\t\t<\/div>\n\t\t\t\t<\/div>\n\t\t<div class=\"elementor-element elementor-element-d512fcd e-con-full e-flex e-con e-parent\" data-id=\"d512fcd\" data-element_type=\"container\" data-settings=\"{&quot;position&quot;:&quot;fixed&quot;}\">\n\t\t\t\t<div class=\"elementor-element elementor-element-1e1d1f4 elementor-widget elementor-widget-image\" data-id=\"1e1d1f4\" data-element_type=\"widget\" data-widget_type=\"image.default\">\n\t\t\t\t<div class=\"elementor-widget-container\">\n\t\t\t\t\t\t\t\t\t\t\t\t\t\t\t\t<a href=\"https:\/\/emec.mec.gov.br\/emec\/nova\" target=\"_blank\">\n\t\t\t\t\t\t\t<img decoding=\"async\" width=\"249\" height=\"100\" src=\"https:\/\/portal.abepro.org.br\/abepro2025\/wp-content\/uploads\/2025\/01\/emec-.png\" class=\"attachment-full size-full wp-image-1139\" alt=\"\" \/>\t\t\t\t\t\t\t\t<\/a>\n\t\t\t\t\t\t\t\t\t\t\t\t\t\t\t<\/div>\n\t\t\t\t<\/div>\n\t\t\t\t<\/div>\n\t\t<div class=\"elementor-element elementor-element-3ca45cf e-flex e-con-boxed e-con e-parent\" data-id=\"3ca45cf\" data-element_type=\"container\">\n\t\t\t\t\t<div class=\"e-con-inner\">\n\t\t\t\t<div class=\"elementor-element elementor-element-8476a46 elementor-widget__width-inherit elementor-widget elementor-widget-heading\" data-id=\"8476a46\" data-element_type=\"widget\" data-widget_type=\"heading.default\">\n\t\t\t\t<div class=\"elementor-widget-container\">\n\t\t\t\t\t<h2 class=\"elementor-heading-title elementor-size-default\">Saiba mais sobre o ensino da Engenharia de Produ\u00e7\u00e3o<\/h2>\t\t\t\t<\/div>\n\t\t\t\t<\/div>\n\t\t\t\t<div class=\"elementor-element elementor-element-d303b64 elementor-widget__width-inherit elementor-widget elementor-widget-text-editor\" data-id=\"d303b64\" data-element_type=\"widget\" data-widget_type=\"text-editor.default\">\n\t\t\t\t<div class=\"elementor-widget-container\">\n\t\t\t\t\t\t\t\t\t<p class=\"elementor-heading-title elementor-size-default\"><span style=\"color: #000000;\"><strong>Orienta\u00e7\u00f5es sobre Matriz Curricular e Laborat\u00f3rios<\/strong><\/span><\/p><p><strong><span style=\"color: #000000;\">Hist\u00f3rico de atividades do Grupo de Trabalho da Gradua\u00e7\u00e3o (GTG)<\/span><\/strong><\/p><ul><li><span style=\"color: #3366ff;\"><a style=\"color: #3366ff;\" href=\"https:\/\/portal.abepro.org.br\/abepro2025\/wp-content\/uploads\/2025\/01\/1.atuacao-GT.pdf\" target=\"_blank\" rel=\"noopener\">Hist\u00f3rico da atua\u00e7\u00e3o do GT de Gradua\u00e7\u00e3o da ABEPRO (em revis\u00e3o);<\/a><\/span><\/li><li><span style=\"color: #3366ff;\"><a style=\"color: #3366ff;\" href=\"https:\/\/portal.abepro.org.br\/abepro2025\/wp-content\/uploads\/2025\/01\/2.referencias-curriculares.pdf\" target=\"_blank\" rel=\"noopener\">Refer\u00eancias Curriculares da Engenharia de Produ\u00e7\u00e3o Sub\u00e1reas 2003;<\/a><\/span><\/li><li><span style=\"color: #3366ff;\"><a style=\"color: #3366ff;\" href=\"https:\/\/portal.abepro.org.br\/abepro2025\/wp-content\/uploads\/2025\/01\/3.trajetoria.pdf\" target=\"_blank\" rel=\"noopener\">Trajet\u00f3ria e Estado da Arte da Forma\u00e7\u00e3o em Engenharia, Arquitetura e Agronomia_vol7.<\/a><\/span><\/li><\/ul><p><strong><span style=\"color: #000000;\"><br \/>Referenciais e Orienta\u00e7\u00f5es ABEPRO<\/span><\/strong><\/p><ul><li><span style=\"color: #3366ff;\"><a style=\"color: #3366ff;\" href=\"https:\/\/portal.abepro.org.br\/abepro2025\/wp-content\/uploads\/2025\/01\/4.referencias.pdf\" target=\"_blank\" rel=\"noopener\">Refer\u00eancias de conte\u00fados da Engenharia de Produ\u00e7\u00e3o \u00e1reas e sub-\u00e1reas vers\u00e3o 2008;<\/a><\/span><\/li><li><span style=\"color: #3366ff;\"><a style=\"color: #3366ff;\" href=\"https:\/\/portal.abepro.org.br\/abepro2025\/wp-content\/uploads\/2025\/01\/5.matriz.pdf\" target=\"_blank\" rel=\"noopener\">Matriz do conhecimento vers\u00e3o 2008;<\/a><\/span><\/li><li><span style=\"color: #3366ff;\"><a style=\"color: #3366ff;\" href=\"https:\/\/portal.abepro.org.br\/abepro2025\/wp-content\/uploads\/2025\/01\/6.laboratorio.pdf\" target=\"_blank\" rel=\"noopener\">Laborat\u00f3rios Recomendados para o Curso de Engenharia de Produ\u00e7\u00e3o (vers\u00e3o 2016);<\/a><\/span><\/li><li><span style=\"color: #3366ff;\"><a style=\"color: #3366ff;\" href=\"https:\/\/portal.abepro.org.br\/abepro2025\/wp-content\/uploads\/2025\/01\/7.orientacoes.pdf\" target=\"_blank\" rel=\"noopener\">Orienta\u00e7\u00f5es sobre Matriz Curricular e Laborat\u00f3rios baseado na Resolu\u00e7\u00e3o N\u00ba 2, de 18 de junho de 2007 (vers\u00e3o 2018);<\/a><\/span><\/li><li><span style=\"color: #3366ff;\"><a style=\"color: #3366ff;\" href=\"https:\/\/portal.abepro.org.br\/abepro2025\/wp-content\/uploads\/2025\/01\/8.referenciais-de-extensao.pdf\" target=\"_blank\" rel=\"noopener\">Referenciais de Extens\u00e3o para os Cursos de Engenharia de Produ\u00e7\u00e3o (vers\u00e3o 2022);<\/a><\/span><\/li><li><span style=\"color: #3366ff;\"><a style=\"color: #3366ff;\" href=\"https:\/\/portal.abepro.org.br\/abepro2025\/wp-content\/uploads\/2025\/01\/9.referenciais-para-avaliacao.pdf\" target=\"_blank\" rel=\"noopener\">Referenciais para Avalia\u00e7\u00e3o In Loco de Cursos de Engenharia de Produ\u00e7\u00e3o ABEPRO 2017 (em revis\u00e3o).<\/a><\/span><\/li><\/ul>\t\t\t\t\t\t\t\t<\/div>\n\t\t\t\t<\/div>\n\t\t\t\t\t<\/div>\n\t\t\t\t<\/div>\n\t\t<div class=\"elementor-element elementor-element-0931b32 e-flex e-con-boxed e-con e-parent\" data-id=\"0931b32\" data-element_type=\"container\">\n\t\t\t\t\t<div class=\"e-con-inner\">\n\t\t\t\t<div class=\"elementor-element elementor-element-9fe2257 elementor-widget elementor-widget-text-editor\" data-id=\"9fe2257\" data-element_type=\"widget\" data-widget_type=\"text-editor.default\">\n\t\t\t\t<div class=\"elementor-widget-container\">\n\t\t\t\t\t\t\t\t\t<p><strong><span style=\"color: #000000;\">Regulamenta\u00e7\u00e3o<\/span><\/strong><\/p><ul><li><span style=\"color: #3366ff;\"><a style=\"color: #3366ff;\" href=\"https:\/\/www.planalto.gov.br\/ccivil_03\/leis\/L5194.htm\" target=\"_blank\" rel=\"noopener\">LEI N\u00ba 5.194, DE 24 DE DEZEMBRO DE 1966 \u2013 Regula o exerc\u00edcio das profiss\u00f5es de Engenheiro, Arquiteto e Engenheiro-Agr\u00f4nomo, e d\u00e1 outras provid\u00eancias;<\/a><\/span><\/li><li><span style=\"color: #3366ff;\"><a style=\"color: #3366ff;\" href=\"http:\/\/portal.mec.gov.br\/cne\/arquivos\/pdf\/2007\/rces002_07.pdf\" target=\"_blank\" rel=\"noopener\">RESOLU\u00c7\u00c3O N\u00ba 2, DE 18 DE JUNHO DE 2007 \u2013 Disp\u00f5e sobre carga hor\u00e1ria m\u00ednima e procedimentos relativos \u00e0 integraliza\u00e7\u00e3o e dura\u00e7\u00e3o dos cursos de gradua\u00e7\u00e3o, bacharelados, na modalidade presencial;<\/a><\/span><\/li><li><span style=\"color: #3366ff;\"><a style=\"color: #3366ff;\" href=\"https:\/\/normativasconselhos.mec.gov.br\/normativa\/view\/CNE_RES_CNECESN22019.pdf\" target=\"_blank\" rel=\"noopener\">RESOLU\u00c7\u00c3O CNE\/CES N\u00ba 2 DE 24 DE ABRIL DE 2019 \u2013 Institui as Diretrizes Curriculares Nacionais do Curso de Gradua\u00e7\u00e3o em Engenharia;<\/a><\/span><\/li><li><span style=\"color: #3366ff;\"><a style=\"color: #3366ff;\" href=\"http:\/\/portal.mec.gov.br\/index.php?option=com_docman&amp;view=download&amp;alias=104251-rces007-18&amp;category_slug=dezembro-2018-pdf&amp;Itemid=30192\" target=\"_blank\" rel=\"noopener\">RESOLU\u00c7\u00c3O CNE\/CES N\u00ba 7, DE 18 DE DEZEMBRO DE 2018 \u2013 Estabelece as Diretrizes para a Extens\u00e3o na Educa\u00e7\u00e3o Superior Brasileira;<\/a><\/span><\/li><li><span style=\"color: #3366ff;\"><a style=\"color: #3366ff;\" href=\"https:\/\/www.in.gov.br\/web\/guest\/materia\/-\/asset_publisher\/Kujrw0TZC2Mb\/content\/id\/24775268\/do1-2016-04-22-resolucao-n-1-073-de-19-de-abril-de-2016-24775171\" target=\"_blank\" rel=\"noopener\">RESOLU\u00c7\u00c3O N\u00ba 1.073, DE 19 DE ABRIL DE 2016 \u2013 Regulamenta a atribui\u00e7\u00e3o de t\u00edtulos, atividades, compet\u00eancias e campos de atua\u00e7\u00e3o profissionais aos profissionais registrados no Sistema Confea\/Crea para efeito de fiscaliza\u00e7\u00e3o do exerc\u00edcio profissional no \u00e2mbito da Engenharia e da Agronomia. e Anexo I e II \u2013 Sistematiza\u00e7\u00e3o das Atividades Profissionais;<\/a><\/span><\/li><li><span style=\"color: #3366ff;\"><a style=\"color: #3366ff;\" href=\"https:\/\/normativos.confea.org.br\/Ementas\/Visualizar?id=69633\" target=\"_blank\" rel=\"noopener\">RESOLU\u00c7\u00c3O N\u00ba 1.129, DE 11 DE DEZEMBRO DE 2020 \u2013 Define o t\u00edtulo profissional e discrimina as atividades e compet\u00eancias profissionais do engenheiro de produ\u00e7\u00e3o e do engenheiro industrial, em suas diversas modalidades, para efeito de fiscaliza\u00e7\u00e3o do exerc\u00edcio profissional;<\/a><\/span><\/li><li><span style=\"color: #3366ff;\"><a style=\"color: #3366ff;\" href=\"https:\/\/normativos.confea.org.br\/Ementas\/Visualizar?id=283\" target=\"_blank\" rel=\"noopener\">RESOLU\u00c7\u00c3O N\u00ba 235, DE 09 DE OUTUBRO DE 1975 \u2013 Discrimina as atividades profissionais do Engenheiro de Produ\u00e7\u00e3o.<\/a><\/span><\/li><\/ul><p><span style=\"color: #000000;\"><br \/><strong>Referenciais de avalia\u00e7\u00e3o<\/strong><\/span><\/p><ul><li><span style=\"color: #3366ff;\"><a style=\"color: #3366ff;\" href=\"https:\/\/www.planalto.gov.br\/ccivil_03\/_ato2004-2006\/2004\/lei\/l10.861.htm\" target=\"_blank\" rel=\"noopener\">LEI N\u00ba 10.861, DE 14 DE ABRIL DE 2004 \u2013 Institui o Sistema Nacional de Avalia\u00e7\u00e3o da Educa\u00e7\u00e3o Superior -SINAES;<\/a><\/span><\/li><li><span style=\"color: #3366ff;\"><a style=\"color: #3366ff;\" href=\"https:\/\/portal.abepro.org.br\/abepro2025\/wp-content\/uploads\/2025\/01\/IAASINAES-outubro-2017.pdf\" target=\"_blank\" rel=\"noopener\">Instrumento de Avalia\u00e7\u00e3o Autoriza\u00e7\u00e3o SINAES (Outubro 2017);<\/a><\/span><\/li><li><span style=\"color: #3366ff;\"><a style=\"color: #3366ff;\" href=\"https:\/\/portal.abepro.org.br\/abepro2025\/wp-content\/uploads\/2025\/01\/REC-SINAES-outubro-2017.pdf\" target=\"_blank\" rel=\"noopener\">Instrumento de Avalia\u00e7\u00e3o Reconhecimento SINAES (Outubro 2017);<\/a><\/span><\/li><li><span style=\"color: #3366ff;\"><a style=\"color: #3366ff;\" href=\"https:\/\/portal.abepro.org.br\/abepro2025\/wp-content\/uploads\/2025\/01\/ENADE-maio-2012.pdf\" target=\"_blank\" rel=\"noopener\">Instrumento de Avalia\u00e7\u00e3o Enade (Maio 2012).<\/a><\/span><\/li><\/ul>\t\t\t\t\t\t\t\t<\/div>\n\t\t\t\t<\/div>\n\t\t\t\t<div class=\"elementor-element elementor-element-f933e07 elementor-widget__width-inherit elementor-widget elementor-widget-heading\" data-id=\"f933e07\" data-element_type=\"widget\" data-widget_type=\"heading.default\">\n\t\t\t\t<div class=\"elementor-widget-container\">\n\t\t\t\t\t<h2 class=\"elementor-heading-title elementor-size-default\">Grupo de Trabalho de P\u00f3s-Gradua\u00e7\u00e3o da ABEPRO<\/h2>\t\t\t\t<\/div>\n\t\t\t\t<\/div>\n\t\t\t\t\t<\/div>\n\t\t\t\t<\/div>\n\t\t<div class=\"elementor-element elementor-element-211571d e-flex e-con-boxed e-con e-parent\" data-id=\"211571d\" data-element_type=\"container\">\n\t\t\t\t\t<div class=\"e-con-inner\">\n\t\t\t\t<div class=\"elementor-element elementor-element-3482a81 elementor-widget elementor-widget-text-editor\" data-id=\"3482a81\" data-element_type=\"widget\" data-widget_type=\"text-editor.default\">\n\t\t\t\t<div class=\"elementor-widget-container\">\n\t\t\t\t\t\t\t\t\t<p><span style=\"color: #000000;\">Espa\u00e7o destinado ao compartilhamento de conte\u00fados do Grupo de Trabalho de P\u00f3s-Gradua\u00e7\u00e3o da ABEPRO, composto por: <\/span><\/p><p>Adriana Leiras (PUC-Rio)<br \/>Angelo de Oliveira Santanna (UFBA)<br \/>Marcelo Nunes Fonseca (UFG)<br \/>Marly Monteiro de Carvalho (Poli-USP)<br \/>Ricardo Cassel (UFRGS) \u2013 Coordenador<br \/>Sandra Morioka (UFPB)<\/p><p><span style=\"color: #000000;\">Documentos do GT<\/span><\/p><ul><li><span style=\"color: #3366ff;\"><a style=\"color: #3366ff;\" href=\"https:\/\/portal.abepro.org.br\/abepro2025\/wp-content\/uploads\/2025\/01\/relatorio-GT-Pos-PQ-CNPq.pdf\" target=\"_blank\" rel=\"noopener\">Relat\u00f3rio sobre crit\u00e9rios de Bolsas deProdutividade em Pesquisa (PQ \u2013 CNPq)na \u00e1rea de Engenharia de Produ\u00e7\u00e3o<\/a><\/span><\/li><li><span style=\"color: #3366ff;\"><a style=\"color: #3366ff;\" href=\"https:\/\/portal.abepro.org.br\/abepro2025\/wp-content\/uploads\/2025\/01\/Oficio-04-02-2023-Qualis-2017-2020.pdf\" target=\"_blank\" rel=\"noopener\">Of\u00edcio Qualis<\/a><\/span><\/li><\/ul>\t\t\t\t\t\t\t\t<\/div>\n\t\t\t\t<\/div>\n\t\t\t\t<div class=\"elementor-element elementor-element-f64e3ce elementor-widget__width-inherit elementor-widget elementor-widget-heading\" data-id=\"f64e3ce\" data-element_type=\"widget\" data-widget_type=\"heading.default\">\n\t\t\t\t<div class=\"elementor-widget-container\">\n\t\t\t\t\t<h2 class=\"elementor-heading-title elementor-size-default\">Orienta\u00e7\u00f5es sobre Matriz Curricular e Laborat\u00f3rios<\/h2>\t\t\t\t<\/div>\n\t\t\t\t<\/div>\n\t\t\t\t<div class=\"elementor-element elementor-element-4fa32d9 elementor-widget elementor-widget-text-editor\" data-id=\"4fa32d9\" data-element_type=\"widget\" data-widget_type=\"text-editor.default\">\n\t\t\t\t<div class=\"elementor-widget-container\">\n\t\t\t\t\t\t\t\t\t<p><strong><span style=\"color: #000000;\">Hist\u00f3rico de atividades do Grupo de Trabalho da Gradua\u00e7\u00e3o (GTG)<\/span><\/strong><\/p><ul><li><span style=\"color: #3366ff;\"><a style=\"color: #3366ff;\" href=\"https:\/\/portal.abepro.org.br\/abepro2025\/wp-content\/uploads\/2025\/01\/1.Historico-ABEPRO.pdf\" target=\"_blank\" rel=\"noopener\">Hist\u00f3rico da atua\u00e7\u00e3o do GT de Gradua\u00e7\u00e3o da ABEPRO (em revis\u00e3o);<\/a><\/span><\/li><li><span style=\"color: #3366ff;\"><a style=\"color: #3366ff;\" href=\"https:\/\/portal.abepro.org.br\/abepro2025\/wp-content\/uploads\/2025\/01\/2.Referencias-Curriculares-Subareas-2003.pdf\" target=\"_blank\" rel=\"noopener\">Refer\u00eancias Curriculares da Engenharia de Produ\u00e7\u00e3o Sub\u00e1reas 2003;<\/a><\/span><\/li><li><span style=\"color: #3366ff;\"><a style=\"color: #3366ff;\" href=\"https:\/\/portal.abepro.org.br\/abepro2025\/wp-content\/uploads\/2025\/01\/3.Trajetoria-enge-arquit-agron.pdf\" target=\"_blank\" rel=\"noopener\">Trajet\u00f3ria e Estado da Arte da Forma\u00e7\u00e3o em Engenharia, Arquitetura e Agronomia_vol7;<\/a><\/span><\/li><\/ul><p><br \/><span style=\"color: #000000;\"><strong>Referenciais e Orienta\u00e7\u00f5es ABEPRO<\/strong><\/span><\/p><ul><li><span style=\"color: #3366ff;\"><a style=\"color: #3366ff;\" href=\"https:\/\/portal.abepro.org.br\/abepro2025\/wp-content\/uploads\/2025\/01\/4.Referencias-de-conteudos-2008.pdf\" target=\"_blank\" rel=\"noopener\">Refer\u00eancias de conte\u00fados da Engenharia de Produ\u00e7\u00e3o \u00e1reas e sub-\u00e1reas vers\u00e3o 2008;<\/a><\/span><\/li><li><span style=\"color: #3366ff;\"><a style=\"color: #3366ff;\" href=\"https:\/\/portal.abepro.org.br\/abepro2025\/wp-content\/uploads\/2025\/01\/5.Matriz-conhe-2008.pdf\" target=\"_blank\" rel=\"noopener\">Matriz do conhecimento vers\u00e3o 2008;<\/a><\/span><\/li><li><span style=\"color: #3366ff;\"><a style=\"color: #3366ff;\" href=\"https:\/\/portal.abepro.org.br\/abepro2025\/wp-content\/uploads\/2025\/01\/6.Labor-2016.pdf\" target=\"_blank\" rel=\"noopener\">Laborat\u00f3rios Recomendados para o Curso de Engenharia de Produ\u00e7\u00e3o (vers\u00e3o 2016);<\/a><\/span><\/li><li><span style=\"color: #3366ff;\"><a style=\"color: #3366ff;\" href=\"https:\/\/portal.abepro.org.br\/abepro2025\/wp-content\/uploads\/2025\/01\/7.Orientacoes-Matriz.pdf\" target=\"_blank\" rel=\"noopener\">Orienta\u00e7\u00f5es sobre Matriz Curricular e Laborat\u00f3rios baseado na Resolu\u00e7\u00e3o N\u00ba 2, de 18 de junho de 2007 (vers\u00e3o 2018);<\/a><\/span><\/li><li><span style=\"color: #3366ff;\"><a style=\"color: #3366ff;\" href=\"https:\/\/portal.abepro.org.br\/abepro2025\/wp-content\/uploads\/2025\/01\/8.Referenciais-Extensao.pdf\" target=\"_blank\" rel=\"noopener\">Referenciais de Extens\u00e3o para os Cursos de Engenharia de Produ\u00e7\u00e3o (vers\u00e3o 2022);<\/a><\/span><\/li><li><span style=\"color: #3366ff;\"><a style=\"color: #3366ff;\" href=\"https:\/\/portal.abepro.org.br\/abepro2025\/wp-content\/uploads\/2025\/01\/9.Referenciais-Avaliacao.pdf\" target=\"_blank\" rel=\"noopener\">Referenciais para Avalia\u00e7\u00e3o In Loco de Cursos de Engenharia de Produ\u00e7\u00e3o ABEPRO 2017 (em revis\u00e3o).<\/a><\/span><\/li><\/ul><p><br \/><span style=\"color: #000000;\"><strong>Regulamenta\u00e7\u00e3o<\/strong><\/span><\/p><ul><li><span style=\"color: #3366ff;\"><a style=\"color: #3366ff;\" href=\"https:\/\/www.planalto.gov.br\/ccivil_03\/leis\/L5194.htm\" target=\"_blank\" rel=\"noopener\">LEI N\u00ba 5.194, DE 24 DE DEZEMBRO DE 1966 \u2013 Regula o exerc\u00edcio das profiss\u00f5es de Engenheiro, Arquiteto e Engenheiro-Agr\u00f4nomo, e d\u00e1 outras provid\u00eancias;<\/a><\/span><\/li><li><span style=\"color: #3366ff;\"><a style=\"color: #3366ff;\" href=\"http:\/\/portal.mec.gov.br\/cne\/arquivos\/pdf\/2007\/rces002_07.pdf\" target=\"_blank\" rel=\"noopener\">RESOLU\u00c7\u00c3O N\u00ba 2, DE 18 DE JUNHO DE 2007 \u2013 Disp\u00f5e sobre carga hor\u00e1ria m\u00ednima e procedimentos relativos \u00e0 integraliza\u00e7\u00e3o e dura\u00e7\u00e3o dos cursos de gradua\u00e7\u00e3o, bacharelados, na modalidade presencial;<\/a><\/span><\/li><li><span style=\"color: #3366ff;\"><a style=\"color: #3366ff;\" href=\"https:\/\/normativasconselhos.mec.gov.br\/normativa\/view\/CNE_RES_CNECESN22019.pdf\" target=\"_blank\" rel=\"noopener\">RESOLU\u00c7\u00c3O CNE\/CES N\u00ba 2 DE 24 DE ABRIL DE 2019 \u2013 Institui as Diretrizes Curriculares Nacionais do Curso de Gradua\u00e7\u00e3o em Engenharia;<\/a><\/span><\/li><li><span style=\"color: #3366ff;\"><a style=\"color: #3366ff;\" href=\"https:\/\/portal.abepro.org.br\/abepro2025\/eleicoes-2023-proclamacao-dos-eleitos\/\" target=\"_blank\" rel=\"noopener\">RESOLU\u00c7\u00c3O CNE\/CES N\u00ba 7, DE 18 DE DEZEMBRO DE 2018 \u2013 Estabelece as Diretrizes para a Extens\u00e3o na Educa\u00e7\u00e3o Superior Brasileira;<\/a><\/span><\/li><li><span style=\"color: #3366ff;\"><a style=\"color: #3366ff;\" href=\"https:\/\/www.in.gov.br\/web\/guest\/materia\/-\/asset_publisher\/Kujrw0TZC2Mb\/content\/id\/24775268\/do1-2016-04-22-resolucao-n-1-073-de-19-de-abril-de-2016-24775171\" target=\"_blank\" rel=\"noopener\">RESOLU\u00c7\u00c3O N\u00ba 1.073, DE 19 DE ABRIL DE 2016 \u2013 Regulamenta a atribui\u00e7\u00e3o de t\u00edtulos, atividades, compet\u00eancias e campos de atua\u00e7\u00e3o profissionais aos profissionais registrados no Sistema Confea\/Crea para efeito de fiscaliza\u00e7\u00e3o do exerc\u00edcio profissional no \u00e2mbito da Engenharia e da Agronomia. e Anexo I e II \u2013 Sistematiza\u00e7\u00e3o das Atividades Profissionais;<\/a><\/span><\/li><li><span style=\"color: #3366ff;\"><a style=\"color: #3366ff;\" href=\"https:\/\/normativos.confea.org.br\/Ementas\/Visualizar?id=69633\" target=\"_blank\" rel=\"noopener\">RESOLU\u00c7\u00c3O N\u00ba 1.129, DE 11 DE DEZEMBRO DE 2020 \u2013 Define o t\u00edtulo profissional e discrimina as atividades e compet\u00eancias profissionais do engenheiro de produ\u00e7\u00e3o e do engenheiro industrial, em suas diversas modalidades, para efeito de fiscaliza\u00e7\u00e3o do exerc\u00edcio profissional;<\/a><\/span><\/li><li><span style=\"color: #3366ff;\"><a style=\"color: #3366ff;\" href=\"https:\/\/normativos.confea.org.br\/Ementas\/Visualizar?id=283\" target=\"_blank\" rel=\"noopener\">RESOLU\u00c7\u00c3O N\u00ba 235, DE 09 DE OUTUBRO DE 1975 \u2013 Discrimina as atividades profissionais do Engenheiro de Produ\u00e7\u00e3o.<\/a><\/span><\/li><\/ul><p><br \/><span style=\"color: #000000;\"><strong>Referenciais de avalia\u00e7\u00e3o<\/strong><\/span><\/p><ul><li><span style=\"color: #3366ff;\"><a style=\"color: #3366ff;\" href=\"https:\/\/www.planalto.gov.br\/ccivil_03\/_ato2004-2006\/2004\/lei\/l10.861.htm\" target=\"_blank\" rel=\"noopener\">LEI N\u00ba 10.861, DE 14 DE ABRIL DE 2004 \u2013 Institui o Sistema Nacional de Avalia\u00e7\u00e3o da Educa\u00e7\u00e3o Superior -SINAES;<\/a><\/span><\/li><li><span style=\"color: #3366ff;\"><a style=\"color: #3366ff;\" href=\"https:\/\/portal.abepro.org.br\/abepro2025\/wp-content\/uploads\/2025\/01\/10.Autorizacao-SINAES.pdf\" target=\"_blank\" rel=\"noopener\">Instrumento de Avalia\u00e7\u00e3o Autoriza\u00e7\u00e3o SINAES (Outubro 2017);<\/a><\/span><\/li><li><span style=\"color: #3366ff;\"><a style=\"color: #3366ff;\" href=\"https:\/\/portal.abepro.org.br\/abepro2025\/wp-content\/uploads\/2025\/01\/11.reconhecimento-SINAES.pdf\" target=\"_blank\" rel=\"noopener\">Instrumento de Avalia\u00e7\u00e3o Reconhecimento SINAES (Outubro 2017);<\/a><\/span><\/li><li><span style=\"color: #3366ff;\"><a style=\"color: #3366ff;\" href=\"https:\/\/portal.abepro.org.br\/abepro2025\/wp-content\/uploads\/2025\/01\/12.Avaliacao-ENADE.pdf\" target=\"_blank\" rel=\"noopener\">Instrumento de Avalia\u00e7\u00e3o Enade (Maio 2012).<\/a><\/span><\/li><\/ul>\t\t\t\t\t\t\t\t<\/div>\n\t\t\t\t<\/div>\n\t\t\t\t\t<\/div>\n\t\t\t\t<\/div>\n\t\t\t\t<\/div>\n\t\t","protected":false},"excerpt":{"rendered":"<p>Saiba mais sobre o ensino da Engenharia de Produ\u00e7\u00e3o Orienta\u00e7\u00f5es sobre Matriz Curricular e Laborat\u00f3rios Hist\u00f3rico de atividades do Grupo de Trabalho da Gradua\u00e7\u00e3o (GTG) Hist\u00f3rico da atua\u00e7\u00e3o do GT de Gradua\u00e7\u00e3o da ABEPRO (em revis\u00e3o); Refer\u00eancias Curriculares da Engenharia de Produ\u00e7\u00e3o Sub\u00e1reas 2003; Trajet\u00f3ria e Estado da Arte da Forma\u00e7\u00e3o em Engenharia, Arquitetura e [&hellip;]<\/p>\n","protected":false},"author":1,"featured_media":0,"parent":0,"menu_order":0,"comment_status":"closed","ping_status":"closed","template":"","meta":{"footnotes":""},"class_list":["post-982","page","type-page","status-publish","hentry"],"_links":{"self":[{"href":"https:\/\/portal.abepro.org.br\/abepro2025\/wp-json\/wp\/v2\/pages\/982","targetHints":{"allow":["GET"]}}],"collection":[{"href":"https:\/\/portal.abepro.org.br\/abepro2025\/wp-json\/wp\/v2\/pages"}],"about":[{"href":"https:\/\/portal.abepro.org.br\/abepro2025\/wp-json\/wp\/v2\/types\/page"}],"author":[{"embeddable":true,"href":"https:\/\/portal.abepro.org.br\/abepro2025\/wp-json\/wp\/v2\/users\/1"}],"replies":[{"embeddable":true,"href":"https:\/\/portal.abepro.org.br\/abepro2025\/wp-json\/wp\/v2\/comments?post=982"}],"version-history":[{"count":82,"href":"https:\/\/portal.abepro.org.br\/abepro2025\/wp-json\/wp\/v2\/pages\/982\/revisions"}],"predecessor-version":[{"id":5715,"href":"https:\/\/portal.abepro.org.br\/abepro2025\/wp-json\/wp\/v2\/pages\/982\/revisions\/5715"}],"wp:attachment":[{"href":"https:\/\/portal.abepro.org.br\/abepro2025\/wp-json\/wp\/v2\/media?parent=982"}],"curies":[{"name":"wp","href":"https:\/\/api.w.org\/{rel}","templated":true}]}}