{"id":1094,"date":"2023-02-16T12:09:20","date_gmt":"2023-02-16T12:09:20","guid":{"rendered":"https:\/\/portal.abepro.org.br\/encep\/2024\/?page_id=1094"},"modified":"2024-05-22T14:48:24","modified_gmt":"2024-05-22T14:48:24","slug":"palestrantes","status":"publish","type":"page","link":"https:\/\/portal.abepro.org.br\/encep\/2024\/palestrantes\/","title":{"rendered":"Palestrantes"},"content":{"rendered":"\t\t<div data-elementor-type=\"wp-page\" data-elementor-id=\"1094\" class=\"elementor elementor-1094\">\n\t\t\t\t\t\t<div class=\"elementor-inner\">\n\t\t\t\t<div class=\"elementor-section-wrap\">\n\t\t\t\t\t\t\t\t\t<section class=\"elementor-section elementor-top-section elementor-element elementor-element-00689cc elementor-section-full_width elementor-section-stretched elementor-section-height-default elementor-section-height-default\" data-id=\"00689cc\" data-element_type=\"section\" data-settings=\"{&quot;background_background&quot;:&quot;classic&quot;,&quot;stretch_section&quot;:&quot;section-stretched&quot;}\">\n\t\t\t\t\t\t<div class=\"elementor-container elementor-column-gap-default\">\n\t\t\t\t\t\t\t<div class=\"elementor-row\">\n\t\t\t\t\t<div class=\"elementor-column elementor-col-50 elementor-top-column elementor-element elementor-element-01fe172\" data-id=\"01fe172\" data-element_type=\"column\">\n\t\t\t<div class=\"elementor-column-wrap elementor-element-populated\">\n\t\t\t\t\t\t\t<div class=\"elementor-widget-wrap\">\n\t\t\t\t\t\t<div class=\"elementor-element elementor-element-03712a0 elementor-widget elementor-widget-image\" data-id=\"03712a0\" data-element_type=\"widget\" data-widget_type=\"image.default\">\n\t\t\t\t<div class=\"elementor-widget-container\">\n\t\t\t\t\t\t\t\t<div class=\"elementor-image\">\n\t\t\t\t\t\t\t\t\t\t\t\t<img loading=\"lazy\" decoding=\"async\" width=\"187\" height=\"61\" src=\"https:\/\/portal.abepro.org.br\/encep\/2024\/wp-content\/uploads\/2020\/01\/Logo-cabe\u00e7alho.png\" class=\"attachment-medium size-medium wp-image-332\" alt=\"\" \/>\t\t\t\t\t\t\t\t\t\t\t\t\t\t<\/div>\n\t\t\t\t\t\t<\/div>\n\t\t\t\t<\/div>\n\t\t\t\t\t\t<\/div>\n\t\t\t\t\t<\/div>\n\t\t<\/div>\n\t\t\t\t<div class=\"elementor-column elementor-col-50 elementor-top-column elementor-element elementor-element-949d7f2\" data-id=\"949d7f2\" data-element_type=\"column\">\n\t\t\t<div class=\"elementor-column-wrap elementor-element-populated\">\n\t\t\t\t\t\t\t<div class=\"elementor-widget-wrap\">\n\t\t\t\t\t\t<div class=\"elementor-element elementor-element-1a9569d hfe-nav-menu__align-center hfe-submenu-icon-arrow hfe-submenu-animation-none hfe-link-redirect-child hfe-nav-menu__breakpoint-tablet elementor-widget elementor-widget-navigation-menu\" data-id=\"1a9569d\" data-element_type=\"widget\" data-settings=\"{&quot;padding_horizontal_menu_item&quot;:{&quot;unit&quot;:&quot;px&quot;,&quot;size&quot;:15,&quot;sizes&quot;:[]},&quot;padding_horizontal_menu_item_tablet&quot;:{&quot;unit&quot;:&quot;px&quot;,&quot;size&quot;:&quot;&quot;,&quot;sizes&quot;:[]},&quot;padding_horizontal_menu_item_mobile&quot;:{&quot;unit&quot;:&quot;px&quot;,&quot;size&quot;:&quot;&quot;,&quot;sizes&quot;:[]},&quot;padding_vertical_menu_item&quot;:{&quot;unit&quot;:&quot;px&quot;,&quot;size&quot;:15,&quot;sizes&quot;:[]},&quot;padding_vertical_menu_item_tablet&quot;:{&quot;unit&quot;:&quot;px&quot;,&quot;size&quot;:&quot;&quot;,&quot;sizes&quot;:[]},&quot;padding_vertical_menu_item_mobile&quot;:{&quot;unit&quot;:&quot;px&quot;,&quot;size&quot;:&quot;&quot;,&quot;sizes&quot;:[]},&quot;menu_space_between&quot;:{&quot;unit&quot;:&quot;px&quot;,&quot;size&quot;:&quot;&quot;,&quot;sizes&quot;:[]},&quot;menu_space_between_tablet&quot;:{&quot;unit&quot;:&quot;px&quot;,&quot;size&quot;:&quot;&quot;,&quot;sizes&quot;:[]},&quot;menu_space_between_mobile&quot;:{&quot;unit&quot;:&quot;px&quot;,&quot;size&quot;:&quot;&quot;,&quot;sizes&quot;:[]},&quot;menu_row_space&quot;:{&quot;unit&quot;:&quot;px&quot;,&quot;size&quot;:&quot;&quot;,&quot;sizes&quot;:[]},&quot;menu_row_space_tablet&quot;:{&quot;unit&quot;:&quot;px&quot;,&quot;size&quot;:&quot;&quot;,&quot;sizes&quot;:[]},&quot;menu_row_space_mobile&quot;:{&quot;unit&quot;:&quot;px&quot;,&quot;size&quot;:&quot;&quot;,&quot;sizes&quot;:[]},&quot;dropdown_border_radius&quot;:{&quot;unit&quot;:&quot;px&quot;,&quot;top&quot;:&quot;&quot;,&quot;right&quot;:&quot;&quot;,&quot;bottom&quot;:&quot;&quot;,&quot;left&quot;:&quot;&quot;,&quot;isLinked&quot;:true},&quot;dropdown_border_radius_tablet&quot;:{&quot;unit&quot;:&quot;px&quot;,&quot;top&quot;:&quot;&quot;,&quot;right&quot;:&quot;&quot;,&quot;bottom&quot;:&quot;&quot;,&quot;left&quot;:&quot;&quot;,&quot;isLinked&quot;:true},&quot;dropdown_border_radius_mobile&quot;:{&quot;unit&quot;:&quot;px&quot;,&quot;top&quot;:&quot;&quot;,&quot;right&quot;:&quot;&quot;,&quot;bottom&quot;:&quot;&quot;,&quot;left&quot;:&quot;&quot;,&quot;isLinked&quot;:true},&quot;width_dropdown_item&quot;:{&quot;unit&quot;:&quot;px&quot;,&quot;size&quot;:&quot;220&quot;,&quot;sizes&quot;:[]},&quot;width_dropdown_item_tablet&quot;:{&quot;unit&quot;:&quot;px&quot;,&quot;size&quot;:&quot;&quot;,&quot;sizes&quot;:[]},&quot;width_dropdown_item_mobile&quot;:{&quot;unit&quot;:&quot;px&quot;,&quot;size&quot;:&quot;&quot;,&quot;sizes&quot;:[]},&quot;padding_horizontal_dropdown_item&quot;:{&quot;unit&quot;:&quot;px&quot;,&quot;size&quot;:&quot;&quot;,&quot;sizes&quot;:[]},&quot;padding_horizontal_dropdown_item_tablet&quot;:{&quot;unit&quot;:&quot;px&quot;,&quot;size&quot;:&quot;&quot;,&quot;sizes&quot;:[]},&quot;padding_horizontal_dropdown_item_mobile&quot;:{&quot;unit&quot;:&quot;px&quot;,&quot;size&quot;:&quot;&quot;,&quot;sizes&quot;:[]},&quot;padding_vertical_dropdown_item&quot;:{&quot;unit&quot;:&quot;px&quot;,&quot;size&quot;:15,&quot;sizes&quot;:[]},&quot;padding_vertical_dropdown_item_tablet&quot;:{&quot;unit&quot;:&quot;px&quot;,&quot;size&quot;:&quot;&quot;,&quot;sizes&quot;:[]},&quot;padding_vertical_dropdown_item_mobile&quot;:{&quot;unit&quot;:&quot;px&quot;,&quot;size&quot;:&quot;&quot;,&quot;sizes&quot;:[]},&quot;distance_from_menu&quot;:{&quot;unit&quot;:&quot;px&quot;,&quot;size&quot;:&quot;&quot;,&quot;sizes&quot;:[]},&quot;distance_from_menu_tablet&quot;:{&quot;unit&quot;:&quot;px&quot;,&quot;size&quot;:&quot;&quot;,&quot;sizes&quot;:[]},&quot;distance_from_menu_mobile&quot;:{&quot;unit&quot;:&quot;px&quot;,&quot;size&quot;:&quot;&quot;,&quot;sizes&quot;:[]},&quot;toggle_size&quot;:{&quot;unit&quot;:&quot;px&quot;,&quot;size&quot;:&quot;&quot;,&quot;sizes&quot;:[]},&quot;toggle_size_tablet&quot;:{&quot;unit&quot;:&quot;px&quot;,&quot;size&quot;:&quot;&quot;,&quot;sizes&quot;:[]},&quot;toggle_size_mobile&quot;:{&quot;unit&quot;:&quot;px&quot;,&quot;size&quot;:&quot;&quot;,&quot;sizes&quot;:[]},&quot;toggle_border_width&quot;:{&quot;unit&quot;:&quot;px&quot;,&quot;size&quot;:&quot;&quot;,&quot;sizes&quot;:[]},&quot;toggle_border_width_tablet&quot;:{&quot;unit&quot;:&quot;px&quot;,&quot;size&quot;:&quot;&quot;,&quot;sizes&quot;:[]},&quot;toggle_border_width_mobile&quot;:{&quot;unit&quot;:&quot;px&quot;,&quot;size&quot;:&quot;&quot;,&quot;sizes&quot;:[]},&quot;toggle_border_radius&quot;:{&quot;unit&quot;:&quot;px&quot;,&quot;size&quot;:&quot;&quot;,&quot;sizes&quot;:[]},&quot;toggle_border_radius_tablet&quot;:{&quot;unit&quot;:&quot;px&quot;,&quot;size&quot;:&quot;&quot;,&quot;sizes&quot;:[]},&quot;toggle_border_radius_mobile&quot;:{&quot;unit&quot;:&quot;px&quot;,&quot;size&quot;:&quot;&quot;,&quot;sizes&quot;:[]}}\" data-widget_type=\"navigation-menu.default\">\n\t\t\t\t<div class=\"elementor-widget-container\">\n\t\t\t\t\t\t<div class=\"hfe-nav-menu hfe-layout-horizontal hfe-nav-menu-layout horizontal hfe-pointer__none\" data-layout=\"horizontal\">\n\t\t\t\t<div class=\"hfe-nav-menu__toggle elementor-clickable\">\n\t\t\t\t\t<div class=\"hfe-nav-menu-icon\">\n\t\t\t\t\t\t<i aria-hidden=\"true\" tabindex=\"0\" class=\"fas fa-align-justify\"><\/i>\t\t\t\t\t<\/div>\n\t\t\t\t<\/div>\n\t\t\t\t<nav class=\"hfe-nav-menu__layout-horizontal hfe-nav-menu__submenu-arrow\" data-toggle-icon=\"&lt;i aria-hidden=&quot;true&quot; tabindex=&quot;0&quot; class=&quot;fas fa-align-justify&quot;&gt;&lt;\/i&gt;\" data-close-icon=\"&lt;i aria-hidden=&quot;true&quot; tabindex=&quot;0&quot; class=&quot;far fa-window-close&quot;&gt;&lt;\/i&gt;\" data-full-width=\"yes\"><ul id=\"menu-1-1a9569d\" class=\"hfe-nav-menu\"><li id=\"menu-item-101\" class=\"menu-item menu-item-type-post_type menu-item-object-page menu-item-home parent hfe-creative-menu\"><a href=\"https:\/\/portal.abepro.org.br\/encep\/2024\/\" class = \"hfe-menu-item\">Home<\/a><\/li>\n<li id=\"menu-item-509\" class=\"menu-item menu-item-type-post_type menu-item-object-page parent hfe-creative-menu\"><a href=\"https:\/\/portal.abepro.org.br\/encep\/2024\/comite\/\" class = \"hfe-menu-item\">Comit\u00ea<\/a><\/li>\n<li id=\"menu-item-1609\" class=\"menu-item menu-item-type-post_type menu-item-object-page parent hfe-creative-menu\"><a href=\"https:\/\/portal.abepro.org.br\/encep\/2024\/inscricoes\/\" class = \"hfe-menu-item\">Inscri\u00e7\u00f5es<\/a><\/li>\n<li id=\"menu-item-1659\" class=\"menu-item menu-item-type-custom menu-item-object-custom menu-item-has-children parent hfe-has-submenu hfe-creative-menu\"><div class=\"hfe-has-submenu-container\"><a href=\"https:\/\/portal.abepro.org.br\/encep\/2024\/programacao\/\" class = \"hfe-menu-item\">Programa\u00e7\u00e3o<span class='hfe-menu-toggle sub-arrow hfe-menu-child-0'><i class='fa'><\/i><\/span><\/a><\/div>\n<ul class=\"sub-menu\">\n\t<li id=\"menu-item-1638\" class=\"menu-item menu-item-type-post_type menu-item-object-page hfe-creative-menu\"><a href=\"https:\/\/portal.abepro.org.br\/encep\/2024\/programacao\/\" class = \"hfe-sub-menu-item\">Grade de Programa\u00e7\u00e3o<\/a><\/li>\n\t<li id=\"menu-item-1631\" class=\"menu-item menu-item-type-post_type menu-item-object-page hfe-creative-menu\"><a href=\"https:\/\/portal.abepro.org.br\/encep\/2024\/palestrantes\/\" class = \"hfe-sub-menu-item\">Palestrantes<\/a><\/li>\n<\/ul>\n<\/li>\n<li id=\"menu-item-1618\" class=\"menu-item menu-item-type-post_type menu-item-object-page parent hfe-creative-menu\"><a href=\"https:\/\/portal.abepro.org.br\/encep\/2024\/relatos-de-experiencia\/\" class = \"hfe-menu-item\">Relatos de Experi\u00eancia<\/a><\/li>\n<li id=\"menu-item-809\" class=\"menu-item menu-item-type-custom menu-item-object-custom menu-item-has-children parent hfe-has-submenu hfe-creative-menu\"><div class=\"hfe-has-submenu-container\"><a href=\"http:\/\/livros\" class = \"hfe-menu-item\">Livros<span class='hfe-menu-toggle sub-arrow hfe-menu-child-0'><i class='fa'><\/i><\/span><\/a><\/div>\n<ul class=\"sub-menu\">\n\t<li id=\"menu-item-1779\" class=\"menu-item menu-item-type-post_type menu-item-object-page hfe-creative-menu\"><a href=\"https:\/\/portal.abepro.org.br\/encep\/2024\/livro-2024\/\" class = \"hfe-sub-menu-item\">Livro 2024<\/a><\/li>\n\t<li id=\"menu-item-1515\" class=\"menu-item menu-item-type-post_type menu-item-object-page hfe-creative-menu\"><a href=\"https:\/\/portal.abepro.org.br\/encep\/2024\/livro-2023\/\" class = \"hfe-sub-menu-item\">Livro 2023<\/a><\/li>\n\t<li id=\"menu-item-1047\" class=\"menu-item menu-item-type-post_type menu-item-object-page hfe-creative-menu\"><a href=\"https:\/\/portal.abepro.org.br\/encep\/2024\/livro-2022\/\" class = \"hfe-sub-menu-item\">Livro 2022<\/a><\/li>\n\t<li id=\"menu-item-894\" class=\"menu-item menu-item-type-post_type menu-item-object-page hfe-creative-menu\"><a href=\"https:\/\/portal.abepro.org.br\/encep\/2024\/livro-2021\/\" class = \"hfe-sub-menu-item\">Livro 2021<\/a><\/li>\n\t<li id=\"menu-item-641\" class=\"menu-item menu-item-type-post_type menu-item-object-page hfe-creative-menu\"><a href=\"https:\/\/portal.abepro.org.br\/encep\/2024\/livros\/livro\/\" class = \"hfe-sub-menu-item\">Livro 2020<\/a><\/li>\n\t<li id=\"menu-item-768\" class=\"menu-item menu-item-type-post_type menu-item-object-page hfe-creative-menu\"><a href=\"https:\/\/portal.abepro.org.br\/encep\/2024\/livros\/livro-2019\/\" class = \"hfe-sub-menu-item\">Livro 2019<\/a><\/li>\n<\/ul>\n<\/li>\n<li id=\"menu-item-774\" class=\"menu-item menu-item-type-post_type menu-item-object-page parent hfe-creative-menu\"><a href=\"https:\/\/portal.abepro.org.br\/encep\/2024\/edicoes-anteriores\/\" class = \"hfe-menu-item\">Edi\u00e7\u00f5es Anteriores<\/a><\/li>\n<\/ul><\/nav>              \n\t\t\t<\/div>\n\t\t\t\t\t<\/div>\n\t\t\t\t<\/div>\n\t\t\t\t\t\t<\/div>\n\t\t\t\t\t<\/div>\n\t\t<\/div>\n\t\t\t\t\t\t\t\t<\/div>\n\t\t\t\t\t<\/div>\n\t\t<\/section>\n\t\t\t\t<section class=\"elementor-section elementor-top-section elementor-element elementor-element-c233050 elementor-section-height-min-height elementor-section-stretched elementor-section-full_width elementor-section-height-default elementor-section-items-middle\" data-id=\"c233050\" data-element_type=\"section\" data-settings=\"{&quot;background_background&quot;:&quot;classic&quot;,&quot;stretch_section&quot;:&quot;section-stretched&quot;}\">\n\t\t\t\t\t\t\t<div class=\"elementor-background-overlay\"><\/div>\n\t\t\t\t\t\t\t<div class=\"elementor-container elementor-column-gap-default\">\n\t\t\t\t\t\t\t<div class=\"elementor-row\">\n\t\t\t\t\t<div class=\"elementor-column elementor-col-100 elementor-top-column elementor-element elementor-element-b156ea8\" data-id=\"b156ea8\" data-element_type=\"column\">\n\t\t\t<div class=\"elementor-column-wrap elementor-element-populated\">\n\t\t\t\t\t\t\t<div class=\"elementor-widget-wrap\">\n\t\t\t\t\t\t<div class=\"elementor-element elementor-element-6564522 elementor-widget__width-inherit elementor-invisible elementor-widget elementor-widget-text-editor\" data-id=\"6564522\" data-element_type=\"widget\" data-settings=\"{&quot;_animation&quot;:&quot;fadeInRight&quot;}\" data-widget_type=\"text-editor.default\">\n\t\t\t\t<div class=\"elementor-widget-container\">\n\t\t\t\t\t\t\t\t<div class=\"elementor-text-editor elementor-clearfix\">\n\t\t\t\t<p>XXIX Encontro Nacional de Coordenadores de Cursos de Engenharia de Produ\u00e7\u00e3o<\/p>\t\t\t\t\t<\/div>\n\t\t\t\t\t\t<\/div>\n\t\t\t\t<\/div>\n\t\t\t\t<div class=\"elementor-element elementor-element-65ac1f6 elementor-widget-divider--view-line elementor-invisible elementor-widget elementor-widget-divider\" data-id=\"65ac1f6\" data-element_type=\"widget\" data-settings=\"{&quot;_animation&quot;:&quot;fadeInRight&quot;}\" data-widget_type=\"divider.default\">\n\t\t\t\t<div class=\"elementor-widget-container\">\n\t\t\t\t\t<div class=\"elementor-divider\">\n\t\t\t<span class=\"elementor-divider-separator\">\n\t\t\t\t\t\t<\/span>\n\t\t<\/div>\n\t\t\t\t<\/div>\n\t\t\t\t<\/div>\n\t\t\t\t<div class=\"elementor-element elementor-element-d93b0bb elementor-invisible elementor-widget elementor-widget-text-editor\" data-id=\"d93b0bb\" data-element_type=\"widget\" data-settings=\"{&quot;_animation&quot;:&quot;fadeInRight&quot;}\" data-widget_type=\"text-editor.default\">\n\t\t\t\t<div class=\"elementor-widget-container\">\n\t\t\t\t\t\t\t\t<div class=\"elementor-text-editor elementor-clearfix\">\n\t\t\t\t<p>palestrantes<\/p>\t\t\t\t\t<\/div>\n\t\t\t\t\t\t<\/div>\n\t\t\t\t<\/div>\n\t\t\t\t\t\t<\/div>\n\t\t\t\t\t<\/div>\n\t\t<\/div>\n\t\t\t\t\t\t\t\t<\/div>\n\t\t\t\t\t<\/div>\n\t\t<\/section>\n\t\t\t\t<section class=\"elementor-section elementor-top-section elementor-element elementor-element-c16dd4e elementor-section-height-min-height elementor-section-content-middle elementor-section-boxed elementor-section-height-default elementor-section-items-middle\" data-id=\"c16dd4e\" data-element_type=\"section\" data-settings=\"{&quot;background_background&quot;:&quot;classic&quot;}\">\n\t\t\t\t\t\t<div class=\"elementor-container elementor-column-gap-default\">\n\t\t\t\t\t\t\t<div class=\"elementor-row\">\n\t\t\t\t\t<div class=\"elementor-column elementor-col-100 elementor-top-column elementor-element elementor-element-e8a004c elementor-invisible\" data-id=\"e8a004c\" data-element_type=\"column\" data-settings=\"{&quot;animation&quot;:&quot;fadeInLeft&quot;}\">\n\t\t\t<div class=\"elementor-column-wrap elementor-element-populated\">\n\t\t\t\t\t\t\t<div class=\"elementor-widget-wrap\">\n\t\t\t\t\t\t<div class=\"elementor-element elementor-element-61b6ca9 elementor-widget-divider--view-line elementor-widget elementor-widget-divider\" data-id=\"61b6ca9\" data-element_type=\"widget\" data-widget_type=\"divider.default\">\n\t\t\t\t<div class=\"elementor-widget-container\">\n\t\t\t\t\t<div class=\"elementor-divider\">\n\t\t\t<span class=\"elementor-divider-separator\">\n\t\t\t\t\t\t<\/span>\n\t\t<\/div>\n\t\t\t\t<\/div>\n\t\t\t\t<\/div>\n\t\t\t\t<div class=\"elementor-element elementor-element-51d2d7b elementor-widget elementor-widget-heading\" data-id=\"51d2d7b\" data-element_type=\"widget\" data-widget_type=\"heading.default\">\n\t\t\t\t<div class=\"elementor-widget-container\">\n\t\t\t<h3 class=\"elementor-heading-title elementor-size-large\">palestrantes\n<\/h3>\t\t<\/div>\n\t\t\t\t<\/div>\n\t\t\t\t<div class=\"elementor-element elementor-element-a5624d2 elementor-widget elementor-widget-text-editor\" data-id=\"a5624d2\" data-element_type=\"widget\" data-widget_type=\"text-editor.default\">\n\t\t\t\t<div class=\"elementor-widget-container\">\n\t\t\t\t\t\t\t\t<div class=\"elementor-text-editor elementor-clearfix\">\n\t\t\t\t\t\t\t\t\t<\/div>\n\t\t\t\t\t\t<\/div>\n\t\t\t\t<\/div>\n\t\t\t\t<div class=\"elementor-element elementor-element-5e2ec41 elementor-position-left elementor-vertical-align-top elementor-widget elementor-widget-image-box\" data-id=\"5e2ec41\" data-element_type=\"widget\" data-widget_type=\"image-box.default\">\n\t\t\t\t<div class=\"elementor-widget-container\">\n\t\t\t<div class=\"elementor-image-box-wrapper\"><figure class=\"elementor-image-box-img\"><a href=\"http:\/\/lattes.cnpq.br\/5622440291569151\"><img loading=\"lazy\" decoding=\"async\" width=\"224\" height=\"300\" src=\"https:\/\/portal.abepro.org.br\/encep\/2024\/wp-content\/uploads\/2024\/03\/foto-marcia-com-blusa-amarela-marcia-denise-pletsch-224x300.jpeg\" class=\"attachment-medium size-medium wp-image-1620\" alt=\"\" srcset=\"https:\/\/portal.abepro.org.br\/encep\/2024\/wp-content\/uploads\/2024\/03\/foto-marcia-com-blusa-amarela-marcia-denise-pletsch-224x300.jpeg 224w, https:\/\/portal.abepro.org.br\/encep\/2024\/wp-content\/uploads\/2024\/03\/foto-marcia-com-blusa-amarela-marcia-denise-pletsch-765x1024.jpeg 765w, https:\/\/portal.abepro.org.br\/encep\/2024\/wp-content\/uploads\/2024\/03\/foto-marcia-com-blusa-amarela-marcia-denise-pletsch-768x1029.jpeg 768w, https:\/\/portal.abepro.org.br\/encep\/2024\/wp-content\/uploads\/2024\/03\/foto-marcia-com-blusa-amarela-marcia-denise-pletsch.jpeg 849w\" sizes=\"(max-width: 224px) 100vw, 224px\" \/><\/a><\/figure><div class=\"elementor-image-box-content\"><h3 class=\"elementor-image-box-title\"><a href=\"http:\/\/lattes.cnpq.br\/5622440291569151\">Profa. Dra.  M\u00e1rcia Denise Pletsch (UFRRJ)<\/a><\/h3><p class=\"elementor-image-box-description\"><span style=\"color: rgb(32, 33, 36); font-family: Roboto, Arial, sans-serif; font-size: 14px; font-style: normal; font-variant-ligatures: normal; font-variant-caps: normal; font-weight: 400; letter-spacing: 0.2px; white-space-collapse: preserve-breaks; background-color: rgb(248, 249, 250);\">Professora Associada do Departamento Educa\u00e7\u00e3o e Sociedade, do Programa de P\u00f3s-Gradua\u00e7\u00e3o em Educa\u00e7\u00e3o, Contextos Contempor\u00e2neos e Demandas Populares (PPGEduc) da Universidade Federal Rural do Rio de Janeiro (UFRRJ). Cientista do Estado do Rio de Janeiro da FAPERJ e pesquisadora do CNPq- n\u00edvel 1D. Vice presidente da Associa\u00e7\u00e3o Brasileira de Pesquisadores em Educa\u00e7\u00e3o Especial2021-2023). Coordenadora do N\u00facleo de Acessibilidade e Inclus\u00e3o (NA\/UFRRJ) (2019-2023). Coordenadora da Licenciatura em Educa\u00e7\u00e3o Especial da UFRRJ (2022-2024). Coordenadora da Especializa\u00e7\u00e3o em Educa\u00e7\u00e3o Especial e Inova\u00e7\u00e3o Tecnol\u00f3gica (UFRRJ\/CECIERJ) (2022-2025).\nAcademia edu: https:\/\/ufrrj.academia.edu\/marciadenisepletsch\nORCID: https:\/\/orcid.org\/0000-0001-5906-0487<\/span>.<\/p><\/div><\/div>\t\t<\/div>\n\t\t\t\t<\/div>\n\t\t\t\t<div class=\"elementor-element elementor-element-2b0639d elementor-position-right elementor-vertical-align-top elementor-widget elementor-widget-image-box\" data-id=\"2b0639d\" data-element_type=\"widget\" data-widget_type=\"image-box.default\">\n\t\t\t\t<div class=\"elementor-widget-container\">\n\t\t\t<div class=\"elementor-image-box-wrapper\"><figure class=\"elementor-image-box-img\"><a href=\"http:\/\/lattes.cnpq.br\/1845236241293068\"><img loading=\"lazy\" decoding=\"async\" width=\"300\" height=\"300\" src=\"https:\/\/portal.abepro.org.br\/encep\/2024\/wp-content\/uploads\/2024\/03\/Foto-Klaus-Schlunzen-Junior-2023-Klaus-Schlunzen-Junior-300x300.jpg\" class=\"attachment-medium size-medium wp-image-1621\" alt=\"\" srcset=\"https:\/\/portal.abepro.org.br\/encep\/2024\/wp-content\/uploads\/2024\/03\/Foto-Klaus-Schlunzen-Junior-2023-Klaus-Schlunzen-Junior-300x300.jpg 300w, https:\/\/portal.abepro.org.br\/encep\/2024\/wp-content\/uploads\/2024\/03\/Foto-Klaus-Schlunzen-Junior-2023-Klaus-Schlunzen-Junior-150x150.jpg 150w, https:\/\/portal.abepro.org.br\/encep\/2024\/wp-content\/uploads\/2024\/03\/Foto-Klaus-Schlunzen-Junior-2023-Klaus-Schlunzen-Junior.jpg 600w\" sizes=\"(max-width: 300px) 100vw, 300px\" \/><\/a><\/figure><div class=\"elementor-image-box-content\"><h3 class=\"elementor-image-box-title\"><a href=\"http:\/\/lattes.cnpq.br\/1845236241293068\">Klaus Schulunzen Junior (UNESP)<\/a><\/h3><p class=\"elementor-image-box-description\"><span style=\"color: rgb(32, 33, 36); font-family: Roboto, Arial, sans-serif; font-size: 14px; font-style: normal; font-variant-ligatures: normal; font-variant-caps: normal; font-weight: 400; letter-spacing: 0.2px; text-align: start; white-space-collapse: preserve-breaks; background-color: rgb(248, 249, 250);\">Professor titular do Departamento de Estat\u00edstica, do Programa de Mestrado Profissional em Educa\u00e7\u00e3o Inclusiva (PROFEI\/Unesp) e do programa de P\u00f3s-gradua\u00e7\u00e3o em Educa\u00e7\u00e3o da Universidade Estadual Paulista (Unesp). Doutor em Engenharia El\u00e9trica pela Universidade Estadual de Campinas (Unicamp), professor livre-docente em Inform\u00e1tica e Educa\u00e7\u00e3o pela Unesp, com P\u00f3s-doutoramento na Universitat de Barcelona. Coordenador Nacional do PROFEI e do Centro de Promo\u00e7\u00e3o para a Inclus\u00e3o Digital, Escolar e Social (CPIDES\/UNESP). Pesquisador Produtividade em Pesquisa do CNPq \u2013 PQ2 na \u00e1rea de Educa\u00e7\u00e3o.<\/span> <\/p><\/div><\/div>\t\t<\/div>\n\t\t\t\t<\/div>\n\t\t\t\t<div class=\"elementor-element elementor-element-af4b0f8 elementor-position-left elementor-vertical-align-top elementor-widget elementor-widget-image-box\" data-id=\"af4b0f8\" data-element_type=\"widget\" data-widget_type=\"image-box.default\">\n\t\t\t\t<div class=\"elementor-widget-container\">\n\t\t\t<div class=\"elementor-image-box-wrapper\"><figure class=\"elementor-image-box-img\"><a href=\"http:\/\/lattes.cnpq.br\/5622440291569151\"><img loading=\"lazy\" decoding=\"async\" width=\"300\" height=\"300\" src=\"https:\/\/portal.abepro.org.br\/encep\/2024\/wp-content\/uploads\/2024\/04\/IMG_3994-after-small-square-crop-Leandro-Alcoforado-Sphaier-300x300.jpeg\" class=\"attachment-medium size-medium wp-image-1663\" alt=\"\" srcset=\"https:\/\/portal.abepro.org.br\/encep\/2024\/wp-content\/uploads\/2024\/04\/IMG_3994-after-small-square-crop-Leandro-Alcoforado-Sphaier-300x300.jpeg 300w, https:\/\/portal.abepro.org.br\/encep\/2024\/wp-content\/uploads\/2024\/04\/IMG_3994-after-small-square-crop-Leandro-Alcoforado-Sphaier-150x150.jpeg 150w, https:\/\/portal.abepro.org.br\/encep\/2024\/wp-content\/uploads\/2024\/04\/IMG_3994-after-small-square-crop-Leandro-Alcoforado-Sphaier-768x768.jpeg 768w, https:\/\/portal.abepro.org.br\/encep\/2024\/wp-content\/uploads\/2024\/04\/IMG_3994-after-small-square-crop-Leandro-Alcoforado-Sphaier.jpeg 949w\" sizes=\"(max-width: 300px) 100vw, 300px\" \/><\/a><\/figure><div class=\"elementor-image-box-content\"><h3 class=\"elementor-image-box-title\"><a href=\"http:\/\/lattes.cnpq.br\/5622440291569151\">Leandro Alcoforado Sphaier <\/a><\/h3><p class=\"elementor-image-box-description\"><span style=\"color: rgb(32, 33, 36); font-family: Roboto, Arial, sans-serif; font-size: 14px; font-style: normal; font-variant-ligatures: normal; font-variant-caps: normal; font-weight: 400; letter-spacing: 0.2px; white-space-collapse: preserve-breaks; background-color: rgb(248, 249, 250);\">O Prof. L. A. Sphaier tem gradua\u00e7\u00e3o (1998) e mestrado (2000) em engenharia mec\u00e2nica pela Universidade Federal do Rio de Janeiro (UFRJ) e o doutorado (2005) pela University of Illinois at Chicago (UIC), tamb\u00e9m em engenharia mec\u00e2nica. Ap\u00f3s ter obtido o t\u00edtulo de doutor, ele entrou para o departamento de engenharia mec\u00e2nica da Universidade Federal Fluminense (UFF) em 2006, onde atualmente atua como professor associado. O Prof. Sphaier tem mais de 150 publica\u00e7\u00f5es em peri\u00f3dicos e congressos, al\u00e9m de ter participado de cap\u00edtulos de livros internacionais e um livro nacional. Sua pesquisa \u00e9 principalmente focada em modelagem matem\u00e1tica e simula\u00e7\u00e3o de transfer\u00eancia de calor e massa, que inclui trocadores de energia, ciclos de resfriamento alternativos, armazenamento de gases via adsor\u00e7\u00e3o e no desenvolvimento de m\u00e9todos h\u00edbridos anal\u00edticos-num\u00e9ricos. A sua pesquisa recente tamb\u00e9m inclui a caracteriza\u00e7\u00e3o de nano comp\u00f3sitos e na modelagem simula\u00e7\u00e3o aplicada a processos de produ\u00e7\u00e3o de cerveja. O prof. Sphaier tamb\u00e9m \u00e9 membro da Associa\u00e7\u00e3o Brasileira de Engenharia e Ci\u00eancia Mec\u00e2nicas (ABCM), e participou como membro afiliado da Academia Brasileira de Ci\u00eancias (ABC). Atualmente, ele \u00e9 editor do peri\u00f3dico International Communications in Heat and Mass Transfer e \u00e9 Coordenador Adjunto da comiss\u00e3o de Avalia\u00e7\u00e3o CAPES das Engenharias III.<\/span><\/p><\/div><\/div>\t\t<\/div>\n\t\t\t\t<\/div>\n\t\t\t\t<div class=\"elementor-element elementor-element-102ab1a elementor-position-right elementor-vertical-align-top elementor-widget elementor-widget-image-box\" data-id=\"102ab1a\" data-element_type=\"widget\" data-widget_type=\"image-box.default\">\n\t\t\t\t<div class=\"elementor-widget-container\">\n\t\t\t<div class=\"elementor-image-box-wrapper\"><figure class=\"elementor-image-box-img\"><a href=\"http:\/\/lattes.cnpq.br\/1845236241293068\"><img loading=\"lazy\" decoding=\"async\" width=\"200\" height=\"200\" src=\"https:\/\/portal.abepro.org.br\/encep\/2024\/wp-content\/uploads\/2024\/04\/1686165620345-Raquel-Flexa.jpg\" class=\"attachment-medium size-medium wp-image-1670\" alt=\"\" srcset=\"https:\/\/portal.abepro.org.br\/encep\/2024\/wp-content\/uploads\/2024\/04\/1686165620345-Raquel-Flexa.jpg 200w, https:\/\/portal.abepro.org.br\/encep\/2024\/wp-content\/uploads\/2024\/04\/1686165620345-Raquel-Flexa-150x150.jpg 150w\" sizes=\"(max-width: 200px) 100vw, 200px\" \/><\/a><\/figure><div class=\"elementor-image-box-content\"><h3 class=\"elementor-image-box-title\"><a href=\"http:\/\/lattes.cnpq.br\/1845236241293068\">Raquel Flexa<\/a><\/h3><p class=\"elementor-image-box-description\"><span style=\"color: rgb(32, 33, 36); font-family: Roboto, Arial, sans-serif; font-size: 14px; font-style: normal; font-variant-ligatures: normal; font-variant-caps: normal; font-weight: 400; letter-spacing: 0.2px; text-align: start; white-space-collapse: preserve-breaks; background-color: rgb(248, 249, 250);\">Engenheira de produ\u00e7\u00e3o e atualmente ocupa o cargo de Subsecret\u00e1ria de Articula\u00e7\u00e3o e Monitoramento da Casa Civil da Prefeitura da Cidade do Rio de Janeiro. Foi Subsecret\u00e1ria de Planejamento na Secretaria de Sa\u00fade de Niter\u00f3i entre 2021 e 2023 e diretora de Gest\u00e3o Estrat\u00e9gica no Minist\u00e9rio da Economia entre 2019 e 2021. Possui experi\u00eancia em consultoria na \u00e1rea de gest\u00e3o p\u00fablica, tendo realizado projetos em Prefeituras, Governos Estaduais e Governo Federal, al\u00e9m de empresas estatais. Graduada em Engenharia de Produ\u00e7\u00e3o pela UFRJ, com Mestrado em Engenharia de Produ\u00e7\u00e3o pela COPPE\/UFRJ e Doutorado em Engenharia de Produ\u00e7\u00e3o e Sistemas pelo CEFET-RJ. \u00c9 servidora federal da carreira de Magist\u00e9rio Superior, como docente no curso de Engenharia de Produ\u00e7\u00e3o do CEFET-RJ<\/span><span style=\"color: rgb(32, 33, 36); font-family: Roboto, Arial, sans-serif; font-size: 14px; font-style: normal; font-variant-ligatures: normal; font-variant-caps: normal; font-weight: 400; letter-spacing: 0.2px; text-align: start; white-space-collapse: preserve-breaks; background-color: rgb(248, 249, 250);\">.<\/span> <\/p><\/div><\/div>\t\t<\/div>\n\t\t\t\t<\/div>\n\t\t\t\t<div class=\"elementor-element elementor-element-e106fd3 elementor-position-left elementor-vertical-align-top elementor-widget elementor-widget-image-box\" data-id=\"e106fd3\" data-element_type=\"widget\" data-widget_type=\"image-box.default\">\n\t\t\t\t<div class=\"elementor-widget-container\">\n\t\t\t<div class=\"elementor-image-box-wrapper\"><figure class=\"elementor-image-box-img\"><a href=\"http:\/\/lattes.cnpq.br\/1234874441205643\"><img loading=\"lazy\" decoding=\"async\" width=\"229\" height=\"300\" src=\"https:\/\/portal.abepro.org.br\/encep\/2024\/wp-content\/uploads\/2024\/05\/IMG-20240418-WA0136-2-Luciane-Duarte-2-229x300.jpg\" class=\"attachment-medium size-medium wp-image-1679\" alt=\"\" srcset=\"https:\/\/portal.abepro.org.br\/encep\/2024\/wp-content\/uploads\/2024\/05\/IMG-20240418-WA0136-2-Luciane-Duarte-2-229x300.jpg 229w, https:\/\/portal.abepro.org.br\/encep\/2024\/wp-content\/uploads\/2024\/05\/IMG-20240418-WA0136-2-Luciane-Duarte-2-781x1024.jpg 781w, https:\/\/portal.abepro.org.br\/encep\/2024\/wp-content\/uploads\/2024\/05\/IMG-20240418-WA0136-2-Luciane-Duarte-2-768x1007.jpg 768w, https:\/\/portal.abepro.org.br\/encep\/2024\/wp-content\/uploads\/2024\/05\/IMG-20240418-WA0136-2-Luciane-Duarte-2.jpg 862w\" sizes=\"(max-width: 229px) 100vw, 229px\" \/><\/a><\/figure><div class=\"elementor-image-box-content\"><h3 class=\"elementor-image-box-title\"><a href=\"http:\/\/lattes.cnpq.br\/1234874441205643\">Luciane Duarte da Silva <\/a><\/h3><p class=\"elementor-image-box-description\"><span style=\"color: rgb(32, 33, 36); font-family: Roboto, Arial, sans-serif; font-size: 14px; font-style: normal; font-variant-ligatures: normal; font-variant-caps: normal; font-weight: 400; letter-spacing: 0.2px; white-space-collapse: preserve-breaks; background-color: rgb(248, 249, 250);\">Doutora em Educa\u00e7\u00e3o - Extens\u00e3o Universit\u00e1ria. Coordenadora de Extens\u00e3o dos Cursos EAD na Universidade Metodista de S\u00e3o Paulo. Professora universit\u00e1ria em cursos de gradua\u00e7\u00e3o e p\u00f3s-gradua\u00e7\u00e3o na \u00e1rea de Administra\u00e7\u00e3o. Graduada e mestra em Administra\u00e7\u00e3o de Empresas com \u00eanfase em Gest\u00e3o de Pessoas e Organiza\u00e7\u00f5es pela Universidade Metodista de S\u00e3o Paulo. Especialista em Doc\u00eancia no Ensino Superior (UMESP), Especialista em Extens\u00e3o Universit\u00e1ria pela Universidade pela Universit\u00e1ria pela Universidade Federal de S\u00e3o Jo\u00e3o Del-Rey, MG. Especialista em Gest\u00e3o Estrat\u00e9gica de Pessoas e Psicologia Organizacional (UMESP), doutora pelo Programa de P\u00f3s-Gradua\u00e7\u00e3o em Educa\u00e7\u00e3o (UMESP). Avaliadora ad hoc de publica\u00e7\u00f5es sobre extens\u00e3o universit\u00e1ria e eventos acad\u00eamicos nacionais. <\/span><\/p><\/div><\/div>\t\t<\/div>\n\t\t\t\t<\/div>\n\t\t\t\t<div class=\"elementor-element elementor-element-5b3f5de elementor-position-right elementor-vertical-align-top elementor-widget elementor-widget-image-box\" data-id=\"5b3f5de\" data-element_type=\"widget\" data-widget_type=\"image-box.default\">\n\t\t\t\t<div class=\"elementor-widget-container\">\n\t\t\t<div class=\"elementor-image-box-wrapper\"><figure class=\"elementor-image-box-img\"><a href=\"https:\/\/buscatextual.cnpq.br\/buscatextual\/visualizacv.do?id=K2706678D6&#038;tokenCaptchar=03AFcWeA6AhP-uRg6Cn0jmvNuh8AyaFBKsjkP5uzGzPwrBKJq-iAeHfC4L-CxuamY20EogczDnFcIK7s2jePDX7dcXonDsIwCgHcq4I3AIfHr_7Ma_Rm86Lt6uR6ZV6gtpG2xi5vyAnAGYu8VIY2OB1VdA2Shl3IKqw6PSOL12R9rjT2ZT-eieFfPdaLowdxpJPH48gfb4l6r6SVL3Xsl9UTaUQRQmHIRsRixtGmpEbd_BujTztiAYepejz1IsGqgtQ54yq5PLvDb-N14So17WOCQkGcA1gGruHnXkrSbP7_HXKI-83A_Eat01OtCvpe58V4wP0Rgc_u5t2riXwPZ8HC-m_1gqWFagJMDHMswuL2CA_uLSwmWzFWvHT5xzbaqBkI69o9u7SnH__-34c7WSz9anBhuOyIKcEeULinkyfk8VyOrd-f1C3amEUCdW5R8trjBxSJEj2_uo7Fv_j0bqrVtWkccxgEwgM56JFqht4-cmmMtzd_QTZhzA7agYByDLvxSR3iPrNOlNDQY2JNXFqGoexj1NiecGBuJAohBbD28Nht7GRsbCzlVzRKqEjjnzPqeEE1cH_3ELtnnuRwT3JnFtBDTZDx82wV8Dj1Envqo3TXlkwGNgxTEFH4HJAlfy8A6iVuLuyz6fEGVNWby_xR7M9MeZBQSmDmdbOvOUh7h5Xapr61qad0cbPweX98e2LcyITskWsg8DLNoWcM15FeveFa2qACBcbeKLCcY35cBweEKEUEZNFTbMQBeeijFHXp0Yxc7jZEtTlqxbZ9nhjq5aeLnI7Vho5Q\"><img loading=\"lazy\" decoding=\"async\" width=\"169\" height=\"300\" src=\"https:\/\/portal.abepro.org.br\/encep\/2024\/wp-content\/uploads\/2024\/05\/IMG_3333-Ana-Flavia-Fabrini-169x300.jpg\" class=\"attachment-medium size-medium wp-image-1683\" alt=\"\" srcset=\"https:\/\/portal.abepro.org.br\/encep\/2024\/wp-content\/uploads\/2024\/05\/IMG_3333-Ana-Flavia-Fabrini-169x300.jpg 169w, https:\/\/portal.abepro.org.br\/encep\/2024\/wp-content\/uploads\/2024\/05\/IMG_3333-Ana-Flavia-Fabrini-576x1024.jpg 576w, https:\/\/portal.abepro.org.br\/encep\/2024\/wp-content\/uploads\/2024\/05\/IMG_3333-Ana-Flavia-Fabrini-768x1365.jpg 768w, https:\/\/portal.abepro.org.br\/encep\/2024\/wp-content\/uploads\/2024\/05\/IMG_3333-Ana-Flavia-Fabrini-864x1536.jpg 864w, https:\/\/portal.abepro.org.br\/encep\/2024\/wp-content\/uploads\/2024\/05\/IMG_3333-Ana-Flavia-Fabrini.jpg 1008w\" sizes=\"(max-width: 169px) 100vw, 169px\" \/><\/a><\/figure><div class=\"elementor-image-box-content\"><h3 class=\"elementor-image-box-title\"><a href=\"https:\/\/buscatextual.cnpq.br\/buscatextual\/visualizacv.do?id=K2706678D6&#038;tokenCaptchar=03AFcWeA6AhP-uRg6Cn0jmvNuh8AyaFBKsjkP5uzGzPwrBKJq-iAeHfC4L-CxuamY20EogczDnFcIK7s2jePDX7dcXonDsIwCgHcq4I3AIfHr_7Ma_Rm86Lt6uR6ZV6gtpG2xi5vyAnAGYu8VIY2OB1VdA2Shl3IKqw6PSOL12R9rjT2ZT-eieFfPdaLowdxpJPH48gfb4l6r6SVL3Xsl9UTaUQRQmHIRsRixtGmpEbd_BujTztiAYepejz1IsGqgtQ54yq5PLvDb-N14So17WOCQkGcA1gGruHnXkrSbP7_HXKI-83A_Eat01OtCvpe58V4wP0Rgc_u5t2riXwPZ8HC-m_1gqWFagJMDHMswuL2CA_uLSwmWzFWvHT5xzbaqBkI69o9u7SnH__-34c7WSz9anBhuOyIKcEeULinkyfk8VyOrd-f1C3amEUCdW5R8trjBxSJEj2_uo7Fv_j0bqrVtWkccxgEwgM56JFqht4-cmmMtzd_QTZhzA7agYByDLvxSR3iPrNOlNDQY2JNXFqGoexj1NiecGBuJAohBbD28Nht7GRsbCzlVzRKqEjjnzPqeEE1cH_3ELtnnuRwT3JnFtBDTZDx82wV8Dj1Envqo3TXlkwGNgxTEFH4HJAlfy8A6iVuLuyz6fEGVNWby_xR7M9MeZBQSmDmdbOvOUh7h5Xapr61qad0cbPweX98e2LcyITskWsg8DLNoWcM15FeveFa2qACBcbeKLCcY35cBweEKEUEZNFTbMQBeeijFHXp0Yxc7jZEtTlqxbZ9nhjq5aeLnI7Vho5Q\">Ana Fl\u00e1via Fabrini<\/a><\/h3><p class=\"elementor-image-box-description\"><span style=\"color: rgb(32, 33, 36); font-family: Roboto, Arial, sans-serif; font-size: 14px; font-style: normal; font-variant-ligatures: normal; font-variant-caps: normal; font-weight: 400; letter-spacing: 0.2px; text-align: start; white-space-collapse: preserve-breaks; background-color: rgb(248, 249, 250);\">Advogada, graduada na UFMG, mestre em gest\u00e3o e avalia\u00e7\u00e3o da educa\u00e7\u00e3o p\u00fablica pela UFJF, servidora de carreira do INEP desde 2013, coordenadora de Instrumentos de Avalia\u00e7\u00e3o e Gest\u00e3o de Avaliadores de 2021, da Coordena\u00e7\u00e3o-Geral de Avalia\u00e7\u00e3o in loco da Diretoria de Avalia\u00e7\u00e3o da Educa\u00e7\u00e3o Superior.&nbsp;<\/span><\/p><\/div><\/div>\t\t<\/div>\n\t\t\t\t<\/div>\n\t\t\t\t<div class=\"elementor-element elementor-element-88fbb49 elementor-position-left elementor-vertical-align-top elementor-widget elementor-widget-image-box\" data-id=\"88fbb49\" data-element_type=\"widget\" data-widget_type=\"image-box.default\">\n\t\t\t\t<div class=\"elementor-widget-container\">\n\t\t\t<div class=\"elementor-image-box-wrapper\"><figure class=\"elementor-image-box-img\"><a href=\"http:\/\/lattes.cnpq.br\/4057226783065944\"><img loading=\"lazy\" decoding=\"async\" width=\"200\" height=\"300\" src=\"https:\/\/portal.abepro.org.br\/encep\/2024\/wp-content\/uploads\/2024\/05\/AFMoreira1B-Alessandro-Moreira-200x300.jpg\" class=\"attachment-medium size-medium wp-image-1687\" alt=\"\" srcset=\"https:\/\/portal.abepro.org.br\/encep\/2024\/wp-content\/uploads\/2024\/05\/AFMoreira1B-Alessandro-Moreira-200x300.jpg 200w, https:\/\/portal.abepro.org.br\/encep\/2024\/wp-content\/uploads\/2024\/05\/AFMoreira1B-Alessandro-Moreira-683x1024.jpg 683w, https:\/\/portal.abepro.org.br\/encep\/2024\/wp-content\/uploads\/2024\/05\/AFMoreira1B-Alessandro-Moreira-768x1152.jpg 768w, https:\/\/portal.abepro.org.br\/encep\/2024\/wp-content\/uploads\/2024\/05\/AFMoreira1B-Alessandro-Moreira-1024x1536.jpg 1024w, https:\/\/portal.abepro.org.br\/encep\/2024\/wp-content\/uploads\/2024\/05\/AFMoreira1B-Alessandro-Moreira-1365x2048.jpg 1365w, https:\/\/portal.abepro.org.br\/encep\/2024\/wp-content\/uploads\/2024\/05\/AFMoreira1B-Alessandro-Moreira-scaled.jpg 1707w\" sizes=\"(max-width: 200px) 100vw, 200px\" \/><\/a><\/figure><div class=\"elementor-image-box-content\"><h3 class=\"elementor-image-box-title\"><a href=\"http:\/\/lattes.cnpq.br\/4057226783065944\">Alessandro Moreira <\/a><\/h3><p class=\"elementor-image-box-description\"><span style=\"color: rgb(0, 0, 0); font-family: Arial; font-size: 13px; font-style: normal; font-variant-ligatures: normal; font-variant-caps: normal; font-weight: 400;\">Professor Titular do Departamento de Engenharia El\u00e9trica da UFMG (1993-atual) e exerce a fun\u00e7\u00e3o de Vice-Reitor da UFMG (2018-2022; 2022-atual). Possui Gradua\u00e7\u00e3o em Engenharia El\u00e9trica (1991) e Mestrado em Engenharia El\u00e9trica (1993) pela UFMG e PhD em Engenharia El\u00e9trica (2002) pela University of Wisconsin-Madison. Atuou como Coordenador do Curso de Gradua\u00e7\u00e3o em Engenharia El\u00e9trica (2002-2010), Vice-Diretor (2010-2014) e Diretor (2014-2018) da Escola de Engenharia da UFMG. Tem experi\u00eancia na \u00e1rea de Engenharia El\u00e9trica (eletr\u00f4nica de pot\u00eancia, m\u00e1quinas el\u00e9tricas e acionamentos industriais) e em Educa\u00e7\u00e3o em Engenharia, com \u00eanfase em inova\u00e7\u00e3o e empreendedorismo na forma\u00e7\u00e3o do Engenheiro.<\/span><\/p><\/div><\/div>\t\t<\/div>\n\t\t\t\t<\/div>\n\t\t\t\t<div class=\"elementor-element elementor-element-84bc072 elementor-position-right elementor-vertical-align-top elementor-widget elementor-widget-image-box\" data-id=\"84bc072\" data-element_type=\"widget\" data-widget_type=\"image-box.default\">\n\t\t\t\t<div class=\"elementor-widget-container\">\n\t\t\t<div class=\"elementor-image-box-wrapper\"><figure class=\"elementor-image-box-img\"><a href=\"http:\/\/lattes.cnpq.br\/8669345149947193\"><img loading=\"lazy\" decoding=\"async\" width=\"300\" height=\"233\" src=\"https:\/\/portal.abepro.org.br\/encep\/2024\/wp-content\/uploads\/2024\/05\/gabriela-lobo-veiga-avatar-Gabriela-Lobo-Veiga-300x233.jpg\" class=\"attachment-medium size-medium wp-image-1689\" alt=\"\" srcset=\"https:\/\/portal.abepro.org.br\/encep\/2024\/wp-content\/uploads\/2024\/05\/gabriela-lobo-veiga-avatar-Gabriela-Lobo-Veiga-300x233.jpg 300w, https:\/\/portal.abepro.org.br\/encep\/2024\/wp-content\/uploads\/2024\/05\/gabriela-lobo-veiga-avatar-Gabriela-Lobo-Veiga-768x597.jpg 768w, https:\/\/portal.abepro.org.br\/encep\/2024\/wp-content\/uploads\/2024\/05\/gabriela-lobo-veiga-avatar-Gabriela-Lobo-Veiga.jpg 988w\" sizes=\"(max-width: 300px) 100vw, 300px\" \/><\/a><\/figure><div class=\"elementor-image-box-content\"><h3 class=\"elementor-image-box-title\"><a href=\"http:\/\/lattes.cnpq.br\/8669345149947193\">Gabriela Veiga<\/a><\/h3><p class=\"elementor-image-box-description\"><span style=\"color: rgb(31, 31, 31); font-family: &quot;Google Sans&quot;, Roboto, sans-serif; font-size: 12px; font-style: normal; font-variant-ligatures: normal; font-variant-caps: normal; font-weight: 400; text-align: start;\">Doutora e Mestre em Engenharia de Produ\u00e7\u00e3o e Sistemas pela PUCPR - Pontif\u00edcia Universidade Cat\u00f3lica do Paran\u00e1. Foi estudante visitante da Warwick Business School, na Inglaterra, possui MBA em Finan\u00e7as pela Esta\u00e7\u00e3o Business School e gradua\u00e7\u00e3o em Engenharia de Produ\u00e7\u00e3o pela PUCPR. Tem mais de 15 anos de experi\u00eancia no desenvolvimento de projetos nas \u00e1reas de estrat\u00e9gia, qualidade, produtividade, al\u00e9m de experi\u00eancia em processos de acredita\u00e7\u00e3o na \u00e1rea de Educa\u00e7\u00e3o em Engenharia. Atualmente \u00e9 Professora de P\u00f3s Gradua\u00e7\u00e3o e da Gradua\u00e7\u00e3o da Pontif\u00edcia Universidade Cat\u00f3lica do Paran\u00e1<\/span><\/p><\/div><\/div>\t\t<\/div>\n\t\t\t\t<\/div>\n\t\t\t\t<div class=\"elementor-element elementor-element-acabd88 elementor-position-left elementor-vertical-align-top elementor-widget elementor-widget-image-box\" data-id=\"acabd88\" data-element_type=\"widget\" data-widget_type=\"image-box.default\">\n\t\t\t\t<div class=\"elementor-widget-container\">\n\t\t\t<div class=\"elementor-image-box-wrapper\"><figure class=\"elementor-image-box-img\"><a href=\"https:\/\/www.linkedin.com\/in\/andr%C3%A9-ramos-993a41219\/\"><img loading=\"lazy\" decoding=\"async\" width=\"300\" height=\"300\" src=\"https:\/\/portal.abepro.org.br\/encep\/2024\/wp-content\/uploads\/2024\/05\/foto-Andre-Ramos-300x300.jpg\" class=\"attachment-medium size-medium wp-image-1745\" alt=\"\" srcset=\"https:\/\/portal.abepro.org.br\/encep\/2024\/wp-content\/uploads\/2024\/05\/foto-Andre-Ramos-300x300.jpg 300w, https:\/\/portal.abepro.org.br\/encep\/2024\/wp-content\/uploads\/2024\/05\/foto-Andre-Ramos-150x150.jpg 150w, https:\/\/portal.abepro.org.br\/encep\/2024\/wp-content\/uploads\/2024\/05\/foto-Andre-Ramos-768x768.jpg 768w, https:\/\/portal.abepro.org.br\/encep\/2024\/wp-content\/uploads\/2024\/05\/foto-Andre-Ramos.jpg 800w\" sizes=\"(max-width: 300px) 100vw, 300px\" \/><\/a><\/figure><div class=\"elementor-image-box-content\"><h3 class=\"elementor-image-box-title\"><a href=\"https:\/\/www.linkedin.com\/in\/andr%C3%A9-ramos-993a41219\/\">Andr\u00e9 Ramos<\/a><\/h3><p class=\"elementor-image-box-description\"><span style=\"color: rgb(0, 0, 0); font-family: Arial; font-size: 13px; font-style: normal; font-variant-ligatures: normal; font-variant-caps: normal; font-weight: 400;\">I am a dedicated PhD student in Industrial Engineering at PUC-Rio, specializing in advanced optimization techniques, decision and risk analysis, and time series analysis. My current research focuses on forecasting and simulating renewable generation time series in high granularity and long terms. Additionally, I have expertise in anomaly detection techniques, robust and sparse optimization methodologies.I am a dedicated PhD student in Industrial Engineering at PUC-Rio, specializing in advanced optimization techniques, decision and risk analysis, and time series analysis. My current research focuses on forecasting and simulating renewable generation time series in high granularity and long terms. Additionally, I have expertise in anomaly detection techniques, robust and sparse optimization methodologies.<\/span><\/p><\/div><\/div>\t\t<\/div>\n\t\t\t\t<\/div>\n\t\t\t\t<div class=\"elementor-element elementor-element-9729f47 elementor-position-right elementor-vertical-align-top elementor-widget elementor-widget-image-box\" data-id=\"9729f47\" data-element_type=\"widget\" data-widget_type=\"image-box.default\">\n\t\t\t\t<div class=\"elementor-widget-container\">\n\t\t\t<div class=\"elementor-image-box-wrapper\"><figure class=\"elementor-image-box-img\"><a href=\"http:\/\/lattes.cnpq.br\/8669345149947193\"><img loading=\"lazy\" decoding=\"async\" width=\"300\" height=\"296\" src=\"https:\/\/portal.abepro.org.br\/encep\/2024\/wp-content\/uploads\/2024\/05\/Imagem-22-05-2024-as-11.46-300x296.jpeg\" class=\"attachment-medium size-medium wp-image-1752\" alt=\"\" srcset=\"https:\/\/portal.abepro.org.br\/encep\/2024\/wp-content\/uploads\/2024\/05\/Imagem-22-05-2024-as-11.46-300x296.jpeg 300w, https:\/\/portal.abepro.org.br\/encep\/2024\/wp-content\/uploads\/2024\/05\/Imagem-22-05-2024-as-11.46-1024x1011.jpeg 1024w, https:\/\/portal.abepro.org.br\/encep\/2024\/wp-content\/uploads\/2024\/05\/Imagem-22-05-2024-as-11.46-768x758.jpeg 768w, https:\/\/portal.abepro.org.br\/encep\/2024\/wp-content\/uploads\/2024\/05\/Imagem-22-05-2024-as-11.46.jpeg 1402w\" sizes=\"(max-width: 300px) 100vw, 300px\" \/><\/a><\/figure><div class=\"elementor-image-box-content\"><h3 class=\"elementor-image-box-title\"><a href=\"http:\/\/lattes.cnpq.br\/8669345149947193\"> Bruno Perm\u00ednio Tenorio Santos<\/a><\/h3><p class=\"elementor-image-box-description\"><span style=\"color: rgb(31, 31, 31); font-family: &quot;Google Sans&quot;, Roboto, sans-serif; font-size: 12px; font-style: normal; font-variant-ligatures: normal; font-variant-caps: normal; font-weight: 400; text-align: start;\">Jacobs Douwe Egberts - Coordenador de Melhoria Cont\u00ednua. Mestrando em Engenharia Industrial pela Universidade Fedeal da Bahia (UFBA). P\u00f3s-graduado em Administra\u00e7\u00e3o de Empresas pela Funda\u00e7\u00e3o Getulio Vargas (FGV). Bacharel em Engenharia Qu\u00edmica pela Universidade Federal de Alagoas (UFAL). S\u00f3cio e fundador da N Investimentos Ltda e Empreteco (Concluinte do curso EMPRETEC - Empreendedores de Sucesso, SEBRAE-AL, Turma de 2012). Grande admirador da gest\u00e3o e de todas as suas vertentes.<\/span><\/p><\/div><\/div>\t\t<\/div>\n\t\t\t\t<\/div>\n\t\t\t\t\t\t<\/div>\n\t\t\t\t\t<\/div>\n\t\t<\/div>\n\t\t\t\t\t\t\t\t<\/div>\n\t\t\t\t\t<\/div>\n\t\t<\/section>\n\t\t\t\t<section class=\"elementor-section elementor-top-section elementor-element elementor-element-3a5574a3 elementor-section-boxed elementor-section-height-default elementor-section-height-default\" data-id=\"3a5574a3\" data-element_type=\"section\" data-settings=\"{&quot;background_background&quot;:&quot;classic&quot;}\">\n\t\t\t\t\t\t\t<div class=\"elementor-background-overlay\"><\/div>\n\t\t\t\t\t\t\t<div class=\"elementor-container elementor-column-gap-default\">\n\t\t\t\t\t\t\t<div class=\"elementor-row\">\n\t\t\t\t\t<div class=\"elementor-column elementor-col-100 elementor-top-column elementor-element elementor-element-5037596a\" data-id=\"5037596a\" data-element_type=\"column\">\n\t\t\t<div class=\"elementor-column-wrap elementor-element-populated\">\n\t\t\t\t\t\t\t<div class=\"elementor-widget-wrap\">\n\t\t\t\t\t\t<div class=\"elementor-element elementor-element-74f1bdba elementor-widget elementor-widget-heading\" data-id=\"74f1bdba\" data-element_type=\"widget\" data-widget_type=\"heading.default\">\n\t\t\t\t<div class=\"elementor-widget-container\">\n\t\t\t<h2 class=\"elementor-heading-title elementor-size-large\">participe!<\/h2>\t\t<\/div>\n\t\t\t\t<\/div>\n\t\t\t\t<div class=\"elementor-element elementor-element-7b08574c elementor-widget elementor-widget-heading\" data-id=\"7b08574c\" data-element_type=\"widget\" data-widget_type=\"heading.default\">\n\t\t\t\t<div class=\"elementor-widget-container\">\n\t\t\t<p class=\"elementor-heading-title elementor-size-medium\">XXIX Encontro Nacional de Coordenadores de Cursos de Engenharia de Produ\u00e7\u00e3o (ENCEP 2024)<br>Evento a ser realizado em plataforma online<br>dia 23 e 24 de maio de 2024<br>encep@abepro.org.br<\/p>\t\t<\/div>\n\t\t\t\t<\/div>\n\t\t\t\t<div class=\"elementor-element elementor-element-30a1ac6e elementor-button-info elementor-widget elementor-widget-button\" data-id=\"30a1ac6e\" data-element_type=\"widget\" data-widget_type=\"button.default\">\n\t\t\t\t<div class=\"elementor-widget-container\">\n\t\t\t\t\t<div class=\"elementor-button-wrapper\">\n\t\t\t<a href=\"http:\/\/abepro.org.br\/acessodireto_individual\/encep\/eventos.asp\" target=\"_blank\" class=\"elementor-button-link elementor-button elementor-size-md\" role=\"button\">\n\t\t\t\t\t\t<span class=\"elementor-button-content-wrapper\">\n\t\t\t\t\t\t<span class=\"elementor-button-text\">inscreva-se<\/span>\n\t\t<\/span>\n\t\t\t\t\t<\/a>\n\t\t<\/div>\n\t\t\t\t<\/div>\n\t\t\t\t<\/div>\n\t\t\t\t\t\t<\/div>\n\t\t\t\t\t<\/div>\n\t\t<\/div>\n\t\t\t\t\t\t\t\t<\/div>\n\t\t\t\t\t<\/div>\n\t\t<\/section>\n\t\t\t\t<section class=\"elementor-section elementor-top-section elementor-element elementor-element-4dca006f elementor-section-boxed elementor-section-height-default elementor-section-height-default\" data-id=\"4dca006f\" data-element_type=\"section\">\n\t\t\t\t\t\t<div class=\"elementor-container elementor-column-gap-default\">\n\t\t\t\t\t\t\t<div class=\"elementor-row\">\n\t\t\t\t\t<div class=\"elementor-column elementor-col-100 elementor-top-column elementor-element elementor-element-6bce4102\" data-id=\"6bce4102\" data-element_type=\"column\">\n\t\t\t<div class=\"elementor-column-wrap elementor-element-populated\">\n\t\t\t\t\t\t\t<div class=\"elementor-widget-wrap\">\n\t\t\t\t\t\t<div class=\"elementor-element elementor-element-559aa193 elementor-widget elementor-widget-text-editor\" data-id=\"559aa193\" data-element_type=\"widget\" data-widget_type=\"text-editor.default\">\n\t\t\t\t<div class=\"elementor-widget-container\">\n\t\t\t\t\t\t\t\t<div class=\"elementor-text-editor elementor-clearfix\">\n\t\t\t\t<p><span style=\"font-style: normal; font-variant-ligatures: normal; font-variant-caps: normal; font-weight: 400; font-family: Roboto, sans-serif; font-size: 19px; text-align: right;\">By ABEPRO \/\u00a0<\/span><span style=\"font-style: normal; font-variant-ligatures: normal; font-variant-caps: normal; font-weight: 400; font-family: Roboto, sans-serif; font-size: 17px; text-align: right;\">encep@abepro.org.br\u00a0<\/span><\/p>\t\t\t\t\t<\/div>\n\t\t\t\t\t\t<\/div>\n\t\t\t\t<\/div>\n\t\t\t\t\t\t<\/div>\n\t\t\t\t\t<\/div>\n\t\t<\/div>\n\t\t\t\t\t\t\t\t<\/div>\n\t\t\t\t\t<\/div>\n\t\t<\/section>\n\t\t\t\t\t\t\t\t\t<\/div>\n\t\t\t<\/div>\n\t\t\t\t\t<\/div>\n\t\t","protected":false},"excerpt":{"rendered":"<p>Home Comit\u00ea Inscri\u00e7\u00f5es Programa\u00e7\u00e3o Grade de Programa\u00e7\u00e3o Palestrantes Relatos de Experi\u00eancia Livros Livro 2023 Livro 2022 Livro 2021 Livro 2020 Livro 2019 Edi\u00e7\u00f5es Anteriores XXIX Encontro Nacional de Coordenadores de Cursos de Engenharia de Produ\u00e7\u00e3o palestrantes palestrantes Profa. Dra. M\u00e1rcia Denise Pletsch (UFRRJ) Professora Associada do Departamento Educa\u00e7\u00e3o e Sociedade, do Programa de P\u00f3s-Gradua\u00e7\u00e3o em [&hellip;]<\/p>\n","protected":false},"author":3,"featured_media":0,"parent":0,"menu_order":0,"comment_status":"closed","ping_status":"closed","template":"elementor_canvas","meta":{"footnotes":""},"_links":{"self":[{"href":"https:\/\/portal.abepro.org.br\/encep\/2024\/wp-json\/wp\/v2\/pages\/1094"}],"collection":[{"href":"https:\/\/portal.abepro.org.br\/encep\/2024\/wp-json\/wp\/v2\/pages"}],"about":[{"href":"https:\/\/portal.abepro.org.br\/encep\/2024\/wp-json\/wp\/v2\/types\/page"}],"author":[{"embeddable":true,"href":"https:\/\/portal.abepro.org.br\/encep\/2024\/wp-json\/wp\/v2\/users\/3"}],"replies":[{"embeddable":true,"href":"https:\/\/portal.abepro.org.br\/encep\/2024\/wp-json\/wp\/v2\/comments?post=1094"}],"version-history":[{"count":95,"href":"https:\/\/portal.abepro.org.br\/encep\/2024\/wp-json\/wp\/v2\/pages\/1094\/revisions"}],"predecessor-version":[{"id":1755,"href":"https:\/\/portal.abepro.org.br\/encep\/2024\/wp-json\/wp\/v2\/pages\/1094\/revisions\/1755"}],"wp:attachment":[{"href":"https:\/\/portal.abepro.org.br\/encep\/2024\/wp-json\/wp\/v2\/media?parent=1094"}],"curies":[{"name":"wp","href":"https:\/\/api.w.org\/{rel}","templated":true}]}}