{"id":2684,"date":"2023-07-14T13:00:42","date_gmt":"2023-07-14T16:00:42","guid":{"rendered":"https:\/\/portal.abepro.org.br\/enegep\/2025\/?page_id=2684"},"modified":"2025-03-08T21:56:21","modified_gmt":"2025-03-09T00:56:21","slug":"enegep-cultural","status":"publish","type":"page","link":"https:\/\/portal.abepro.org.br\/enegep\/2025\/enegep-cultural\/","title":{"rendered":"ENEGEP Cultural"},"content":{"rendered":"\t\t<div data-elementor-type=\"wp-post\" data-elementor-id=\"2684\" class=\"elementor elementor-2684\" data-elementor-post-type=\"page\">\n\t\t\t\t\t\t<section class=\"elementor-section elementor-top-section elementor-element elementor-element-86cca2a elementor-section-boxed elementor-section-height-default elementor-section-height-default\" data-id=\"86cca2a\" data-element_type=\"section\">\n\t\t\t\t\t\t<div class=\"elementor-container elementor-column-gap-default\">\n\t\t\t\t\t<div class=\"elementor-column elementor-col-100 elementor-top-column elementor-element elementor-element-b861f75\" data-id=\"b861f75\" data-element_type=\"column\">\n\t\t\t<div class=\"elementor-widget-wrap elementor-element-populated\">\n\t\t\t\t\t\t<div class=\"elementor-element elementor-element-7b01268 elementor-widget elementor-widget-heading\" data-id=\"7b01268\" data-element_type=\"widget\" data-widget_type=\"heading.default\">\n\t\t\t\t<div class=\"elementor-widget-container\">\n\t\t\t\t\t<h1 class=\"elementor-heading-title elementor-size-default\">ENEGEP CULTURAL<\/h1>\t\t\t\t<\/div>\n\t\t\t\t<\/div>\n\t\t\t\t<div class=\"elementor-element elementor-element-c99723a elementor-widget-divider--view-line elementor-widget elementor-widget-divider\" data-id=\"c99723a\" data-element_type=\"widget\" data-widget_type=\"divider.default\">\n\t\t\t\t<div class=\"elementor-widget-container\">\n\t\t\t\t\t\t\t<div class=\"elementor-divider\">\n\t\t\t<span class=\"elementor-divider-separator\">\n\t\t\t\t\t\t<\/span>\n\t\t<\/div>\n\t\t\t\t\t\t<\/div>\n\t\t\t\t<\/div>\n\t\t\t\t<div class=\"elementor-element elementor-element-ee2f158 elementor-widget elementor-widget-spacer\" data-id=\"ee2f158\" data-element_type=\"widget\" data-widget_type=\"spacer.default\">\n\t\t\t\t<div class=\"elementor-widget-container\">\n\t\t\t\t\t\t\t<div class=\"elementor-spacer\">\n\t\t\t<div class=\"elementor-spacer-inner\"><\/div>\n\t\t<\/div>\n\t\t\t\t\t\t<\/div>\n\t\t\t\t<\/div>\n\t\t\t\t<div class=\"elementor-element elementor-element-42ae5ec elementor-widget elementor-widget-heading\" data-id=\"42ae5ec\" data-element_type=\"widget\" data-widget_type=\"heading.default\">\n\t\t\t\t<div class=\"elementor-widget-container\">\n\t\t\t\t\t<h2 class=\"elementor-heading-title elementor-size-default\">O que \u00e9?<\/h2>\t\t\t\t<\/div>\n\t\t\t\t<\/div>\n\t\t\t\t<div class=\"elementor-element elementor-element-76a01a4 elementor-widget elementor-widget-text-editor\" data-id=\"76a01a4\" data-element_type=\"widget\" data-widget_type=\"text-editor.default\">\n\t\t\t\t<div class=\"elementor-widget-container\">\n\t\t\t\t\t\t\t\t\t<p>A comiss\u00e3o organizadora do <strong>ENEGEP<\/strong>, buscando aumentar a participa\u00e7\u00e3o dos congressistas de forma din\u00e2mica e com abordagem cultural, traz a proposta do <strong>ENEGEP Cultural<\/strong>. Durante o <strong>ENEGEP<\/strong>, ser\u00e1 realizado um concurso no palco montado no espa\u00e7o dos stands. O procedimento e crit\u00e9rios de inscri\u00e7\u00e3o ser\u00e3o descritos no edital, bem como as regras gerais de apresenta\u00e7\u00e3o e premia\u00e7\u00e3o.<\/p>\t\t\t\t\t\t\t\t<\/div>\n\t\t\t\t<\/div>\n\t\t\t\t<div class=\"elementor-element elementor-element-b0a4692 elementor-widget elementor-widget-spacer\" data-id=\"b0a4692\" data-element_type=\"widget\" data-widget_type=\"spacer.default\">\n\t\t\t\t<div class=\"elementor-widget-container\">\n\t\t\t\t\t\t\t<div class=\"elementor-spacer\">\n\t\t\t<div class=\"elementor-spacer-inner\"><\/div>\n\t\t<\/div>\n\t\t\t\t\t\t<\/div>\n\t\t\t\t<\/div>\n\t\t\t\t\t<\/div>\n\t\t<\/div>\n\t\t\t\t\t<\/div>\n\t\t<\/section>\n\t\t\t\t<\/div>\n\t\t","protected":false},"excerpt":{"rendered":"<p>ENEGEP CULTURAL O que \u00e9? A comiss\u00e3o organizadora do ENEGEP, buscando aumentar a participa\u00e7\u00e3o dos congressistas de forma din\u00e2mica e com abordagem cultural, traz a proposta do ENEGEP Cultural. Durante o ENEGEP, ser\u00e1 realizado um concurso no palco montado no espa\u00e7o dos stands. O procedimento e crit\u00e9rios de inscri\u00e7\u00e3o ser\u00e3o descritos no edital, bem como [&hellip;]<\/p>\n","protected":false},"author":1,"featured_media":0,"parent":0,"menu_order":0,"comment_status":"closed","ping_status":"closed","template":"","meta":{"footnotes":""},"class_list":["post-2684","page","type-page","status-publish","hentry"],"_links":{"self":[{"href":"https:\/\/portal.abepro.org.br\/enegep\/2025\/wp-json\/wp\/v2\/pages\/2684","targetHints":{"allow":["GET"]}}],"collection":[{"href":"https:\/\/portal.abepro.org.br\/enegep\/2025\/wp-json\/wp\/v2\/pages"}],"about":[{"href":"https:\/\/portal.abepro.org.br\/enegep\/2025\/wp-json\/wp\/v2\/types\/page"}],"author":[{"embeddable":true,"href":"https:\/\/portal.abepro.org.br\/enegep\/2025\/wp-json\/wp\/v2\/users\/1"}],"replies":[{"embeddable":true,"href":"https:\/\/portal.abepro.org.br\/enegep\/2025\/wp-json\/wp\/v2\/comments?post=2684"}],"version-history":[{"count":19,"href":"https:\/\/portal.abepro.org.br\/enegep\/2025\/wp-json\/wp\/v2\/pages\/2684\/revisions"}],"predecessor-version":[{"id":4846,"href":"https:\/\/portal.abepro.org.br\/enegep\/2025\/wp-json\/wp\/v2\/pages\/2684\/revisions\/4846"}],"wp:attachment":[{"href":"https:\/\/portal.abepro.org.br\/enegep\/2025\/wp-json\/wp\/v2\/media?parent=2684"}],"curies":[{"name":"wp","href":"https:\/\/api.w.org\/{rel}","templated":true}]}}