{"id":3922,"date":"2024-08-19T16:15:37","date_gmt":"2024-08-19T19:15:37","guid":{"rendered":"https:\/\/portal.abepro.org.br\/enegep\/2025\/?page_id=3922"},"modified":"2025-12-02T17:37:02","modified_gmt":"2025-12-02T20:37:02","slug":"premiacao","status":"publish","type":"page","link":"https:\/\/portal.abepro.org.br\/enegep\/2025\/premiacao\/","title":{"rendered":"Pr\u00eamio ABEPRO"},"content":{"rendered":"\t\t<div data-elementor-type=\"wp-post\" data-elementor-id=\"3922\" class=\"elementor elementor-3922\" data-elementor-post-type=\"page\">\n\t\t\t\t\t\t<section class=\"elementor-section elementor-top-section elementor-element elementor-element-109efd59 elementor-section-boxed elementor-section-height-default elementor-section-height-default\" data-id=\"109efd59\" data-element_type=\"section\">\n\t\t\t\t\t\t<div class=\"elementor-container elementor-column-gap-default\">\n\t\t\t\t\t<div class=\"elementor-column elementor-col-100 elementor-top-column elementor-element elementor-element-1f11b9e5\" data-id=\"1f11b9e5\" data-element_type=\"column\">\n\t\t\t<div class=\"elementor-widget-wrap elementor-element-populated\">\n\t\t\t\t\t\t<div class=\"elementor-element elementor-element-ef4714a elementor-widget elementor-widget-heading\" data-id=\"ef4714a\" data-element_type=\"widget\" data-widget_type=\"heading.default\">\n\t\t\t\t<div class=\"elementor-widget-container\">\n\t\t\t\t\t<h2 class=\"elementor-heading-title elementor-size-default\">Edital Pr\u00eamio ABEPRO Lean Way <\/h2>\t\t\t\t<\/div>\n\t\t\t\t<\/div>\n\t\t\t\t<div class=\"elementor-element elementor-element-bb7a17f elementor-widget-divider--view-line elementor-widget elementor-widget-divider\" data-id=\"bb7a17f\" data-element_type=\"widget\" data-widget_type=\"divider.default\">\n\t\t\t\t<div class=\"elementor-widget-container\">\n\t\t\t\t\t\t\t<div class=\"elementor-divider\">\n\t\t\t<span class=\"elementor-divider-separator\">\n\t\t\t\t\t\t<\/span>\n\t\t<\/div>\n\t\t\t\t\t\t<\/div>\n\t\t\t\t<\/div>\n\t\t\t\t<div class=\"elementor-element elementor-element-e019384 elementor-widget elementor-widget-text-editor\" data-id=\"e019384\" data-element_type=\"widget\" data-widget_type=\"text-editor.default\">\n\t\t\t\t<div class=\"elementor-widget-container\">\n\t\t\t\t\t\t\t\t\t<p>A <strong>Associa\u00e7\u00e3o Brasileira de Engenharia de Produ\u00e7\u00e3o &#8211; ABEPRO<\/strong>, com base em decis\u00e3o tomada pela comiss\u00e3o organizadora do <strong>XLV Encontro Nacional de Engenharia de Produ\u00e7\u00e3o &#8211; ENEGEP 2025<\/strong>, torna p\u00fablico o presente Edital e convida as Institui\u00e7\u00f5es de Ensino associadas \u00e0 ABEPRO a apresentarem indica\u00e7\u00f5es para premia\u00e7\u00e3o de trabalhos cient\u00edficos, intitulada <strong>Pr\u00eamio ABEPRO<\/strong>, destinado a reconhecer os melhores trabalhos de estudantes em n\u00edvel de gradua\u00e7\u00e3o e p\u00f3s-gradua\u00e7\u00e3o, nos termos deste Edital &#8211; <strong><a href=\"https:\/\/portal.abepro.org.br\/enegep\/2025\/wp-content\/uploads\/2025\/03\/ENEGEP-2025-Premio-ABEPRO-Edital.pdf\" target=\"_blank\" rel=\"noopener\">Clique aqui<\/a><\/strong>.\u00a0<\/p>\t\t\t\t\t\t\t\t<\/div>\n\t\t\t\t<\/div>\n\t\t\t\t<div class=\"elementor-element elementor-element-45a4815 elementor-widget elementor-widget-text-editor\" data-id=\"45a4815\" data-element_type=\"widget\" data-widget_type=\"text-editor.default\">\n\t\t\t\t<div class=\"elementor-widget-container\">\n\t\t\t\t\t\t\t\t\t<p data-start=\"75\" data-end=\"107\">\ud83d\udccc <strong data-start=\"78\" data-end=\"105\">Informa\u00e7\u00f5es Importantes<\/strong><\/p><ul data-start=\"109\" data-end=\"492\"><li data-start=\"109\" data-end=\"201\"><p data-start=\"111\" data-end=\"201\">Os <strong data-start=\"114\" data-end=\"138\">trabalhos finalistas<\/strong> dever\u00e3o ser apresentados <strong data-start=\"164\" data-end=\"198\">apenas na Sess\u00e3o de Finalistas<\/strong>.<\/p><\/li><li data-start=\"202\" data-end=\"261\"><p data-start=\"204\" data-end=\"261\">O <strong data-start=\"206\" data-end=\"238\">tempo m\u00e1ximo de apresenta\u00e7\u00e3o<\/strong> \u00e9 de <strong data-start=\"244\" data-end=\"258\">15 minutos<\/strong>.<\/p><\/li><li data-start=\"262\" data-end=\"350\"><p data-start=\"264\" data-end=\"350\">O <strong data-start=\"266\" data-end=\"301\">template oficial do ENEGEP 2025<\/strong> deve ser utilizado. <strong><a href=\"https:\/\/portal.abepro.org.br\/enegep\/2025\/wp-content\/uploads\/2025\/08\/ENEGEP-2025_template-trabalhos-Oficial.pptx\" target=\"_blank\" rel=\"noopener\">Clique aqui<\/a><\/strong> para acessar<\/p><\/li><li data-start=\"351\" data-end=\"492\"><p data-start=\"353\" data-end=\"492\">A apresenta\u00e7\u00e3o deve ser enviada <strong data-start=\"385\" data-end=\"418\">exclusivamente em formato PDF<\/strong>, por meio do <strong data-start=\"432\" data-end=\"463\">Media Desk online do evento<\/strong>. <strong><a href=\"https:\/\/forms.gle\/PwBax1nN78VpWVkXA\" target=\"_blank\" rel=\"noopener\">Clique aqui<\/a><\/strong> envie a sua apresenta\u00e7\u00e3o<\/p><\/li><\/ul>\t\t\t\t\t\t\t\t<\/div>\n\t\t\t\t<\/div>\n\t\t\t\t<div class=\"elementor-element elementor-element-50fc4a3 elementor-widget-divider--view-line elementor-widget elementor-widget-divider\" data-id=\"50fc4a3\" data-element_type=\"widget\" data-widget_type=\"divider.default\">\n\t\t\t\t<div class=\"elementor-widget-container\">\n\t\t\t\t\t\t\t<div class=\"elementor-divider\">\n\t\t\t<span class=\"elementor-divider-separator\">\n\t\t\t\t\t\t<\/span>\n\t\t<\/div>\n\t\t\t\t\t\t<\/div>\n\t\t\t\t<\/div>\n\t\t\t\t<div class=\"elementor-element elementor-element-33ca34f elementor-widget elementor-widget-heading\" data-id=\"33ca34f\" data-element_type=\"widget\" data-widget_type=\"heading.default\">\n\t\t\t\t<div class=\"elementor-widget-container\">\n\t\t\t\t\t<h3 class=\"elementor-heading-title elementor-size-default\"><b>Finalistas Pr\u00eamio ABEPRO Lean Way 2025 <\/b><\/h3>\t\t\t\t<\/div>\n\t\t\t\t<\/div>\n\t\t\t\t<div class=\"elementor-element elementor-element-d3a722a elementor-widget elementor-widget-accordion\" data-id=\"d3a722a\" data-element_type=\"widget\" data-widget_type=\"accordion.default\">\n\t\t\t\t<div class=\"elementor-widget-container\">\n\t\t\t\t\t\t\t<div class=\"elementor-accordion\">\n\t\t\t\t\t\t\t<div class=\"elementor-accordion-item\">\n\t\t\t\t\t<div id=\"elementor-tab-title-2211\" class=\"elementor-tab-title\" data-tab=\"1\" role=\"button\" aria-controls=\"elementor-tab-content-2211\" aria-expanded=\"false\">\n\t\t\t\t\t\t\t\t\t\t\t\t\t<span class=\"elementor-accordion-icon elementor-accordion-icon-left\" aria-hidden=\"true\">\n\t\t\t\t\t\t\t\t\t\t\t\t\t\t\t<span class=\"elementor-accordion-icon-closed\"><i class=\"fas fa-plus\"><\/i><\/span>\n\t\t\t\t\t\t\t\t<span class=\"elementor-accordion-icon-opened\"><i class=\"fas fa-minus\"><\/i><\/span>\n\t\t\t\t\t\t\t\t\t\t\t\t\t\t<\/span>\n\t\t\t\t\t\t\t\t\t\t\t\t<a class=\"elementor-accordion-title\" tabindex=\"0\">Trabalho de Conclus\u00e3o de Curso (Pr\u00eamio Luiz Antonio Meirelles): Gradua\u00e7\u00e3o<\/a>\n\t\t\t\t\t<\/div>\n\t\t\t\t\t<div id=\"elementor-tab-content-2211\" class=\"elementor-tab-content elementor-clearfix\" data-tab=\"1\" role=\"region\" aria-labelledby=\"elementor-tab-title-2211\"><p><strong>Sess\u00e3o de Apresenta\u00e7\u00e3o \u2013 Finalistas Pr\u00eamio ABEPRO (Categoria: Trabalho de Conclus\u00e3o de Curso)<\/strong><\/p><p>Data: 17\/10 11:10 \u00e0s 12:30 &#8211; <strong>Audit\u00f3rio ECT &#8211; D\u00a0<\/strong><\/p><p>______________________________________________________________________________<\/p><p><strong>Rastreabilidade de Produtos Aliment\u00edcios: Entendendo o Comportamento do Consumidor Atrav\u00e9s da Modelagem de Equa\u00e7\u00f5es Estruturais<\/strong><\/p><p>Autor(a): Larissa Carvalho Nunes<\/p><p>Orientador(a): Lucas Rodrigues Deliberador<\/p><p>Institui\u00e7\u00e3o: Universidade Federal da Grande Dourados (UFGD)<\/p><p><strong>Gera\u00e7\u00e3o de Dados de Descomissionamento de Plataformas Offshore a partir de Redes Adversariais Generativas<\/strong><\/p><p>Autor(a): Sheila Nunes Costa Santos<\/p><p>Orientadores(as): Paula Medina Ma\u00e7aira Louro, Fernanda Araujo Bai\u00e3o Amorim<\/p><p>Institui\u00e7\u00e3o: Pontif\u00edcia Universidade Cat\u00f3lica do Rio de Janeiro &#8211; PUC-Rio<\/p><p><strong>Avaliar a rela\u00e7\u00e3o entre os fatores de risco ocupacionais, dist\u00farbios musculoesquel\u00e9ticos e qualidade de vida no trabalho: uma an\u00e1lise usando PLS-SEM<\/strong><\/p><p>Autor(a): Alexandre Henrique Silva Lisboa<\/p><p>Orientador(a): Jonhatan Magno Norte da Silva<\/p><p>Institui\u00e7\u00e3o: Universidade Federal de Alagoas (UFAL &#8211; Sert\u00e3o)<\/p><\/div>\n\t\t\t\t<\/div>\n\t\t\t\t\t\t\t<div class=\"elementor-accordion-item\">\n\t\t\t\t\t<div id=\"elementor-tab-title-2212\" class=\"elementor-tab-title\" data-tab=\"2\" role=\"button\" aria-controls=\"elementor-tab-content-2212\" aria-expanded=\"false\">\n\t\t\t\t\t\t\t\t\t\t\t\t\t<span class=\"elementor-accordion-icon elementor-accordion-icon-left\" aria-hidden=\"true\">\n\t\t\t\t\t\t\t\t\t\t\t\t\t\t\t<span class=\"elementor-accordion-icon-closed\"><i class=\"fas fa-plus\"><\/i><\/span>\n\t\t\t\t\t\t\t\t<span class=\"elementor-accordion-icon-opened\"><i class=\"fas fa-minus\"><\/i><\/span>\n\t\t\t\t\t\t\t\t\t\t\t\t\t\t<\/span>\n\t\t\t\t\t\t\t\t\t\t\t\t<a class=\"elementor-accordion-title\" tabindex=\"0\">Disserta\u00e7\u00e3o de Mestrado Acad\u00eamico<\/a>\n\t\t\t\t\t<\/div>\n\t\t\t\t\t<div id=\"elementor-tab-content-2212\" class=\"elementor-tab-content elementor-clearfix\" data-tab=\"2\" role=\"region\" aria-labelledby=\"elementor-tab-title-2212\"><p><strong>Sess\u00e3o de Apresenta\u00e7\u00e3o \u2013 Finalistas Pr\u00eamio ABEPRO (Categoria: Mestrado Acad\u00eamico)<\/strong><\/p><p>Data: 16\/10 17:00 \u00e0s 18:30 &#8211; <strong>Audit\u00f3rio ECT &#8211; D<\/strong><\/p><p>______________________________________________________________________________<\/p><p><strong><br \/>Modelo de maturidade de BIM combinando Ind\u00fastria 4.0, sustentabilidade e abordagens multicrit\u00e9rio<\/strong><\/p><p>Autor(a): Carlos Alejandro Diaz Schery<\/p><p>Orientadores(as): Rodrigo Goyannes Gusm\u00e3o Caiado, Soraida Aguilar Vargas<\/p><p>Institui\u00e7\u00e3o: Pontif\u00edcia Universidade Cat\u00f3lica do Rio de Janeiro &#8211; PUC-Rio<\/p><p><strong>Governan\u00e7a do blockchain para Empresas Virtuais e Ambientes de Cria\u00e7\u00e3o Virtual: uma abordagem de Design Science Research (Blockchain governance for Virtual Enterprises and Virtual Breeding Environments: a Design Science Research approach)<\/strong><\/p><p>Autor(a): L\u00edvia Maria Bettini de Miranda<\/p><p>Orientadores(as): F\u00e1bio M\u00fcller Guerrini<\/p><p>Institui\u00e7\u00e3o: Universidade de S\u00e3o Paulo &#8211; USP (Escola de Engenharia de S\u00e3o Carlos &#8211; EESC\/USP)<\/p><p><strong>Product-Centric Servitization Journey in a Transport Asset Company and Complex Product Manufacturer: Analysis of a Conceptual Framework on Digital Technologies and Capabilities<\/strong><\/p><p>Autor(a): Brenda Lopes Rocha<\/p><p>Orientador(a): Paulo Augusto Cauchick Miguel e Thayla Tavares de Souza-Zomer<\/p><p>Institui\u00e7\u00e3o: Universidade Federal de Santa Catarina &#8211; UFSC<\/p><\/div>\n\t\t\t\t<\/div>\n\t\t\t\t\t\t\t<div class=\"elementor-accordion-item\">\n\t\t\t\t\t<div id=\"elementor-tab-title-2213\" class=\"elementor-tab-title\" data-tab=\"3\" role=\"button\" aria-controls=\"elementor-tab-content-2213\" aria-expanded=\"false\">\n\t\t\t\t\t\t\t\t\t\t\t\t\t<span class=\"elementor-accordion-icon elementor-accordion-icon-left\" aria-hidden=\"true\">\n\t\t\t\t\t\t\t\t\t\t\t\t\t\t\t<span class=\"elementor-accordion-icon-closed\"><i class=\"fas fa-plus\"><\/i><\/span>\n\t\t\t\t\t\t\t\t<span class=\"elementor-accordion-icon-opened\"><i class=\"fas fa-minus\"><\/i><\/span>\n\t\t\t\t\t\t\t\t\t\t\t\t\t\t<\/span>\n\t\t\t\t\t\t\t\t\t\t\t\t<a class=\"elementor-accordion-title\" tabindex=\"0\">Disserta\u00e7\u00e3o Mestrado Profissional - Lean Way Consulting<\/a>\n\t\t\t\t\t<\/div>\n\t\t\t\t\t<div id=\"elementor-tab-content-2213\" class=\"elementor-tab-content elementor-clearfix\" data-tab=\"3\" role=\"region\" aria-labelledby=\"elementor-tab-title-2213\"><p><strong>Sess\u00e3o de Apresenta\u00e7\u00e3o \u2013 Finalistas Pr\u00eamio ABEPRO (Categoria: Mestrado Profissional)<\/strong><\/p><p>Data: 17\/10 09:40 \u00e0s 10:40 &#8211; <strong>Audit\u00f3rio ECT &#8211; D<\/strong><\/p><p>______________________________________________________________________________<\/p><p><strong>Uma abordagem inovadora para avaliar a efici\u00eancia geral do equipamento por meio da an\u00e1lise envolt\u00f3ria de dados em rede<\/strong><\/p><p>Autor(a): Rodrigo Giornes Torres<\/p><p>Orientador: Prof. Dr. Aneirson Francisco da Silva; Coorientadora: Prof.\u00aa Dr.\u00aa Erica Ximenes Dias<\/p><p>Institui\u00e7\u00e3o: Faculdade de Engenharia e Ci\u00eancias, C\u00e2mpus de Guaratinguet\u00e1, Universidade Estadual Paulista &#8220;J\u00falio de Mesquita Filho&#8221; (UNESP)<\/p><p><strong>Sistem\u00e1tica para a Sele\u00e7\u00e3o de Fornecedores Verdes em Uma Montadora de Ve\u00edculos Mediante o uso de M\u00e9todos Multicrit\u00e9rios<\/strong><\/p><p>Autor(a): Thiago Eller Silva<\/p><p>Orientadores(as): Cecilia Toledo Hernandez<\/p><p>Institui\u00e7\u00e3o: Universidade Federal Fluminense &#8211; UFF<\/p><p><strong>Roadmap para a descarboniza\u00e7\u00e3o: estrat\u00e9gias sustent\u00e1veis com o Green VSM na manufatura automotiva<\/strong><\/p><p>Autor(a): Kamila Ioce S\u00edlva Porto<\/p><p>Orientadores(as): Rosinei Batista Ribeiro<\/p><p>Institui\u00e7\u00e3o: Centro Estadual de Educa\u00e7\u00e3o Tecnol\u00f3gica Paula Souza<\/p><\/div>\n\t\t\t\t<\/div>\n\t\t\t\t\t\t\t<div class=\"elementor-accordion-item\">\n\t\t\t\t\t<div id=\"elementor-tab-title-2214\" class=\"elementor-tab-title\" data-tab=\"4\" role=\"button\" aria-controls=\"elementor-tab-content-2214\" aria-expanded=\"false\">\n\t\t\t\t\t\t\t\t\t\t\t\t\t<span class=\"elementor-accordion-icon elementor-accordion-icon-left\" aria-hidden=\"true\">\n\t\t\t\t\t\t\t\t\t\t\t\t\t\t\t<span class=\"elementor-accordion-icon-closed\"><i class=\"fas fa-plus\"><\/i><\/span>\n\t\t\t\t\t\t\t\t<span class=\"elementor-accordion-icon-opened\"><i class=\"fas fa-minus\"><\/i><\/span>\n\t\t\t\t\t\t\t\t\t\t\t\t\t\t<\/span>\n\t\t\t\t\t\t\t\t\t\t\t\t<a class=\"elementor-accordion-title\" tabindex=\"0\">Tese Doutorado<\/a>\n\t\t\t\t\t<\/div>\n\t\t\t\t\t<div id=\"elementor-tab-content-2214\" class=\"elementor-tab-content elementor-clearfix\" data-tab=\"4\" role=\"region\" aria-labelledby=\"elementor-tab-title-2214\"><p><strong>Sess\u00e3o de Apresenta\u00e7\u00e3o \u2013 Finalistas Pr\u00eamio ABEPRO (Categoria: Tese de Doutorado)<\/strong><\/p><p>Data: 17\/10 08:30 \u00e0s 09:30 &#8211; <strong>Audit\u00f3rio ECT &#8211; D<\/strong><\/p><p>______________________________________________________________________________<\/p><p><strong>Industry 4.0 Digital Technologies as Enablers of Sustainability for Small and Medium Enterprises<\/strong><\/p><p>Autor(a): Andr\u00e9 de Mendon\u00e7a Santos<\/p><p>Orientadores(as): \u00c2ngelo M\u00e1rcio Oliveira Sant&#8217;Anna<\/p><p>Institui\u00e7\u00e3o: Universidade Federal da Bahia &#8211; UFBA<\/p><p><strong>Modelo de neg\u00f3cio de Servitiza\u00e7\u00e3o Digital aplicado no Setor Automotivo Brasileiro<\/strong><\/p><p>Autor(a): M\u00e1rcio Henrique Fronteli<\/p><p>Orientadores(as): Edson Pacheco Paladini<\/p><p>Institui\u00e7\u00e3o: Universidade Federal de Santa Catarina &#8211; UFSC<\/p><p><strong>Preparedness for public health emergencies: The COVID-19 response from a vulnerabilised community in Brazil<\/strong><\/p><p>Autor(a): Amanda de Araujo Batista da Silva<\/p><p>Orientadores(as): Silvio Hamacher, Fernando Augusto Bozza, Otavio Tavares Ranzani<\/p><p>Institui\u00e7\u00e3o: Pontif\u00edcia Universidade Cat\u00f3lica do Rio de Janeiro &#8211; PUC-Rio<\/p><\/div>\n\t\t\t\t<\/div>\n\t\t\t\t\t\t\t<div class=\"elementor-accordion-item\">\n\t\t\t\t\t<div id=\"elementor-tab-title-2215\" class=\"elementor-tab-title\" data-tab=\"5\" role=\"button\" aria-controls=\"elementor-tab-content-2215\" aria-expanded=\"false\">\n\t\t\t\t\t\t\t\t\t\t\t\t\t<span class=\"elementor-accordion-icon elementor-accordion-icon-left\" aria-hidden=\"true\">\n\t\t\t\t\t\t\t\t\t\t\t\t\t\t\t<span class=\"elementor-accordion-icon-closed\"><i class=\"fas fa-plus\"><\/i><\/span>\n\t\t\t\t\t\t\t\t<span class=\"elementor-accordion-icon-opened\"><i class=\"fas fa-minus\"><\/i><\/span>\n\t\t\t\t\t\t\t\t\t\t\t\t\t\t<\/span>\n\t\t\t\t\t\t\t\t\t\t\t\t<a class=\"elementor-accordion-title\" tabindex=\"0\">Submiss\u00f5es 2025 - Artigos de Sess\u00f5es Tem\u00e1ticas<\/a>\n\t\t\t\t\t<\/div>\n\t\t\t\t\t<div id=\"elementor-tab-content-2215\" class=\"elementor-tab-content elementor-clearfix\" data-tab=\"5\" role=\"region\" aria-labelledby=\"elementor-tab-title-2215\"><p><strong>Sess\u00e3o de Apresenta\u00e7\u00e3o \u2013 Finalistas Pr\u00eamio ABEPRO (Categoria: Artigo de Sess\u00f5es Tem\u00e1ticas)<\/strong><\/p><p>Data: 16\/10 15:10 \u00e0s 16:30 &#8211; <strong>Audit\u00f3rio ECT &#8211; D<\/strong><\/p><p>______________________________________________________________________________<\/p><p><strong>Machine Learning e Teoria de Resposta ao Item na Avalia\u00e7\u00e3o de Desconforto Osteomuscular<\/strong><br \/>Autor(a): Jonhatan Magno Norte da Silva<br \/>Institui\u00e7\u00e3o: Universidade Federal de Alagoas &#8211; UFAL &#8211; Sert\u00e3o<\/p><p><strong>Pr\u00e1ticas de sustentabilidade social em cadeia de suprimentos: uma revis\u00e3o sistem\u00e1tica<\/strong><\/p><p>Autor(a): Igor Roberto Amancio<br \/>Institui\u00e7\u00e3o: Universidade Federal de S\u00e3o Carlos &#8211;\u00a0UFSCar<\/p><p><strong>Estudo econ\u00f4mico de planos de inspe\u00e7\u00e3o por atributos baseados na NBR-5426<br \/><\/strong>Autor(a): Rafaela Aparecida Mendon\u00e7a Marques<br \/>Institui\u00e7\u00e3o: Universidade Federal de Ouro Preto &#8211; UFOP<\/p><p><strong>Ci\u00eancia, inova\u00e7\u00e3o e mercado: uma an\u00e1lise cr\u00edtica da produ\u00e7\u00e3o acad\u00eamica sobre startups<\/strong><\/p><p>Autor(a): Patr\u00edcia Kelli Silva de Oliveira<\/p><p>Institui\u00e7\u00e3o: Universidade Federal de Itajub\u00e1 &#8211; Unifei<\/p><p><strong>Integrando a Intelig\u00eancia Artificial \u00e0 Avalia\u00e7\u00e3o do Ciclo de Vida: uma Abordagem para Predi\u00e7\u00e3o de Impactos Ambientais &#8211; Estudo de Caso em Processos de Usinagem<\/strong><\/p><p>Autor(a): Joao Victor Encide Salla<br \/>Institui\u00e7\u00e3o: Universidade Federal de S\u00e3o Carlos &#8211; UFSCar<\/p><\/div>\n\t\t\t\t<\/div>\n\t\t\t\t\t\t\t<div class=\"elementor-accordion-item\">\n\t\t\t\t\t<div id=\"elementor-tab-title-2216\" class=\"elementor-tab-title\" data-tab=\"6\" role=\"button\" aria-controls=\"elementor-tab-content-2216\" aria-expanded=\"false\">\n\t\t\t\t\t\t\t\t\t\t\t\t\t<span class=\"elementor-accordion-icon elementor-accordion-icon-left\" aria-hidden=\"true\">\n\t\t\t\t\t\t\t\t\t\t\t\t\t\t\t<span class=\"elementor-accordion-icon-closed\"><i class=\"fas fa-plus\"><\/i><\/span>\n\t\t\t\t\t\t\t\t<span class=\"elementor-accordion-icon-opened\"><i class=\"fas fa-minus\"><\/i><\/span>\n\t\t\t\t\t\t\t\t\t\t\t\t\t\t<\/span>\n\t\t\t\t\t\t\t\t\t\t\t\t<a class=\"elementor-accordion-title\" tabindex=\"0\">Submiss\u00f5es ENEGEP 2025 - Artigos de Caso Empresarial<\/a>\n\t\t\t\t\t<\/div>\n\t\t\t\t\t<div id=\"elementor-tab-content-2216\" class=\"elementor-tab-content elementor-clearfix\" data-tab=\"6\" role=\"region\" aria-labelledby=\"elementor-tab-title-2216\"><p><strong>Sess\u00e3o de Apresenta\u00e7\u00e3o \u2013 Finalistas Pr\u00eamio ABEPRO (Categoria: Artigos de Casos Empresariais)<\/strong><\/p><p>Data: 16\/10 11:10 \u00e0s 12:30 &#8211; <strong>Bloco I &#8211; Sala 1<\/strong><\/p><p>______________________________________________________________________________<\/p><p><strong>Statistical Screening of Real and AI-Generated Synthetic Media: Application of Benford\u2019s Law in Combating Fraud in Service Operations<\/strong><\/p><p>Autor(a): Willard Silva Ribeiro<\/p><p>Institui\u00e7\u00e3o: Unisinos<\/p><p><strong>Aplica\u00e7\u00e3o da tecnologia RPA no desenvolvimento de um software de gest\u00e3o de leads em uma fintech de cr\u00e9dito<\/strong><\/p><p>Autor(a): Yara Vitoria Sampaio Braga<\/p><p>Institui\u00e7\u00e3o: Universidade Federal do Cer\u00e1ra &#8211; UFC<\/p><p><strong>An\u00e1lise da Americanas (AMER3): Recupera\u00e7\u00e3o Financeira e Perspectivas<\/strong><\/p><p>Autor(a): Aieziley Rita dos Santos<\/p><p>Institui\u00e7\u00e3o: UFAL<\/p><p><strong>Mapeamento do fluxo de valor &#8211; uma aplica\u00e7\u00e3o no processo de compras de EPI&#8217;s<\/strong><\/p><p>Autor(a): Luan Vitor Dias Dami\u00e3o<\/p><p>Institui\u00e7\u00e3o: PUC &#8211; Minas<\/p><p><strong>Reconfigura\u00e7\u00e3o de Layout: Integra\u00e7\u00e3o de dados qualitativos e quantitativos com Lean e SLP<\/strong><\/p><p>Autor(a): Iasmim Abreu de Souza<\/p><p>Institui\u00e7\u00e3o: UFSCar<\/p><\/div>\n\t\t\t\t<\/div>\n\t\t\t\t\t\t\t<div class=\"elementor-accordion-item\">\n\t\t\t\t\t<div id=\"elementor-tab-title-2217\" class=\"elementor-tab-title\" data-tab=\"7\" role=\"button\" aria-controls=\"elementor-tab-content-2217\" aria-expanded=\"false\">\n\t\t\t\t\t\t\t\t\t\t\t\t\t<span class=\"elementor-accordion-icon elementor-accordion-icon-left\" aria-hidden=\"true\">\n\t\t\t\t\t\t\t\t\t\t\t\t\t\t\t<span class=\"elementor-accordion-icon-closed\"><i class=\"fas fa-plus\"><\/i><\/span>\n\t\t\t\t\t\t\t\t<span class=\"elementor-accordion-icon-opened\"><i class=\"fas fa-minus\"><\/i><\/span>\n\t\t\t\t\t\t\t\t\t\t\t\t\t\t<\/span>\n\t\t\t\t\t\t\t\t\t\t\t\t<a class=\"elementor-accordion-title\" tabindex=\"0\">Submiss\u00f5es ENEGEP 2025 - Artigos  Workshop de P\u00f3s-Gradua\u00e7\u00e3o\u00a0<\/a>\n\t\t\t\t\t<\/div>\n\t\t\t\t\t<div id=\"elementor-tab-content-2217\" class=\"elementor-tab-content elementor-clearfix\" data-tab=\"7\" role=\"region\" aria-labelledby=\"elementor-tab-title-2217\"><p><strong>Sess\u00e3o de Apresenta\u00e7\u00e3o \u2013 Finalistas Pr\u00eamio ABEPRO (Categoria: Artigos Workshop de P\u00f3s-Gradua\u00e7\u00e3o)<\/strong><\/p><p>Data: 16\/10 17:00 \u00e0s 18:30 &#8211; <strong>Bloco I &#8211; Sala 1<\/strong><\/p><p>______________________________________________________________________________<\/p><p><strong>An\u00e1lise multicrit\u00e9rio das barreiras \u00e0 implementa\u00e7\u00e3o da economia circular na cadeia de suprimentos do setor t\u00eaxtil brasileiro<\/strong><\/p><p>Autores(as): Matheus Soares Brum de Mello, Fernanda Losso Bacllar, Mario Vinicio Garcia, Marina Bouzon, Diego de Castro Fettermann<\/p><p>Institui\u00e7\u00e3o: UFSC e UEM<\/p><p><strong>Roadmap para a descarboniza\u00e7\u00e3o: estrat\u00e9gias sustent\u00e1veis com o green vsm na manufatura automotiva<\/strong><\/p><p>Autores(as): Kamila Ioce Silva Porto, Rosinei Batista Ribeiro, Alexandre Formigoni, Herlandi de Souza Andrade, Isnaldi R. Souza Filho<\/p><p>Intitui\u00e7\u00e3o: CEETEPS, USP-Lorena e Universit\u00e9 de Lorraine<\/p><p><strong>Aplica\u00e7\u00e3o de stacking ensemble na previs\u00e3o da velocidade do vento ao longo das esta\u00e7\u00f5es em Macau, Rio Grande do Norte<br \/><\/strong>Autores(as): Jhonnata Novaes Pires, Vinicius Bortolini, Matheus Henrique Dal Molin Ribeiro, \u00c9rick Oliveira Rodrigues e <br \/>Gilson Adamczuk Oliveira<\/p><p>Institui\u00e7\u00e3o: UTFPR<\/p><\/div>\n\t\t\t\t<\/div>\n\t\t\t\t\t\t\t\t<\/div>\n\t\t\t\t\t\t<\/div>\n\t\t\t\t<\/div>\n\t\t\t\t<div class=\"elementor-element elementor-element-c41ebdb elementor-widget-divider--view-line elementor-widget elementor-widget-divider\" data-id=\"c41ebdb\" data-element_type=\"widget\" data-widget_type=\"divider.default\">\n\t\t\t\t<div class=\"elementor-widget-container\">\n\t\t\t\t\t\t\t<div class=\"elementor-divider\">\n\t\t\t<span class=\"elementor-divider-separator\">\n\t\t\t\t\t\t<\/span>\n\t\t<\/div>\n\t\t\t\t\t\t<\/div>\n\t\t\t\t<\/div>\n\t\t\t\t<div class=\"elementor-element elementor-element-e7e5ed8 elementor-widget elementor-widget-heading\" data-id=\"e7e5ed8\" data-element_type=\"widget\" data-widget_type=\"heading.default\">\n\t\t\t\t<div class=\"elementor-widget-container\">\n\t\t\t\t\t<h3 class=\"elementor-heading-title elementor-size-default\"><b>1. Objetivo<\/b><\/h3>\t\t\t\t<\/div>\n\t\t\t\t<\/div>\n\t\t\t\t<div class=\"elementor-element elementor-element-f7ed0f6 elementor-widget elementor-widget-text-editor\" data-id=\"f7ed0f6\" data-element_type=\"widget\" data-widget_type=\"text-editor.default\">\n\t\t\t\t<div class=\"elementor-widget-container\">\n\t\t\t\t\t\t\t\t\t<p>Fornecer o reconhecimento institucional da ABEPRO ao melhor trabalho de estudantes de gradua\u00e7\u00e3o e p\u00f3s-gradua\u00e7\u00e3o nas modalidades:<br>1.1 Trabalho de Conclus\u00e3o de Curso (Pr\u00eamio Luiz Antonio Meirelles): Gradua\u00e7\u00e3o;<br>1.2 Disserta\u00e7\u00e3o de Mestrado Acad\u00eamico;<br>1.3 Disserta\u00e7\u00e3o Mestrado Profissional;<br>1.4 Tese Doutorado (Acad\u00eamico ou Profissional);<br>1.5&nbsp; Submiss\u00f5es ENEGEP \u2013 3 pr\u00eamios:<br>&nbsp; &nbsp; &nbsp; &nbsp; 1.5.1&nbsp; Artigo de Sess\u00f5es Tem\u00e1ticas<br>&nbsp; &nbsp; &nbsp; &nbsp; 1.5.2&nbsp; Artigo de Caso Empresarial<br>&nbsp; &nbsp; &nbsp; &nbsp; 1.5.3&nbsp; Artigo do Workshop de P\u00f3s-Gradua\u00e7\u00e3o&nbsp;<\/p>\t\t\t\t\t\t\t\t<\/div>\n\t\t\t\t<\/div>\n\t\t\t\t<div class=\"elementor-element elementor-element-a4fe1f8 elementor-widget elementor-widget-heading\" data-id=\"a4fe1f8\" data-element_type=\"widget\" data-widget_type=\"heading.default\">\n\t\t\t\t<div class=\"elementor-widget-container\">\n\t\t\t\t\t<h3 class=\"elementor-heading-title elementor-size-default\"><b>2. Propostas Eleg\u00edveis<\/b><\/h3>\t\t\t\t<\/div>\n\t\t\t\t<\/div>\n\t\t\t\t<div class=\"elementor-element elementor-element-9a0b710 elementor-widget elementor-widget-heading\" data-id=\"9a0b710\" data-element_type=\"widget\" data-widget_type=\"heading.default\">\n\t\t\t\t<div class=\"elementor-widget-container\">\n\t\t\t\t\t<h4 class=\"elementor-heading-title elementor-size-default\"><b>2.1 Trabalhos de Conclus\u00e3o de Curso, Disserta\u00e7\u00f5es e Teses<\/b><\/h4>\t\t\t\t<\/div>\n\t\t\t\t<\/div>\n\t\t\t\t<div class=\"elementor-element elementor-element-901e3b1 elementor-widget elementor-widget-text-editor\" data-id=\"901e3b1\" data-element_type=\"widget\" data-widget_type=\"text-editor.default\">\n\t\t\t\t<div class=\"elementor-widget-container\">\n\t\t\t\t\t\t\t\t\t<p>S\u00e3o consideradas eleg\u00edveis as indica\u00e7\u00f5es que possuam as seguintes caracter\u00edsticas:<\/p><ul><li>Trabalhos conclu\u00eddos nos anos de 2024 ou 2025 (primeiro semestre);<\/li><li>Representem o Curso de Gradua\u00e7\u00e3o ou P\u00f3s-Gradua\u00e7\u00e3o da institui\u00e7\u00e3o, participando com apenas um trabalho em cada categoria. A coordena\u00e7\u00e3o do curso dever\u00e1 encaminhar uma carta \u00e0 ABEPRO afirmando que aquele trabalho \u00e9 representante do curso para a Premia\u00e7\u00e3o ABEPRO naquela categoria. Os procedimentos de escolha dos trabalhos a serem indicados por cada curso s\u00e3o da responsabilidade de cada coordena\u00e7\u00e3o de curso e da institui\u00e7\u00e3o de Ensino;<\/li><li>A institui\u00e7\u00e3o ou o orientador deve ser associado \u00e0 ABEPRO, com sua anuidade referente ao ano de 2025 integralmente quitada at\u00e9 a data da submiss\u00e3o;<\/li><li>Os tr\u00eas finalistas de cada categoria dever\u00e3o se inscrever no ENEGEP 2025 e apresentar presencialmente, uma vers\u00e3o resumida em uma sess\u00e3o especial organizada e informada pela comiss\u00e3o do evento. A apresenta\u00e7\u00e3o ser\u00e1 realizada exclusivamente durante a sess\u00e3o especial, sem a necessidade de agendamento pr\u00e9vio pelo sistema da ABEPRO;<\/li><li>Comprovem a conclus\u00e3o por meio de documento expedido pelo departamento respons\u00e1vel pela Institui\u00e7\u00e3o de Ensino quando indicados aos Pr\u00eamios de melhor Trabalho de Conclus\u00e3o de Curso, melhor disserta\u00e7\u00e3o de Mestrado e melhor Tese de Doutorado;<\/li><li>Forem enviadas no prazo previsto por este Edital com a documenta\u00e7\u00e3o solicitada.<\/li><\/ul>\t\t\t\t\t\t\t\t<\/div>\n\t\t\t\t<\/div>\n\t\t\t\t<div class=\"elementor-element elementor-element-234e615 elementor-widget elementor-widget-heading\" data-id=\"234e615\" data-element_type=\"widget\" data-widget_type=\"heading.default\">\n\t\t\t\t<div class=\"elementor-widget-container\">\n\t\t\t\t\t<h4 class=\"elementor-heading-title elementor-size-default\"><b>2.2 Submiss\u00f5es do ENEGEP 2025<\/b><\/h4>\t\t\t\t<\/div>\n\t\t\t\t<\/div>\n\t\t\t\t<div class=\"elementor-element elementor-element-bbd9c81 elementor-widget elementor-widget-text-editor\" data-id=\"bbd9c81\" data-element_type=\"widget\" data-widget_type=\"text-editor.default\">\n\t\t\t\t<div class=\"elementor-widget-container\">\n\t\t\t\t\t\t\t\t\t<p>Nesta categoria, ser\u00e3o premiados o artigo de sess\u00e3o tem\u00e1tica, o caso empresarial e o artigo de p\u00f3s-gradua\u00e7\u00e3o que receberem a maior m\u00e9dia no processo de avalia\u00e7\u00e3o e que forem apresentados no evento.<\/p>\t\t\t\t\t\t\t\t<\/div>\n\t\t\t\t<\/div>\n\t\t\t\t<div class=\"elementor-element elementor-element-407b7aa elementor-widget elementor-widget-heading\" data-id=\"407b7aa\" data-element_type=\"widget\" data-widget_type=\"heading.default\">\n\t\t\t\t<div class=\"elementor-widget-container\">\n\t\t\t\t\t<h3 class=\"elementor-heading-title elementor-size-default\"><b>3. Propostas <\/b><\/h3>\t\t\t\t<\/div>\n\t\t\t\t<\/div>\n\t\t\t\t<div class=\"elementor-element elementor-element-03710d2 elementor-widget elementor-widget-text-editor\" data-id=\"03710d2\" data-element_type=\"widget\" data-widget_type=\"text-editor.default\">\n\t\t\t\t<div class=\"elementor-widget-container\">\n\t\t\t\t\t\t\t\t\t<p>3.1 Os trabalhos devem ser enviados na vers\u00e3o em que foram publicados, em formato .pdf;<\/p><p>3.2 As propostas devem ser enviadas via formul\u00e1rio espec\u00edfico, dispon\u00edvel em &#8211; <a href=\"https:\/\/forms.gle\/sNLuCrQvptULG1wi7\" target=\"_blank\" rel=\"noopener\"><strong>clique aqui<\/strong><\/a>.<\/p><p>3.3 No caso do envio da indica\u00e7\u00e3o para mais de uma modalidade, a institui\u00e7\u00e3o de ensino dever\u00e1 preencher cada indica\u00e7\u00e3o separadamente.<\/p>\t\t\t\t\t\t\t\t<\/div>\n\t\t\t\t<\/div>\n\t\t\t\t<div class=\"elementor-element elementor-element-17e2370 elementor-widget elementor-widget-heading\" data-id=\"17e2370\" data-element_type=\"widget\" data-widget_type=\"heading.default\">\n\t\t\t\t<div class=\"elementor-widget-container\">\n\t\t\t\t\t<h3 class=\"elementor-heading-title elementor-size-default\"><b>4. Da Premia\u00e7\u00e3o <\/b><\/h3>\t\t\t\t<\/div>\n\t\t\t\t<\/div>\n\t\t\t\t<div class=\"elementor-element elementor-element-c97fabf elementor-widget elementor-widget-text-editor\" data-id=\"c97fabf\" data-element_type=\"widget\" data-widget_type=\"text-editor.default\">\n\t\t\t\t<div class=\"elementor-widget-container\">\n\t\t\t\t\t\t\t\t\t<p>4.1 Ser\u00e1 anunciado na Sess\u00e3o de Premia\u00e7\u00e3o e Encerramento no ENEGEP o(a) ganhador(a) de cada modalidade e concedido um trof\u00e9u e certificado;<\/p><p>4.2 O primeiro colocado de cada modalidade ter\u00e1 seu trabalho divulgado no site da Associa\u00e7\u00e3o Brasileira de Engenharia de Produ\u00e7\u00e3o;<\/p><p>4.3 A crit\u00e9rio do Comit\u00ea de Avalia\u00e7\u00e3o, poder\u00e3o ser concedidas men\u00e7\u00f5es honrosas aos tr\u00eas finalistas em cada categoria, contanto que os trabalhos sejam apresentados presencialmente na sess\u00e3o especial a ser realizada no ENEGEP 2025;<\/p><p>4.4 O Comit\u00ea de Avalia\u00e7\u00e3o pode decidir por n\u00e3o premiar nenhum trabalho em alguma das modalidades ou em todas elas.<\/p>\t\t\t\t\t\t\t\t<\/div>\n\t\t\t\t<\/div>\n\t\t\t\t<div class=\"elementor-element elementor-element-63ad8a7 elementor-widget elementor-widget-heading\" data-id=\"63ad8a7\" data-element_type=\"widget\" data-widget_type=\"heading.default\">\n\t\t\t\t<div class=\"elementor-widget-container\">\n\t\t\t\t\t<h3 class=\"elementor-heading-title elementor-size-default\"><b>5. Sele\u00e7\u00e3o e Julgamento <\/b><\/h3>\t\t\t\t<\/div>\n\t\t\t\t<\/div>\n\t\t\t\t<div class=\"elementor-element elementor-element-ed85fb9 elementor-widget elementor-widget-text-editor\" data-id=\"ed85fb9\" data-element_type=\"widget\" data-widget_type=\"text-editor.default\">\n\t\t\t\t<div class=\"elementor-widget-container\">\n\t\t\t\t\t\t\t\t\t<p>As propostas ser\u00e3o analisadas em tr\u00eas etapas:<\/p><p>5.1 Enquadramento: verifica se as propostas atendem aos termos do presente edital. Esta etapa \u00e9 eliminat\u00f3ria.<\/p><p>5.2 M\u00e9rito: o Comit\u00ea de Avalia\u00e7\u00e3o ser\u00e1 composto por avaliadores, os quais dever\u00e3o ser Professores Doutores de cursos de Gradua\u00e7\u00e3o e\/ou P\u00f3s-Gradua\u00e7\u00e3o. A sele\u00e7\u00e3o deste comit\u00ea \u00e9 de responsabilidade do Diretor Cient\u00edfico da ABEPRO que nomeia seu Presidente, seguindo o crit\u00e9rio de not\u00f3ria contribui\u00e7\u00e3o \u00e0 Engenharia de Produ\u00e7\u00e3o, respeitando o calend\u00e1rio que consta neste edital. Esse comit\u00ea avaliar\u00e1 cada uma das propostas com base no Formul\u00e1rio de Avalia\u00e7\u00e3o (Anexo I), de forma an\u00f4nima. Ser\u00e1 feita uma avalia\u00e7\u00e3o quantitativa, a qual originar\u00e1 uma m\u00e9dia, e uma avalia\u00e7\u00e3o qualitativa, a qual originar\u00e1 um conceito, variando entre A (fortemente indicado) at\u00e9 D (rejeitar). Ao Presidente da Comiss\u00e3o cabe o voto de Minerva, em caso de empate.<\/p><p>5.3 Homologa\u00e7\u00e3o: os trabalhos recomendados na etapa anterior ser\u00e3o homologados pelo Diretor Cient\u00edfico da ABEPRO.<\/p>\t\t\t\t\t\t\t\t<\/div>\n\t\t\t\t<\/div>\n\t\t\t\t<div class=\"elementor-element elementor-element-129ce92 elementor-widget elementor-widget-heading\" data-id=\"129ce92\" data-element_type=\"widget\" data-widget_type=\"heading.default\">\n\t\t\t\t<div class=\"elementor-widget-container\">\n\t\t\t\t\t<h3 class=\"elementor-heading-title elementor-size-default\"><b>6. Dos Crit\u00e9rios<\/b><\/h3>\t\t\t\t<\/div>\n\t\t\t\t<\/div>\n\t\t\t\t<div class=\"elementor-element elementor-element-d96a303 elementor-widget elementor-widget-text-editor\" data-id=\"d96a303\" data-element_type=\"widget\" data-widget_type=\"text-editor.default\">\n\t\t\t\t<div class=\"elementor-widget-container\">\n\t\t\t\t\t\t\t\t\t<p>Os crit\u00e9rios aplicados na avalia\u00e7\u00e3o dos trabalhos s\u00e3o:<\/p><p>6.1 Qualidade t\u00e9cnica: originalidade; contribui\u00e7\u00e3o; relev\u00e2ncia; estrutura; reda\u00e7\u00e3o\/apresenta\u00e7\u00e3o;<\/p><p>6.2 Adequa\u00e7\u00e3o: t\u00edtulo; resumo; m\u00e9todo de pesquisa; resultados; an\u00e1lises\/conclus\u00f5es; cita\u00e7\u00f5es\/refer\u00eancias.<\/p>\t\t\t\t\t\t\t\t<\/div>\n\t\t\t\t<\/div>\n\t\t\t\t<div class=\"elementor-element elementor-element-8490872 elementor-widget elementor-widget-heading\" data-id=\"8490872\" data-element_type=\"widget\" data-widget_type=\"heading.default\">\n\t\t\t\t<div class=\"elementor-widget-container\">\n\t\t\t\t\t<h3 class=\"elementor-heading-title elementor-size-default\"><b>7. Divulga\u00e7\u00e3o dos Resultados<\/b><\/h3>\t\t\t\t<\/div>\n\t\t\t\t<\/div>\n\t\t\t\t<div class=\"elementor-element elementor-element-8ddce25 elementor-widget elementor-widget-text-editor\" data-id=\"8ddce25\" data-element_type=\"widget\" data-widget_type=\"text-editor.default\">\n\t\t\t\t<div class=\"elementor-widget-container\">\n\t\t\t\t\t\t\t\t\t<p>7.1 O resultado ser\u00e1 divulgado e publicado no site da ABEPRO, ap\u00f3s realiza\u00e7\u00e3o da Sess\u00e3o de Premia\u00e7\u00e3o no ENEGEP 2025;<\/p><p>7.2 Eventuais recursos poder\u00e3o ser interpostos junto ao Diretor Cient\u00edfico da ABEPRO no prazo de at\u00e9 cinco dias \u00fateis ap\u00f3s a publica\u00e7\u00e3o do resultado.<\/p>\t\t\t\t\t\t\t\t<\/div>\n\t\t\t\t<\/div>\n\t\t\t\t<div class=\"elementor-element elementor-element-5ebc09a elementor-widget elementor-widget-heading\" data-id=\"5ebc09a\" data-element_type=\"widget\" data-widget_type=\"heading.default\">\n\t\t\t\t<div class=\"elementor-widget-container\">\n\t\t\t\t\t<h3 class=\"elementor-heading-title elementor-size-default\"><b>8. Orienta\u00e7\u00f5es Gerais<\/b><\/h3>\t\t\t\t<\/div>\n\t\t\t\t<\/div>\n\t\t\t\t<div class=\"elementor-element elementor-element-78d196f elementor-widget elementor-widget-text-editor\" data-id=\"78d196f\" data-element_type=\"widget\" data-widget_type=\"text-editor.default\">\n\t\t\t\t<div class=\"elementor-widget-container\">\n\t\t\t\t\t\t\t\t\t<p>8.1 Este Edital se submete, no que couber, aos dispositivos legais e regulamentares vigentes, bem como a regulamenta\u00e7\u00f5es e normas da ABEPRO;<\/p><p>8.2 Os casos omissos ser\u00e3o analisados e deliberados pela Diretoria Executiva da ABEPRO;<\/p><p>8.3 A aus\u00eancia de quaisquer documentos e informa\u00e7\u00f5es exigidas pela ABEPRO, bem como o preenchimento incorreto dos dados solicitados, implicar\u00e1 na desqualifica\u00e7\u00e3o da indica\u00e7\u00e3o;<\/p><p>8.4 O nome dos pr\u00eamios, tais como premia\u00e7\u00f5es a serem entregues podem variar de acordo com parcerias de empresas patrocinadoras do ENEGEP 2025 que possam vir a surgir, at\u00e9 a presente data a empresa Lean Way Consulting j\u00e1 est\u00e1 confirmada.<\/p><p>8.5 Informa\u00e7\u00f5es complementares poder\u00e3o ser obtidas por meio de e-mail \u00e0 secretaria da ABEPRO.<\/p>\t\t\t\t\t\t\t\t<\/div>\n\t\t\t\t<\/div>\n\t\t\t\t<div class=\"elementor-element elementor-element-68bf070 elementor-widget elementor-widget-heading\" data-id=\"68bf070\" data-element_type=\"widget\" data-widget_type=\"heading.default\">\n\t\t\t\t<div class=\"elementor-widget-container\">\n\t\t\t\t\t<h3 class=\"elementor-heading-title elementor-size-default\"><b>9. Calend\u00e1rio<\/b><\/h3>\t\t\t\t<\/div>\n\t\t\t\t<\/div>\n\t\t\t\t<div class=\"elementor-element elementor-element-8df9eb7 elementor-widget elementor-widget-text-editor\" data-id=\"8df9eb7\" data-element_type=\"widget\" data-widget_type=\"text-editor.default\">\n\t\t\t\t<div class=\"elementor-widget-container\">\n\t\t\t\t\t\t\t\t\t<table width=\"396\"><tbody><tr><td width=\"163\"><p><strong>Data<\/strong><\/p><\/td><td width=\"233\"><p><strong>Descri\u00e7\u00e3o<\/strong><\/p><\/td><\/tr><tr><td width=\"163\"><p>05 de julho de 2025<\/p><\/td><td width=\"233\"><p>Encerramento do prazo de envio de indica\u00e7\u00f5es<\/p><\/td><\/tr><tr><td width=\"163\"><p>08 de julho de 2025<\/p><\/td><td width=\"233\"><p>An\u00e1lise documental e encaminhamento das propostas aos avaliadores<\/p><\/td><\/tr><tr><td width=\"163\"><p>20 de agosto de 2025\u00a0<\/p><\/td><td width=\"233\"><p>Divulga\u00e7\u00e3o dos resultados preliminares e das sess\u00f5es de apresenta\u00e7\u00e3o a serem realizadas no ENEGEP 2025.\u00a0<\/p><\/td><\/tr><\/tbody><\/table>\t\t\t\t\t\t\t\t<\/div>\n\t\t\t\t<\/div>\n\t\t\t\t<div class=\"elementor-element elementor-element-c94e6a1 elementor-widget elementor-widget-heading\" data-id=\"c94e6a1\" data-element_type=\"widget\" data-widget_type=\"heading.default\">\n\t\t\t\t<div class=\"elementor-widget-container\">\n\t\t\t\t\t<h3 class=\"elementor-heading-title elementor-size-default\"><b>10. Disposi\u00e7\u00f5es Gerais<\/b><\/h3>\t\t\t\t<\/div>\n\t\t\t\t<\/div>\n\t\t\t\t<div class=\"elementor-element elementor-element-72935e4 elementor-widget elementor-widget-text-editor\" data-id=\"72935e4\" data-element_type=\"widget\" data-widget_type=\"text-editor.default\">\n\t\t\t\t<div class=\"elementor-widget-container\">\n\t\t\t\t\t\t\t\t\t<p>10.1 Os resultados dos recursos, previstos no subitem 7.2, ser\u00e3o comunicados por escrito aos recorrentes;<\/p><p>10.2 A exist\u00eancia de eventuais recursos impedir\u00e1 o andamento normal de todas as demais a\u00e7\u00f5es e procedimentos previstos para este Edital;<\/p><p>10.3 A qualquer tempo, o presente Edital poder\u00e1 ser revogado ou anulado, no todo ou em parte, seja por decis\u00e3o unilateral da ABEPRO, seja por motivo de interesse da comunidade de Engenharia de Produ\u00e7\u00e3o ou exig\u00eancia legal, sem que isso implique direito \u00e0 indeniza\u00e7\u00e3o ou reclama\u00e7\u00e3o de qualquer natureza.<\/p><p>Rio de Janeiro, 17 de mar\u00e7o de 2025.<\/p><table width=\"100%\"><tbody><tr><td><p><b>Rafael Garcia Barbastefano<\/b><br \/>Diretor Cient\u00edfico<\/p><\/td><\/tr><\/tbody><\/table><table width=\"100%\"><tbody><tr><td><p><strong>Antonio Cezar Bornia<\/strong><\/p><p>Presidente<\/p><\/td><\/tr><\/tbody><\/table>\t\t\t\t\t\t\t\t<\/div>\n\t\t\t\t<\/div>\n\t\t\t\t\t<\/div>\n\t\t<\/div>\n\t\t\t\t\t<\/div>\n\t\t<\/section>\n\t\t\t\t<\/div>\n\t\t","protected":false},"excerpt":{"rendered":"<p>Edital Pr\u00eamio ABEPRO Lean Way A Associa\u00e7\u00e3o Brasileira de Engenharia de Produ\u00e7\u00e3o &#8211; ABEPRO, com base em decis\u00e3o tomada pela comiss\u00e3o organizadora do XLV Encontro Nacional de Engenharia de Produ\u00e7\u00e3o &#8211; ENEGEP 2025, torna p\u00fablico o presente Edital e convida as Institui\u00e7\u00f5es de Ensino associadas \u00e0 ABEPRO a apresentarem indica\u00e7\u00f5es para premia\u00e7\u00e3o de trabalhos cient\u00edficos, [&hellip;]<\/p>\n","protected":false},"author":1,"featured_media":0,"parent":0,"menu_order":0,"comment_status":"closed","ping_status":"closed","template":"","meta":{"footnotes":""},"class_list":["post-3922","page","type-page","status-publish","hentry"],"_links":{"self":[{"href":"https:\/\/portal.abepro.org.br\/enegep\/2025\/wp-json\/wp\/v2\/pages\/3922","targetHints":{"allow":["GET"]}}],"collection":[{"href":"https:\/\/portal.abepro.org.br\/enegep\/2025\/wp-json\/wp\/v2\/pages"}],"about":[{"href":"https:\/\/portal.abepro.org.br\/enegep\/2025\/wp-json\/wp\/v2\/types\/page"}],"author":[{"embeddable":true,"href":"https:\/\/portal.abepro.org.br\/enegep\/2025\/wp-json\/wp\/v2\/users\/1"}],"replies":[{"embeddable":true,"href":"https:\/\/portal.abepro.org.br\/enegep\/2025\/wp-json\/wp\/v2\/comments?post=3922"}],"version-history":[{"count":69,"href":"https:\/\/portal.abepro.org.br\/enegep\/2025\/wp-json\/wp\/v2\/pages\/3922\/revisions"}],"predecessor-version":[{"id":6260,"href":"https:\/\/portal.abepro.org.br\/enegep\/2025\/wp-json\/wp\/v2\/pages\/3922\/revisions\/6260"}],"wp:attachment":[{"href":"https:\/\/portal.abepro.org.br\/enegep\/2025\/wp-json\/wp\/v2\/media?parent=3922"}],"curies":[{"name":"wp","href":"https:\/\/api.w.org\/{rel}","templated":true}]}}