{"id":397,"date":"2019-01-26T21:44:52","date_gmt":"2019-01-26T23:44:52","guid":{"rendered":"https:\/\/portal.abepro.org.br\/enegep\/2025\/?page_id=397"},"modified":"2025-08-14T19:23:44","modified_gmt":"2025-08-14T22:23:44","slug":"inscricoes","status":"publish","type":"page","link":"https:\/\/portal.abepro.org.br\/enegep\/2025\/inscricoes\/","title":{"rendered":"Inscri\u00e7\u00f5es"},"content":{"rendered":"\t\t<div data-elementor-type=\"wp-post\" data-elementor-id=\"397\" class=\"elementor elementor-397\" data-elementor-post-type=\"page\">\n\t\t\t\t\t\t<section class=\"elementor-section elementor-top-section elementor-element elementor-element-1b6b8053 elementor-section-boxed elementor-section-height-default elementor-section-height-default\" data-id=\"1b6b8053\" data-element_type=\"section\">\n\t\t\t\t\t\t<div class=\"elementor-container elementor-column-gap-default\">\n\t\t\t\t\t<div class=\"elementor-column elementor-col-50 elementor-top-column elementor-element elementor-element-dff10ab\" data-id=\"dff10ab\" data-element_type=\"column\">\n\t\t\t<div class=\"elementor-widget-wrap elementor-element-populated\">\n\t\t\t\t\t\t<div class=\"elementor-element elementor-element-91d82b7 elementor-widget elementor-widget-heading\" data-id=\"91d82b7\" data-element_type=\"widget\" data-widget_type=\"heading.default\">\n\t\t\t\t<div class=\"elementor-widget-container\">\n\t\t\t\t\t<h1 class=\"elementor-heading-title elementor-size-default\">INSCRI\u00c7\u00d5ES<\/h1>\t\t\t\t<\/div>\n\t\t\t\t<\/div>\n\t\t\t\t<div class=\"elementor-element elementor-element-201764b elementor-widget-divider--view-line elementor-widget elementor-widget-divider\" data-id=\"201764b\" data-element_type=\"widget\" data-widget_type=\"divider.default\">\n\t\t\t\t<div class=\"elementor-widget-container\">\n\t\t\t\t\t\t\t<div class=\"elementor-divider\">\n\t\t\t<span class=\"elementor-divider-separator\">\n\t\t\t\t\t\t<\/span>\n\t\t<\/div>\n\t\t\t\t\t\t<\/div>\n\t\t\t\t<\/div>\n\t\t\t\t<div class=\"elementor-element elementor-element-52e6a23 elementor-widget elementor-widget-text-editor\" data-id=\"52e6a23\" data-element_type=\"widget\" data-widget_type=\"text-editor.default\">\n\t\t\t\t<div class=\"elementor-widget-container\">\n\t\t\t\t\t\t\t\t\t<p>A inscri\u00e7\u00e3o \u00e9 realizada por meio do seu acesso restrito no sistema da ABEPRO\/ENEGEP. Fa\u00e7a login pela p\u00e1gina ou\u00a0<a href=\"https:\/\/abepro.org.br\/novo_sgai\/\" target=\"_blank\" rel=\"noopener\">clique aqui.<\/a><\/p><p>No site da ABEPRO, entre com seu login e senha. No menu \u00e0 esquerda, clique em ENEGEP 2025 &#8211; Fa\u00e7a sua Inscri\u00e7\u00e3o. Selecione a forma de pagamento (Boleto Banc\u00e1rio, Cart\u00e3o de Cr\u00e9dito ou Empenho) e a fatura ser\u00e1 gerada na tela, assim como enviada via e-mail. Confira abaixo os valores e categorias de inscri\u00e7\u00e3o:<\/p>\t\t\t\t\t\t\t\t<\/div>\n\t\t\t\t<\/div>\n\t\t\t\t<div class=\"elementor-element elementor-element-514e6f0 elementor-widget elementor-widget-heading\" data-id=\"514e6f0\" data-element_type=\"widget\" data-widget_type=\"heading.default\">\n\t\t\t\t<div class=\"elementor-widget-container\">\n\t\t\t\t\t<h2 class=\"elementor-heading-title elementor-size-default\">Valores de inscri\u00e7\u00e3o<\/h2>\t\t\t\t<\/div>\n\t\t\t\t<\/div>\n\t\t\t\t<section class=\"elementor-section elementor-inner-section elementor-element elementor-element-3f492b8 elementor-section-boxed elementor-section-height-default elementor-section-height-default\" data-id=\"3f492b8\" data-element_type=\"section\">\n\t\t\t\t\t\t<div class=\"elementor-container elementor-column-gap-default\">\n\t\t\t\t\t<div class=\"elementor-column elementor-col-100 elementor-inner-column elementor-element elementor-element-811b760\" data-id=\"811b760\" data-element_type=\"column\">\n\t\t\t<div class=\"elementor-widget-wrap elementor-element-populated\">\n\t\t\t\t\t\t<div class=\"elementor-element elementor-element-d0d91e5 elementor-widget elementor-widget-text-editor\" data-id=\"d0d91e5\" data-element_type=\"widget\" data-widget_type=\"text-editor.default\">\n\t\t\t\t<div class=\"elementor-widget-container\">\n\t\t\t\t\t\t\t\t\t<p align=\"justify\">O Encontro Nacional de Engenharia de Produ\u00e7\u00e3o (ENEGEP) \u00e9 o maior evento nacional da \u00e1rea de Engenharia de Produ\u00e7\u00e3o organizado pela Associa\u00e7\u00e3o Brasileira de Engenharia de Produ\u00e7\u00e3o (ABEPRO) e j\u00e1 est\u00e1 na 45\u00aa edi\u00e7\u00e3o.<\/p><p align=\"justify\">Re\u00fane a comunidade acad\u00eamica, pesquisadores, professores e estudantes, empres\u00e1rios, consultores, engenheiros, administradores e demais profissionais atuantes na Engenharia de Produ\u00e7\u00e3o. Constitui-se em um dos principais divulgadores da produ\u00e7\u00e3o t\u00e9cnica e cient\u00edfica da \u00e1rea e se consolidou como f\u00f3rum de discuss\u00e3o de quest\u00f5es pertinentes \u00e0 Engenharia de Produ\u00e7\u00e3o no \u00e2mbito nacional, al\u00e9m de promover a integra\u00e7\u00e3o\/interc\u00e2mbio do conhecimento acad\u00eamico com o setor produtivo.<\/p>\t\t\t\t\t\t\t\t<\/div>\n\t\t\t\t<\/div>\n\t\t\t\t<div class=\"elementor-element elementor-element-82091eb elementor-widget elementor-widget-text-editor\" data-id=\"82091eb\" data-element_type=\"widget\" data-widget_type=\"text-editor.default\">\n\t\t\t\t<div class=\"elementor-widget-container\">\n\t\t\t\t\t\t\t\t\t<table width=\"522\">\n<tbody>\n<tr>\n<td style=\"text-align: center;\" width=\"183\"><strong>Graduando<\/strong><\/td>\n<td style=\"text-align: center;\" width=\"74\"><strong>Pr\u00e9 Lote<\/strong>\n<strong>At\u00e9 20\/05\u00a0<\/strong><\/td>\n<td style=\"text-align: center;\" width=\"74\"><strong>1\u00ba Lote<\/strong>\n<strong>At\u00e9 31\/08<\/strong><\/td>\n<td style=\"text-align: center;\" width=\"85\"><strong>2\u00ba Lote<\/strong>\n<strong>At\u00e9 10\/10<\/strong><\/td>\n<td style=\"text-align: center;\" width=\"106\"><strong>Inscri\u00e7\u00e3o no local<\/strong><\/td>\n<\/tr>\n<tr>\n<td>Associado(a) ABEPRO<\/td>\n<td>\u00a0\u00a0R$\u00a0\u00a0 220,00<\/td>\n<td>\u00a0R$\u00a0\u00a0 247,00<\/td>\n<td>\u00a0R$\u00a0\u00a0\u00a0\u00a0\u00a0 275,00<\/td>\n<td>\u00a0R$\u00a0 \u00a0 \u00a0 325,00<\/td>\n<\/tr>\n<tr>\n<td>Associado(a) Especial ABEPRO<\/td>\n<td>\u00a0\u00a0R$\u00a0\u00a0 264,00<\/td>\n<td>\u00a0R$\u00a0\u00a0 297,00<\/td>\n<td>\u00a0R$\u00a0\u00a0\u00a0\u00a0\u00a0 330,00<\/td>\n<td>\u00a0R$\u00a0 \u00a0 \u00a0 380,00<\/td>\n<\/tr>\n<tr>\n<td>Associado(a) Estudante de Ensino T\u00e9cnico<\/td>\n<td>R$\u00a0 \u00a0220,00<\/td>\n<td>\u00a0R$\u00a0 \u00a0247,00<\/td>\n<td>\u00a0R$\u00a0 \u00a0 \u00a0 275,00<\/td>\n<td>\u00a0R$\u00a0 \u00a0 \u00a0 325,00<\/td>\n<\/tr>\n<tr>\n<td>N\u00e3o associado(a) Estudante de Ensino T\u00e9cnico<\/td>\n<td>R$\u00a0 \u00a0 440,00<\/td>\n<td>\u00a0R$\u00a0 \u00a0495,00<\/td>\n<td>\u00a0R$\u00a0 \u00a0 \u00a0 550,00<\/td>\n<td>\u00a0R$\u00a0 \u00a0 \u00a0 600,00<\/td>\n<\/tr>\n<tr>\n<td>N\u00e3o associado(a)<\/td>\n<td>\u00a0\u00a0R$\u00a0 \u00a0440,00<\/td>\n<td>\u00a0R$\u00a0\u00a0 495,00<\/td>\n<td>\u00a0R$\u00a0\u00a0\u00a0\u00a0\u00a0 550,00<\/td>\n<td>\u00a0R$\u00a0 \u00a0 \u00a0 600,00<\/td>\n<\/tr>\n<tr>\n<td><\/td>\n<td><\/td>\n<td><\/td>\n<td><\/td>\n<td><\/td>\n<\/tr>\n<tr>\n<td style=\"text-align: center;\"><strong>Graduado<\/strong><\/td>\n<td style=\"text-align: center;\">\u00a0<strong>Pr\u00e9 Lote<\/strong>\n<strong>At\u00e9 20\/05\u00a0<\/strong><\/td>\n<td style=\"text-align: center;\"><strong>1\u00ba Lote<\/strong>\n<strong>At\u00e9 31\/08<\/strong><\/td>\n<td style=\"text-align: center;\"><strong>2\u00ba Lote<\/strong>\n<strong>At\u00e9 10\/10<\/strong><\/td>\n<td style=\"text-align: center;\"><strong>Inscri\u00e7\u00e3o no local<\/strong><\/td>\n<\/tr>\n<tr>\n<td>Associado(a) ABEPRO<\/td>\n<td>\u00a0R$ 440,00<\/td>\n<td>\u00a0R$\u00a0\u00a0 495,00<\/td>\n<td>\u00a0R$\u00a0\u00a0\u00a0\u00a0\u00a0 550,00<\/td>\n<td>\u00a0R$\u00a0 \u00a0 \u00a0 \u00a0 \u00a0 \u00a0 \u00a0600,00<\/td>\n<\/tr>\n<tr>\n<td>Associado(a) Especial ABEPRO<\/td>\n<td>R$ 528,00<\/td>\n<td>\u00a0R$\u00a0\u00a0 594,00<\/td>\n<td>\u00a0R$\u00a0\u00a0\u00a0\u00a0\u00a0 660,00<\/td>\n<td>\u00a0R$\u00a0 \u00a0 \u00a0 \u00a0 \u00a0 \u00a0 \u00a0710,00<\/td>\n<\/tr>\n<tr>\n\n<\/tr>\n<tr>\n<td>N\u00e3o associado(a)<\/td>\n<td>\u00a0R$ 880,00<\/td>\n<td>\u00a0R$\u00a0\u00a0 990,00<\/td>\n<td>\u00a0R$\u00a0\u00a0 1.100,00<\/td>\n<td>\u00a0R$\u00a0\u00a0\u00a0\u00a0\u00a0\u00a0\u00a0\u00a0\u00a0 1.150,00<\/td>\n<\/tr>\n<\/tbody>\n<\/table>\n<p data-pm-slice=\"1 1 []\">Desconto adicional cumulativo de 20% para membros do comit\u00ea cient\u00edfico e\/ou estudantes de p\u00f3s-gradua\u00e7\u00e3o (mestrado e doutorado) com artigos aprovados.<\/p>\n<p data-pm-slice=\"1 1 []\">As <strong>inscri\u00e7\u00f5es de acompanhante<\/strong> custam\u00a0<strong>R$ 180<\/strong> e d\u00e3o o direito de participar somente das atividades sociais e sess\u00f5es de apresenta\u00e7\u00e3o de trabalho no evento.<\/p>\t\t\t\t\t\t\t\t<\/div>\n\t\t\t\t<\/div>\n\t\t\t\t<div class=\"elementor-element elementor-element-927ff7d elementor-align-justify elementor-widget elementor-widget-button\" data-id=\"927ff7d\" data-element_type=\"widget\" data-widget_type=\"button.default\">\n\t\t\t\t<div class=\"elementor-widget-container\">\n\t\t\t\t\t\t\t\t\t<div class=\"elementor-button-wrapper\">\n\t\t\t\t\t<a class=\"elementor-button elementor-button-link elementor-size-sm\" href=\"https:\/\/abepro.org.br\/novo_sgai\/index.php\" target=\"_blank\">\n\t\t\t\t\t\t<span class=\"elementor-button-content-wrapper\">\n\t\t\t\t\t\t\t\t\t<span class=\"elementor-button-text\">Inscri\u00e7\u00f5es abertas!<\/span>\n\t\t\t\t\t<\/span>\n\t\t\t\t\t<\/a>\n\t\t\t\t<\/div>\n\t\t\t\t\t\t\t\t<\/div>\n\t\t\t\t<\/div>\n\t\t\t\t\t<\/div>\n\t\t<\/div>\n\t\t\t\t\t<\/div>\n\t\t<\/section>\n\t\t\t\t<div class=\"elementor-element elementor-element-7b7f061 elementor-widget elementor-widget-spacer\" data-id=\"7b7f061\" data-element_type=\"widget\" data-widget_type=\"spacer.default\">\n\t\t\t\t<div class=\"elementor-widget-container\">\n\t\t\t\t\t\t\t<div class=\"elementor-spacer\">\n\t\t\t<div class=\"elementor-spacer-inner\"><\/div>\n\t\t<\/div>\n\t\t\t\t\t\t<\/div>\n\t\t\t\t<\/div>\n\t\t\t\t<div class=\"elementor-element elementor-element-c3f96bd elementor-widget elementor-widget-text-editor\" data-id=\"c3f96bd\" data-element_type=\"widget\" data-widget_type=\"text-editor.default\">\n\t\t\t\t<div class=\"elementor-widget-container\">\n\t\t\t\t\t\t\t\t\t<p><em>Autores com artigo aprovado podem se inscrever at\u00e9 dia 20 de agosto para garantir a publica\u00e7\u00e3o dos trabalhos aprovados.<\/em>\u00a0<\/p>\t\t\t\t\t\t\t\t<\/div>\n\t\t\t\t<\/div>\n\t\t\t\t<div class=\"elementor-element elementor-element-6170da2 elementor-widget elementor-widget-text-editor\" data-id=\"6170da2\" data-element_type=\"widget\" data-widget_type=\"text-editor.default\">\n\t\t\t\t<div class=\"elementor-widget-container\">\n\t\t\t\t\t\t\t\t\t<p class=\"s34\"><span class=\"s36\">Para pagamento por <strong>Empenho <\/strong>fa\u00e7a o download do arquivo:<\/span><\/p><p><a href=\"https:\/\/portal.abepro.org.br\/enegep\/2025\/wp-content\/uploads\/2023\/03\/Instrucoes-para-pagamento-Inscricoes-por-Empenho-ABEPRO.pdf\" target=\"_blank\" rel=\"noopener\">Instru\u00e7\u00f5es para pagamento Inscri\u00e7\u00f5es por Empenho &#8211; ABEPRO<\/a><\/p><p data-pm-slice=\"1 1 []\"><strong><a href=\"https:\/\/portal.abepro.org.br\/enegep\/2025\/wp-content\/uploads\/2025\/07\/ENEGEP-2025-Projeto-do-Evento_compressed-1.pdf\" target=\"_blank\" rel=\"noopener\">Projeto ENEGEP<\/a>, para anexar ao processo.<\/strong><\/p>\t\t\t\t\t\t\t\t<\/div>\n\t\t\t\t<\/div>\n\t\t\t\t<div class=\"elementor-element elementor-element-0d2cd1b elementor-widget elementor-widget-text-editor\" data-id=\"0d2cd1b\" data-element_type=\"widget\" data-widget_type=\"text-editor.default\">\n\t\t\t\t<div class=\"elementor-widget-container\">\n\t\t\t\t\t\t\t\t\t<p>As inscri\u00e7\u00f5es\u00a0via Empenho\u00a0s\u00e3o consideradas\u00a0confirmadas no momento do recebimento da Nota de Empenho, assegurando a publica\u00e7\u00e3o de artigos, quando for o caso.\u00a0As notas de empenho devem ser enviadas por e-mail para\u00a0<a href=\"mailto:financeiro@abepro.org.br\">financeiro@abepro.org.br<\/a>\u00a0com c\u00f3pia para o e-mail\u00a0<a href=\"mailto:secretaria@abepro.org.br\">secretaria@abepro.org.br<\/a>\u00a0<\/p><p><span style=\"font-weight: 400;\">Os Associados Especiais s\u00e3o aqueles vinculados e indicados pelos Associados Institucionais do ano corrente, ou seja, institui\u00e7\u00e3o que estiver com a anuidade de 2023 devidamente quitada.<\/span><\/p><p>A restitui\u00e7\u00e3o de valores ser\u00e1 concedida da seguinte forma:<br \/>\u2013\u00a0\u00a090 dias antes da data de in\u00edcio do evento: 70%<br \/>\u2013\u00a0\u00a060 dias antes da data de in\u00edcio do evento: 50%<br \/>\u2013\u00a0\u00a030 dias antes da data de in\u00edcio do evento: 30%<br \/>Com menos de 30 dias do\u00a0in\u00edcio do evento\u00a0n\u00e3o haver\u00e1 restitui\u00e7\u00e3o de valores.<\/p><p>Para solicitar restitui\u00e7\u00e3o, entre em contato pelo e-mail\u00a0<a href=\"mailto:financeiro@abepro.org.bre\">financeiro@abepro.org.br<\/a><\/p>\t\t\t\t\t\t\t\t<\/div>\n\t\t\t\t<\/div>\n\t\t\t\t<section class=\"elementor-section elementor-inner-section elementor-element elementor-element-17d9998 elementor-section-boxed elementor-section-height-default elementor-section-height-default\" data-id=\"17d9998\" data-element_type=\"section\" data-settings=\"{&quot;background_background&quot;:&quot;classic&quot;}\">\n\t\t\t\t\t\t\t<div class=\"elementor-background-overlay\"><\/div>\n\t\t\t\t\t\t\t<div class=\"elementor-container elementor-column-gap-default\">\n\t\t\t\t\t<div class=\"elementor-column elementor-col-100 elementor-inner-column elementor-element elementor-element-dbd4a9f\" data-id=\"dbd4a9f\" data-element_type=\"column\">\n\t\t\t<div class=\"elementor-widget-wrap elementor-element-populated\">\n\t\t\t\t\t\t<div class=\"elementor-element elementor-element-4c297de elementor-widget elementor-widget-heading\" data-id=\"4c297de\" data-element_type=\"widget\" data-widget_type=\"heading.default\">\n\t\t\t\t<div class=\"elementor-widget-container\">\n\t\t\t\t\t<h2 class=\"elementor-heading-title elementor-size-default\">Inscri\u00e7\u00e3o Social \u2013 ENEGEP 2025<\/h2>\t\t\t\t<\/div>\n\t\t\t\t<\/div>\n\t\t\t\t\t<\/div>\n\t\t<\/div>\n\t\t\t\t\t<\/div>\n\t\t<\/section>\n\t\t\t\t<div class=\"elementor-element elementor-element-8fd0b8c elementor-widget elementor-widget-text-editor\" data-id=\"8fd0b8c\" data-element_type=\"widget\" data-widget_type=\"text-editor.default\">\n\t\t\t\t<div class=\"elementor-widget-container\">\n\t\t\t\t\t\t\t\t\t<p>O ENEGEP 2025 reafirma seu compromisso com a inclus\u00e3o e o acesso ao conhecimento, oferecendo a modalidade de <strong>Inscri\u00e7\u00e3o Social<\/strong> para alunos de <strong>gradua\u00e7\u00e3o<\/strong> e <strong>mestrado\u00a0<\/strong><strong>do curso de Engenharia de Produ\u00e7\u00e3o. As solicita\u00e7\u00f5es ser\u00e3o recebidas at\u00e9 dia 10 de agosto.\u00a0<\/strong><\/p><p>\u00a0<\/p><p>Para participar nesta categoria, \u00e9 necess\u00e1rio atender ao seguinte crit\u00e9rio:<\/p><ol class=\"ProsemirrorEditor-list\"><li class=\"ProsemirrorEditor-listItem\" data-list-indent=\"1\" data-list-type=\"bulleted\"><p><strong>Estar inscrito no Cadastro \u00danico para Programas Sociais do Governo Federal (CAD\u00danico)<\/strong> com cadastro <strong>ativo e v\u00e1lido<\/strong> no momento da inscri\u00e7\u00e3o.<\/p><\/li><\/ol><p>O CAD\u00danico \u00e9 o instrumento oficial mais eficaz para identificar estudantes em situa\u00e7\u00e3o de vulnerabilidade socioecon\u00f4mica e ser\u00e1 o <strong>\u00fanico crit\u00e9rio aceito<\/strong> para concess\u00e3o da inscri\u00e7\u00e3o social.<\/p><p><strong>Como se inscrever na modalidade social:<\/strong><\/p><ol><li>No momento da inscri\u00e7\u00e3o, acesse sua \u00e1rea restrita da ABEPRO, dispon\u00edvel na se\u00e7\u00e3o <strong>&#8220;Inscri\u00e7\u00e3o&#8221;<\/strong> do site do ENEGEP 2025. Em seguida, selecione a op\u00e7\u00e3o <strong>\u201cEmpenho\u201d<\/strong>.<\/li><li><p data-pm-slice=\"1 1 []\">Envie para o e-mail <strong><a class=\"ProsemirrorEditor-link\" href=\"mailto:secretaria@abepro.org.br\">secretaria@abepro.org.br<\/a><\/strong> os seguintes documentos: <strong>Comprovante atualizado de inscri\u00e7\u00e3o no Cad\u00danico<\/strong>, contendo o <strong>NIS (N\u00famero de Identifica\u00e7\u00e3o Social)<\/strong> do estudante e <strong>Comprovante de matr\u00edcula<\/strong> (como declara\u00e7\u00e3o ou ficha do aluno) que informe a situa\u00e7\u00e3o atual da matr\u00edcula e o <strong>nome do curso<\/strong>.<\/p><p>Lembramos que a <strong>Inscri\u00e7\u00e3o Social<\/strong> \u00e9 destinada exclusivamente a estudantes de <strong>Engenharia de Produ\u00e7\u00e3o<\/strong>.<\/p><\/li><li><p>Aguarde a an\u00e1lise e valida\u00e7\u00e3o dos documentos. O parecer ser\u00e1 enviado como resposta ao e-mail enviado.<br \/>\u00a0 \u00a0Em caso de <strong data-start=\"208\" data-end=\"223\">deferimento<\/strong>, sua inscri\u00e7\u00e3o ser\u00e1 automaticamente confirmada no sistema.<br \/>\u00a0 \u00a0 Em caso de <strong data-start=\"298\" data-end=\"315\">indeferimento<\/strong>, voc\u00ea receber\u00e1 o parecer com a justificativa da decis\u00e3o.<br \/>Fique atento \u00e0 sua caixa de e-mail.<\/p><\/li><\/ol><p><strong>Importante:<\/strong><\/p><ol class=\"ProsemirrorEditor-list\"><li class=\"ProsemirrorEditor-listItem\" data-list-indent=\"1\" data-list-type=\"bulleted\"><p>A inscri\u00e7\u00e3o social \u00e9 <strong>individual<\/strong>, <strong>intransfer\u00edvel<\/strong>.<\/p><\/li><li class=\"ProsemirrorEditor-listItem\" data-list-indent=\"1\" data-list-type=\"bulleted\"><p>Somente ser\u00e3o aceitos cadastros v\u00e1lidos de estudantes <strong>matriculados em cursos de gradua\u00e7\u00e3o ou mestrado<\/strong>\u00a0em Engenharia de Produ\u00e7\u00e3o, que se enquadrem nessa condi\u00e7\u00e3o.<\/p><\/li><li class=\"ProsemirrorEditor-listItem\" data-list-indent=\"1\" data-list-type=\"bulleted\"><p>Inscri\u00e7\u00f5es que n\u00e3o atenderem aos crit\u00e9rios estabelecidos ser\u00e3o automaticamente desconsideradas.<\/p><\/li><\/ol>\t\t\t\t\t\t\t\t<\/div>\n\t\t\t\t<\/div>\n\t\t\t\t<div class=\"elementor-element elementor-element-c7763b7 elementor-widget elementor-widget-spacer\" data-id=\"c7763b7\" data-element_type=\"widget\" data-widget_type=\"spacer.default\">\n\t\t\t\t<div class=\"elementor-widget-container\">\n\t\t\t\t\t\t\t<div class=\"elementor-spacer\">\n\t\t\t<div class=\"elementor-spacer-inner\"><\/div>\n\t\t<\/div>\n\t\t\t\t\t\t<\/div>\n\t\t\t\t<\/div>\n\t\t\t\t<div class=\"elementor-element elementor-element-853bcf3 elementor-widget elementor-widget-text-editor\" data-id=\"853bcf3\" data-element_type=\"widget\" data-widget_type=\"text-editor.default\">\n\t\t\t\t<div class=\"elementor-widget-container\">\n\t\t\t\t\t\t\t\t\t<p class=\"s34\"><strong>Uso de imagem<\/strong><\/p><p class=\"s34\">Ao participar do XLV Encontro Nacional de Engenharia de Produ\u00e7\u00e3o, o participante d\u00e1 aos organizadores o direito de utilizar suas imagens, tomadas em fotografias e\/ou v\u00eddeos e filmagens realizadas durante e p\u00f3s-evento.<\/p><p class=\"s34\">As imagens podem ser utilizadas, a qualquer momento, em material promocional impresso ou digital, websites, m\u00eddias sociais e demais canais de divulga\u00e7\u00e3o do evento dos organizadores.<\/p>\t\t\t\t\t\t\t\t<\/div>\n\t\t\t\t<\/div>\n\t\t\t\t\t<\/div>\n\t\t<\/div>\n\t\t\t\t<div class=\"elementor-column elementor-col-50 elementor-top-column elementor-element elementor-element-b052d41\" data-id=\"b052d41\" data-element_type=\"column\">\n\t\t\t<div class=\"elementor-widget-wrap elementor-element-populated\">\n\t\t\t\t\t\t<div class=\"elementor-element elementor-element-28c01f6 elementor-widget elementor-widget-heading\" data-id=\"28c01f6\" data-element_type=\"widget\" data-widget_type=\"heading.default\">\n\t\t\t\t<div class=\"elementor-widget-container\">\n\t\t\t\t\t<h6 class=\"elementor-heading-title elementor-size-default\">Associe-se a ABEPRO<\/h6>\t\t\t\t<\/div>\n\t\t\t\t<\/div>\n\t\t\t\t<div class=\"elementor-element elementor-element-971178e elementor-widget elementor-widget-text-editor\" data-id=\"971178e\" data-element_type=\"widget\" data-widget_type=\"text-editor.default\">\n\t\t\t\t<div class=\"elementor-widget-container\">\n\t\t\t\t\t\t\t\t\t<p class=\"\" data-start=\"98\" data-end=\"253\">A ABEPRO \u00e9 a institui\u00e7\u00e3o que representa docentes, discentes e profissionais da Engenharia de Produ\u00e7\u00e3o, promovendo a integra\u00e7\u00e3o e o fortalecimento da \u00e1rea.<\/p><p class=\"\" data-start=\"255\" data-end=\"492\">Al\u00e9m disso, <em><strong>associados e associadas<\/strong><\/em> da <strong>ABEPRO<\/strong> t\u00eam <strong>descontos especiais<\/strong> para a inscri\u00e7\u00e3o no ENEGEP, garantindo condi\u00e7\u00f5es exclusivas para participar deste importante evento.<\/p><p class=\"\" data-start=\"255\" data-end=\"492\"><em><strong>N\u00e3o perca a oportunidade de aproveitar os benef\u00edcios oferecidos!<\/strong><\/em><\/p>\t\t\t\t\t\t\t\t<\/div>\n\t\t\t\t<\/div>\n\t\t\t\t<div class=\"elementor-element elementor-element-dcedf3c elementor-align-justify elementor-widget elementor-widget-button\" data-id=\"dcedf3c\" data-element_type=\"widget\" data-widget_type=\"button.default\">\n\t\t\t\t<div class=\"elementor-widget-container\">\n\t\t\t\t\t\t\t\t\t<div class=\"elementor-button-wrapper\">\n\t\t\t\t\t<a class=\"elementor-button elementor-button-link elementor-size-sm\" href=\"https:\/\/abepro.org.br\/novo_sgai\/index.php\" target=\"_blank\">\n\t\t\t\t\t\t<span class=\"elementor-button-content-wrapper\">\n\t\t\t\t\t\t\t\t\t<span class=\"elementor-button-text\">Associe-se!<\/span>\n\t\t\t\t\t<\/span>\n\t\t\t\t\t<\/a>\n\t\t\t\t<\/div>\n\t\t\t\t\t\t\t\t<\/div>\n\t\t\t\t<\/div>\n\t\t\t\t<div class=\"elementor-element elementor-element-015acd0 elementor-widget-divider--view-line elementor-widget elementor-widget-divider\" data-id=\"015acd0\" data-element_type=\"widget\" data-widget_type=\"divider.default\">\n\t\t\t\t<div class=\"elementor-widget-container\">\n\t\t\t\t\t\t\t<div class=\"elementor-divider\">\n\t\t\t<span class=\"elementor-divider-separator\">\n\t\t\t\t\t\t<\/span>\n\t\t<\/div>\n\t\t\t\t\t\t<\/div>\n\t\t\t\t<\/div>\n\t\t\t\t<div class=\"elementor-element elementor-element-e7215d0 elementor-widget elementor-widget-heading\" data-id=\"e7215d0\" data-element_type=\"widget\" data-widget_type=\"heading.default\">\n\t\t\t\t<div class=\"elementor-widget-container\">\n\t\t\t\t\t<h6 class=\"elementor-heading-title elementor-size-default\">Contato<\/h6>\t\t\t\t<\/div>\n\t\t\t\t<\/div>\n\t\t\t\t<div class=\"elementor-element elementor-element-13208ac elementor-widget elementor-widget-text-editor\" data-id=\"13208ac\" data-element_type=\"widget\" data-widget_type=\"text-editor.default\">\n\t\t\t\t<div class=\"elementor-widget-container\">\n\t\t\t\t\t\t\t\t\t<p>Email: <a href=\"mailto:secretaria@abepro.org.br\">secretaria@abepro.org.br<\/a><\/p>\t\t\t\t\t\t\t\t<\/div>\n\t\t\t\t<\/div>\n\t\t\t\t<div class=\"elementor-element elementor-element-9ea8699 elementor-widget-divider--view-line elementor-widget elementor-widget-divider\" data-id=\"9ea8699\" data-element_type=\"widget\" data-widget_type=\"divider.default\">\n\t\t\t\t<div class=\"elementor-widget-container\">\n\t\t\t\t\t\t\t<div class=\"elementor-divider\">\n\t\t\t<span class=\"elementor-divider-separator\">\n\t\t\t\t\t\t<\/span>\n\t\t<\/div>\n\t\t\t\t\t\t<\/div>\n\t\t\t\t<\/div>\n\t\t\t\t<div class=\"elementor-element elementor-element-9e01552 elementor-shape-rounded elementor-grid-0 e-grid-align-center elementor-widget elementor-widget-social-icons\" data-id=\"9e01552\" data-element_type=\"widget\" data-widget_type=\"social-icons.default\">\n\t\t\t\t<div class=\"elementor-widget-container\">\n\t\t\t\t\t\t\t<div class=\"elementor-social-icons-wrapper elementor-grid\" role=\"list\">\n\t\t\t\t\t\t\t<span class=\"elementor-grid-item\" role=\"listitem\">\n\t\t\t\t\t<a class=\"elementor-icon elementor-social-icon elementor-social-icon-facebook elementor-animation-grow elementor-repeater-item-9c86cde\" href=\"https:\/\/www.facebook.com\/abeprooficial\/\" target=\"_blank\">\n\t\t\t\t\t\t<span class=\"elementor-screen-only\">Facebook<\/span>\n\t\t\t\t\t\t\t\t\t\t\t\t\t<i class=\"fa fa-facebook\"><\/i>\n\t\t\t\t\t\t\t\t\t\t\t<\/a>\n\t\t\t\t<\/span>\n\t\t\t\t\t\t\t<span class=\"elementor-grid-item\" role=\"listitem\">\n\t\t\t\t\t<a class=\"elementor-icon elementor-social-icon elementor-social-icon-instagram elementor-animation-grow elementor-repeater-item-d9a9500\" href=\"https:\/\/www.instagram.com\/abeprooficial\/\" target=\"_blank\">\n\t\t\t\t\t\t<span class=\"elementor-screen-only\">Instagram<\/span>\n\t\t\t\t\t\t\t\t\t\t\t\t\t<i class=\"fa fa-instagram\"><\/i>\n\t\t\t\t\t\t\t\t\t\t\t<\/a>\n\t\t\t\t<\/span>\n\t\t\t\t\t\t\t<span class=\"elementor-grid-item\" role=\"listitem\">\n\t\t\t\t\t<a class=\"elementor-icon elementor-social-icon elementor-social-icon-youtube elementor-animation-grow elementor-repeater-item-75dde21\" href=\"https:\/\/www.youtube.com\/user\/ABEPROJovem1\" target=\"_blank\">\n\t\t\t\t\t\t<span class=\"elementor-screen-only\">Youtube<\/span>\n\t\t\t\t\t\t\t\t\t\t\t\t\t<i class=\"fa fa-youtube\"><\/i>\n\t\t\t\t\t\t\t\t\t\t\t<\/a>\n\t\t\t\t<\/span>\n\t\t\t\t\t<\/div>\n\t\t\t\t\t\t<\/div>\n\t\t\t\t<\/div>\n\t\t\t\t\t<\/div>\n\t\t<\/div>\n\t\t\t\t\t<\/div>\n\t\t<\/section>\n\t\t\t\t<\/div>\n\t\t","protected":false},"excerpt":{"rendered":"<p>INSCRI\u00c7\u00d5ES A inscri\u00e7\u00e3o \u00e9 realizada por meio do seu acesso restrito no sistema da ABEPRO\/ENEGEP. Fa\u00e7a login pela p\u00e1gina ou\u00a0clique aqui. No site da ABEPRO, entre com seu login e senha. No menu \u00e0 esquerda, clique em ENEGEP 2025 &#8211; Fa\u00e7a sua Inscri\u00e7\u00e3o. Selecione a forma de pagamento (Boleto Banc\u00e1rio, Cart\u00e3o de Cr\u00e9dito ou Empenho) [&hellip;]<\/p>\n","protected":false},"author":1,"featured_media":0,"parent":0,"menu_order":0,"comment_status":"closed","ping_status":"closed","template":"","meta":{"footnotes":""},"class_list":["post-397","page","type-page","status-publish","hentry"],"_links":{"self":[{"href":"https:\/\/portal.abepro.org.br\/enegep\/2025\/wp-json\/wp\/v2\/pages\/397","targetHints":{"allow":["GET"]}}],"collection":[{"href":"https:\/\/portal.abepro.org.br\/enegep\/2025\/wp-json\/wp\/v2\/pages"}],"about":[{"href":"https:\/\/portal.abepro.org.br\/enegep\/2025\/wp-json\/wp\/v2\/types\/page"}],"author":[{"embeddable":true,"href":"https:\/\/portal.abepro.org.br\/enegep\/2025\/wp-json\/wp\/v2\/users\/1"}],"replies":[{"embeddable":true,"href":"https:\/\/portal.abepro.org.br\/enegep\/2025\/wp-json\/wp\/v2\/comments?post=397"}],"version-history":[{"count":207,"href":"https:\/\/portal.abepro.org.br\/enegep\/2025\/wp-json\/wp\/v2\/pages\/397\/revisions"}],"predecessor-version":[{"id":5656,"href":"https:\/\/portal.abepro.org.br\/enegep\/2025\/wp-json\/wp\/v2\/pages\/397\/revisions\/5656"}],"wp:attachment":[{"href":"https:\/\/portal.abepro.org.br\/enegep\/2025\/wp-json\/wp\/v2\/media?parent=397"}],"curies":[{"name":"wp","href":"https:\/\/api.w.org\/{rel}","templated":true}]}}