{"id":409,"date":"2019-01-26T22:23:56","date_gmt":"2019-01-27T00:23:56","guid":{"rendered":"https:\/\/portal.abepro.org.br\/enegep\/2025\/?page_id=409"},"modified":"2025-09-10T10:56:00","modified_gmt":"2025-09-10T13:56:00","slug":"regras-para-submissao","status":"publish","type":"page","link":"https:\/\/portal.abepro.org.br\/enegep\/2025\/regras-para-submissao\/","title":{"rendered":"Regras para Submiss\u00e3o"},"content":{"rendered":"\t\t<div data-elementor-type=\"wp-post\" data-elementor-id=\"409\" class=\"elementor elementor-409\" data-elementor-post-type=\"page\">\n\t\t\t\t\t\t<section class=\"elementor-section elementor-top-section elementor-element elementor-element-6953502c elementor-section-boxed elementor-section-height-default elementor-section-height-default\" data-id=\"6953502c\" data-element_type=\"section\">\n\t\t\t\t\t\t<div class=\"elementor-container elementor-column-gap-default\">\n\t\t\t\t\t<div class=\"elementor-column elementor-col-100 elementor-top-column elementor-element elementor-element-cdf0664\" data-id=\"cdf0664\" data-element_type=\"column\">\n\t\t\t<div class=\"elementor-widget-wrap elementor-element-populated\">\n\t\t\t\t\t\t<div class=\"elementor-element elementor-element-4b8ebde elementor-widget elementor-widget-heading\" data-id=\"4b8ebde\" data-element_type=\"widget\" data-widget_type=\"heading.default\">\n\t\t\t\t<div class=\"elementor-widget-container\">\n\t\t\t\t\t<h1 class=\"elementor-heading-title elementor-size-default\">Submiss\u00f5es <\/h1>\t\t\t\t<\/div>\n\t\t\t\t<\/div>\n\t\t\t\t<div class=\"elementor-element elementor-element-a1dba3d elementor-widget-divider--view-line elementor-widget elementor-widget-divider\" data-id=\"a1dba3d\" data-element_type=\"widget\" data-widget_type=\"divider.default\">\n\t\t\t\t<div class=\"elementor-widget-container\">\n\t\t\t\t\t\t\t<div class=\"elementor-divider\">\n\t\t\t<span class=\"elementor-divider-separator\">\n\t\t\t\t\t\t<\/span>\n\t\t<\/div>\n\t\t\t\t\t\t<\/div>\n\t\t\t\t<\/div>\n\t\t\t\t<div class=\"elementor-element elementor-element-a64ea3a elementor-widget elementor-widget-text-editor\" data-id=\"a64ea3a\" data-element_type=\"widget\" data-widget_type=\"text-editor.default\">\n\t\t\t\t<div class=\"elementor-widget-container\">\n\t\t\t\t\t\t\t\t\t<p align=\"justify\">O Encontro Nacional de Engenharia de Produ\u00e7\u00e3o (ENEGEP) \u00e9 o maior evento nacional da \u00e1rea de Engenharia de Produ\u00e7\u00e3o organizado pela Associa\u00e7\u00e3o Brasileira de Engenharia de Produ\u00e7\u00e3o (ABEPRO) e j\u00e1 est\u00e1 na 45\u00aa edi\u00e7\u00e3o.<\/p><p align=\"justify\">Re\u00fane a comunidade acad\u00eamica, pesquisadores, professores e estudantes, empres\u00e1rios, consultores, engenheiros, administradores e demais profissionais atuantes na Engenharia de Produ\u00e7\u00e3o. Constitui-se em um dos principais divulgadores da produ\u00e7\u00e3o t\u00e9cnica e cient\u00edfica da \u00e1rea e se consolidou como f\u00f3rum de discuss\u00e3o de quest\u00f5es pertinentes \u00e0 Engenharia de Produ\u00e7\u00e3o no \u00e2mbito nacional, al\u00e9m de promover a integra\u00e7\u00e3o\/interc\u00e2mbio do conhecimento acad\u00eamico com o setor produtivo.<\/p>\t\t\t\t\t\t\t\t<\/div>\n\t\t\t\t<\/div>\n\t\t\t\t<div class=\"elementor-element elementor-element-a36ce46 elementor-widget elementor-widget-spacer\" data-id=\"a36ce46\" data-element_type=\"widget\" data-widget_type=\"spacer.default\">\n\t\t\t\t<div class=\"elementor-widget-container\">\n\t\t\t\t\t\t\t<div class=\"elementor-spacer\">\n\t\t\t<div class=\"elementor-spacer-inner\"><\/div>\n\t\t<\/div>\n\t\t\t\t\t\t<\/div>\n\t\t\t\t<\/div>\n\t\t\t\t<section class=\"elementor-section elementor-inner-section elementor-element elementor-element-c651f67 elementor-section-boxed elementor-section-height-default elementor-section-height-default\" data-id=\"c651f67\" data-element_type=\"section\">\n\t\t\t\t\t\t<div class=\"elementor-container elementor-column-gap-default\">\n\t\t\t\t\t<div class=\"elementor-column elementor-col-50 elementor-inner-column elementor-element elementor-element-d7c1b5e\" data-id=\"d7c1b5e\" data-element_type=\"column\">\n\t\t\t<div class=\"elementor-widget-wrap elementor-element-populated\">\n\t\t\t\t\t\t<div class=\"elementor-element elementor-element-c4be411 elementor-widget elementor-widget-heading\" data-id=\"c4be411\" data-element_type=\"widget\" data-widget_type=\"heading.default\">\n\t\t\t\t<div class=\"elementor-widget-container\">\n\t\t\t\t\t<h2 class=\"elementor-heading-title elementor-size-default\">Condi\u00e7\u00f5es para Submiss\u00e3o<\/h2>\t\t\t\t<\/div>\n\t\t\t\t<\/div>\n\t\t\t\t<div class=\"elementor-element elementor-element-58f1110 elementor-widget elementor-widget-text-editor\" data-id=\"58f1110\" data-element_type=\"widget\" data-widget_type=\"text-editor.default\">\n\t\t\t\t<div class=\"elementor-widget-container\">\n\t\t\t\t\t\t\t\t\t<p>\u2013 Os artigos dever\u00e3o ser in\u00e9ditos e de autoria dos autores para fins de publica\u00e7\u00e3o no ENEGEP 2025.<\/p><p>\u2013 A responsabilidade sobre ineditismo e autoria \u00e9 exclusiva dos autores, sob pena de impedimento de apresenta\u00e7\u00f5es futuras no ENEGEP ou outras san\u00e7\u00f5es legais que se apliquem. A organiza\u00e7\u00e3o do ENEGEP e a Diretoria da ABEPRO condenam a\u00e7\u00f5es que possam ser consideradas c\u00f3pia, pl\u00e1gio ou equivalentes.<\/p><p>\u2013 M\u00e1ximo de 5 (cinco) autores por trabalho;<\/p><p>\u2013 Somente ser\u00e3o aceitos para avalia\u00e7\u00e3o os trabalhos que se enquadrem em uma das\u00a0\u00c1reas e sub\u00e1reas\u00a0do ENEGEP\u00a0e que sigam o\u00a0Modelo de Formata\u00e7\u00e3o de Trabalhos\u00a0estabelecido pelo evento (modelos dispon\u00edveis no final da p\u00e1gina);<\/p><p>\u2013 Os trabalhos ser\u00e3o submetidos exclusivamente pelo sistema de submiss\u00e3o da ABEPRO, impreterivelmente at\u00e9 \u00e0s 23h59 (hor\u00e1rio oficial de Bras\u00edlia), do dia <strong>02 de maio de 2025.<\/strong><\/p><p><strong>\u00a0<\/strong><\/p>\t\t\t\t\t\t\t\t<\/div>\n\t\t\t\t<\/div>\n\t\t\t\t\t<\/div>\n\t\t<\/div>\n\t\t\t\t<div class=\"elementor-column elementor-col-50 elementor-inner-column elementor-element elementor-element-de765ca\" data-id=\"de765ca\" data-element_type=\"column\">\n\t\t\t<div class=\"elementor-widget-wrap elementor-element-populated\">\n\t\t\t\t\t\t<div class=\"elementor-element elementor-element-75a6947 elementor-widget elementor-widget-heading\" data-id=\"75a6947\" data-element_type=\"widget\" data-widget_type=\"heading.default\">\n\t\t\t\t<div class=\"elementor-widget-container\">\n\t\t\t\t\t<h2 class=\"elementor-heading-title elementor-size-default\">REGRAS PARA SUBMISS\u00c3O<\/h2>\t\t\t\t<\/div>\n\t\t\t\t<\/div>\n\t\t\t\t<div class=\"elementor-element elementor-element-65a59f7 elementor-widget elementor-widget-text-editor\" data-id=\"65a59f7\" data-element_type=\"widget\" data-widget_type=\"text-editor.default\">\n\t\t\t\t<div class=\"elementor-widget-container\">\n\t\t\t\t\t\t\t\t\t<p>\u2013 O corpo do trabalho deve ter de 8 a 14 p\u00e1ginas, inclusive contando com as refer\u00eancias. A capa n\u00e3o est\u00e1 contabilizada nessa contagem, pois deve ser submetida separadamente.<\/p><p>\u2013 O Corpo do Trabalho n\u00e3o deve conter o t\u00edtulo, o(s) nome(s) do(s) autor(es), palavras-chave ou resumo. Estes dados ser\u00e3o preenchidos diretamente no formul\u00e1rio eletr\u00f4nico de envio dos trabalhos e no modelo Capa Trabalho; (modelos dispon\u00edveis abaixo).<\/p><p>\u2013 Tradu\u00e7\u00f5es literais de qualquer natureza devem ser inseridas como cita\u00e7\u00f5es.<\/p><p>\u2013 O idioma principal do evento \u00e9 o portugu\u00eas, por\u00e9m s\u00e3o permitidas submiss\u00f5es em ingl\u00eas ou espanhol.<\/p><p>\u2013 N\u00e3o ser\u00e3o permitidas altera\u00e7\u00f5es de qualquer natureza\u00a0<strong>ap\u00f3s\u00a0o t\u00e9rmino do prazo de submiss\u00e3o<\/strong>, incluindo altera\u00e7\u00f5es de autoria e dados dos autores inseridos previamente.<\/p>\t\t\t\t\t\t\t\t<\/div>\n\t\t\t\t<\/div>\n\t\t\t\t\t<\/div>\n\t\t<\/div>\n\t\t\t\t\t<\/div>\n\t\t<\/section>\n\t\t\t\t<div class=\"elementor-element elementor-element-872ac06 elementor-align-justify elementor-widget elementor-widget-button\" data-id=\"872ac06\" data-element_type=\"widget\" data-widget_type=\"button.default\">\n\t\t\t\t<div class=\"elementor-widget-container\">\n\t\t\t\t\t\t\t\t\t<div class=\"elementor-button-wrapper\">\n\t\t\t\t\t<a class=\"elementor-button elementor-button-link elementor-size-sm\" href=\"https:\/\/abepro.org.br\/novo_sgai\/\">\n\t\t\t\t\t\t<span class=\"elementor-button-content-wrapper\">\n\t\t\t\t\t\t\t\t\t<span class=\"elementor-button-text\">Agendamento das apresenta\u00e7\u00f5es\/v\u00eddeo-p\u00f4ster - clique aqui<\/span>\n\t\t\t\t\t<\/span>\n\t\t\t\t\t<\/a>\n\t\t\t\t<\/div>\n\t\t\t\t\t\t\t\t<\/div>\n\t\t\t\t<\/div>\n\t\t\t\t<section class=\"elementor-section elementor-inner-section elementor-element elementor-element-cbfe148 elementor-section-boxed elementor-section-height-default elementor-section-height-default\" data-id=\"cbfe148\" data-element_type=\"section\">\n\t\t\t\t\t\t<div class=\"elementor-container elementor-column-gap-default\">\n\t\t\t\t\t<div class=\"elementor-column elementor-col-100 elementor-inner-column elementor-element elementor-element-1ac3477\" data-id=\"1ac3477\" data-element_type=\"column\">\n\t\t\t<div class=\"elementor-widget-wrap elementor-element-populated\">\n\t\t\t\t\t\t<div class=\"elementor-element elementor-element-058dc00 elementor-widget elementor-widget-heading\" data-id=\"058dc00\" data-element_type=\"widget\" data-widget_type=\"heading.default\">\n\t\t\t\t<div class=\"elementor-widget-container\">\n\t\t\t\t\t<h2 class=\"elementor-heading-title elementor-size-default\">Datas Importantes\u00a0<\/h2>\t\t\t\t<\/div>\n\t\t\t\t<\/div>\n\t\t\t\t<div class=\"elementor-element elementor-element-578c0fb elementor-widget elementor-widget-toggle\" data-id=\"578c0fb\" data-element_type=\"widget\" data-widget_type=\"toggle.default\">\n\t\t\t\t<div class=\"elementor-widget-container\">\n\t\t\t\t\t\t\t<div class=\"elementor-toggle\">\n\t\t\t\t\t\t\t<div class=\"elementor-toggle-item\">\n\t\t\t\t\t<div id=\"elementor-tab-title-9171\" class=\"elementor-tab-title\" data-tab=\"1\" role=\"button\" aria-controls=\"elementor-tab-content-9171\" aria-expanded=\"false\">\n\t\t\t\t\t\t\t\t\t\t\t\t<span class=\"elementor-toggle-icon elementor-toggle-icon-left\" aria-hidden=\"true\">\n\t\t\t\t\t\t\t\t\t\t\t\t\t\t\t<span class=\"elementor-toggle-icon-closed\"><i class=\"fas fa-caret-right\"><\/i><\/span>\n\t\t\t\t\t\t\t\t<span class=\"elementor-toggle-icon-opened\"><i class=\"elementor-toggle-icon-opened fas fa-caret-up\"><\/i><\/span>\n\t\t\t\t\t\t\t\t\t\t\t\t\t<\/span>\n\t\t\t\t\t\t\t\t\t\t\t\t<a class=\"elementor-toggle-title\" tabindex=\"0\">In\u00edcio da Submiss\u00e3o de artigos<\/a>\n\t\t\t\t\t<\/div>\n\n\t\t\t\t\t<div id=\"elementor-tab-content-9171\" class=\"elementor-tab-content elementor-clearfix\" data-tab=\"1\" role=\"region\" aria-labelledby=\"elementor-tab-title-9171\"><p><strong>28 de fevereiro de 2025\u00a0<\/strong><\/p><\/div>\n\t\t\t\t<\/div>\n\t\t\t\t\t\t\t<div class=\"elementor-toggle-item\">\n\t\t\t\t\t<div id=\"elementor-tab-title-9172\" class=\"elementor-tab-title\" data-tab=\"2\" role=\"button\" aria-controls=\"elementor-tab-content-9172\" aria-expanded=\"false\">\n\t\t\t\t\t\t\t\t\t\t\t\t<span class=\"elementor-toggle-icon elementor-toggle-icon-left\" aria-hidden=\"true\">\n\t\t\t\t\t\t\t\t\t\t\t\t\t\t\t<span class=\"elementor-toggle-icon-closed\"><i class=\"fas fa-caret-right\"><\/i><\/span>\n\t\t\t\t\t\t\t\t<span class=\"elementor-toggle-icon-opened\"><i class=\"elementor-toggle-icon-opened fas fa-caret-up\"><\/i><\/span>\n\t\t\t\t\t\t\t\t\t\t\t\t\t<\/span>\n\t\t\t\t\t\t\t\t\t\t\t\t<a class=\"elementor-toggle-title\" tabindex=\"0\">Prazo final para submiss\u00e3o de artigos<\/a>\n\t\t\t\t\t<\/div>\n\n\t\t\t\t\t<div id=\"elementor-tab-content-9172\" class=\"elementor-tab-content elementor-clearfix\" data-tab=\"2\" role=\"region\" aria-labelledby=\"elementor-tab-title-9172\"><p><strong>Prorrogado o prazo de submiss\u00f5es para dia 12 de maio de 2025\u00a0<\/strong><\/p><p><span style=\"color: #ff0000;\">02 de maio de 2025<\/span><\/p><p>A submiss\u00e3o \u00e9 realizada por meio do sistema, utilizando login e senha. Todos os autores(as) devem ter cadastro no sistema da ABEPRO. O autor(a) respons\u00e1vel pela submiss\u00e3o deve incluir os dados dos demais autores, como CPF e e-mail. Durante o processo de submiss\u00e3o, devem ser enviados dois arquivos: um com a identifica\u00e7\u00e3o dos autores e da institui\u00e7\u00e3o e outro sem nenhuma identifica\u00e7\u00e3o. Fiquem atentos durante a submiss\u00e3o para garantir o envio correto dos arquivos.<\/p><\/div>\n\t\t\t\t<\/div>\n\t\t\t\t\t\t\t<div class=\"elementor-toggle-item\">\n\t\t\t\t\t<div id=\"elementor-tab-title-9173\" class=\"elementor-tab-title\" data-tab=\"3\" role=\"button\" aria-controls=\"elementor-tab-content-9173\" aria-expanded=\"false\">\n\t\t\t\t\t\t\t\t\t\t\t\t<span class=\"elementor-toggle-icon elementor-toggle-icon-left\" aria-hidden=\"true\">\n\t\t\t\t\t\t\t\t\t\t\t\t\t\t\t<span class=\"elementor-toggle-icon-closed\"><i class=\"fas fa-caret-right\"><\/i><\/span>\n\t\t\t\t\t\t\t\t<span class=\"elementor-toggle-icon-opened\"><i class=\"elementor-toggle-icon-opened fas fa-caret-up\"><\/i><\/span>\n\t\t\t\t\t\t\t\t\t\t\t\t\t<\/span>\n\t\t\t\t\t\t\t\t\t\t\t\t<a class=\"elementor-toggle-title\" tabindex=\"0\">Divulga\u00e7\u00e3o de Resultados das Avalia\u00e7\u00f5es<\/a>\n\t\t\t\t\t<\/div>\n\n\t\t\t\t\t<div id=\"elementor-tab-content-9173\" class=\"elementor-tab-content elementor-clearfix\" data-tab=\"3\" role=\"region\" aria-labelledby=\"elementor-tab-title-9173\"><p><strong>01 de julho de 2025<\/strong><\/p><p>Os resultados estar\u00e3o dispon\u00edveis na sua \u00e1rea restrita no sistema da ABEPRO.<\/p><\/div>\n\t\t\t\t<\/div>\n\t\t\t\t\t\t\t<div class=\"elementor-toggle-item\">\n\t\t\t\t\t<div id=\"elementor-tab-title-9174\" class=\"elementor-tab-title\" data-tab=\"4\" role=\"button\" aria-controls=\"elementor-tab-content-9174\" aria-expanded=\"false\">\n\t\t\t\t\t\t\t\t\t\t\t\t<span class=\"elementor-toggle-icon elementor-toggle-icon-left\" aria-hidden=\"true\">\n\t\t\t\t\t\t\t\t\t\t\t\t\t\t\t<span class=\"elementor-toggle-icon-closed\"><i class=\"fas fa-caret-right\"><\/i><\/span>\n\t\t\t\t\t\t\t\t<span class=\"elementor-toggle-icon-opened\"><i class=\"elementor-toggle-icon-opened fas fa-caret-up\"><\/i><\/span>\n\t\t\t\t\t\t\t\t\t\t\t\t\t<\/span>\n\t\t\t\t\t\t\t\t\t\t\t\t<a class=\"elementor-toggle-title\" tabindex=\"0\">Fim do per\u00edodo de inscri\u00e7\u00e3o com garantia de publica\u00e7\u00e3o de artigos <\/a>\n\t\t\t\t\t<\/div>\n\n\t\t\t\t\t<div id=\"elementor-tab-content-9174\" class=\"elementor-tab-content elementor-clearfix\" data-tab=\"4\" role=\"region\" aria-labelledby=\"elementor-tab-title-9174\"><p><strong>10 de agosto de 2025\u00a0<\/strong><\/p><p data-start=\"47\" data-end=\"126\">Todos os trabalhos inscritos ser\u00e3o publicados nos Anais Eletr\u00f4nicos do evento.<\/p><p data-start=\"128\" data-end=\"302\">N\u00e3o h\u00e1 taxa de submiss\u00e3o, por\u00e9m, caso o(s) trabalho(s) seja(m) aprovado(s), um dos autores dever\u00e1 se inscrever no evento. Cada autor(a) pode inscrever at\u00e9 3 (tr\u00eas) trabalhos.<\/p><p data-start=\"304\" data-end=\"453\">Os trabalhos publicados e apresentados receber\u00e3o um n\u00famero de DOI. Ou seja, somente os trabalhos inscritos e apresentados ser\u00e3o publicados com DOI.<\/p><\/div>\n\t\t\t\t<\/div>\n\t\t\t\t\t\t\t<div class=\"elementor-toggle-item\">\n\t\t\t\t\t<div id=\"elementor-tab-title-9175\" class=\"elementor-tab-title\" data-tab=\"5\" role=\"button\" aria-controls=\"elementor-tab-content-9175\" aria-expanded=\"false\">\n\t\t\t\t\t\t\t\t\t\t\t\t<span class=\"elementor-toggle-icon elementor-toggle-icon-left\" aria-hidden=\"true\">\n\t\t\t\t\t\t\t\t\t\t\t\t\t\t\t<span class=\"elementor-toggle-icon-closed\"><i class=\"fas fa-caret-right\"><\/i><\/span>\n\t\t\t\t\t\t\t\t<span class=\"elementor-toggle-icon-opened\"><i class=\"elementor-toggle-icon-opened fas fa-caret-up\"><\/i><\/span>\n\t\t\t\t\t\t\t\t\t\t\t\t\t<\/span>\n\t\t\t\t\t\t\t\t\t\t\t\t<a class=\"elementor-toggle-title\" tabindex=\"0\">Per\u00edodo de agendamento das apresenta\u00e7\u00f5es <\/a>\n\t\t\t\t\t<\/div>\n\n\t\t\t\t\t<div id=\"elementor-tab-content-9175\" class=\"elementor-tab-content elementor-clearfix\" data-tab=\"5\" role=\"region\" aria-labelledby=\"elementor-tab-title-9175\"><p><strong>In\u00edcio: 10 de setembro de 2025\u00a0<\/strong><\/p><p><strong>Prazo final: 20 de setembro de 2025<\/strong><\/p><p>Para realizar o agendamento, basta acessar sua \u00e1rea restrita, na op\u00e7\u00e3o \u201cSess\u00e3o Tem\u00e1tica\u201d, voc\u00ea poder\u00e1:<\/p><ul><li>Escolher os dados e o hor\u00e1rio da sess\u00e3o (de acordo com a \u00e1rea\/tipo de trabalho); ou<\/li><li>Optar pelo envio do v\u00eddeo-poster.<\/li><\/ul><p><img decoding=\"async\" class=\"emoji\" role=\"img\" draggable=\"false\" src=\"https:\/\/s.w.org\/images\/core\/emoji\/16.0.1\/svg\/1f4cc.svg\" alt=\"\ud83d\udccc\" \/> Importante<\/p><p>O agendamento deve ser feito uma \u00fanica vez por trabalho. Portanto, alinhe previamente com seus coautores(as) quem ser\u00e1 o respons\u00e1vel pelo agendamento.\u00a0<\/p><p>Ressaltamos tamb\u00e9m que s\u00f3 ser\u00e1 poss\u00edvel agendar se o trabalho estiver inscrito por, pelo menos, um dos autores.<\/p><p>A apresenta\u00e7\u00e3o no ENEGEP \u00e9 recomendada, mas n\u00e3o obrigat\u00f3ria. Caso n\u00e3o haja interesse em apresentar, essa op\u00e7\u00e3o pode ser registrada diretamente na plataforma.<\/p><p>As instru\u00e7\u00f5es completas para apresenta\u00e7\u00f5es presenciais e envio de v\u00eddeo-poster est\u00e3o dispon\u00edveis em nosso site:\u00a0<a href=\"https:\/\/portal.abepro.org.br\/enegep\/2025\/orientacao-para-apresentacao\/\" target=\"_blank\" rel=\"noopener\"><strong>clique aqui<\/strong><\/a><\/p><p>Segue em anexo a programa\u00e7\u00e3o para que voc\u00ea possa verificar os minicursos, visitas t\u00e9cnicas e palestras de interesse. Dessa forma, no momento do agendamento da sua apresenta\u00e7\u00e3o, evitaremos que haja conflito de hor\u00e1rios com atividades que deseja acompanhar. Orientamos que consulte a programa\u00e7\u00e3o para selecionar a sess\u00e3o para a realiza\u00e7\u00e3o da sua apresenta\u00e7\u00e3o.<\/p><p><img decoding=\"async\" class=\"emoji\" role=\"img\" draggable=\"false\" src=\"https:\/\/s.w.org\/images\/core\/emoji\/16.0.1\/svg\/26a0.svg\" alt=\"\u26a0\" \/>\u00a0<strong>Aten\u00e7\u00e3o<\/strong><\/p><p><i>\u2022 Trabalhos agendados e n\u00e3o apresentados, sem justificativa, ser\u00e3o removidos dos Anais do Evento.<\/i><\/p><p><i>\u2022 Todos os trabalhos apresentados, seja em formato oral ou por v\u00eddeo-poster, possuem certificado de apresenta\u00e7\u00e3o e emiss\u00e3o de DOI.<br \/><br \/><\/i><strong>Orienta\u00e7\u00f5es para apresenta\u00e7\u00e3o e template &#8211; <a href=\"https:\/\/portal.abepro.org.br\/enegep\/2025\/orientacao-para-apresentacao\/\" target=\"_blank\" rel=\"noopener\">clique aqui<\/a><br \/>Programa\u00e7\u00e3o do Evento &#8211; <a href=\"https:\/\/portal.abepro.org.br\/enegep\/2025\/grade-de-programacao\/\" target=\"_blank\" rel=\"noopener\">clique aqui<\/a><\/strong><\/p><p>Estamos \u00e0 disposi\u00e7\u00e3o para esclarecer d\u00favidas e oferecer o suporte necess\u00e1rio.<\/p><\/div>\n\t\t\t\t<\/div>\n\t\t\t\t\t\t\t\t<\/div>\n\t\t\t\t\t\t<\/div>\n\t\t\t\t<\/div>\n\t\t\t\t\t<\/div>\n\t\t<\/div>\n\t\t\t\t\t<\/div>\n\t\t<\/section>\n\t\t\t\t<div class=\"elementor-element elementor-element-fc98eaf elementor-widget elementor-widget-spacer\" data-id=\"fc98eaf\" data-element_type=\"widget\" data-widget_type=\"spacer.default\">\n\t\t\t\t<div class=\"elementor-widget-container\">\n\t\t\t\t\t\t\t<div class=\"elementor-spacer\">\n\t\t\t<div class=\"elementor-spacer-inner\"><\/div>\n\t\t<\/div>\n\t\t\t\t\t\t<\/div>\n\t\t\t\t<\/div>\n\t\t\t\t<section class=\"elementor-section elementor-inner-section elementor-element elementor-element-6efbb71 elementor-section-boxed elementor-section-height-default elementor-section-height-default\" data-id=\"6efbb71\" data-element_type=\"section\">\n\t\t\t\t\t\t<div class=\"elementor-container elementor-column-gap-default\">\n\t\t\t\t\t<div class=\"elementor-column elementor-col-50 elementor-inner-column elementor-element elementor-element-d8bae47\" data-id=\"d8bae47\" data-element_type=\"column\">\n\t\t\t<div class=\"elementor-widget-wrap elementor-element-populated\">\n\t\t\t\t\t\t<div class=\"elementor-element elementor-element-7daee74 elementor-widget elementor-widget-heading\" data-id=\"7daee74\" data-element_type=\"widget\" data-widget_type=\"heading.default\">\n\t\t\t\t<div class=\"elementor-widget-container\">\n\t\t\t\t\t<h2 class=\"elementor-heading-title elementor-size-default\">CONDI\u00c7\u00d5ES PARA APRESENTA\u00c7\u00c3O E PUBLICA\u00c7\u00c3O<\/h2>\t\t\t\t<\/div>\n\t\t\t\t<\/div>\n\t\t\t\t<div class=\"elementor-element elementor-element-8315de2 elementor-widget elementor-widget-text-editor\" data-id=\"8315de2\" data-element_type=\"widget\" data-widget_type=\"text-editor.default\">\n\t\t\t\t<div class=\"elementor-widget-container\">\n\t\t\t\t\t\t\t\t\t<p>\u2013 N\u00e3o h\u00e1 cobran\u00e7a de taxa de submiss\u00e3o, por\u00e9m caso o(s) trabalho(s) seja(m) aprovado(s), um dos autores dever\u00e1 se inscrever no evento at\u00e9\u00a0<strong>10 de agosto de 2025. Apenas os autores inscritos poder\u00e3o apresentar o trabalho no evento.<\/strong><\/p><p>\u2013 Todo o trabalho inscrito ser\u00e1 publicado nos Anais Eletr\u00f4nicos do evento.<\/p><p>\u2013 Todo o trabalho publicado e apresentado ter\u00e1 atribu\u00eddo um n\u00famero de DOI.<\/p>\t\t\t\t\t\t\t\t<\/div>\n\t\t\t\t<\/div>\n\t\t\t\t\t<\/div>\n\t\t<\/div>\n\t\t\t\t<div class=\"elementor-column elementor-col-50 elementor-inner-column elementor-element elementor-element-8531cfc\" data-id=\"8531cfc\" data-element_type=\"column\">\n\t\t\t<div class=\"elementor-widget-wrap elementor-element-populated\">\n\t\t\t\t\t\t<div class=\"elementor-element elementor-element-1f85516 elementor-widget elementor-widget-heading\" data-id=\"1f85516\" data-element_type=\"widget\" data-widget_type=\"heading.default\">\n\t\t\t\t<div class=\"elementor-widget-container\">\n\t\t\t\t\t<h2 class=\"elementor-heading-title elementor-size-default\">LIMITES DE SUBMISS\u00c3O E APROVA\u00c7\u00c3O<\/h2>\t\t\t\t<\/div>\n\t\t\t\t<\/div>\n\t\t\t\t<div class=\"elementor-element elementor-element-43ce4c3 elementor-widget elementor-widget-text-editor\" data-id=\"43ce4c3\" data-element_type=\"widget\" data-widget_type=\"text-editor.default\">\n\t\t\t\t<div class=\"elementor-widget-container\">\n\t\t\t\t\t\t\t\t\t<p>\u2013 No m\u00e1ximo 6 (seis) trabalhos por autor, independentemente da rela\u00e7\u00e3o de autoria e da categoria de submiss\u00e3o.<\/p><p>\u2013 Importante: uma inscri\u00e7\u00e3o publicar\u00e1 at\u00e9 3 (tr\u00eas) trabalhos. Para publica\u00e7\u00e3o dos demais um outro autor dever\u00e1 se inscrever no evento.<\/p>\t\t\t\t\t\t\t\t<\/div>\n\t\t\t\t<\/div>\n\t\t\t\t\t<\/div>\n\t\t<\/div>\n\t\t\t\t\t<\/div>\n\t\t<\/section>\n\t\t\t\t<div class=\"elementor-element elementor-element-7be558f elementor-widget elementor-widget-spacer\" data-id=\"7be558f\" data-element_type=\"widget\" data-widget_type=\"spacer.default\">\n\t\t\t\t<div class=\"elementor-widget-container\">\n\t\t\t\t\t\t\t<div class=\"elementor-spacer\">\n\t\t\t<div class=\"elementor-spacer-inner\"><\/div>\n\t\t<\/div>\n\t\t\t\t\t\t<\/div>\n\t\t\t\t<\/div>\n\t\t\t\t<div class=\"elementor-element elementor-element-07800bf elementor-widget elementor-widget-heading\" data-id=\"07800bf\" data-element_type=\"widget\" data-widget_type=\"heading.default\">\n\t\t\t\t<div class=\"elementor-widget-container\">\n\t\t\t\t\t<h2 class=\"elementor-heading-title elementor-size-default\">CATEGORIAS PARA SUBMISS\u00c3O<\/h2>\t\t\t\t<\/div>\n\t\t\t\t<\/div>\n\t\t\t\t<section class=\"elementor-section elementor-inner-section elementor-element elementor-element-4300fd2 elementor-section-boxed elementor-section-height-default elementor-section-height-default\" data-id=\"4300fd2\" data-element_type=\"section\">\n\t\t\t\t\t\t<div class=\"elementor-container elementor-column-gap-default\">\n\t\t\t\t\t<div class=\"elementor-column elementor-col-50 elementor-inner-column elementor-element elementor-element-a58ea34\" data-id=\"a58ea34\" data-element_type=\"column\">\n\t\t\t<div class=\"elementor-widget-wrap elementor-element-populated\">\n\t\t\t\t\t\t<div class=\"elementor-element elementor-element-0d67817 elementor-widget elementor-widget-text-editor\" data-id=\"0d67817\" data-element_type=\"widget\" data-widget_type=\"text-editor.default\">\n\t\t\t\t<div class=\"elementor-widget-container\">\n\t\t\t\t\t\t\t\t\t<p><strong>A \u2013 Workshop de Gradua\u00e7\u00e3o (WG)<\/strong><\/p><p>Esta categoria \u00e9 direcionada aos trabalhos resultantes de pesquisas realizadas por alunos de gradua\u00e7\u00e3o, tais como: trabalhos de conclus\u00e3o de curso; inicia\u00e7\u00e3o cient\u00edfica; ou desenvolvidos em disciplinas.<\/p><p><strong>B \u2013 Workshop de P\u00f3s-Gradua\u00e7\u00e3o (WPG)<\/strong><\/p><p>Esta categoria \u00e9 direcionada aos trabalhos resultantes de pesquisas realizadas por alunos de p\u00f3s-gradua\u00e7\u00e3o (mestrado e doutorado).<\/p>\t\t\t\t\t\t\t\t<\/div>\n\t\t\t\t<\/div>\n\t\t\t\t\t<\/div>\n\t\t<\/div>\n\t\t\t\t<div class=\"elementor-column elementor-col-50 elementor-inner-column elementor-element elementor-element-a5d39b8\" data-id=\"a5d39b8\" data-element_type=\"column\">\n\t\t\t<div class=\"elementor-widget-wrap elementor-element-populated\">\n\t\t\t\t\t\t<div class=\"elementor-element elementor-element-60f9366 elementor-widget elementor-widget-text-editor\" data-id=\"60f9366\" data-element_type=\"widget\" data-widget_type=\"text-editor.default\">\n\t\t\t\t<div class=\"elementor-widget-container\">\n\t\t\t\t\t\t\t\t\t<p><strong>C \u2013 Sess\u00e3o Tem\u00e1tica<\/strong><\/p><p>Esta categoria \u00e9 direcionada aos trabalhos resultantes de pesquisas realizadas pela comunidade de engenharia de produ\u00e7\u00e3o. Todos os autores s\u00e3o convidados a publicar.<\/p><p><strong>D \u2013 Casos empresariais<\/strong><\/p><p>Esta categoria \u00e9 direcionada aos trabalhos que solucionaram problemas empresariais por meio de conhecimentos t\u00e9cnicos e cient\u00edficos da engenharia de produ\u00e7\u00e3o.<\/p>\t\t\t\t\t\t\t\t<\/div>\n\t\t\t\t<\/div>\n\t\t\t\t\t<\/div>\n\t\t<\/div>\n\t\t\t\t\t<\/div>\n\t\t<\/section>\n\t\t\t\t<div class=\"elementor-element elementor-element-98372ed elementor-align-justify elementor-widget elementor-widget-button\" data-id=\"98372ed\" data-element_type=\"widget\" data-widget_type=\"button.default\">\n\t\t\t\t<div class=\"elementor-widget-container\">\n\t\t\t\t\t\t\t\t\t<div class=\"elementor-button-wrapper\">\n\t\t\t\t\t<a class=\"elementor-button elementor-button-link elementor-size-sm\" href=\"https:\/\/abepro.org.br\/novo_sgai\/\">\n\t\t\t\t\t\t<span class=\"elementor-button-content-wrapper\">\n\t\t\t\t\t\t\t\t\t<span class=\"elementor-button-text\">Agendamento das apresenta\u00e7\u00f5es\/v\u00eddeo-p\u00f4ster - clique aqui<\/span>\n\t\t\t\t\t<\/span>\n\t\t\t\t\t<\/a>\n\t\t\t\t<\/div>\n\t\t\t\t\t\t\t\t<\/div>\n\t\t\t\t<\/div>\n\t\t\t\t<div class=\"elementor-element elementor-element-ac11b8c elementor-widget elementor-widget-spacer\" data-id=\"ac11b8c\" data-element_type=\"widget\" data-widget_type=\"spacer.default\">\n\t\t\t\t<div class=\"elementor-widget-container\">\n\t\t\t\t\t\t\t<div class=\"elementor-spacer\">\n\t\t\t<div class=\"elementor-spacer-inner\"><\/div>\n\t\t<\/div>\n\t\t\t\t\t\t<\/div>\n\t\t\t\t<\/div>\n\t\t\t\t<div class=\"elementor-element elementor-element-193a697 elementor-widget elementor-widget-heading\" data-id=\"193a697\" data-element_type=\"widget\" data-widget_type=\"heading.default\">\n\t\t\t\t<div class=\"elementor-widget-container\">\n\t\t\t\t\t<h2 class=\"elementor-heading-title elementor-size-default\">MODALIDADES DE APRESENTA\u00c7\u00c3O<\/h2>\t\t\t\t<\/div>\n\t\t\t\t<\/div>\n\t\t\t\t<div class=\"elementor-element elementor-element-2c2fa5f elementor-widget elementor-widget-text-editor\" data-id=\"2c2fa5f\" data-element_type=\"widget\" data-widget_type=\"text-editor.default\">\n\t\t\t\t<div class=\"elementor-widget-container\">\n\t\t\t\t\t\t\t\t\t<p>Os trabalhos aprovados nas categorias acima, de A \u00e0 D, podem ser apresentados nas modalidades: oral presencial ou v\u00eddeo poster.<\/p><ul><li>A sele\u00e7\u00e3o da modalidade de apresenta\u00e7\u00e3o \u00e9 realizada em per\u00edodo informado pela ABEPRO.<\/li><li>A sele\u00e7\u00e3o da modalidade de apresenta\u00e7\u00e3o ser\u00e1 realizada por um dos autores inscritos.<\/li><li>Os s\u00f3cios da ABEPRO ter\u00e3o prioridade no agendamento da modalidade de apresenta\u00e7\u00e3o.<\/li><li>As apresenta\u00e7\u00f5es orais presenciais possuem como restri\u00e7\u00e3o o n\u00famero f\u00edsico de sess\u00f5es, ap\u00f3s esgotadas as vagas para esta modalidade os demais trabalhos aprovados poder\u00e3o ser apresentados em v\u00eddeo poster.<\/li><li>Todos os trabalhos aprovados e com autor(es) inscrito(s) ser\u00e3o publicados nos Anais do ENEGEP, por\u00e9m somente os apresentados ter\u00e3o DOI.<\/li><\/ul>\t\t\t\t\t\t\t\t<\/div>\n\t\t\t\t<\/div>\n\t\t\t\t<div class=\"elementor-element elementor-element-69d4dcf elementor-widget elementor-widget-spacer\" data-id=\"69d4dcf\" data-element_type=\"widget\" data-widget_type=\"spacer.default\">\n\t\t\t\t<div class=\"elementor-widget-container\">\n\t\t\t\t\t\t\t<div class=\"elementor-spacer\">\n\t\t\t<div class=\"elementor-spacer-inner\"><\/div>\n\t\t<\/div>\n\t\t\t\t\t\t<\/div>\n\t\t\t\t<\/div>\n\t\t\t\t\t<\/div>\n\t\t<\/div>\n\t\t\t\t\t<\/div>\n\t\t<\/section>\n\t\t\t\t<section class=\"elementor-section elementor-top-section elementor-element elementor-element-271c2de elementor-section-boxed elementor-section-height-default elementor-section-height-default\" data-id=\"271c2de\" data-element_type=\"section\">\n\t\t\t\t\t\t<div class=\"elementor-container elementor-column-gap-default\">\n\t\t\t\t\t<div class=\"elementor-column elementor-col-100 elementor-top-column elementor-element elementor-element-e04a363\" data-id=\"e04a363\" data-element_type=\"column\">\n\t\t\t<div class=\"elementor-widget-wrap elementor-element-populated\">\n\t\t\t\t\t\t<div class=\"elementor-element elementor-element-2281cc7 elementor-widget elementor-widget-heading\" data-id=\"2281cc7\" data-element_type=\"widget\" data-widget_type=\"heading.default\">\n\t\t\t\t<div class=\"elementor-widget-container\">\n\t\t\t\t\t<h2 class=\"elementor-heading-title elementor-size-default\">Premia\u00e7\u00f5es<\/h2>\t\t\t\t<\/div>\n\t\t\t\t<\/div>\n\t\t\t\t<div class=\"elementor-element elementor-element-ec49de0 elementor-widget elementor-widget-text-editor\" data-id=\"ec49de0\" data-element_type=\"widget\" data-widget_type=\"text-editor.default\">\n\t\t\t\t<div class=\"elementor-widget-container\">\n\t\t\t\t\t\t\t\t\t<p>Ser\u00e3o selecionados 3 (tr\u00eas) trabalhos inscritos por categoria de submiss\u00e3o, de A \u00e0 D, tendo como crit\u00e9rios: a nota m\u00e9dia de avalia\u00e7\u00e3o dos revisores; a indica\u00e7\u00e3o para premia\u00e7\u00e3o pelos revisores; e a avalia\u00e7\u00e3o da Comiss\u00e3o Cient\u00edfica.<\/p><p>A crit\u00e9rio da Comiss\u00e3o Cient\u00edfica poder\u00e1 ter categoria de submiss\u00e3o sem trabalhos selecionados para premia\u00e7\u00e3o.<\/p><p>Os 3 (tr\u00eas) trabalhos selecionados para a premia\u00e7\u00e3o devem ser obrigatoriamente apresentados no ENEGEP na modalidade oral em sess\u00e3o espec\u00edfica agendada e comunicada pela Comiss\u00e3o Cient\u00edfica.<\/p><p>As apresenta\u00e7\u00f5es ser\u00e3o avaliadas pela Comiss\u00e3o Cient\u00edfica tendo como crit\u00e9rios: clareza da apresenta\u00e7\u00e3o; dom\u00ednio do conte\u00fado; e cumprimento do tempo de apresenta\u00e7\u00e3o.<\/p><p>O trabalho premiado em cada categoria, ser\u00e1 o que obtiver a maior nota resultante da m\u00e9dia aritm\u00e9tica simples da avalia\u00e7\u00e3o escrita e da apresenta\u00e7\u00e3o.<\/p><p>Aos demais trabalhos ser\u00e1 atribu\u00edda men\u00e7\u00e3o honrosa.<\/p>\t\t\t\t\t\t\t\t<\/div>\n\t\t\t\t<\/div>\n\t\t\t\t<div class=\"elementor-element elementor-element-d8f5ff2 elementor-widget elementor-widget-spacer\" data-id=\"d8f5ff2\" data-element_type=\"widget\" data-widget_type=\"spacer.default\">\n\t\t\t\t<div class=\"elementor-widget-container\">\n\t\t\t\t\t\t\t<div class=\"elementor-spacer\">\n\t\t\t<div class=\"elementor-spacer-inner\"><\/div>\n\t\t<\/div>\n\t\t\t\t\t\t<\/div>\n\t\t\t\t<\/div>\n\t\t\t\t\t<\/div>\n\t\t<\/div>\n\t\t\t\t\t<\/div>\n\t\t<\/section>\n\t\t\t\t<section class=\"elementor-section elementor-top-section elementor-element elementor-element-df0a255 elementor-section-boxed elementor-section-height-default elementor-section-height-default\" data-id=\"df0a255\" data-element_type=\"section\">\n\t\t\t\t\t\t<div class=\"elementor-container elementor-column-gap-default\">\n\t\t\t\t\t<div class=\"elementor-column elementor-col-100 elementor-top-column elementor-element elementor-element-b02b976\" data-id=\"b02b976\" data-element_type=\"column\">\n\t\t\t<div class=\"elementor-widget-wrap elementor-element-populated\">\n\t\t\t\t\t\t<div class=\"elementor-element elementor-element-11792c5 elementor-widget elementor-widget-heading\" data-id=\"11792c5\" data-element_type=\"widget\" data-widget_type=\"heading.default\">\n\t\t\t\t<div class=\"elementor-widget-container\">\n\t\t\t\t\t<h2 class=\"elementor-heading-title elementor-size-default\">Modelos para submiss\u00e3o e apresenta\u00e7\u00e3o <\/h2>\t\t\t\t<\/div>\n\t\t\t\t<\/div>\n\t\t\t\t<div class=\"elementor-element elementor-element-af88c28 elementor-widget elementor-widget-text-editor\" data-id=\"af88c28\" data-element_type=\"widget\" data-widget_type=\"text-editor.default\">\n\t\t\t\t<div class=\"elementor-widget-container\">\n\t\t\t\t\t\t\t\t\t<p><a href=\"https:\/\/portal.abepro.org.br\/abepro2025\/wp-content\/uploads\/2025\/02\/Capa-Artigo-ENEGEP-2025-modelo.docx\" target=\"_blank\" rel=\"noopener\">Capa Artigo ENEGEP 2025 (modelo)<\/a><\/p><p><a href=\"https:\/\/portal.abepro.org.br\/abepro2025\/wp-content\/uploads\/2025\/02\/Corpo-Artigo-ENEGEP-2025-modelo.docx\" target=\"_blank\" rel=\"noopener\">Corpo Artigo ENEGEP 2025 (modelo)<\/a><\/p><p><a href=\"https:\/\/portal.abepro.org.br\/abepro2025\/wp-content\/uploads\/2025\/02\/Capa-Caso-Empresarial-ENEGEP-2025-modelo.docx\" target=\"_blank\" rel=\"noopener\">Capa Caso Empresarial ENEGEP 2025 (modelo)<\/a><\/p><p><a href=\"https:\/\/portal.abepro.org.br\/abepro2025\/wp-content\/uploads\/2025\/02\/Corpo-Caso-Empresarial-ENEGEP-2025-modelo.docx\" target=\"_blank\" rel=\"noopener\">Corpo Caso Empresarial ENEGEP 2025 (modelo)<\/a><\/p><p><a href=\"https:\/\/portal.abepro.org.br\/abepro2025\/wp-content\/uploads\/2025\/02\/Business-Case-Cover-ENEGEP-2025-modelo.docx\" target=\"_blank\" rel=\"noopener\">Business Case Cover ENEGEP 2025 (modelo)<\/a><\/p><p><a href=\"https:\/\/portal.abepro.org.br\/abepro2025\/wp-content\/uploads\/2025\/02\/Business-Case-Body-ENEGEP-2025-modelo.docx\" target=\"_blank\" rel=\"noopener\">Business Case Body ENEGEP 2025 (modelo)<\/a><\/p><p><a href=\"https:\/\/portal.abepro.org.br\/abepro2025\/wp-content\/uploads\/2025\/02\/ENEGEP-2025-Areas-e-Subareas-para-submissao.pdf\" target=\"_blank\" rel=\"noopener\">\u00c1reas e Sub\u00e1reas da Engenharia de Produ\u00e7\u00e3o<\/a><\/p><p><strong>IMPORTANTE:<\/strong> <em>O envio dos dois documentos \u00e9 obrigat\u00f3rio para que a submiss\u00e3o seja completa. Os dois arquivos dever\u00e3o ser enviados em vers\u00e3o final e em PDF. \u00c9 de responsabilidade dos autores os dados neles inseridos. N\u00e3o ser\u00e3o permitidas altera\u00e7\u00f5es ap\u00f3s o fim do prazo de submiss\u00e3o.<\/em><\/p>\t\t\t\t\t\t\t\t<\/div>\n\t\t\t\t<\/div>\n\t\t\t\t<div class=\"elementor-element elementor-element-d55324f elementor-widget elementor-widget-spacer\" data-id=\"d55324f\" data-element_type=\"widget\" data-widget_type=\"spacer.default\">\n\t\t\t\t<div class=\"elementor-widget-container\">\n\t\t\t\t\t\t\t<div class=\"elementor-spacer\">\n\t\t\t<div class=\"elementor-spacer-inner\"><\/div>\n\t\t<\/div>\n\t\t\t\t\t\t<\/div>\n\t\t\t\t<\/div>\n\t\t\t\t\t<\/div>\n\t\t<\/div>\n\t\t\t\t\t<\/div>\n\t\t<\/section>\n\t\t\t\t<section class=\"elementor-section elementor-top-section elementor-element elementor-element-8d0deac elementor-section-boxed elementor-section-height-default elementor-section-height-default\" data-id=\"8d0deac\" data-element_type=\"section\">\n\t\t\t\t\t\t<div class=\"elementor-container elementor-column-gap-default\">\n\t\t\t\t\t<div class=\"elementor-column elementor-col-100 elementor-top-column elementor-element elementor-element-3514a4d\" data-id=\"3514a4d\" data-element_type=\"column\">\n\t\t\t<div class=\"elementor-widget-wrap elementor-element-populated\">\n\t\t\t\t\t\t<div class=\"elementor-element elementor-element-979a58a elementor-widget elementor-widget-heading\" data-id=\"979a58a\" data-element_type=\"widget\" data-widget_type=\"heading.default\">\n\t\t\t\t<div class=\"elementor-widget-container\">\n\t\t\t\t\t<h2 class=\"elementor-heading-title elementor-size-default\">CONTRIBUI\u00c7\u00c3O DA COMUNIDADE<\/h2>\t\t\t\t<\/div>\n\t\t\t\t<\/div>\n\t\t\t\t<div class=\"elementor-element elementor-element-8abf242 elementor-widget elementor-widget-text-editor\" data-id=\"8abf242\" data-element_type=\"widget\" data-widget_type=\"text-editor.default\">\n\t\t\t\t<div class=\"elementor-widget-container\">\n\t\t\t\t\t\t\t\t\t<p><a href=\"https:\/\/www.youtube.com\/watch?v=nr7WmGgqRqA\">Acesse aqui<\/a>\u00a0o v\u00eddeo sobre Como Elaborar Artigos Cient\u00edficos, com as Professoras Sandra Morioka e Cl\u00e1udia Gohr.<\/p><p><a href=\"https:\/\/portal.abepro.org.br\/enegep\/2023\/wp-content\/uploads\/2022\/04\/COMO-ESCREVER-ARTIGOS-CIENTIFICOS.pdf\">Como escrever artigos cient\u00edficos (PDF)<\/a><\/p><p><strong>Termos e Condi\u00e7\u00f5es<\/strong><\/p><p>O artigo publicado passa a ser propriedade da Associa\u00e7\u00e3o Brasileira de Engenharia de Produ\u00e7\u00e3o (ABEPRO) e \u00e9 de inteira responsabilidade do(s) autor(es), cabendo \u00e0 ABEPRO apenas a avalia\u00e7\u00e3o dos artigos e a organiza\u00e7\u00e3o do Encontro Nacional de Engenharia de Produ\u00e7\u00e3o (ENEGEP). A ABEPRO n\u00e3o se responsabiliza por eventuais viola\u00e7\u00f5es \u00e0 Lei n\u00ba 9.610\/1998, Lei de Direito Autoral.<\/p><p>Todos os trabalhos aprovados passar\u00e3o pelo Ithenticate para verifica\u00e7\u00e3o de eventual pl\u00e1gio e poder\u00e3o ser reprovados nessa etapa, mesmo ap\u00f3s previamente aprovados para publica\u00e7\u00e3o.<\/p><p>Os Anais do Encontro Nacional de Engenharia de Produ\u00e7\u00e3o (ENEGEP) ser\u00e3o licenciados sob uma Licen\u00e7a\u00a0<a href=\"https:\/\/creativecommons.org\/licenses\/by-nc-nd\/2.5\/br\/deed.pt_BR\">Creative Commons Atribui\u00e7\u00e3o-N\u00e3oComercial-SemDerivados 2.5 Brasil.<\/a><\/p>\t\t\t\t\t\t\t\t<\/div>\n\t\t\t\t<\/div>\n\t\t\t\t\t<\/div>\n\t\t<\/div>\n\t\t\t\t\t<\/div>\n\t\t<\/section>\n\t\t\t\t<section class=\"elementor-section elementor-top-section elementor-element elementor-element-a0c1f7e elementor-section-boxed elementor-section-height-default elementor-section-height-default\" data-id=\"a0c1f7e\" data-element_type=\"section\">\n\t\t\t\t\t\t<div class=\"elementor-container elementor-column-gap-default\">\n\t\t\t\t\t<div class=\"elementor-column elementor-col-100 elementor-top-column elementor-element elementor-element-5bfd94e\" data-id=\"5bfd94e\" data-element_type=\"column\">\n\t\t\t<div class=\"elementor-widget-wrap elementor-element-populated\">\n\t\t\t\t\t\t<div class=\"elementor-element elementor-element-84d868a elementor-widget elementor-widget-text-editor\" data-id=\"84d868a\" data-element_type=\"widget\" data-widget_type=\"text-editor.default\">\n\t\t\t\t<div class=\"elementor-widget-container\">\n\t\t\t\t\t\t\t\t\t<p>O nosso time de comunica\u00e7\u00e3o preparou um <em>dashboard<\/em> com muitos dados interessantes das edi\u00e7\u00f5es passadas do evento.\u00a0<\/p>\t\t\t\t\t\t\t\t<\/div>\n\t\t\t\t<\/div>\n\t\t\t\t<div class=\"elementor-element elementor-element-1c490e4 elementor-widget elementor-widget-image\" data-id=\"1c490e4\" data-element_type=\"widget\" data-widget_type=\"image.default\">\n\t\t\t\t<div class=\"elementor-widget-container\">\n\t\t\t\t\t\t\t\t\t\t\t\t\t\t\t\t<a href=\"https:\/\/portal.abepro.org.br\/enegep\/2025\/wp-content\/uploads\/2025\/04\/Dados-interessantes-do-ENEGEP.pdf\">\n\t\t\t\t\t\t\t<img fetchpriority=\"high\" decoding=\"async\" width=\"800\" height=\"400\" src=\"https:\/\/portal.abepro.org.br\/enegep\/2025\/wp-content\/uploads\/2025\/03\/Dados-interessantes-do-ENEGEP-1200-\u00d7-600-px-1024x512.png\" class=\"attachment-large size-large wp-image-4986\" alt=\"\" srcset=\"https:\/\/portal.abepro.org.br\/enegep\/2025\/wp-content\/uploads\/2025\/03\/Dados-interessantes-do-ENEGEP-1200-\u00d7-600-px-1024x512.png 1024w, https:\/\/portal.abepro.org.br\/enegep\/2025\/wp-content\/uploads\/2025\/03\/Dados-interessantes-do-ENEGEP-1200-\u00d7-600-px-300x150.png 300w, https:\/\/portal.abepro.org.br\/enegep\/2025\/wp-content\/uploads\/2025\/03\/Dados-interessantes-do-ENEGEP-1200-\u00d7-600-px-768x384.png 768w, https:\/\/portal.abepro.org.br\/enegep\/2025\/wp-content\/uploads\/2025\/03\/Dados-interessantes-do-ENEGEP-1200-\u00d7-600-px.png 1200w\" sizes=\"(max-width: 800px) 100vw, 800px\" \/>\t\t\t\t\t\t\t\t<\/a>\n\t\t\t\t\t\t\t\t\t\t\t\t\t\t\t<\/div>\n\t\t\t\t<\/div>\n\t\t\t\t<div class=\"elementor-element elementor-element-ac631c7 elementor-widget elementor-widget-text-editor\" data-id=\"ac631c7\" data-element_type=\"widget\" data-widget_type=\"text-editor.default\">\n\t\t\t\t<div class=\"elementor-widget-container\">\n\t\t\t\t\t\t\t\t\t<p>Essa e outras informa\u00e7\u00f5es voc\u00ea encontra no dashboard completo <a href=\"https:\/\/portal.abepro.org.br\/enegep\/2025\/wp-content\/uploads\/2025\/04\/Dados-interessantes-do-ENEGEP.pdf\" target=\"_blank\" rel=\"noopener\">clicando aqui.<\/a><\/p>\t\t\t\t\t\t\t\t<\/div>\n\t\t\t\t<\/div>\n\t\t\t\t\t<\/div>\n\t\t<\/div>\n\t\t\t\t\t<\/div>\n\t\t<\/section>\n\t\t\t\t<\/div>\n\t\t","protected":false},"excerpt":{"rendered":"<p>Submiss\u00f5es O Encontro Nacional de Engenharia de Produ\u00e7\u00e3o (ENEGEP) \u00e9 o maior evento nacional da \u00e1rea de Engenharia de Produ\u00e7\u00e3o organizado pela Associa\u00e7\u00e3o Brasileira de Engenharia de Produ\u00e7\u00e3o (ABEPRO) e j\u00e1 est\u00e1 na 45\u00aa edi\u00e7\u00e3o. Re\u00fane a comunidade acad\u00eamica, pesquisadores, professores e estudantes, empres\u00e1rios, consultores, engenheiros, administradores e demais profissionais atuantes na Engenharia de Produ\u00e7\u00e3o. [&hellip;]<\/p>\n","protected":false},"author":1,"featured_media":0,"parent":0,"menu_order":0,"comment_status":"closed","ping_status":"closed","template":"","meta":{"footnotes":""},"class_list":["post-409","page","type-page","status-publish","hentry"],"_links":{"self":[{"href":"https:\/\/portal.abepro.org.br\/enegep\/2025\/wp-json\/wp\/v2\/pages\/409","targetHints":{"allow":["GET"]}}],"collection":[{"href":"https:\/\/portal.abepro.org.br\/enegep\/2025\/wp-json\/wp\/v2\/pages"}],"about":[{"href":"https:\/\/portal.abepro.org.br\/enegep\/2025\/wp-json\/wp\/v2\/types\/page"}],"author":[{"embeddable":true,"href":"https:\/\/portal.abepro.org.br\/enegep\/2025\/wp-json\/wp\/v2\/users\/1"}],"replies":[{"embeddable":true,"href":"https:\/\/portal.abepro.org.br\/enegep\/2025\/wp-json\/wp\/v2\/comments?post=409"}],"version-history":[{"count":235,"href":"https:\/\/portal.abepro.org.br\/enegep\/2025\/wp-json\/wp\/v2\/pages\/409\/revisions"}],"predecessor-version":[{"id":5892,"href":"https:\/\/portal.abepro.org.br\/enegep\/2025\/wp-json\/wp\/v2\/pages\/409\/revisions\/5892"}],"wp:attachment":[{"href":"https:\/\/portal.abepro.org.br\/enegep\/2025\/wp-json\/wp\/v2\/media?parent=409"}],"curies":[{"name":"wp","href":"https:\/\/api.w.org\/{rel}","templated":true}]}}