{"id":439,"date":"2019-01-27T17:52:24","date_gmt":"2019-01-27T19:52:24","guid":{"rendered":"https:\/\/portal.abepro.org.br\/enegep\/2025\/?page_id=439"},"modified":"2025-03-08T22:07:15","modified_gmt":"2025-03-09T01:07:15","slug":"finalistas","status":"publish","type":"page","link":"https:\/\/portal.abepro.org.br\/enegep\/2025\/finalistas\/","title":{"rendered":"Finalistas"},"content":{"rendered":"\t\t<div data-elementor-type=\"wp-post\" data-elementor-id=\"439\" class=\"elementor elementor-439\" data-elementor-post-type=\"page\">\n\t\t\t\t\t\t<section class=\"elementor-section elementor-top-section elementor-element elementor-element-109efd59 elementor-section-boxed elementor-section-height-default elementor-section-height-default\" data-id=\"109efd59\" data-element_type=\"section\">\n\t\t\t\t\t\t<div class=\"elementor-container elementor-column-gap-default\">\n\t\t\t\t\t<div class=\"elementor-column elementor-col-100 elementor-top-column elementor-element elementor-element-1f11b9e5\" data-id=\"1f11b9e5\" data-element_type=\"column\">\n\t\t\t<div class=\"elementor-widget-wrap elementor-element-populated\">\n\t\t\t\t\t\t<div class=\"elementor-element elementor-element-bb7a17f elementor-widget-divider--view-line elementor-widget elementor-widget-divider\" data-id=\"bb7a17f\" data-element_type=\"widget\" data-widget_type=\"divider.default\">\n\t\t\t\t<div class=\"elementor-widget-container\">\n\t\t\t\t\t\t\t<div class=\"elementor-divider\">\n\t\t\t<span class=\"elementor-divider-separator\">\n\t\t\t\t\t\t<\/span>\n\t\t<\/div>\n\t\t\t\t\t\t<\/div>\n\t\t\t\t<\/div>\n\t\t\t\t<div class=\"elementor-element elementor-element-b978c6a elementor-widget elementor-widget-heading\" data-id=\"b978c6a\" data-element_type=\"widget\" data-widget_type=\"heading.default\">\n\t\t\t\t<div class=\"elementor-widget-container\">\n\t\t\t\t\t<h2 class=\"elementor-heading-title elementor-size-default\">Finalistas  Pr\u00eamio ABEPRO 2024 <\/h2>\t\t\t\t<\/div>\n\t\t\t\t<\/div>\n\t\t\t\t<section class=\"elementor-section elementor-inner-section elementor-element elementor-element-8dd14a8 elementor-section-boxed elementor-section-height-default elementor-section-height-default\" data-id=\"8dd14a8\" data-element_type=\"section\">\n\t\t\t\t\t\t<div class=\"elementor-container elementor-column-gap-default\">\n\t\t\t\t\t<div class=\"elementor-column elementor-col-50 elementor-inner-column elementor-element elementor-element-6504518\" data-id=\"6504518\" data-element_type=\"column\">\n\t\t\t<div class=\"elementor-widget-wrap elementor-element-populated\">\n\t\t\t\t\t\t<div class=\"elementor-element elementor-element-9c2bf84 elementor-widget elementor-widget-accordion\" data-id=\"9c2bf84\" data-element_type=\"widget\" data-widget_type=\"accordion.default\">\n\t\t\t\t<div class=\"elementor-widget-container\">\n\t\t\t\t\t\t\t<div class=\"elementor-accordion\">\n\t\t\t\t\t\t\t<div class=\"elementor-accordion-item\">\n\t\t\t\t\t<div id=\"elementor-tab-title-1631\" class=\"elementor-tab-title\" data-tab=\"1\" role=\"button\" aria-controls=\"elementor-tab-content-1631\" aria-expanded=\"false\">\n\t\t\t\t\t\t\t\t\t\t\t\t\t<span class=\"elementor-accordion-icon elementor-accordion-icon-left\" aria-hidden=\"true\">\n\t\t\t\t\t\t\t\t\t\t\t\t\t\t\t<span class=\"elementor-accordion-icon-closed\"><i class=\"fas fa-plus\"><\/i><\/span>\n\t\t\t\t\t\t\t\t<span class=\"elementor-accordion-icon-opened\"><i class=\"fas fa-minus\"><\/i><\/span>\n\t\t\t\t\t\t\t\t\t\t\t\t\t\t<\/span>\n\t\t\t\t\t\t\t\t\t\t\t\t<a class=\"elementor-accordion-title\" tabindex=\"0\">Trabalho de Conclus\u00e3o de Curso (Pr\u00eamio Luiz Antonio Meirelles): Gradua\u00e7\u00e3o<\/a>\n\t\t\t\t\t<\/div>\n\t\t\t\t\t<div id=\"elementor-tab-content-1631\" class=\"elementor-tab-content elementor-clearfix\" data-tab=\"1\" role=\"region\" aria-labelledby=\"elementor-tab-title-1631\"><p><strong>T\u00edtulo do trabalho:<\/strong> An\u00e1lise de efici\u00eancia do transporte mar\u00edtimo pela perspectiva sustent\u00e1vel \u2013 estudo de caso em empresa brasileira de cabotagem.<\/p><p><strong>Institui\u00e7\u00e3o:<\/strong> PUC-Rio<\/p><p><strong>Autor(a):<\/strong> Pedro Lemos da Silva Araujo<\/p><p><strong>Orientador:<\/strong> Profs. Rodrigo Goyannes Gusm\u00e3o Caiado, Renan Silva Santos<\/p><p>\u00a0<\/p><p><strong>T\u00edtulo do trabalho:\u00a0 <\/strong>OVERALL LEAN &amp; GREEN EFFECTIVENESS BASED ON THE SUSTAINABLE VALUE STREAM MAPPING ADAPTED TO AGRIBUSINESS<\/p><p><strong>Institui\u00e7\u00e3o:<\/strong> UFSCar &#8211; Campus Sorocaba<\/p><p><strong>Autor(a):<\/strong> Guilherme Andreazza de Freitas<\/p><p><strong>Orientador: <\/strong>Diogo Aparecido Lopes da Silva<\/p><p>\u00a0<\/p><p><strong>T\u00edtulo do trabalho: <\/strong>Previs\u00e3o de demanda no varejo utilizando aprendizado de m\u00e1quina: um estudo de caso em uma loja de uniformes<\/p><p><strong>Institui\u00e7\u00e3o:<\/strong> UFRJ<\/p><p><strong>Autor(a):<\/strong> Camila Ana de Souza Campelo Salgado<\/p><p><strong>Orientador:\u00a0 <\/strong>Profa. Jana\u00edna Sant\u2019Anna Gomide, Profa. Milena Estanislau Diniz Mansur Dos Reis<\/p><p>\u00a0<\/p><p><strong>T\u00edtulo do trabalho: <\/strong>UTILIZA\u00c7\u00c3O DE APRENDIZAGEM DE M\u00c1QUINA PARA PREVIS\u00c3O DO \u00cdNDICE DE FLUIDEZ DE POLIETILENO DE ALTA DENSIDADE<\/p><p><strong>Institui\u00e7\u00e3o:<\/strong> UNISINOS<\/p><p><strong>Autor(a):<\/strong> Nilson Danowski Pereira<\/p><p><strong>Orientador: <\/strong>Leandro Gauss<\/p><p>\u00a0<\/p><p><strong>T\u00edtulo do trabalho: <\/strong>Aplica\u00e7\u00e3o de Delineamento de Experimentos Complexos em um Sistema Rob\u00f3tico de Combate Voltado para Competi\u00e7\u00e3o<\/p><p><strong>Institui\u00e7\u00e3o:<\/strong> Poli\/USP<\/p><p><strong>Autor(a):<\/strong> \u00c2ngelo Shigueki Ragassi Inoue<\/p><p><strong>Orientador: <\/strong>Linda Lee Ho<\/p><\/div>\n\t\t\t\t<\/div>\n\t\t\t\t\t\t\t<div class=\"elementor-accordion-item\">\n\t\t\t\t\t<div id=\"elementor-tab-title-1632\" class=\"elementor-tab-title\" data-tab=\"2\" role=\"button\" aria-controls=\"elementor-tab-content-1632\" aria-expanded=\"false\">\n\t\t\t\t\t\t\t\t\t\t\t\t\t<span class=\"elementor-accordion-icon elementor-accordion-icon-left\" aria-hidden=\"true\">\n\t\t\t\t\t\t\t\t\t\t\t\t\t\t\t<span class=\"elementor-accordion-icon-closed\"><i class=\"fas fa-plus\"><\/i><\/span>\n\t\t\t\t\t\t\t\t<span class=\"elementor-accordion-icon-opened\"><i class=\"fas fa-minus\"><\/i><\/span>\n\t\t\t\t\t\t\t\t\t\t\t\t\t\t<\/span>\n\t\t\t\t\t\t\t\t\t\t\t\t<a class=\"elementor-accordion-title\" tabindex=\"0\">Disserta\u00e7\u00e3o de Mestrado Acad\u00eamico<\/a>\n\t\t\t\t\t<\/div>\n\t\t\t\t\t<div id=\"elementor-tab-content-1632\" class=\"elementor-tab-content elementor-clearfix\" data-tab=\"2\" role=\"region\" aria-labelledby=\"elementor-tab-title-1632\"><p><strong>T\u00edtulo do trabalho:<\/strong> Net Zero Energy Public: Proposal for a Method to Transform Public Buildings into Net Zero Energy<\/p><p><strong>Institui\u00e7\u00e3o:<\/strong> Unisinos<\/p><p><strong>Autor(a):<\/strong> B\u00e1rbara Pisoni Bender Andrade<\/p><p><strong>Orientador: <\/strong>F\u00e1bio Ant\u00f4nio Sartori Piran<\/p><p>\u00a0<\/p><p><strong>T\u00edtulo do trabalho:<\/strong> Knowledge Management Enablers, Barriers, and Capabilities in Project Level: A Multimethod Approach<\/p><p><strong>Institui\u00e7\u00e3o:<\/strong> Poli\/USP<\/p><p><strong>Autor(a):<\/strong> Josivan Leite Alves<\/p><p><strong>Orientador:\u00a0<\/strong> Marly Monteiro de Carvalho<\/p><p>\u00a0<\/p><p><strong>T\u00edtulo do trabalho:<\/strong> Abordagem Multicrit\u00e9rio Construtivista para Apoio \u00e0 Gest\u00e3o da Inova\u00e7\u00e3o no Setor Portu\u00e1rio<\/p><p><strong>Institui\u00e7\u00e3o:<\/strong> UFSC<\/p><p><strong>Autor(a):<\/strong> Luiz Junior Maemura Yoshiura<\/p><p><strong>Orientador: <\/strong>Sandra Rolim Ensslin<\/p><\/div>\n\t\t\t\t<\/div>\n\t\t\t\t\t\t\t<div class=\"elementor-accordion-item\">\n\t\t\t\t\t<div id=\"elementor-tab-title-1633\" class=\"elementor-tab-title\" data-tab=\"3\" role=\"button\" aria-controls=\"elementor-tab-content-1633\" aria-expanded=\"false\">\n\t\t\t\t\t\t\t\t\t\t\t\t\t<span class=\"elementor-accordion-icon elementor-accordion-icon-left\" aria-hidden=\"true\">\n\t\t\t\t\t\t\t\t\t\t\t\t\t\t\t<span class=\"elementor-accordion-icon-closed\"><i class=\"fas fa-plus\"><\/i><\/span>\n\t\t\t\t\t\t\t\t<span class=\"elementor-accordion-icon-opened\"><i class=\"fas fa-minus\"><\/i><\/span>\n\t\t\t\t\t\t\t\t\t\t\t\t\t\t<\/span>\n\t\t\t\t\t\t\t\t\t\t\t\t<a class=\"elementor-accordion-title\" tabindex=\"0\">Disserta\u00e7\u00e3o Mestrado Profissional \u2013 Produttare<\/a>\n\t\t\t\t\t<\/div>\n\t\t\t\t\t<div id=\"elementor-tab-content-1633\" class=\"elementor-tab-content elementor-clearfix\" data-tab=\"3\" role=\"region\" aria-labelledby=\"elementor-tab-title-1633\"><p><strong>T\u00edtulo do trabalho:<\/strong> Transforma\u00e7\u00e3o digital na ind\u00fastria de Defesa: an\u00e1lise da ado\u00e7\u00e3o da Intelig\u00eancia Artificial na performance e resili\u00eancia da cadeia de suprimentos<\/p><p><strong>Institui\u00e7\u00e3o:<\/strong> PUC-Rio<\/p><p><strong>Autor(a):<\/strong> Rafael de Oliveira Vargas\u00a0<\/p><p><strong>Orientador:\u00a0 <\/strong>Rodrigo Goyannes Gusm\u00e3o Caiado, Adauto Farias Bueno\u00a0<\/p><p>\u00a0<\/p><p><strong>T\u00edtulo do trabalho:<\/strong> FRAMEWORK DE SELE\u00c7\u00c3O DE PORTF\u00d3LIO PARA INVESTIMENTOS EM ECONOMIA CIRCULAR<\/p><p><strong>Institui\u00e7\u00e3o:<\/strong> UFRGS<\/p><p><strong>Autor(a):<\/strong> Guilherme Candia Donat<\/p><p><strong>Orientador: <\/strong>Joana Siqueira de Souza<\/p><p>\u00a0<\/p><p><strong>T\u00edtulo do trabalho:<\/strong> AVALIA\u00c7\u00c3O DO IMPACTO DO LEAN MANUFACTURING NO DESEMPENHO DA MANUFATURA SUSTENT\u00c1VEL PARA SUPORTE A TOMADA DE DECIS\u00c3O NO SETOR AUTOMOTIVO BRASILEIRO<\/p><p><strong>Institui\u00e7\u00e3o:<\/strong> UFF<\/p><p><strong>Autor(a):<\/strong> Mariana da Silva Barbosa Gama<\/p><p><strong>Orientador: <\/strong>Andrei Bonamigo<\/p><\/div>\n\t\t\t\t<\/div>\n\t\t\t\t\t\t\t<div class=\"elementor-accordion-item\">\n\t\t\t\t\t<div id=\"elementor-tab-title-1634\" class=\"elementor-tab-title\" data-tab=\"4\" role=\"button\" aria-controls=\"elementor-tab-content-1634\" aria-expanded=\"false\">\n\t\t\t\t\t\t\t\t\t\t\t\t\t<span class=\"elementor-accordion-icon elementor-accordion-icon-left\" aria-hidden=\"true\">\n\t\t\t\t\t\t\t\t\t\t\t\t\t\t\t<span class=\"elementor-accordion-icon-closed\"><i class=\"fas fa-plus\"><\/i><\/span>\n\t\t\t\t\t\t\t\t<span class=\"elementor-accordion-icon-opened\"><i class=\"fas fa-minus\"><\/i><\/span>\n\t\t\t\t\t\t\t\t\t\t\t\t\t\t<\/span>\n\t\t\t\t\t\t\t\t\t\t\t\t<a class=\"elementor-accordion-title\" tabindex=\"0\">Tese Doutorado (Acad\u00eamico ou Profissional)<\/a>\n\t\t\t\t\t<\/div>\n\t\t\t\t\t<div id=\"elementor-tab-content-1634\" class=\"elementor-tab-content elementor-clearfix\" data-tab=\"4\" role=\"region\" aria-labelledby=\"elementor-tab-title-1634\"><p><strong>T\u00edtulo do trabalho:<\/strong> DESIGN THINKING AS AN INNOVATION ENABLER IN HEALTHCARE<\/p><p><strong>Institui\u00e7\u00e3o:<\/strong> Poli\/USP<\/p><p><strong>Autor(a):<\/strong> Mariana Soares de Oliveira<\/p><p><strong>Orientador: <\/strong>Eduardo de Senzi Zancul<\/p><p><strong>T\u00edtulo do trabalho:<\/strong> Exploring Mechanisms as Boundary Objects for Connecting Design with Science in Operations Management Research<\/p><p><strong>Institui\u00e7\u00e3o:<\/strong> Unisinos<\/p><p><strong>Autor(a):<\/strong> Leandro Gauss<\/p><p><strong>Orientador: <\/strong>Daniel Pacheco Lacerda<\/p><p>\u00a0<\/p><p><strong>T\u00edtulo do trabalho:<\/strong> PEOPLE&#8217;S AWARENESS OF CIRCULAR ECONOMY: SCALE DEVELOPMENT AND RELATIONSHIP WITH SOCIAL INFLUENCE, PSYCHOLOGICAL BARRIERS, AND FAVOURABLE EVALUATION OF SUSTAINABLE DEVELOPMENT<\/p><p><strong>Institui\u00e7\u00e3o:<\/strong> UFSCar<\/p><p><strong>Autor(a):<\/strong> J\u00c9SSICA DOS SANTOS LEITE GONELLA<\/p><p><strong>Orientador: <\/strong>Moacir Godinho Filho<\/p><\/div>\n\t\t\t\t<\/div>\n\t\t\t\t\t\t\t\t<\/div>\n\t\t\t\t\t\t<\/div>\n\t\t\t\t<\/div>\n\t\t\t\t\t<\/div>\n\t\t<\/div>\n\t\t\t\t<div class=\"elementor-column elementor-col-50 elementor-inner-column elementor-element elementor-element-c5200fa\" data-id=\"c5200fa\" data-element_type=\"column\">\n\t\t\t<div class=\"elementor-widget-wrap elementor-element-populated\">\n\t\t\t\t\t\t<div class=\"elementor-element elementor-element-c367343 elementor-widget elementor-widget-accordion\" data-id=\"c367343\" data-element_type=\"widget\" data-widget_type=\"accordion.default\">\n\t\t\t\t<div class=\"elementor-widget-container\">\n\t\t\t\t\t\t\t<div class=\"elementor-accordion\">\n\t\t\t\t\t\t\t<div class=\"elementor-accordion-item\">\n\t\t\t\t\t<div id=\"elementor-tab-title-2041\" class=\"elementor-tab-title\" data-tab=\"1\" role=\"button\" aria-controls=\"elementor-tab-content-2041\" aria-expanded=\"false\">\n\t\t\t\t\t\t\t\t\t\t\t\t\t<span class=\"elementor-accordion-icon elementor-accordion-icon-left\" aria-hidden=\"true\">\n\t\t\t\t\t\t\t\t\t\t\t\t\t\t\t<span class=\"elementor-accordion-icon-closed\"><i class=\"fas fa-plus\"><\/i><\/span>\n\t\t\t\t\t\t\t\t<span class=\"elementor-accordion-icon-opened\"><i class=\"fas fa-minus\"><\/i><\/span>\n\t\t\t\t\t\t\t\t\t\t\t\t\t\t<\/span>\n\t\t\t\t\t\t\t\t\t\t\t\t<a class=\"elementor-accordion-title\" tabindex=\"0\">Submiss\u00f5es ENEGEP \u2013 Artigos de Sess\u00f5es Tem\u00e1ticas<\/a>\n\t\t\t\t\t<\/div>\n\t\t\t\t\t<div id=\"elementor-tab-content-2041\" class=\"elementor-tab-content elementor-clearfix\" data-tab=\"1\" role=\"region\" aria-labelledby=\"elementor-tab-title-2041\"><p><strong>T\u00edtulo do trabalho:<\/strong> DESAFIOS E PERCEP\u00c7\u00d5ES DAS COOPERATIVAS DE CR\u00c9DITO NA ADO\u00c7\u00c3O DE PR\u00c1TICAS DE ECONOMIA CIRCULAR<\/p><p><strong>Institui\u00e7\u00e3o:<\/strong> UFRN, Neoenergia Cosern e UFU<\/p><p><strong>Autores(as):<\/strong> Fernanda Queiroz, Ricardo Cordeiro de Oliveira, Marciano Furukava, NILTON CESAR LIMA, STEFANY ROCHA DE SOUZA<\/p><p><strong>T\u00edtulo do trabalho:<\/strong> Gest\u00e3o P\u00fablica, Governan\u00e7a e Sustentabilidade: Uma An\u00e1lise Bibliom\u00e9trica da Incorpora\u00e7\u00e3o de pr\u00e1ticas ESG ao Setor P\u00fablico<\/p><p><strong>Institui\u00e7\u00e3o:<\/strong> Unifei<\/p><p><strong>Autores(as):<\/strong> Hebert Wesley Pereira Zaroni, Rafael de Carvalho Miranda, Alexandre Ferreira de Pinho, Luiz Guilherme Azevedo Mauad<\/p><p>\u00a0<\/p><p><strong>T\u00edtulo do trabalho:<\/strong> ANTICIPATING FOR TENSIONS BETWEEN DIGITAL TECHNOLOGIES AND WORKERS: BUILDING STRATEGIES DURING THE TECHNOLOGICAL PROJECT DESIGN STAGE<\/p><p><strong>Institui\u00e7\u00e3o:<\/strong> UFRGS<\/p><p><strong>Autores(as):<\/strong> J\u00e9ssica de Assis Dornelles, Alejandro Germ\u00e1n Frank<\/p><p>\u00a0<\/p><p><strong>T\u00edtulo do trabalho:<\/strong> RENORMATIZA\u00c7\u00c3O DO TRABALHO NA PRODU\u00c7\u00c3O DE BISCOITOS EM UMA IND\u00daSTRIA ALIMENT\u00cdCIA<\/p><p><strong>Institui\u00e7\u00e3o:<\/strong> CEFET\/RJ e IFF<\/p><p><strong>Autores(as):<\/strong> Roberta Brand\u00e3o Machado, LUIZ PHILLIPE MOTA PESSANHA, Pillar Let\u00edcia Campos Ramos, Alexandre de Carvalho Castro<\/p><p>\u00a0<\/p><p><strong>T\u00edtulo do trabalho:<\/strong> Qualidade 4.0: Uma an\u00e1lise descritiva e explorat\u00f3ria do contexto atual<\/p><p><strong>Institui\u00e7\u00e3o:<\/strong> Unifei<\/p><p><strong>Autor(a):<\/strong> Marcela Xavier Tereza de Mello, Carlos Henrique Pereira Mello, Victor Eduardo de Mello Valerio, MARIA APARECIDA BARBOSA VIAM<\/p><\/div>\n\t\t\t\t<\/div>\n\t\t\t\t\t\t\t<div class=\"elementor-accordion-item\">\n\t\t\t\t\t<div id=\"elementor-tab-title-2042\" class=\"elementor-tab-title\" data-tab=\"2\" role=\"button\" aria-controls=\"elementor-tab-content-2042\" aria-expanded=\"false\">\n\t\t\t\t\t\t\t\t\t\t\t\t\t<span class=\"elementor-accordion-icon elementor-accordion-icon-left\" aria-hidden=\"true\">\n\t\t\t\t\t\t\t\t\t\t\t\t\t\t\t<span class=\"elementor-accordion-icon-closed\"><i class=\"fas fa-plus\"><\/i><\/span>\n\t\t\t\t\t\t\t\t<span class=\"elementor-accordion-icon-opened\"><i class=\"fas fa-minus\"><\/i><\/span>\n\t\t\t\t\t\t\t\t\t\t\t\t\t\t<\/span>\n\t\t\t\t\t\t\t\t\t\t\t\t<a class=\"elementor-accordion-title\" tabindex=\"0\">Submiss\u00f5es ENEGEP \u2013 Caso Empresarial<\/a>\n\t\t\t\t\t<\/div>\n\t\t\t\t\t<div id=\"elementor-tab-content-2042\" class=\"elementor-tab-content elementor-clearfix\" data-tab=\"2\" role=\"region\" aria-labelledby=\"elementor-tab-title-2042\"><p><strong>T\u00edtulo do trabalho:<\/strong> DESIGN PARA MANUFATURA ECON\u00d4MICA<\/p><p><strong>Institui\u00e7\u00e3o:<\/strong> Bruning e Unisinos<\/p><p><strong>Autores(as):<\/strong> Leandro Gauss, L\u00facio Cantarelli Noal, Maria Isabel Wolf Motta Morandi<\/p><p>\u00a0<\/p><p><strong>T\u00edtulo do trabalho:<\/strong> A JORNADA DO DIGITAL TWIN APLICADA \u00c0 AVALIA\u00c7\u00c3O DE PROCESSOS FABRIS PARA PRODU\u00c7\u00c3O DE VACINAS E BIOF\u00c1RMACOS NA FIOCRUZ<\/p><p><strong>Institui\u00e7\u00e3o:<\/strong> Fiocruz e Deloitte<\/p><p><strong>Autores(as):<\/strong> Felipe Rodrigues da Silva, Fernando Serva Cavalcanti, Fabricio da Silva Costa e David A Lazo-Vasquez<\/p><p>\u00a0<\/p><p><strong>T\u00edtulo do trabalho:<\/strong> MANUTEN\u00c7\u00c3O PRODUTIVA TOTAL COMO OPORTUNIDADE PARA O AUMENTO DA EFICI\u00caNCIA DO PARQUE FABRIL DE UMA COMPANHIA METALOMEC\u00c2NICA: UMA PESQUISA A\u00c7\u00c3O<\/p><p><strong>Institui\u00e7\u00e3o:<\/strong> UNISINOS<\/p><p><strong>Autores(as):<\/strong> Davenilcio Luiz de Souza, Jacson Rafael Weber, Alex Almeida dos Santos, Andr\u00e9 Luis Korzenowski, Leandro Giesel<\/p><p>\u00a0<\/p><p><strong>T\u00edtulo do trabalho:<\/strong> GEST\u00c3O DE PORTF\u00d3LIO DE PROJETOS DE INOVA\u00c7\u00c3O ABERTA EM UM HOSPITAL ONCOL\u00d3GICO<\/p><p><strong>Institui\u00e7\u00e3o:<\/strong> HARENA \u2013 Hospital de C\u00e2ncer de Barretos<\/p><p><strong>Autores(as):\u00a0 <\/strong>GUILHERME HERNANDES GARCIA SANCHEZ<\/p><\/div>\n\t\t\t\t<\/div>\n\t\t\t\t\t\t\t<div class=\"elementor-accordion-item\">\n\t\t\t\t\t<div id=\"elementor-tab-title-2043\" class=\"elementor-tab-title\" data-tab=\"3\" role=\"button\" aria-controls=\"elementor-tab-content-2043\" aria-expanded=\"false\">\n\t\t\t\t\t\t\t\t\t\t\t\t\t<span class=\"elementor-accordion-icon elementor-accordion-icon-left\" aria-hidden=\"true\">\n\t\t\t\t\t\t\t\t\t\t\t\t\t\t\t<span class=\"elementor-accordion-icon-closed\"><i class=\"fas fa-plus\"><\/i><\/span>\n\t\t\t\t\t\t\t\t<span class=\"elementor-accordion-icon-opened\"><i class=\"fas fa-minus\"><\/i><\/span>\n\t\t\t\t\t\t\t\t\t\t\t\t\t\t<\/span>\n\t\t\t\t\t\t\t\t\t\t\t\t<a class=\"elementor-accordion-title\" tabindex=\"0\">Submiss\u00f5es ENEGEP \u2013  Workshop de P\u00f3s-Gradua\u00e7\u00e3o <\/a>\n\t\t\t\t\t<\/div>\n\t\t\t\t\t<div id=\"elementor-tab-content-2043\" class=\"elementor-tab-content elementor-clearfix\" data-tab=\"3\" role=\"region\" aria-labelledby=\"elementor-tab-title-2043\"><p><strong>T\u00edtulo do trabalho:<\/strong> THE RELATIONSHIP AMONG INDUSTRY EMPLOYMENT LEVEL, MINIMUM WAGE AND UNEMPLOYMENT RATE IN BRAZIL: A VAR-BASED MODEL<\/p><p><strong>Institui\u00e7\u00e3o:<\/strong> UFSM e UFMS<\/p><p><strong>Autores(as):<\/strong> Rodrigo Schons Arenhart, Renan Mitsuo Ueda, Tailon Martins, Adriano Mendon\u00e7a Souza<\/p><p>\u00a0<\/p><p><strong>T\u00edtulo do trabalho:<\/strong> Evaluating a New Intermodal Terminal Using Markov Decision Process: A Case Study on Ferrogr\u00e3o Railroad<\/p><p><strong>Institui\u00e7\u00e3o:<\/strong> USP<\/p><p><strong>Autores(as):<\/strong> Ronaldo Benevides Veloso e Daniel de Oliveira Mota<\/p><p>\u00a0<\/p><p><strong>T\u00edtulo do trabalho:<\/strong> Transforming financial performance in ESG score: A DEA Efficiency Analysis in Brazilian Sustainability Index Amidst Crisis<\/p><p><strong>Institui\u00e7\u00e3o:<\/strong> USP, UFU e IFMG<\/p><p><strong>Autores(as):<\/strong> \u00cdcaro Guilherme F\u00e9lix da Cunha, Giovana Degaspari Pinto, Etienne Cardoso Abdala, Renata Veloso Santos Policarpo e Daisy Aparecida do Nascimento Rebelatto<\/p><p>\u00a0<\/p><\/div>\n\t\t\t\t<\/div>\n\t\t\t\t\t\t\t\t<\/div>\n\t\t\t\t\t\t<\/div>\n\t\t\t\t<\/div>\n\t\t\t\t\t<\/div>\n\t\t<\/div>\n\t\t\t\t\t<\/div>\n\t\t<\/section>\n\t\t\t\t<div class=\"elementor-element elementor-element-31a8e93 elementor-widget elementor-widget-spacer\" data-id=\"31a8e93\" data-element_type=\"widget\" data-widget_type=\"spacer.default\">\n\t\t\t\t<div class=\"elementor-widget-container\">\n\t\t\t\t\t\t\t<div class=\"elementor-spacer\">\n\t\t\t<div class=\"elementor-spacer-inner\"><\/div>\n\t\t<\/div>\n\t\t\t\t\t\t<\/div>\n\t\t\t\t<\/div>\n\t\t\t\t<div class=\"elementor-element elementor-element-68bf070 elementor-widget elementor-widget-heading\" data-id=\"68bf070\" data-element_type=\"widget\" data-widget_type=\"heading.default\">\n\t\t\t\t<div class=\"elementor-widget-container\">\n\t\t\t\t\t<h3 class=\"elementor-heading-title elementor-size-default\"><b>9. Calend\u00e1rio<\/b><\/h3>\t\t\t\t<\/div>\n\t\t\t\t<\/div>\n\t\t\t\t<div class=\"elementor-element elementor-element-7d80a3d elementor-widget elementor-widget-spacer\" data-id=\"7d80a3d\" data-element_type=\"widget\" data-widget_type=\"spacer.default\">\n\t\t\t\t<div class=\"elementor-widget-container\">\n\t\t\t\t\t\t\t<div class=\"elementor-spacer\">\n\t\t\t<div class=\"elementor-spacer-inner\"><\/div>\n\t\t<\/div>\n\t\t\t\t\t\t<\/div>\n\t\t\t\t<\/div>\n\t\t\t\t<div class=\"elementor-element elementor-element-8df9eb7 elementor-widget elementor-widget-text-editor\" data-id=\"8df9eb7\" data-element_type=\"widget\" data-widget_type=\"text-editor.default\">\n\t\t\t\t<div class=\"elementor-widget-container\">\n\t\t\t\t\t\t\t\t\t<table width=\"396\"><tbody><tr><td width=\"163\"><p>Data<\/p><\/td><td width=\"233\"><p>Descri\u00e7\u00e3o<\/p><\/td><\/tr><tr><td width=\"163\"><p>05 de julho de 2024<\/p><\/td><td width=\"233\"><p>Encerramento do prazo de envio de indica\u00e7\u00f5es<\/p><\/td><\/tr><tr><td width=\"163\"><p>08 de julho de 2024<\/p><\/td><td width=\"233\"><p>An\u00e1lise documental e encaminhamento das propostas aos avaliadores<\/p><\/td><\/tr><tr><td width=\"163\"><p>20 de agosto de 2024\u00a0<\/p><p><span style=\"color: #ff0000;\">15 de agosto de 2024 (prorrogado)<\/span><\/p><\/td><td width=\"233\"><p>Divulga\u00e7\u00e3o dos resultados preliminares e das sess\u00f5es de apresenta\u00e7\u00e3o a serem realizadas no ENEGEP 2024.\u00a0<\/p><p><strong>Nota de Aviso da Diretoria Cient\u00edfica da ABEPRO<\/strong><\/p><p>\u00c0 Comunidade de Engenharia de Produ\u00e7\u00e3o,<\/p><p>Gostar\u00edamos de informar que, devido \u00e0 grande quantidade de trabalhos submetidos para os Pr\u00eamios ABEPRO deste ano, os <strong>resultados ser\u00e3o anunciados no dia 20 de agosto de 2024.<\/strong> Agradecemos a todos os participantes pelo empenho e pela qualidade das submiss\u00f5es, que refletem o alto n\u00edvel de excel\u00eancia da nossa comunidade acad\u00eamica.<\/p><p>Contamos com a compreens\u00e3o de todos e estamos \u00e0 disposi\u00e7\u00e3o para quaisquer esclarecimentos.<\/p><p>Atenciosamente,<\/p><p>Diretoria Cient\u00edfica da ABEPRO<\/p><p>\u00a0<\/p><\/td><\/tr><\/tbody><\/table>\t\t\t\t\t\t\t\t<\/div>\n\t\t\t\t<\/div>\n\t\t\t\t<div class=\"elementor-element elementor-element-c94e6a1 elementor-widget elementor-widget-heading\" data-id=\"c94e6a1\" data-element_type=\"widget\" data-widget_type=\"heading.default\">\n\t\t\t\t<div class=\"elementor-widget-container\">\n\t\t\t\t\t<h3 class=\"elementor-heading-title elementor-size-default\"><b>10. Disposi\u00e7\u00f5es Gerais<\/b><\/h3>\t\t\t\t<\/div>\n\t\t\t\t<\/div>\n\t\t\t\t<div class=\"elementor-element elementor-element-937c5e5 elementor-widget elementor-widget-spacer\" data-id=\"937c5e5\" data-element_type=\"widget\" data-widget_type=\"spacer.default\">\n\t\t\t\t<div class=\"elementor-widget-container\">\n\t\t\t\t\t\t\t<div class=\"elementor-spacer\">\n\t\t\t<div class=\"elementor-spacer-inner\"><\/div>\n\t\t<\/div>\n\t\t\t\t\t\t<\/div>\n\t\t\t\t<\/div>\n\t\t\t\t<div class=\"elementor-element elementor-element-72935e4 elementor-widget elementor-widget-text-editor\" data-id=\"72935e4\" data-element_type=\"widget\" data-widget_type=\"text-editor.default\">\n\t\t\t\t<div class=\"elementor-widget-container\">\n\t\t\t\t\t\t\t\t\t<p>10.1 Os resultados dos recursos, previstos no subitem 7.2, ser\u00e3o comunicados por escrito aos recorrentes;<\/p><p>10.2 A exist\u00eancia de eventuais recursos impedir\u00e1 o andamento normal de todas as demais a\u00e7\u00f5es e procedimentos previstos para este Edital;<\/p><p>10.3 A qualquer tempo, o presente Edital poder\u00e1 ser revogado ou anulado, no todo ou em parte, seja por decis\u00e3o unilateral da ABEPRO, seja por motivo de interesse da comunidade de Engenharia de Produ\u00e7\u00e3o ou exig\u00eancia legal, sem que isso implique direito \u00e0 indeniza\u00e7\u00e3o ou reclama\u00e7\u00e3o de qualquer natureza.<\/p><p>Rio de Janeiro, 01 de abril de 2024.<\/p><table width=\"100%\"><tbody><tr><td><p><b>Rafael Garcia Barbastefano<\/b><br \/>Diretor Cient\u00edfico<\/p><\/td><\/tr><\/tbody><\/table><table width=\"100%\"><tbody><tr><td><p><strong>Antonio Cezar Bornia<\/strong><\/p><p>Presidente<\/p><\/td><\/tr><\/tbody><\/table>\t\t\t\t\t\t\t\t<\/div>\n\t\t\t\t<\/div>\n\t\t\t\t\t<\/div>\n\t\t<\/div>\n\t\t\t\t\t<\/div>\n\t\t<\/section>\n\t\t\t\t<\/div>\n\t\t","protected":false},"excerpt":{"rendered":"<p>Finalistas Pr\u00eamio ABEPRO 2024 Trabalho de Conclus\u00e3o de Curso (Pr\u00eamio Luiz Antonio Meirelles): Gradua\u00e7\u00e3o T\u00edtulo do trabalho: An\u00e1lise de efici\u00eancia do transporte mar\u00edtimo pela perspectiva sustent\u00e1vel \u2013 estudo de caso em empresa brasileira de cabotagem. Institui\u00e7\u00e3o: PUC-Rio Autor(a): Pedro Lemos da Silva Araujo Orientador: Profs. Rodrigo Goyannes Gusm\u00e3o Caiado, Renan Silva Santos T\u00edtulo do trabalho:\u00a0 [&hellip;]<\/p>\n","protected":false},"author":1,"featured_media":0,"parent":0,"menu_order":0,"comment_status":"closed","ping_status":"closed","template":"","meta":{"footnotes":""},"class_list":["post-439","page","type-page","status-publish","hentry"],"_links":{"self":[{"href":"https:\/\/portal.abepro.org.br\/enegep\/2025\/wp-json\/wp\/v2\/pages\/439","targetHints":{"allow":["GET"]}}],"collection":[{"href":"https:\/\/portal.abepro.org.br\/enegep\/2025\/wp-json\/wp\/v2\/pages"}],"about":[{"href":"https:\/\/portal.abepro.org.br\/enegep\/2025\/wp-json\/wp\/v2\/types\/page"}],"author":[{"embeddable":true,"href":"https:\/\/portal.abepro.org.br\/enegep\/2025\/wp-json\/wp\/v2\/users\/1"}],"replies":[{"embeddable":true,"href":"https:\/\/portal.abepro.org.br\/enegep\/2025\/wp-json\/wp\/v2\/comments?post=439"}],"version-history":[{"count":123,"href":"https:\/\/portal.abepro.org.br\/enegep\/2025\/wp-json\/wp\/v2\/pages\/439\/revisions"}],"predecessor-version":[{"id":4914,"href":"https:\/\/portal.abepro.org.br\/enegep\/2025\/wp-json\/wp\/v2\/pages\/439\/revisions\/4914"}],"wp:attachment":[{"href":"https:\/\/portal.abepro.org.br\/enegep\/2025\/wp-json\/wp\/v2\/media?parent=439"}],"curies":[{"name":"wp","href":"https:\/\/api.w.org\/{rel}","templated":true}]}}