{"id":465,"date":"2019-01-27T19:35:05","date_gmt":"2019-01-27T21:35:05","guid":{"rendered":"https:\/\/portal.abepro.org.br\/enegep\/2025\/?page_id=465"},"modified":"2025-10-14T09:06:29","modified_gmt":"2025-10-14T12:06:29","slug":"grade-de-programacao","status":"publish","type":"page","link":"https:\/\/portal.abepro.org.br\/enegep\/2025\/grade-de-programacao\/","title":{"rendered":"Programa\u00e7\u00e3o"},"content":{"rendered":"\t\t<div data-elementor-type=\"wp-post\" data-elementor-id=\"465\" class=\"elementor elementor-465\" data-elementor-post-type=\"page\">\n\t\t\t\t\t\t<section class=\"elementor-section elementor-top-section elementor-element elementor-element-6d812f3b elementor-section-boxed elementor-section-height-default elementor-section-height-default\" data-id=\"6d812f3b\" data-element_type=\"section\">\n\t\t\t\t\t\t<div class=\"elementor-container elementor-column-gap-default\">\n\t\t\t\t\t<div class=\"elementor-column elementor-col-100 elementor-top-column elementor-element elementor-element-5c5a1aab\" data-id=\"5c5a1aab\" data-element_type=\"column\">\n\t\t\t<div class=\"elementor-widget-wrap elementor-element-populated\">\n\t\t\t\t\t\t<div class=\"elementor-element elementor-element-5adaaf3e elementor-widget elementor-widget-heading\" data-id=\"5adaaf3e\" data-element_type=\"widget\" data-widget_type=\"heading.default\">\n\t\t\t\t<div class=\"elementor-widget-container\">\n\t\t\t\t\t<h1 class=\"elementor-heading-title elementor-size-default\">Programa\u00e7\u00e3o Esquem\u00e1tica <\/h1>\t\t\t\t<\/div>\n\t\t\t\t<\/div>\n\t\t\t\t<div class=\"elementor-element elementor-element-690591c elementor-widget elementor-widget-text-editor\" data-id=\"690591c\" data-element_type=\"widget\" data-widget_type=\"text-editor.default\">\n\t\t\t\t<div class=\"elementor-widget-container\">\n\t\t\t\t\t\t\t\t\t<p><strong>Programa\u00e7\u00e3o preliminar &#8211; <a href=\"https:\/\/portal.abepro.org.br\/enegep\/2025\/wp-content\/uploads\/2025\/10\/ENEGEP-2025-Programacao-Final.pdf\" target=\"_blank\" rel=\"noopener\">clique aqui<\/a><\/strong><\/p>\t\t\t\t\t\t\t\t<\/div>\n\t\t\t\t<\/div>\n\t\t\t\t<div class=\"elementor-element elementor-element-3385615a elementor-widget-divider--view-line elementor-widget elementor-widget-divider\" data-id=\"3385615a\" data-element_type=\"widget\" data-widget_type=\"divider.default\">\n\t\t\t\t<div class=\"elementor-widget-container\">\n\t\t\t\t\t\t\t<div class=\"elementor-divider\">\n\t\t\t<span class=\"elementor-divider-separator\">\n\t\t\t\t\t\t<\/span>\n\t\t<\/div>\n\t\t\t\t\t\t<\/div>\n\t\t\t\t<\/div>\n\t\t\t\t<section class=\"elementor-section elementor-inner-section elementor-element elementor-element-995203a elementor-section-boxed elementor-section-height-default elementor-section-height-default\" data-id=\"995203a\" data-element_type=\"section\">\n\t\t\t\t\t\t<div class=\"elementor-container elementor-column-gap-default\">\n\t\t\t\t\t<div class=\"elementor-column elementor-col-100 elementor-inner-column elementor-element elementor-element-ce7894c\" data-id=\"ce7894c\" data-element_type=\"column\">\n\t\t\t<div class=\"elementor-widget-wrap elementor-element-populated\">\n\t\t\t\t\t\t<div class=\"elementor-element elementor-element-ccc8a4d elementor-widget elementor-widget-heading\" data-id=\"ccc8a4d\" data-element_type=\"widget\" data-widget_type=\"heading.default\">\n\t\t\t\t<div class=\"elementor-widget-container\">\n\t\t\t\t\t<h2 class=\"elementor-heading-title elementor-size-default\">14 de Outubro <\/h2>\t\t\t\t<\/div>\n\t\t\t\t<\/div>\n\t\t\t\t<div class=\"elementor-element elementor-element-f30ca0a elementor-tabs-view-horizontal elementor-widget elementor-widget-tabs\" data-id=\"f30ca0a\" data-element_type=\"widget\" data-widget_type=\"tabs.default\">\n\t\t\t\t<div class=\"elementor-widget-container\">\n\t\t\t\t\t\t\t<div class=\"elementor-tabs\">\n\t\t\t<div class=\"elementor-tabs-wrapper\" role=\"tablist\" >\n\t\t\t\t\t\t\t\t\t<div id=\"elementor-tab-title-2541\" class=\"elementor-tab-title elementor-tab-desktop-title\" aria-selected=\"true\" data-tab=\"1\" role=\"tab\" tabindex=\"0\" aria-controls=\"elementor-tab-content-2541\" aria-expanded=\"false\">Sess\u00e3o de Abertura<\/div>\n\t\t\t\t\t\t\t\t\t<div id=\"elementor-tab-title-2542\" class=\"elementor-tab-title elementor-tab-desktop-title\" aria-selected=\"false\" data-tab=\"2\" role=\"tab\" tabindex=\"-1\" aria-controls=\"elementor-tab-content-2542\" aria-expanded=\"false\">Pain\u00e9is e Palestras<\/div>\n\t\t\t\t\t\t\t\t\t<div id=\"elementor-tab-title-2543\" class=\"elementor-tab-title elementor-tab-desktop-title\" aria-selected=\"false\" data-tab=\"3\" role=\"tab\" tabindex=\"-1\" aria-controls=\"elementor-tab-content-2543\" aria-expanded=\"false\">Coquetel de Abertura<\/div>\n\t\t\t\t\t\t\t\t\t<div id=\"elementor-tab-title-2544\" class=\"elementor-tab-title elementor-tab-desktop-title\" aria-selected=\"false\" data-tab=\"4\" role=\"tab\" tabindex=\"-1\" aria-controls=\"elementor-tab-content-2544\" aria-expanded=\"false\">Momento Networking <\/div>\n\t\t\t\t\t\t\t<\/div>\n\t\t\t<div class=\"elementor-tabs-content-wrapper\" role=\"tablist\" aria-orientation=\"vertical\">\n\t\t\t\t\t\t\t\t\t<div class=\"elementor-tab-title elementor-tab-mobile-title\" aria-selected=\"true\" data-tab=\"1\" role=\"tab\" tabindex=\"0\" aria-controls=\"elementor-tab-content-2541\" aria-expanded=\"false\">Sess\u00e3o de Abertura<\/div>\n\t\t\t\t\t<div id=\"elementor-tab-content-2541\" class=\"elementor-tab-content elementor-clearfix\" data-tab=\"1\" role=\"tabpanel\" aria-labelledby=\"elementor-tab-title-2541\" tabindex=\"0\" hidden=\"false\"><p><span class=\"OYPEnA font-feature-liga-off font-feature-clig-off font-feature-calt-off text-decoration-none text-strikethrough-none\">13h30 \u00e0s 14h30 <strong>&#8211; <\/strong><\/span><strong>Sess\u00e3o de abertura e Comemora\u00e7\u00e3o dos 45 anos de ENEGEP<\/strong><\/p><p>Antonio Cezar Bornia &#8211; Presidente ABEPRO<br \/>Rafael Barbastefano &#8211; Diretor Cient\u00edfico ABEPRO<br \/>Mariana Almeida &#8211; UFRN<br \/>Thaynara Morona &#8211; Presidente ABJ<br \/>Luiz Ant\u00f4nio Pessan &#8211; Diretor de\u00a0 da Programas e Bolsas no Pa\u00eds da CAPES<br \/>Francisco Vilmar &#8211; CNI\/FIERN<br \/>Daniel Robles &#8211; CONFEA<br \/>M\u00e1rcio S\u00e1 &#8211; M\u00fatua RN<br \/>Carla Wilza Souza de Paula Maitelli &#8211; Diretora do Centro de Tecnologia UFRN<br \/>Roberto Rocha Ribeiro &#8211; CREA-RN\u00a0<br \/>Elaine Novetti &#8211; SEBRAE\u00a0<br \/>Paulo Ghinato &#8211; Lean Way\u00a0<br \/>Produttare\u00a0<\/p><h5><strong><span class=\"x19la9d6 x1fc57z9 x6ikm8r x10wlt62 x19co3pv x1g5zs5t xfibh0p xiy17q3 x1xsqp64 x1lkfr7t xexx8yu x4uap5 x18d9i69 xkhd6sd\"><span class=\"xrtxmta x1bhl96m\"><img decoding=\"async\" class=\"emoji\" role=\"img\" draggable=\"false\" src=\"https:\/\/s.w.org\/images\/core\/emoji\/16.0.1\/svg\/1f4cd.svg\" alt=\"\ud83d\udccd\" \/> <\/span><\/span>Local de realiza\u00e7\u00e3o:\u00a0<\/strong>Hotel Holiday Inn<\/h5><\/div>\n\t\t\t\t\t\t\t\t\t<div class=\"elementor-tab-title elementor-tab-mobile-title\" aria-selected=\"false\" data-tab=\"2\" role=\"tab\" tabindex=\"-1\" aria-controls=\"elementor-tab-content-2542\" aria-expanded=\"false\">Pain\u00e9is e Palestras<\/div>\n\t\t\t\t\t<div id=\"elementor-tab-content-2542\" class=\"elementor-tab-content elementor-clearfix\" data-tab=\"2\" role=\"tabpanel\" aria-labelledby=\"elementor-tab-title-2542\" tabindex=\"0\" hidden=\"hidden\"><h5>14h30 \u00e0s 15h30 <strong>&#8211; Palestra de Abertura &#8211;&nbsp;<\/strong><em>Industry 5.0 &amp; Society 5.0: os Novos Paradigmas para os Sistemas Industriais &amp; Sociais no Jap\u00e3o<\/em><\/h5>\n<p>Convidado: <strong>Paulo Ghinato (Lean Way Consulting)<\/strong><\/p>\n<p>Moderador: Antonio Cezar Bornia (ABEPRO)<\/p>\n<p>_________________________<\/p>\n<h5>15h30 \u00e0s 16h30 <strong>&#8211; Palestra Internacional &#8211; Data Envelopment Analysis: a evolu\u00e7\u00e3o do estado da arte na metodologia e nas aplica\u00e7\u00f5es<\/strong><\/h5>\n<p>Convidada: <strong>Prof. Ana Camanho, Ph. D. <\/strong>(Universidade do Porto)<\/p>\n<p>Moderadora: Mariana Almeida (UFRN)<\/p>\n<p>_________________________<\/p>\n<h5>17h \u00e0s 18h <strong>&#8211; Palestra Internacional &#8211;&nbsp;<\/strong>Gest\u00e3o de Megaprojetos: Transferindo melhores pr\u00e1ticas globais para o Brasil<\/h5>\n<p>Convidado: <strong>Juliano Denicol<\/strong> (University College London)<\/p>\n<p>Moderador: Daniel Lacerda (ABEPRO)<\/p>\n<p><strong>_________________________<\/strong><\/p>\n<h5>18h \u00e0s 19h00 <strong>&#8211; Painel &#8211; Desenvolvimento do Porto Ind\u00fastria Verde<\/strong><\/h5>\n<p>Convidado: <strong>Carlos Eduardo Xavier<\/strong> (Secret\u00e1rio da Fazenda do Rio Grande do Norte)&nbsp;e <strong>M\u00e1rcio S\u00e1<\/strong> (Diretor Geral da M\u00fatua Rio Grande do Norte)<\/p>\n<p>Moderador: Vitor Martins (UEPA)<\/p>\n<p><span style=\"font-weight: bolder;\">_________________________<\/span><\/p>\n<h5 style=\"font-family: Inter, sans-serif; color: #f0f0f0;\">19h \u00e0s 19h30&nbsp;<span style=\"font-weight: bolder;\">&#8211; Palestra &#8211; Produ\u00e7\u00e3o Inteligente para um Futuro Renov\u00e1vel<\/span><\/h5>\n<p>Convidado:&nbsp;<span style=\"font-weight: bolder;\">M\u00e1rio Gonzales<\/span>&nbsp;(UFRN)<\/p>\n<p>Moderador: Vitor Martins (UEPA)<\/p>\n<h5><strong>Local de realiza\u00e7\u00e3o:&nbsp;<\/strong>Hotel Holiday Inn<\/h5><\/div>\n\t\t\t\t\t\t\t\t\t<div class=\"elementor-tab-title elementor-tab-mobile-title\" aria-selected=\"false\" data-tab=\"3\" role=\"tab\" tabindex=\"-1\" aria-controls=\"elementor-tab-content-2543\" aria-expanded=\"false\">Coquetel de Abertura<\/div>\n\t\t\t\t\t<div id=\"elementor-tab-content-2543\" class=\"elementor-tab-content elementor-clearfix\" data-tab=\"3\" role=\"tabpanel\" aria-labelledby=\"elementor-tab-title-2543\" tabindex=\"0\" hidden=\"hidden\"><h5>19h30 \u00e0s 21h30<strong> &#8211; Coquetel de abertura<\/strong><\/h5><p><strong><span class=\"x19la9d6 x1fc57z9 x6ikm8r x10wlt62 x19co3pv x1g5zs5t xfibh0p xiy17q3 x1xsqp64 x1lkfr7t xexx8yu x4uap5 x18d9i69 xkhd6sd\"><span class=\"xrtxmta x1bhl96m\">\ud83d\udccd <\/span><\/span>Local de realiza\u00e7\u00e3o: <\/strong>Hotel Holiday Inn<\/p><\/div>\n\t\t\t\t\t\t\t\t\t<div class=\"elementor-tab-title elementor-tab-mobile-title\" aria-selected=\"false\" data-tab=\"4\" role=\"tab\" tabindex=\"-1\" aria-controls=\"elementor-tab-content-2544\" aria-expanded=\"false\">Momento Networking <\/div>\n\t\t\t\t\t<div id=\"elementor-tab-content-2544\" class=\"elementor-tab-content elementor-clearfix\" data-tab=\"4\" role=\"tabpanel\" aria-labelledby=\"elementor-tab-title-2544\" tabindex=\"0\" hidden=\"hidden\"><p>16h30 \u00e0s 17:00 <strong>&#8211; Coffee break <\/strong><\/p><p><strong><span class=\"x19la9d6 x1fc57z9 x6ikm8r x10wlt62 x19co3pv x1g5zs5t xfibh0p xiy17q3 x1xsqp64 x1lkfr7t xexx8yu x4uap5 x18d9i69 xkhd6sd\"><span class=\"xrtxmta x1bhl96m\">\ud83d\udccd <\/span><\/span>Local de realiza\u00e7\u00e3o:\u00a0<\/strong>Hotel Holiday Inn<\/p><\/div>\n\t\t\t\t\t\t\t<\/div>\n\t\t<\/div>\n\t\t\t\t\t\t<\/div>\n\t\t\t\t<\/div>\n\t\t\t\t\t<\/div>\n\t\t<\/div>\n\t\t\t\t\t<\/div>\n\t\t<\/section>\n\t\t\t\t<div class=\"elementor-element elementor-element-17e9268 elementor-widget elementor-widget-spacer\" data-id=\"17e9268\" data-element_type=\"widget\" data-widget_type=\"spacer.default\">\n\t\t\t\t<div class=\"elementor-widget-container\">\n\t\t\t\t\t\t\t<div class=\"elementor-spacer\">\n\t\t\t<div class=\"elementor-spacer-inner\"><\/div>\n\t\t<\/div>\n\t\t\t\t\t\t<\/div>\n\t\t\t\t<\/div>\n\t\t\t\t<section class=\"elementor-section elementor-inner-section elementor-element elementor-element-2809966 elementor-section-boxed elementor-section-height-default elementor-section-height-default\" data-id=\"2809966\" data-element_type=\"section\" data-settings=\"{&quot;background_background&quot;:&quot;classic&quot;}\">\n\t\t\t\t\t\t<div class=\"elementor-container elementor-column-gap-default\">\n\t\t\t\t\t<div class=\"elementor-column elementor-col-100 elementor-inner-column elementor-element elementor-element-fc53628\" data-id=\"fc53628\" data-element_type=\"column\">\n\t\t\t<div class=\"elementor-widget-wrap elementor-element-populated\">\n\t\t\t\t\t\t<div class=\"elementor-element elementor-element-dfe0be1 elementor-widget elementor-widget-heading\" data-id=\"dfe0be1\" data-element_type=\"widget\" data-widget_type=\"heading.default\">\n\t\t\t\t<div class=\"elementor-widget-container\">\n\t\t\t\t\t<h2 class=\"elementor-heading-title elementor-size-default\">15 de Outubro <\/h2>\t\t\t\t<\/div>\n\t\t\t\t<\/div>\n\t\t\t\t<div class=\"elementor-element elementor-element-515d12e elementor-tabs-view-horizontal elementor-widget elementor-widget-tabs\" data-id=\"515d12e\" data-element_type=\"widget\" data-widget_type=\"tabs.default\">\n\t\t\t\t<div class=\"elementor-widget-container\">\n\t\t\t\t\t\t\t<div class=\"elementor-tabs\">\n\t\t\t<div class=\"elementor-tabs-wrapper\" role=\"tablist\" >\n\t\t\t\t\t\t\t\t\t<div id=\"elementor-tab-title-8531\" class=\"elementor-tab-title elementor-tab-desktop-title\" aria-selected=\"true\" data-tab=\"1\" role=\"tab\" tabindex=\"0\" aria-controls=\"elementor-tab-content-8531\" aria-expanded=\"false\">Audit\u00f3rio CT Vermelho - UFRN<\/div>\n\t\t\t\t\t\t\t\t\t<div id=\"elementor-tab-title-8532\" class=\"elementor-tab-title elementor-tab-desktop-title\" aria-selected=\"false\" data-tab=\"2\" role=\"tab\" tabindex=\"-1\" aria-controls=\"elementor-tab-content-8532\" aria-expanded=\"false\">Audit\u00f3rio  ECT   - D e F<\/div>\n\t\t\t\t\t\t\t\t\t<div id=\"elementor-tab-title-8533\" class=\"elementor-tab-title elementor-tab-desktop-title\" aria-selected=\"false\" data-tab=\"3\" role=\"tab\" tabindex=\"-1\" aria-controls=\"elementor-tab-content-8533\" aria-expanded=\"false\">ABJ<\/div>\n\t\t\t\t\t\t\t\t\t<div id=\"elementor-tab-title-8534\" class=\"elementor-tab-title elementor-tab-desktop-title\" aria-selected=\"false\" data-tab=\"4\" role=\"tab\" tabindex=\"-1\" aria-controls=\"elementor-tab-content-8534\" aria-expanded=\"false\">Minicursos <\/div>\n\t\t\t\t\t\t\t\t\t<div id=\"elementor-tab-title-8535\" class=\"elementor-tab-title elementor-tab-desktop-title\" aria-selected=\"false\" data-tab=\"5\" role=\"tab\" tabindex=\"-1\" aria-controls=\"elementor-tab-content-8535\" aria-expanded=\"false\">Visitas T\u00e9cnicas<\/div>\n\t\t\t\t\t\t\t\t\t<div id=\"elementor-tab-title-8536\" class=\"elementor-tab-title elementor-tab-desktop-title\" aria-selected=\"false\" data-tab=\"6\" role=\"tab\" tabindex=\"-1\" aria-controls=\"elementor-tab-content-8536\" aria-expanded=\"false\">Momento Networking <\/div>\n\t\t\t\t\t\t\t<\/div>\n\t\t\t<div class=\"elementor-tabs-content-wrapper\" role=\"tablist\" aria-orientation=\"vertical\">\n\t\t\t\t\t\t\t\t\t<div class=\"elementor-tab-title elementor-tab-mobile-title\" aria-selected=\"true\" data-tab=\"1\" role=\"tab\" tabindex=\"0\" aria-controls=\"elementor-tab-content-8531\" aria-expanded=\"false\">Audit\u00f3rio CT Vermelho - UFRN<\/div>\n\t\t\t\t\t<div id=\"elementor-tab-content-8531\" class=\"elementor-tab-content elementor-clearfix\" data-tab=\"1\" role=\"tabpanel\" aria-labelledby=\"elementor-tab-title-8531\" tabindex=\"0\" hidden=\"false\"><h5>8h30 \u00e0s 9h30 &#8211; Palestra nacional &#8211; Metodologias de An\u00e1lise de Viabilidade Econ\u00f4mica de Projetos de Investimentos Tradicionais e Inovadores<\/h5><p>Convidado: <strong>Jos\u00e9 Donizetti<\/strong> (UTFPR)<\/p><p>Moderadora: Maria Silene Alexandre Leite (UFPB)<\/p><p><strong><span class=\"x19la9d6 x1fc57z9 x6ikm8r x10wlt62 x19co3pv x1g5zs5t xfibh0p xiy17q3 x1xsqp64 x1lkfr7t xexx8yu x4uap5 x18d9i69 xkhd6sd\"><span class=\"xrtxmta x1bhl96m\">\ud83d\udccd<\/span><\/span>Local de realiza\u00e7\u00e3o: Audit\u00f3rio CT &#8211; Vermelho <\/strong>&#8211; UFRN<\/p><p>_________________________<\/p><h5>9h40 \u00e0s 10h40 &#8211;\u00a0Palestra Nacional &#8211; Os 7 Princ\u00edpios Gerais de Projeto e Constru\u00e7\u00e3o de Sistemas Empresariais e de Produ\u00e7\u00e3o Competitivos: Abordagem te\u00f3rica e Evid\u00eancias Emp\u00edricas<\/h5><p>Convidado:<strong> Junico Antunes<\/strong> (Produttare)<\/p><p>Moderador: Antonio Cezar Bornia (ABEPRO)\u00a0<\/p><p><strong><span class=\"x19la9d6 x1fc57z9 x6ikm8r x10wlt62 x19co3pv x1g5zs5t xfibh0p xiy17q3 x1xsqp64 x1lkfr7t xexx8yu x4uap5 x18d9i69 xkhd6sd\"><span class=\"xrtxmta x1bhl96m\">\ud83d\udccd<\/span><\/span>Local de realiza\u00e7\u00e3o: Audit\u00f3rio do CT<\/strong> <strong>&#8211; Vermelho<\/strong> &#8211; UFRN<\/p><p>_________________________<\/p><h5>11h10 \u00e0s 12h30 &#8211; Painel Ecossistemas Circulares: O que h\u00e1 de novo no campo da ecnomia circular?\u00a0<\/h5><p>Convidado:<strong> Jana\u00edna Mascarenhas (USP) e Istefani CArisio de Paula (UFRGS)\u00a0<\/strong><\/p><p>Moderador: Lucila Maria de Souza Campos (UFSC)<\/p><p><strong><span class=\"x19la9d6 x1fc57z9 x6ikm8r x10wlt62 x19co3pv x1g5zs5t xfibh0p xiy17q3 x1xsqp64 x1lkfr7t xexx8yu x4uap5 x18d9i69 xkhd6sd\"><span class=\"xrtxmta x1bhl96m\">\ud83d\udccd<\/span><\/span>Local de realiza\u00e7\u00e3o: Audit\u00f3rio do CT &#8211; Vermelho<\/strong> &#8211; UFRN<\/p><p>_________________________<\/p><h5>14h \u00e0s 15h &#8211; Painel em parceria com a ABERGO &#8211; Avalia\u00e7\u00e3o e An\u00e1lise Ergon\u00f4mica: requisitos para atua\u00e7\u00e3o da Ergonomia frente \u00e0s recentes mudan\u00e7as nas Normas Regulamentadoras do Minist\u00e9rio do Trabalho\u00a0<\/h5><p>Lizandra Garcia Lupi Vergara (ABERGO)<\/p><p>Moderador: Carlos Sanches (ABEPRO)<\/p><p><strong><span class=\"x19la9d6 x1fc57z9 x6ikm8r x10wlt62 x19co3pv x1g5zs5t xfibh0p xiy17q3 x1xsqp64 x1lkfr7t xexx8yu x4uap5 x18d9i69 xkhd6sd\"><span class=\"xrtxmta x1bhl96m\">\ud83d\udccd<\/span><\/span>Local de realiza\u00e7\u00e3o: Audit\u00f3rio do CT<\/strong> <strong>&#8211; Vermelho<\/strong> &#8211; UFRN<\/p><p>_________________________<\/p><h5>15h10 \u00e0s 16h30\u00a0 &#8211;\u00a0Painel &#8211; Teoria das Restri\u00e7\u00f5es<\/h5><p>Convidado: <strong>Renato Cassio<\/strong> (Guararapes) e <strong>Daniel Lacerda<\/strong> (UFSC)<\/p><p>Moderadora: Fernanda Mariz (UFRN)<\/p><p><strong><span class=\"x19la9d6 x1fc57z9 x6ikm8r x10wlt62 x19co3pv x1g5zs5t xfibh0p xiy17q3 x1xsqp64 x1lkfr7t xexx8yu x4uap5 x18d9i69 xkhd6sd\"><span class=\"xrtxmta x1bhl96m\">\ud83d\udccd<\/span><\/span>Local de realiza\u00e7\u00e3o: Audit\u00f3rio do CT &#8211; Vermelho<\/strong>\u00a0&#8211; UFRN<\/p><p>_________________________<\/p><h5>17h \u00e0s 18h30 &#8211; Painel &#8211; Aplica\u00e7\u00f5es da EP na Gest\u00e3o Hospitalar<\/h5><p>Convidados(as): <strong>Pedro Saler<\/strong> (Hospital Rio Grande), <strong>Thiago Medeiros<\/strong> (Hospital da Liga) e <strong>Nina Almeida<\/strong> (UFRN)<\/p><p>Moderadora: Mariana Almeida (UFRN)<\/p><p><strong><span class=\"x19la9d6 x1fc57z9 x6ikm8r x10wlt62 x19co3pv x1g5zs5t xfibh0p xiy17q3 x1xsqp64 x1lkfr7t xexx8yu x4uap5 x18d9i69 xkhd6sd\"><span class=\"xrtxmta x1bhl96m\">\ud83d\udccd<\/span><\/span>Local de realiza\u00e7\u00e3o: Audit\u00f3rio do CT &#8211; Vermelho<\/strong> &#8211; UFRN<\/p><\/div>\n\t\t\t\t\t\t\t\t\t<div class=\"elementor-tab-title elementor-tab-mobile-title\" aria-selected=\"false\" data-tab=\"2\" role=\"tab\" tabindex=\"-1\" aria-controls=\"elementor-tab-content-8532\" aria-expanded=\"false\">Audit\u00f3rio  ECT   - D e F<\/div>\n\t\t\t\t\t<div id=\"elementor-tab-content-8532\" class=\"elementor-tab-content elementor-clearfix\" data-tab=\"2\" role=\"tabpanel\" aria-labelledby=\"elementor-tab-title-8532\" tabindex=\"0\" hidden=\"hidden\"><h5>08h30 \u00e0s 09:30 &#8211; Palestra Nacional &#8211; Maestro Invis\u00edvel: Orquestrando Sistemas Complexos com Intelig\u00eancia Artificial<\/h5><p>Convidado: <strong>Vin\u00edcius de Camargo<\/strong> (LABDAPS)\u00a0<\/p><p><strong>Moderador:<\/strong> Sidnei Alves de Ara\u00fajo (UFABC)<\/p><p><strong><span class=\"x19la9d6 x1fc57z9 x6ikm8r x10wlt62 x19co3pv x1g5zs5t xfibh0p xiy17q3 x1xsqp64 x1lkfr7t xexx8yu x4uap5 x18d9i69 xkhd6sd\"><span class=\"xrtxmta x1bhl96m\">\ud83d\udccd<\/span><\/span>Local de realiza\u00e7\u00e3o: Audit\u00f3rio ECT &#8211; D<\/strong> &#8211; UFRN<\/p><p>_________________________<\/p><h5>9h40 \u00e0s 10h40 &#8211;\u00a0Painel dos Editores\u00a0<\/h5><p>Adriana Leiras, Production<\/p><p>Liane Kipper, Produ\u00e7\u00e3o Online<\/p><p>Osvaldo Quelhas, BJO&amp;PM<\/p><p>Moderador: Rafael Barbastefano (ABEPRO)<\/p><p>_________________________<\/p><h5>11h10 \u00e0s 12h30 &#8211;\u00a0Painel &#8211; Elas na Engenharia de Produ\u00e7\u00e3o: Desafios, Conquistas e Caminhos para o Futuro<\/h5><p><strong>Aline Dantas<\/strong> (Engenheira de Produ\u00e7\u00e3o do setor de Infraestrutura da UFRN)<\/p><p><strong>Ana Lu\u00edza Menezes<\/strong> (Diretora de opera\u00e7\u00f5es da Eleve)<\/p><p><strong>Daisy Rebelatto<\/strong> (EESC- USP)<\/p><p><strong>Lidia Angulo Meza<\/strong> (UFF)<\/p><p>Moderadora: Miriam Rocha (UFRN)<\/p><p><strong><span class=\"x19la9d6 x1fc57z9 x6ikm8r x10wlt62 x19co3pv x1g5zs5t xfibh0p xiy17q3 x1xsqp64 x1lkfr7t xexx8yu x4uap5 x18d9i69 xkhd6sd\"><span class=\"xrtxmta x1bhl96m\">\ud83d\udccd<\/span><\/span>Local de realiza\u00e7\u00e3o: Audit\u00f3rio ECT &#8211; D<\/strong> &#8211; UFRN<\/p><p>_________________________<\/p><h5>14h \u00e0s 15h &#8211; Palestra &#8211; Curriculariza\u00e7\u00e3o da extens\u00e3o como estrat\u00e9gia pedag\u00f3gica de forma\u00e7\u00e3o<\/h5><p>Sandra Rufino (UFRN)<\/p><p>Moderador: Rafael Barbastefano (ABEPRO)<\/p><p><strong><span class=\"x19la9d6 x1fc57z9 x6ikm8r x10wlt62 x19co3pv x1g5zs5t xfibh0p xiy17q3 x1xsqp64 x1lkfr7t xexx8yu x4uap5 x18d9i69 xkhd6sd\"><span class=\"xrtxmta x1bhl96m\">\ud83d\udccd<\/span><\/span>Local de realiza\u00e7\u00e3o: Audit\u00f3rio ECT &#8211; D<\/strong> &#8211; UFRN<\/p><p>_________________________<\/p><h5>15h10 \u00e0s 16h30\u00a0 &#8211;\u00a0Palestra &#8211;\u00a0O Papel do Engenheiro de Produ\u00e7\u00e3o da Constru\u00e7\u00e3o de Pol\u00edticas P\u00fablicas<\/h5><p>Convidado: Rafael E Kieckbusch (UnB)<\/p><p>Moderador: Reidson Gouvinhas (UFRN)<\/p><p><strong><span class=\"x19la9d6 x1fc57z9 x6ikm8r x10wlt62 x19co3pv x1g5zs5t xfibh0p xiy17q3 x1xsqp64 x1lkfr7t xexx8yu x4uap5 x18d9i69 xkhd6sd\"><span class=\"xrtxmta x1bhl96m\">\ud83d\udccd<\/span><\/span>Local de realiza\u00e7\u00e3o: Audit\u00f3rio ECT &#8211; D<\/strong> &#8211; UFRN<\/p><h5>_________________________<\/h5><h5>17h \u00e0s 18h30\u00a0 &#8211; Painel &#8211; Desafios da Log\u00edstica Empresarial\u00a0<\/h5><p>Ronaldo Lacertda (Cabugi Confec\u00e7\u00f5es), Ivo Freire (Mdias Branco) e Arthur Ara\u00fajo (Clutch)<\/p><p>Moderador: Mariana Campos (UFERSA) e Marcus Assun\u00e7\u00e3o (IFRN)<\/p><p><strong><span class=\"x19la9d6 x1fc57z9 x6ikm8r x10wlt62 x19co3pv x1g5zs5t xfibh0p xiy17q3 x1xsqp64 x1lkfr7t xexx8yu x4uap5 x18d9i69 xkhd6sd\"><span class=\"xrtxmta x1bhl96m\">\ud83d\udccd<\/span><\/span>Local de realiza\u00e7\u00e3o: Audit\u00f3rio ECT &#8211; D<\/strong> &#8211; UFRN<\/p><h5><span style=\"font-size: 16px;\">17h \u00e0s 18h30 &#8211; Painel &#8211; Orienta\u00e7\u00e3o em pesquisa para Rec\u00e9m-doutores<\/span><\/h5><p>Convidados(as): <strong>Antonio Fernando Branco Costa<\/strong> (Unifei), <strong>Adiel Teixeira de Almeida<\/strong> (UFPE) e <strong>Marly Monteiro de Carvalho<\/strong> (USP-PRO)<\/p><p>Moderadores: Carlos Sanches (ABEPRO) e Luciana Mello (UFERSA)<\/p><p><strong><span class=\"x19la9d6 x1fc57z9 x6ikm8r x10wlt62 x19co3pv x1g5zs5t xfibh0p xiy17q3 x1xsqp64 x1lkfr7t xexx8yu x4uap5 x18d9i69 xkhd6sd\"><span class=\"xrtxmta x1bhl96m\">\ud83d\udccd<\/span><\/span>Local de realiza\u00e7\u00e3o: Audit\u00f3rio ECT &#8211; F<\/strong>\u00a0&#8211; UFRN<\/p><\/div>\n\t\t\t\t\t\t\t\t\t<div class=\"elementor-tab-title elementor-tab-mobile-title\" aria-selected=\"false\" data-tab=\"3\" role=\"tab\" tabindex=\"-1\" aria-controls=\"elementor-tab-content-8533\" aria-expanded=\"false\">ABJ<\/div>\n\t\t\t\t\t<div id=\"elementor-tab-content-8533\" class=\"elementor-tab-content elementor-clearfix\" data-tab=\"3\" role=\"tabpanel\" aria-labelledby=\"elementor-tab-title-8533\" tabindex=\"0\" hidden=\"hidden\"><h5>14h \u00e0s 15h &#8211;\u00a0 Momento ABJ<\/h5><p><strong><span class=\"x19la9d6 x1fc57z9 x6ikm8r x10wlt62 x19co3pv x1g5zs5t xfibh0p xiy17q3 x1xsqp64 x1lkfr7t xexx8yu x4uap5 x18d9i69 xkhd6sd\"><span class=\"xrtxmta x1bhl96m\">\ud83d\udccd<\/span><\/span>Local de realiza\u00e7\u00e3o: Bloco I &#8211; Sala 9 <\/strong>&#8211; UFRN<\/p><\/div>\n\t\t\t\t\t\t\t\t\t<div class=\"elementor-tab-title elementor-tab-mobile-title\" aria-selected=\"false\" data-tab=\"4\" role=\"tab\" tabindex=\"-1\" aria-controls=\"elementor-tab-content-8534\" aria-expanded=\"false\">Minicursos <\/div>\n\t\t\t\t\t<div id=\"elementor-tab-content-8534\" class=\"elementor-tab-content elementor-clearfix\" data-tab=\"4\" role=\"tabpanel\" aria-labelledby=\"elementor-tab-title-8534\" tabindex=\"0\" hidden=\"hidden\"><h5>8h30 \u00e0s 12h30 &#8211; Minicurso 1 &#8211; Gest\u00e3o da manuten\u00e7\u00e3o<\/h5><p>Ministrante:<strong> Rodrigo Ferreira e Lucas Borges<\/strong><\/p><p><strong><span class=\"x19la9d6 x1fc57z9 x6ikm8r x10wlt62 x19co3pv x1g5zs5t xfibh0p xiy17q3 x1xsqp64 x1lkfr7t xexx8yu x4uap5 x18d9i69 xkhd6sd\"><span class=\"xrtxmta x1bhl96m\">\ud83d\udccd<\/span><\/span>Local de realiza\u00e7\u00e3o: Bloco I &#8211; Sala 10<\/strong>\u00a0&#8211; UFRN \u00a0<br \/>_________________________<\/p><h5>8h30 \u00e0s 12h30 &#8211; Minicurso 2 &#8211; Meu Primeiro Modelo de Simula\u00e7\u00e3o com o Flexsim<\/h5><p>Ministrante: <strong>Felipe Papa Capaldo<\/strong><\/p><p><strong><span class=\"x19la9d6 x1fc57z9 x6ikm8r x10wlt62 x19co3pv x1g5zs5t xfibh0p xiy17q3 x1xsqp64 x1lkfr7t xexx8yu x4uap5 x18d9i69 xkhd6sd\"><span class=\"xrtxmta x1bhl96m\">\ud83d\udccd<\/span><\/span>Local de realiza\u00e7\u00e3o: Laborat\u00f3rio<\/strong>\u00a0&#8211; UFRN \u00a0<br \/>_________________________<\/p><h5>15h10 \u00e0s 18h30 &#8211; Minicurso 3 &#8211; Estat\u00edstica na Gest\u00e3o de Projetos<\/h5><p>Ministrante:<strong> Bruno Vieira<\/strong><\/p><p><strong><span class=\"x19la9d6 x1fc57z9 x6ikm8r x10wlt62 x19co3pv x1g5zs5t xfibh0p xiy17q3 x1xsqp64 x1lkfr7t xexx8yu x4uap5 x18d9i69 xkhd6sd\"><span class=\"xrtxmta x1bhl96m\">\ud83d\udccd<\/span><\/span>Local de realiza\u00e7\u00e3o: Bloco I &#8211; Sala 10<\/strong>\u00a0&#8211; UFRN \u00a0<br \/>_________________________<\/p><h5>15h10 \u00e0s 18h30 &#8211; Minicurso 4 &#8211; Trabalho padronizado &amp; Kaizen<\/h5><p>Ministrante: Pablo Nascimento (Lean Way)<\/p><p><strong><span class=\"x19la9d6 x1fc57z9 x6ikm8r x10wlt62 x19co3pv x1g5zs5t xfibh0p xiy17q3 x1xsqp64 x1lkfr7t xexx8yu x4uap5 x18d9i69 xkhd6sd\"><span class=\"xrtxmta x1bhl96m\">\ud83d\udccd<\/span><\/span>Local de realiza\u00e7\u00e3o: Bloco I &#8211; Sala 11<\/strong>\u00a0&#8211; UFRN \u00a0<br \/>_________________________<\/p><h5>15h10 \u00e0s 18h30 &#8211; Minicurso 5 &#8211; Revolucionando a Escrita Cient\u00edfica com Intelig\u00eancia Artificial<\/h5><p><strong>Ministrante:<\/strong> Jana\u00edne Pontes e Enaile Maria<\/p><p><strong><span class=\"x19la9d6 x1fc57z9 x6ikm8r x10wlt62 x19co3pv x1g5zs5t xfibh0p xiy17q3 x1xsqp64 x1lkfr7t xexx8yu x4uap5 x18d9i69 xkhd6sd\"><span class=\"xrtxmta x1bhl96m\">\ud83d\udccd<\/span><\/span>Local de realiza\u00e7\u00e3o: Laborat\u00f3rio<\/strong>\u00a0&#8211; UFRN \u00a0<\/p><\/div>\n\t\t\t\t\t\t\t\t\t<div class=\"elementor-tab-title elementor-tab-mobile-title\" aria-selected=\"false\" data-tab=\"5\" role=\"tab\" tabindex=\"-1\" aria-controls=\"elementor-tab-content-8535\" aria-expanded=\"false\">Visitas T\u00e9cnicas<\/div>\n\t\t\t\t\t<div id=\"elementor-tab-content-8535\" class=\"elementor-tab-content elementor-clearfix\" data-tab=\"5\" role=\"tabpanel\" aria-labelledby=\"elementor-tab-title-8535\" tabindex=\"0\" hidden=\"hidden\"><h5>Hor\u00e1rio de sa\u00edda e retorno: 7h \u00e0s 11h &#8211; Hospital da Liga\u00a0<\/h5><p>Criada em 17 de julho de 1949, a Liga nasceu do engajamento de m\u00e9dicos locais liderados por Dr. Luiz Ant\u00f4nio para garantir tratamento oncol\u00f3gico gratuito em Natal. Hoje atua em cinco pilares integrados: preven\u00e7\u00e3o, diagn\u00f3stico, tratamento, reabilita\u00e7\u00e3o e cuidados paliativos, al\u00e9m de ensino, pesquisa cl\u00ednica e inova\u00e7\u00e3o. Reconhecida pela Acredita\u00e7\u00e3o ONA na unidade CECAN desde 2023, a Liga mant\u00e9m \u00edndices de satisfa\u00e7\u00e3o acima de 89% e conduz campanhas de preven\u00e7\u00e3o (Outubro Rosa, Novembro Azul) que alcan\u00e7am dezenas de milhares de potiguares todo ano.<\/p><p>_____________________________________________________________________________________________________________________<\/p><h5>Hor\u00e1rio de sa\u00edda e retorno: 7h \u00e0s 11h &#8211; Ag\u00eancia Espacial Brasileira\/Barreira do Inferno<\/h5><p>A Barreira do Inferno \u00e9 o primeiro centro de lan\u00e7amento de foguetes da Am\u00e9rica do Sul. Localizado no munic\u00edpio de Parnamirim, a aproximadamente 12 km de Natal (RN), foi inaugurado em 1965 como base da For\u00e7a A\u00e9rea Brasileira, com o objetivo de desenvolver pesquisas e realizar lan\u00e7amentos de foguetes, contribuindo significativamente para o avan\u00e7o da tecnologia espacial no Brasil.<\/p><p>_____________________________________________________________________________________________________________________<\/p><h5>Hor\u00e1rio de sa\u00edda e retorno: 13h \u00e0s 16h &#8211; Guararapes<\/h5><p>Criada em 1947 pelos irm\u00e3os Nevaldo e Newton Rocha com a loja \u201cA Capital\u201d, a Guararapes migrou em 1958 para Natal e tornou-se um grupo verticalizado que vai da fia\u00e7\u00e3o ao varejo. A companhia figura h\u00e1 tr\u00eas anos na carteira de sustentabilidade ISE-B3, impulsionada por programas de economia circular, reaproveitamento de res\u00edduos t\u00eaxteis e efici\u00eancia h\u00eddrica.<\/p><\/div>\n\t\t\t\t\t\t\t\t\t<div class=\"elementor-tab-title elementor-tab-mobile-title\" aria-selected=\"false\" data-tab=\"6\" role=\"tab\" tabindex=\"-1\" aria-controls=\"elementor-tab-content-8536\" aria-expanded=\"false\">Momento Networking <\/div>\n\t\t\t\t\t<div id=\"elementor-tab-content-8536\" class=\"elementor-tab-content elementor-clearfix\" data-tab=\"6\" role=\"tabpanel\" aria-labelledby=\"elementor-tab-title-8536\" tabindex=\"0\" hidden=\"hidden\"><p>10h40 \u00e0s 11h10<strong> &#8211; Coffee break\u00a0<\/strong><\/p><p>12:30 \u00e0s 14h<strong> &#8211; Intervalo do almo\u00e7o<\/strong><\/p><p>16h30 \u00e0s 17h <strong>&#8211; Coffee break\u00a0<\/strong><\/p><p><strong><span class=\"x19la9d6 x1fc57z9 x6ikm8r x10wlt62 x19co3pv x1g5zs5t xfibh0p xiy17q3 x1xsqp64 x1lkfr7t xexx8yu x4uap5 x18d9i69 xkhd6sd\"><span class=\"xrtxmta x1bhl96m\">\ud83d\udccd<\/span><\/span>Local de realiza\u00e7\u00e3o:\u00a0<\/strong>Hall dos Expositores &#8211; UFRN <em>(apenas os coffee)\u00a0<\/em><\/p><\/div>\n\t\t\t\t\t\t\t<\/div>\n\t\t<\/div>\n\t\t\t\t\t\t<\/div>\n\t\t\t\t<\/div>\n\t\t\t\t<div class=\"elementor-element elementor-element-64e88bb elementor-widget elementor-widget-spacer\" data-id=\"64e88bb\" data-element_type=\"widget\" data-widget_type=\"spacer.default\">\n\t\t\t\t<div class=\"elementor-widget-container\">\n\t\t\t\t\t\t\t<div class=\"elementor-spacer\">\n\t\t\t<div class=\"elementor-spacer-inner\"><\/div>\n\t\t<\/div>\n\t\t\t\t\t\t<\/div>\n\t\t\t\t<\/div>\n\t\t\t\t\t<\/div>\n\t\t<\/div>\n\t\t\t\t\t<\/div>\n\t\t<\/section>\n\t\t\t\t<section class=\"elementor-section elementor-inner-section elementor-element elementor-element-14953b3 elementor-section-boxed elementor-section-height-default elementor-section-height-default\" data-id=\"14953b3\" data-element_type=\"section\">\n\t\t\t\t\t\t<div class=\"elementor-container elementor-column-gap-default\">\n\t\t\t\t\t<div class=\"elementor-column elementor-col-100 elementor-inner-column elementor-element elementor-element-c71be73\" data-id=\"c71be73\" data-element_type=\"column\">\n\t\t\t<div class=\"elementor-widget-wrap elementor-element-populated\">\n\t\t\t\t\t\t<div class=\"elementor-element elementor-element-b11ae2c elementor-widget elementor-widget-heading\" data-id=\"b11ae2c\" data-element_type=\"widget\" data-widget_type=\"heading.default\">\n\t\t\t\t<div class=\"elementor-widget-container\">\n\t\t\t\t\t<h2 class=\"elementor-heading-title elementor-size-default\">16 de Outubro <\/h2>\t\t\t\t<\/div>\n\t\t\t\t<\/div>\n\t\t\t\t<div class=\"elementor-element elementor-element-8c6cd5f elementor-tabs-view-horizontal elementor-widget elementor-widget-tabs\" data-id=\"8c6cd5f\" data-element_type=\"widget\" data-widget_type=\"tabs.default\">\n\t\t\t\t<div class=\"elementor-widget-container\">\n\t\t\t\t\t\t\t<div class=\"elementor-tabs\">\n\t\t\t<div class=\"elementor-tabs-wrapper\" role=\"tablist\" >\n\t\t\t\t\t\t\t\t\t<div id=\"elementor-tab-title-1471\" class=\"elementor-tab-title elementor-tab-desktop-title\" aria-selected=\"true\" data-tab=\"1\" role=\"tab\" tabindex=\"0\" aria-controls=\"elementor-tab-content-1471\" aria-expanded=\"false\">Audit\u00f3rio do CT - Vermelho<\/div>\n\t\t\t\t\t\t\t\t\t<div id=\"elementor-tab-title-1472\" class=\"elementor-tab-title elementor-tab-desktop-title\" aria-selected=\"false\" data-tab=\"2\" role=\"tab\" tabindex=\"-1\" aria-controls=\"elementor-tab-content-1472\" aria-expanded=\"false\">Audit\u00f3rio do ECT - D<\/div>\n\t\t\t\t\t\t\t\t\t<div id=\"elementor-tab-title-1473\" class=\"elementor-tab-title elementor-tab-desktop-title\" aria-selected=\"false\" data-tab=\"3\" role=\"tab\" tabindex=\"-1\" aria-controls=\"elementor-tab-content-1473\" aria-expanded=\"false\">ABJ<\/div>\n\t\t\t\t\t\t\t\t\t<div id=\"elementor-tab-title-1474\" class=\"elementor-tab-title elementor-tab-desktop-title\" aria-selected=\"false\" data-tab=\"4\" role=\"tab\" tabindex=\"-1\" aria-controls=\"elementor-tab-content-1474\" aria-expanded=\"false\">Minicursos <\/div>\n\t\t\t\t\t\t\t\t\t<div id=\"elementor-tab-title-1475\" class=\"elementor-tab-title elementor-tab-desktop-title\" aria-selected=\"false\" data-tab=\"5\" role=\"tab\" tabindex=\"-1\" aria-controls=\"elementor-tab-content-1475\" aria-expanded=\"false\">Visitas T\u00e9cnicas<\/div>\n\t\t\t\t\t\t\t\t\t<div id=\"elementor-tab-title-1476\" class=\"elementor-tab-title elementor-tab-desktop-title\" aria-selected=\"false\" data-tab=\"6\" role=\"tab\" tabindex=\"-1\" aria-controls=\"elementor-tab-content-1476\" aria-expanded=\"false\">Momento Networking <\/div>\n\t\t\t\t\t\t\t\t\t<div id=\"elementor-tab-title-1477\" class=\"elementor-tab-title elementor-tab-desktop-title\" aria-selected=\"false\" data-tab=\"7\" role=\"tab\" tabindex=\"-1\" aria-controls=\"elementor-tab-content-1477\" aria-expanded=\"false\">Sess\u00e3o Finalistas <\/div>\n\t\t\t\t\t\t\t<\/div>\n\t\t\t<div class=\"elementor-tabs-content-wrapper\" role=\"tablist\" aria-orientation=\"vertical\">\n\t\t\t\t\t\t\t\t\t<div class=\"elementor-tab-title elementor-tab-mobile-title\" aria-selected=\"true\" data-tab=\"1\" role=\"tab\" tabindex=\"0\" aria-controls=\"elementor-tab-content-1471\" aria-expanded=\"false\">Audit\u00f3rio do CT - Vermelho<\/div>\n\t\t\t\t\t<div id=\"elementor-tab-content-1471\" class=\"elementor-tab-content elementor-clearfix\" data-tab=\"1\" role=\"tabpanel\" aria-labelledby=\"elementor-tab-title-1471\" tabindex=\"0\" hidden=\"false\"><h5>08h30 \u00e0s 09h30 <strong>&#8211; Painel &#8211;\u00a0<\/strong>O Segredo da Excel\u00eancia: Como o DEA Transforma Empresas e Otimiza a Aloca\u00e7\u00e3o de Recursos?<\/h5><p>Convidados(as): <strong>Ana Maria Camanho<\/strong> (Universidade do Porto), <strong>Enzo Mariano<\/strong> (Unesp-Bauru) e <strong>Mariana Almeida<\/strong> (UFRN)<\/p><p>Moderadora: L\u00eddia \u00c2ngulo Meza (UFF)<\/p><p><strong><span class=\"x19la9d6 x1fc57z9 x6ikm8r x10wlt62 x19co3pv x1g5zs5t xfibh0p xiy17q3 x1xsqp64 x1lkfr7t xexx8yu x4uap5 x18d9i69 xkhd6sd\"><span class=\"xrtxmta x1bhl96m\">\ud83d\udccd<\/span><\/span>Local de realiza\u00e7\u00e3o: Audit\u00f3rio do CT &#8211; Vermelho<\/strong> &#8211; UFRN<\/p><p>_________________________<\/p><h5>09h40 \u00e0s 10h40 <strong>&#8211; Palestra Nacional\u00a0 &#8211; Transformando Estrat\u00e9gias em Produtos: A Modulariza\u00e7\u00e3o como Fator Cr\u00edtico de Sucesso<\/strong><\/h5><p>Leandro Gauss (UNISINOS)<\/p><p>Moderador: Daniel Lacerda (UFSC)<\/p><p><strong><span class=\"x19la9d6 x1fc57z9 x6ikm8r x10wlt62 x19co3pv x1g5zs5t xfibh0p xiy17q3 x1xsqp64 x1lkfr7t xexx8yu x4uap5 x18d9i69 xkhd6sd\"><span class=\"xrtxmta x1bhl96m\">\ud83d\udccd<\/span><\/span>Local de realiza\u00e7\u00e3o: Audit\u00f3rio do CT &#8211; Vermelho<\/strong>\u00a0&#8211; UFRN<\/p><p>_________________________<\/p><h5><span style=\"font-size: 16px;\">11h10 \u00e0s 12h30 <\/span><strong style=\"font-size: 16px;\">&#8211;\u00a0<\/strong><span style=\"font-size: 16px;\">Painel &#8211; Do Petr\u00f3leo a Energias Renov\u00e1veis: o Papel do Engenheiro de Produ\u00e7\u00e3o na Transi\u00e7\u00e3o Energ\u00e9tica<\/span><\/h5><p>Convidados(as): Thiago Muniz (Gerente de Projetos de Descomissionamento na Petrobras), Marcel Galv\u00e3o (Gerente de Contrata\u00e7\u00e3o de Tecnologia e Inova\u00e7\u00e3o na Petrobras), Lorena Santiago (Gerente de Suporte \u00e0 Gest\u00e3o na Petrobras) e Gustavo Silveira (Gerente de Engenharia de Constru\u00e7\u00e3o de Po\u00e7os na Petrobras)<\/p><p>Moderadora: Adriana Marques (UFRN)<\/p><p><strong><span class=\"x19la9d6 x1fc57z9 x6ikm8r x10wlt62 x19co3pv x1g5zs5t xfibh0p xiy17q3 x1xsqp64 x1lkfr7t xexx8yu x4uap5 x18d9i69 xkhd6sd\"><span class=\"xrtxmta x1bhl96m\">\ud83d\udccd<\/span><\/span>Local de realiza\u00e7\u00e3o: Audit\u00f3rio do CT\u00a0 &#8211; Vermelho<\/strong> &#8211; UFRN<\/p><p>_________________________<\/p><h5>14h \u00e0s 15h <strong>&#8211;\u00a0<\/strong>Palestra Nacional &#8211;\u00a0TRIP\u00c9 DE COMPETITIVIDADE &#8211; Modelo de Excel\u00eancia Operacional<\/h5><p>Convidado: <strong>Jairo Amorim<\/strong> (Guararapes)<\/p><p>Moderador: Ricardo Cassel (UFRGS)<\/p><p><strong><span class=\"x19la9d6 x1fc57z9 x6ikm8r x10wlt62 x19co3pv x1g5zs5t xfibh0p xiy17q3 x1xsqp64 x1lkfr7t xexx8yu x4uap5 x18d9i69 xkhd6sd\"><span class=\"xrtxmta x1bhl96m\">\ud83d\udccd<\/span><\/span>Local de realiza\u00e7\u00e3o: Audit\u00f3rio do CT &#8211; Vermelho\u00a0<\/strong> &#8211; UFRN<\/p><p>_________________________<\/p><h5>15h10 \u00e0s 16h30 <strong>&#8211;\u00a0<\/strong>Painel &#8211; Desafios de Infraestrutura para avan\u00e7ar a produtividade do Brasil<\/h5><p>Convidados(as): <strong>Juliano Denicol<\/strong> (University College London) e <strong>Marly Monteiro de Carvalho<\/strong> (USP)<\/p><p>Moderador: Ricardo Cassel (UFRGS)<\/p><p><strong><span class=\"x19la9d6 x1fc57z9 x6ikm8r x10wlt62 x19co3pv x1g5zs5t xfibh0p xiy17q3 x1xsqp64 x1lkfr7t xexx8yu x4uap5 x18d9i69 xkhd6sd\"><span class=\"xrtxmta x1bhl96m\">\ud83d\udccd<\/span><\/span>Local de realiza\u00e7\u00e3o: Audit\u00f3rio do CT &#8211; Vermelho\u00a0<\/strong> &#8211; UFRN<\/p><p>_________________________<\/p><h5>17h \u00e0s 18h30 <strong>&#8211; Palestra Nacional &#8211; Casos de aplica\u00e7\u00e3o de IA na gest\u00e3o de clientes<\/strong><\/h5><p>Convidados(as): Gustavo Molina (UFRN)<\/p><p>Moderador: Sidnei Alves de Ara\u00fajo (UFABC)<\/p><p><strong><span class=\"x19la9d6 x1fc57z9 x6ikm8r x10wlt62 x19co3pv x1g5zs5t xfibh0p xiy17q3 x1xsqp64 x1lkfr7t xexx8yu x4uap5 x18d9i69 xkhd6sd\"><span class=\"xrtxmta x1bhl96m\">\ud83d\udccd<\/span><\/span>Local de realiza\u00e7\u00e3o: Audit\u00f3rio do CT &#8211; Vermelho\u00a0<\/strong> &#8211; UFRN<\/p><\/div>\n\t\t\t\t\t\t\t\t\t<div class=\"elementor-tab-title elementor-tab-mobile-title\" aria-selected=\"false\" data-tab=\"2\" role=\"tab\" tabindex=\"-1\" aria-controls=\"elementor-tab-content-1472\" aria-expanded=\"false\">Audit\u00f3rio do ECT - D<\/div>\n\t\t\t\t\t<div id=\"elementor-tab-content-1472\" class=\"elementor-tab-content elementor-clearfix\" data-tab=\"2\" role=\"tabpanel\" aria-labelledby=\"elementor-tab-title-1472\" tabindex=\"0\" hidden=\"hidden\"><h5>08h30 \u00e0s 09h30 <strong>&#8211;\u00a0<\/strong>Painel &#8211; F\u00e1bricas Inteligentes: A Converg\u00eancia da Manufatura Avan\u00e7ada com a Intelig\u00eancia Artificial<\/h5><p>Convidados: <strong>Geraldo Cardoso de Oliveira Neto<\/strong> (UFABC) e <strong>Sidnei Alves de Ara\u00fajo<\/strong> (UFABC)<\/p><p>Moderador: Milton Vieira Junior (ABEPRO)<\/p><p><strong><span class=\"x19la9d6 x1fc57z9 x6ikm8r x10wlt62 x19co3pv x1g5zs5t xfibh0p xiy17q3 x1xsqp64 x1lkfr7t xexx8yu x4uap5 x18d9i69 xkhd6sd\"><span class=\"xrtxmta x1bhl96m\">\ud83d\udccd<\/span><\/span>Local de realiza\u00e7\u00e3o:Audit\u00f3rio ECT &#8211; D\u00a0<\/strong>&#8211; UFRN<\/p><p>_________________________<\/p><h5>09h40 \u00e0s 10h40 <strong>&#8211;\u00a0<\/strong>GT-Empresas &#8211; Lan\u00e7amento livro dos Casos Empresariais 2024<\/h5><p>Moderador: Ricardo Cassel (UFRGS)<\/p><p><strong><span class=\"x19la9d6 x1fc57z9 x6ikm8r x10wlt62 x19co3pv x1g5zs5t xfibh0p xiy17q3 x1xsqp64 x1lkfr7t xexx8yu x4uap5 x18d9i69 xkhd6sd\"><span class=\"xrtxmta x1bhl96m\">\ud83d\udccd<\/span><\/span>Local de realiza\u00e7\u00e3o: Audit\u00f3rio\u00a0 ECT &#8211; D <\/strong>&#8211; UFRN<\/p><p>_________________________<\/p><h5>11h10 \u00e0s 12h30 <strong>&#8211;\u00a0<\/strong>Palestra Nacional &#8211; A jornada da Sustentabilidade e da Inova\u00e7\u00e3o em um fabricante de bebidas<\/h5><p>Convidado: <strong>Ala\u00e9rcio Nicoletti<\/strong> (Grupo Petr\u00f3polis)<\/p><p>Moderador: Milton Vieira Junior (ABEPRO)<\/p><p><strong><span class=\"x19la9d6 x1fc57z9 x6ikm8r x10wlt62 x19co3pv x1g5zs5t xfibh0p xiy17q3 x1xsqp64 x1lkfr7t xexx8yu x4uap5 x18d9i69 xkhd6sd\"><span class=\"xrtxmta x1bhl96m\">\ud83d\udccd<\/span><\/span>Local de realiza\u00e7\u00e3o: Audit\u00f3rio ECT &#8211; D\u00a0<\/strong>&#8211; UFRN<\/p><p>_________________________<\/p><h5>14h \u00e0s 15h <strong>&#8211; Painel &#8211; O Programa Mulher do CREA: Inclus\u00e3o, Equidade e Fortalecimento Profissional<\/strong><\/h5><p>Convidadas: <strong>Eng. Grace Monteiro<\/strong> (Diretora Geral da M\u00fatua Bahia) Eng. <strong>Ricardo Cleber Alencar da Silva<\/strong> (Presidente ABEMEC-BA &#8211; CREA\/BA)<\/p><p>Moderadora:\u00a0<\/p><p><strong><span class=\"x19la9d6 x1fc57z9 x6ikm8r x10wlt62 x19co3pv x1g5zs5t xfibh0p xiy17q3 x1xsqp64 x1lkfr7t xexx8yu x4uap5 x18d9i69 xkhd6sd\"><span class=\"xrtxmta x1bhl96m\">\ud83d\udccd<\/span><\/span>Local de realiza\u00e7\u00e3o: Audit\u00f3rio ECT &#8211; D\u00a0<\/strong>&#8211; UFRN<\/p><\/div>\n\t\t\t\t\t\t\t\t\t<div class=\"elementor-tab-title elementor-tab-mobile-title\" aria-selected=\"false\" data-tab=\"3\" role=\"tab\" tabindex=\"-1\" aria-controls=\"elementor-tab-content-1473\" aria-expanded=\"false\">ABJ<\/div>\n\t\t\t\t\t<div id=\"elementor-tab-content-1473\" class=\"elementor-tab-content elementor-clearfix\" data-tab=\"3\" role=\"tabpanel\" aria-labelledby=\"elementor-tab-title-1473\" tabindex=\"0\" hidden=\"hidden\"><h5>11h10 \u00e0s 12h30 <strong>&#8211;\u00a0 Encontro de N\u00facleos<\/strong><\/h5><p><strong><span class=\"x19la9d6 x1fc57z9 x6ikm8r x10wlt62 x19co3pv x1g5zs5t xfibh0p xiy17q3 x1xsqp64 x1lkfr7t xexx8yu x4uap5 x18d9i69 xkhd6sd\"><span class=\"xrtxmta x1bhl96m\">\ud83d\udccd<\/span><\/span>Local de realiza\u00e7\u00e3o: Bloco I &#8211; Sala 9<\/strong>\u00a0&#8211; UFRN<\/p><p>_________________________<\/p><h5>14h \u00e0s 16h30 <strong>&#8211; ENEJEPRO<\/strong><\/h5><p><strong><span class=\"x19la9d6 x1fc57z9 x6ikm8r x10wlt62 x19co3pv x1g5zs5t xfibh0p xiy17q3 x1xsqp64 x1lkfr7t xexx8yu x4uap5 x18d9i69 xkhd6sd\"><span class=\"xrtxmta x1bhl96m\">\ud83d\udccd<\/span><\/span>Local de realiza\u00e7\u00e3o: Bloco I &#8211; Sala 9<\/strong>\u00a0&#8211; UFRN<\/p><\/div>\n\t\t\t\t\t\t\t\t\t<div class=\"elementor-tab-title elementor-tab-mobile-title\" aria-selected=\"false\" data-tab=\"4\" role=\"tab\" tabindex=\"-1\" aria-controls=\"elementor-tab-content-1474\" aria-expanded=\"false\">Minicursos <\/div>\n\t\t\t\t\t<div id=\"elementor-tab-content-1474\" class=\"elementor-tab-content elementor-clearfix\" data-tab=\"4\" role=\"tabpanel\" aria-labelledby=\"elementor-tab-title-1474\" tabindex=\"0\" hidden=\"hidden\"><h5>8h30 \u00e0s 12h &#8211; Minicurso 6 &#8211; Intelig\u00eancia Artificial para Tomada de Decis\u00e3o e Engenharia de Prompts na Engenharia de Produ\u00e7\u00e3o<\/h5><p>Ministrante: <strong>Daniel Almeida Bezerra<\/strong><\/p><p><strong><span class=\"x19la9d6 x1fc57z9 x6ikm8r x10wlt62 x19co3pv x1g5zs5t xfibh0p xiy17q3 x1xsqp64 x1lkfr7t xexx8yu x4uap5 x18d9i69 xkhd6sd\"><span class=\"xrtxmta x1bhl96m\">\ud83d\udccd<\/span><\/span>Local de realiza\u00e7\u00e3o: Laborat\u00f3rio <\/strong>\u00a0&#8211; UFRN \u00a0<\/p><p>_________________________<\/p><h5>8h30 \u00e0s 12h &#8211; Minicurso 9 &#8211; Jidoka &amp; o Controle da Qualidade Zero Defeitos (CQZD)<\/h5><p>Ministrante:<strong> Pablo Nascimento<\/strong> (Lean Way)<\/p><p><strong><span class=\"x19la9d6 x1fc57z9 x6ikm8r x10wlt62 x19co3pv x1g5zs5t xfibh0p xiy17q3 x1xsqp64 x1lkfr7t xexx8yu x4uap5 x18d9i69 xkhd6sd\"><span class=\"xrtxmta x1bhl96m\">\ud83d\udccd<\/span><\/span>Local de realiza\u00e7\u00e3o: Laborat\u00f3rio <\/strong>\u00a0&#8211; UFRN \u00a0<\/p><p>_________________________<\/p><h5>15h30 \u00e0s 19h &#8211; Minicurso 7 &#8211; An\u00e1lise de dados para potencializar sua carreira em engenharia de produ\u00e7\u00e3o: aplica\u00e7\u00f5es implementadas em Python<\/h5><p>Ministrante: <strong>Miriam Rocha (UFRN)<\/strong><\/p><p><strong><span class=\"x19la9d6 x1fc57z9 x6ikm8r x10wlt62 x19co3pv x1g5zs5t xfibh0p xiy17q3 x1xsqp64 x1lkfr7t xexx8yu x4uap5 x18d9i69 xkhd6sd\"><span class=\"xrtxmta x1bhl96m\">\ud83d\udccd<\/span><\/span>Local de realiza\u00e7\u00e3o: Laborat\u00f3rio <\/strong>\u00a0&#8211; UFRN \u00a0<\/p><p>_________________________<\/p><h5>14h \u00e0s 18h30 &#8211; Minicurso 8 &#8211; Minera\u00e7\u00e3o de Processos &#8211; Conceitos e Aplica\u00e7\u00e3o<\/h5><p>Ministrantes: <strong>Dalton Borges e Guido Vaz<\/strong><\/p><p><strong><span class=\"x19la9d6 x1fc57z9 x6ikm8r x10wlt62 x19co3pv x1g5zs5t xfibh0p xiy17q3 x1xsqp64 x1lkfr7t xexx8yu x4uap5 x18d9i69 xkhd6sd\"><span class=\"xrtxmta x1bhl96m\">\ud83d\udccd<\/span><\/span>Local de realiza\u00e7\u00e3o: Laborat\u00f3rio <\/strong>\u00a0&#8211; UFRN \u00a0<\/p><\/div>\n\t\t\t\t\t\t\t\t\t<div class=\"elementor-tab-title elementor-tab-mobile-title\" aria-selected=\"false\" data-tab=\"5\" role=\"tab\" tabindex=\"-1\" aria-controls=\"elementor-tab-content-1475\" aria-expanded=\"false\">Visitas T\u00e9cnicas<\/div>\n\t\t\t\t\t<div id=\"elementor-tab-content-1475\" class=\"elementor-tab-content elementor-clearfix\" data-tab=\"5\" role=\"tabpanel\" aria-labelledby=\"elementor-tab-title-1475\" tabindex=\"0\" hidden=\"hidden\"><h5>Hor\u00e1rio de sa\u00edda e retorno: 8h \u00e0s 11h &#8211; Mdias Branco<\/h5><p>A M.\u202fDias\u202fBranco S.A. \u00e9 uma das maiores ind\u00fastrias de alimentos do Brasil, l\u00edder nacional nos segmentos de massas e biscoitos. Com mais de sete d\u00e9cadas de exist\u00eancia, nasceu de um sonho e se tornou refer\u00eancia abrindo atua\u00e7\u00e3o em todo o pa\u00eds. Atualmente, a empresa conta com mais de 21 unidades industriais, sete moinhos, e 29 centros de distribui\u00e7\u00e3o, com exporta\u00e7\u00f5es em mais de 40 pa\u00edses.<\/p><p>_____________________________________________________________________________________________________________________<\/p><h5>Hor\u00e1rio de sa\u00edda e retorno: 8h \u00e0s 11h &#8211; Coco &amp; Cia\u00a0<\/h5><p>Atua no mercado de coco desde 1990, com uma ampla rede de fornecedores atrav\u00e9s da cadeia produtiva do coco. Produz alimentos e derivados de coco, utilizando ingredientes naturais e selecionados, sob r\u00edgidos padr\u00f5es de controle de qualidade.<\/p><p>_____________________________________________________________________________________________________________________<\/p><h5>Hor\u00e1rio de sa\u00edda: 13h \u00e0s 16h &#8211; Guararapes<\/h5><p>Criada em 1947 pelos irm\u00e3os Nevaldo e Newton Rocha com a loja \u201cA Capital\u201d, a Guararapes migrou em 1958 para Natal e tornou-se um grupo verticalizado que vai da fia\u00e7\u00e3o ao varejo. A companhia figura h\u00e1 tr\u00eas anos na carteira de sustentabilidade ISE-B3, impulsionada por programas de economia circular, reaproveitamento de res\u00edduos t\u00eaxteis e efici\u00eancia h\u00eddrica.<\/p><\/div>\n\t\t\t\t\t\t\t\t\t<div class=\"elementor-tab-title elementor-tab-mobile-title\" aria-selected=\"false\" data-tab=\"6\" role=\"tab\" tabindex=\"-1\" aria-controls=\"elementor-tab-content-1476\" aria-expanded=\"false\">Momento Networking <\/div>\n\t\t\t\t\t<div id=\"elementor-tab-content-1476\" class=\"elementor-tab-content elementor-clearfix\" data-tab=\"6\" role=\"tabpanel\" aria-labelledby=\"elementor-tab-title-1476\" tabindex=\"0\" hidden=\"hidden\"><p>10h40 \u00e0s 11h10<strong> &#8211; Coffee break\u00a0<\/strong><\/p><p>12:30 \u00e0s 14h<strong> &#8211; Intervalo do almo\u00e7o<\/strong><\/p><p>16h30 \u00e0s 17h <strong>&#8211; Coffee break\u00a0<\/strong><\/p><p><strong><span class=\"x19la9d6 x1fc57z9 x6ikm8r x10wlt62 x19co3pv x1g5zs5t xfibh0p xiy17q3 x1xsqp64 x1lkfr7t xexx8yu x4uap5 x18d9i69 xkhd6sd\"><span class=\"xrtxmta x1bhl96m\">\ud83d\udccd<\/span><\/span>Local de realiza\u00e7\u00e3o:\u00a0<\/strong>Hall dos Expositores &#8211; UFRN <em>(apenas os coffee)\u00a0<\/em><\/p><\/div>\n\t\t\t\t\t\t\t\t\t<div class=\"elementor-tab-title elementor-tab-mobile-title\" aria-selected=\"false\" data-tab=\"7\" role=\"tab\" tabindex=\"-1\" aria-controls=\"elementor-tab-content-1477\" aria-expanded=\"false\">Sess\u00e3o Finalistas <\/div>\n\t\t\t\t\t<div id=\"elementor-tab-content-1477\" class=\"elementor-tab-content elementor-clearfix\" data-tab=\"7\" role=\"tabpanel\" aria-labelledby=\"elementor-tab-title-1477\" tabindex=\"0\" hidden=\"hidden\"><p>O cronograma j\u00e1 est\u00e1 dispon\u00edvel na \u00e1rea do Pr\u00eamio ABEPRO, contemplando todas as categorias &#8211; <em><strong><a href=\"https:\/\/portal.abepro.org.br\/enegep\/2025\/premiacao\/\" target=\"_blank\" rel=\"noopener\">clique aqui\u00a0<\/a><\/strong><\/em><\/p><\/div>\n\t\t\t\t\t\t\t<\/div>\n\t\t<\/div>\n\t\t\t\t\t\t<\/div>\n\t\t\t\t<\/div>\n\t\t\t\t<div class=\"elementor-element elementor-element-4cea6d8 elementor-widget elementor-widget-spacer\" data-id=\"4cea6d8\" data-element_type=\"widget\" data-widget_type=\"spacer.default\">\n\t\t\t\t<div class=\"elementor-widget-container\">\n\t\t\t\t\t\t\t<div class=\"elementor-spacer\">\n\t\t\t<div class=\"elementor-spacer-inner\"><\/div>\n\t\t<\/div>\n\t\t\t\t\t\t<\/div>\n\t\t\t\t<\/div>\n\t\t\t\t\t<\/div>\n\t\t<\/div>\n\t\t\t\t\t<\/div>\n\t\t<\/section>\n\t\t\t\t<section class=\"elementor-section elementor-inner-section elementor-element elementor-element-699fe9f elementor-section-boxed elementor-section-height-default elementor-section-height-default\" data-id=\"699fe9f\" data-element_type=\"section\">\n\t\t\t\t\t\t<div class=\"elementor-container elementor-column-gap-default\">\n\t\t\t\t\t<div class=\"elementor-column elementor-col-100 elementor-inner-column elementor-element elementor-element-3d6b2cb\" data-id=\"3d6b2cb\" data-element_type=\"column\">\n\t\t\t<div class=\"elementor-widget-wrap elementor-element-populated\">\n\t\t\t\t\t\t<div class=\"elementor-element elementor-element-4e2ab23 elementor-widget elementor-widget-heading\" data-id=\"4e2ab23\" data-element_type=\"widget\" data-widget_type=\"heading.default\">\n\t\t\t\t<div class=\"elementor-widget-container\">\n\t\t\t\t\t<h2 class=\"elementor-heading-title elementor-size-default\">17 de Outubro <\/h2>\t\t\t\t<\/div>\n\t\t\t\t<\/div>\n\t\t\t\t<div class=\"elementor-element elementor-element-a9b59fb elementor-tabs-view-horizontal elementor-widget elementor-widget-tabs\" data-id=\"a9b59fb\" data-element_type=\"widget\" data-widget_type=\"tabs.default\">\n\t\t\t\t<div class=\"elementor-widget-container\">\n\t\t\t\t\t\t\t<div class=\"elementor-tabs\">\n\t\t\t<div class=\"elementor-tabs-wrapper\" role=\"tablist\" >\n\t\t\t\t\t\t\t\t\t<div id=\"elementor-tab-title-1771\" class=\"elementor-tab-title elementor-tab-desktop-title\" aria-selected=\"true\" data-tab=\"1\" role=\"tab\" tabindex=\"0\" aria-controls=\"elementor-tab-content-1771\" aria-expanded=\"false\">Audit\u00f3rio do CT - Vermelho<\/div>\n\t\t\t\t\t\t\t\t\t<div id=\"elementor-tab-title-1772\" class=\"elementor-tab-title elementor-tab-desktop-title\" aria-selected=\"false\" data-tab=\"2\" role=\"tab\" tabindex=\"-1\" aria-controls=\"elementor-tab-content-1772\" aria-expanded=\"false\">Audit\u00f3rio do ECT-D\u00a0e F<\/div>\n\t\t\t\t\t\t\t\t\t<div id=\"elementor-tab-title-1773\" class=\"elementor-tab-title elementor-tab-desktop-title\" aria-selected=\"false\" data-tab=\"3\" role=\"tab\" tabindex=\"-1\" aria-controls=\"elementor-tab-content-1773\" aria-expanded=\"false\">PROD+<\/div>\n\t\t\t\t\t\t\t\t\t<div id=\"elementor-tab-title-1774\" class=\"elementor-tab-title elementor-tab-desktop-title\" aria-selected=\"false\" data-tab=\"4\" role=\"tab\" tabindex=\"-1\" aria-controls=\"elementor-tab-content-1774\" aria-expanded=\"false\">GTG<\/div>\n\t\t\t\t\t\t\t\t\t<div id=\"elementor-tab-title-1775\" class=\"elementor-tab-title elementor-tab-desktop-title\" aria-selected=\"false\" data-tab=\"5\" role=\"tab\" tabindex=\"-1\" aria-controls=\"elementor-tab-content-1775\" aria-expanded=\"false\">ABJ<\/div>\n\t\t\t\t\t\t\t\t\t<div id=\"elementor-tab-title-1776\" class=\"elementor-tab-title elementor-tab-desktop-title\" aria-selected=\"false\" data-tab=\"6\" role=\"tab\" tabindex=\"-1\" aria-controls=\"elementor-tab-content-1776\" aria-expanded=\"false\">Minicursos <\/div>\n\t\t\t\t\t\t\t\t\t<div id=\"elementor-tab-title-1777\" class=\"elementor-tab-title elementor-tab-desktop-title\" aria-selected=\"false\" data-tab=\"7\" role=\"tab\" tabindex=\"-1\" aria-controls=\"elementor-tab-content-1777\" aria-expanded=\"false\">Visita T\u00e9cnica<\/div>\n\t\t\t\t\t\t\t\t\t<div id=\"elementor-tab-title-1778\" class=\"elementor-tab-title elementor-tab-desktop-title\" aria-selected=\"false\" data-tab=\"8\" role=\"tab\" tabindex=\"-1\" aria-controls=\"elementor-tab-content-1778\" aria-expanded=\"false\">Sess\u00e3o de Encerramento e Premia\u00e7\u00e3o <\/div>\n\t\t\t\t\t\t\t\t\t<div id=\"elementor-tab-title-1779\" class=\"elementor-tab-title elementor-tab-desktop-title\" aria-selected=\"false\" data-tab=\"9\" role=\"tab\" tabindex=\"-1\" aria-controls=\"elementor-tab-content-1779\" aria-expanded=\"false\">Momento Networking <\/div>\n\t\t\t\t\t\t\t\t\t<div id=\"elementor-tab-title-17710\" class=\"elementor-tab-title elementor-tab-desktop-title\" aria-selected=\"false\" data-tab=\"10\" role=\"tab\" tabindex=\"-1\" aria-controls=\"elementor-tab-content-17710\" aria-expanded=\"false\">Sess\u00e3o de Finalistas<\/div>\n\t\t\t\t\t\t\t<\/div>\n\t\t\t<div class=\"elementor-tabs-content-wrapper\" role=\"tablist\" aria-orientation=\"vertical\">\n\t\t\t\t\t\t\t\t\t<div class=\"elementor-tab-title elementor-tab-mobile-title\" aria-selected=\"true\" data-tab=\"1\" role=\"tab\" tabindex=\"0\" aria-controls=\"elementor-tab-content-1771\" aria-expanded=\"false\">Audit\u00f3rio do CT - Vermelho<\/div>\n\t\t\t\t\t<div id=\"elementor-tab-content-1771\" class=\"elementor-tab-content elementor-clearfix\" data-tab=\"1\" role=\"tabpanel\" aria-labelledby=\"elementor-tab-title-1771\" tabindex=\"0\" hidden=\"false\"><h5>08h30 \u00e0s 09h30 <strong>&#8211;\u00a0<\/strong>Painel &#8211; ESG na Engenharia de Produ\u00e7\u00e3o: Estrutura\u00e7\u00e3o de Processos, Valor Gerado e Desafios Reais<\/h5><p>Convidados: <strong>Handson Cl\u00e1udio Dias Pimenta<\/strong> (IFRN) e<strong> Andre Helleno<\/strong> (Mackenzie)<\/p><p>Moderadora: L\u00edvia Mariana (UFERSA)<\/p><p><strong><span class=\"x19la9d6 x1fc57z9 x6ikm8r x10wlt62 x19co3pv x1g5zs5t xfibh0p xiy17q3 x1xsqp64 x1lkfr7t xexx8yu x4uap5 x18d9i69 xkhd6sd\"><span class=\"xrtxmta x1bhl96m\">\ud83d\udccd<\/span><\/span>Local de realiza\u00e7\u00e3o: Audit\u00f3rio do CT &#8211; Vermelho\u00a0<\/strong> &#8211; UFRN<\/p><p>_________________________<\/p><h5><strong>9h40 \u00e0s 10h40 &#8211;\u00a0<\/strong>Planejamento Estrat\u00e9gico \u00c1gil<\/h5><p>Convidado:\u00a0<strong>Kl\u00e9ber N\u00f3brega (Academia Brasileira da Qualidade)<\/strong><\/p><p>Moderador: Carlos Eduardo Sanches (ABEPRO)<\/p><p><strong><span class=\"x19la9d6 x1fc57z9 x6ikm8r x10wlt62 x19co3pv x1g5zs5t xfibh0p xiy17q3 x1xsqp64 x1lkfr7t xexx8yu x4uap5 x18d9i69 xkhd6sd\"><span class=\"xrtxmta x1bhl96m\">\ud83d\udccd<\/span><\/span>Local de realiza\u00e7\u00e3o: Audit\u00f3rio do CT &#8211; Vermelho\u00a0<\/strong> &#8211; UFRN<\/p><p>_________________________<\/p><p>11h10 \u00e0s 12h30 <strong>&#8211; PROD+<\/strong><\/p><p data-pm-slice=\"1 1 [&quot;list&quot;,{},&quot;list_item&quot;,{&quot;indent&quot;:2,&quot;type&quot;:&quot;bulleted&quot;}]\"><strong>Mariana Almeida<\/strong> (UFRN)<\/p><p data-pm-slice=\"1 1 [&quot;list&quot;,{},&quot;list_item&quot;,{&quot;indent&quot;:2,&quot;type&quot;:&quot;bulleted&quot;}]\"><strong>Jamil Farkatt<\/strong> (Ag\u00eancia USP de Inova\u00e7\u00e3o &#8211; AUSPIN)<\/p><p data-pm-slice=\"1 1 [&quot;list&quot;,{},&quot;list_item&quot;,{&quot;indent&quot;:2,&quot;type&quot;:&quot;bulleted&quot;}]\"><strong>Jodibel Niklas<\/strong> (S\u00f3cio-Diretor na NOV4 Gest\u00e3o Empresarial e ALLBPO)<\/p><p>Moderador: <strong>Rodrigo Caiado<\/strong> (GTPG &#8211; ABEPRO)<\/p><p><strong><span class=\"x19la9d6 x1fc57z9 x6ikm8r x10wlt62 x19co3pv x1g5zs5t xfibh0p xiy17q3 x1xsqp64 x1lkfr7t xexx8yu x4uap5 x18d9i69 xkhd6sd\"><span class=\"xrtxmta x1bhl96m\">\ud83d\udccd<\/span><\/span>Local de realiza\u00e7\u00e3o: Audit\u00f3rio do CT &#8211; Vermelho<\/strong> &#8211; UFRN<\/p><p>____________________________<\/p><h5>14h \u00e0s 15h30 &#8211;\u00a0Mesa-redonda &#8211; Diferentes aplica\u00e7\u00f5es da pesquisa operacional (PO): experi\u00eancias pr\u00e1ticas na engenharia de produ\u00e7\u00e3o<\/h5><p>Otimiza\u00e7\u00e3o:<strong> Prof. Dr. F\u00e1bio Fontes<\/strong> (Ufersa)<br \/>DEA: <strong>Profa. Dra. Renata Oliveira<\/strong> (UEPA)<br \/>Multicrit\u00e9rio: <strong>Profa. Dra. Adriana Marques<\/strong> (UFRN)<br \/>An\u00e1lise de dados e Intelig\u00eancia Computacional: <strong>Profa. Dra. Gabrielli Yamashita<\/strong> (UFC)<\/p><p>Moderadoras: <strong>L\u00edvia Torres<\/strong> (Ufersa) e <strong>Miriam\u00a0Rocha\u00a0<\/strong>(UFRN)<\/p><p><strong><span class=\"x19la9d6 x1fc57z9 x6ikm8r x10wlt62 x19co3pv x1g5zs5t xfibh0p xiy17q3 x1xsqp64 x1lkfr7t xexx8yu x4uap5 x18d9i69 xkhd6sd\"><span class=\"xrtxmta x1bhl96m\">\ud83d\udccd<\/span><\/span>Local de realiza\u00e7\u00e3o: Audit\u00f3rio do CT &#8211; Vermelho<\/strong> &#8211; UFRN<\/p><p>___________________<\/p><\/div>\n\t\t\t\t\t\t\t\t\t<div class=\"elementor-tab-title elementor-tab-mobile-title\" aria-selected=\"false\" data-tab=\"2\" role=\"tab\" tabindex=\"-1\" aria-controls=\"elementor-tab-content-1772\" aria-expanded=\"false\">Audit\u00f3rio do ECT-D\u00a0e F<\/div>\n\t\t\t\t\t<div id=\"elementor-tab-content-1772\" class=\"elementor-tab-content elementor-clearfix\" data-tab=\"2\" role=\"tabpanel\" aria-labelledby=\"elementor-tab-title-1772\" tabindex=\"0\" hidden=\"hidden\"><p>11h10 \u00e0s 12h30 &#8211; Palestra Internacional (Remoto) &#8211; The Art and Science of Supply Chain Decision Making: When and Where to Leverage Human Insight and Statistical Analysis\u00a0<\/p><p>Jonathon Karelse (Northfind Management)\u00a0<\/p><p>Moderador: Rafael Barbastefano (ABEPRO)\u00a0<\/p><p>14h \u00e0s 15h30 &#8211;\u00a0Painel ABEPRO &#8211; ANEST<\/p><p>Moderador:<strong> Milton Vieira Junior<\/strong> (ABEPRO)<\/p><p><strong><span class=\"x19la9d6 x1fc57z9 x6ikm8r x10wlt62 x19co3pv x1g5zs5t xfibh0p xiy17q3 x1xsqp64 x1lkfr7t xexx8yu x4uap5 x18d9i69 xkhd6sd\"><span class=\"xrtxmta x1bhl96m\">\ud83d\udccd<\/span><\/span>Local de realiza\u00e7\u00e3o: Audit\u00f3rio do ECT &#8211; D\u00a0<\/strong> &#8211; UFRN<\/p><p>\u00a0<\/p><p>\u00a0<\/p><\/div>\n\t\t\t\t\t\t\t\t\t<div class=\"elementor-tab-title elementor-tab-mobile-title\" aria-selected=\"false\" data-tab=\"3\" role=\"tab\" tabindex=\"-1\" aria-controls=\"elementor-tab-content-1773\" aria-expanded=\"false\">PROD+<\/div>\n\t\t\t\t\t<div id=\"elementor-tab-content-1773\" class=\"elementor-tab-content elementor-clearfix\" data-tab=\"3\" role=\"tabpanel\" aria-labelledby=\"elementor-tab-title-1773\" tabindex=\"0\" hidden=\"hidden\"><\/div>\n\t\t\t\t\t\t\t\t\t<div class=\"elementor-tab-title elementor-tab-mobile-title\" aria-selected=\"false\" data-tab=\"4\" role=\"tab\" tabindex=\"-1\" aria-controls=\"elementor-tab-content-1774\" aria-expanded=\"false\">GTG<\/div>\n\t\t\t\t\t<div id=\"elementor-tab-content-1774\" class=\"elementor-tab-content elementor-clearfix\" data-tab=\"4\" role=\"tabpanel\" aria-labelledby=\"elementor-tab-title-1774\" tabindex=\"0\" hidden=\"hidden\"><h5>8h30 \u00e0s 10h40 &#8211; GTG<\/h5><p><strong><span class=\"x19la9d6 x1fc57z9 x6ikm8r x10wlt62 x19co3pv x1g5zs5t xfibh0p xiy17q3 x1xsqp64 x1lkfr7t xexx8yu x4uap5 x18d9i69 xkhd6sd\"><span class=\"xrtxmta x1bhl96m\">\ud83d\udccd<\/span><\/span>Local de realiza\u00e7\u00e3o: Audit\u00f3rio ECT &#8211; F<\/strong>\u00a0&#8211; UFRN \u00a0<\/p><\/div>\n\t\t\t\t\t\t\t\t\t<div class=\"elementor-tab-title elementor-tab-mobile-title\" aria-selected=\"false\" data-tab=\"5\" role=\"tab\" tabindex=\"-1\" aria-controls=\"elementor-tab-content-1775\" aria-expanded=\"false\">ABJ<\/div>\n\t\t\t\t\t<div id=\"elementor-tab-content-1775\" class=\"elementor-tab-content elementor-clearfix\" data-tab=\"5\" role=\"tabpanel\" aria-labelledby=\"elementor-tab-title-1775\" tabindex=\"0\" hidden=\"hidden\"><p>14h30 \u00e0s 15h30 <strong>&#8211;\u00a0 CONAJOVEM<\/strong><\/p><p><strong><span class=\"x19la9d6 x1fc57z9 x6ikm8r x10wlt62 x19co3pv x1g5zs5t xfibh0p xiy17q3 x1xsqp64 x1lkfr7t xexx8yu x4uap5 x18d9i69 xkhd6sd\"><span class=\"xrtxmta x1bhl96m\">\ud83d\udccd<\/span><\/span>Local de realiza\u00e7\u00e3o: Bloco I &#8211; Sala 10<\/strong> &#8211; UFRN<\/p><\/div>\n\t\t\t\t\t\t\t\t\t<div class=\"elementor-tab-title elementor-tab-mobile-title\" aria-selected=\"false\" data-tab=\"6\" role=\"tab\" tabindex=\"-1\" aria-controls=\"elementor-tab-content-1776\" aria-expanded=\"false\">Minicursos <\/div>\n\t\t\t\t\t<div id=\"elementor-tab-content-1776\" class=\"elementor-tab-content elementor-clearfix\" data-tab=\"6\" role=\"tabpanel\" aria-labelledby=\"elementor-tab-title-1776\" tabindex=\"0\" hidden=\"hidden\"><h5>8h30 \u00e0s 12h &#8211; Minicurso 10 &#8211; Metodologias \u00e1geis, al\u00e9m do setor de tecnologia<\/h5><p>Ministrante: <strong>Bruno Vieira<\/strong><\/p><p><strong><span class=\"x19la9d6 x1fc57z9 x6ikm8r x10wlt62 x19co3pv x1g5zs5t xfibh0p xiy17q3 x1xsqp64 x1lkfr7t xexx8yu x4uap5 x18d9i69 xkhd6sd\"><span class=\"xrtxmta x1bhl96m\">\ud83d\udccd<\/span><\/span>Local de realiza\u00e7\u00e3o: Sala <\/strong>\u00a0&#8211; UFRN \u00a0<\/p><p>_________________________<\/p><h5>8h30 \u00e0s 12h &#8211; Minicurso 11 &#8211; Engenharia de Produ\u00e7\u00e3o na Constru\u00e7\u00e3o Civil: Como aumentar a Produtividade nas obras<\/h5><p>Ministrante:<strong>\u00a0Matheus Rodrigues Bertevello<\/strong> (Produttare)<\/p><p><strong><span class=\"x19la9d6 x1fc57z9 x6ikm8r x10wlt62 x19co3pv x1g5zs5t xfibh0p xiy17q3 x1xsqp64 x1lkfr7t xexx8yu x4uap5 x18d9i69 xkhd6sd\"><span class=\"xrtxmta x1bhl96m\">\ud83d\udccd<\/span><\/span>Local de realiza\u00e7\u00e3o: Sala <\/strong>\u00a0&#8211; UFRN \u00a0<\/p><p>_________________________<\/p><\/div>\n\t\t\t\t\t\t\t\t\t<div class=\"elementor-tab-title elementor-tab-mobile-title\" aria-selected=\"false\" data-tab=\"7\" role=\"tab\" tabindex=\"-1\" aria-controls=\"elementor-tab-content-1777\" aria-expanded=\"false\">Visita T\u00e9cnica<\/div>\n\t\t\t\t\t<div id=\"elementor-tab-content-1777\" class=\"elementor-tab-content elementor-clearfix\" data-tab=\"7\" role=\"tabpanel\" aria-labelledby=\"elementor-tab-title-1777\" tabindex=\"0\" hidden=\"hidden\"><h5>Hor\u00e1rio de sa\u00edda: 8h \u00e0s 11h &#8211; Iskisita<\/h5><p>Come\u00e7ou sua hist\u00f3ria em 1967, com a concretiza\u00e7\u00e3o de um sonho dos irm\u00e3os Josebel e Gerson Cirne. Vindos do Serid\u00f3, abriram um pequeno armarinho no Centro da Cidade de Natal, na Rua Princesa Isabel, focando em aviamentos. Inspirada em modelos de neg\u00f3cios dos Estados Unidos, a empresa foi pioneira no Norte-Nordeste ao lan\u00e7ar as lojas de R$ 1,99 em 1994, sob o nome fantasia &#8220;Shop Imports&#8221;. O sucesso foi imediato, revolucionando o com\u00e9rcio varejista local e impulsionando a expans\u00e3o da marca, que chegou a ter v\u00e1rias lojas nesse formato ao longo de 20 anos.<\/p><\/div>\n\t\t\t\t\t\t\t\t\t<div class=\"elementor-tab-title elementor-tab-mobile-title\" aria-selected=\"false\" data-tab=\"8\" role=\"tab\" tabindex=\"-1\" aria-controls=\"elementor-tab-content-1778\" aria-expanded=\"false\">Sess\u00e3o de Encerramento e Premia\u00e7\u00e3o <\/div>\n\t\t\t\t\t<div id=\"elementor-tab-content-1778\" class=\"elementor-tab-content elementor-clearfix\" data-tab=\"8\" role=\"tabpanel\" aria-labelledby=\"elementor-tab-title-1778\" tabindex=\"0\" hidden=\"hidden\"><p>15h30 \u00e0s 16h30 <strong>&#8211; Sess\u00e3o Solene <\/strong><br \/><strong>Encerramento e Premia\u00e7\u00e3o<\/strong><\/p><p><strong><span class=\"x19la9d6 x1fc57z9 x6ikm8r x10wlt62 x19co3pv x1g5zs5t xfibh0p xiy17q3 x1xsqp64 x1lkfr7t xexx8yu x4uap5 x18d9i69 xkhd6sd\"><span class=\"xrtxmta x1bhl96m\">\ud83d\udccd<\/span><\/span>Local de realiza\u00e7\u00e3o: Audit\u00f3rio do CT\u00a0<\/strong> &#8211; UFRN<\/p><p>16h30 \u00e0s 17h30 <strong>&#8211; Assembl\u00e9ia ABEPRO<\/strong><\/p><p><strong><span class=\"x19la9d6 x1fc57z9 x6ikm8r x10wlt62 x19co3pv x1g5zs5t xfibh0p xiy17q3 x1xsqp64 x1lkfr7t xexx8yu x4uap5 x18d9i69 xkhd6sd\"><span class=\"xrtxmta x1bhl96m\">\ud83d\udccd<\/span><\/span>Local de realiza\u00e7\u00e3o: Audit\u00f3rio do CT\u00a0<\/strong> &#8211; UFRN<\/p><\/div>\n\t\t\t\t\t\t\t\t\t<div class=\"elementor-tab-title elementor-tab-mobile-title\" aria-selected=\"false\" data-tab=\"9\" role=\"tab\" tabindex=\"-1\" aria-controls=\"elementor-tab-content-1779\" aria-expanded=\"false\">Momento Networking <\/div>\n\t\t\t\t\t<div id=\"elementor-tab-content-1779\" class=\"elementor-tab-content elementor-clearfix\" data-tab=\"9\" role=\"tabpanel\" aria-labelledby=\"elementor-tab-title-1779\" tabindex=\"0\" hidden=\"hidden\"><p>10h40 \u00e0s 11h10<strong> &#8211; Coffee break\u00a0<\/strong><\/p><p>12:30 \u00e0s 14h<strong> &#8211; Intervalo do almo\u00e7o<\/strong><\/p><p><strong><span class=\"x19la9d6 x1fc57z9 x6ikm8r x10wlt62 x19co3pv x1g5zs5t xfibh0p xiy17q3 x1xsqp64 x1lkfr7t xexx8yu x4uap5 x18d9i69 xkhd6sd\"><span class=\"xrtxmta x1bhl96m\">\ud83d\udccd<\/span><\/span>Local de realiza\u00e7\u00e3o:\u00a0<\/strong>Hall dos Expositores &#8211; UFRN <em>(apenas os coffee)\u00a0<\/em><\/p><\/div>\n\t\t\t\t\t\t\t\t\t<div class=\"elementor-tab-title elementor-tab-mobile-title\" aria-selected=\"false\" data-tab=\"10\" role=\"tab\" tabindex=\"-1\" aria-controls=\"elementor-tab-content-17710\" aria-expanded=\"false\">Sess\u00e3o de Finalistas<\/div>\n\t\t\t\t\t<div id=\"elementor-tab-content-17710\" class=\"elementor-tab-content elementor-clearfix\" data-tab=\"10\" role=\"tabpanel\" aria-labelledby=\"elementor-tab-title-17710\" tabindex=\"0\" hidden=\"hidden\"><p>O cronograma j\u00e1 est\u00e1 dispon\u00edvel na \u00e1rea do Pr\u00eamio ABEPRO, contemplando todas as categorias &#8211; <em><strong><a href=\"https:\/\/portal.abepro.org.br\/enegep\/2025\/premiacao\/\" target=\"_blank\" rel=\"noopener\">clique aqui\u00a0<\/a><\/strong><\/em><\/p><\/div>\n\t\t\t\t\t\t\t<\/div>\n\t\t<\/div>\n\t\t\t\t\t\t<\/div>\n\t\t\t\t<\/div>\n\t\t\t\t\t<\/div>\n\t\t<\/div>\n\t\t\t\t\t<\/div>\n\t\t<\/section>\n\t\t\t\t<div class=\"elementor-element elementor-element-75aca27 elementor-widget elementor-widget-spacer\" data-id=\"75aca27\" data-element_type=\"widget\" data-widget_type=\"spacer.default\">\n\t\t\t\t<div class=\"elementor-widget-container\">\n\t\t\t\t\t\t\t<div class=\"elementor-spacer\">\n\t\t\t<div class=\"elementor-spacer-inner\"><\/div>\n\t\t<\/div>\n\t\t\t\t\t\t<\/div>\n\t\t\t\t<\/div>\n\t\t\t\t\t<\/div>\n\t\t<\/div>\n\t\t\t\t\t<\/div>\n\t\t<\/section>\n\t\t\t\t<\/div>\n\t\t","protected":false},"excerpt":{"rendered":"<p>Programa\u00e7\u00e3o Esquem\u00e1tica Programa\u00e7\u00e3o preliminar &#8211; clique aqui 14 de Outubro Sess\u00e3o de Abertura Pain\u00e9is e Palestras Coquetel de Abertura Momento Networking Sess\u00e3o de Abertura 13h30 \u00e0s 14h30 &#8211; Sess\u00e3o de abertura e Comemora\u00e7\u00e3o dos 45 anos de ENEGEP Antonio Cezar Bornia &#8211; Presidente ABEPRORafael Barbastefano &#8211; Diretor Cient\u00edfico ABEPROMariana Almeida &#8211; UFRNThaynara Morona &#8211; Presidente [&hellip;]<\/p>\n","protected":false},"author":1,"featured_media":0,"parent":0,"menu_order":0,"comment_status":"closed","ping_status":"closed","template":"","meta":{"footnotes":""},"class_list":["post-465","page","type-page","status-publish","hentry"],"_links":{"self":[{"href":"https:\/\/portal.abepro.org.br\/enegep\/2025\/wp-json\/wp\/v2\/pages\/465","targetHints":{"allow":["GET"]}}],"collection":[{"href":"https:\/\/portal.abepro.org.br\/enegep\/2025\/wp-json\/wp\/v2\/pages"}],"about":[{"href":"https:\/\/portal.abepro.org.br\/enegep\/2025\/wp-json\/wp\/v2\/types\/page"}],"author":[{"embeddable":true,"href":"https:\/\/portal.abepro.org.br\/enegep\/2025\/wp-json\/wp\/v2\/users\/1"}],"replies":[{"embeddable":true,"href":"https:\/\/portal.abepro.org.br\/enegep\/2025\/wp-json\/wp\/v2\/comments?post=465"}],"version-history":[{"count":766,"href":"https:\/\/portal.abepro.org.br\/enegep\/2025\/wp-json\/wp\/v2\/pages\/465\/revisions"}],"predecessor-version":[{"id":6236,"href":"https:\/\/portal.abepro.org.br\/enegep\/2025\/wp-json\/wp\/v2\/pages\/465\/revisions\/6236"}],"wp:attachment":[{"href":"https:\/\/portal.abepro.org.br\/enegep\/2025\/wp-json\/wp\/v2\/media?parent=465"}],"curies":[{"name":"wp","href":"https:\/\/api.w.org\/{rel}","templated":true}]}}