{"id":5082,"date":"2025-04-16T09:57:59","date_gmt":"2025-04-16T12:57:59","guid":{"rendered":"https:\/\/portal.abepro.org.br\/enegep\/2025\/?page_id=5082"},"modified":"2025-05-21T10:40:40","modified_gmt":"2025-05-21T13:40:40","slug":"temas-especiais-em-engenharia-de-producao","status":"publish","type":"page","link":"https:\/\/portal.abepro.org.br\/enegep\/2025\/temas-especiais-em-engenharia-de-producao\/","title":{"rendered":"Temas Especiais em Engenharia de Produ\u00e7\u00e3o"},"content":{"rendered":"\t\t<div data-elementor-type=\"wp-page\" data-elementor-id=\"5082\" class=\"elementor elementor-5082\" data-elementor-post-type=\"page\">\n\t\t\t\t\t\t<section class=\"elementor-section elementor-top-section elementor-element elementor-element-8add681 elementor-section-boxed elementor-section-height-default elementor-section-height-default\" data-id=\"8add681\" data-element_type=\"section\">\n\t\t\t\t\t\t<div class=\"elementor-container elementor-column-gap-default\">\n\t\t\t\t\t<div class=\"elementor-column elementor-col-100 elementor-top-column elementor-element elementor-element-eee96dd\" data-id=\"eee96dd\" data-element_type=\"column\">\n\t\t\t<div class=\"elementor-widget-wrap elementor-element-populated\">\n\t\t\t\t\t\t<div class=\"elementor-element elementor-element-36e81d5 elementor-widget elementor-widget-text-editor\" data-id=\"36e81d5\" data-element_type=\"widget\" data-widget_type=\"text-editor.default\">\n\t\t\t\t<div class=\"elementor-widget-container\">\n\t\t\t\t\t\t\t\t\t<p class=\"\" data-start=\"126\" data-end=\"532\">Autores interessados j\u00e1 podem submeter seus trabalhos ao 45\u00ba Encontro Nacional de Engenharia de Produ\u00e7\u00e3o (ENEGEP), o maior evento nacional da \u00e1rea, promovido pela Associa\u00e7\u00e3o Brasileira de Engenharia de Produ\u00e7\u00e3o (ABEPRO). Nesta edi\u00e7\u00e3o, os trabalhos podem ser submetidos dentro de uma das Tem\u00e1ticas Especiais da Engenharia de Produ\u00e7\u00e3o, que abordam assuntos atuais e relevantes para o desenvolvimento da \u00e1rea:<\/p><ul data-start=\"534\" data-end=\"703\"><li class=\"\" data-start=\"534\" data-end=\"569\"><p class=\"\" data-start=\"536\" data-end=\"569\"><strong data-start=\"536\" data-end=\"567\">Design e Gest\u00e3o de Servi\u00e7os<\/strong><\/p><\/li><li class=\"\" data-start=\"570\" data-end=\"679\"><p class=\"\" data-start=\"572\" data-end=\"679\"><strong data-start=\"572\" data-end=\"677\">Engenharia de Produ\u00e7\u00e3o rumo \u00e0 neutralidade de carbono: Avan\u00e7os em pesquisa, inova\u00e7\u00e3o e impacto social<\/strong><\/p><\/li><li class=\"\" data-start=\"680\" data-end=\"703\"><p class=\"\" data-start=\"682\" data-end=\"703\"><strong data-start=\"682\" data-end=\"703\">M\u00e9todo FITradeoff<\/strong><\/p><\/li><\/ul><p class=\"\" data-start=\"705\" data-end=\"1145\">O ENEGEP \u00e9 refer\u00eancia nacional na divulga\u00e7\u00e3o da produ\u00e7\u00e3o t\u00e9cnica e cient\u00edfica em Engenharia de Produ\u00e7\u00e3o, reunindo pesquisadores, professores, estudantes, empres\u00e1rios, consultores e profissionais da \u00e1rea. Consolidado como um importante f\u00f3rum de debates, o evento promove o interc\u00e2mbio entre o meio acad\u00eamico e o setor produtivo, estimulando discuss\u00f5es sobre os desafios e as inova\u00e7\u00f5es que moldam o futuro da Engenharia de Produ\u00e7\u00e3o no Brasil.<\/p>\t\t\t\t\t\t\t\t<\/div>\n\t\t\t\t<\/div>\n\t\t\t\t<div class=\"elementor-element elementor-element-381d11e elementor-widget-divider--view-line elementor-widget elementor-widget-divider\" data-id=\"381d11e\" data-element_type=\"widget\" data-widget_type=\"divider.default\">\n\t\t\t\t<div class=\"elementor-widget-container\">\n\t\t\t\t\t\t\t<div class=\"elementor-divider\">\n\t\t\t<span class=\"elementor-divider-separator\">\n\t\t\t\t\t\t<\/span>\n\t\t<\/div>\n\t\t\t\t\t\t<\/div>\n\t\t\t\t<\/div>\n\t\t\t\t<div class=\"elementor-element elementor-element-1a37459 elementor-widget elementor-widget-toggle\" data-id=\"1a37459\" data-element_type=\"widget\" data-widget_type=\"toggle.default\">\n\t\t\t\t<div class=\"elementor-widget-container\">\n\t\t\t\t\t\t\t<div class=\"elementor-toggle\">\n\t\t\t\t\t\t\t<div class=\"elementor-toggle-item\">\n\t\t\t\t\t<div id=\"elementor-tab-title-2741\" class=\"elementor-tab-title\" data-tab=\"1\" role=\"button\" aria-controls=\"elementor-tab-content-2741\" aria-expanded=\"false\">\n\t\t\t\t\t\t\t\t\t\t\t\t<span class=\"elementor-toggle-icon elementor-toggle-icon-left\" aria-hidden=\"true\">\n\t\t\t\t\t\t\t\t\t\t\t\t\t\t\t<span class=\"elementor-toggle-icon-closed\"><i class=\"fas fa-caret-right\"><\/i><\/span>\n\t\t\t\t\t\t\t\t<span class=\"elementor-toggle-icon-opened\"><i class=\"elementor-toggle-icon-opened fas fa-caret-up\"><\/i><\/span>\n\t\t\t\t\t\t\t\t\t\t\t\t\t<\/span>\n\t\t\t\t\t\t\t\t\t\t\t\t<a class=\"elementor-toggle-title\" tabindex=\"0\">Gest\u00e3o de Servi\u00e7os<\/a>\n\t\t\t\t\t<\/div>\n\n\t\t\t\t\t<div id=\"elementor-tab-content-2741\" class=\"elementor-tab-content elementor-clearfix\" data-tab=\"1\" role=\"region\" aria-labelledby=\"elementor-tab-title-2741\"><p>A \u201cGest\u00e3o de Servi\u00e7os\u201d \u00e9 um campo de not\u00f3ria relev\u00e2ncia para a Engenharia de Produ\u00e7\u00e3o, pois permite ampliar o foco da grande \u00e1rea, tradicionalmente concentrada em processos industriais e de manufatura. A grande \u00e1rea tamb\u00e9m engloba o desenvolvimento, aperfei\u00e7oamento e a gest\u00e3o de processos voltados para o setor de servi\u00e7os, que hoje representa uma parte significativa da economia global, seja em pa\u00edses desenvolvidos ou economias emergentes. Seguem algumas raz\u00f5es relevantes que tornam a gest\u00e3o de servi\u00e7os essencial para a Engenharia de Produ\u00e7\u00e3o:<\/p><ul><li>Representatividade na economia nacional, representando cerca de 60% do PIB, e internacionalmente nos pa\u00edses desenvolvidos, alcan\u00e7ando no PIB, mais de 70% do PIB;<\/li><li>Servi\u00e7os s\u00e3o diferenciais competitivos da ind\u00fastria, dos produtos e, da manufatura;<\/li><li>Integra\u00e7\u00e3o de tecnologias digitais e inova\u00e7\u00f5es em produtos tang\u00edveis baseadas em servi\u00e7os, al\u00e9m do movimento da \u2018servitisation\u2019 nas empresas de manufatura (\u2018product-centric\u2019);<\/li><li>Crescente disruptura conceitual de produtos para servi\u00e7os (\u201cservitisation\u201d), os quais a literatura conceitua produtos e servi\u00e7os integrados na oferta;<\/li><li>Tomada de decis\u00e3o no setor de servi\u00e7os e ind\u00fastria baseada em servi\u00e7os de gest\u00e3o de dados;<\/li><li>Expans\u00e3o do campo de atua\u00e7\u00e3o da Engenharia de Produ\u00e7\u00e3o que vai al\u00e9m do ambiente do \u201cch\u00e3o de f\u00e1brica\u201d, compreendendo: hospitais, bancos, servi\u00e7os p\u00fablicos, dentre outros setores n\u00e3o industriais de manufatura;<\/li><li>Oficializa\u00e7\u00e3o da representa\u00e7\u00e3o de diversas \u00e1reas de atua\u00e7\u00e3o do Engenheiro de Produ\u00e7\u00e3o e Pesquisadores no campo das opera\u00e7\u00f5es de servi\u00e7os.<br \/>Embora a descri\u00e7\u00e3o da \u00e1rea 1 congregue \u201cProjetos, opera\u00e7\u00f5es e melhorias dos sistemas que criam e entregam os produtos (bens ou servi\u00e7os) prim\u00e1rios da empresa\u201d, a proposta defende que a \u00eanfase da sub\u00e1rea permitir\u00e1 uma melhor identifica\u00e7\u00e3o, representa\u00e7\u00e3o e, principalmente, percep\u00e7\u00e3o de parte da comunidade da Engenharia de Produ\u00e7\u00e3o e de Engenheiros de Produ\u00e7\u00e3o na atua\u00e7\u00e3o e atividades profissionais no campo de servi\u00e7os.<\/li><\/ul><\/div>\n\t\t\t\t<\/div>\n\t\t\t\t\t\t\t<div class=\"elementor-toggle-item\">\n\t\t\t\t\t<div id=\"elementor-tab-title-2742\" class=\"elementor-tab-title\" data-tab=\"2\" role=\"button\" aria-controls=\"elementor-tab-content-2742\" aria-expanded=\"false\">\n\t\t\t\t\t\t\t\t\t\t\t\t<span class=\"elementor-toggle-icon elementor-toggle-icon-left\" aria-hidden=\"true\">\n\t\t\t\t\t\t\t\t\t\t\t\t\t\t\t<span class=\"elementor-toggle-icon-closed\"><i class=\"fas fa-caret-right\"><\/i><\/span>\n\t\t\t\t\t\t\t\t<span class=\"elementor-toggle-icon-opened\"><i class=\"elementor-toggle-icon-opened fas fa-caret-up\"><\/i><\/span>\n\t\t\t\t\t\t\t\t\t\t\t\t\t<\/span>\n\t\t\t\t\t\t\t\t\t\t\t\t<a class=\"elementor-toggle-title\" tabindex=\"0\">Engenharia de Produ\u00e7\u00e3o rumo \u00e0 neutralidade de carbono: Avan\u00e7os em pesquisa, inova\u00e7\u00e3o e impacto social<\/a>\n\t\t\t\t\t<\/div>\n\n\t\t\t\t\t<div id=\"elementor-tab-content-2742\" class=\"elementor-tab-content elementor-clearfix\" data-tab=\"2\" role=\"region\" aria-labelledby=\"elementor-tab-title-2742\"><p>Alcan\u00e7ar a neutralidade de carbono \u00e9 uma prioridade global, com implica\u00e7\u00f5es cr\u00edticas para as ind\u00fastrias, a sociedade e a sustentabilidade ambiental. Esta se\u00e7\u00e3o tem\u00e1tica explorar\u00e1 o papel da Engenharia de Produ\u00e7\u00e3o na viabiliza\u00e7\u00e3o da transforma\u00e7\u00e3o rumo \u00e0 neutralidade de carbono, abordando desafios sist\u00eamicos, aproveitando a inova\u00e7\u00e3o tecnol\u00f3gica e promovendo a colabora\u00e7\u00e3o interdisciplinar. A justificativa para essa abordagem est\u00e1 na crescente urg\u00eancia de alinhar as opera\u00e7\u00f5es industriais com as metas clim\u00e1ticas internacionais, como o Acordo de Paris, que visa limitar o aquecimento global a bem abaixo de 2\u00b0C acima dos n\u00edveis pr\u00e9-industriais (Zhang et al., 2024).<\/p><p>A Engenharia de Produ\u00e7\u00e3o desempenha um papel fundamental nessa transforma\u00e7\u00e3o, pois intersecciona \u00e1reas cr\u00edticas como o design da cadeia de suprimentos, a efici\u00eancia operacional, a inova\u00e7\u00e3o tecnol\u00f3gica e os sistemas sociais. Esta se\u00e7\u00e3o tem\u00e1tica tem como objetivo explorar como os avan\u00e7os na Engenharia de Produ\u00e7\u00e3o contribuem para a neutralidade de carbono, abordando desafios e oportunidades desse processo, enquanto considera as din\u00e2micas sociais e trabalhistas da transi\u00e7\u00e3o para uma economia de baixo carbono.<\/p><p>Esta proposta visa fomentar o debate interdisciplinar sobre como os sistemas produtivos podem evoluir para se alinhar aos Objetivos de Desenvolvimento Sustent\u00e1vel (ODS) da ONU, especificamente o ODS 13: A\u00e7\u00e3o Contra a Mudan\u00e7a Global do Clima, al\u00e9m de abordar interdepend\u00eancias complexas nos sistemas sociais e industriais. A se\u00e7\u00e3o fornecer\u00e1 estrat\u00e9gias acion\u00e1veis para a academia, profissionais e formuladores de pol\u00edticas, com base em insights te\u00f3ricos e estudos emp\u00edricos.<\/p><\/div>\n\t\t\t\t<\/div>\n\t\t\t\t\t\t\t<div class=\"elementor-toggle-item\">\n\t\t\t\t\t<div id=\"elementor-tab-title-2743\" class=\"elementor-tab-title\" data-tab=\"3\" role=\"button\" aria-controls=\"elementor-tab-content-2743\" aria-expanded=\"false\">\n\t\t\t\t\t\t\t\t\t\t\t\t<span class=\"elementor-toggle-icon elementor-toggle-icon-left\" aria-hidden=\"true\">\n\t\t\t\t\t\t\t\t\t\t\t\t\t\t\t<span class=\"elementor-toggle-icon-closed\"><i class=\"fas fa-caret-right\"><\/i><\/span>\n\t\t\t\t\t\t\t\t<span class=\"elementor-toggle-icon-opened\"><i class=\"elementor-toggle-icon-opened fas fa-caret-up\"><\/i><\/span>\n\t\t\t\t\t\t\t\t\t\t\t\t\t<\/span>\n\t\t\t\t\t\t\t\t\t\t\t\t<a class=\"elementor-toggle-title\" tabindex=\"0\">M\u00e9todo FITradeoff<\/a>\n\t\t\t\t\t<\/div>\n\n\t\t\t\t\t<div id=\"elementor-tab-content-2743\" class=\"elementor-tab-content elementor-clearfix\" data-tab=\"3\" role=\"region\" aria-labelledby=\"elementor-tab-title-2743\"><p>O Comit\u00ea Organizador do ENEGEP 2025 \u2013 45\u00ba Encontro Nacional de Engenharia de Produ\u00e7\u00e3o convida a comunidade acad\u00eamica, pesquisadores, profissionais e estudantes a submeterem trabalhos para a <strong>Sess\u00e3o Especial &#8220;M\u00e9todo FITradeoff&#8221;<\/strong>, que visa ao desenvolvimento metodol\u00f3gico e aplica\u00e7\u00f5es no m\u00e9todo multicrit\u00e9rio FITradeoff e ser\u00e1 realizada como parte da programa\u00e7\u00e3o oficial do evento.<\/p><p>O FITradeoff (Flexible and Interactive Tradeoff) \u00e9 um m\u00e9todo interativo de apoio \u00e0 decis\u00e3o baseado em um modelo aditivo no escopo da Teoria de Valor Multiatributo (Multi-Attribute Value Theory &#8211; MAVT), que permite a elicita\u00e7\u00e3o de prefer\u00eancias com base em informa\u00e7\u00f5es parciais do tomador de decis\u00e3o. Sua flexibilidade tem possibilitado aplica\u00e7\u00f5es em problemas complexos de escolha, ordena\u00e7\u00e3o, classifica\u00e7\u00e3o e portf\u00f3lio em diferentes contextos organizacionais. Mais informa\u00e7\u00e3o sobre o m\u00e9todo est\u00e3o no site: <a href=\"http:\/\/www.fitradeoff.org\">www.fitradeoff.org<\/a>, onde \u00e9 disponibilizado software web-based para o desenvolvimento de aplica\u00e7\u00f5es em problemas de decis\u00e3o nos sistemas de produ\u00e7\u00e3o.<\/p><p>A sess\u00e3o especial dedicada ao m\u00e9todo <strong>FITradeoff (Flexible and Interactive Tradeoff)<\/strong> visa criar um espa\u00e7o de discuss\u00e3o qualificada sobre <strong>inova\u00e7\u00f5es metodol\u00f3gicas<\/strong> e <strong>aplica\u00e7\u00f5es pr\u00e1ticas<\/strong> do m\u00e9todo FITradeoff, contribuindo para o avan\u00e7o do conhecimento sobre problemas multicrit\u00e9rio na Engenharia de Produ\u00e7\u00e3o e \u00e1reas afins e promovendo o interc\u00e2mbio entre pesquisadores, estudantes e profissionais interessados em m\u00e9todos de apoio a decis\u00e3o.<\/p><p>A sess\u00e3o acolher\u00e1 trabalhos que abordem, mas n\u00e3o restritos, os seguintes temas:<\/p><ul><li>Modelos de decis\u00e3o com o FITradeoff aplicados ao contexto de sustentabilidade.<\/li><li>Aplica\u00e7\u00f5es do m\u00e9todo FITradeoff a problemas em sistemas de energia.<\/li><li>Aplica\u00e7\u00f5es do m\u00e9todo FITradeoff a problemas em sistemas de sa\u00fade.<\/li><li>Aplica\u00e7\u00f5es do m\u00e9todo FITradeoff a problemas no planejamento da produ\u00e7\u00e3o.<\/li><li>Aplica\u00e7\u00f5es do m\u00e9todo FITradeoff a problemas de sele\u00e7\u00e3o de fornecedores e outros problemas de produ\u00e7\u00e3o.<\/li><li>Aplica\u00e7\u00f5es do m\u00e9todo FITradeoff a sele\u00e7\u00e3o de portf\u00f3lio de projetos e outros portfolios.<\/li><li>Modelos de decis\u00e3o com aplica\u00e7\u00f5es do FITradeoff em outros contextos reais<\/li><li>Contribui\u00e7\u00f5es metodol\u00f3gicas no FITradeoff<\/li><\/ul><p>Pesquisadores interessados devem submeter seus trabalhos escolhendo a \u00e1rea 11. Temas Especiais em Engenharia de Produ\u00e7\u00e3o e a sub\u00e1rea <strong>11.3 M\u00e9todo<\/strong> <strong>FITradeoff <\/strong>no sistema de submiss\u00e3o do ENEGEP 2025, conforme as normas dispon\u00edveis no site oficial do evento, em: \u00a0<a href=\"https:\/\/portal.abepro.org.br\/enegep\/2025\/regras-para-submissao\/\">https:\/\/portal.abepro.org.br\/enegep\/2025\/regras-para-submissao\/<\/a>.<\/p><p>Esta \u00e9 uma oportunidade para reunir a comunidade acad\u00eamica e t\u00e9cnica envolvida com problemas multicrit\u00e9rio, promovendo a troca de experi\u00eancias, o amadurecimento de aplica\u00e7\u00f5es e o debate sobre os rumos futuros do m\u00e9todo FITradeoff.<\/p><p>Participe dessa constru\u00e7\u00e3o coletiva de conhecimento. Sua contribui\u00e7\u00e3o \u00e9 essencial para o avan\u00e7o da \u00e1rea.<\/p><p>Mais informa\u00e7\u00f5es sobre datas e diretrizes de submiss\u00e3o est\u00e3o dispon\u00edveis no site oficial do ENEGEP 2025: <a href=\"https:\/\/portal.abepro.org.br\/enegep\/2025\/\">https:\/\/portal.abepro.org.br\/enegep\/2025\/<\/a><\/p><\/div>\n\t\t\t\t<\/div>\n\t\t\t\t\t\t\t\t<\/div>\n\t\t\t\t\t\t<\/div>\n\t\t\t\t<\/div>\n\t\t\t\t<div class=\"elementor-element elementor-element-373a6a8 elementor-widget-divider--view-line elementor-widget elementor-widget-divider\" data-id=\"373a6a8\" data-element_type=\"widget\" data-widget_type=\"divider.default\">\n\t\t\t\t<div class=\"elementor-widget-container\">\n\t\t\t\t\t\t\t<div class=\"elementor-divider\">\n\t\t\t<span class=\"elementor-divider-separator\">\n\t\t\t\t\t\t<\/span>\n\t\t<\/div>\n\t\t\t\t\t\t<\/div>\n\t\t\t\t<\/div>\n\t\t\t\t<div class=\"elementor-element elementor-element-027f612 elementor-widget elementor-widget-text-editor\" data-id=\"027f612\" data-element_type=\"widget\" data-widget_type=\"text-editor.default\">\n\t\t\t\t<div class=\"elementor-widget-container\">\n\t\t\t\t\t\t\t\t\t<p class=\"\" data-start=\"126\" data-end=\"390\">Esta \u00e9 uma excelente oportunidade para reunir a comunidade acad\u00eamica e profissional da Engenharia de Produ\u00e7\u00e3o, incentivando a troca de experi\u00eancias, o aprofundamento das aplica\u00e7\u00f5es pr\u00e1ticas e a reflex\u00e3o conjunta sobre os caminhos futuros das tem\u00e1ticas abordadas.<\/p><p class=\"\" data-start=\"392\" data-end=\"539\">Convidamos voc\u00ea a fazer parte dessa constru\u00e7\u00e3o coletiva de conhecimento. Sua participa\u00e7\u00e3o \u00e9 fundamental para o fortalecimento e o avan\u00e7o da \u00e1rea.<\/p><p class=\"\" data-start=\"541\" data-end=\"737\">Confira as datas importantes e as diretrizes para submiss\u00e3o de trabalhos no site oficial do ENEGEP 2025:<br data-start=\"645\" data-end=\"648\" \/>\ud83d\udd17 <a class=\"\" href=\"https:\/\/portal.abepro.org.br\/enegep\/2025\/\" target=\"_new\" rel=\"noopener\" data-start=\"651\" data-end=\"737\">https:\/\/portal.abepro.org.br\/enegep\/2025\/<\/a><\/p>\t\t\t\t\t\t\t\t<\/div>\n\t\t\t\t<\/div>\n\t\t\t\t\t<\/div>\n\t\t<\/div>\n\t\t\t\t\t<\/div>\n\t\t<\/section>\n\t\t\t\t<\/div>\n\t\t","protected":false},"excerpt":{"rendered":"<p>Autores interessados j\u00e1 podem submeter seus trabalhos ao 45\u00ba Encontro Nacional de Engenharia de Produ\u00e7\u00e3o (ENEGEP), o maior evento nacional da \u00e1rea, promovido pela Associa\u00e7\u00e3o Brasileira de Engenharia de Produ\u00e7\u00e3o (ABEPRO). Nesta edi\u00e7\u00e3o, os trabalhos podem ser submetidos dentro de uma das Tem\u00e1ticas Especiais da Engenharia de Produ\u00e7\u00e3o, que abordam assuntos atuais e relevantes para [&hellip;]<\/p>\n","protected":false},"author":1,"featured_media":0,"parent":0,"menu_order":0,"comment_status":"closed","ping_status":"closed","template":"","meta":{"footnotes":""},"class_list":["post-5082","page","type-page","status-publish","hentry"],"_links":{"self":[{"href":"https:\/\/portal.abepro.org.br\/enegep\/2025\/wp-json\/wp\/v2\/pages\/5082","targetHints":{"allow":["GET"]}}],"collection":[{"href":"https:\/\/portal.abepro.org.br\/enegep\/2025\/wp-json\/wp\/v2\/pages"}],"about":[{"href":"https:\/\/portal.abepro.org.br\/enegep\/2025\/wp-json\/wp\/v2\/types\/page"}],"author":[{"embeddable":true,"href":"https:\/\/portal.abepro.org.br\/enegep\/2025\/wp-json\/wp\/v2\/users\/1"}],"replies":[{"embeddable":true,"href":"https:\/\/portal.abepro.org.br\/enegep\/2025\/wp-json\/wp\/v2\/comments?post=5082"}],"version-history":[{"count":8,"href":"https:\/\/portal.abepro.org.br\/enegep\/2025\/wp-json\/wp\/v2\/pages\/5082\/revisions"}],"predecessor-version":[{"id":5328,"href":"https:\/\/portal.abepro.org.br\/enegep\/2025\/wp-json\/wp\/v2\/pages\/5082\/revisions\/5328"}],"wp:attachment":[{"href":"https:\/\/portal.abepro.org.br\/enegep\/2025\/wp-json\/wp\/v2\/media?parent=5082"}],"curies":[{"name":"wp","href":"https:\/\/api.w.org\/{rel}","templated":true}]}}