{"id":5490,"date":"2025-07-18T10:29:09","date_gmt":"2025-07-18T13:29:09","guid":{"rendered":"https:\/\/portal.abepro.org.br\/enegep\/2025\/?page_id=5490"},"modified":"2026-03-03T18:18:34","modified_gmt":"2026-03-03T21:18:34","slug":"edital-de-integracao-para-recem-doutores","status":"publish","type":"page","link":"https:\/\/portal.abepro.org.br\/enegep\/2025\/edital-de-integracao-para-recem-doutores\/","title":{"rendered":"Edital de Integra\u00e7\u00e3o para Rec\u00e9m-Doutores"},"content":{"rendered":"\t\t<div data-elementor-type=\"wp-post\" data-elementor-id=\"5490\" class=\"elementor elementor-5490\" data-elementor-post-type=\"page\">\n\t\t\t\t\t\t<section class=\"elementor-section elementor-top-section elementor-element elementor-element-6953502c elementor-section-boxed elementor-section-height-default elementor-section-height-default\" data-id=\"6953502c\" data-element_type=\"section\">\n\t\t\t\t\t\t<div class=\"elementor-container elementor-column-gap-default\">\n\t\t\t\t\t<div class=\"elementor-column elementor-col-100 elementor-top-column elementor-element elementor-element-cdf0664\" data-id=\"cdf0664\" data-element_type=\"column\">\n\t\t\t<div class=\"elementor-widget-wrap elementor-element-populated\">\n\t\t\t\t\t\t<div class=\"elementor-element elementor-element-4b8ebde elementor-widget elementor-widget-heading\" data-id=\"4b8ebde\" data-element_type=\"widget\" data-widget_type=\"heading.default\">\n\t\t\t\t<div class=\"elementor-widget-container\">\n\t\t\t\t\t<h1 class=\"elementor-heading-title elementor-size-default\">Novos Talentos da Engenharia de Produ\u00e7\u00e3o: <br>Edital de Integra\u00e7\u00e3o para Rec\u00e9m-Doutores<\/h1>\t\t\t\t<\/div>\n\t\t\t\t<\/div>\n\t\t\t\t<div class=\"elementor-element elementor-element-a1dba3d elementor-widget-divider--view-line elementor-widget elementor-widget-divider\" data-id=\"a1dba3d\" data-element_type=\"widget\" data-widget_type=\"divider.default\">\n\t\t\t\t<div class=\"elementor-widget-container\">\n\t\t\t\t\t\t\t<div class=\"elementor-divider\">\n\t\t\t<span class=\"elementor-divider-separator\">\n\t\t\t\t\t\t<\/span>\n\t\t<\/div>\n\t\t\t\t\t\t<\/div>\n\t\t\t\t<\/div>\n\t\t\t\t<div class=\"elementor-element elementor-element-a64ea3a elementor-widget elementor-widget-text-editor\" data-id=\"a64ea3a\" data-element_type=\"widget\" data-widget_type=\"text-editor.default\">\n\t\t\t\t<div class=\"elementor-widget-container\">\n\t\t\t\t\t\t\t\t\t<p data-start=\"204\" data-end=\"421\">A Associa\u00e7\u00e3o Brasileira de Engenharia de Produ\u00e7\u00e3o (ABEPRO) convida pesquisadores rec\u00e9m-doutores a participarem do <strong data-start=\"318\" data-end=\"343\">Espa\u00e7o Rec\u00e9m-Doutores<\/strong>, uma iniciativa que ser\u00e1 realizada presencialmente durante o <strong data-start=\"405\" data-end=\"420\">ENEGEP 2025<\/strong>.<\/p><p data-start=\"441\" data-end=\"866\">O objetivo da chamada \u00e9 oferecer um espa\u00e7o dedicado a <strong data-start=\"495\" data-end=\"549\">rec\u00e9m-doutores com at\u00e9 5 (cinco) anos de titula\u00e7\u00e3o<\/strong>, que estejam <strong data-start=\"563\" data-end=\"603\">inscritos e presentes no ENEGEP 2025<\/strong>, para <strong data-start=\"610\" data-end=\"666\">apresentarem suas pesquisas e trajet\u00f3rias acad\u00eamicas<\/strong>. A proposta visa fomentar a <strong data-start=\"695\" data-end=\"732\">integra\u00e7\u00e3o de novos pesquisadores<\/strong> \u00e0 comunidade de Engenharia de Produ\u00e7\u00e3o, incentivar o <strong data-start=\"786\" data-end=\"819\">debate sobre temas emergentes<\/strong> e <strong data-start=\"822\" data-end=\"857\">fortalecer redes de colabora\u00e7\u00e3o<\/strong> na \u00e1rea.<\/p><ul><li data-start=\"441\" data-end=\"866\">Minuta Edital Rec\u00e9m Doutor 2025: <strong><a href=\"https:\/\/portal.abepro.org.br\/enegep\/2025\/wp-content\/uploads\/2025\/07\/Minuta-Edital-Recem-doutor-2025-FINAL.pdf\" target=\"_blank\" rel=\"noopener\">clique aqui.<\/a>\u00a0<\/strong><\/li><li data-start=\"441\" data-end=\"866\">Modelo resumo estendido Edital Rec\u00e9m Doutores: <strong><a href=\"https:\/\/portal.abepro.org.br\/enegep\/2025\/wp-content\/uploads\/2025\/07\/Modelo-resumo-estendido-Edital-Recem-Doutores.docx\" target=\"_blank\" rel=\"noopener\">clique aqui.<\/a><\/strong><\/li><\/ul>\t\t\t\t\t\t\t\t<\/div>\n\t\t\t\t<\/div>\n\t\t\t\t<div class=\"elementor-element elementor-element-e24a305 elementor-widget-divider--view-line elementor-widget elementor-widget-divider\" data-id=\"e24a305\" data-element_type=\"widget\" data-widget_type=\"divider.default\">\n\t\t\t\t<div class=\"elementor-widget-container\">\n\t\t\t\t\t\t\t<div class=\"elementor-divider\">\n\t\t\t<span class=\"elementor-divider-separator\">\n\t\t\t\t\t\t<\/span>\n\t\t<\/div>\n\t\t\t\t\t\t<\/div>\n\t\t\t\t<\/div>\n\t\t\t\t<div class=\"elementor-element elementor-element-74f1664 elementor-tabs-view-vertical elementor-widget__width-inherit elementor-widget elementor-widget-tabs\" data-id=\"74f1664\" data-element_type=\"widget\" data-widget_type=\"tabs.default\">\n\t\t\t\t<div class=\"elementor-widget-container\">\n\t\t\t\t\t\t\t<div class=\"elementor-tabs\">\n\t\t\t<div class=\"elementor-tabs-wrapper\" role=\"tablist\" >\n\t\t\t\t\t\t\t\t\t<div id=\"elementor-tab-title-1221\" class=\"elementor-tab-title elementor-tab-desktop-title\" aria-selected=\"true\" data-tab=\"1\" role=\"tab\" tabindex=\"0\" aria-controls=\"elementor-tab-content-1221\" aria-expanded=\"false\">2025<\/div>\n\t\t\t\t\t\t\t<\/div>\n\t\t\t<div class=\"elementor-tabs-content-wrapper\" role=\"tablist\" aria-orientation=\"vertical\">\n\t\t\t\t\t\t\t\t\t<div class=\"elementor-tab-title elementor-tab-mobile-title\" aria-selected=\"true\" data-tab=\"1\" role=\"tab\" tabindex=\"0\" aria-controls=\"elementor-tab-content-1221\" aria-expanded=\"false\">2025<\/div>\n\t\t\t\t\t<div id=\"elementor-tab-content-1221\" class=\"elementor-tab-content elementor-clearfix\" data-tab=\"1\" role=\"tabpanel\" aria-labelledby=\"elementor-tab-title-1221\" tabindex=\"0\" hidden=\"false\"><div class=\"flex flex-col text-sm pb-25\"><article class=\"text-token-text-primary w-full focus:outline-none [--shadow-height:45px] has-data-writing-block:pointer-events-none has-data-writing-block:-mt-(--shadow-height) has-data-writing-block:pt-(--shadow-height) [&amp;:has([data-writing-block])&gt;*]:pointer-events-auto scroll-mt-[calc(var(--header-height)+min(200px,max(70px,20svh)))]\" dir=\"auto\" tabindex=\"-1\" data-turn-id=\"request-699c72a7-0dc0-832f-8cf6-12c4a1d8ff0f-34\" data-testid=\"conversation-turn-154\" data-scroll-anchor=\"true\" data-turn=\"assistant\"><div class=\"text-base my-auto mx-auto pb-10 [--thread-content-margin:--spacing(4)] @w-sm\/main:[--thread-content-margin:--spacing(6)] @w-lg\/main:[--thread-content-margin:--spacing(16)] px-(--thread-content-margin)\"><div class=\"[--thread-content-max-width:40rem] @w-lg\/main:[--thread-content-max-width:48rem] mx-auto max-w-(--thread-content-max-width) flex-1 group\/turn-messages focus-visible:outline-hidden relative flex w-full min-w-0 flex-col agent-turn\" tabindex=\"-1\"><div class=\"flex max-w-full flex-col grow\"><div class=\"min-h-8 text-message relative flex w-full flex-col items-end gap-2 text-start break-words whitespace-normal [.text-message+&amp;]:mt-1\" dir=\"auto\" data-message-author-role=\"assistant\" data-message-id=\"7980673b-74c5-44b7-8035-99891dc1c7f3\" data-message-model-slug=\"gpt-5-2\"><div class=\"flex w-full flex-col gap-1 empty:hidden first:pt-[1px]\"><div class=\"markdown prose dark:prose-invert w-full wrap-break-word light markdown-new-styling\"><p data-start=\"0\" data-end=\"183\">A apresenta\u00e7\u00e3o dos(as) rec\u00e9m-doutores(as) foi realizada no dia <strong data-start=\"63\" data-end=\"88\">15 de outubro de 2025<\/strong>, durante sess\u00e3o espec\u00edfica do <strong data-start=\"119\" data-end=\"134\">ENEGEP 2025<\/strong>, em Natal\/RN, no hor\u00e1rio das <strong data-start=\"164\" data-end=\"180\">17h \u00e0s 18h30<\/strong>.<\/p><p data-start=\"185\" data-end=\"393\">A sess\u00e3o foi coordenada pelos Pesquisadores Seniores <strong data-start=\"238\" data-end=\"277\">Prof. Dr. Adiel Teixeira de Almeida<\/strong>, <strong data-start=\"279\" data-end=\"334\">Prof. Dr. Ant\u00f4nio Fernando Branco da Costa (UNIFEI)<\/strong> e <strong data-start=\"337\" data-end=\"390\">Profa. Dra. Marly Monteiro de Carvalho (Poli\/USP)<\/strong>.<\/p><p data-start=\"395\" data-end=\"572\">O planejamento e a organiza\u00e7\u00e3o da atividade ficaram sob responsabilidade da <strong data-start=\"471\" data-end=\"518\">Profa. Dra. Luciana Torres Correia de Mello (UFERSA) <\/strong>e do <strong data-start=\"524\" data-end=\"569\">Prof. Dr. Carlos Eduardo Sanches da Silva (UNIFEI)<\/strong>.<\/p><p data-start=\"574\" data-end=\"633\" data-is-last-node=\"\" data-is-only-node=\"\">Os(as) participantes da sess\u00e3o de Rec\u00e9m-Doutores(as) foram:<\/p><table width=\"1072\"><tbody><tr><td style=\"text-align: center;\" width=\"188\"><strong>Pesquisador(a)\u00a0<\/strong><\/td><td style=\"text-align: center;\" width=\"154\"><strong>Institui\u00e7\u00e3o\u00a0<\/strong><\/td><td style=\"text-align: center;\" width=\"228\"><strong>\u00c1rea\u00a0<\/strong><\/td><td style=\"text-align: center;\" width=\"251\"><strong>Lattes<\/strong><\/td><td style=\"text-align: center;\" width=\"251\"><strong>Orcid<\/strong><\/td><\/tr><tr><td width=\"188\">Andr\u00e9 de Mendon\u00e7a Santos<\/td><td width=\"154\">Universidade Federal do Rec\u00f4ncavo da Bahia<\/td><td width=\"228\">06. ENGENHARIA ORGANIZACIONAL<\/td><td width=\"251\"><a href=\"http:\/\/lattes.cnpq.br\/5242017905053481\">http:\/\/lattes.cnpq.br\/5242017905053481<\/a><\/td><td width=\"251\"><a href=\"https:\/\/orcid.org\/0000-0002-3887-0189\">https:\/\/orcid.org\/0000-0002-3887-0189<\/a><\/td><\/tr><tr><td width=\"188\">Bruna Maria Ger\u00f4nimo<\/td><td width=\"154\">Universidade Estadual do Paran\u00e1<\/td><td width=\"228\">04. ENGENHARIA DA QUALIDADE<\/td><td width=\"251\"><a href=\"http:\/\/lattes.cnpq.br\/1086187522280626\">http:\/\/lattes.cnpq.br\/1086187522280626<\/a><\/td><td width=\"251\"><a href=\"https:\/\/orcid.org\/0000-0001-9078-3325\">https:\/\/orcid.org\/0000-0001-9078-3325<\/a><\/td><\/tr><tr><td width=\"188\">Jo\u00e3o Luiz Junho Pereira<\/td><td width=\"154\">Universidade Federal de Itajub\u00e1<\/td><td width=\"228\">03. PESQUISA OPERACIONAL<\/td><td width=\"251\"><a href=\"http:\/\/lattes.cnpq.br\/5864158210538587\">http:\/\/lattes.cnpq.br\/5864158210538587<\/a><\/td><td width=\"251\"><a href=\"https:\/\/orcid.org\/0000-0001-9923-7419\">https:\/\/orcid.org\/0000-0001-9923-7419<\/a><\/td><\/tr><tr><td width=\"188\">Mariane C\u00e1sseres de Souza<\/td><td width=\"154\">Universidade Federal do Rio Grande<\/td><td width=\"228\">10. EDUCA\u00c7\u00c3O EM ENGENHARIA DE PRODU\u00c7\u00c3O<\/td><td width=\"251\"><a href=\"http:\/\/lattes.cnpq.br\/7342482803845484\">http:\/\/lattes.cnpq.br\/7342482803845484<\/a><\/td><td width=\"251\"><a href=\"https:\/\/orcid.org\/0000-0003-2070-7073\">https:\/\/orcid.org\/0000-0003-2070-7073<\/a><\/td><\/tr><tr><td width=\"188\">Matheus Brendon Francisco<\/td><td width=\"154\">Universidade Federal de Itajub\u00e1<\/td><td width=\"228\">03. PESQUISA OPERACIONAL<\/td><td width=\"251\"><a href=\"http:\/\/lattes.cnpq.br\/8699242021339583\">http:\/\/lattes.cnpq.br\/8699242021339583<\/a><\/td><td width=\"251\"><a href=\"https:\/\/orcid.org\/0000-0001-6300-3717\">https:\/\/orcid.org\/0000-0001-6300-3717<\/a><\/td><\/tr><tr><td width=\"188\">Raquel Gama Soares de Mello<\/td><td width=\"154\">Universidade Presbiteriana Mackenzie<\/td><td width=\"228\">06. ENGENHARIA ORGANIZACIONAL<\/td><td width=\"251\"><a href=\"http:\/\/lattes.cnpq.br\/7172926933347010\">http:\/\/lattes.cnpq.br\/7172926933347010\u00a0<\/a><\/td><td width=\"251\"><a href=\"https:\/\/orcid.org\/0000-0003-3455-6077\">https:\/\/orcid.org\/0000-0003-3455-6077\u00a0<\/a><\/td><\/tr><tr><td width=\"188\">Samuel Martins Drei<\/td><td width=\"154\">Universidade Federal de Ouro Preto<\/td><td width=\"228\">03. PESQUISA OPERACIONAL<\/td><td width=\"251\"><a href=\"http:\/\/lattes.cnpq.br\/2150629634072818\">http:\/\/lattes.cnpq.br\/2150629634072818<\/a><\/td><td width=\"251\"><a href=\"https:\/\/orcid.org\/0000-0003-1719-7738\">https:\/\/orcid.org\/0000-0003-1719-7738<\/a><\/td><\/tr><tr><td width=\"188\">Vitor William Batista Martins<\/td><td width=\"154\">Universidade do Estado do Par\u00e1<\/td><td width=\"228\">09. ENGENHARIA DA SUSTENTABILIDADE<\/td><td width=\"251\"><a href=\"http:\/\/lattes.cnpq.br\/1169104147868277\">http:\/\/lattes.cnpq.br\/1169104147868277<\/a><\/td><td width=\"251\"><a href=\"https:\/\/orcid.org\/0000-0003-4891-8630\">https:\/\/orcid.org\/0000-0003-4891-8630<\/a><\/td><\/tr><tr><td width=\"188\">Yasmin Silva Martins Xavier<\/td><td width=\"154\">Universidade Estadual Paulista \u201cJ\u00falio de Mesquita Filho\u201d (UNESP-FEG)<\/td><td width=\"228\">08. ENGENHARIA DO TRABALHO<\/td><td width=\"251\"><a href=\"http:\/\/lattes.cnpq.br\/4275575319517353\">http:\/\/lattes.cnpq.br\/4275575319517353<\/a><\/td><td width=\"251\"><a href=\"https:\/\/orcid.org\/0000-0002-7582-7876\">https:\/\/orcid.org\/0000-0002-7582-7876<\/a><\/td><\/tr><\/tbody><\/table><\/div><\/div><\/div><\/div><\/div><\/div><\/article><\/div><\/div>\n\t\t\t\t\t\t\t<\/div>\n\t\t<\/div>\n\t\t\t\t\t\t<\/div>\n\t\t\t\t<\/div>\n\t\t\t\t<div class=\"elementor-element elementor-element-a36ce46 elementor-widget elementor-widget-spacer\" data-id=\"a36ce46\" data-element_type=\"widget\" data-widget_type=\"spacer.default\">\n\t\t\t\t<div class=\"elementor-widget-container\">\n\t\t\t\t\t\t\t<div class=\"elementor-spacer\">\n\t\t\t<div class=\"elementor-spacer-inner\"><\/div>\n\t\t<\/div>\n\t\t\t\t\t\t<\/div>\n\t\t\t\t<\/div>\n\t\t\t\t<section class=\"elementor-section elementor-inner-section elementor-element elementor-element-c651f67 elementor-section-boxed elementor-section-height-default elementor-section-height-default\" data-id=\"c651f67\" data-element_type=\"section\">\n\t\t\t\t\t\t<div class=\"elementor-container elementor-column-gap-default\">\n\t\t\t\t\t<div class=\"elementor-column elementor-col-50 elementor-inner-column elementor-element elementor-element-d7c1b5e\" data-id=\"d7c1b5e\" data-element_type=\"column\">\n\t\t\t<div class=\"elementor-widget-wrap elementor-element-populated\">\n\t\t\t\t\t\t<div class=\"elementor-element elementor-element-c4be411 elementor-widget elementor-widget-heading\" data-id=\"c4be411\" data-element_type=\"widget\" data-widget_type=\"heading.default\">\n\t\t\t\t<div class=\"elementor-widget-container\">\n\t\t\t\t\t<h2 class=\"elementor-heading-title elementor-size-default\">P\u00fablico-Alvo<\/h2>\t\t\t\t<\/div>\n\t\t\t\t<\/div>\n\t\t\t\t<div class=\"elementor-element elementor-element-58f1110 elementor-widget elementor-widget-text-editor\" data-id=\"58f1110\" data-element_type=\"widget\" data-widget_type=\"text-editor.default\">\n\t\t\t\t<div class=\"elementor-widget-container\">\n\t\t\t\t\t\t\t\t\t<ul data-start=\"890\" data-end=\"1175\"><li data-start=\"890\" data-end=\"1000\"><p data-start=\"892\" data-end=\"1000\">Pesquisadores que obtiveram o t\u00edtulo de doutor <strong data-start=\"939\" data-end=\"962\">h\u00e1 no m\u00e1ximo 5 anos<\/strong>, at\u00e9 a data de submiss\u00e3o da proposta.<\/p><\/li><li data-start=\"1001\" data-end=\"1175\"><p data-start=\"1003\" data-end=\"1175\">Ter\u00e3o prioridade <strong data-start=\"1020\" data-end=\"1111\">docentes iniciantes vinculados a institui\u00e7\u00f5es de ensino superior ou centros de pesquisa<\/strong>, embora outros perfis de rec\u00e9m-doutores tamb\u00e9m sejam eleg\u00edveis.<\/p><\/li><\/ul>\t\t\t\t\t\t\t\t<\/div>\n\t\t\t\t<\/div>\n\t\t\t\t\t<\/div>\n\t\t<\/div>\n\t\t\t\t<div class=\"elementor-column elementor-col-50 elementor-inner-column elementor-element elementor-element-de765ca\" data-id=\"de765ca\" data-element_type=\"column\">\n\t\t\t<div class=\"elementor-widget-wrap elementor-element-populated\">\n\t\t\t\t\t\t<div class=\"elementor-element elementor-element-75a6947 elementor-widget elementor-widget-heading\" data-id=\"75a6947\" data-element_type=\"widget\" data-widget_type=\"heading.default\">\n\t\t\t\t<div class=\"elementor-widget-container\">\n\t\t\t\t\t<h2 class=\"elementor-heading-title elementor-size-default\">Modalidade de Participa\u00e7\u00e3o<\/h2>\t\t\t\t<\/div>\n\t\t\t\t<\/div>\n\t\t\t\t<div class=\"elementor-element elementor-element-65a59f7 elementor-widget elementor-widget-text-editor\" data-id=\"65a59f7\" data-element_type=\"widget\" data-widget_type=\"text-editor.default\">\n\t\t\t\t<div class=\"elementor-widget-container\">\n\t\t\t\t\t\t\t\t\t<p data-start=\"1213\" data-end=\"1307\">As propostas aceitas participar\u00e3o de uma <strong data-start=\"1254\" data-end=\"1301\">sess\u00e3o especial dedicada aos rec\u00e9m-doutores<\/strong>, com:<\/p><ul data-start=\"1308\" data-end=\"1551\"><li data-start=\"1308\" data-end=\"1366\"><p data-start=\"1310\" data-end=\"1366\"><strong data-start=\"1310\" data-end=\"1348\">Apresenta\u00e7\u00e3o oral de at\u00e9 5 minutos<\/strong> por participante.<\/p><\/li><li data-start=\"1367\" data-end=\"1473\"><p data-start=\"1369\" data-end=\"1473\">Media\u00e7\u00e3o de <strong data-start=\"1381\" data-end=\"1407\">pesquisadores seniores<\/strong>, que contribuir\u00e3o com coment\u00e1rios e est\u00edmulo ao debate acad\u00eamico.<\/p><\/li><li data-start=\"1474\" data-end=\"1551\"><p data-start=\"1476\" data-end=\"1551\">Os <strong data-start=\"1479\" data-end=\"1501\">resumos estendidos<\/strong> poder\u00e3o ser publicados a crit\u00e9rio da organiza\u00e7\u00e3o.<\/p><\/li><\/ul><p data-start=\"1553\" data-end=\"1672\">\ud83d\uddd3 <strong data-start=\"1556\" data-end=\"1575\">Data da sess\u00e3o:<\/strong> 15 de outubro de 2025<br data-start=\"1597\" data-end=\"1600\" \/>\u23f0 <strong data-start=\"1602\" data-end=\"1614\">Hor\u00e1rio:<\/strong> das 17h \u00e0s 18h30<br data-start=\"1631\" data-end=\"1634\" \/>\ud83d\udccd <strong data-start=\"1637\" data-end=\"1647\">Local:<\/strong> ENEGEP 2025 (presencial)<\/p>\t\t\t\t\t\t\t\t<\/div>\n\t\t\t\t<\/div>\n\t\t\t\t\t<\/div>\n\t\t<\/div>\n\t\t\t\t\t<\/div>\n\t\t<\/section>\n\t\t\t\t<div class=\"elementor-element elementor-element-872ac06 elementor-align-justify elementor-widget elementor-widget-button\" data-id=\"872ac06\" data-element_type=\"widget\" data-widget_type=\"button.default\">\n\t\t\t\t<div class=\"elementor-widget-container\">\n\t\t\t\t\t\t\t\t\t<div class=\"elementor-button-wrapper\">\n\t\t\t\t\t<a class=\"elementor-button elementor-button-link elementor-size-sm\" href=\"https:\/\/abepro.org.br\/novo_sgai\/index.php\">\n\t\t\t\t\t\t<span class=\"elementor-button-content-wrapper\">\n\t\t\t\t\t\t\t\t\t<span class=\"elementor-button-text\">Submeta seu trabalho aqui!<\/span>\n\t\t\t\t\t<\/span>\n\t\t\t\t\t<\/a>\n\t\t\t\t<\/div>\n\t\t\t\t\t\t\t\t<\/div>\n\t\t\t\t<\/div>\n\t\t\t\t<div class=\"elementor-element elementor-element-fc98eaf elementor-widget elementor-widget-spacer\" data-id=\"fc98eaf\" data-element_type=\"widget\" data-widget_type=\"spacer.default\">\n\t\t\t\t<div class=\"elementor-widget-container\">\n\t\t\t\t\t\t\t<div class=\"elementor-spacer\">\n\t\t\t<div class=\"elementor-spacer-inner\"><\/div>\n\t\t<\/div>\n\t\t\t\t\t\t<\/div>\n\t\t\t\t<\/div>\n\t\t\t\t<section class=\"elementor-section elementor-inner-section elementor-element elementor-element-6efbb71 elementor-section-boxed elementor-section-height-default elementor-section-height-default\" data-id=\"6efbb71\" data-element_type=\"section\">\n\t\t\t\t\t\t<div class=\"elementor-container elementor-column-gap-default\">\n\t\t\t\t\t<div class=\"elementor-column elementor-col-100 elementor-inner-column elementor-element elementor-element-d8bae47\" data-id=\"d8bae47\" data-element_type=\"column\">\n\t\t\t<div class=\"elementor-widget-wrap elementor-element-populated\">\n\t\t\t\t\t\t<div class=\"elementor-element elementor-element-7daee74 elementor-widget elementor-widget-heading\" data-id=\"7daee74\" data-element_type=\"widget\" data-widget_type=\"heading.default\">\n\t\t\t\t<div class=\"elementor-widget-container\">\n\t\t\t\t\t<h2 class=\"elementor-heading-title elementor-size-default\">Cronograma<\/h2>\t\t\t\t<\/div>\n\t\t\t\t<\/div>\n\t\t\t\t<div class=\"elementor-element elementor-element-8315de2 elementor-widget elementor-widget-text-editor\" data-id=\"8315de2\" data-element_type=\"widget\" data-widget_type=\"text-editor.default\">\n\t\t\t\t<div class=\"elementor-widget-container\">\n\t\t\t\t\t\t\t\t\t<ul><li data-start=\"1674\" data-end=\"1693\">\u00a0<strong data-start=\"1696\" data-end=\"1721\">Per\u00edodo de submiss\u00e3o:<\/strong> de 18 de julho a 01 de agosto de 2025<\/li><li data-start=\"1762\" data-end=\"1817\"><p data-start=\"1764\" data-end=\"1817\"><strong data-start=\"1764\" data-end=\"1794\">Divulga\u00e7\u00e3o dos resultados:<\/strong> 15 de agosto de 2025<\/p><\/li><\/ul><p>\u00a0<\/p><p><strong>Contato<\/strong><\/p><p>Para d\u00favidas ou mais informa\u00e7\u00f5es, entre em contato com a comiss\u00e3o organizadora pelo e-mail <a href=\"mailto:secretaria@abepro.org.br\">secretaria@abepro.org.br<\/a><\/p><p>Site oficial do congresso: <a href=\"https:\/\/portal.abepro.org.br\/enegep\/2025\/\">https:\/\/portal.abepro.org.br\/enegep\/2025\/<\/a><\/p>\t\t\t\t\t\t\t\t<\/div>\n\t\t\t\t<\/div>\n\t\t\t\t\t<\/div>\n\t\t<\/div>\n\t\t\t\t\t<\/div>\n\t\t<\/section>\n\t\t\t\t<div class=\"elementor-element elementor-element-7be558f elementor-widget elementor-widget-spacer\" data-id=\"7be558f\" data-element_type=\"widget\" data-widget_type=\"spacer.default\">\n\t\t\t\t<div class=\"elementor-widget-container\">\n\t\t\t\t\t\t\t<div class=\"elementor-spacer\">\n\t\t\t<div class=\"elementor-spacer-inner\"><\/div>\n\t\t<\/div>\n\t\t\t\t\t\t<\/div>\n\t\t\t\t<\/div>\n\t\t\t\t<div class=\"elementor-element elementor-element-69d4dcf elementor-widget elementor-widget-spacer\" data-id=\"69d4dcf\" data-element_type=\"widget\" data-widget_type=\"spacer.default\">\n\t\t\t\t<div class=\"elementor-widget-container\">\n\t\t\t\t\t\t\t<div class=\"elementor-spacer\">\n\t\t\t<div class=\"elementor-spacer-inner\"><\/div>\n\t\t<\/div>\n\t\t\t\t\t\t<\/div>\n\t\t\t\t<\/div>\n\t\t\t\t\t<\/div>\n\t\t<\/div>\n\t\t\t\t\t<\/div>\n\t\t<\/section>\n\t\t\t\t<\/div>\n\t\t","protected":false},"excerpt":{"rendered":"<p>Novos Talentos da Engenharia de Produ\u00e7\u00e3o: Edital de Integra\u00e7\u00e3o para Rec\u00e9m-Doutores A Associa\u00e7\u00e3o Brasileira de Engenharia de Produ\u00e7\u00e3o (ABEPRO) convida pesquisadores rec\u00e9m-doutores a participarem do Espa\u00e7o Rec\u00e9m-Doutores, uma iniciativa que ser\u00e1 realizada presencialmente durante o ENEGEP 2025. O objetivo da chamada \u00e9 oferecer um espa\u00e7o dedicado a rec\u00e9m-doutores com at\u00e9 5 (cinco) anos de titula\u00e7\u00e3o, [&hellip;]<\/p>\n","protected":false},"author":1,"featured_media":0,"parent":0,"menu_order":0,"comment_status":"closed","ping_status":"closed","template":"","meta":{"footnotes":""},"class_list":["post-5490","page","type-page","status-publish","hentry"],"_links":{"self":[{"href":"https:\/\/portal.abepro.org.br\/enegep\/2025\/wp-json\/wp\/v2\/pages\/5490","targetHints":{"allow":["GET"]}}],"collection":[{"href":"https:\/\/portal.abepro.org.br\/enegep\/2025\/wp-json\/wp\/v2\/pages"}],"about":[{"href":"https:\/\/portal.abepro.org.br\/enegep\/2025\/wp-json\/wp\/v2\/types\/page"}],"author":[{"embeddable":true,"href":"https:\/\/portal.abepro.org.br\/enegep\/2025\/wp-json\/wp\/v2\/users\/1"}],"replies":[{"embeddable":true,"href":"https:\/\/portal.abepro.org.br\/enegep\/2025\/wp-json\/wp\/v2\/comments?post=5490"}],"version-history":[{"count":10,"href":"https:\/\/portal.abepro.org.br\/enegep\/2025\/wp-json\/wp\/v2\/pages\/5490\/revisions"}],"predecessor-version":[{"id":6265,"href":"https:\/\/portal.abepro.org.br\/enegep\/2025\/wp-json\/wp\/v2\/pages\/5490\/revisions\/6265"}],"wp:attachment":[{"href":"https:\/\/portal.abepro.org.br\/enegep\/2025\/wp-json\/wp\/v2\/media?parent=5490"}],"curies":[{"name":"wp","href":"https:\/\/api.w.org\/{rel}","templated":true}]}}