{"id":987,"date":"2021-02-20T10:57:12","date_gmt":"2021-02-20T13:57:12","guid":{"rendered":"https:\/\/portal.abepro.org.br\/enegep\/2025\/?page_id=987"},"modified":"2025-03-08T21:53:15","modified_gmt":"2025-03-09T00:53:15","slug":"edicoes-anteriores","status":"publish","type":"page","link":"https:\/\/portal.abepro.org.br\/enegep\/2025\/edicoes-anteriores\/","title":{"rendered":"Edi\u00e7\u00f5es Anteriores"},"content":{"rendered":"\t\t<div data-elementor-type=\"wp-post\" data-elementor-id=\"987\" class=\"elementor elementor-987\" data-elementor-post-type=\"page\">\n\t\t\t\t\t\t<section class=\"elementor-section elementor-top-section elementor-element elementor-element-d4f352e elementor-section-boxed elementor-section-height-default elementor-section-height-default\" data-id=\"d4f352e\" data-element_type=\"section\">\n\t\t\t\t\t\t<div class=\"elementor-container elementor-column-gap-default\">\n\t\t\t\t\t<div class=\"elementor-column elementor-col-100 elementor-top-column elementor-element elementor-element-f35a8cd\" data-id=\"f35a8cd\" data-element_type=\"column\">\n\t\t\t<div class=\"elementor-widget-wrap elementor-element-populated\">\n\t\t\t\t\t\t<div class=\"elementor-element elementor-element-8d28c94 elementor-widget elementor-widget-heading\" data-id=\"8d28c94\" data-element_type=\"widget\" data-widget_type=\"heading.default\">\n\t\t\t\t<div class=\"elementor-widget-container\">\n\t\t\t\t\t<h1 class=\"elementor-heading-title elementor-size-default\">Hist\u00f3rico<\/h1>\t\t\t\t<\/div>\n\t\t\t\t<\/div>\n\t\t\t\t<div class=\"elementor-element elementor-element-2495bb9 elementor-widget-divider--view-line elementor-widget elementor-widget-divider\" data-id=\"2495bb9\" data-element_type=\"widget\" data-widget_type=\"divider.default\">\n\t\t\t\t<div class=\"elementor-widget-container\">\n\t\t\t\t\t\t\t<div class=\"elementor-divider\">\n\t\t\t<span class=\"elementor-divider-separator\">\n\t\t\t\t\t\t<\/span>\n\t\t<\/div>\n\t\t\t\t\t\t<\/div>\n\t\t\t\t<\/div>\n\t\t\t\t<div class=\"elementor-element elementor-element-bc1cd63 elementor-widget elementor-widget-text-editor\" data-id=\"bc1cd63\" data-element_type=\"widget\" data-widget_type=\"text-editor.default\">\n\t\t\t\t<div class=\"elementor-widget-container\">\n\t\t\t\t\t\t\t\t\t<div class=\"elementor-element elementor-element-70f1279 elementor-widget elementor-widget-text-editor\" data-id=\"70f1279\" data-element_type=\"text-editor.default\"><div class=\"elementor-widget-container\"><div class=\"elementor-text-editor elementor-clearfix\"><p class=\"s7\"><span class=\"s5\">O<\/span><span class=\"s5\">\u00a0Encontro Nacional de Engenharia de Produ\u00e7\u00e3o (<\/span><span class=\"s5\">ENEGEP<\/span><span class=\"s5\">)<\/span><span class=\"s5\">, evento realizado desde 198<\/span><span class=\"s5\">1, primeiramente sendo realizado de forma independente pelas institui\u00e7\u00f5es que o sediavam. A\u00a0<\/span><span class=\"s5\">partir de 1986,\u00a0<\/span><span class=\"s5\">passou\u00a0<\/span><span class=\"s5\">a ser\u00a0<\/span><span class=\"s5\">o<\/span><span class=\"s5\">rganizad<\/span><span class=\"s5\">o<\/span>\u00a0<span class=\"s5\">pela\u00a0<\/span><span class=\"s5\">Associa\u00e7\u00e3o Brasileira de\u00a0<\/span><span class=\"s5\">Engenharia de Produ\u00e7\u00e3o (ABEPRO),<\/span><span class=\"s5\">\u00a0entidade<\/span><span class=\"s5\">\u00a0que agrega\u00a0<\/span><span class=\"s5\">profissionais, pesquisa<\/span><span class=\"s5\">dores, estudantes e professores\u00a0<\/span><span class=\"s5\">interessados no desenvolvimento da Engenharia de Produ\u00e7\u00e3o no Brasil.<\/span><span class=\"s5\"><br \/><\/span><span class=\"s5\">\u00a0\u00a0<\/span><span class=\"s5\"><br \/><\/span><strong><span class=\"s6\">Ao longo dos anos o<\/span><span class=\"s6\">\u00a0ENEGEP vem construindo\u00a0<\/span><\/strong><span class=\"s5\">um hist\u00f3rico que tem possibilitado transformar a Engenharia de Produ\u00e7\u00e3o, no tocante ao papel da engenharia, num dos grandes vetores de transforma\u00e7\u00e3o do Brasil em um pa\u00eds mais justo e competitivo.\u00a0<br \/><\/span><span class=\"s5\"><br \/><strong><span class=\"s6\">A cada edi\u00e7\u00e3o o<\/span><span class=\"s6\">\u00a0evento\u00a0<\/span><span class=\"s6\">ganha grandes propor\u00e7\u00f5es<\/span><\/strong><span class=\"s6\">,\u00a0<\/span>acompanhando o crescimento do mercado profissional do Engenheiro de Produ\u00e7\u00e3o, bem como do n\u00famero de Institui\u00e7\u00f5es que oferecem este curso. Saiba mais sobre as edi\u00e7\u00f5es anteriores.<\/span><\/p><\/div><\/div><\/div>\t\t\t\t\t\t\t\t<\/div>\n\t\t\t\t<\/div>\n\t\t\t\t<div class=\"elementor-element elementor-element-213d7ca elementor-widget elementor-widget-spacer\" data-id=\"213d7ca\" data-element_type=\"widget\" data-widget_type=\"spacer.default\">\n\t\t\t\t<div class=\"elementor-widget-container\">\n\t\t\t\t\t\t\t<div class=\"elementor-spacer\">\n\t\t\t<div class=\"elementor-spacer-inner\"><\/div>\n\t\t<\/div>\n\t\t\t\t\t\t<\/div>\n\t\t\t\t<\/div>\n\t\t\t\t<div class=\"elementor-element elementor-element-6c59586 elementor-widget elementor-widget-toggle\" data-id=\"6c59586\" data-element_type=\"widget\" data-widget_type=\"toggle.default\">\n\t\t\t\t<div class=\"elementor-widget-container\">\n\t\t\t\t\t\t\t<div class=\"elementor-toggle\">\n\t\t\t\t\t\t\t<div class=\"elementor-toggle-item\">\n\t\t\t\t\t<div id=\"elementor-tab-title-1131\" class=\"elementor-tab-title\" data-tab=\"1\" role=\"button\" aria-controls=\"elementor-tab-content-1131\" aria-expanded=\"false\">\n\t\t\t\t\t\t\t\t\t\t\t\t<span class=\"elementor-toggle-icon elementor-toggle-icon-left\" aria-hidden=\"true\">\n\t\t\t\t\t\t\t\t\t\t\t\t\t\t\t<span class=\"elementor-toggle-icon-closed\"><i class=\"fas fa-plus\"><\/i><\/span>\n\t\t\t\t\t\t\t\t<span class=\"elementor-toggle-icon-opened\"><i class=\"elementor-toggle-icon-opened fas fa-minus\"><\/i><\/span>\n\t\t\t\t\t\t\t\t\t\t\t\t\t<\/span>\n\t\t\t\t\t\t\t\t\t\t\t\t<a class=\"elementor-toggle-title\" tabindex=\"0\">43\u00aa Edi\u00e7\u00e3o (2023)<\/a>\n\t\t\t\t\t<\/div>\n\n\t\t\t\t\t<div id=\"elementor-tab-content-1131\" class=\"elementor-tab-content elementor-clearfix\" data-tab=\"1\" role=\"region\" aria-labelledby=\"elementor-tab-title-1131\"><p><strong>Ano | Edi\u00e7\u00e3o<\/strong><br \/>2023 | XLIII<\/p><p><strong>Tema<\/strong><br \/>A contribui\u00e7\u00e3o da engenharia de produ\u00e7\u00e3o para desenvolvimento sustent\u00e1vel das organiza\u00e7\u00f5es: Cadeias Circulares , sustentabilidade e tecnologias<\/p><p><strong>Cidade<\/strong><br \/>Fortaleza<\/p><p><a href=\"https:\/\/portal.abepro.org.br\/enegep\/2023\/\" target=\"_blank\" rel=\"noopener\">Saiba mais\u2026<\/a><\/p><\/div>\n\t\t\t\t<\/div>\n\t\t\t\t\t\t\t<div class=\"elementor-toggle-item\">\n\t\t\t\t\t<div id=\"elementor-tab-title-1132\" class=\"elementor-tab-title\" data-tab=\"2\" role=\"button\" aria-controls=\"elementor-tab-content-1132\" aria-expanded=\"false\">\n\t\t\t\t\t\t\t\t\t\t\t\t<span class=\"elementor-toggle-icon elementor-toggle-icon-left\" aria-hidden=\"true\">\n\t\t\t\t\t\t\t\t\t\t\t\t\t\t\t<span class=\"elementor-toggle-icon-closed\"><i class=\"fas fa-plus\"><\/i><\/span>\n\t\t\t\t\t\t\t\t<span class=\"elementor-toggle-icon-opened\"><i class=\"elementor-toggle-icon-opened fas fa-minus\"><\/i><\/span>\n\t\t\t\t\t\t\t\t\t\t\t\t\t<\/span>\n\t\t\t\t\t\t\t\t\t\t\t\t<a class=\"elementor-toggle-title\" tabindex=\"0\">42\u00aa Edi\u00e7\u00e3o (2022)<\/a>\n\t\t\t\t\t<\/div>\n\n\t\t\t\t\t<div id=\"elementor-tab-content-1132\" class=\"elementor-tab-content elementor-clearfix\" data-tab=\"2\" role=\"region\" aria-labelledby=\"elementor-tab-title-1132\"><p><strong>Ano | Edi\u00e7\u00e3o<\/strong><br \/>2022 | XLII<\/p><p><strong>Tema<\/strong><br \/>Contribui\u00e7\u00e3o da Engenharia de Produ\u00e7\u00e3o para a Transforma\u00e7\u00e3o Digital da Ind\u00fastria Brasileira<\/p><p><strong>Cidade<\/strong><br \/>Foz do Igua\u00e7u<\/p><p><a href=\"https:\/\/portal.abepro.org.br\/enegep\/2022\/\" target=\"_blank\" rel=\"noopener\">Saiba mais\u2026<\/a><\/p><\/div>\n\t\t\t\t<\/div>\n\t\t\t\t\t\t\t<div class=\"elementor-toggle-item\">\n\t\t\t\t\t<div id=\"elementor-tab-title-1133\" class=\"elementor-tab-title\" data-tab=\"3\" role=\"button\" aria-controls=\"elementor-tab-content-1133\" aria-expanded=\"false\">\n\t\t\t\t\t\t\t\t\t\t\t\t<span class=\"elementor-toggle-icon elementor-toggle-icon-left\" aria-hidden=\"true\">\n\t\t\t\t\t\t\t\t\t\t\t\t\t\t\t<span class=\"elementor-toggle-icon-closed\"><i class=\"fas fa-plus\"><\/i><\/span>\n\t\t\t\t\t\t\t\t<span class=\"elementor-toggle-icon-opened\"><i class=\"elementor-toggle-icon-opened fas fa-minus\"><\/i><\/span>\n\t\t\t\t\t\t\t\t\t\t\t\t\t<\/span>\n\t\t\t\t\t\t\t\t\t\t\t\t<a class=\"elementor-toggle-title\" tabindex=\"0\">41\u00aa Edi\u00e7\u00e3o (2021)<\/a>\n\t\t\t\t\t<\/div>\n\n\t\t\t\t\t<div id=\"elementor-tab-content-1133\" class=\"elementor-tab-content elementor-clearfix\" data-tab=\"3\" role=\"region\" aria-labelledby=\"elementor-tab-title-1133\"><p><strong>Ano | Edi\u00e7\u00e3o<\/strong> <br \/>2021 | XLI<\/p><p><strong>Tema<\/strong><br \/>Contribui\u00e7\u00f5es da Engenharia de Produ\u00e7\u00e3o para a Gest\u00e3o de Opera\u00e7\u00f5es Energ\u00e9ticas Sustent\u00e1veis<\/p><p><strong>Cidade<\/strong><br \/>Plataforma Online &#8211; 18 a 21 de outubro<\/p><p><strong>Palestrantes<\/strong><\/p><p>Andr\u00e9 \u00a0<br \/>Gianna Sagazio<\/p><p>Karol Branco<\/p><p>Victor Varandas<\/p><p>Alana Alves<\/p><p>Marita Tavares<\/p><p>Eduardo Ferro dos Santos<\/p><p>Pedro Miguel Arezes<\/p><p>Manoela Lahoz<\/p><p>Daniel Braatz<\/p><p>Breno Gontijo Tavares<\/p><p>Marly Monteiro de Carvalho<\/p><p>Rog\u00e9rio Caiuby<\/p><p>Ronald Dauscha<\/p><p>Ricardo Mateus<\/p><p>Luiz Fernando Heineck<\/p><p>Alexandre Mour\u00e3o<\/p><p>Luiz Augusto Franzese<\/p><p>Irineu Brito J\u00fanior<\/p><p>Marcelo Prim<\/p><p>Markus Will<\/p><p>Jefferson Carvalho<\/p><p>Marcelo Assis<\/p><p>Daniel Lacerda<\/p><p>Gaudencio Freires<\/p><p>Iara Tammela<\/p><p>Ant\u00f4nio M\u00e1rcio T. Thom\u00e9<\/p><p>Rodolfo Cardoso<\/p><p>Pedro Nascimento de Lima<\/p><p>Matthew Biggerstaff<\/p><p>Kaitlyn Jonhson<\/p><p>Afonso Fleury<\/p><p>Adriano Proen\u00e7a<\/p><p>Tassiana Watanabe Ferreira<\/p><p>Marco Saavedra Bravo<\/p><p>Arturo Bretas<\/p><p>Zita Vale<\/p><p>Paulo Augusto Cauchick Miguel<\/p><p>Mario Sergio Salerno<\/p><p>Sergio E. Gouvea da Costa<\/p><p>Anne Kloosterboer<\/p><p>Geert Letens<\/p><p>Marrianne Groeneveld-Klunder<\/p><p>S\u00e9rgio Ricardo Louren\u00e7o<\/p><p>Milton Vieira Junior Buda<\/p><p>Thiago Coutinho de Oliveira<\/p><p>Karyn Ross<\/p><p>Marlene Amorim<\/p><p>Raquel Mastro Madureira<\/p><p>Alain d\u2019Audenhove<\/p><p>Jos\u00e9 Agostinho Baitello \u200b<\/p><p><a href=\"https:\/\/portal.abepro.org.br\/enegep\/2021\/\" target=\"_blank\" rel=\"noopener\">Saiba mais\u2026<\/a><\/p><\/div>\n\t\t\t\t<\/div>\n\t\t\t\t\t\t\t<div class=\"elementor-toggle-item\">\n\t\t\t\t\t<div id=\"elementor-tab-title-1134\" class=\"elementor-tab-title\" data-tab=\"4\" role=\"button\" aria-controls=\"elementor-tab-content-1134\" aria-expanded=\"false\">\n\t\t\t\t\t\t\t\t\t\t\t\t<span class=\"elementor-toggle-icon elementor-toggle-icon-left\" aria-hidden=\"true\">\n\t\t\t\t\t\t\t\t\t\t\t\t\t\t\t<span class=\"elementor-toggle-icon-closed\"><i class=\"fas fa-plus\"><\/i><\/span>\n\t\t\t\t\t\t\t\t<span class=\"elementor-toggle-icon-opened\"><i class=\"elementor-toggle-icon-opened fas fa-minus\"><\/i><\/span>\n\t\t\t\t\t\t\t\t\t\t\t\t\t<\/span>\n\t\t\t\t\t\t\t\t\t\t\t\t<a class=\"elementor-toggle-title\" tabindex=\"0\">40\u00aa Edi\u00e7\u00e3o (2020)<\/a>\n\t\t\t\t\t<\/div>\n\n\t\t\t\t\t<div id=\"elementor-tab-content-1134\" class=\"elementor-tab-content elementor-clearfix\" data-tab=\"4\" role=\"region\" aria-labelledby=\"elementor-tab-title-1134\"><p><strong>Ano | Edi\u00e7\u00e3o<\/strong> <br \/>2020 | XL<\/p><p><strong>Tema<\/strong><br \/>Gest\u00e3o de Riscos e Resili\u00eancia de cadeias de suprimentos em crises globais<\/p><p><strong>Cidade<\/strong><br \/>Plataforma Online &#8211; 20 a 23 de outubro<\/p><p><strong>Palestrantes<\/strong><br \/>Adonias Ferreira<br \/>Ana Camanho<br \/>Angela Maria Gheller Telles<br \/>Beatriz Ivry<br \/>Christopher S. Tang<br \/>Claudia Colicchia<br \/>Cristiane Agra Pimentel<br \/>Dale S. Rogers<br \/>D\u00e1rio Yanagita<br \/>F\u00e1bio Galv\u00e3o<br \/>Fernando Mazzarolo<br \/>Gabriela Exupery<br \/>Gisela Sender<br \/>G\u00fcl Kremer<br \/>Hiroaki Hideki<br \/>Jos\u00e9 Carlos Farias<br \/>Joseph Sarkis<br \/>Lia Buarque<br \/>Lia Buarque<br \/>Marcos Assi<br \/>Neifer Fran\u00e7a<br \/>Rui Lima<br \/>Sammy Obara<br \/>Susana Pereira<br \/>Thiago Coutinho<br \/>Thiago Souza<br \/>Yuval Cohen<\/p><p><a href=\"https:\/\/portal.abepro.org.br\/enegep\/2020\/\" target=\"_blank\" rel=\"noopener\">Saiba mais\u2026<\/a><\/p><\/div>\n\t\t\t\t<\/div>\n\t\t\t\t\t\t\t<div class=\"elementor-toggle-item\">\n\t\t\t\t\t<div id=\"elementor-tab-title-1135\" class=\"elementor-tab-title\" data-tab=\"5\" role=\"button\" aria-controls=\"elementor-tab-content-1135\" aria-expanded=\"false\">\n\t\t\t\t\t\t\t\t\t\t\t\t<span class=\"elementor-toggle-icon elementor-toggle-icon-left\" aria-hidden=\"true\">\n\t\t\t\t\t\t\t\t\t\t\t\t\t\t\t<span class=\"elementor-toggle-icon-closed\"><i class=\"fas fa-plus\"><\/i><\/span>\n\t\t\t\t\t\t\t\t<span class=\"elementor-toggle-icon-opened\"><i class=\"elementor-toggle-icon-opened fas fa-minus\"><\/i><\/span>\n\t\t\t\t\t\t\t\t\t\t\t\t\t<\/span>\n\t\t\t\t\t\t\t\t\t\t\t\t<a class=\"elementor-toggle-title\" tabindex=\"0\">39\u00aa Edi\u00e7\u00e3o (2019)<\/a>\n\t\t\t\t\t<\/div>\n\n\t\t\t\t\t<div id=\"elementor-tab-content-1135\" class=\"elementor-tab-content elementor-clearfix\" data-tab=\"5\" role=\"region\" aria-labelledby=\"elementor-tab-title-1135\"><p><strong>Ano | Edi\u00e7\u00e3o<\/strong> <br \/>2019 | XXXIX<\/p><p><strong>Tema<\/strong><br \/>Os desafios da engenharia de produ\u00e7\u00e3o para uma gest\u00e3o inovadora da Log\u00edstica e <br \/>Opera\u00e7\u00f5es<\/p><p><strong>Cidade<\/strong><br \/>Santos, Sao Paulo &#8211; 15 a 18 de outubro<\/p><p><strong>Palestrantes<\/strong><br \/>Adrianne Elias<br \/>Alexandra Motta<br \/>Alexandre A. Boschi<br \/>Ana Claudia Shimofusa<br \/>Dalton Garcia Borges de Souza<br \/>D\u00e9bora Mendon\u00e7a Rodrigues Garcia<br \/>F\u00e1bio de Andrade Schroeder<br \/>Geert Letens<br \/>Helder Diniz<br \/>Henrique Correa<br \/>Jaime Bartholomeu Filho<br \/>Jo\u00e3o Reis<br \/>Jorge Roberto Silveira<br \/>Lee Pegler<br \/>Manuela Tolentino<br \/>Maria Cec\u00edlia Galante Porto<br \/>Mehdi Toloo<br \/>Paulo Gon\u00e7alves<br \/>Petr\u00f4nio Garcia<br \/>Ricardo Sproesser<br \/>Rodrigo Castilho <br \/>Wantuir Felippe S. Jr<br \/>Wilson de Castro Hillsdorf<\/p><p><a href=\"https:\/\/portal.abepro.org.br\/enegep\/2019\/\" target=\"_blank\" rel=\"noopener\">Saiba mais\u2026<\/a><\/p><\/div>\n\t\t\t\t<\/div>\n\t\t\t\t\t\t\t<div class=\"elementor-toggle-item\">\n\t\t\t\t\t<div id=\"elementor-tab-title-1136\" class=\"elementor-tab-title\" data-tab=\"6\" role=\"button\" aria-controls=\"elementor-tab-content-1136\" aria-expanded=\"false\">\n\t\t\t\t\t\t\t\t\t\t\t\t<span class=\"elementor-toggle-icon elementor-toggle-icon-left\" aria-hidden=\"true\">\n\t\t\t\t\t\t\t\t\t\t\t\t\t\t\t<span class=\"elementor-toggle-icon-closed\"><i class=\"fas fa-plus\"><\/i><\/span>\n\t\t\t\t\t\t\t\t<span class=\"elementor-toggle-icon-opened\"><i class=\"elementor-toggle-icon-opened fas fa-minus\"><\/i><\/span>\n\t\t\t\t\t\t\t\t\t\t\t\t\t<\/span>\n\t\t\t\t\t\t\t\t\t\t\t\t<a class=\"elementor-toggle-title\" tabindex=\"0\">38\u00aa Edi\u00e7\u00e3o (2018)<\/a>\n\t\t\t\t\t<\/div>\n\n\t\t\t\t\t<div id=\"elementor-tab-content-1136\" class=\"elementor-tab-content elementor-clearfix\" data-tab=\"6\" role=\"region\" aria-labelledby=\"elementor-tab-title-1136\"><p><strong>Ano | Edi\u00e7\u00e3o<\/strong> <br \/>2018 | XXXVIII<\/p><p><strong>Tema<\/strong><br \/>A Engenharia de Produ\u00e7\u00e3o e suas contribui\u00e7\u00f5es para o desenvolvimento do Brasil<\/p><p><strong>Cidade<\/strong><br \/>Macei\u00f3, Alagoas &#8211; 16 a 19 de outubro<\/p><p><strong>Palestrantes<\/strong><br \/>Bernard Marie Marechal<br \/>Carlos Coutinho<br \/>Cid Alledi Filho<br \/>Daniel Lacerda <br \/>Daniela Iaconda<br \/>Eduardo Aledo<br \/>Eileen Van Aken<br \/>F\u00e1bio Guedes<br \/>Fabio Sartori Piran<br \/>Francisco M\u00e1sculo<br \/>Gustavo Telles<br \/>Jos\u00e9 Lu\u00eds da Cruz<br \/>Jullius Menino<br \/>Kalyan Pasupathy<br \/>Marcio d&#8217;Agosto<br \/>Osmar Possamai<br \/>Rachna Shah<br \/>Sergio Rubio<br \/>Stefan Seuring<br \/>Thiago Coutinho<br \/>Timothy P. Munyon<br \/>Vanessa Silva<br \/>Wagner Leite Esp\u00f3sito<\/p><\/div>\n\t\t\t\t<\/div>\n\t\t\t\t\t\t\t<div class=\"elementor-toggle-item\">\n\t\t\t\t\t<div id=\"elementor-tab-title-1137\" class=\"elementor-tab-title\" data-tab=\"7\" role=\"button\" aria-controls=\"elementor-tab-content-1137\" aria-expanded=\"false\">\n\t\t\t\t\t\t\t\t\t\t\t\t<span class=\"elementor-toggle-icon elementor-toggle-icon-left\" aria-hidden=\"true\">\n\t\t\t\t\t\t\t\t\t\t\t\t\t\t\t<span class=\"elementor-toggle-icon-closed\"><i class=\"fas fa-plus\"><\/i><\/span>\n\t\t\t\t\t\t\t\t<span class=\"elementor-toggle-icon-opened\"><i class=\"elementor-toggle-icon-opened fas fa-minus\"><\/i><\/span>\n\t\t\t\t\t\t\t\t\t\t\t\t\t<\/span>\n\t\t\t\t\t\t\t\t\t\t\t\t<a class=\"elementor-toggle-title\" tabindex=\"0\">37\u00aa Edi\u00e7\u00e3o (2017)<\/a>\n\t\t\t\t\t<\/div>\n\n\t\t\t\t\t<div id=\"elementor-tab-content-1137\" class=\"elementor-tab-content elementor-clearfix\" data-tab=\"7\" role=\"region\" aria-labelledby=\"elementor-tab-title-1137\"><p><strong>Ano | Edi\u00e7\u00e3o<\/strong> <br \/>2017 | XXXVII<\/p><p><strong>Tema<\/strong><br \/>A Engenharia de Produ\u00e7\u00e3o e as novas tecnologias produtivas: ind\u00fastria 4.0, manufatura aditiva e outras abordagens avan\u00e7adas de produ\u00e7\u00e3o<\/p><p><strong>Cidade<\/strong><br \/>Joinville, Santa Catarina &#8211; 10 a 13 de outubro<\/p><p><strong>Palestrantes<\/strong><br \/>Adriana Leiras<br \/>Alain Guy Charles de Norman et dAudenhove<br \/>Ari Nelson Rodrigues Costa<br \/>Ariel Scheffer da Silva<br \/>C\u00e1ssio Andrade<br \/>Dalvio Ferrari Tubino<br \/>Eug\u00eanio Moretzsohn<br \/>Felipe Morais Menezes<br \/>Guilherme Luis Roehe Vaccaro<br \/>Henrique Luiz Correa<br \/>Jochen Deuse<br \/>Jorge Benedito da Silveira<br \/>Joseph Sarkis<br \/>Josue Velazquez Martinez<br \/>Mingzhou Jin<br \/>Ozires Silva<br \/>Peter Fernandes Wanke<br \/>Rui M. Lima<\/p><p><a href=\"https:\/\/abepro.org.br\/enegep\/2017\/index.asp\" target=\"_blank\" rel=\"noopener\"><b>Saiba mais&#8230;<\/b><\/a><\/p><\/div>\n\t\t\t\t<\/div>\n\t\t\t\t\t\t\t<div class=\"elementor-toggle-item\">\n\t\t\t\t\t<div id=\"elementor-tab-title-1138\" class=\"elementor-tab-title\" data-tab=\"8\" role=\"button\" aria-controls=\"elementor-tab-content-1138\" aria-expanded=\"false\">\n\t\t\t\t\t\t\t\t\t\t\t\t<span class=\"elementor-toggle-icon elementor-toggle-icon-left\" aria-hidden=\"true\">\n\t\t\t\t\t\t\t\t\t\t\t\t\t\t\t<span class=\"elementor-toggle-icon-closed\"><i class=\"fas fa-plus\"><\/i><\/span>\n\t\t\t\t\t\t\t\t<span class=\"elementor-toggle-icon-opened\"><i class=\"elementor-toggle-icon-opened fas fa-minus\"><\/i><\/span>\n\t\t\t\t\t\t\t\t\t\t\t\t\t<\/span>\n\t\t\t\t\t\t\t\t\t\t\t\t<a class=\"elementor-toggle-title\" tabindex=\"0\">36\u00aa Edi\u00e7\u00e3o (2016)<\/a>\n\t\t\t\t\t<\/div>\n\n\t\t\t\t\t<div id=\"elementor-tab-content-1138\" class=\"elementor-tab-content elementor-clearfix\" data-tab=\"8\" role=\"region\" aria-labelledby=\"elementor-tab-title-1138\"><p><strong>Ano | Edi\u00e7\u00e3o<\/strong> <br \/>2016 | XXXVI<\/p><p><strong>Tema<\/strong><br \/>Contribui\u00e7\u00f5es da Engenharia de Produ\u00e7\u00e3o para Melhores Pr\u00e1ticas de Gest\u00e3o e Moderniza\u00e7\u00e3o do Brasil<\/p><p><strong>Cidade<\/strong><br \/>Jo\u00e3o Pessoa, Para\u00edba &#8211; 03 a 06\u00a0 de outubroo<\/p><p><strong>Palestrantes<\/strong><br \/>Adiel Teixeira de Almeida<br \/>Alvaro Braga de Abreu e Silva<br \/>Francisco Buega Gadelha<br \/>Jorge de Souza Freire Filho<br \/>Jullius Alves Menino Silva<br \/>Lucia Helena Xavier<br \/>Luiz Carlos do Nascimento<br \/>Luiz Tavares de Carvalho<br \/>Marcelo Koiti Fugihara<br \/>Mario C\u00e9sar Rodr\u00edguez Vidal<br \/>Michael Machado<br \/>Osmar Barros Junior<br \/>Peter Fernandes Wanke<br \/>Renata Cristina Teixeira<br \/>Roberto Torre\u00e3o Viana de Melo<br \/>Rodrigo Jos\u00e9 Pires Ferreira<br \/>Thiago Coutinho de Oliveira<br \/>Francesco Facchini<br \/>Guillaume Thomann<br \/>Ivica Veza<br \/>Luiz Tavares de Carvalho<br \/>Paula Ferreira<br \/>Rapinder Singh Sawhney<\/p><p><a href=\"https:\/\/abepro.org.br\/enegep\/2016\/index.asp\" target=\"_blank\" rel=\"noopener\"><b>Saiba mais&#8230;<\/b><\/a><\/p><\/div>\n\t\t\t\t<\/div>\n\t\t\t\t\t\t\t<div class=\"elementor-toggle-item\">\n\t\t\t\t\t<div id=\"elementor-tab-title-1139\" class=\"elementor-tab-title\" data-tab=\"9\" role=\"button\" aria-controls=\"elementor-tab-content-1139\" aria-expanded=\"false\">\n\t\t\t\t\t\t\t\t\t\t\t\t<span class=\"elementor-toggle-icon elementor-toggle-icon-left\" aria-hidden=\"true\">\n\t\t\t\t\t\t\t\t\t\t\t\t\t\t\t<span class=\"elementor-toggle-icon-closed\"><i class=\"fas fa-plus\"><\/i><\/span>\n\t\t\t\t\t\t\t\t<span class=\"elementor-toggle-icon-opened\"><i class=\"elementor-toggle-icon-opened fas fa-minus\"><\/i><\/span>\n\t\t\t\t\t\t\t\t\t\t\t\t\t<\/span>\n\t\t\t\t\t\t\t\t\t\t\t\t<a class=\"elementor-toggle-title\" tabindex=\"0\">35\u00aa Edi\u00e7\u00e3o (2015)<\/a>\n\t\t\t\t\t<\/div>\n\n\t\t\t\t\t<div id=\"elementor-tab-content-1139\" class=\"elementor-tab-content elementor-clearfix\" data-tab=\"9\" role=\"region\" aria-labelledby=\"elementor-tab-title-1139\"><p><strong>Ano | Edi\u00e7\u00e3o<\/strong><br \/>2015 | XXXV<\/p><p><strong>Tema<\/strong><br \/>Perspectivas Globais para a Engenharia de Produ\u00e7\u00e3o<\/p><p><strong>Cidade<\/strong><br \/>Fortaleza, Cear\u00e1 &#8211; 13 a 16\u00a0 de outubro<\/p><p><strong>Palestrantes<\/strong><br \/>Adriana Leiras<br \/>Adiel Teixeira de Almeida<br \/>Ant\u00f4nio Freitas Rentes<br \/>B\u00e1rbara Eleodora Freitas Miranda<br \/>Cesar Malav\u00e9<br \/>Cristiane Brasil Lima Ulbrich<br \/>Felipe Morais Menezes<br \/>Fernanda Leite<br \/>Gustavo Casarini Landgraf<br \/>Hamilton Pozo<br \/>Henrique Luiz Correa<br \/>Joel West<br \/>Jorge Hoelzel Neto<br \/>Jos\u00e9 Roberto Ferro<br \/>Kleber Francisco Esposto<br \/>Krzysztof Santarek<br \/>Luiz Gustavo Xavier Borges<br \/>Marc Lassagne<br \/>Marlene Amorim<br \/>Maur\u00edcio Alves Pinto<br \/>Michael Machado<br \/>Nivaldo Coppini<br \/>Roberto Jorge Junior<br \/>Robertson Pereira<br \/>Rodrigo Almeida<\/p><p><strong>Coordena\u00e7\u00e3o Executiva<\/strong><br \/>Milton Vieira J\u00fanior<br \/>Rui Francisco Martins Mar\u00e7al<br \/>Antonio Cezar Bornia<\/p><p><strong>Coordena\u00e7\u00e3o Cient\u00edfica<\/strong><br \/>Francisco Soares M\u00e1sculo<br \/>Paulo Augusto Cauchick Miguel<\/p><p><strong>Coordena\u00e7\u00e3o Local<\/strong><br \/>Fernando Nunes<br \/>S\u00e9rgio Elias<br \/>Maxweel Veras Rodrigues<br \/>Bernadette Amora<\/p><p><strong>Equipe Secretaria ABEPRO<\/strong><br \/>Gabriela Olivato<br \/>Dayana Seiblitz<br \/>Gabriel Albani<br \/>Beatriz Millani<br \/>Roberto Fuentes<\/p><p><a href=\"https:\/\/abepro.org.br\/enegep\/2015\/index.asp\" target=\"_blank\" rel=\"noopener\"><b>Saiba mais&#8230;<\/b><\/a><\/p><\/div>\n\t\t\t\t<\/div>\n\t\t\t\t\t\t\t<div class=\"elementor-toggle-item\">\n\t\t\t\t\t<div id=\"elementor-tab-title-11310\" class=\"elementor-tab-title\" data-tab=\"10\" role=\"button\" aria-controls=\"elementor-tab-content-11310\" aria-expanded=\"false\">\n\t\t\t\t\t\t\t\t\t\t\t\t<span class=\"elementor-toggle-icon elementor-toggle-icon-left\" aria-hidden=\"true\">\n\t\t\t\t\t\t\t\t\t\t\t\t\t\t\t<span class=\"elementor-toggle-icon-closed\"><i class=\"fas fa-plus\"><\/i><\/span>\n\t\t\t\t\t\t\t\t<span class=\"elementor-toggle-icon-opened\"><i class=\"elementor-toggle-icon-opened fas fa-minus\"><\/i><\/span>\n\t\t\t\t\t\t\t\t\t\t\t\t\t<\/span>\n\t\t\t\t\t\t\t\t\t\t\t\t<a class=\"elementor-toggle-title\" tabindex=\"0\">34\u00aa Edi\u00e7\u00e3o (2014)<\/a>\n\t\t\t\t\t<\/div>\n\n\t\t\t\t\t<div id=\"elementor-tab-content-11310\" class=\"elementor-tab-content elementor-clearfix\" data-tab=\"10\" role=\"region\" aria-labelledby=\"elementor-tab-title-11310\"><p><strong>Ano | Edi\u00e7\u00e3o<\/strong><br \/>2014 | XXXIV<\/p><p><strong>Tema<\/strong><br \/>A Engenharia de Produ\u00e7\u00e3o, Infraestrutura e Desenvolvimento Sustent\u00e1vel: a Agenda Brasil + 10<\/p><p><strong>Cidade<\/strong><br \/>Curitiba, Paran\u00e1 &#8211; 07 a 10\u00a0 de outubro<\/p><p><strong>Palestrantes<\/strong><br \/>Adriana Leiras<br \/>Alan Smith<br \/>Alvair Torres<br \/>B\u00e1rbara Eleodora Freitas Miranda<br \/>Bruno Silvestre<br \/>Daniel Toledano<br \/>Eduardo Henrique Diniz<br \/>Enzo Morosini Frazzon<br \/>Eva Praxedes Vieira<br \/>Giovanni Mummolo<br \/>Gl\u00e1vio Leal Paura<br \/>Goran Putnik<br \/>Gustavo Dezem Telles<br \/>Juliano Sabatke<br \/>Jullius Alves Menino Silva<br \/>Lia Buarque de Macedo<br \/>Luiz Gustavo Borges<br \/>Luiz Roberto Barbosa Medeiros<br \/>Marcelo Koiti Fugihara<br \/>Marco Campello<br \/>Maria Teresinha Arns Stein<br \/>Marly Monteiro de Carvalho<br \/>Michael Machado<br \/>Nelson Carvalho Maestrelli<br \/>Paulo Augusto Cauchick Miguel<br \/>Paulo Gon\u00e7alves<br \/>Rafael Wollmann<br \/>Reinaldo Dias<br \/>Roberto Lamberts<br \/>Rosimeire Sedrez Bitencourt<br \/>Thiago Coutinho<br \/>Tracy Lyn Cheetham<br \/>Val\u00e9rio Allora e Cleverson W. dos Santos<\/p><p><strong>Coordena\u00e7\u00e3o Executiva<\/strong><br \/>Milton Vieira J\u00fanior<br \/>Rui Francisco Martins Mar\u00e7al<br \/>Antonio Cezar Bornia<\/p><p><strong>Coordena\u00e7\u00e3o Cient\u00edfica<\/strong><br \/>Renato de Oliveira Moraes<br \/>Francisco Soares M\u00e1sculo<br \/>Paulo Augusto Cauchick Miguel<\/p><p><strong>Coordena\u00e7\u00e3o Local<\/strong><br \/>Glavio Leal Paura<\/p><p><strong>Mini Cursos e Visitas T\u00e9cnicas<\/strong><br \/>ABEPRO Jovem<\/p><p><strong>Sess\u00e3o Dirigida<\/strong><br \/>Vanderli Fava de Oliveira &#8211; UFJF<br \/>Francisco Soares M\u00e1sculo &#8211; UFPB<br \/>Vagner Cavenaghi &#8211; UNESP Bauru<\/p><p><strong>Equipe Secretaria ABEPRO<\/strong><br \/>Gabriela Olivato<br \/>Ana Luiza de Castro Assis<br \/>Dayana Seiblitz<br \/>Gabriel Albani<br \/>Saulo Canto<\/p><\/div>\n\t\t\t\t<\/div>\n\t\t\t\t\t\t\t<div class=\"elementor-toggle-item\">\n\t\t\t\t\t<div id=\"elementor-tab-title-11311\" class=\"elementor-tab-title\" data-tab=\"11\" role=\"button\" aria-controls=\"elementor-tab-content-11311\" aria-expanded=\"false\">\n\t\t\t\t\t\t\t\t\t\t\t\t<span class=\"elementor-toggle-icon elementor-toggle-icon-left\" aria-hidden=\"true\">\n\t\t\t\t\t\t\t\t\t\t\t\t\t\t\t<span class=\"elementor-toggle-icon-closed\"><i class=\"fas fa-plus\"><\/i><\/span>\n\t\t\t\t\t\t\t\t<span class=\"elementor-toggle-icon-opened\"><i class=\"elementor-toggle-icon-opened fas fa-minus\"><\/i><\/span>\n\t\t\t\t\t\t\t\t\t\t\t\t\t<\/span>\n\t\t\t\t\t\t\t\t\t\t\t\t<a class=\"elementor-toggle-title\" tabindex=\"0\">33\u00aa Edi\u00e7\u00e3o (2013)<\/a>\n\t\t\t\t\t<\/div>\n\n\t\t\t\t\t<div id=\"elementor-tab-content-11311\" class=\"elementor-tab-content elementor-clearfix\" data-tab=\"11\" role=\"region\" aria-labelledby=\"elementor-tab-title-11311\"><p><strong>Ano | Edi\u00e7\u00e3o<\/strong><br \/>2013 | XXXIII<\/p><p><strong>Tema<\/strong><br \/>A Gest\u00e3o dos Processos e as Parcerias Globais para o Desenvolvimento Sustent\u00e1vel dos Sistemas Produtivos<\/p><p><strong>Cidade<\/strong><br \/>Salvador,Bahia &#8211; 08 a 09\u00a0 de outubro<\/p><p><strong>Palestrantes<\/strong><br \/>Adiel Teixeira de Almeida<br \/>Alain de Norman et d&#8217;Audenhove<br \/>Alessandro Brun<br \/>Arturo Catunda<br \/>B\u00e1rbara Eleodora Freitas Miranda<br \/>Bopaya Bidanda<br \/>Carlos Henggeler Antunes<br \/>Celso Villar Torino<br \/>Cid Alledi Filho<br \/>Clodimar Viotto<br \/>Fl\u00e1vio Brito<br \/>Francisco Dos Santos Rebelo<br \/>Francisco Soares M\u00e1sculo<br \/>Geraldo Alves Cola\u00e7o<br \/>Henrique Correa<br \/>Jo\u00e3o Amato Neto<br \/>Jo\u00e3o Carlos Mocelin<br \/>Jullius Alves Menino Silva<br \/>Leonardo Filardi<br \/>Marie Reine Boudarel<br \/>Michael Machado<br \/>Nat\u00e1lia Storace<br \/>Nelson Casarotto<br \/>Paulo Alexandre da Costa Ara\u00fajo Sampaio<br \/>S\u00e9rgio Luiz da Silva<br \/>V\u00e2nia de Lourdes Marques<\/p><p><strong>Comiss\u00e3o Organizadora<\/strong><br \/>Associa\u00e7\u00e3o Brasileira de Engenharia de Produ\u00e7\u00e3o (ABEPRO)<br \/>ABEPRO Jovem<\/p><p><strong>Coordena\u00e7\u00e3o Local<\/strong><br \/>Universidade Federal da Bahia (UFBA)<br \/>Universidade Salvador (UNIFACS)<br \/>UNIVERSO<br \/>Universidade do Estado da Bahia<br \/>Faculdade Independente do Nordeste (FAINOR)<br \/>Universidade Estadual da Bahia (UESB)<br \/>Otimiza Consultoria Jr.<br \/>Universidade Tiradentes (UNIT)<br \/>Pit\u00e1goras Faculdade<br \/>\u00c1rea 1<br \/>DeVry Brasil<\/p><\/div>\n\t\t\t\t<\/div>\n\t\t\t\t\t\t\t<div class=\"elementor-toggle-item\">\n\t\t\t\t\t<div id=\"elementor-tab-title-11312\" class=\"elementor-tab-title\" data-tab=\"12\" role=\"button\" aria-controls=\"elementor-tab-content-11312\" aria-expanded=\"false\">\n\t\t\t\t\t\t\t\t\t\t\t\t<span class=\"elementor-toggle-icon elementor-toggle-icon-left\" aria-hidden=\"true\">\n\t\t\t\t\t\t\t\t\t\t\t\t\t\t\t<span class=\"elementor-toggle-icon-closed\"><i class=\"fas fa-plus\"><\/i><\/span>\n\t\t\t\t\t\t\t\t<span class=\"elementor-toggle-icon-opened\"><i class=\"elementor-toggle-icon-opened fas fa-minus\"><\/i><\/span>\n\t\t\t\t\t\t\t\t\t\t\t\t\t<\/span>\n\t\t\t\t\t\t\t\t\t\t\t\t<a class=\"elementor-toggle-title\" tabindex=\"0\">32\u00aa Edi\u00e7\u00e3o (2012)<\/a>\n\t\t\t\t\t<\/div>\n\n\t\t\t\t\t<div id=\"elementor-tab-content-11312\" class=\"elementor-tab-content elementor-clearfix\" data-tab=\"12\" role=\"region\" aria-labelledby=\"elementor-tab-title-11312\"><p><strong>Ano | Edi\u00e7\u00e3o<\/strong><br \/>2012 | XXXII<\/p><p><strong>Tema<\/strong><br \/>Desenvolvimento Sustent\u00e1vel e Responsabilidade Social: as Contribui\u00e7\u00f5es da Engenharia de Produ\u00e7\u00e3o<\/p><p><strong>Cidade<\/strong><br \/>Bento Gon\u00e7alves, Rio Grande do Sul (Fundaparque), de 15 a 18 de outubro<\/p><p><strong>Palestrantes<\/strong><br \/>Adriano Proen\u00e7a<br \/>Alexandre Daniel de Oliveira<br \/>Carlos Prado<br \/>Cleber Prodanov<br \/>Clodimar Viotti<br \/>Daniel Carlos da Silva<br \/>Denise Souza Costa<br \/>Elena Castro<br \/>Felipe Becker<br \/>Geert Lettens<br \/>Gilberto Meletti<br \/>H\u00e9lcio Orlande<br \/>Ignacio Fernandez De Lucio<br \/>Jacinta Renner<br \/>Joe Miemczyk<br \/>Jos\u00e9 Antonio Valle Antunes Jr.<br \/>Josu Takala<br \/>L\u00edvio Amaral<br \/>Lu\u00eds Henrique Rodrigues<br \/>Manoj Malhotra<br \/>Marcela Marin<br \/>Marcelo Jorge<br \/>Mario Cesar Falc\u00e3o<br \/>Natalia Storace<br \/>Nei Y. Soma<br \/>Otavio J. Oliveira<br \/>Rodrigo Moreira<br \/>Rodrigo Souto<br \/>Rui Sousa<br \/>Sidnei Silva<br \/>Valerio Allora<\/p><p><strong>Comiss\u00e3o Organizadora<\/strong><br \/>Associa\u00e7\u00e3o Brasileira de Engenharia de Produ\u00e7\u00e3o (ABEPRO)<br \/>ABEPRO Jovem<\/p><p><strong>Coordena\u00e7\u00e3o Local<\/strong><br \/>Pontif\u00edcia Universidade Cat\u00f3lica do Rio Grande do Sul (PUCRS)<br \/>Universidade de Caxias do Sul<br \/>Universidade do Vale do Rio dos Sinos (Unisinos)<br \/>Universidade Federal de Santa Maria (UFSM)<br \/>Universidade Federal do Rio Grande do Sul (UFRGS)<br \/>Universidade Feevale<\/p><\/div>\n\t\t\t\t<\/div>\n\t\t\t\t\t\t\t<div class=\"elementor-toggle-item\">\n\t\t\t\t\t<div id=\"elementor-tab-title-11313\" class=\"elementor-tab-title\" data-tab=\"13\" role=\"button\" aria-controls=\"elementor-tab-content-11313\" aria-expanded=\"false\">\n\t\t\t\t\t\t\t\t\t\t\t\t<span class=\"elementor-toggle-icon elementor-toggle-icon-left\" aria-hidden=\"true\">\n\t\t\t\t\t\t\t\t\t\t\t\t\t\t\t<span class=\"elementor-toggle-icon-closed\"><i class=\"fas fa-plus\"><\/i><\/span>\n\t\t\t\t\t\t\t\t<span class=\"elementor-toggle-icon-opened\"><i class=\"elementor-toggle-icon-opened fas fa-minus\"><\/i><\/span>\n\t\t\t\t\t\t\t\t\t\t\t\t\t<\/span>\n\t\t\t\t\t\t\t\t\t\t\t\t<a class=\"elementor-toggle-title\" tabindex=\"0\">31\u00aa Edi\u00e7\u00e3o (2011)<\/a>\n\t\t\t\t\t<\/div>\n\n\t\t\t\t\t<div id=\"elementor-tab-content-11313\" class=\"elementor-tab-content elementor-clearfix\" data-tab=\"13\" role=\"region\" aria-labelledby=\"elementor-tab-title-11313\"><p><strong>Ano | Edi\u00e7\u00e3o<\/strong><br \/>2011 | XXXI<\/p><p><strong>Tema<\/strong><br \/>Inova\u00e7\u00e3o Tecnol\u00f3gica e Propriedade Intelectual: desafios da Engenharia de Produ\u00e7\u00e3o na Consolida\u00e7\u00e3o do Brasil no Cen\u00e1rio Econ\u00f4mico Mundial<\/p><p><strong>Cidade<\/strong><br \/>Belo Horizonte, Minas Gerais (Minascentro), de 04 a 07 de outubro<\/p><p><strong>Palestrantes<\/strong><br \/>Alberto Garcia Diaz<br \/>Bopaya Bidanda<br \/>Carlos Alberto dos Reis Ferraz<br \/>Carlos Eduardo Sanches da Silva<br \/>Cesar Octavio Malav\u00e9<br \/>Christopher Thompson<br \/>Claude Raynaut<br \/>Eduardo Gomes Salgado<br \/>Eduardo Moreira<br \/>Eduardo Saggioro<br \/>Fernando Carazza<br \/>Fernando Ladeira<br \/>Geraldo Santos e Edmar Piona<br \/>Guilherme Hamdan de Ara\u00fajo<br \/>Humberto R. Batista<br \/>James MacGregor Smith<br \/>Jan Carel Diehl<br \/>Jo\u00e3o Amato<br \/>Jos\u00e9 Fernando Gomes Mendes<br \/>Jos\u00e9 Luis Lage<br \/>Jos\u00e9 Policarpo G. de Abreu<br \/>Kalinga Jagoda<br \/>Luciano Barreto<br \/>Luis Carlos Di Serio<br \/>Marcelo Koiti Fugihara<br \/>Maria Carolina Nogueira Rocha<br \/>Olavo Machado Junior<br \/>Pedro Paulo Balestrassi<br \/>Rafael Medeiros Filho<br \/>Renato Dagnino<br \/>Richard Wysk<br \/>Rodolfo Zhouri<br \/>T\u00e2nia Mara Costa Leite<br \/>Thom Hodgson<br \/>Tiara Andrade Oliveira Bicalho<br \/>Valerio Allora<br \/>Vinicius Freitas Lott<\/p><p><strong>Comiss\u00e3o Organizadora<\/strong><br \/>Associa\u00e7\u00e3o Brasileira de Engenharia de Produ\u00e7\u00e3o (ABEPRO)<br \/>ABEPRO Jovem<\/p><p><strong>Coordena\u00e7\u00e3o Local<\/strong><br \/>Belo Horizonte Convention &amp; Visitors Bureau<br \/>Centro Universit\u00e1rio de Formiga (UNIFOR MG)<br \/>Faculdade de Engenharia de Minas Gerais (FEAMIG)<br \/>F\u00f3rum Mineiro de Engenharia de Produ\u00e7\u00e3o (FMEPRO)<br \/>Pit\u00e1goras Faculdade<br \/>Pontif\u00edcia Universidade Cat\u00f3lica de Minas Gerais (PUC Minas)<br \/>Sistema FIEMG<br \/>Universidade Federal de Itajub\u00e1 (UNIFEI)<br \/>Universidade Federal de Vi\u00e7osa<\/p><\/div>\n\t\t\t\t<\/div>\n\t\t\t\t\t\t\t<div class=\"elementor-toggle-item\">\n\t\t\t\t\t<div id=\"elementor-tab-title-11314\" class=\"elementor-tab-title\" data-tab=\"14\" role=\"button\" aria-controls=\"elementor-tab-content-11314\" aria-expanded=\"false\">\n\t\t\t\t\t\t\t\t\t\t\t\t<span class=\"elementor-toggle-icon elementor-toggle-icon-left\" aria-hidden=\"true\">\n\t\t\t\t\t\t\t\t\t\t\t\t\t\t\t<span class=\"elementor-toggle-icon-closed\"><i class=\"fas fa-plus\"><\/i><\/span>\n\t\t\t\t\t\t\t\t<span class=\"elementor-toggle-icon-opened\"><i class=\"elementor-toggle-icon-opened fas fa-minus\"><\/i><\/span>\n\t\t\t\t\t\t\t\t\t\t\t\t\t<\/span>\n\t\t\t\t\t\t\t\t\t\t\t\t<a class=\"elementor-toggle-title\" tabindex=\"0\">30\u00aa Edi\u00e7\u00e3o (2010)<\/a>\n\t\t\t\t\t<\/div>\n\n\t\t\t\t\t<div id=\"elementor-tab-content-11314\" class=\"elementor-tab-content elementor-clearfix\" data-tab=\"14\" role=\"region\" aria-labelledby=\"elementor-tab-title-11314\"><p><strong>Ano | Edi\u00e7\u00e3o<\/strong><br \/>2010 | XXX<\/p><p><strong>Tema<\/strong><br \/>Maturidade e desafios da Engenharia de Produ\u00e7\u00e3o: Competitividade das empresas, condi\u00e7\u00f5es de trabalho, meio ambiente<\/p><p><strong>Cidade<\/strong><br \/>S\u00e3o Carlos, SP &#8211; 12 a 15 de outubro<\/p><p><strong>Palestrantes<\/strong><\/p><p>Adriana Barbosa<br \/>Alceu Gomes Alves Filho<br \/>Aldo Ometto<br \/>Ana Lucia Torkomian<br \/>Antonio Carlos Teixeira <br \/>Cesar O. Malav\u00e9<br \/>Elio Neves<br \/>Evandro Subires<br \/>Evelin E. Oliveira<br \/>Fabio Henrique Rodrigues <br \/>F\u00e1bio Jo\u00e3o Rossi <br \/>Fernando Josepett Fonseca <br \/>Francisco de Paula Antunes Lima<br \/>Gustavo Costa<br \/>Gustavo Guimar\u00e3es<br \/>Haroldo de Mattos Lemos <br \/>Helmut Galle<br \/>Henrique Correia<br \/>Jane Ammons<br \/>Jo\u00e3o Alberto De Negri<br \/>Jo\u00e3o Ayres Rabello Filho<br \/>Jo\u00e3o Cl\u00edmaco<br \/>Jo\u00e3o Fernando Gomes de Oliveira<br \/>Jo\u00e3o Furtado <br \/>Josadak Astorino Mar\u00e7ola<br \/>Jos\u00e9 Carlos Toledo<br \/>Jos\u00e9 Fernando Ribeiro de Castro <br \/>Jos\u00e9 Octavio Armani Paschoal <br \/>Jos\u00e9 Vagner Faria Pacheco<br \/>Klaus Seldbauer<br \/>Leopoldo Barros Marriog <br \/>Lorna Uden<br \/>Luciana Goulart de Oliveira<br \/>Luiz Ant\u00f4nio Meirelles<br \/>Luiz Barberini<br \/>Luiz Fernando Guedes Pinto<br \/>Manoel Bispo <br \/>Marc Reimann<br \/>Mar\u00e7al Jackson<br \/>Marcelo Alceu de Amoroso Lima<br \/>Marcelo Cairolli <br \/>Marcelo Embiru\u00e7u<br \/>Marcelo Silva Pinho<br \/>M\u00e1rcio Weichert<br \/>Marcos Jank<br \/>Marcos Rotter<br \/>Mario Jos\u00e9 Barbosa Cerqueira<br \/>M\u00e1rio S\u00e9rgio Salerno <br \/>Marly Monteiro de Carvalho<br \/>Mateus Cozer <br \/>Mauro Sampaio<br \/>Nadilson Rocha<br \/>Neri dos Santos<br \/>Nivaldo Lemos Coppini<br \/>Norma Ely Beltr\u00e3o <br \/>Ole Broberg<br \/>Osvaldo Sepa<br \/>Othon Fabr\u00edcio Martins da Silva<br \/>Pascal Begin<br \/>Paulo Dallari Soares<br \/>Paulo Jos\u00e9 Adissi <br \/>Paulo Roberto Leite<br \/>Reinaldo Castro<br \/>Ricardo Carrijo<br \/>Ricardo Manfredi Naveiro<br \/>Roberto Bastian<br \/>Romeu e Silva Neto<br \/>Ronald F. Delfino <br \/>Sandro Bressan Pinheiro<br \/>S\u00e9rgio M. Rossitti <br \/>Wilson Stefano<br \/>Wilson Suzigan<\/p><p><br \/><strong>Comiss\u00e3o Organizadora<\/strong><br \/>Associa\u00e7\u00e3o Brasileira de Engenharia de Produ\u00e7\u00e3o<br \/>ABEPRO Jovem<\/p><p><strong>Coordena\u00e7\u00e3o Local<\/strong><br \/>Centro Universit\u00e1rio da FEI (FEI)<br \/>Departamento de Engenharia de Produ\u00e7\u00e3o da Escola Polit\u00e9cnica da USP (Poli-USP)<br \/>Instituto Mau\u00e1 de Tecnologia (Mau\u00e1)<br \/>Universidade de Araraquara (Uniara)<br \/>Universidade de S\u00e3o Paulo (USP)<br \/>Universidade Estadual Paulista (UNESP)<br \/>Universidade Federal de S\u00e3o Carlos (UFSCar)<br \/>Universidade Metodista de Piracicaba (UNIMEP)<br \/>Universidade Nove de Julho (Uninove)<\/p><\/div>\n\t\t\t\t<\/div>\n\t\t\t\t\t\t\t<div class=\"elementor-toggle-item\">\n\t\t\t\t\t<div id=\"elementor-tab-title-11315\" class=\"elementor-tab-title\" data-tab=\"15\" role=\"button\" aria-controls=\"elementor-tab-content-11315\" aria-expanded=\"false\">\n\t\t\t\t\t\t\t\t\t\t\t\t<span class=\"elementor-toggle-icon elementor-toggle-icon-left\" aria-hidden=\"true\">\n\t\t\t\t\t\t\t\t\t\t\t\t\t\t\t<span class=\"elementor-toggle-icon-closed\"><i class=\"fas fa-plus\"><\/i><\/span>\n\t\t\t\t\t\t\t\t<span class=\"elementor-toggle-icon-opened\"><i class=\"elementor-toggle-icon-opened fas fa-minus\"><\/i><\/span>\n\t\t\t\t\t\t\t\t\t\t\t\t\t<\/span>\n\t\t\t\t\t\t\t\t\t\t\t\t<a class=\"elementor-toggle-title\" tabindex=\"0\">29\u00aa Edi\u00e7\u00e3o (2009)<\/a>\n\t\t\t\t\t<\/div>\n\n\t\t\t\t\t<div id=\"elementor-tab-content-11315\" class=\"elementor-tab-content elementor-clearfix\" data-tab=\"15\" role=\"region\" aria-labelledby=\"elementor-tab-title-11315\"><p>Ano | Edi\u00e7\u00e3o<br \/>2009 | XXIX<\/p><p>Tema<br \/>A Engenharia de Produ\u00e7\u00e3o e o Desenvolvimento Sustent\u00e1vel: integrando Tecnologia e Gest\u00e3o<\/p><p>Cidade<br \/>Salvador, BA &#8211; 06 a 09 de outubro<\/p><p>Palestrantes<br \/>Andrea Rangone<br \/>Anselmo Alves Bandeira<br \/>Ant\u00f4nio Rivas,<br \/>Ces\u00e1reo Hernandez Iglesias<br \/>Charles Corbett<br \/>Cl\u00e1udio Palma de Mello<br \/>De la Rey Van der Waldt<br \/>D\u00eanio Cidreira<br \/>Eileen Van Aken<br \/>Haroldo Borges Rodrigues Lima<br \/>Jo\u00e3o Amato Neto<br \/>Jos\u00e9 Orlando Gomes<br \/>Juan Carlos Prado <br \/>Mario Vidal<br \/>Michel d&#8217;Audenhove<br \/>Mikko Koria<br \/>Naomar Almeida de Monteiro Filho<br \/>Robert E. Young<br \/>Turkay Dereli<\/p><p>Comiss\u00e3o Organizadora<br \/>Associa\u00e7\u00e3o Brasileira de Engenharia de Produ\u00e7\u00e3o<br \/>ABEPRO Jovem<\/p><p>Coordena\u00e7\u00e3o Local<br \/>\u00c1rea 1<br \/>Centro Universit\u00e1rio Jorge Amado (UNIJORGE)<br \/>Faculdade Sant\u00edssimo Sacramento<br \/>FANESE<br \/>Universidade Federal da Bahia (UFBA)<br \/>Universidade Salvador<br \/>UNIVERSO<\/p><\/div>\n\t\t\t\t<\/div>\n\t\t\t\t\t\t\t<div class=\"elementor-toggle-item\">\n\t\t\t\t\t<div id=\"elementor-tab-title-11316\" class=\"elementor-tab-title\" data-tab=\"16\" role=\"button\" aria-controls=\"elementor-tab-content-11316\" aria-expanded=\"false\">\n\t\t\t\t\t\t\t\t\t\t\t\t<span class=\"elementor-toggle-icon elementor-toggle-icon-left\" aria-hidden=\"true\">\n\t\t\t\t\t\t\t\t\t\t\t\t\t\t\t<span class=\"elementor-toggle-icon-closed\"><i class=\"fas fa-plus\"><\/i><\/span>\n\t\t\t\t\t\t\t\t<span class=\"elementor-toggle-icon-opened\"><i class=\"elementor-toggle-icon-opened fas fa-minus\"><\/i><\/span>\n\t\t\t\t\t\t\t\t\t\t\t\t\t<\/span>\n\t\t\t\t\t\t\t\t\t\t\t\t<a class=\"elementor-toggle-title\" tabindex=\"0\">28\u00aa Edi\u00e7\u00e3o (2008)<\/a>\n\t\t\t\t\t<\/div>\n\n\t\t\t\t\t<div id=\"elementor-tab-content-11316\" class=\"elementor-tab-content elementor-clearfix\" data-tab=\"16\" role=\"region\" aria-labelledby=\"elementor-tab-title-11316\"><p><strong>Ano | Edi\u00e7\u00e3o<\/strong><br \/>2008 | XXVIII<\/p><p><strong>Tema<\/strong><br \/>A Integra\u00e7\u00e3o de Cadeias Produtivas com a Abordagem da Manufatura Sustent\u00e1vel<\/p><p><strong>Cidade<\/strong><br \/>Rio de Janeiro, RJ &#8211; 13 a 16 de outubro<\/p><p><strong>Palestrantes<\/strong><br \/>Alexandre Lowenkron<br \/>Annibal Parracho Sant&#8217;Anna<br \/>Caio Fiuza<br \/>Caio Fi\u00faza <br \/>Carlos Nagib Khalil<br \/>Carlos Tadeu da Costa Fraga<br \/>Christiane Cazale <br \/>Cid Alledi Filho<br \/>Cl\u00e1udia Jeunon<br \/>Djair Roberto Fernandes <br \/>Edson Cunha<br \/>Edson Vasconcelos<br \/>Fernanda Garcia Silva<br \/>Heloisa Medina<br \/>Jorge Almeida Guimar\u00e3es<br \/>Jorge Emanuel Reis Cajazeira<br \/>Jos\u00e9 Augusto Nogueira Kamel<br \/>Leonardo Julianelli Ferreira<br \/>Maria Egle Cordeiro Setti <br \/>M\u00e1rio Fernando Petzhold<br \/>Marlene Bezerra<br \/>Maur\u00edcio Pimenta Lima <br \/>Michel d&#8217;Audenhove<br \/>Nei Yoshihiro Soma<br \/>Pedro Parreiras <br \/>Phil Scarf<br \/>Rafael Paim Cunha Santos <br \/>Ricardo Fontenele<br \/>Rodrigo da Rocha Loures<br \/>Ronnie Figueiredo<br \/>Sueli Tercete Matos<br \/>Valdir de Jesus Lameira<br \/>Wagner Medeiros<br \/>Weber Pimenta<\/p><p><strong>Comiss\u00e3o Organizadora<\/strong><br \/>Associa\u00e7\u00e3o Brasileira de Engenharia de Produ\u00e7\u00e3o (ABEPRO)<\/p><p><strong>Coordena\u00e7\u00e3o Local<\/strong><br \/>Centro Federal de Educa\u00e7\u00e3o Tecnol\u00f3gica Celso Suckow da Fonseca (Cefet\/RJ)<br \/>Institutos Superiores de Ensino do Censa<br \/>Pontif\u00edcia Universidade Cat\u00f3lica do Rio de Janeiro (PUC-Rio)<br \/>Universidade do Estado do Rio de Janeiro (UERJ)<br \/>Universidade Est\u00e1cio de S\u00e1<br \/>Universidade Federal de Fluminense (UFF)<br \/>Universidade Federal do Rio de Janeiro (UFRJ)<br \/>Universidade Veiga de Andrade (UVA)<\/p><\/div>\n\t\t\t\t<\/div>\n\t\t\t\t\t\t\t<div class=\"elementor-toggle-item\">\n\t\t\t\t\t<div id=\"elementor-tab-title-11317\" class=\"elementor-tab-title\" data-tab=\"17\" role=\"button\" aria-controls=\"elementor-tab-content-11317\" aria-expanded=\"false\">\n\t\t\t\t\t\t\t\t\t\t\t\t<span class=\"elementor-toggle-icon elementor-toggle-icon-left\" aria-hidden=\"true\">\n\t\t\t\t\t\t\t\t\t\t\t\t\t\t\t<span class=\"elementor-toggle-icon-closed\"><i class=\"fas fa-plus\"><\/i><\/span>\n\t\t\t\t\t\t\t\t<span class=\"elementor-toggle-icon-opened\"><i class=\"elementor-toggle-icon-opened fas fa-minus\"><\/i><\/span>\n\t\t\t\t\t\t\t\t\t\t\t\t\t<\/span>\n\t\t\t\t\t\t\t\t\t\t\t\t<a class=\"elementor-toggle-title\" tabindex=\"0\">27\u00aa Edi\u00e7\u00e3o (2007)<\/a>\n\t\t\t\t\t<\/div>\n\n\t\t\t\t\t<div id=\"elementor-tab-content-11317\" class=\"elementor-tab-content elementor-clearfix\" data-tab=\"17\" role=\"region\" aria-labelledby=\"elementor-tab-title-11317\"><p><strong>Ano | Edi\u00e7\u00e3o<\/strong><br \/>2007 | XXVII<\/p><p><strong>Tema<\/strong><br \/>A energia que move a produ\u00e7\u00e3o: um di\u00e1logo sobre integra\u00e7\u00e3o, projeto e sustentabilidade<\/p><p><strong>Cidade<\/strong><br \/>Foz do Igua\u00e7u, Paran\u00e1 &#8211; 9 a 11 de outubro<\/p><p><strong>Palestrantes<\/strong><br \/>Alexandre Rivas<br \/>Almir Narciso<br \/>Barbara Flyn<br \/>Carlos Bremer<br \/>Carlos Mataix<br \/>Edson Cunha<br \/>George Sousa<br \/>Jarildo Pinho<br \/>Kurt Jensen<br \/>Lionel Dupont<br \/>Miguel Abuhad<br \/>Naomi J. Brookes<br \/>Nelson Cabral<\/p><\/div>\n\t\t\t\t<\/div>\n\t\t\t\t\t\t\t<div class=\"elementor-toggle-item\">\n\t\t\t\t\t<div id=\"elementor-tab-title-11318\" class=\"elementor-tab-title\" data-tab=\"18\" role=\"button\" aria-controls=\"elementor-tab-content-11318\" aria-expanded=\"false\">\n\t\t\t\t\t\t\t\t\t\t\t\t<span class=\"elementor-toggle-icon elementor-toggle-icon-left\" aria-hidden=\"true\">\n\t\t\t\t\t\t\t\t\t\t\t\t\t\t\t<span class=\"elementor-toggle-icon-closed\"><i class=\"fas fa-plus\"><\/i><\/span>\n\t\t\t\t\t\t\t\t<span class=\"elementor-toggle-icon-opened\"><i class=\"elementor-toggle-icon-opened fas fa-minus\"><\/i><\/span>\n\t\t\t\t\t\t\t\t\t\t\t\t\t<\/span>\n\t\t\t\t\t\t\t\t\t\t\t\t<a class=\"elementor-toggle-title\" tabindex=\"0\">26\u00aa Edi\u00e7\u00e3o (2006)<\/a>\n\t\t\t\t\t<\/div>\n\n\t\t\t\t\t<div id=\"elementor-tab-content-11318\" class=\"elementor-tab-content elementor-clearfix\" data-tab=\"18\" role=\"region\" aria-labelledby=\"elementor-tab-title-11318\"><p><strong>Ano | Edi\u00e7\u00e3o<\/strong><br \/>2006 | XXVI<\/p><p><strong>Tema<\/strong><br \/>\u00c9tica e Responsabilidade Social &#8211; a contribui\u00e7\u00e3o do engenheiro de produ\u00e7\u00e3o<\/p><p><strong>Cidade<\/strong><br \/>Fortaleza, Cear\u00e1 &#8211; 9 a 11 de outubro<\/p><p><strong>Palestrantes<\/strong><br \/>Alcib\u00edades Paulo Soares Guedes<br \/>Alexandre Rivas<br \/>Ana J\u00falia Ramos<br \/>Carlos Mataix<br \/>Fernando Allegretti<br \/>Jo\u00e3o J. de M. Neto<br \/>Marcos Novaes <br \/>Nelson Cabral<br \/>Susan Albin<\/p><p><strong>Comiss\u00e3o Organizadora<\/strong><\/p><p>Coordena\u00e7\u00e3o Geral:<br \/>Osvaldo Lu\u00eds Gon\u00e7alves Quelhas (ABEPRO\/UFF)<\/p><p>Coordena\u00e7\u00e3o Local:<br \/>Fernando Ribeiro de Melo Nunes (UFC\/NUTEC)<\/p><p>Coordena\u00e7\u00e3o Adjunta:<br \/>Francisco Adones de Oliveira Filho (UNIFOR)<br \/>Ana Nunes (URCA)<\/p><p>Coordena\u00e7\u00e3o de Projetos:<br \/>Jos\u00e9 Rodrigues de Farias Filho (UFF)<br \/>Keli Valente Santos(ABEPRO)<br \/>S\u00e9rgio Eduardo Gouv\u00eaa da Costa (ABEPRO\/PUCPR)<br \/>Vagner Cavenaghi (ABEPRO\/UNESP-Bauru)<br \/>Valter de Freitas Hoth J\u00fanior (ABEPRO)<\/p><p>Coordena\u00e7\u00e3o Cient\u00edfica:<br \/>Francisco Soarea M\u00e1sculo (ABEPRO\/UFPB)<br \/>Francisco Zanca (ABEPRO)<\/p><p>Secretaria de Divulga\u00e7\u00e3o:<br \/>Keli Valente (ABEPRO)<br \/>Morgana Baratta (NUTEC)<\/p><p>Secretaria Executiva:<br \/>Keli Valente (ABEPRO)<br \/>Valter de Freitas Hoth J\u00fanior (ABEPRO)<\/p><p>\u00a0<\/p><\/div>\n\t\t\t\t<\/div>\n\t\t\t\t\t\t\t\t<\/div>\n\t\t\t\t\t\t<\/div>\n\t\t\t\t<\/div>\n\t\t\t\t\t<\/div>\n\t\t<\/div>\n\t\t\t\t\t<\/div>\n\t\t<\/section>\n\t\t\t\t<\/div>\n\t\t","protected":false},"excerpt":{"rendered":"<p>Hist\u00f3rico O\u00a0Encontro Nacional de Engenharia de Produ\u00e7\u00e3o (ENEGEP), evento realizado desde 1981, primeiramente sendo realizado de forma independente pelas institui\u00e7\u00f5es que o sediavam. A\u00a0partir de 1986,\u00a0passou\u00a0a ser\u00a0organizado\u00a0pela\u00a0Associa\u00e7\u00e3o Brasileira de\u00a0Engenharia de Produ\u00e7\u00e3o (ABEPRO),\u00a0entidade\u00a0que agrega\u00a0profissionais, pesquisadores, estudantes e professores\u00a0interessados no desenvolvimento da Engenharia de Produ\u00e7\u00e3o no Brasil.\u00a0\u00a0Ao longo dos anos o\u00a0ENEGEP vem construindo\u00a0um hist\u00f3rico que tem possibilitado [&hellip;]<\/p>\n","protected":false},"author":1,"featured_media":0,"parent":0,"menu_order":0,"comment_status":"closed","ping_status":"closed","template":"","meta":{"footnotes":""},"class_list":["post-987","page","type-page","status-publish","hentry"],"_links":{"self":[{"href":"https:\/\/portal.abepro.org.br\/enegep\/2025\/wp-json\/wp\/v2\/pages\/987","targetHints":{"allow":["GET"]}}],"collection":[{"href":"https:\/\/portal.abepro.org.br\/enegep\/2025\/wp-json\/wp\/v2\/pages"}],"about":[{"href":"https:\/\/portal.abepro.org.br\/enegep\/2025\/wp-json\/wp\/v2\/types\/page"}],"author":[{"embeddable":true,"href":"https:\/\/portal.abepro.org.br\/enegep\/2025\/wp-json\/wp\/v2\/users\/1"}],"replies":[{"embeddable":true,"href":"https:\/\/portal.abepro.org.br\/enegep\/2025\/wp-json\/wp\/v2\/comments?post=987"}],"version-history":[{"count":57,"href":"https:\/\/portal.abepro.org.br\/enegep\/2025\/wp-json\/wp\/v2\/pages\/987\/revisions"}],"predecessor-version":[{"id":4823,"href":"https:\/\/portal.abepro.org.br\/enegep\/2025\/wp-json\/wp\/v2\/pages\/987\/revisions\/4823"}],"wp:attachment":[{"href":"https:\/\/portal.abepro.org.br\/enegep\/2025\/wp-json\/wp\/v2\/media?parent=987"}],"curies":[{"name":"wp","href":"https:\/\/api.w.org\/{rel}","templated":true}]}}