{"id":3922,"date":"2024-08-19T16:15:37","date_gmt":"2024-08-19T19:15:37","guid":{"rendered":"https:\/\/portal.abepro.org.br\/enegep\/2026\/?page_id=3922"},"modified":"2026-03-25T10:33:58","modified_gmt":"2026-03-25T13:33:58","slug":"premiacao","status":"publish","type":"page","link":"https:\/\/portal.abepro.org.br\/enegep\/2026\/premiacao\/","title":{"rendered":"Pr\u00eamio ABEPRO"},"content":{"rendered":"\t\t<div data-elementor-type=\"wp-post\" data-elementor-id=\"3922\" class=\"elementor elementor-3922\" data-elementor-post-type=\"page\">\n\t\t\t\t\t\t<section class=\"elementor-section elementor-top-section elementor-element elementor-element-109efd59 elementor-section-boxed elementor-section-height-default elementor-section-height-default\" data-id=\"109efd59\" data-element_type=\"section\">\n\t\t\t\t\t\t<div class=\"elementor-container elementor-column-gap-default\">\n\t\t\t\t\t<div class=\"elementor-column elementor-col-100 elementor-top-column elementor-element elementor-element-1f11b9e5\" data-id=\"1f11b9e5\" data-element_type=\"column\">\n\t\t\t<div class=\"elementor-widget-wrap elementor-element-populated\">\n\t\t\t\t\t\t<div class=\"elementor-element elementor-element-a93dbc8 elementor-widget elementor-widget-image\" data-id=\"a93dbc8\" data-element_type=\"widget\" data-widget_type=\"image.default\">\n\t\t\t\t<div class=\"elementor-widget-container\">\n\t\t\t\t\t\t\t\t\t\t\t\t\t\t\t<img fetchpriority=\"high\" decoding=\"async\" width=\"800\" height=\"240\" src=\"https:\/\/portal.abepro.org.br\/enegep\/2026\/wp-content\/uploads\/2026\/03\/capa-forms-ABERGO-ABEPRO-11-1024x307.png\" class=\"attachment-large size-large wp-image-6725\" alt=\"\" srcset=\"https:\/\/portal.abepro.org.br\/enegep\/2026\/wp-content\/uploads\/2026\/03\/capa-forms-ABERGO-ABEPRO-11-1024x307.png 1024w, https:\/\/portal.abepro.org.br\/enegep\/2026\/wp-content\/uploads\/2026\/03\/capa-forms-ABERGO-ABEPRO-11-300x90.png 300w, https:\/\/portal.abepro.org.br\/enegep\/2026\/wp-content\/uploads\/2026\/03\/capa-forms-ABERGO-ABEPRO-11-768x230.png 768w, https:\/\/portal.abepro.org.br\/enegep\/2026\/wp-content\/uploads\/2026\/03\/capa-forms-ABERGO-ABEPRO-11-1536x461.png 1536w, https:\/\/portal.abepro.org.br\/enegep\/2026\/wp-content\/uploads\/2026\/03\/capa-forms-ABERGO-ABEPRO-11.png 2000w\" sizes=\"(max-width: 800px) 100vw, 800px\" \/>\t\t\t\t\t\t\t\t\t\t\t\t\t\t\t<\/div>\n\t\t\t\t<\/div>\n\t\t\t\t<div class=\"elementor-element elementor-element-e019384 elementor-widget elementor-widget-text-editor\" data-id=\"e019384\" data-element_type=\"widget\" data-widget_type=\"text-editor.default\">\n\t\t\t\t<div class=\"elementor-widget-container\">\n\t\t\t\t\t\t\t\t\t<p>A Associa\u00e7\u00e3o Brasileira de Engenharia de Produ\u00e7\u00e3o &#8211; ABEPRO, com base em decis\u00e3o tomada pela comiss\u00e3o organizadora do XLVI Encontro Nacional de Engenharia de Produ\u00e7\u00e3o \u2013 ENEGEP 2026, torna p\u00fablico o presente Edital e convida as Institui\u00e7\u00f5es de Ensino associadas \u00e0 ABEPRO a apresentarem indica\u00e7\u00f5es para a premia\u00e7\u00e3o de trabalhos cient\u00edficos, intitulada Pr\u00eamio ABEPRO, que em 2026 receber\u00e1 o nome de Pr\u00eamio ABEPRO &amp; Lean Way destinado a reconhecer os melhores trabalhos de estudantes em n\u00edvel de gradua\u00e7\u00e3o e p\u00f3s-gradua\u00e7\u00e3o, nos termos deste Edital:\u00a0<strong><a href=\"https:\/\/portal.abepro.org.br\/enegep\/2026\/wp-content\/uploads\/2026\/03\/ENEGEP-2026-Premio-ABEPRO-Edital-1.pdf\" target=\"_blank\" rel=\"noopener\">Clique aqui<\/a><\/strong>.\u00a0<\/p>\t\t\t\t\t\t\t\t<\/div>\n\t\t\t\t<\/div>\n\t\t\t\t<div class=\"elementor-element elementor-element-50fc4a3 elementor-widget-divider--view-line elementor-widget elementor-widget-divider\" data-id=\"50fc4a3\" data-element_type=\"widget\" data-widget_type=\"divider.default\">\n\t\t\t\t<div class=\"elementor-widget-container\">\n\t\t\t\t\t\t\t<div class=\"elementor-divider\">\n\t\t\t<span class=\"elementor-divider-separator\">\n\t\t\t\t\t\t<\/span>\n\t\t<\/div>\n\t\t\t\t\t\t<\/div>\n\t\t\t\t<\/div>\n\t\t\t\t<div class=\"elementor-element elementor-element-e7e5ed8 elementor-widget elementor-widget-heading\" data-id=\"e7e5ed8\" data-element_type=\"widget\" data-widget_type=\"heading.default\">\n\t\t\t\t<div class=\"elementor-widget-container\">\n\t\t\t\t\t<h3 class=\"elementor-heading-title elementor-size-default\"><b>1. Objetivo<\/b><\/h3>\t\t\t\t<\/div>\n\t\t\t\t<\/div>\n\t\t\t\t<div class=\"elementor-element elementor-element-f7ed0f6 elementor-widget elementor-widget-text-editor\" data-id=\"f7ed0f6\" data-element_type=\"widget\" data-widget_type=\"text-editor.default\">\n\t\t\t\t<div class=\"elementor-widget-container\">\n\t\t\t\t\t\t\t\t\t<p>Fornecer o reconhecimento institucional da ABEPRO ao melhor trabalho de estudantes de gradua\u00e7\u00e3o e p\u00f3s-gradua\u00e7\u00e3o nas modalidades:<br \/>1.1 Trabalho de Conclus\u00e3o de Curso (Pr\u00eamio Luiz Antonio Meirelles): Gradua\u00e7\u00e3o;<br \/>1.2 Disserta\u00e7\u00e3o de Mestrado Acad\u00eamico;<br \/>1.3 Disserta\u00e7\u00e3o Mestrado Profissional;<br \/>1.4 Tese Doutorado (Acad\u00eamico ou Profissional);<br \/>1.5\u00a0 Submiss\u00f5es ENEGEP \u2013 3 pr\u00eamios:<br \/>\u00a0 \u00a0 \u00a0 \u00a0 1.5.1\u00a0 Artigo de Sess\u00f5es Tem\u00e1ticas<br \/>\u00a0 \u00a0 \u00a0 \u00a0 1.5.2\u00a0 Artigo de Caso Empresarial<br \/>\u00a0 \u00a0 \u00a0 \u00a0 1.5.3\u00a0 Artigo do Workshop de P\u00f3s-Gradua\u00e7\u00e3o\u00a0<\/p>\t\t\t\t\t\t\t\t<\/div>\n\t\t\t\t<\/div>\n\t\t\t\t<div class=\"elementor-element elementor-element-a4fe1f8 elementor-widget elementor-widget-heading\" data-id=\"a4fe1f8\" data-element_type=\"widget\" data-widget_type=\"heading.default\">\n\t\t\t\t<div class=\"elementor-widget-container\">\n\t\t\t\t\t<h3 class=\"elementor-heading-title elementor-size-default\"><b>2. Propostas Eleg\u00edveis<\/b><\/h3>\t\t\t\t<\/div>\n\t\t\t\t<\/div>\n\t\t\t\t<div class=\"elementor-element elementor-element-9a0b710 elementor-widget elementor-widget-heading\" data-id=\"9a0b710\" data-element_type=\"widget\" data-widget_type=\"heading.default\">\n\t\t\t\t<div class=\"elementor-widget-container\">\n\t\t\t\t\t<h4 class=\"elementor-heading-title elementor-size-default\"><b>2.1 Trabalhos de Conclus\u00e3o de Curso, Disserta\u00e7\u00f5es e Teses<\/b><\/h4>\t\t\t\t<\/div>\n\t\t\t\t<\/div>\n\t\t\t\t<div class=\"elementor-element elementor-element-901e3b1 elementor-widget elementor-widget-text-editor\" data-id=\"901e3b1\" data-element_type=\"widget\" data-widget_type=\"text-editor.default\">\n\t\t\t\t<div class=\"elementor-widget-container\">\n\t\t\t\t\t\t\t\t\t<p>S\u00e3o consideradas eleg\u00edveis as indica\u00e7\u00f5es que possuam as seguintes caracter\u00edsticas:<\/p><ul><li>Trabalhos conclu\u00eddos nos anos de 2025 ou 2026 (primeiro semestre);<\/li><li>Representem o Curso de Gradua\u00e7\u00e3o ou P\u00f3s-Gradua\u00e7\u00e3o da institui\u00e7\u00e3o, participando com apenas um trabalho em cada categoria. A coordena\u00e7\u00e3o do curso dever\u00e1 encaminhar uma carta \u00e0 ABEPRO afirmando que aquele trabalho \u00e9 representante do curso para a Premia\u00e7\u00e3o ABEPRO naquela categoria. Os procedimentos de escolha dos trabalhos a serem indicados por cada curso s\u00e3o da responsabilidade de cada coordena\u00e7\u00e3o de curso e da institui\u00e7\u00e3o de Ensino;<\/li><li>A institui\u00e7\u00e3o ou o orientador deve ser associado \u00e0 ABEPRO, com sua anuidade referente ao ano de 2025 integralmente quitada at\u00e9 a data da submiss\u00e3o;<\/li><li>Os tr\u00eas finalistas de cada categoria dever\u00e3o se inscrever no ENEGEP 2025 e apresentar presencialmente, uma vers\u00e3o resumida em uma sess\u00e3o especial organizada e informada pela comiss\u00e3o do evento. A apresenta\u00e7\u00e3o ser\u00e1 realizada exclusivamente durante a sess\u00e3o especial, sem a necessidade de agendamento pr\u00e9vio pelo sistema da ABEPRO;<\/li><li>Comprovem a conclus\u00e3o por meio de documento expedido pelo departamento respons\u00e1vel pela Institui\u00e7\u00e3o de Ensino quando indicados aos Pr\u00eamios de melhor Trabalho de Conclus\u00e3o de Curso, melhor disserta\u00e7\u00e3o de Mestrado e melhor Tese de Doutorado;<\/li><li>Forem enviadas no prazo previsto por este Edital com a documenta\u00e7\u00e3o solicitada.<\/li><\/ul>\t\t\t\t\t\t\t\t<\/div>\n\t\t\t\t<\/div>\n\t\t\t\t<div class=\"elementor-element elementor-element-234e615 elementor-widget elementor-widget-heading\" data-id=\"234e615\" data-element_type=\"widget\" data-widget_type=\"heading.default\">\n\t\t\t\t<div class=\"elementor-widget-container\">\n\t\t\t\t\t<h4 class=\"elementor-heading-title elementor-size-default\"><b>2.2 Submiss\u00f5es do ENEGEP 2025<\/b><\/h4>\t\t\t\t<\/div>\n\t\t\t\t<\/div>\n\t\t\t\t<div class=\"elementor-element elementor-element-bbd9c81 elementor-widget elementor-widget-text-editor\" data-id=\"bbd9c81\" data-element_type=\"widget\" data-widget_type=\"text-editor.default\">\n\t\t\t\t<div class=\"elementor-widget-container\">\n\t\t\t\t\t\t\t\t\t<p>Nesta categoria, ser\u00e3o premiados o artigo de sess\u00e3o tem\u00e1tica, o caso empresarial e o artigo de p\u00f3s-gradua\u00e7\u00e3o que receberem a maior m\u00e9dia no processo de avalia\u00e7\u00e3o e que forem apresentados no evento.<\/p>\t\t\t\t\t\t\t\t<\/div>\n\t\t\t\t<\/div>\n\t\t\t\t<div class=\"elementor-element elementor-element-407b7aa elementor-widget elementor-widget-heading\" data-id=\"407b7aa\" data-element_type=\"widget\" data-widget_type=\"heading.default\">\n\t\t\t\t<div class=\"elementor-widget-container\">\n\t\t\t\t\t<h3 class=\"elementor-heading-title elementor-size-default\"><b>3. Propostas <\/b><\/h3>\t\t\t\t<\/div>\n\t\t\t\t<\/div>\n\t\t\t\t<div class=\"elementor-element elementor-element-03710d2 elementor-widget elementor-widget-text-editor\" data-id=\"03710d2\" data-element_type=\"widget\" data-widget_type=\"text-editor.default\">\n\t\t\t\t<div class=\"elementor-widget-container\">\n\t\t\t\t\t\t\t\t\t<p>3.1 Os trabalhos devem ser enviados na vers\u00e3o em que foram publicados, em formato .pdf;<\/p><p>3.2 As propostas devem ser enviadas via formul\u00e1rio espec\u00edfico, dispon\u00edvel em &#8211; <a href=\"https:\/\/docs.google.com\/forms\/d\/e\/1FAIpQLSfj3b4mf9qjXLvIsRC0S575wcEQNQENKCskzZofTNDMdWykPg\/viewform\" target=\"_blank\" rel=\"noopener\"><strong>clique aqui<\/strong><\/a>.<\/p><p>3.3 No caso do envio da indica\u00e7\u00e3o para mais de uma modalidade, a institui\u00e7\u00e3o de ensino dever\u00e1 preencher cada indica\u00e7\u00e3o separadamente.<\/p>\t\t\t\t\t\t\t\t<\/div>\n\t\t\t\t<\/div>\n\t\t\t\t<div class=\"elementor-element elementor-element-17e2370 elementor-widget elementor-widget-heading\" data-id=\"17e2370\" data-element_type=\"widget\" data-widget_type=\"heading.default\">\n\t\t\t\t<div class=\"elementor-widget-container\">\n\t\t\t\t\t<h3 class=\"elementor-heading-title elementor-size-default\"><b>4. Da Premia\u00e7\u00e3o <\/b><\/h3>\t\t\t\t<\/div>\n\t\t\t\t<\/div>\n\t\t\t\t<div class=\"elementor-element elementor-element-c97fabf elementor-widget elementor-widget-text-editor\" data-id=\"c97fabf\" data-element_type=\"widget\" data-widget_type=\"text-editor.default\">\n\t\t\t\t<div class=\"elementor-widget-container\">\n\t\t\t\t\t\t\t\t\t<p>4.1 Ser\u00e1 anunciado na Sess\u00e3o de Premia\u00e7\u00e3o e Encerramento no ENEGEP o(a) ganhador(a) de cada modalidade e concedido um trof\u00e9u e certificado;<\/p><p>4.2 O primeiro colocado de cada modalidade ter\u00e1 seu trabalho divulgado no site da Associa\u00e7\u00e3o Brasileira de Engenharia de Produ\u00e7\u00e3o e nas Redes Sociais da ABEPRO;<\/p><p>4.3 Ser\u00e3o concedidas men\u00e7\u00f5es honrosas aos tr\u00eas finalistas em cada categoria, contanto que os trabalhos sejam apresentados presencialmente na sess\u00e3o especial a ser realizada no ENEGEP 2026;<\/p><p>4.4 O Comit\u00ea de Avalia\u00e7\u00e3o pode decidir por n\u00e3o premiar nenhum trabalho em alguma das modalidades ou em todas elas.<\/p>\t\t\t\t\t\t\t\t<\/div>\n\t\t\t\t<\/div>\n\t\t\t\t<div class=\"elementor-element elementor-element-63ad8a7 elementor-widget elementor-widget-heading\" data-id=\"63ad8a7\" data-element_type=\"widget\" data-widget_type=\"heading.default\">\n\t\t\t\t<div class=\"elementor-widget-container\">\n\t\t\t\t\t<h3 class=\"elementor-heading-title elementor-size-default\"><b>5. Sele\u00e7\u00e3o e Julgamento <\/b><\/h3>\t\t\t\t<\/div>\n\t\t\t\t<\/div>\n\t\t\t\t<div class=\"elementor-element elementor-element-ed85fb9 elementor-widget elementor-widget-text-editor\" data-id=\"ed85fb9\" data-element_type=\"widget\" data-widget_type=\"text-editor.default\">\n\t\t\t\t<div class=\"elementor-widget-container\">\n\t\t\t\t\t\t\t\t\t<p>As propostas ser\u00e3o analisadas em tr\u00eas etapas:<\/p><p>5.1 Enquadramento: verifica se as propostas atendem aos termos do presente edital. Esta etapa \u00e9 eliminat\u00f3ria.<\/p><p>5.2 M\u00e9rito: o Comit\u00ea de Avalia\u00e7\u00e3o ser\u00e1 composto por avaliadores, os quais dever\u00e3o ser Professores Doutores de cursos de Gradua\u00e7\u00e3o e\/ou P\u00f3s-Gradua\u00e7\u00e3o. A sele\u00e7\u00e3o deste comit\u00ea \u00e9 de responsabilidade da Diretora Cient\u00edfica da ABEPRO que nomeia seu Presidente, seguindo o crit\u00e9rio de not\u00f3ria contribui\u00e7\u00e3o \u00e0 Engenharia de Produ\u00e7\u00e3o, respeitando o calend\u00e1rio que consta neste edital. Esse comit\u00ea avaliar\u00e1 cada uma das propostas com base no Formul\u00e1rio de Avalia\u00e7\u00e3o (Anexo I), de forma an\u00f4nima. Ser\u00e1 feita uma avalia\u00e7\u00e3o quantitativa, a qual originar\u00e1 uma m\u00e9dia, e uma avalia\u00e7\u00e3o qualitativa, a qual originar\u00e1 um conceito, variando entre A (fortemente indicado) at\u00e9 D (rejeitar). Ao Presidente da Comiss\u00e3o cabe o voto de Minerva, em caso de empate.<\/p><p>5.3 Homologa\u00e7\u00e3o: os trabalhos recomendados na etapa anterior ser\u00e3o homologados pela Diretora Cient\u00edfica da ABEPRO.<\/p>\t\t\t\t\t\t\t\t<\/div>\n\t\t\t\t<\/div>\n\t\t\t\t<div class=\"elementor-element elementor-element-129ce92 elementor-widget elementor-widget-heading\" data-id=\"129ce92\" data-element_type=\"widget\" data-widget_type=\"heading.default\">\n\t\t\t\t<div class=\"elementor-widget-container\">\n\t\t\t\t\t<h3 class=\"elementor-heading-title elementor-size-default\"><b>6. Dos Crit\u00e9rios<\/b><\/h3>\t\t\t\t<\/div>\n\t\t\t\t<\/div>\n\t\t\t\t<div class=\"elementor-element elementor-element-d96a303 elementor-widget elementor-widget-text-editor\" data-id=\"d96a303\" data-element_type=\"widget\" data-widget_type=\"text-editor.default\">\n\t\t\t\t<div class=\"elementor-widget-container\">\n\t\t\t\t\t\t\t\t\t<p>Os crit\u00e9rios aplicados na avalia\u00e7\u00e3o dos trabalhos s\u00e3o:<\/p><p>6.1 Qualidade t\u00e9cnica: originalidade; contribui\u00e7\u00e3o; relev\u00e2ncia; estrutura; reda\u00e7\u00e3o\/apresenta\u00e7\u00e3o;<\/p><p>6.2 Adequa\u00e7\u00e3o: t\u00edtulo; resumo; m\u00e9todo de pesquisa; resultados; an\u00e1lises\/conclus\u00f5es; cita\u00e7\u00f5es\/refer\u00eancias.<\/p>\t\t\t\t\t\t\t\t<\/div>\n\t\t\t\t<\/div>\n\t\t\t\t<div class=\"elementor-element elementor-element-8490872 elementor-widget elementor-widget-heading\" data-id=\"8490872\" data-element_type=\"widget\" data-widget_type=\"heading.default\">\n\t\t\t\t<div class=\"elementor-widget-container\">\n\t\t\t\t\t<h3 class=\"elementor-heading-title elementor-size-default\"><b>7. Divulga\u00e7\u00e3o dos Resultados<\/b><\/h3>\t\t\t\t<\/div>\n\t\t\t\t<\/div>\n\t\t\t\t<div class=\"elementor-element elementor-element-8ddce25 elementor-widget elementor-widget-text-editor\" data-id=\"8ddce25\" data-element_type=\"widget\" data-widget_type=\"text-editor.default\">\n\t\t\t\t<div class=\"elementor-widget-container\">\n\t\t\t\t\t\t\t\t\t<p>7.1 O resultado ser\u00e1 divulgado e publicado no site da ABEPRO, ap\u00f3s realiza\u00e7\u00e3o da Sess\u00e3o de Premia\u00e7\u00e3o no ENEGEP 2025;<\/p><p>7.2 Eventuais recursos poder\u00e3o ser interpostos junto ao Diretor Cient\u00edfico da ABEPRO no prazo de at\u00e9 cinco dias \u00fateis ap\u00f3s a publica\u00e7\u00e3o do resultado.<\/p>\t\t\t\t\t\t\t\t<\/div>\n\t\t\t\t<\/div>\n\t\t\t\t<div class=\"elementor-element elementor-element-5ebc09a elementor-widget elementor-widget-heading\" data-id=\"5ebc09a\" data-element_type=\"widget\" data-widget_type=\"heading.default\">\n\t\t\t\t<div class=\"elementor-widget-container\">\n\t\t\t\t\t<h3 class=\"elementor-heading-title elementor-size-default\"><b>8. Orienta\u00e7\u00f5es Gerais<\/b><\/h3>\t\t\t\t<\/div>\n\t\t\t\t<\/div>\n\t\t\t\t<div class=\"elementor-element elementor-element-78d196f elementor-widget elementor-widget-text-editor\" data-id=\"78d196f\" data-element_type=\"widget\" data-widget_type=\"text-editor.default\">\n\t\t\t\t<div class=\"elementor-widget-container\">\n\t\t\t\t\t\t\t\t\t<p>8.1 Este Edital se submete, no que couber, aos dispositivos legais e regulamentares vigentes, bem como a regulamenta\u00e7\u00f5es e normas da ABEPRO;<\/p><p>8.2 Os casos omissos ser\u00e3o analisados e deliberados pela Diretoria Executiva da ABEPRO;<\/p><p>8.3 A aus\u00eancia de quaisquer documentos e informa\u00e7\u00f5es exigidas pela ABEPRO, bem como o preenchimento incorreto dos dados solicitados, implicar\u00e1 na desqualifica\u00e7\u00e3o da indica\u00e7\u00e3o;<\/p><p>8.4 O nome dos pr\u00eamios, tais como premia\u00e7\u00f5es a serem entregues podem variar de acordo com parcerias de empresas patrocinadoras do ENEGEP 2025 que possam vir a surgir, at\u00e9 a presente data a empresa Lean Way Consulting j\u00e1 est\u00e1 confirmada.<\/p><p>8.5 Informa\u00e7\u00f5es complementares poder\u00e3o ser obtidas por meio de e-mail \u00e0 secretaria da ABEPRO.<\/p>\t\t\t\t\t\t\t\t<\/div>\n\t\t\t\t<\/div>\n\t\t\t\t<div class=\"elementor-element elementor-element-68bf070 elementor-widget elementor-widget-heading\" data-id=\"68bf070\" data-element_type=\"widget\" data-widget_type=\"heading.default\">\n\t\t\t\t<div class=\"elementor-widget-container\">\n\t\t\t\t\t<h3 class=\"elementor-heading-title elementor-size-default\"><b>9. Calend\u00e1rio<\/b><\/h3>\t\t\t\t<\/div>\n\t\t\t\t<\/div>\n\t\t\t\t<div class=\"elementor-element elementor-element-8df9eb7 elementor-widget elementor-widget-text-editor\" data-id=\"8df9eb7\" data-element_type=\"widget\" data-widget_type=\"text-editor.default\">\n\t\t\t\t<div class=\"elementor-widget-container\">\n\t\t\t\t\t\t\t\t\t<table width=\"396\"><tbody><tr><td width=\"163\"><p><strong>Data<\/strong><\/p><\/td><td width=\"233\"><p><strong>Descri\u00e7\u00e3o<\/strong><\/p><\/td><\/tr><tr><td width=\"163\"><p>06 de julho de 2026<\/p><\/td><td width=\"233\"><p>Encerramento do prazo de envio de indica\u00e7\u00f5es<\/p><\/td><\/tr><tr><td width=\"163\"><p>08 de julho de 2026<\/p><\/td><td width=\"233\"><p>An\u00e1lise documental e encaminhamento das propostas aos avaliadores<\/p><\/td><\/tr><tr><td width=\"163\"><p>20 de agosto de 2026\u00a0<\/p><\/td><td width=\"233\"><p>Divulga\u00e7\u00e3o dos resultados preliminares e das sess\u00f5es de apresenta\u00e7\u00e3o a serem realizadas no ENEGEP 2026.\u00a0<\/p><\/td><\/tr><\/tbody><\/table>\t\t\t\t\t\t\t\t<\/div>\n\t\t\t\t<\/div>\n\t\t\t\t<div class=\"elementor-element elementor-element-c94e6a1 elementor-widget elementor-widget-heading\" data-id=\"c94e6a1\" data-element_type=\"widget\" data-widget_type=\"heading.default\">\n\t\t\t\t<div class=\"elementor-widget-container\">\n\t\t\t\t\t<h3 class=\"elementor-heading-title elementor-size-default\"><b>10. Disposi\u00e7\u00f5es Gerais<\/b><\/h3>\t\t\t\t<\/div>\n\t\t\t\t<\/div>\n\t\t\t\t<div class=\"elementor-element elementor-element-72935e4 elementor-widget elementor-widget-text-editor\" data-id=\"72935e4\" data-element_type=\"widget\" data-widget_type=\"text-editor.default\">\n\t\t\t\t<div class=\"elementor-widget-container\">\n\t\t\t\t\t\t\t\t\t<p>10.1 Os resultados dos recursos, previstos no subitem 7.2, ser\u00e3o comunicados por escrito aos recorrentes;<\/p><p>10.2 A exist\u00eancia de eventuais recursos impedir\u00e1 o andamento normal de todas as demais a\u00e7\u00f5es e procedimentos previstos para este Edital;<\/p><p>10.3 A qualquer tempo, o presente Edital poder\u00e1 ser revogado ou anulado, no todo ou em parte, seja por decis\u00e3o unilateral da ABEPRO, seja por motivo de interesse da comunidade de Engenharia de Produ\u00e7\u00e3o ou exig\u00eancia legal, sem que isso implique direito \u00e0 indeniza\u00e7\u00e3o ou reclama\u00e7\u00e3o de qualquer natureza.<\/p><p><br \/>S\u00e3o Jos\u00e9 dos Campos, 24 de mar\u00e7o de 2026.<\/p><table width=\"100%\"><tbody><tr><td><p><strong>Liane M\u00e4hlmann Kipper<\/strong><br \/>Diretor Cient\u00edfico<\/p><\/td><\/tr><\/tbody><\/table><table width=\"100%\"><tbody><tr><td><p><strong>Carlos Eduardo Sanches da Silva<\/strong><\/p><p>Presidente<\/p><\/td><\/tr><\/tbody><\/table>\t\t\t\t\t\t\t\t<\/div>\n\t\t\t\t<\/div>\n\t\t\t\t<div class=\"elementor-element elementor-element-45a4815 elementor-widget elementor-widget-text-editor\" data-id=\"45a4815\" data-element_type=\"widget\" data-widget_type=\"text-editor.default\">\n\t\t\t\t<div class=\"elementor-widget-container\">\n\t\t\t\t\t\t\t\t\t<p data-start=\"75\" data-end=\"107\">\ud83d\udccc <strong data-start=\"78\" data-end=\"105\">Informa\u00e7\u00f5es Importantes<\/strong><\/p><ul data-start=\"109\" data-end=\"492\"><li data-start=\"109\" data-end=\"201\"><p data-start=\"111\" data-end=\"201\">Os <strong data-start=\"114\" data-end=\"138\">trabalhos finalistas<\/strong> dever\u00e3o ser apresentados <strong data-start=\"164\" data-end=\"198\">apenas na Sess\u00e3o de Finalistas<\/strong>.<\/p><\/li><li data-start=\"202\" data-end=\"261\"><p data-start=\"204\" data-end=\"261\">O <strong data-start=\"206\" data-end=\"238\">tempo m\u00e1ximo de apresenta\u00e7\u00e3o<\/strong> \u00e9 de <strong data-start=\"244\" data-end=\"258\">15 minutos<\/strong>.<\/p><\/li><li data-start=\"262\" data-end=\"350\"><p data-start=\"264\" data-end=\"350\">O <strong data-start=\"266\" data-end=\"301\">template oficial do ENEGEP 2026<\/strong> deve ser utilizado e ser\u00e1 disponibilizado.\u00a0<\/p><\/li><li data-start=\"351\" data-end=\"492\"><p data-start=\"353\" data-end=\"492\">A apresenta\u00e7\u00e3o deve ser enviada <strong data-start=\"385\" data-end=\"418\">exclusivamente em formato PDF<\/strong>, por meio do <strong data-start=\"432\" data-end=\"463\">Media Desk online do evento<\/strong>.\u00a0<\/p><\/li><\/ul>\t\t\t\t\t\t\t\t<\/div>\n\t\t\t\t<\/div>\n\t\t\t\t\t<\/div>\n\t\t<\/div>\n\t\t\t\t\t<\/div>\n\t\t<\/section>\n\t\t\t\t<\/div>\n\t\t","protected":false},"excerpt":{"rendered":"<p>A Associa\u00e7\u00e3o Brasileira de Engenharia de Produ\u00e7\u00e3o &#8211; ABEPRO, com base em decis\u00e3o tomada pela comiss\u00e3o organizadora do XLVI Encontro Nacional de Engenharia de Produ\u00e7\u00e3o \u2013 ENEGEP 2026, torna p\u00fablico o presente Edital e convida as Institui\u00e7\u00f5es de Ensino associadas \u00e0 ABEPRO a apresentarem indica\u00e7\u00f5es para a premia\u00e7\u00e3o de trabalhos cient\u00edficos, intitulada Pr\u00eamio ABEPRO, que [&hellip;]<\/p>\n","protected":false},"author":1,"featured_media":0,"parent":0,"menu_order":0,"comment_status":"closed","ping_status":"closed","template":"","meta":{"footnotes":""},"class_list":["post-3922","page","type-page","status-publish","hentry"],"_links":{"self":[{"href":"https:\/\/portal.abepro.org.br\/enegep\/2026\/wp-json\/wp\/v2\/pages\/3922","targetHints":{"allow":["GET"]}}],"collection":[{"href":"https:\/\/portal.abepro.org.br\/enegep\/2026\/wp-json\/wp\/v2\/pages"}],"about":[{"href":"https:\/\/portal.abepro.org.br\/enegep\/2026\/wp-json\/wp\/v2\/types\/page"}],"author":[{"embeddable":true,"href":"https:\/\/portal.abepro.org.br\/enegep\/2026\/wp-json\/wp\/v2\/users\/1"}],"replies":[{"embeddable":true,"href":"https:\/\/portal.abepro.org.br\/enegep\/2026\/wp-json\/wp\/v2\/comments?post=3922"}],"version-history":[{"count":87,"href":"https:\/\/portal.abepro.org.br\/enegep\/2026\/wp-json\/wp\/v2\/pages\/3922\/revisions"}],"predecessor-version":[{"id":6731,"href":"https:\/\/portal.abepro.org.br\/enegep\/2026\/wp-json\/wp\/v2\/pages\/3922\/revisions\/6731"}],"wp:attachment":[{"href":"https:\/\/portal.abepro.org.br\/enegep\/2026\/wp-json\/wp\/v2\/media?parent=3922"}],"curies":[{"name":"wp","href":"https:\/\/api.w.org\/{rel}","templated":true}]}}