{"id":5082,"date":"2025-04-16T09:57:59","date_gmt":"2025-04-16T12:57:59","guid":{"rendered":"https:\/\/portal.abepro.org.br\/enegep\/2026\/?page_id=5082"},"modified":"2026-03-09T14:35:35","modified_gmt":"2026-03-09T17:35:35","slug":"temas-especiais-em-engenharia-de-producao","status":"publish","type":"page","link":"https:\/\/portal.abepro.org.br\/enegep\/2026\/temas-especiais-em-engenharia-de-producao\/","title":{"rendered":"Temas Especiais em Engenharia de Produ\u00e7\u00e3o"},"content":{"rendered":"\t\t<div data-elementor-type=\"wp-page\" data-elementor-id=\"5082\" class=\"elementor elementor-5082\" data-elementor-post-type=\"page\">\n\t\t\t\t\t\t<section class=\"elementor-section elementor-top-section elementor-element elementor-element-8add681 elementor-section-boxed elementor-section-height-default elementor-section-height-default\" data-id=\"8add681\" data-element_type=\"section\">\n\t\t\t\t\t\t<div class=\"elementor-container elementor-column-gap-default\">\n\t\t\t\t\t<div class=\"elementor-column elementor-col-100 elementor-top-column elementor-element elementor-element-eee96dd\" data-id=\"eee96dd\" data-element_type=\"column\">\n\t\t\t<div class=\"elementor-widget-wrap elementor-element-populated\">\n\t\t\t\t\t\t<div class=\"elementor-element elementor-element-36e81d5 elementor-widget elementor-widget-text-editor\" data-id=\"36e81d5\" data-element_type=\"widget\" data-widget_type=\"text-editor.default\">\n\t\t\t\t<div class=\"elementor-widget-container\">\n\t\t\t\t\t\t\t\t\t<p><b>Edital de Chamada para Sess\u00f5es Especiais (Sub\u00e1reas Adicionais)<\/b><\/p><p><span style=\"font-weight: 400;\">A <\/span><b>Associa\u00e7\u00e3o Brasileira de Engenharia de Produ\u00e7\u00e3o (ABEPRO)<\/b><span style=\"font-weight: 400;\">, por meio de sua Diretoria Executiva, torna p\u00fablica a chamada para submiss\u00e3o de propostas de <\/span><b>Sess\u00f5es Especiais<\/b><span style=\"font-weight: 400;\"> para a edi\u00e7\u00e3o de 2026 do ENEGEP.<\/span><\/p><p><span style=\"font-weight: 400;\">As Sess\u00f5es Especiais visam identificar, fomentar e consolidar temas emergentes, permitindo uma din\u00e2mica de atualiza\u00e7\u00e3o constante do congresso frente \u00e0s transforma\u00e7\u00f5es tecnol\u00f3gicas, sociais e econ\u00f4micas.<\/span><\/p><p data-start=\"126\" data-end=\"390\">Esta \u00e9 uma excelente oportunidade para reunir a comunidade acad\u00eamica e profissional da Engenharia de Produ\u00e7\u00e3o, incentivando a troca de experi\u00eancias, o aprofundamento das aplica\u00e7\u00f5es pr\u00e1ticas e a reflex\u00e3o conjunta sobre os caminhos futuros das tem\u00e1ticas abordadas.<\/p><p data-start=\"392\" data-end=\"539\">Convidamos voc\u00ea a fazer parte dessa constru\u00e7\u00e3o coletiva de conhecimento. Sua participa\u00e7\u00e3o \u00e9 fundamental para o fortalecimento e o avan\u00e7o da \u00e1rea.<\/p><ul style=\"font-size: 16px; background-color: #ffffff;\"><li style=\"font-size: 16px;\" aria-level=\"1\"><span style=\"font-weight: bold;\">Submiss\u00e3o de Propostas de Temas:<\/span>\u00a0At\u00e9 25 de fevereiro de 2026.<\/li><li style=\"font-size: 16px;\" aria-level=\"1\"><span style=\"font-weight: bold;\">Divulga\u00e7\u00e3o dos Temas Aprovados pela Diretoria:<\/span>\u00a002 de mar\u00e7o de 2026.<\/li><li style=\"font-size: 16px;\" aria-level=\"1\"><span style=\"font-weight: bold;\">Abertura de Submiss\u00e3o para Autores:<\/span> 09 de mar\u00e7o de 2026.<\/li><\/ul><p data-start=\"541\" data-end=\"737\">\ud83d\udd17<a href=\"https:\/\/portal.abepro.org.br\/enegep\/2026\/wp-content\/uploads\/2026\/02\/ENEGEP-2026-Edital-de-Chamada-de-Temas-Especiais-1.pdf\" target=\"_new\" rel=\"noopener\" data-start=\"651\" data-end=\"737\">Edital: clique aqui<\/a><\/p><p><i>\u00a0<\/i><\/p>\t\t\t\t\t\t\t\t<\/div>\n\t\t\t\t<\/div>\n\t\t\t\t<div class=\"elementor-element elementor-element-9d1eb32 elementor-align-justify elementor-widget elementor-widget-button\" data-id=\"9d1eb32\" data-element_type=\"widget\" data-widget_type=\"button.default\">\n\t\t\t\t<div class=\"elementor-widget-container\">\n\t\t\t\t\t\t\t\t\t<div class=\"elementor-button-wrapper\">\n\t\t\t\t\t<a class=\"elementor-button elementor-button-link elementor-size-sm\" href=\"https:\/\/abepro.org.br\/novo_sgai\/\">\n\t\t\t\t\t\t<span class=\"elementor-button-content-wrapper\">\n\t\t\t\t\t\t\t\t\t<span class=\"elementor-button-text\">Submiss\u00e3o - clique aqui<\/span>\n\t\t\t\t\t<\/span>\n\t\t\t\t\t<\/a>\n\t\t\t\t<\/div>\n\t\t\t\t\t\t\t\t<\/div>\n\t\t\t\t<\/div>\n\t\t\t\t<div class=\"elementor-element elementor-element-381d11e elementor-widget-divider--view-line elementor-widget elementor-widget-divider\" data-id=\"381d11e\" data-element_type=\"widget\" data-widget_type=\"divider.default\">\n\t\t\t\t<div class=\"elementor-widget-container\">\n\t\t\t\t\t\t\t<div class=\"elementor-divider\">\n\t\t\t<span class=\"elementor-divider-separator\">\n\t\t\t\t\t\t<\/span>\n\t\t<\/div>\n\t\t\t\t\t\t<\/div>\n\t\t\t\t<\/div>\n\t\t\t\t<div class=\"elementor-element elementor-element-c32cfaa elementor-widget elementor-widget-heading\" data-id=\"c32cfaa\" data-element_type=\"widget\" data-widget_type=\"heading.default\">\n\t\t\t\t<div class=\"elementor-widget-container\">\n\t\t\t\t\t<h3 class=\"elementor-heading-title elementor-size-default\">ENEGEP 2026 - Propostas aprovadas para as Sess\u00f5es Especiais <\/h3>\t\t\t\t<\/div>\n\t\t\t\t<\/div>\n\t\t\t\t\t<\/div>\n\t\t<\/div>\n\t\t\t\t\t<\/div>\n\t\t<\/section>\n\t\t\t\t<section class=\"elementor-section elementor-top-section elementor-element elementor-element-edccc82 elementor-section-boxed elementor-section-height-default elementor-section-height-default\" data-id=\"edccc82\" data-element_type=\"section\">\n\t\t\t\t\t\t<div class=\"elementor-container elementor-column-gap-default\">\n\t\t\t\t\t<div class=\"elementor-column elementor-col-100 elementor-top-column elementor-element elementor-element-4e16583\" data-id=\"4e16583\" data-element_type=\"column\">\n\t\t\t<div class=\"elementor-widget-wrap elementor-element-populated\">\n\t\t\t\t\t\t<div class=\"elementor-element elementor-element-d37e675 elementor-widget elementor-widget-toggle\" data-id=\"d37e675\" data-element_type=\"widget\" data-widget_type=\"toggle.default\">\n\t\t\t\t<div class=\"elementor-widget-container\">\n\t\t\t\t\t\t\t<div class=\"elementor-toggle\">\n\t\t\t\t\t\t\t<div class=\"elementor-toggle-item\">\n\t\t\t\t\t<div id=\"elementor-tab-title-2211\" class=\"elementor-tab-title\" data-tab=\"1\" role=\"button\" aria-controls=\"elementor-tab-content-2211\" aria-expanded=\"false\">\n\t\t\t\t\t\t\t\t\t\t\t\t<span class=\"elementor-toggle-icon elementor-toggle-icon-left\" aria-hidden=\"true\">\n\t\t\t\t\t\t\t\t\t\t\t\t\t\t\t<span class=\"elementor-toggle-icon-closed\"><i class=\"fas fa-caret-right\"><\/i><\/span>\n\t\t\t\t\t\t\t\t<span class=\"elementor-toggle-icon-opened\"><i class=\"elementor-toggle-icon-opened fas fa-caret-up\"><\/i><\/span>\n\t\t\t\t\t\t\t\t\t\t\t\t\t<\/span>\n\t\t\t\t\t\t\t\t\t\t\t\t<a class=\"elementor-toggle-title\" tabindex=\"0\">Ambientes Promotores de Inova\u00e7\u00e3o<\/a>\n\t\t\t\t\t<\/div>\n\n\t\t\t\t\t<div id=\"elementor-tab-content-2211\" class=\"elementor-tab-content elementor-clearfix\" data-tab=\"1\" role=\"region\" aria-labelledby=\"elementor-tab-title-2211\"><p class=\"_aupe copyable-text x15bjb6t x1n2onr6\"><span class=\"_aupe copyable-text xkrh14z\"><strong>Coordenador(a):<\/strong> M\u00e1rio S\u00e9rgio Salerno (POLI\/USP)<\/span><\/p><p class=\"_aupe copyable-text x15bjb6t x1n2onr6\"><span class=\"_aupe copyable-text xkrh14z\"><strong>Vice-Coordenador(a):<\/strong> Raoni Barros Bagno(EE\/UFMG), Wesley Canedo de Souza Jr (IMD\/UFRN)<\/span><\/p><p class=\"_aupe copyable-text x15bjb6t x1n2onr6\"><strong><span class=\"_aupe copyable-text xkrh14z\">Comit\u00ea Cient\u00edfico Ad Hoc:<\/span><\/strong><\/p><p class=\"_aupe copyable-text x15bjb6t x1n2onr6\"><span class=\"_aupe copyable-text xkrh14z\">Adriana Ferreira de Faria (UFV)\u00a0<\/span><\/p><p class=\"_aupe copyable-text x15bjb6t x1n2onr6\"><span class=\"_aupe copyable-text xkrh14z\">Andre Luis Silva (UFOP)\u00a0<\/span><\/p><p class=\"_aupe copyable-text x15bjb6t x1n2onr6\"><span class=\"_aupe copyable-text xkrh14z\">H\u00e9lio Henrique de Matos (Protiviti)\u00a0\u00a0<\/span><\/p><p class=\"_aupe copyable-text x15bjb6t x1n2onr6\"><span class=\"_aupe copyable-text xkrh14z\">Hugo Jos\u00e9 Ribeiro J\u00fanior (UNIFEI)\u00a0\u00a0<\/span><\/p><p class=\"_aupe copyable-text x15bjb6t x1n2onr6\"><span class=\"_aupe copyable-text xkrh14z\">Kelly C. Vieira (PUC-MG)<\/span><\/p><p class=\"_aupe copyable-text x15bjb6t x1n2onr6\"><span class=\"_aupe copyable-text xkrh14z\">Leydiana de S. Pereira (UFMG)\u00a0<\/span><\/p><p class=\"_aupe copyable-text x15bjb6t x1n2onr6\"><span class=\"_aupe copyable-text xkrh14z\">Marina B. C. Barroso (LabMIn)<\/span><\/p><p class=\"_aupe copyable-text x15bjb6t x1n2onr6\"><span class=\"_aupe copyable-text xkrh14z\">Marina Carelli Reis (BHTEC)<\/span><\/p><p class=\"_aupe copyable-text x15bjb6t x1n2onr6\"><span class=\"_aupe copyable-text xkrh14z\">Rui Fernando Correia Ferreira (UFRN)<\/span><\/p><p class=\"_aupe copyable-text x15bjb6t x1n2onr6\"><span class=\"_aupe copyable-text xkrh14z\">Ya Grossi Andrade (UFOP)<\/span><\/p><\/div>\n\t\t\t\t<\/div>\n\t\t\t\t\t\t\t<div class=\"elementor-toggle-item\">\n\t\t\t\t\t<div id=\"elementor-tab-title-2212\" class=\"elementor-tab-title\" data-tab=\"2\" role=\"button\" aria-controls=\"elementor-tab-content-2212\" aria-expanded=\"false\">\n\t\t\t\t\t\t\t\t\t\t\t\t<span class=\"elementor-toggle-icon elementor-toggle-icon-left\" aria-hidden=\"true\">\n\t\t\t\t\t\t\t\t\t\t\t\t\t\t\t<span class=\"elementor-toggle-icon-closed\"><i class=\"fas fa-caret-right\"><\/i><\/span>\n\t\t\t\t\t\t\t\t<span class=\"elementor-toggle-icon-opened\"><i class=\"elementor-toggle-icon-opened fas fa-caret-up\"><\/i><\/span>\n\t\t\t\t\t\t\t\t\t\t\t\t\t<\/span>\n\t\t\t\t\t\t\t\t\t\t\t\t<a class=\"elementor-toggle-title\" tabindex=\"0\">Ecossistemas de neg\u00f3cios circulares e inclus\u00e3o social<\/a>\n\t\t\t\t\t<\/div>\n\n\t\t\t\t\t<div id=\"elementor-tab-content-2212\" class=\"elementor-tab-content elementor-clearfix\" data-tab=\"2\" role=\"region\" aria-labelledby=\"elementor-tab-title-2212\"><p class=\"_aupe copyable-text x15bjb6t x1n2onr6\"><span class=\"_aupe copyable-text xkrh14z\"><strong>Coordenador(a):<\/strong> Roberta de Castro Souza Pi\u00e3o (Poli\/USP)\u00a0<\/span><\/p><p class=\"_aupe copyable-text x15bjb6t x1n2onr6\"><span class=\"_aupe copyable-text xkrh14z\"><strong>Vice-Coordenador(a):<\/strong> Sandra Morioka (UFPB)<\/span><\/p><p class=\"_aupe copyable-text x15bjb6t x1n2onr6\"><strong><span class=\"_aupe copyable-text xkrh14z\">Comit\u00ea Cient\u00edfico Ad Hoc:<\/span><\/strong><\/p><p>Aline Veronese da Silva<br \/>Ana Paula Franco Paes Leme Barbosa <br \/>Elvia Florencio Torres Ximenes<br \/>Thayla Tavares de Sousa Zomer<br \/>Tiago Fonseca A. Cavalcanti Sigahi<\/p><\/div>\n\t\t\t\t<\/div>\n\t\t\t\t\t\t\t<div class=\"elementor-toggle-item\">\n\t\t\t\t\t<div id=\"elementor-tab-title-2213\" class=\"elementor-tab-title\" data-tab=\"3\" role=\"button\" aria-controls=\"elementor-tab-content-2213\" aria-expanded=\"false\">\n\t\t\t\t\t\t\t\t\t\t\t\t<span class=\"elementor-toggle-icon elementor-toggle-icon-left\" aria-hidden=\"true\">\n\t\t\t\t\t\t\t\t\t\t\t\t\t\t\t<span class=\"elementor-toggle-icon-closed\"><i class=\"fas fa-caret-right\"><\/i><\/span>\n\t\t\t\t\t\t\t\t<span class=\"elementor-toggle-icon-opened\"><i class=\"elementor-toggle-icon-opened fas fa-caret-up\"><\/i><\/span>\n\t\t\t\t\t\t\t\t\t\t\t\t\t<\/span>\n\t\t\t\t\t\t\t\t\t\t\t\t<a class=\"elementor-toggle-title\" tabindex=\"0\">Engenharia e Gest\u00e3o de Servi\u00e7os 4.0 e 5.0: Excel\u00eancia Operacional e Qualidade em Servi\u00e7os Inteligentes<\/a>\n\t\t\t\t\t<\/div>\n\n\t\t\t\t\t<div id=\"elementor-tab-content-2213\" class=\"elementor-tab-content elementor-clearfix\" data-tab=\"3\" role=\"region\" aria-labelledby=\"elementor-tab-title-2213\"><p class=\"_aupe copyable-text x15bjb6t x1n2onr6\"><span class=\"_aupe copyable-text xkrh14z\"><strong>Coordenador(a):<\/strong> Andrei Bonamigo (UFSC)<\/span><\/p><p class=\"_aupe copyable-text x15bjb6t x1n2onr6\"><span class=\"_aupe copyable-text xkrh14z\"><strong>Vice-Coordenador(a):<\/strong> Fabiane Let\u00edcia Lizarelli (UFSCar)<\/span><\/p><p class=\"_aupe copyable-text x15bjb6t x1n2onr6\"><strong><span class=\"_aupe copyable-text xkrh14z\">Comit\u00ea Cient\u00edfico Ad Hoc:<\/span><\/strong><\/p><p>Profa. Dra. Maria Tinoco (UFRGS)<br \/>Profa. Dra. Ligia Lobo Mesquita (UFPB)<br \/>Profa. Dra. Luciana Torres Correia de Mello (UFERSA)<br \/>Prof. Dr. Steffan Macali Werner (UNOESC)<br \/>Prof. Dr. Glauco Mendes (UFSCAR)<br \/>Prof. Dr. Henrique Martins Rocha (UFF e UERJ)<\/p><\/div>\n\t\t\t\t<\/div>\n\t\t\t\t\t\t\t<div class=\"elementor-toggle-item\">\n\t\t\t\t\t<div id=\"elementor-tab-title-2214\" class=\"elementor-tab-title\" data-tab=\"4\" role=\"button\" aria-controls=\"elementor-tab-content-2214\" aria-expanded=\"false\">\n\t\t\t\t\t\t\t\t\t\t\t\t<span class=\"elementor-toggle-icon elementor-toggle-icon-left\" aria-hidden=\"true\">\n\t\t\t\t\t\t\t\t\t\t\t\t\t\t\t<span class=\"elementor-toggle-icon-closed\"><i class=\"fas fa-caret-right\"><\/i><\/span>\n\t\t\t\t\t\t\t\t<span class=\"elementor-toggle-icon-opened\"><i class=\"elementor-toggle-icon-opened fas fa-caret-up\"><\/i><\/span>\n\t\t\t\t\t\t\t\t\t\t\t\t\t<\/span>\n\t\t\t\t\t\t\t\t\t\t\t\t<a class=\"elementor-toggle-title\" tabindex=\"0\">Ensino de EP com o uso da Intelig\u00eancia Artificial<\/a>\n\t\t\t\t\t<\/div>\n\n\t\t\t\t\t<div id=\"elementor-tab-content-2214\" class=\"elementor-tab-content elementor-clearfix\" data-tab=\"4\" role=\"region\" aria-labelledby=\"elementor-tab-title-2214\"><p class=\"_aupe copyable-text x15bjb6t x1n2onr6\"><strong><span class=\"_aupe copyable-text xkrh14z\">Coordenador(a): <\/span><\/strong><span class=\"_aupe copyable-text xkrh14z\">Renato de Oliveira Moraes (POLI\/USP)<\/span><\/p><p class=\"_aupe copyable-text x15bjb6t x1n2onr6\"><span class=\"_aupe copyable-text xkrh14z\"><strong>Vice-Coordenador(a):<\/strong> Rodrigo Cutri (Funda\u00e7\u00e3o Santo Andr\u00e9)<\/span><\/p><p class=\"_aupe copyable-text x15bjb6t x1n2onr6\"><strong><span class=\"_aupe copyable-text xkrh14z\">Comit\u00ea Cient\u00edfico Ad Hoc:<br \/><\/span><\/strong><span class=\"_aupe copyable-text xkrh14z\">Alonso Toro Lazo (Universidade Cat\u00f3lica de Pereira (Col\u00f4mbia))<\/span><span class=\"_aupe copyable-text xkrh14z\"><br \/>Ana Paula Paes Leme Barbosa (Escola Polit\u00e9cnica da USP)<br \/>Andr\u00e9 Luis Helleno (Universidade Presbiteriana Mackenzie)<br \/>Carlos Eduardo Sanches da Silva (Universidade Federal de Itajub\u00e1)<br \/>Catalina Ramirez Aristizabal (Universidade Cat\u00f3lica de Pereira (Col\u00f4mbia))<br \/>Cesar Alexandre de Souza (Faculdade de Economia, Administra\u00e7\u00e3o e<br \/>Contabilidade da USP (FEA-USP))<br \/>Cl\u00e1udia Aparecida de Mattos (Centro Universit\u00e1rio FEI)<br \/>Cl\u00e1udio Lu\u00eds Cruz de Oliveira (Escola Superior de Propaganda e Marketing)<br \/>Dario Henrique Alliprandini (Universidade Federal de S\u00e3o Carlos)<br \/>Jose Enrique Louffat Olivares (Universidad ESAN (Peru))<br \/>Juan Carlos Bland\u00f3n (Universidade Cat\u00f3lica de Pereira (Col\u00f4mbia))<br \/>Lia de Mendon\u00e7a Porto (Universidade Federal de Outro Preto)<br \/>Luciano Costa Santos (Universidade Federal da Para\u00edba)<br \/>Manuel Antonio Molina Palma (Universidade Estadual do Norte Fluminense)<br \/>Darcy Ribeiro (UENF)<br \/>Marcelo Nunes Fonseca (Universidade Presbiteriana Mackenzie)<br \/>Marco Aur\u00e9lio de Mesquita (Escola Polit\u00e9cnica da USP)<br \/>Rafael Garcia Barbastefano (Centro Federal de Educa\u00e7\u00e3o Tecnol\u00f3gica Celso Suckow da Fonseca (CEFET\/RJ).)<br \/>Rayra Brand\u00e3o de Lima (Universidade Federal Rural do Amazonas)<br \/>Regis Pasini (Funda\u00e7\u00e3o Santo Andr\u00e9)<br \/>Roberto Antonio Martins (Universidade Federal de S\u00e3o Carlos)<br \/>Salli Baggenstoss (Universidade do Estado de Mato Grosso)<br \/>Vanderli Correia (Universidade Federal de Juiz de Fora)<br \/>Veridiana Rotondaro Pereira (Universidade Presbiteriana Mackenzie)<br \/>Veronica de M. Nascimento Nagata (Universidade do Estado do Par\u00e1)<br \/><\/span><span class=\"_aupe copyable-text xkrh14z\">Vitor William Batista Martins (Universidade do Estado do Par\u00e1)<\/span><\/p><\/div>\n\t\t\t\t<\/div>\n\t\t\t\t\t\t\t<div class=\"elementor-toggle-item\">\n\t\t\t\t\t<div id=\"elementor-tab-title-2215\" class=\"elementor-tab-title\" data-tab=\"5\" role=\"button\" aria-controls=\"elementor-tab-content-2215\" aria-expanded=\"false\">\n\t\t\t\t\t\t\t\t\t\t\t\t<span class=\"elementor-toggle-icon elementor-toggle-icon-left\" aria-hidden=\"true\">\n\t\t\t\t\t\t\t\t\t\t\t\t\t\t\t<span class=\"elementor-toggle-icon-closed\"><i class=\"fas fa-caret-right\"><\/i><\/span>\n\t\t\t\t\t\t\t\t<span class=\"elementor-toggle-icon-opened\"><i class=\"elementor-toggle-icon-opened fas fa-caret-up\"><\/i><\/span>\n\t\t\t\t\t\t\t\t\t\t\t\t\t<\/span>\n\t\t\t\t\t\t\t\t\t\t\t\t<a class=\"elementor-toggle-title\" tabindex=\"0\">Log\u00edstica Mar\u00edtima e Opera\u00e7\u00f5es Portu\u00e1rias: Modelagem, Sustentabilidade e Transforma\u00e7\u00e3o Digital<\/a>\n\t\t\t\t\t<\/div>\n\n\t\t\t\t\t<div id=\"elementor-tab-content-2215\" class=\"elementor-tab-content elementor-clearfix\" data-tab=\"5\" role=\"region\" aria-labelledby=\"elementor-tab-title-2215\"><p class=\"_aupe copyable-text x15bjb6t x1n2onr6\"><strong><span class=\"_aupe copyable-text xkrh14z\">Coordenador(a): <\/span><\/strong><span class=\"_aupe copyable-text xkrh14z\">Vanina Macowski Durski Silva (UFSC)<\/span><\/p><p class=\"_aupe copyable-text x15bjb6t x1n2onr6\"><strong><span class=\"_aupe copyable-text xkrh14z\">Vice-Coordenador(a): <\/span><\/strong><span class=\"_aupe copyable-text xkrh14z\">Kassia Tonheiro Rodrigues (UFMS)<\/span><\/p><p class=\"_aupe copyable-text x15bjb6t x1n2onr6\"><strong><span class=\"_aupe copyable-text xkrh14z\">Comit\u00ea Cient\u00edfico Ad Hoc:<\/span><\/strong><\/p><p>Prof. Dr. Eng. \u2013 Gustavo Adolfo Alves da Costa (USP)<br \/>Prof. Dr. Francisco Gildemir Ferreira da Silva \u2013 Universidade Federal do<br \/>Cear\u00e1 (UFC)<br \/>Prof. Dra. \u2013 Renata Cavion &#8211; Universidade Federal de Santa Catarina<br \/>(UFSC)<br \/>Prof. Dra. Camila Avosani Zago \u2013 Universidade Federal do Rio de Janeiro<br \/>(UFRJ)<br \/>Prof. Dr. Eng. Evandro Eduardo Broday \u2013 Universidade Tecnol\u00f3gica<br \/>Federal do Paran\u00e1 (UTFPR)<\/p><\/div>\n\t\t\t\t<\/div>\n\t\t\t\t\t\t\t<div class=\"elementor-toggle-item\">\n\t\t\t\t\t<div id=\"elementor-tab-title-2216\" class=\"elementor-tab-title\" data-tab=\"6\" role=\"button\" aria-controls=\"elementor-tab-content-2216\" aria-expanded=\"false\">\n\t\t\t\t\t\t\t\t\t\t\t\t<span class=\"elementor-toggle-icon elementor-toggle-icon-left\" aria-hidden=\"true\">\n\t\t\t\t\t\t\t\t\t\t\t\t\t\t\t<span class=\"elementor-toggle-icon-closed\"><i class=\"fas fa-caret-right\"><\/i><\/span>\n\t\t\t\t\t\t\t\t<span class=\"elementor-toggle-icon-opened\"><i class=\"elementor-toggle-icon-opened fas fa-caret-up\"><\/i><\/span>\n\t\t\t\t\t\t\t\t\t\t\t\t\t<\/span>\n\t\t\t\t\t\t\t\t\t\t\t\t<a class=\"elementor-toggle-title\" tabindex=\"0\">M\u00e9todo FITradeoff<\/a>\n\t\t\t\t\t<\/div>\n\n\t\t\t\t\t<div id=\"elementor-tab-content-2216\" class=\"elementor-tab-content elementor-clearfix\" data-tab=\"6\" role=\"region\" aria-labelledby=\"elementor-tab-title-2216\"><p class=\"_aupe copyable-text x15bjb6t x1n2onr6\"><span class=\"_aupe copyable-text xkrh14z\"><strong>Coordenador(a):<\/strong> Adriana Cavalcante Marques (UFRN)<\/span><\/p><p class=\"_aupe copyable-text x15bjb6t x1n2onr6\"><span class=\"_aupe copyable-text xkrh14z\"><strong>Vice-Coordenador(a):<\/strong> L\u00facia Reis Peixoto Roselli (UFPE) e Adiel Teixeira de Almeida (UFPE)<\/span><\/p><p class=\"_aupe copyable-text x15bjb6t x1n2onr6\"><strong><span class=\"_aupe copyable-text xkrh14z\">Comit\u00ea Cient\u00edfico Ad Hoc:<\/span><\/strong><\/p><\/div>\n\t\t\t\t<\/div>\n\t\t\t\t\t\t\t<div class=\"elementor-toggle-item\">\n\t\t\t\t\t<div id=\"elementor-tab-title-2217\" class=\"elementor-tab-title\" data-tab=\"7\" role=\"button\" aria-controls=\"elementor-tab-content-2217\" aria-expanded=\"false\">\n\t\t\t\t\t\t\t\t\t\t\t\t<span class=\"elementor-toggle-icon elementor-toggle-icon-left\" aria-hidden=\"true\">\n\t\t\t\t\t\t\t\t\t\t\t\t\t\t\t<span class=\"elementor-toggle-icon-closed\"><i class=\"fas fa-caret-right\"><\/i><\/span>\n\t\t\t\t\t\t\t\t<span class=\"elementor-toggle-icon-opened\"><i class=\"elementor-toggle-icon-opened fas fa-caret-up\"><\/i><\/span>\n\t\t\t\t\t\t\t\t\t\t\t\t\t<\/span>\n\t\t\t\t\t\t\t\t\t\t\t\t<a class=\"elementor-toggle-title\" tabindex=\"0\">Modelagem de Dados aplicada \u00e0 Transi\u00e7\u00e3o Energ\u00e9tica<\/a>\n\t\t\t\t\t<\/div>\n\n\t\t\t\t\t<div id=\"elementor-tab-content-2217\" class=\"elementor-tab-content elementor-clearfix\" data-tab=\"7\" role=\"region\" aria-labelledby=\"elementor-tab-title-2217\"><p class=\"_aupe copyable-text x15bjb6t x1n2onr6\"><span class=\"_aupe copyable-text xkrh14z\"><strong>Coordenador(a):<\/strong> Aline Veronese da Silva (USP)<\/span><\/p><p class=\"_aupe copyable-text x15bjb6t x1n2onr6\"><span class=\"_aupe copyable-text xkrh14z\"><strong>Vice-Coordenador(a):<\/strong> Magno Silv\u00e9rio Campos (UFOP)<\/span><\/p><p class=\"_aupe copyable-text x15bjb6t x1n2onr6\"><strong><span class=\"_aupe copyable-text xkrh14z\">Comit\u00ea Cient\u00edfico Ad Hoc:<\/span><\/strong><\/p><p>Aline Veronese da Silva (USP)<br \/>\u00c1lvaro Ledo Ferreira (Universidade Federal de Minas Gerais, UFMG)<br \/>Daniel de Oliveira Mota (USP)<br \/>Jo\u00e3o Marcelo Gomes Leite (USP)<br \/>Leandro Alves da Silva (USP)<br \/>Magno Silv\u00e9rio Campos (Universidade Federal de Ouro Preto, UFOP)<\/p><\/div>\n\t\t\t\t<\/div>\n\t\t\t\t\t\t\t<div class=\"elementor-toggle-item\">\n\t\t\t\t\t<div id=\"elementor-tab-title-2218\" class=\"elementor-tab-title\" data-tab=\"8\" role=\"button\" aria-controls=\"elementor-tab-content-2218\" aria-expanded=\"false\">\n\t\t\t\t\t\t\t\t\t\t\t\t<span class=\"elementor-toggle-icon elementor-toggle-icon-left\" aria-hidden=\"true\">\n\t\t\t\t\t\t\t\t\t\t\t\t\t\t\t<span class=\"elementor-toggle-icon-closed\"><i class=\"fas fa-caret-right\"><\/i><\/span>\n\t\t\t\t\t\t\t\t<span class=\"elementor-toggle-icon-opened\"><i class=\"elementor-toggle-icon-opened fas fa-caret-up\"><\/i><\/span>\n\t\t\t\t\t\t\t\t\t\t\t\t\t<\/span>\n\t\t\t\t\t\t\t\t\t\t\t\t<a class=\"elementor-toggle-title\" tabindex=\"0\">Modelagem para Engenharia de Manuten\u00e7\u00e3o e Confiabilidade<\/a>\n\t\t\t\t\t<\/div>\n\n\t\t\t\t\t<div id=\"elementor-tab-content-2218\" class=\"elementor-tab-content elementor-clearfix\" data-tab=\"8\" role=\"region\" aria-labelledby=\"elementor-tab-title-2218\"><p class=\"_aupe copyable-text x15bjb6t x1n2onr6\"><strong><span class=\"_aupe copyable-text xkrh14z\">Coordenador(a): <\/span><\/strong><span class=\"_aupe copyable-text xkrh14z\">Augusto Jos\u00e9 da Silva Rodrigues (UFPE)<\/span><\/p><p class=\"_aupe copyable-text x15bjb6t x1n2onr6\"><strong><span class=\"_aupe copyable-text xkrh14z\">Vice-Coordenador(a): <\/span><\/strong><span class=\"_aupe copyable-text xkrh14z\">Augusto C\u00e9sar de Jesus Santos <\/span><span class=\"_aupe copyable-text xkrh14z\">(UFRN)<\/span><\/p><p class=\"_aupe copyable-text x15bjb6t x1n2onr6\"><strong><span class=\"_aupe copyable-text xkrh14z\">Comit\u00ea Cient\u00edfico Ad Hoc:<\/span><\/strong><\/p><p>Alexandre Ramalho Alberti (Universidade Federal de Pernambuco &#8211; UFPE)<br \/>Cristiano Alexandre Virginio Cavalcante (Universidade Federal de Pernambuco &#8211;<br \/>UFPE)<br \/>Hanser Steven Jim \u0301enez Gonz \u0301alez (Universit \u0301e de Lorraine)<br \/>Rafael Gomes N \u0301obrega Paiva (Transpetro)<br \/>Waldomiro Alves Ferreira Neto (Universidade Federal de Pernambuco &#8211; UFPE)<\/p><\/div>\n\t\t\t\t<\/div>\n\t\t\t\t\t\t\t<div class=\"elementor-toggle-item\">\n\t\t\t\t\t<div id=\"elementor-tab-title-2219\" class=\"elementor-tab-title\" data-tab=\"9\" role=\"button\" aria-controls=\"elementor-tab-content-2219\" aria-expanded=\"false\">\n\t\t\t\t\t\t\t\t\t\t\t\t<span class=\"elementor-toggle-icon elementor-toggle-icon-left\" aria-hidden=\"true\">\n\t\t\t\t\t\t\t\t\t\t\t\t\t\t\t<span class=\"elementor-toggle-icon-closed\"><i class=\"fas fa-caret-right\"><\/i><\/span>\n\t\t\t\t\t\t\t\t<span class=\"elementor-toggle-icon-opened\"><i class=\"elementor-toggle-icon-opened fas fa-caret-up\"><\/i><\/span>\n\t\t\t\t\t\t\t\t\t\t\t\t\t<\/span>\n\t\t\t\t\t\t\t\t\t\t\t\t<a class=\"elementor-toggle-title\" tabindex=\"0\">Qualidade 4.0 \u2013 aplica\u00e7\u00f5es industriais com vis\u00e3o computacional<\/a>\n\t\t\t\t\t<\/div>\n\n\t\t\t\t\t<div id=\"elementor-tab-content-2219\" class=\"elementor-tab-content elementor-clearfix\" data-tab=\"9\" role=\"region\" aria-labelledby=\"elementor-tab-title-2219\"><p class=\"_aupe copyable-text x15bjb6t x1n2onr6\"><span class=\"_aupe copyable-text xkrh14z\"><strong>Coordenador(a):<\/strong> Ana Julia Dal Forno (UFSC)<\/span><\/p><p class=\"_aupe copyable-text x15bjb6t x1n2onr6\"><span class=\"_aupe copyable-text xkrh14z\"><strong>Vice-Coordenador(a):<\/strong> Sandra Regina Rech (UDESC)<\/span><\/p><p class=\"_aupe copyable-text x15bjb6t x1n2onr6\"><strong><span class=\"_aupe copyable-text xkrh14z\">Comit\u00ea Cient\u00edfico Ad Hoc:<br \/><\/span><\/strong><span class=\"_aupe copyable-text xkrh14z\">Alyson de Jesus dos Santos (IFAM\/AM)<\/span><span class=\"_aupe copyable-text xkrh14z\"><br \/>Adriano Mendon\u00e7a Souza (UFSM)<br \/>Amanda dos Santos Mendes (UFF-RJ)<br \/>Ana Paula Henriques Gusm\u00e3o de Ara\u00fajo Lima (UFPE \u2013 PE)<br \/>Eduardo Bidese Puhl (IFC \u2013 Rio do Sul)<br \/>Franciely Velozo Arag\u00e3o (UFSC \u2013 Blumenau)<br \/>Luiz Cesar Ribeiro Carpinetti (EESC-USP)<br \/>Marli Monteiro de Carvalho (Poli-USP)<br \/>Rodrigo Schons Arenhart (UFSM)<br \/><\/span><span class=\"_aupe copyable-text xkrh14z\">Thiago Padovani Xavier (UFES)<\/span><strong><span class=\"_aupe copyable-text xkrh14z\"><br \/><\/span><\/strong><\/p><\/div>\n\t\t\t\t<\/div>\n\t\t\t\t\t\t\t<div class=\"elementor-toggle-item\">\n\t\t\t\t\t<div id=\"elementor-tab-title-22110\" class=\"elementor-tab-title\" data-tab=\"10\" role=\"button\" aria-controls=\"elementor-tab-content-22110\" aria-expanded=\"false\">\n\t\t\t\t\t\t\t\t\t\t\t\t<span class=\"elementor-toggle-icon elementor-toggle-icon-left\" aria-hidden=\"true\">\n\t\t\t\t\t\t\t\t\t\t\t\t\t\t\t<span class=\"elementor-toggle-icon-closed\"><i class=\"fas fa-caret-right\"><\/i><\/span>\n\t\t\t\t\t\t\t\t<span class=\"elementor-toggle-icon-opened\"><i class=\"elementor-toggle-icon-opened fas fa-caret-up\"><\/i><\/span>\n\t\t\t\t\t\t\t\t\t\t\t\t\t<\/span>\n\t\t\t\t\t\t\t\t\t\t\t\t<a class=\"elementor-toggle-title\" tabindex=\"0\">Transforma\u00e7\u00e3o Digital e Gera\u00e7\u00e3o de Valor<\/a>\n\t\t\t\t\t<\/div>\n\n\t\t\t\t\t<div id=\"elementor-tab-content-22110\" class=\"elementor-tab-content elementor-clearfix\" data-tab=\"10\" role=\"region\" aria-labelledby=\"elementor-tab-title-22110\"><p class=\"_aupe copyable-text x15bjb6t x1n2onr6\"><span class=\"_aupe copyable-text xkrh14z\"><strong>Coordenador(a):<\/strong> Fernando Jos\u00e9 Barbin Laurindo (POLI\/USP)<\/span><\/p><p class=\"_aupe copyable-text x15bjb6t x1n2onr6\"><span class=\"_aupe copyable-text xkrh14z\"><strong>Vice-Coordenador(a):<\/strong> Rodrigo Franco Gon\u00e7alves (UNIP)<\/span><\/p><p class=\"_aupe copyable-text x15bjb6t x1n2onr6\"><strong><span class=\"_aupe copyable-text xkrh14z\">Comit\u00ea Cient\u00edfico Ad Hoc:<\/span><\/strong><\/p><p>Alexandre Ricardo Peres \u2010 Funda\u00e7\u00e3o Dom Cabral<br \/>Alonso Toro Lazo \u2013 Universidade Cat\u00f3lica de Pereira (Col\u00f4mbia)<br \/>Ana L\u00facia Figueiredo Facin \u2010 UNIP<br \/>Anderson Ribeiro Correia \u2010 IPT \/ ITA<br \/>Catalina Ramirez Aristizabal \u2013 Universidade Cat\u00f3lica de Pereira (Col\u00f4mbia)<br \/>Cesar Alexandre de Souza \u2010 FEA\/USP<br \/>Cl\u00e1udia Aparecida de Mattos \u2013 FEI<br \/>Cl\u00e1udio Luiz Cruz de Oliveira\u2010 ESPM<br \/>Edson Luiz Riccio &#8211; FEA\/USP<br aria-hidden=\"true\" \/>Eduardo de Rezende Francisco &#8211; FGV<br aria-hidden=\"true\" \/>Jorge Muniz Junior &#8211; UNESP<br aria-hidden=\"true\" \/>Kumiko Oshio Kissimoto \u2013 Unifesp<br aria-hidden=\"true\" \/>Marcelo Schneck de Paula Pess\u00f4a \u2013 EPUSP<br aria-hidden=\"true\" \/>Mauro de Mesquita Sp\u00ednola \u2013 EPUSP<br aria-hidden=\"true\" \/>Renato de Oliveira Moraes \u2013 EPUSP<\/p><\/div>\n\t\t\t\t<\/div>\n\t\t\t\t\t\t\t<div class=\"elementor-toggle-item\">\n\t\t\t\t\t<div id=\"elementor-tab-title-22111\" class=\"elementor-tab-title\" data-tab=\"11\" role=\"button\" aria-controls=\"elementor-tab-content-22111\" aria-expanded=\"false\">\n\t\t\t\t\t\t\t\t\t\t\t\t<span class=\"elementor-toggle-icon elementor-toggle-icon-left\" aria-hidden=\"true\">\n\t\t\t\t\t\t\t\t\t\t\t\t\t\t\t<span class=\"elementor-toggle-icon-closed\"><i class=\"fas fa-caret-right\"><\/i><\/span>\n\t\t\t\t\t\t\t\t<span class=\"elementor-toggle-icon-opened\"><i class=\"elementor-toggle-icon-opened fas fa-caret-up\"><\/i><\/span>\n\t\t\t\t\t\t\t\t\t\t\t\t\t<\/span>\n\t\t\t\t\t\t\t\t\t\t\t\t<a class=\"elementor-toggle-title\" tabindex=\"0\">Transi\u00e7\u00e3o Energ\u00e9tica e Descarboniza\u00e7\u00e3o Industrial<\/a>\n\t\t\t\t\t<\/div>\n\n\t\t\t\t\t<div id=\"elementor-tab-content-22111\" class=\"elementor-tab-content elementor-clearfix\" data-tab=\"11\" role=\"region\" aria-labelledby=\"elementor-tab-title-22111\"><p class=\"_aupe copyable-text x15bjb6t x1n2onr6\"><span class=\"_aupe copyable-text xkrh14z\"><strong>Coordenador(a):<\/strong> Lucas Veiga \u00c1vila (UFSM)<\/span><\/p><p class=\"_aupe copyable-text x15bjb6t x1n2onr6\"><strong><span class=\"_aupe copyable-text xkrh14z\">Vice-Coordenador(a):<\/span><\/strong> <span class=\"_aupe copyable-text xkrh14z\">Vitor William Batista Martins (UEPA)<\/span><\/p><p class=\"_aupe copyable-text x15bjb6t x1n2onr6\"><strong><span class=\"_aupe copyable-text xkrh14z\">Comit\u00ea Cient\u00edfico Ad Hoc:<\/span><\/strong><\/p><p>Tiago Sigahi (USP)<br \/>Paula Donaduzzi Rigo (UFSM)<br \/>Rodrigo Rangel (UEPA)<br \/>Lucas Schmidt Goecks (UFSM)<br \/>Jonhatan Magno Norte da Silva (UFAL)<\/p><\/div>\n\t\t\t\t<\/div>\n\t\t\t\t\t\t\t\t<\/div>\n\t\t\t\t\t\t<\/div>\n\t\t\t\t<\/div>\n\t\t\t\t<div class=\"elementor-element elementor-element-5d940a6 elementor-align-justify elementor-widget elementor-widget-button\" data-id=\"5d940a6\" data-element_type=\"widget\" data-widget_type=\"button.default\">\n\t\t\t\t<div class=\"elementor-widget-container\">\n\t\t\t\t\t\t\t\t\t<div class=\"elementor-button-wrapper\">\n\t\t\t\t\t<a class=\"elementor-button elementor-button-link elementor-size-sm\" href=\"https:\/\/abepro.org.br\/novo_sgai\/\">\n\t\t\t\t\t\t<span class=\"elementor-button-content-wrapper\">\n\t\t\t\t\t\t\t\t\t<span class=\"elementor-button-text\">Submiss\u00e3o - clique aqui<\/span>\n\t\t\t\t\t<\/span>\n\t\t\t\t\t<\/a>\n\t\t\t\t<\/div>\n\t\t\t\t\t\t\t\t<\/div>\n\t\t\t\t<\/div>\n\t\t\t\t\t<\/div>\n\t\t<\/div>\n\t\t\t\t\t<\/div>\n\t\t<\/section>\n\t\t\t\t<\/div>\n\t\t","protected":false},"excerpt":{"rendered":"<p>Edital de Chamada para Sess\u00f5es Especiais (Sub\u00e1reas Adicionais) A Associa\u00e7\u00e3o Brasileira de Engenharia de Produ\u00e7\u00e3o (ABEPRO), por meio de sua Diretoria Executiva, torna p\u00fablica a chamada para submiss\u00e3o de propostas de Sess\u00f5es Especiais para a edi\u00e7\u00e3o de 2026 do ENEGEP. As Sess\u00f5es Especiais visam identificar, fomentar e consolidar temas emergentes, permitindo uma din\u00e2mica de atualiza\u00e7\u00e3o [&hellip;]<\/p>\n","protected":false},"author":1,"featured_media":0,"parent":0,"menu_order":0,"comment_status":"closed","ping_status":"closed","template":"","meta":{"footnotes":""},"class_list":["post-5082","page","type-page","status-publish","hentry"],"_links":{"self":[{"href":"https:\/\/portal.abepro.org.br\/enegep\/2026\/wp-json\/wp\/v2\/pages\/5082","targetHints":{"allow":["GET"]}}],"collection":[{"href":"https:\/\/portal.abepro.org.br\/enegep\/2026\/wp-json\/wp\/v2\/pages"}],"about":[{"href":"https:\/\/portal.abepro.org.br\/enegep\/2026\/wp-json\/wp\/v2\/types\/page"}],"author":[{"embeddable":true,"href":"https:\/\/portal.abepro.org.br\/enegep\/2026\/wp-json\/wp\/v2\/users\/1"}],"replies":[{"embeddable":true,"href":"https:\/\/portal.abepro.org.br\/enegep\/2026\/wp-json\/wp\/v2\/comments?post=5082"}],"version-history":[{"count":53,"href":"https:\/\/portal.abepro.org.br\/enegep\/2026\/wp-json\/wp\/v2\/pages\/5082\/revisions"}],"predecessor-version":[{"id":6651,"href":"https:\/\/portal.abepro.org.br\/enegep\/2026\/wp-json\/wp\/v2\/pages\/5082\/revisions\/6651"}],"wp:attachment":[{"href":"https:\/\/portal.abepro.org.br\/enegep\/2026\/wp-json\/wp\/v2\/media?parent=5082"}],"curies":[{"name":"wp","href":"https:\/\/api.w.org\/{rel}","templated":true}]}}